{"id":8,"date":"2024-04-03T21:32:00","date_gmt":"2024-04-03T21:32:00","guid":{"rendered":"http:\/\/gruene-wiesbaden-fuer-europa.de\/startseite\/"},"modified":"2026-04-08T11:34:35","modified_gmt":"2026-04-08T09:34:35","slug":"startseite","status":"publish","type":"page","link":"https:\/\/gruene-wiesbaden.de\/tr\/","title":{"rendered":"Ana sayfa Ye\u015fil Wiesbaden"},"content":{"rendered":"<section class=\"l-section wpb_row height_auto full_height valign_center with_slider\"><div class=\"l-section-slider\"><div class=\"w-slider style_none fit_cover nav_none count_1\"><div class=\"w-slider-h\"><div class=\"royalSlider\"><div class=\"rsContent\"><a class=\"rsImg\" data-rsw=\"2560\" data-rsh=\"1440\" href=\"https:\/\/gruene-wiesbaden.de\/wp-content\/uploads\/2025\/11\/MJK_82683-3-scaled.jpg\"><span data-alt=\"\"><\/span><\/a><\/div><\/div><img decoding=\"async\" src=\"https:\/\/gruene-wiesbaden.de\/wp-content\/uploads\/2025\/11\/MJK_82683-3-scaled.jpg\" width=\"2560\" height=\"1440\" alt loading=\"lazy\"><\/div><div class=\"w-slider-json\" onclick='return {&quot;autoScaleSlider&quot;:true,&quot;addActiveClass&quot;:true,&quot;loop&quot;:true,&quot;fadeInLoadedSlide&quot;:false,&quot;slidesSpacing&quot;:0,&quot;imageScalePadding&quot;:0,&quot;numImagesToPreload&quot;:2,&quot;arrowsNav&quot;:false,&quot;arrowsNavAutoHide&quot;:false,&quot;transitionType&quot;:&quot;move&quot;,&quot;transitionSpeed&quot;:1000,&quot;block&quot;:{&quot;moveEffect&quot;:&quot;none&quot;,&quot;speed&quot;:300},&quot;thumbs&quot;:{&quot;fitInViewport&quot;:false,&quot;firstMargin&quot;:false,&quot;spacing&quot;:4},&quot;controlNavigation&quot;:&quot;none&quot;,&quot;autoplay&quot;:{&quot;enabled&quot;:true,&quot;pauseOnHover&quot;:false,&quot;delay&quot;:3000},&quot;autoScaleSliderWidth&quot;:2560,&quot;autoScaleSliderHeight&quot;:1440}'><\/div><\/div><\/div><div class=\"l-section-overlay\" style=\"background:var(--color-header-top-transparent-bg)\"><\/div><div class=\"l-section-h i-cf\"><div class=\"g-cols vc_row via_grid cols_1 laptops-cols_inherit tablets-cols_inherit mobiles-cols_1 valign_top type_default stacking_default\" style=\"--columns-gap:0rem;\"><div class=\"wpb_column vc_column_container\"><div class=\"vc_column-inner\"><div class=\"g-cols wpb_row via_grid cols_1 laptops-cols_inherit tablets-cols_inherit mobiles-cols_1 valign_top type_default stacking_default\" style=\"--columns-gap:3rem;\"><div class=\"wpb_column vc_column_container\"><div class=\"vc_column-inner\"><div class=\"w-separator size_medium\"><\/div><div class=\"wpb_text_column us_custom_65e0429d has_text_color background_inside_text\"><div class=\"wpb_wrapper\"><h1 style=\"text-align: center;\">DAHA FAZLASINI M\u00dcMK\u00dcN KILMAK.<\/h1>\n<\/div><\/div><div class=\"wpb_text_column us_custom_a574d586 has_text_color background_inside_text\"><div class=\"wpb_wrapper\"><h4 style=\"text-align: center;\">Wiesbaden i\u00e7in.<\/h4>\n<\/div><\/div><div class=\"w-separator size_small\"><\/div><div class=\"w-separator size_huge\"><\/div><div class=\"w-btn-wrapper align_center\"><a class=\"w-btn us-btn-style_5 icon_atleft\" target=\"_blank\" href=\"https:\/\/www.gruene.de\/mitglied-werden\"><i class=\"fas fa-heart\"><\/i><span class=\"w-btn-label\">\u00dcye Olun!<\/span><\/a><\/div><div class=\"w-btn-wrapper align_center\"><a class=\"w-btn us-btn-style_5 icon_atleft\" target=\"_blank\" href=\"https:\/\/gruene-wiesbaden.de\/tr\/mitmachen\/\"><i class=\"fas fa-rocket-launch\"><\/i><span class=\"w-btn-label\">\u00c7al\u0131\u015fma gruplar\u0131nda ve b\u00f6lgenizde aktif olun!<\/span><\/a><\/div><div class=\"w-btn-wrapper align_center\"><a class=\"w-btn us-btn-style_1 icon_atleft\" href=\"https:\/\/gruene-wiesbaden.de\/tr\/spenden\/\"><i class=\"fas fa-coins\"><\/i><span class=\"w-btn-label\">Ya da bir ba\u011f\u0131\u015f ile bize destek!<\/span><\/a><\/div><div class=\"w-separator size_small\"><\/div><\/div><\/div><\/div><\/div><\/div><\/div><\/div><\/section><section class=\"l-section wpb_row us_custom_5a25b139 has_text_color height_medium with_img\"><div class=\"l-section-img\" role=\"img\" data-img-width=\"1920\" data-img-height=\"768\" style=\"background-image: url(https:\/\/gruene-wiesbaden.de\/wp-content\/uploads\/2025\/11\/neuer-Verlauf-gruene-wiesbaden.de_-e1767650502847.png);\"><\/div><div class=\"l-section-h i-cf\"><div class=\"g-cols vc_row via_grid cols_1 laptops-cols_inherit tablets-cols_inherit mobiles-cols_1 valign_top type_default stacking_default\"><div class=\"wpb_column vc_column_container\"><div class=\"vc_column-inner\"><div class=\"wpb_text_column us_custom_8b3d6790 has_text_color\"><div class=\"wpb_wrapper\"><h4 style=\"text-align: left;\">B\u00dcNDNIS 90\/DIE GR\u00dcNEN Wiesbaden il\u00e7e derne\u011fine ho\u015f geldiniz!<\/h4>\n<\/div><\/div><div class=\"w-separator size_small\"><\/div><div class=\"wpb_text_column us_custom_f4639b64 has_text_color\"><div class=\"wpb_wrapper\"><p>* Green Wiesbaden olarak, \u015fehrimizi burada ya\u015fayan herkes i\u00e7in daha ya\u015fanabilir bir \u2013 haline getirmeye kararl\u0131y\u0131z. Wiesbaden'in sunabilece\u011fi \u00e7ok \u015fey var: g\u00fc\u00e7l\u00fc bir topluluk, \u00e7e\u015fitli b\u00f6lgeler, canl\u0131 k\u00fclt\u00fcr ve de\u011ferli bir do\u011fa. * \u2013 \u00fczerine in\u015fa etti\u011fimiz \u015fey budur ve ayn\u0131 zamanda gelece\u011fin f\u0131rsatlar\u0131n\u0131 kararl\u0131l\u0131kla yakalamak istiyoruz.<\/p>\n<p>Amac\u0131m\u0131z, ekolojik sorumluluk, sosyal adalet ve \u00e7e\u015fitlilikte iyi bir arada ya\u015famay\u0131 birle\u015ftiren bir Wiesbaden'dir. Ya\u015fam kalitesini, uygun fiyatl\u0131 konutlar\u0131, g\u00fc\u00e7l\u00fc bir yerel ekonomiyi ve yar\u0131n\u0131n \u015fehri i\u00e7in yenilik\u00e7i fikirleri g\u00fcvence alt\u0131na alan ve geli\u015ftiren s\u00fcrd\u00fcr\u00fclebilir kentsel kalk\u0131nmay\u0131 savunuyoruz. Bunu yaparken, iklim ve \u00e7evre koruma, sosyal g\u00fcvenlik ve ekonomik kalk\u0131nmay\u0131 tutarl\u0131 bir \u015fekilde birle\u015ftiriyoruz.<\/p>\n<p>* \u0130l\u00e7e derne\u011fimiz canl\u0131, a\u00e7\u0131k ve kararl\u0131 \u2013, \u015fehirlerini \u015fekillendirmede aktif rol oynamak isteyen ki\u015filer taraf\u0131ndan desteklenmektedir. \u00c7al\u0131\u015fma gruplar\u0131nda, b\u00f6lge gruplar\u0131nda veya etkinliklerde olsun: Burada s\u00fcrd\u00fcr\u00fclebilir bir Wiesbaden i\u00e7in \u00e7\u00f6z\u00fcm fikirlerine dahil olabilir, tart\u0131\u015fabilir ve ba\u015fkalar\u0131yla birlikte \u00e7al\u0131\u015fabilirsiniz.<\/p>\n<p>* Bize kat\u0131l\u0131n: fikirlerinizi getirin, toplulu\u011fumuzun bir par\u00e7as\u0131 olun ve bizimle \u2013'in gelece\u011fini sosyal, ekolojik, \u00e7e\u015fitli ve yenilik\u00e7i bir \u015fekilde \u015fekillendirin. Siyaset kat\u0131l\u0131mla geli\u015fir. Sizi g\u00f6rmek i\u00e7in sab\u0131rs\u0131zlan\u0131yoruz!<\/p>\n<\/div><\/div><div class=\"w-separator size_small\"><\/div><div class=\"g-cols wpb_row via_grid cols_4 laptops-cols_inherit tablets-cols_inherit mobiles-cols_1 valign_top type_default stacking_default\" style=\"--columns-gap:3rem;\"><div class=\"wpb_column vc_column_container\"><div class=\"vc_column-inner\"><div class=\"w-person us_custom_f4639b64 has_text_color layout_simple_circle\" itemscope itemtype=\"https:\/\/schema.org\/Person\"><div class=\"w-person-image\"><img loading=\"lazy\" decoding=\"async\" width=\"600\" height=\"600\" src=\"https:\/\/gruene-wiesbaden.de\/wp-content\/uploads\/2026\/04\/Rebecca-Thomas_grau-600x600.jpg\" class=\"attachment-large size-large\" alt=\"\" itemprop=\"image\" srcset=\"https:\/\/gruene-wiesbaden.de\/wp-content\/uploads\/2026\/04\/Rebecca-Thomas_grau-600x600.jpg 600w, https:\/\/gruene-wiesbaden.de\/wp-content\/uploads\/2026\/04\/Rebecca-Thomas_grau-400x400.jpg 400w, https:\/\/gruene-wiesbaden.de\/wp-content\/uploads\/2026\/04\/Rebecca-Thomas_grau-150x150.jpg 150w, https:\/\/gruene-wiesbaden.de\/wp-content\/uploads\/2026\/04\/Rebecca-Thomas_grau-12x12.jpg 12w\" sizes=\"auto, (max-width: 600px) 100vw, 600px\" \/><\/div><div class=\"w-person-content\"><h6 itemprop=\"name\" class=\"w-person-name\"><span>Rebecca Thomas<\/span><\/h6><div class=\"w-person-role\" itemprop=\"jobTitle\">B\u00f6lge E\u015f Ba\u015fkan\u0131<\/div><\/div><\/div><\/div><\/div><div class=\"wpb_column vc_column_container\"><div class=\"vc_column-inner\"><div class=\"w-person us_custom_8b3d6790 has_text_color layout_simple_circle\" itemscope itemtype=\"https:\/\/schema.org\/Person\"><div class=\"w-person-image\"><img loading=\"lazy\" decoding=\"async\" width=\"320\" height=\"320\" src=\"https:\/\/gruene-wiesbaden.de\/wp-content\/uploads\/2026\/04\/Daniel-Schmitt_grau2.jpg\" class=\"attachment-large size-large\" alt=\"\" itemprop=\"image\" srcset=\"https:\/\/gruene-wiesbaden.de\/wp-content\/uploads\/2026\/04\/Daniel-Schmitt_grau2.jpg 320w, https:\/\/gruene-wiesbaden.de\/wp-content\/uploads\/2026\/04\/Daniel-Schmitt_grau2-150x150.jpg 150w, https:\/\/gruene-wiesbaden.de\/wp-content\/uploads\/2026\/04\/Daniel-Schmitt_grau2-12x12.jpg 12w\" sizes=\"auto, (max-width: 320px) 100vw, 320px\" \/><\/div><div class=\"w-person-content\"><h6 itemprop=\"name\" class=\"w-person-name\"><span>Daniel Schmitt<\/span><\/h6><div class=\"w-person-role\" itemprop=\"jobTitle\">E\u015fba\u015fkan<\/div><\/div><\/div><\/div><\/div><div class=\"wpb_column vc_column_container\"><div class=\"vc_column-inner\"><\/div><\/div><div class=\"wpb_column vc_column_container\"><div class=\"vc_column-inner\"><\/div><\/div><\/div><div class=\"w-separator size_large\"><\/div><div class=\"g-cols wpb_row via_grid cols_1 laptops-cols_inherit tablets-cols_inherit mobiles-cols_1 valign_top type_default stacking_default\" style=\"--columns-gap:3rem;\"><div class=\"wpb_column vc_column_container\"><div class=\"vc_column-inner\"><div class=\"wpb_text_column\"><div class=\"wpb_wrapper\"><h1 style=\"text-align: left;\">Neyi savunuyoruz ve neyi savunuyoruz<\/h1>\n<\/div><\/div><div class=\"w-separator size_medium\"><\/div><div class=\"wpb_text_column\" id=\"Kapitel1\"><div class=\"wpb_wrapper\"><h4 style=\"text-align: left;\">Wiesbaden'de \u0130yi Ya\u015famak<\/h4>\n<\/div><\/div><div class=\"w-separator size_small\"><\/div><div class=\"wpb_text_column us_custom_43b55716 has_text_color with_collapsible_content\" data-content-height=\"120px\"><div class=\"wpb_wrapper\"><p><span style=\"font-weight: 400;\">Wiesbaden y\u00fcksek bir ya\u015fam kalitesi sunar  \u2047  ancak e\u015fit olmayan bir \u015fekilde da\u011f\u0131t\u0131l\u0131r. Bir\u00e7ok insan kendini g\u00fcvende hisseder, \u015fehir manzaras\u0131n\u0131n, k\u00fclt\u00fcrel \u00e7e\u015fitlili\u011fin ve do\u011faya yak\u0131nl\u0131\u011f\u0131n tad\u0131n\u0131 \u00e7\u0131kar\u0131r. Ancak trafik s\u0131k\u0131\u015f\u0131kl\u0131\u011f\u0131, ye\u015fil alan eksikli\u011fi, artan konut maliyetleri ve e\u011fitim, sa\u011fl\u0131k ve kat\u0131l\u0131mdaki e\u015fitsiz f\u0131rsatlar \u015funlar\u0131 g\u00f6steriyor: Ya\u015fam kalitesi kendili\u011finden ortaya \u00e7\u0131kmaz. Sosyal, ekolojik ve burada ya\u015fayan insanlarla birlikte tekrar tekrar tasarlanmas\u0131 gerekiyor.<\/span><\/p>\n<p><span style=\"font-weight: 400;\">Biz Ye\u015filler, ister \u015fehir merkezinde, ister banliy\u00f6lerde veya aradaki yolda olsun, t\u00fcm Wiesbadener'lerin \u015fehrimizin g\u00fc\u00e7l\u00fc y\u00f6nlerini g\u00fcnl\u00fck ya\u015famda ya\u015fayabilmelerini istiyoruz.<\/span><span style=\"font-weight: 400;\"><br \/>\n<\/span><span style=\"font-weight: 400;\">Bu ama\u00e7la, iklim koruma, sosyal g\u00fcvenlik, kentsel geli\u015fim ve hareketlili\u011fi Wiesbaden'i daha esnek, daha adil ve daha ya\u015fanabilir hale getiren bir politikada birle\u015ftiriyoruz.<\/span><\/p>\n<p><span style=\"font-weight: 400;\">\u00d6yle bir politikaya ihtiyac\u0131m\u0131z var ki<\/span><\/p>\n<ul>\n<li style=\"font-weight: 400;\" aria-level=\"1\"><span style=\"font-weight: 400;\">Ye\u015fil biyo\u00e7e\u015fitlili\u011fe a\u00e7\u0131k alanlar ve iklime dayan\u0131kl\u0131 kentsel planlama yoluyla iklim de\u011fi\u015fikli\u011finin azalt\u0131lmas\u0131n\u0131 ve adaptasyonunu te\u015fvik etmek;<\/span><\/li>\n<\/ul>\n<ul>\n<li style=\"font-weight: 400;\" aria-level=\"1\"><span style=\"font-weight: 400;\">Wiesbaden'in krizlerde g\u00fcvende kalmas\u0131 i\u00e7in sivil koruma ve genel \u00e7\u0131kar hizmetlerinin g\u00fc\u00e7lendirilmesi;<\/span><\/li>\n<\/ul>\n<ul>\n<li style=\"font-weight: 400;\" aria-level=\"1\"><span style=\"font-weight: 400;\">Biyolojik \u00e7e\u015fitlilik, sa\u011fl\u0131kl\u0131 topraklar ve s\u00fcrd\u00fcr\u00fclebilir beslenme i\u00e7in do\u011fay\u0131, tar\u0131m\u0131 ve ormanc\u0131l\u0131\u011f\u0131 korur ve te\u015fvik eder;<\/span><\/li>\n<\/ul>\n<ul>\n<li style=\"font-weight: 400;\" aria-level=\"1\"><span style=\"font-weight: 400;\">Kentsel geli\u015fim, konut ve ya\u015fam\u0131 yeniden d\u00fc\u015f\u00fcnmek  \u2047  uygun fiyatl\u0131, enerji tasarruflu, sosyal olarak kar\u0131\u015f\u0131k, \u00e7ocuk ve aile dostu;<\/span><\/li>\n<\/ul>\n<ul>\n<li style=\"font-weight: 400;\" aria-level=\"1\"><span style=\"font-weight: 400;\">yeniden d\u00fczenlenmi\u015f hareketlilik  \u2047  herkes i\u00e7in g\u00fcvenli, iklim dostu ve rahat;<\/span><\/li>\n<\/ul>\n<ul>\n<li style=\"font-weight: 400;\" aria-level=\"1\"><span style=\"font-weight: 400;\">Dijital altyap\u0131n\u0131n ve hizmetlerin geni\u015fletilmesi  \u2047  insanlara ba\u011fl\u0131 olmadan \u015fehirdeki dijital hizmetlerin ve faaliyetlerin daha iyi kullan\u0131labilirli\u011fi ve fark\u0131ndal\u0131\u011f\u0131 i\u00e7in;<\/span><\/li>\n<\/ul>\n<ul>\n<li style=\"font-weight: 400;\" aria-level=\"1\"><span style=\"font-weight: 400;\">K\u00fclt\u00fcr, sa\u011fl\u0131k ve sporun g\u00fc\u00e7lendirilmesi  \u2047  \u00e7\u00fcnk\u00fc kar\u015f\u0131la\u015fma, hareket ve yarat\u0131c\u0131l\u0131k canl\u0131 bir \u015fehrin par\u00e7as\u0131d\u0131r ve \u015fehrimizle uyum ve \u00f6zde\u015fle\u015fmeyi te\u015fvik eder.<\/span><\/li>\n<\/ul>\n<p><span style=\"font-weight: 400;\">* Wiesbaden'i ya\u015famaya ve \u2013'i Ren ve Taunus aras\u0131nda ye\u015fil, sosyal ve sa\u011fl\u0131kl\u0131 bir \u015fehir olarak geli\u015ftirmeye de\u011fer tutmak istiyoruz, bu da ya\u015fam kalitesini \u00f6l\u00e7mez, ancak somutla\u015ft\u0131r\u0131r.<\/span><\/p>\n<\/div><div class=\"toggle-links align_none\"><button class=\"collapsible-content-more\">Daha fazla g\u00f6ster<\/button><button class=\"collapsible-content-less\">Daha az g\u00f6ster<\/button><\/div><\/div><div class=\"w-separator size_small\"><\/div><div class=\"w-grid type_masonry layout_portfolio_2 cols_4 pagination_infinite with_isotope with_css_animation ratio_1x1\" id=\"us_grid_1\" style=\"--columns:4;--gap:6px;--item-ratio:1;\" data-filterable=\"true\"><style>@media (max-width:1380px){#us_grid_1{--columns:3!important}}@media (max-width:1024px){#us_grid_1{--columns:2!important}}@media (max-width:600px){#us_grid_1{--columns:1!important}}.layout_portfolio_2 .w-grid-item-h{background:#333}.layout_portfolio_2 .usg_post_image_1{transition-duration:0.35s;transform-origin:50% 50%;transform:scale(1) translate(0%,0%)}.layout_portfolio_2 .w-grid-item-h:focus-within .usg_post_image_1,.layout_portfolio_2 .w-grid-item-h:hover .usg_post_image_1{transform:scale(1.1) translate(0%,0%);opacity:0.1}.layout_portfolio_2 .usg_post_image_1{position:absolute!important;top:0!important;right:0!important;bottom:0!important;left:0!important}.layout_portfolio_2 .usg_vwrapper_1{position:absolute!important;right:0!important;bottom:0!important;left:0!important;background:linear-gradient(transparent,rgba(30,30,30,0.8))!important;padding:4rem 2rem 1.5rem 2rem!important}.layout_portfolio_2 .usg_post_title_1{color:#fff!important;font-size:1.2rem!important}.layout_portfolio_2 .usg_post_taxonomy_1{color:#fff!important;font-size:0.9rem!important}<\/style><div class=\"w-grid-list\">\t<article class=\"w-grid-item us_animate_afb off_autostart size_1x1 post-1321 post type-post status-publish format-standard has-post-thumbnail hentry category-kapitel-1\" data-id=\"1321\" style=\"animation-delay:0s\">\r\n\t\t<div class=\"w-grid-item-h\">\r\n\t\t\t\t\t\t\t<a href=\"https:\/\/gruene-wiesbaden.de\/tr\/klimaschutz-und-klimaanpassung\/\" class=\"w-grid-item-anchor\" aria-label=\"\u0130klim de\u011fi\u015fikli\u011finin azalt\u0131lmas\u0131 ve adaptasyonu\"><\/a>\r\n\t\t\t\t\t\t<div class=\"w-post-elm post_image usg_post_image_1 stretched\"><img loading=\"lazy\" decoding=\"async\" width=\"400\" height=\"600\" src=\"https:\/\/gruene-wiesbaden.de\/wp-content\/uploads\/2025\/08\/moritz-kindler-gD8IO0E4OZM-unsplash-400x600.jpg\" class=\"attachment-large size-large wp-post-image\" alt=\"\" srcset=\"https:\/\/gruene-wiesbaden.de\/wp-content\/uploads\/2025\/08\/moritz-kindler-gD8IO0E4OZM-unsplash-400x600.jpg 400w, https:\/\/gruene-wiesbaden.de\/wp-content\/uploads\/2025\/08\/moritz-kindler-gD8IO0E4OZM-unsplash-267x400.jpg 267w, https:\/\/gruene-wiesbaden.de\/wp-content\/uploads\/2025\/08\/moritz-kindler-gD8IO0E4OZM-unsplash-scaled.jpg 1707w\" sizes=\"auto, (max-width: 400px) 100vw, 400px\" \/><\/div><div class=\"w-vwrapper usg_vwrapper_1 align_none valign_top\"><h2 class=\"w-post-elm post_title usg_post_title_1 has_text_color entry-title color_link_inherit\">\u0130klim de\u011fi\u015fikli\u011finin azalt\u0131lmas\u0131 ve adaptasyonu<\/h2><\/div>\t\t<\/div>\r\n\t\t\t<\/article>\r\n\t<article class=\"w-grid-item us_animate_afb off_autostart size_1x1 post-1323 post type-post status-publish format-standard has-post-thumbnail hentry category-kapitel-1\" data-id=\"1323\" style=\"animation-delay:0.1s\">\r\n\t\t<div class=\"w-grid-item-h\">\r\n\t\t\t\t\t\t\t<a href=\"https:\/\/gruene-wiesbaden.de\/tr\/bevoelkerungsschutz\/\" class=\"w-grid-item-anchor\" aria-label=\"Sivil koruma\"><\/a>\r\n\t\t\t\t\t\t<div class=\"w-post-elm post_image usg_post_image_1 stretched\"><img loading=\"lazy\" decoding=\"async\" width=\"600\" height=\"400\" src=\"https:\/\/gruene-wiesbaden.de\/wp-content\/uploads\/2025\/11\/1.2-Bevoelkerungsschutz-600x400.jpeg\" class=\"attachment-large size-large wp-post-image\" alt=\"\" srcset=\"https:\/\/gruene-wiesbaden.de\/wp-content\/uploads\/2025\/11\/1.2-Bevoelkerungsschutz-600x400.jpeg 600w, https:\/\/gruene-wiesbaden.de\/wp-content\/uploads\/2025\/11\/1.2-Bevoelkerungsschutz-400x267.jpeg 400w\" sizes=\"auto, (max-width: 600px) 100vw, 600px\" \/><\/div><div class=\"w-vwrapper usg_vwrapper_1 align_none valign_top\"><h2 class=\"w-post-elm post_title usg_post_title_1 has_text_color entry-title color_link_inherit\">Sivil koruma<\/h2><\/div>\t\t<\/div>\r\n\t\t\t<\/article>\r\n\t<article class=\"w-grid-item us_animate_afb off_autostart size_1x1 post-1325 post type-post status-publish format-standard has-post-thumbnail hentry category-kapitel-1\" data-id=\"1325\" style=\"animation-delay:0.2s\">\r\n\t\t<div class=\"w-grid-item-h\">\r\n\t\t\t\t\t\t\t<a href=\"https:\/\/gruene-wiesbaden.de\/tr\/umwelt-und-naturschutz\/\" class=\"w-grid-item-anchor\" aria-label=\"\u00c7evre ve do\u011fa koruma\"><\/a>\r\n\t\t\t\t\t\t<div class=\"w-post-elm post_image usg_post_image_1 stretched\"><img loading=\"lazy\" decoding=\"async\" width=\"600\" height=\"400\" src=\"https:\/\/gruene-wiesbaden.de\/wp-content\/uploads\/2025\/11\/1.3-Umwelt-und-Naturschutz-Bild-600x400.jpg\" class=\"attachment-large size-large wp-post-image\" alt=\"\" srcset=\"https:\/\/gruene-wiesbaden.de\/wp-content\/uploads\/2025\/11\/1.3-Umwelt-und-Naturschutz-Bild-600x400.jpg 600w, https:\/\/gruene-wiesbaden.de\/wp-content\/uploads\/2025\/11\/1.3-Umwelt-und-Naturschutz-Bild-400x267.jpg 400w\" sizes=\"auto, (max-width: 600px) 100vw, 600px\" \/><\/div><div class=\"w-vwrapper usg_vwrapper_1 align_none valign_top\"><h2 class=\"w-post-elm post_title usg_post_title_1 has_text_color entry-title color_link_inherit\">\u00c7evre ve do\u011fa koruma<\/h2><\/div>\t\t<\/div>\r\n\t\t\t<\/article>\r\n\t<article class=\"w-grid-item us_animate_afb off_autostart size_1x1 post-1222 post type-post status-publish format-standard has-post-thumbnail hentry category-kapitel-1\" data-id=\"1222\" style=\"animation-delay:0.3s\">\r\n\t\t<div class=\"w-grid-item-h\">\r\n\t\t\t\t\t\t\t<a href=\"https:\/\/gruene-wiesbaden.de\/tr\/lore-ipsum-samed\/\" class=\"w-grid-item-anchor\" aria-label=\"Tar\u0131m ve ormanc\u0131l\u0131k\"><\/a>\r\n\t\t\t\t\t\t<div class=\"w-post-elm post_image usg_post_image_1 stretched\"><img loading=\"lazy\" decoding=\"async\" width=\"450\" height=\"600\" src=\"https:\/\/gruene-wiesbaden.de\/wp-content\/uploads\/2025\/07\/noaa-SkJG9sNkQVQ-unsplash-450x600.jpg\" class=\"attachment-large size-large wp-post-image\" alt=\"\" srcset=\"https:\/\/gruene-wiesbaden.de\/wp-content\/uploads\/2025\/07\/noaa-SkJG9sNkQVQ-unsplash-450x600.jpg 450w, https:\/\/gruene-wiesbaden.de\/wp-content\/uploads\/2025\/07\/noaa-SkJG9sNkQVQ-unsplash-300x400.jpg 300w, https:\/\/gruene-wiesbaden.de\/wp-content\/uploads\/2025\/07\/noaa-SkJG9sNkQVQ-unsplash-scaled.jpg 1920w\" sizes=\"auto, (max-width: 450px) 100vw, 450px\" \/><\/div><div class=\"w-vwrapper usg_vwrapper_1 align_none valign_top\"><h2 class=\"w-post-elm post_title usg_post_title_1 has_text_color entry-title color_link_inherit\">Tar\u0131m ve ormanc\u0131l\u0131k<\/h2><\/div>\t\t<\/div>\r\n\t\t\t<\/article>\r\n\t<article class=\"w-grid-item us_animate_afb off_autostart size_1x1 post-1327 post type-post status-publish format-standard has-post-thumbnail hentry category-kapitel-1\" data-id=\"1327\" style=\"animation-delay:0.4s\">\r\n\t\t<div class=\"w-grid-item-h\">\r\n\t\t\t\t\t\t\t<a href=\"https:\/\/gruene-wiesbaden.de\/tr\/stadtentwicklung\/\" class=\"w-grid-item-anchor\" aria-label=\"Kentsel geli\u015fim\"><\/a>\r\n\t\t\t\t\t\t<div class=\"w-post-elm post_image usg_post_image_1 stretched\"><img loading=\"lazy\" decoding=\"async\" width=\"450\" height=\"600\" src=\"https:\/\/gruene-wiesbaden.de\/wp-content\/uploads\/2025\/11\/1.5-Stadtentwicklung-450x600.jpg\" class=\"attachment-large size-large wp-post-image\" alt=\"\" srcset=\"https:\/\/gruene-wiesbaden.de\/wp-content\/uploads\/2025\/11\/1.5-Stadtentwicklung-450x600.jpg 450w, https:\/\/gruene-wiesbaden.de\/wp-content\/uploads\/2025\/11\/1.5-Stadtentwicklung-300x400.jpg 300w, https:\/\/gruene-wiesbaden.de\/wp-content\/uploads\/2025\/11\/1.5-Stadtentwicklung-scaled.jpg 1920w\" sizes=\"auto, (max-width: 450px) 100vw, 450px\" \/><\/div><div class=\"w-vwrapper usg_vwrapper_1 align_none valign_top\"><h2 class=\"w-post-elm post_title usg_post_title_1 has_text_color entry-title color_link_inherit\">Kentsel geli\u015fim<\/h2><\/div>\t\t<\/div>\r\n\t\t\t<\/article>\r\n\t<article class=\"w-grid-item us_animate_afb off_autostart size_1x1 post-1329 post type-post status-publish format-standard has-post-thumbnail hentry category-kapitel-1\" data-id=\"1329\" style=\"animation-delay:0.5s\">\r\n\t\t<div class=\"w-grid-item-h\">\r\n\t\t\t\t\t\t\t<a href=\"https:\/\/gruene-wiesbaden.de\/tr\/wohnen\/\" class=\"w-grid-item-anchor\" aria-label=\"Kategori: Konutlar\"><\/a>\r\n\t\t\t\t\t\t<div class=\"w-post-elm post_image usg_post_image_1 stretched\"><img loading=\"lazy\" decoding=\"async\" width=\"600\" height=\"450\" src=\"https:\/\/gruene-wiesbaden.de\/wp-content\/uploads\/2025\/11\/1.6-Wohnen-600x450.jpg\" class=\"attachment-large size-large wp-post-image\" alt=\"\" srcset=\"https:\/\/gruene-wiesbaden.de\/wp-content\/uploads\/2025\/11\/1.6-Wohnen-600x450.jpg 600w, https:\/\/gruene-wiesbaden.de\/wp-content\/uploads\/2025\/11\/1.6-Wohnen-400x300.jpg 400w\" sizes=\"auto, (max-width: 600px) 100vw, 600px\" \/><\/div><div class=\"w-vwrapper usg_vwrapper_1 align_none valign_top\"><h2 class=\"w-post-elm post_title usg_post_title_1 has_text_color entry-title color_link_inherit\">Kategori: Konutlar<\/h2><\/div>\t\t<\/div>\r\n\t\t\t<\/article>\r\n\t<article class=\"w-grid-item us_animate_afb off_autostart size_1x1 post-1331 post type-post status-publish format-standard has-post-thumbnail hentry category-kapitel-1\" data-id=\"1331\" style=\"animation-delay:0.6s\">\r\n\t\t<div class=\"w-grid-item-h\">\r\n\t\t\t\t\t\t\t<a href=\"https:\/\/gruene-wiesbaden.de\/tr\/mobilitaet\/\" class=\"w-grid-item-anchor\" aria-label=\"Hareketlilik (mobilite)\"><\/a>\r\n\t\t\t\t\t\t<div class=\"w-post-elm post_image usg_post_image_1 stretched\"><img loading=\"lazy\" decoding=\"async\" width=\"600\" height=\"600\" src=\"https:\/\/gruene-wiesbaden.de\/wp-content\/uploads\/2025\/11\/1.6-Mobilitaet-600x600.jpeg\" class=\"attachment-large size-large wp-post-image\" alt=\"\" srcset=\"https:\/\/gruene-wiesbaden.de\/wp-content\/uploads\/2025\/11\/1.6-Mobilitaet-600x600.jpeg 600w, https:\/\/gruene-wiesbaden.de\/wp-content\/uploads\/2025\/11\/1.6-Mobilitaet-400x400.jpeg 400w, https:\/\/gruene-wiesbaden.de\/wp-content\/uploads\/2025\/11\/1.6-Mobilitaet-150x150.jpeg 150w\" sizes=\"auto, (max-width: 600px) 100vw, 600px\" \/><\/div><div class=\"w-vwrapper usg_vwrapper_1 align_none valign_top\"><h2 class=\"w-post-elm post_title usg_post_title_1 has_text_color entry-title color_link_inherit\">Hareketlilik (mobilite)<\/h2><\/div>\t\t<\/div>\r\n\t\t\t<\/article>\r\n\t<article class=\"w-grid-item us_animate_afb off_autostart size_1x1 post-1333 post type-post status-publish format-standard has-post-thumbnail hentry category-kapitel-1\" data-id=\"1333\" style=\"animation-delay:0.7s\">\r\n\t\t<div class=\"w-grid-item-h\">\r\n\t\t\t\t\t\t\t<a href=\"https:\/\/gruene-wiesbaden.de\/tr\/kitaplaetze-und-ganztagsbetreuung\/\" class=\"w-grid-item-anchor\" aria-label=\"G\u00fcnl\u00fck bak\u0131m yerleri ve t\u00fcm g\u00fcn bak\u0131m\"><\/a>\r\n\t\t\t\t\t\t<div class=\"w-post-elm post_image usg_post_image_1 stretched\"><img loading=\"lazy\" decoding=\"async\" width=\"400\" height=\"600\" src=\"https:\/\/gruene-wiesbaden.de\/wp-content\/uploads\/2025\/11\/1.7-Kitaplaetze-und-Ganztagsbetreuung-400x600.jpg\" class=\"attachment-large size-large wp-post-image\" alt=\"\" srcset=\"https:\/\/gruene-wiesbaden.de\/wp-content\/uploads\/2025\/11\/1.7-Kitaplaetze-und-Ganztagsbetreuung-400x600.jpg 400w, https:\/\/gruene-wiesbaden.de\/wp-content\/uploads\/2025\/11\/1.7-Kitaplaetze-und-Ganztagsbetreuung-267x400.jpg 267w, https:\/\/gruene-wiesbaden.de\/wp-content\/uploads\/2025\/11\/1.7-Kitaplaetze-und-Ganztagsbetreuung-scaled.jpg 1706w\" sizes=\"auto, (max-width: 400px) 100vw, 400px\" \/><\/div><div class=\"w-vwrapper usg_vwrapper_1 align_none valign_top\"><h2 class=\"w-post-elm post_title usg_post_title_1 has_text_color entry-title color_link_inherit\">G\u00fcnl\u00fck bak\u0131m yerleri ve t\u00fcm g\u00fcn bak\u0131m<\/h2><\/div>\t\t<\/div>\r\n\t\t\t<\/article>\r\n\t<article class=\"w-grid-item us_animate_afb off_autostart size_1x1 post-1335 post type-post status-publish format-standard has-post-thumbnail hentry category-kapitel-1\" data-id=\"1335\" style=\"animation-delay:0s\">\r\n\t\t<div class=\"w-grid-item-h\">\r\n\t\t\t\t\t\t\t<a href=\"https:\/\/gruene-wiesbaden.de\/tr\/digitale-infrastruktur-und-digitale-services-fuer-alle\/\" class=\"w-grid-item-anchor\" aria-label=\"Herkes i\u00e7in dijital altyap\u0131 ve dijital hizmetler\"><\/a>\r\n\t\t\t\t\t\t<div class=\"w-post-elm post_image usg_post_image_1 stretched\"><img loading=\"lazy\" decoding=\"async\" width=\"467\" height=\"600\" src=\"https:\/\/gruene-wiesbaden.de\/wp-content\/uploads\/2025\/11\/1.8-Digitale-Infrastruktur-und-digitale-Services-fuer-alle-467x600.jpeg\" class=\"attachment-large size-large wp-post-image\" alt=\"\" srcset=\"https:\/\/gruene-wiesbaden.de\/wp-content\/uploads\/2025\/11\/1.8-Digitale-Infrastruktur-und-digitale-Services-fuer-alle-467x600.jpeg 467w, https:\/\/gruene-wiesbaden.de\/wp-content\/uploads\/2025\/11\/1.8-Digitale-Infrastruktur-und-digitale-Services-fuer-alle-311x400.jpeg 311w, https:\/\/gruene-wiesbaden.de\/wp-content\/uploads\/2025\/11\/1.8-Digitale-Infrastruktur-und-digitale-Services-fuer-alle-scaled.jpeg 1991w\" sizes=\"auto, (max-width: 467px) 100vw, 467px\" \/><\/div><div class=\"w-vwrapper usg_vwrapper_1 align_none valign_top\"><h2 class=\"w-post-elm post_title usg_post_title_1 has_text_color entry-title color_link_inherit\">Herkes i\u00e7in dijital altyap\u0131 ve dijital hizmetler<\/h2><\/div>\t\t<\/div>\r\n\t\t\t<\/article>\r\n\t<article class=\"w-grid-item us_animate_afb off_autostart size_1x1 post-1337 post type-post status-publish format-standard has-post-thumbnail hentry category-kapitel-1\" data-id=\"1337\" style=\"animation-delay:0.1s\">\r\n\t\t<div class=\"w-grid-item-h\">\r\n\t\t\t\t\t\t\t<a href=\"https:\/\/gruene-wiesbaden.de\/tr\/kultur\/\" class=\"w-grid-item-anchor\" aria-label=\"Kategori: K\u00fclt\u00fcr\"><\/a>\r\n\t\t\t\t\t\t<div class=\"w-post-elm post_image usg_post_image_1 stretched\"><img loading=\"lazy\" decoding=\"async\" width=\"600\" height=\"400\" src=\"https:\/\/gruene-wiesbaden.de\/wp-content\/uploads\/2025\/11\/1.10-Kultur-600x400.jpeg\" class=\"attachment-large size-large wp-post-image\" alt=\"\" srcset=\"https:\/\/gruene-wiesbaden.de\/wp-content\/uploads\/2025\/11\/1.10-Kultur-600x400.jpeg 600w, https:\/\/gruene-wiesbaden.de\/wp-content\/uploads\/2025\/11\/1.10-Kultur-400x267.jpeg 400w\" sizes=\"auto, (max-width: 600px) 100vw, 600px\" \/><\/div><div class=\"w-vwrapper usg_vwrapper_1 align_none valign_top\"><h2 class=\"w-post-elm post_title usg_post_title_1 has_text_color entry-title color_link_inherit\">Kategori: K\u00fclt\u00fcr<\/h2><\/div>\t\t<\/div>\r\n\t\t\t<\/article>\r\n\t<article class=\"w-grid-item us_animate_afb off_autostart size_1x1 post-1339 post type-post status-publish format-standard has-post-thumbnail hentry category-kapitel-1\" data-id=\"1339\" style=\"animation-delay:0.2s\">\r\n\t\t<div class=\"w-grid-item-h\">\r\n\t\t\t\t\t\t\t<a href=\"https:\/\/gruene-wiesbaden.de\/tr\/gesundheit-und-pflege\/\" class=\"w-grid-item-anchor\" aria-label=\"Sa\u011fl\u0131k ve bak\u0131m\"><\/a>\r\n\t\t\t\t\t\t<div class=\"w-post-elm post_image usg_post_image_1 stretched\"><img loading=\"lazy\" decoding=\"async\" width=\"600\" height=\"400\" src=\"https:\/\/gruene-wiesbaden.de\/wp-content\/uploads\/2025\/11\/1.10.-Gesundheit-und-Pflege-1-600x400.jpg\" class=\"attachment-large size-large wp-post-image\" alt=\"\" srcset=\"https:\/\/gruene-wiesbaden.de\/wp-content\/uploads\/2025\/11\/1.10.-Gesundheit-und-Pflege-1-600x400.jpg 600w, https:\/\/gruene-wiesbaden.de\/wp-content\/uploads\/2025\/11\/1.10.-Gesundheit-und-Pflege-1-400x267.jpg 400w\" sizes=\"auto, (max-width: 600px) 100vw, 600px\" \/><\/div><div class=\"w-vwrapper usg_vwrapper_1 align_none valign_top\"><h2 class=\"w-post-elm post_title usg_post_title_1 has_text_color entry-title color_link_inherit\">Sa\u011fl\u0131k ve bak\u0131m<\/h2><\/div>\t\t<\/div>\r\n\t\t\t<\/article>\r\n\t<article class=\"w-grid-item us_animate_afb off_autostart size_1x1 post-1341 post type-post status-publish format-standard has-post-thumbnail hentry category-kapitel-1\" data-id=\"1341\" style=\"animation-delay:0.3s\">\r\n\t\t<div class=\"w-grid-item-h\">\r\n\t\t\t\t\t\t\t<a href=\"https:\/\/gruene-wiesbaden.de\/tr\/sport\/\" class=\"w-grid-item-anchor\" aria-label=\"Kategori: Spor\"><\/a>\r\n\t\t\t\t\t\t<div class=\"w-post-elm post_image usg_post_image_1 stretched\"><img loading=\"lazy\" decoding=\"async\" width=\"400\" height=\"600\" src=\"https:\/\/gruene-wiesbaden.de\/wp-content\/uploads\/2025\/11\/1.11-Sport-400x600.jpg\" class=\"attachment-large size-large wp-post-image\" alt=\"\" srcset=\"https:\/\/gruene-wiesbaden.de\/wp-content\/uploads\/2025\/11\/1.11-Sport-400x600.jpg 400w, https:\/\/gruene-wiesbaden.de\/wp-content\/uploads\/2025\/11\/1.11-Sport-267x400.jpg 267w, https:\/\/gruene-wiesbaden.de\/wp-content\/uploads\/2025\/11\/1.11-Sport-scaled.jpg 1707w\" sizes=\"auto, (max-width: 400px) 100vw, 400px\" \/><\/div><div class=\"w-vwrapper usg_vwrapper_1 align_none valign_top\"><h2 class=\"w-post-elm post_title usg_post_title_1 has_text_color entry-title color_link_inherit\">Kategori: Spor<\/h2><\/div>\t\t<\/div>\r\n\t\t\t<\/article>\r\n<\/div><div class=\"w-grid-preloader\">\t<div class=\"g-preloader type_1\">\r\n\t\t<div><\/div>\r\n\t<\/div>\r\n\t<\/div>\t<div class=\"w-grid-json hidden\" onclick='return {&quot;action&quot;:&quot;us_ajax_grid&quot;,&quot;infinite_scroll&quot;:0,&quot;max_num_pages&quot;:1,&quot;pagination&quot;:&quot;infinite&quot;,&quot;template_vars&quot;:{&quot;columns&quot;:&quot;4&quot;,&quot;exclude_items&quot;:&quot;none&quot;,&quot;img_size&quot;:&quot;default&quot;,&quot;ignore_items_size&quot;:0,&quot;items_layout&quot;:&quot;portfolio_2&quot;,&quot;items_offset&quot;:&quot;1&quot;,&quot;load_animation&quot;:&quot;afb&quot;,&quot;overriding_link&quot;:&quot;%7B%22type%22%3A%22post%22%7D&quot;,&quot;post_id&quot;:0,&quot;query_args&quot;:{&quot;post_type&quot;:[&quot;post&quot;],&quot;tax_query&quot;:[{&quot;taxonomy&quot;:&quot;category&quot;,&quot;field&quot;:&quot;slug&quot;,&quot;terms&quot;:[&quot;kapitel-1&quot;]}],&quot;post_status&quot;:[&quot;publish&quot;],&quot;posts_per_page&quot;:&quot;50&quot;},&quot;orderby_query_args&quot;:{&quot;orderby&quot;:{&quot;modified&quot;:&quot;ASC&quot;,&quot;date&quot;:&quot;ASC&quot;}},&quot;type&quot;:&quot;masonry&quot;,&quot;us_grid_post_type&quot;:&quot;post&quot;,&quot;us_grid_ajax_index&quot;:1,&quot;us_grid_filter_query_string&quot;:null,&quot;us_grid_index&quot;:1,&quot;page_args&quot;:[]}}'><\/div>\r\n\t<\/div><div class=\"w-separator size_large\"><\/div><div class=\"wpb_text_column\" id=\"Kapitel2\"><div class=\"wpb_wrapper\"><h4 style=\"text-align: left;\">Herkesin ait oldu\u011fu bir \u015fehir<\/h4>\n<\/div><\/div><div class=\"w-separator size_small\"><\/div><div class=\"wpb_text_column us_custom_43b55716 has_text_color with_collapsible_content\" data-content-height=\"120px\"><div class=\"wpb_wrapper\"><p><span style=\"font-weight: 400;\">Wiesbaden bir \u00e7e\u015fitlilik \u015fehridir ve bu iyi bir \u015feydir. Farkl\u0131 biyografileri, ge\u00e7mi\u015fleri ve ya\u015fam planlar\u0131 olan insanlar burada birlikte ya\u015f\u0131yor. <\/span><span style=\"font-weight: 400;\">Biz Ye\u015filler, \u00e7e\u015fitlili\u011fin kabul edildi\u011fi ve insanlar\u0131n gelir, k\u00f6ken, din, cinsiyet, ya\u015f, cinsel kimlik veya engellilikten ba\u011f\u0131ms\u0131z, g\u00fcvenli ve \u00f6zg\u00fcrce ya\u015fayabilecekleri bir g\u00fc\u00e7 olarak ya\u015fad\u0131\u011f\u0131 bir Wiesbaden'e ba\u011fl\u0131y\u0131z.<\/span><\/p>\n<p><span style=\"font-weight: 400;\">Toplumun t\u00fcm insanlar\u0131n\u0131 farkl\u0131 ger\u00e7eklikleri ve ihtiya\u00e7lar\u0131 ile dikkate alan ve \u015fehrimizin tasar\u0131m\u0131nda sivil toplumun kat\u0131l\u0131m\u0131n\u0131 g\u00fc\u00e7lendiren bir politikay\u0131 savunuyoruz.<\/span><\/p>\n<p><span style=\"font-weight: 400;\">Amac\u0131m\u0131z, sa\u011flam, a\u00e7\u0131k ve kapsay\u0131c\u0131 bir kentsel toplum ve sadece \u00e7e\u015fitlili\u011fe sayg\u0131 duymayan, ayn\u0131 zamanda bilin\u00e7li olarak kararlar\u0131na dahil eden ve her t\u00fcrl\u00fc ayr\u0131mc\u0131l\u0131\u011fa kar\u015f\u0131 harekete ge\u00e7en bir \u015fehirdir. Uyumun ve kat\u0131l\u0131m\u0131n b\u00fcy\u00fcd\u00fc\u011f\u00fc bir \u015fehir, elbette burada ya\u015fayan herkes i\u00e7in bir meseledir.<\/span><\/p>\n<p><span style=\"font-weight: 400;\">Bu, a\u015fa\u011f\u0131dakileri gerektiren bir politika gerektirir:<\/span><\/p>\n<ul>\n<li style=\"font-weight: 400;\" aria-level=\"1\"><span style=\"font-weight: 400;\">E\u011fitimde daha fazla e\u015fitlik, bo\u015f zaman, k\u00fclt\u00fcr ve hareketlilik f\u0131rsatlar\u0131na eri\u015filebilirlik ve \u00e7ocuklar, gen\u00e7ler ve ailelerin yan\u0131 s\u0131ra ya\u015fl\u0131lar i\u00e7in hedeflenen destek yoluyla sosyal adalet yarat\u0131r.<\/span><\/li>\n<\/ul>\n<ul>\n<li style=\"font-weight: 400;\" aria-level=\"1\"><span style=\"font-weight: 400;\">Ayr\u0131mc\u0131l\u0131k, \u0131rk\u00e7\u0131l\u0131k, antisemitizm, queerizm, kad\u0131nlara kar\u015f\u0131 nefret ve her t\u00fcrl\u00fc grup temelli kad\u0131n d\u00fc\u015fmanl\u0131\u011f\u0131, \u015fiddet ve evsizli\u011fe kar\u015f\u0131 koruma sa\u011flar.<\/span><\/li>\n<\/ul>\n<ul>\n<li style=\"font-weight: 400;\" aria-level=\"1\"><span style=\"font-weight: 400;\">Engelleri y\u0131kmak  \u2047  fiziksel, dijital veya sosyal olsun, b\u00f6ylece t\u00fcm insanlar kendi kaderini tayin eden bir \u015fekilde ya\u015fayabilir.<\/span><\/li>\n<\/ul>\n<ul>\n<li style=\"font-weight: 400;\" aria-level=\"1\"><span style=\"font-weight: 400;\">Canl\u0131 bir sivil toplum, demokratik kat\u0131l\u0131m ve birliktelik k\u00fclt\u00fcr\u00fc arac\u0131l\u0131\u011f\u0131yla uyumun g\u00fc\u00e7lendirilmesi.<\/span><\/li>\n<\/ul>\n<p><span style=\"font-weight: 400;\">Wiesbaden'i \u00f6zg\u00fcrl\u00fck, g\u00fcvenlik ve kendi kaderini tayin hakk\u0131n\u0131n herkes i\u00e7in bir ger\u00e7eklik haline geldi\u011fi bir \u015fehir haline getirmek istiyoruz. * Herkesin ait oldu\u011fu bir \u015fehir bir \u00fctopya \u2013 olmad\u0131\u011f\u0131 i\u00e7in uygulanabilir.<\/span><\/p>\n<\/div><div class=\"toggle-links align_none\"><button class=\"collapsible-content-more\">Daha fazla g\u00f6ster<\/button><button class=\"collapsible-content-less\">Daha az g\u00f6ster<\/button><\/div><\/div><div class=\"w-separator size_small\"><\/div><div class=\"w-grid type_masonry layout_portfolio_2 cols_4 pagination_infinite with_isotope with_css_animation ratio_1x1\" id=\"us_grid_2\" style=\"--columns:4;--gap:6px;--item-ratio:1;\" data-filterable=\"true\"><style>@media (max-width:1380px){#us_grid_2{--columns:3!important}}@media (max-width:1024px){#us_grid_2{--columns:2!important}}@media (max-width:600px){#us_grid_2{--columns:1!important}}<\/style><div class=\"w-grid-list\">\t<article class=\"w-grid-item us_animate_afb off_autostart size_1x1 post-1349 post type-post status-publish format-standard has-post-thumbnail hentry category-kapitel-2\" data-id=\"1349\" style=\"animation-delay:0s\">\r\n\t\t<div class=\"w-grid-item-h\">\r\n\t\t\t\t\t\t\t<a href=\"https:\/\/gruene-wiesbaden.de\/tr\/geschlechtergerechtigkeit\/\" class=\"w-grid-item-anchor\" aria-label=\"Cinsiyet e\u015fitli\u011fi\"><\/a>\r\n\t\t\t\t\t\t<div class=\"w-post-elm post_image usg_post_image_1 stretched\"><img loading=\"lazy\" decoding=\"async\" width=\"600\" height=\"316\" src=\"https:\/\/gruene-wiesbaden.de\/wp-content\/uploads\/2025\/11\/2.1-Geschlechtergerechtigkeit-600x316.jpeg\" class=\"attachment-large size-large wp-post-image\" alt=\"\" srcset=\"https:\/\/gruene-wiesbaden.de\/wp-content\/uploads\/2025\/11\/2.1-Geschlechtergerechtigkeit-600x316.jpeg 600w, https:\/\/gruene-wiesbaden.de\/wp-content\/uploads\/2025\/11\/2.1-Geschlechtergerechtigkeit-400x211.jpeg 400w\" sizes=\"auto, (max-width: 600px) 100vw, 600px\" \/><\/div><div class=\"w-vwrapper usg_vwrapper_1 align_none valign_top\"><h2 class=\"w-post-elm post_title usg_post_title_1 has_text_color entry-title color_link_inherit\">Cinsiyet e\u015fitli\u011fi<\/h2><\/div>\t\t<\/div>\r\n\t\t\t<\/article>\r\n\t<article class=\"w-grid-item us_animate_afb off_autostart size_1x1 post-1351 post type-post status-publish format-standard has-post-thumbnail hentry category-kapitel-2\" data-id=\"1351\" style=\"animation-delay:0.1s\">\r\n\t\t<div class=\"w-grid-item-h\">\r\n\t\t\t\t\t\t\t<a href=\"https:\/\/gruene-wiesbaden.de\/tr\/gleichstellung-von-lgbtqia\/\" class=\"w-grid-item-anchor\" aria-label=\"LGBTQIA e\u015fitli\u011fi*\"><\/a>\r\n\t\t\t\t\t\t<div class=\"w-post-elm post_image usg_post_image_1 stretched\"><img loading=\"lazy\" decoding=\"async\" width=\"600\" height=\"400\" src=\"https:\/\/gruene-wiesbaden.de\/wp-content\/uploads\/2025\/11\/2.2-Gleichstellung-LGBTQAI-600x400.jpeg\" class=\"attachment-large size-large wp-post-image\" alt=\"\" srcset=\"https:\/\/gruene-wiesbaden.de\/wp-content\/uploads\/2025\/11\/2.2-Gleichstellung-LGBTQAI-600x400.jpeg 600w, https:\/\/gruene-wiesbaden.de\/wp-content\/uploads\/2025\/11\/2.2-Gleichstellung-LGBTQAI-400x267.jpeg 400w\" sizes=\"auto, (max-width: 600px) 100vw, 600px\" \/><\/div><div class=\"w-vwrapper usg_vwrapper_1 align_none valign_top\"><h2 class=\"w-post-elm post_title usg_post_title_1 has_text_color entry-title color_link_inherit\">LGBTQIA e\u015fitli\u011fi*<\/h2><\/div>\t\t<\/div>\r\n\t\t\t<\/article>\r\n\t<article class=\"w-grid-item us_animate_afb off_autostart size_1x1 post-1353 post type-post status-publish format-standard has-post-thumbnail hentry category-kapitel-2\" data-id=\"1353\" style=\"animation-delay:0.2s\">\r\n\t\t<div class=\"w-grid-item-h\">\r\n\t\t\t\t\t\t\t<a href=\"https:\/\/gruene-wiesbaden.de\/tr\/inklusion-und-barrierefreiheit\/\" class=\"w-grid-item-anchor\" aria-label=\"Kapsay\u0131c\u0131l\u0131k ve eri\u015filebilirlik\"><\/a>\r\n\t\t\t\t\t\t<div class=\"w-post-elm post_image usg_post_image_1 stretched\"><img loading=\"lazy\" decoding=\"async\" width=\"600\" height=\"336\" src=\"https:\/\/gruene-wiesbaden.de\/wp-content\/uploads\/2025\/11\/2.3-Inklusion-und-Barrierefreiheit-600x336.jpeg\" class=\"attachment-large size-large wp-post-image\" alt=\"\" srcset=\"https:\/\/gruene-wiesbaden.de\/wp-content\/uploads\/2025\/11\/2.3-Inklusion-und-Barrierefreiheit-600x336.jpeg 600w, https:\/\/gruene-wiesbaden.de\/wp-content\/uploads\/2025\/11\/2.3-Inklusion-und-Barrierefreiheit-400x224.jpeg 400w\" sizes=\"auto, (max-width: 600px) 100vw, 600px\" \/><\/div><div class=\"w-vwrapper usg_vwrapper_1 align_none valign_top\"><h2 class=\"w-post-elm post_title usg_post_title_1 has_text_color entry-title color_link_inherit\">Kapsay\u0131c\u0131l\u0131k ve eri\u015filebilirlik<\/h2><\/div>\t\t<\/div>\r\n\t\t\t<\/article>\r\n\t<article class=\"w-grid-item us_animate_afb off_autostart size_1x1 post-1355 post type-post status-publish format-standard has-post-thumbnail hentry category-kapitel-2\" data-id=\"1355\" style=\"animation-delay:0.3s\">\r\n\t\t<div class=\"w-grid-item-h\">\r\n\t\t\t\t\t\t\t<a href=\"https:\/\/gruene-wiesbaden.de\/tr\/antidiskriminierung-kulturelle-vielfalt-und-integration\/\" class=\"w-grid-item-anchor\" aria-label=\"Ayr\u0131mc\u0131l\u0131kla m\u00fccadele, k\u00fclt\u00fcrel \u00e7e\u015fitlilik ve entegrasyon\"><\/a>\r\n\t\t\t\t\t\t<div class=\"w-post-elm post_image usg_post_image_1 stretched\"><img loading=\"lazy\" decoding=\"async\" width=\"600\" height=\"400\" src=\"https:\/\/gruene-wiesbaden.de\/wp-content\/uploads\/2025\/11\/2.4-Antidiskriminierung-kulturelle-Vielfalt-und-Integration-600x400.jpg\" class=\"attachment-large size-large wp-post-image\" alt=\"\" srcset=\"https:\/\/gruene-wiesbaden.de\/wp-content\/uploads\/2025\/11\/2.4-Antidiskriminierung-kulturelle-Vielfalt-und-Integration-600x400.jpg 600w, https:\/\/gruene-wiesbaden.de\/wp-content\/uploads\/2025\/11\/2.4-Antidiskriminierung-kulturelle-Vielfalt-und-Integration-400x267.jpg 400w\" sizes=\"auto, (max-width: 600px) 100vw, 600px\" \/><\/div><div class=\"w-vwrapper usg_vwrapper_1 align_none valign_top\"><h2 class=\"w-post-elm post_title usg_post_title_1 has_text_color entry-title color_link_inherit\">Ayr\u0131mc\u0131l\u0131kla m\u00fccadele, k\u00fclt\u00fcrel \u00e7e\u015fitlilik ve entegrasyon<\/h2><\/div>\t\t<\/div>\r\n\t\t\t<\/article>\r\n\t<article class=\"w-grid-item us_animate_afb off_autostart size_1x1 post-1357 post type-post status-publish format-standard has-post-thumbnail hentry category-kapitel-2\" data-id=\"1357\" style=\"animation-delay:0.4s\">\r\n\t\t<div class=\"w-grid-item-h\">\r\n\t\t\t\t\t\t\t<a href=\"https:\/\/gruene-wiesbaden.de\/tr\/sicherheit-und-schutz-vor-gewalt\/\" class=\"w-grid-item-anchor\" aria-label=\"\u015eiddete kar\u015f\u0131 g\u00fcvenlik ve koruma\"><\/a>\r\n\t\t\t\t\t\t<div class=\"w-post-elm post_image usg_post_image_1 stretched\"><img loading=\"lazy\" decoding=\"async\" width=\"480\" height=\"600\" src=\"https:\/\/gruene-wiesbaden.de\/wp-content\/uploads\/2025\/11\/2.5-Sicherheit-und-Schutz-vor-Gewalt-480x600.jpg\" class=\"attachment-large size-large wp-post-image\" alt=\"\" srcset=\"https:\/\/gruene-wiesbaden.de\/wp-content\/uploads\/2025\/11\/2.5-Sicherheit-und-Schutz-vor-Gewalt-480x600.jpg 480w, https:\/\/gruene-wiesbaden.de\/wp-content\/uploads\/2025\/11\/2.5-Sicherheit-und-Schutz-vor-Gewalt-320x400.jpg 320w, https:\/\/gruene-wiesbaden.de\/wp-content\/uploads\/2025\/11\/2.5-Sicherheit-und-Schutz-vor-Gewalt-scaled.jpg 2048w\" sizes=\"auto, (max-width: 480px) 100vw, 480px\" \/><\/div><div class=\"w-vwrapper usg_vwrapper_1 align_none valign_top\"><h2 class=\"w-post-elm post_title usg_post_title_1 has_text_color entry-title color_link_inherit\">\u015eiddete kar\u015f\u0131 g\u00fcvenlik ve koruma<\/h2><\/div>\t\t<\/div>\r\n\t\t\t<\/article>\r\n\t<article class=\"w-grid-item us_animate_afb off_autostart size_1x1 post-1359 post type-post status-publish format-standard has-post-thumbnail hentry category-kapitel-2\" data-id=\"1359\" style=\"animation-delay:0.5s\">\r\n\t\t<div class=\"w-grid-item-h\">\r\n\t\t\t\t\t\t\t<a href=\"https:\/\/gruene-wiesbaden.de\/tr\/zivilgesellschaftliches-engagement-und-demokratiefoerderung\/\" class=\"w-grid-item-anchor\" aria-label=\"Sivil toplum kat\u0131l\u0131m\u0131 ve demokrasinin te\u015fviki\"><\/a>\r\n\t\t\t\t\t\t<div class=\"w-post-elm post_image usg_post_image_1 stretched\"><img loading=\"lazy\" decoding=\"async\" width=\"600\" height=\"600\" src=\"https:\/\/gruene-wiesbaden.de\/wp-content\/uploads\/2025\/11\/2.6-Zivilgesellschaftliches-Engagement-1-600x600.jpg\" class=\"attachment-large size-large wp-post-image\" alt=\"\" srcset=\"https:\/\/gruene-wiesbaden.de\/wp-content\/uploads\/2025\/11\/2.6-Zivilgesellschaftliches-Engagement-1-600x600.jpg 600w, https:\/\/gruene-wiesbaden.de\/wp-content\/uploads\/2025\/11\/2.6-Zivilgesellschaftliches-Engagement-1-400x400.jpg 400w, https:\/\/gruene-wiesbaden.de\/wp-content\/uploads\/2025\/11\/2.6-Zivilgesellschaftliches-Engagement-1-150x150.jpg 150w, https:\/\/gruene-wiesbaden.de\/wp-content\/uploads\/2025\/11\/2.6-Zivilgesellschaftliches-Engagement-1.jpg 750w\" sizes=\"auto, (max-width: 600px) 100vw, 600px\" \/><\/div><div class=\"w-vwrapper usg_vwrapper_1 align_none valign_top\"><h2 class=\"w-post-elm post_title usg_post_title_1 has_text_color entry-title color_link_inherit\">Sivil toplum kat\u0131l\u0131m\u0131 ve demokrasinin te\u015fviki<\/h2><\/div>\t\t<\/div>\r\n\t\t\t<\/article>\r\n\t<article class=\"w-grid-item us_animate_afb off_autostart size_1x1 post-1361 post type-post status-publish format-standard has-post-thumbnail hentry category-kapitel-2\" data-id=\"1361\" style=\"animation-delay:0.6s\">\r\n\t\t<div class=\"w-grid-item-h\">\r\n\t\t\t\t\t\t\t<a href=\"https:\/\/gruene-wiesbaden.de\/tr\/chancengerechte-bildung\/\" class=\"w-grid-item-anchor\" aria-label=\"F\u0131rsat e\u015fitli\u011fi e\u011fitimi\"><\/a>\r\n\t\t\t\t\t\t<div class=\"w-post-elm post_image usg_post_image_1 stretched\"><img loading=\"lazy\" decoding=\"async\" width=\"600\" height=\"400\" src=\"https:\/\/gruene-wiesbaden.de\/wp-content\/uploads\/2025\/11\/2.7-Chancengerechte-Bildung-600x400.jpeg\" class=\"attachment-large size-large wp-post-image\" alt=\"\" srcset=\"https:\/\/gruene-wiesbaden.de\/wp-content\/uploads\/2025\/11\/2.7-Chancengerechte-Bildung-600x400.jpeg 600w, https:\/\/gruene-wiesbaden.de\/wp-content\/uploads\/2025\/11\/2.7-Chancengerechte-Bildung-400x267.jpeg 400w\" sizes=\"auto, (max-width: 600px) 100vw, 600px\" \/><\/div><div class=\"w-vwrapper usg_vwrapper_1 align_none valign_top\"><h2 class=\"w-post-elm post_title usg_post_title_1 has_text_color entry-title color_link_inherit\">F\u0131rsat e\u015fitli\u011fi e\u011fitimi<\/h2><\/div>\t\t<\/div>\r\n\t\t\t<\/article>\r\n\t<article class=\"w-grid-item us_animate_afb off_autostart size_1x1 post-1366 post type-post status-publish format-standard has-post-thumbnail hentry category-kapitel-2\" data-id=\"1366\" style=\"animation-delay:0.7s\">\r\n\t\t<div class=\"w-grid-item-h\">\r\n\t\t\t\t\t\t\t<a href=\"https:\/\/gruene-wiesbaden.de\/tr\/kinder-familien-und-alleinerziehende\/\" class=\"w-grid-item-anchor\" aria-label=\"\u00c7ocuklar, aileler ve bekar ebeveynler\"><\/a>\r\n\t\t\t\t\t\t<div class=\"w-post-elm post_image usg_post_image_1 stretched\"><img loading=\"lazy\" decoding=\"async\" width=\"600\" height=\"400\" src=\"https:\/\/gruene-wiesbaden.de\/wp-content\/uploads\/2025\/11\/2.8-Kinder-Familien-und-Alleinerziehende-600x400.jpg\" class=\"attachment-large size-large wp-post-image\" alt=\"\" srcset=\"https:\/\/gruene-wiesbaden.de\/wp-content\/uploads\/2025\/11\/2.8-Kinder-Familien-und-Alleinerziehende-600x400.jpg 600w, https:\/\/gruene-wiesbaden.de\/wp-content\/uploads\/2025\/11\/2.8-Kinder-Familien-und-Alleinerziehende-400x267.jpg 400w\" sizes=\"auto, (max-width: 600px) 100vw, 600px\" \/><\/div><div class=\"w-vwrapper usg_vwrapper_1 align_none valign_top\"><h2 class=\"w-post-elm post_title usg_post_title_1 has_text_color entry-title color_link_inherit\">\u00c7ocuklar, aileler ve bekar ebeveynler<\/h2><\/div>\t\t<\/div>\r\n\t\t\t<\/article>\r\n\t<article class=\"w-grid-item us_animate_afb off_autostart size_1x1 post-1368 post type-post status-publish format-standard has-post-thumbnail hentry category-kapitel-2\" data-id=\"1368\" style=\"animation-delay:0s\">\r\n\t\t<div class=\"w-grid-item-h\">\r\n\t\t\t\t\t\t\t<a href=\"https:\/\/gruene-wiesbaden.de\/tr\/jugend-auszubildende-und-studierende\/\" class=\"w-grid-item-anchor\" aria-label=\"Gen\u00e7lik, \u00e7\u0131raklar ve \u00f6\u011frenciler\"><\/a>\r\n\t\t\t\t\t\t<div class=\"w-post-elm post_image usg_post_image_1 stretched\"><img loading=\"lazy\" decoding=\"async\" width=\"600\" height=\"423\" src=\"https:\/\/gruene-wiesbaden.de\/wp-content\/uploads\/2025\/11\/2.9-Jugend-Auszubildende-Studierende-600x423.jpg\" class=\"attachment-large size-large wp-post-image\" alt=\"\" srcset=\"https:\/\/gruene-wiesbaden.de\/wp-content\/uploads\/2025\/11\/2.9-Jugend-Auszubildende-Studierende-600x423.jpg 600w, https:\/\/gruene-wiesbaden.de\/wp-content\/uploads\/2025\/11\/2.9-Jugend-Auszubildende-Studierende-400x282.jpg 400w\" sizes=\"auto, (max-width: 600px) 100vw, 600px\" \/><\/div><div class=\"w-vwrapper usg_vwrapper_1 align_none valign_top\"><h2 class=\"w-post-elm post_title usg_post_title_1 has_text_color entry-title color_link_inherit\">Gen\u00e7lik, \u00e7\u0131raklar ve \u00f6\u011frenciler<\/h2><\/div>\t\t<\/div>\r\n\t\t\t<\/article>\r\n\t<article class=\"w-grid-item us_animate_afb off_autostart size_1x1 post-1370 post type-post status-publish format-standard has-post-thumbnail hentry category-kapitel-2\" data-id=\"1370\" style=\"animation-delay:0.1s\">\r\n\t\t<div class=\"w-grid-item-h\">\r\n\t\t\t\t\t\t\t<a href=\"https:\/\/gruene-wiesbaden.de\/tr\/seniorinnen\/\" class=\"w-grid-item-anchor\" aria-label=\"Kategori: Ya\u015fl\u0131lar\"><\/a>\r\n\t\t\t\t\t\t<div class=\"w-post-elm post_image usg_post_image_1 stretched\"><img loading=\"lazy\" decoding=\"async\" width=\"400\" height=\"600\" src=\"https:\/\/gruene-wiesbaden.de\/wp-content\/uploads\/2025\/11\/2.10-Seniorinnen-400x600.jpg\" class=\"attachment-large size-large wp-post-image\" alt=\"\" srcset=\"https:\/\/gruene-wiesbaden.de\/wp-content\/uploads\/2025\/11\/2.10-Seniorinnen-400x600.jpg 400w, https:\/\/gruene-wiesbaden.de\/wp-content\/uploads\/2025\/11\/2.10-Seniorinnen-267x400.jpg 267w, https:\/\/gruene-wiesbaden.de\/wp-content\/uploads\/2025\/11\/2.10-Seniorinnen-scaled.jpg 1707w\" sizes=\"auto, (max-width: 400px) 100vw, 400px\" \/><\/div><div class=\"w-vwrapper usg_vwrapper_1 align_none valign_top\"><h2 class=\"w-post-elm post_title usg_post_title_1 has_text_color entry-title color_link_inherit\">Kategori: Ya\u015fl\u0131lar<\/h2><\/div>\t\t<\/div>\r\n\t\t\t<\/article>\r\n\t<article class=\"w-grid-item us_animate_afb off_autostart size_1x1 post-1372 post type-post status-publish format-standard has-post-thumbnail hentry category-kapitel-2\" data-id=\"1372\" style=\"animation-delay:0.2s\">\r\n\t\t<div class=\"w-grid-item-h\">\r\n\t\t\t\t\t\t\t<a href=\"https:\/\/gruene-wiesbaden.de\/tr\/soziale-teilhabe-und-unterstuetzung-von-menschen-in-notlagen\/\" class=\"w-grid-item-anchor\" aria-label=\"Acil durumlarda insanlara sosyal kat\u0131l\u0131m ve destek\"><\/a>\r\n\t\t\t\t\t\t<div class=\"w-post-elm post_image usg_post_image_1 stretched\"><img loading=\"lazy\" decoding=\"async\" width=\"600\" height=\"400\" src=\"https:\/\/gruene-wiesbaden.de\/wp-content\/uploads\/2025\/11\/2.11-Soziale-Teilhabe-und-Unterstuetzung-fuer-Menschen-in-Notlagen-600x400.jpg\" class=\"attachment-large size-large wp-post-image\" alt=\"\" srcset=\"https:\/\/gruene-wiesbaden.de\/wp-content\/uploads\/2025\/11\/2.11-Soziale-Teilhabe-und-Unterstuetzung-fuer-Menschen-in-Notlagen-600x400.jpg 600w, https:\/\/gruene-wiesbaden.de\/wp-content\/uploads\/2025\/11\/2.11-Soziale-Teilhabe-und-Unterstuetzung-fuer-Menschen-in-Notlagen-400x267.jpg 400w\" sizes=\"auto, (max-width: 600px) 100vw, 600px\" \/><\/div><div class=\"w-vwrapper usg_vwrapper_1 align_none valign_top\"><h2 class=\"w-post-elm post_title usg_post_title_1 has_text_color entry-title color_link_inherit\">Acil durumlarda insanlara sosyal kat\u0131l\u0131m ve destek<\/h2><\/div>\t\t<\/div>\r\n\t\t\t<\/article>\r\n\t<article class=\"w-grid-item us_animate_afb off_autostart size_1x1 post-1374 post type-post status-publish format-standard has-post-thumbnail hentry category-kapitel-2\" data-id=\"1374\" style=\"animation-delay:0.3s\">\r\n\t\t<div class=\"w-grid-item-h\">\r\n\t\t\t\t\t\t\t<a href=\"https:\/\/gruene-wiesbaden.de\/tr\/gefluechtete\/\" class=\"w-grid-item-anchor\" aria-label=\"Kategori: M\u00fclteciler\"><\/a>\r\n\t\t\t\t\t\t<div class=\"w-post-elm post_image usg_post_image_1 stretched\"><img loading=\"lazy\" decoding=\"async\" width=\"600\" height=\"400\" src=\"https:\/\/gruene-wiesbaden.de\/wp-content\/uploads\/2025\/11\/2.12-Gefluechtete-600x400.jpeg\" class=\"attachment-large size-large wp-post-image\" alt=\"\" srcset=\"https:\/\/gruene-wiesbaden.de\/wp-content\/uploads\/2025\/11\/2.12-Gefluechtete-600x400.jpeg 600w, https:\/\/gruene-wiesbaden.de\/wp-content\/uploads\/2025\/11\/2.12-Gefluechtete-400x267.jpeg 400w\" sizes=\"auto, (max-width: 600px) 100vw, 600px\" \/><\/div><div class=\"w-vwrapper usg_vwrapper_1 align_none valign_top\"><h2 class=\"w-post-elm post_title usg_post_title_1 has_text_color entry-title color_link_inherit\">Kategori: M\u00fclteciler<\/h2><\/div>\t\t<\/div>\r\n\t\t\t<\/article>\r\n<\/div><div class=\"w-grid-preloader\">\t<div class=\"g-preloader type_1\">\r\n\t\t<div><\/div>\r\n\t<\/div>\r\n\t<\/div>\t<div class=\"w-grid-json hidden\" onclick='return {&quot;action&quot;:&quot;us_ajax_grid&quot;,&quot;infinite_scroll&quot;:0,&quot;max_num_pages&quot;:1,&quot;pagination&quot;:&quot;infinite&quot;,&quot;template_vars&quot;:{&quot;columns&quot;:&quot;4&quot;,&quot;exclude_items&quot;:&quot;none&quot;,&quot;img_size&quot;:&quot;default&quot;,&quot;ignore_items_size&quot;:0,&quot;items_layout&quot;:&quot;portfolio_2&quot;,&quot;items_offset&quot;:&quot;1&quot;,&quot;load_animation&quot;:&quot;afb&quot;,&quot;overriding_link&quot;:&quot;%7B%22type%22%3A%22post%22%7D&quot;,&quot;post_id&quot;:0,&quot;query_args&quot;:{&quot;post_type&quot;:[&quot;post&quot;],&quot;tax_query&quot;:[{&quot;taxonomy&quot;:&quot;category&quot;,&quot;field&quot;:&quot;slug&quot;,&quot;terms&quot;:[&quot;kapitel-2&quot;]}],&quot;post_status&quot;:[&quot;publish&quot;],&quot;posts_per_page&quot;:&quot;50&quot;},&quot;orderby_query_args&quot;:{&quot;orderby&quot;:{&quot;date&quot;:&quot;ASC&quot;}},&quot;type&quot;:&quot;masonry&quot;,&quot;us_grid_post_type&quot;:&quot;post&quot;,&quot;us_grid_ajax_index&quot;:2,&quot;us_grid_filter_query_string&quot;:null,&quot;us_grid_index&quot;:2,&quot;page_args&quot;:[]}}'><\/div>\r\n\t<\/div><div class=\"w-separator size_large\"><\/div><div class=\"wpb_text_column\" id=\"Kapitel3\"><div class=\"wpb_wrapper\"><h4 style=\"text-align: left;\">Wiesbaden'in gelecekteki uygulanabilirli\u011fini sa\u011flamak<\/h4>\n<\/div><\/div><div class=\"w-separator size_small\"><\/div><div class=\"wpb_text_column us_custom_43b55716 has_text_color with_collapsible_content\" data-content-height=\"120px\"><div class=\"wpb_wrapper\"><p><span style=\"font-weight: 400;\">\u0130klimin korunmas\u0131, bozulmam\u0131\u015f bir \u00e7evre, verimli ve s\u00fcrd\u00fcr\u00fclebilir bir altyap\u0131, dijitalle\u015fme, vas\u0131fl\u0131 i\u015f\u00e7i ve i\u015flerin g\u00fcvence alt\u0131na al\u0131nmas\u0131, sosyal bir arada ya\u015fama ve sa\u011flam finansman, Wiesbaden'in yar\u0131n g\u00fc\u00e7l\u00fc, ya\u015fanabilir ve eyleme ge\u00e7ebilecek durumda olup olmayaca\u011f\u0131n\u0131 belirleyecektir. <\/span><span style=\"font-weight: 400;\">Biz Ye\u015filler, Ren-Main b\u00f6lgesindeki ekonomik g\u00fcc\u00fcn\u00fc, sa\u011fl\u0131kl\u0131 b\u00fcy\u00fcyen, \u00e7e\u015fitlilik ya\u015fayan ve ak\u0131ll\u0131 fikirlerle de\u011fi\u015fimi \u015fekillendiren bir \u015fehir i\u00e7in \u00e7evre, insanlar ve gelecek nesiller i\u00e7in sorumluluk almak i\u00e7in kullanan bir Wiesbaden istiyoruz.<\/span><\/p>\n<p><span style=\"font-weight: 400;\">S\u00fcrd\u00fcr\u00fclebilirlik bizim i\u00e7in e\u011fitim, \u00e7al\u0131\u015fma, iklim koruma ve adaptasyon, dijitalle\u015fme ve finans\u0131 birle\u015ftirmek anlam\u0131na geliyor: g\u00fc\u00e7l\u00fc \u00fcniversiteler, iklim koruma ve iyi \u00e7al\u0131\u015fmaya dayanan adil bir ekonomi, modern altyap\u0131 ve enerji arz\u0131 ve dijital, insan odakl\u0131 ve y\u00fcksek performansl\u0131 y\u00f6netimin yan\u0131 s\u0131ra gelecek nesillere y\u00fck olmayan ancak g\u00fc\u00e7lendiren finansman.<\/span><\/p>\n<p><span style=\"font-weight: 400;\">\u00d6yle bir politikaya ihtiyac\u0131m\u0131z var ki<\/span><\/p>\n<ul>\n<li style=\"font-weight: 400;\" aria-level=\"1\"><span style=\"font-weight: 400;\">e\u011fitim ve ara\u015ft\u0131rmay\u0131 g\u00fc\u00e7lendirmek  \u2047  gen\u00e7lerin burada \u00f6\u011frenmelerini, kalmalar\u0131n\u0131 ve \u015fekillenmelerini sa\u011flamak;<\/span><\/li>\n<\/ul>\n<ul>\n<li style=\"font-weight: 400;\" aria-level=\"1\"><span style=\"font-weight: 400;\">Mevcut \u015firketler, kurucular ve \u00e7al\u0131\u015fanlar i\u00e7in adil ko\u015fullar arac\u0131l\u0131\u011f\u0131yla s\u00fcrd\u00fcr\u00fclebilir i\u015fletmeyi te\u015fvik eder;<\/span><\/li>\n<\/ul>\n<ul>\n<li style=\"font-weight: 400;\" aria-level=\"1\"><span style=\"font-weight: 400;\">\u0130klim n\u00f6trl\u00fc\u011f\u00fc, iklim adaptasyonu, tedarik g\u00fcvenli\u011fi ve ya\u015fam kalitesi i\u00e7in modernize edilmi\u015f altyap\u0131 ve enerji arz\u0131;<\/span><\/li>\n<\/ul>\n<ul>\n<li style=\"font-weight: 400;\" aria-level=\"1\"><span style=\"font-weight: 400;\">\u0130dareyi ve \u015fehri bir i\u015fveren olarak geli\u015ftirmek  \u2047  dijital, verimli ve insanc\u0131l;<\/span><\/li>\n<\/ul>\n<ul>\n<li style=\"font-weight: 400;\" aria-level=\"1\"><span style=\"font-weight: 400;\">B\u00fct\u00e7eyi ve ortakl\u0131klar\u0131 sorumlu, nesiller boyu ve ortak faydaya y\u00f6nelik bir \u015fekilde s\u00fcrd\u00fcr\u00fclebilir bir \u015fekilde y\u00f6netir.<\/span><\/li>\n<\/ul>\n<p><span style=\"font-weight: 400;\">* \u0130nsanlara yat\u0131r\u0131m yapan ve g\u00fcc\u00fcn\u00fc ekonomi, toplum ve do\u011fan\u0131n etkile\u015fiminden alan bir \u015fehir olarak Ren, Main ve Taunus \u2013 aras\u0131ndaki g\u00fc\u00e7l\u00fc bir b\u00f6lgenin par\u00e7as\u0131 olarak Wiesbaden'i gelece\u011fe uygun hale getirmek istiyoruz.<\/span><\/p>\n<\/div><div class=\"toggle-links align_none\"><button class=\"collapsible-content-more\">Daha fazla g\u00f6ster<\/button><button class=\"collapsible-content-less\">Daha az g\u00f6ster<\/button><\/div><\/div><div class=\"w-separator size_small\"><\/div><div class=\"w-grid type_masonry layout_portfolio_2 cols_4 pagination_infinite with_isotope with_css_animation ratio_1x1\" id=\"us_grid_3\" style=\"--columns:4;--gap:6px;--item-ratio:1;\" data-filterable=\"true\"><style>@media (max-width:1380px){#us_grid_3{--columns:3!important}}@media (max-width:1024px){#us_grid_3{--columns:2!important}}@media (max-width:600px){#us_grid_3{--columns:1!important}}<\/style><div class=\"w-grid-list\">\t<article class=\"w-grid-item us_animate_afb off_autostart size_1x1 post-1376 post type-post status-publish format-standard has-post-thumbnail hentry category-kapitel-3\" data-id=\"1376\" style=\"animation-delay:0s\">\r\n\t\t<div class=\"w-grid-item-h\">\r\n\t\t\t\t\t\t\t<a href=\"https:\/\/gruene-wiesbaden.de\/tr\/wiesbaden-als-attraktiver-bildungs-und-hochschulort\/\" class=\"w-grid-item-anchor\" aria-label=\"E\u011fitim ve y\u00fcksek \u00f6\u011frenim i\u00e7in cazip bir yer olarak Wiesbaden\"><\/a>\r\n\t\t\t\t\t\t<div class=\"w-post-elm post_image usg_post_image_1 stretched\"><img loading=\"lazy\" decoding=\"async\" width=\"400\" height=\"600\" src=\"https:\/\/gruene-wiesbaden.de\/wp-content\/uploads\/2025\/11\/3.1-attraktiver-Bildungs-und-Hochschulstandort-400x600.jpg\" class=\"attachment-large size-large wp-post-image\" alt=\"\" srcset=\"https:\/\/gruene-wiesbaden.de\/wp-content\/uploads\/2025\/11\/3.1-attraktiver-Bildungs-und-Hochschulstandort-400x600.jpg 400w, https:\/\/gruene-wiesbaden.de\/wp-content\/uploads\/2025\/11\/3.1-attraktiver-Bildungs-und-Hochschulstandort-267x400.jpg 267w, https:\/\/gruene-wiesbaden.de\/wp-content\/uploads\/2025\/11\/3.1-attraktiver-Bildungs-und-Hochschulstandort-scaled.jpg 1707w\" sizes=\"auto, (max-width: 400px) 100vw, 400px\" \/><\/div><div class=\"w-vwrapper usg_vwrapper_1 align_none valign_top\"><h2 class=\"w-post-elm post_title usg_post_title_1 has_text_color entry-title color_link_inherit\">E\u011fitim ve y\u00fcksek \u00f6\u011frenim i\u00e7in cazip bir yer olarak Wiesbaden<\/h2><\/div>\t\t<\/div>\r\n\t\t\t<\/article>\r\n\t<article class=\"w-grid-item us_animate_afb off_autostart size_1x1 post-1378 post type-post status-publish format-standard has-post-thumbnail hentry category-kapitel-3\" data-id=\"1378\" style=\"animation-delay:0.1s\">\r\n\t\t<div class=\"w-grid-item-h\">\r\n\t\t\t\t\t\t\t<a href=\"https:\/\/gruene-wiesbaden.de\/tr\/wiesbaden-als-attraktiver-wirtschaftsstandort\/\" class=\"w-grid-item-anchor\" aria-label=\"Cazip bir i\u015f yeri olarak Wiesbaden\"><\/a>\r\n\t\t\t\t\t\t<div class=\"w-post-elm post_image usg_post_image_1 stretched\"><img loading=\"lazy\" decoding=\"async\" width=\"600\" height=\"400\" src=\"https:\/\/gruene-wiesbaden.de\/wp-content\/uploads\/2025\/11\/3.2-Wiesbaden-als-attraktiver-Wirtschaftsstandort-600x400.jpg\" class=\"attachment-large size-large wp-post-image\" alt=\"\" srcset=\"https:\/\/gruene-wiesbaden.de\/wp-content\/uploads\/2025\/11\/3.2-Wiesbaden-als-attraktiver-Wirtschaftsstandort-600x400.jpg 600w, https:\/\/gruene-wiesbaden.de\/wp-content\/uploads\/2025\/11\/3.2-Wiesbaden-als-attraktiver-Wirtschaftsstandort-400x267.jpg 400w\" sizes=\"auto, (max-width: 600px) 100vw, 600px\" \/><\/div><div class=\"w-vwrapper usg_vwrapper_1 align_none valign_top\"><h2 class=\"w-post-elm post_title usg_post_title_1 has_text_color entry-title color_link_inherit\">Cazip bir i\u015f yeri olarak Wiesbaden<\/h2><\/div>\t\t<\/div>\r\n\t\t\t<\/article>\r\n\t<article class=\"w-grid-item us_animate_afb off_autostart size_1x1 post-1380 post type-post status-publish format-standard has-post-thumbnail hentry category-kapitel-3\" data-id=\"1380\" style=\"animation-delay:0.2s\">\r\n\t\t<div class=\"w-grid-item-h\">\r\n\t\t\t\t\t\t\t<a href=\"https:\/\/gruene-wiesbaden.de\/tr\/wirtschaftsfoerderung-und-beschaeftigung\/\" class=\"w-grid-item-anchor\" aria-label=\"Ekonomik kalk\u0131nma ve istihdam\"><\/a>\r\n\t\t\t\t\t\t<div class=\"w-post-elm post_image usg_post_image_1 stretched\"><img loading=\"lazy\" decoding=\"async\" width=\"600\" height=\"400\" src=\"https:\/\/gruene-wiesbaden.de\/wp-content\/uploads\/2025\/11\/3.3-Wirtschaftsfoerderung-und-Beschaeftigung-600x400.jpeg\" class=\"attachment-large size-large wp-post-image\" alt=\"\" srcset=\"https:\/\/gruene-wiesbaden.de\/wp-content\/uploads\/2025\/11\/3.3-Wirtschaftsfoerderung-und-Beschaeftigung-600x400.jpeg 600w, https:\/\/gruene-wiesbaden.de\/wp-content\/uploads\/2025\/11\/3.3-Wirtschaftsfoerderung-und-Beschaeftigung-400x267.jpeg 400w\" sizes=\"auto, (max-width: 600px) 100vw, 600px\" \/><\/div><div class=\"w-vwrapper usg_vwrapper_1 align_none valign_top\"><h2 class=\"w-post-elm post_title usg_post_title_1 has_text_color entry-title color_link_inherit\">Ekonomik kalk\u0131nma ve istihdam<\/h2><\/div>\t\t<\/div>\r\n\t\t\t<\/article>\r\n\t<article class=\"w-grid-item us_animate_afb off_autostart size_1x1 post-1382 post type-post status-publish format-standard has-post-thumbnail hentry category-kapitel-3\" data-id=\"1382\" style=\"animation-delay:0.3s\">\r\n\t\t<div class=\"w-grid-item-h\">\r\n\t\t\t\t\t\t\t<a href=\"https:\/\/gruene-wiesbaden.de\/tr\/nachhaltige-infrastruktur-und-waermewende\/\" class=\"w-grid-item-anchor\" aria-label=\"S\u00fcrd\u00fcr\u00fclebilir altyap\u0131 ve \u0131s\u0131 ge\u00e7i\u015fi\"><\/a>\r\n\t\t\t\t\t\t<div class=\"w-post-elm post_image usg_post_image_1 stretched\"><img loading=\"lazy\" decoding=\"async\" width=\"450\" height=\"600\" src=\"https:\/\/gruene-wiesbaden.de\/wp-content\/uploads\/2025\/11\/3.4-Nachhaltige-Infrastruktur-und-Waermewende-450x600.jpg\" class=\"attachment-large size-large wp-post-image\" alt=\"\" srcset=\"https:\/\/gruene-wiesbaden.de\/wp-content\/uploads\/2025\/11\/3.4-Nachhaltige-Infrastruktur-und-Waermewende-450x600.jpg 450w, https:\/\/gruene-wiesbaden.de\/wp-content\/uploads\/2025\/11\/3.4-Nachhaltige-Infrastruktur-und-Waermewende-300x400.jpg 300w, https:\/\/gruene-wiesbaden.de\/wp-content\/uploads\/2025\/11\/3.4-Nachhaltige-Infrastruktur-und-Waermewende-scaled.jpg 1920w\" sizes=\"auto, (max-width: 450px) 100vw, 450px\" \/><\/div><div class=\"w-vwrapper usg_vwrapper_1 align_none valign_top\"><h2 class=\"w-post-elm post_title usg_post_title_1 has_text_color entry-title color_link_inherit\">S\u00fcrd\u00fcr\u00fclebilir altyap\u0131 ve \u0131s\u0131 ge\u00e7i\u015fi<\/h2><\/div>\t\t<\/div>\r\n\t\t\t<\/article>\r\n\t<article class=\"w-grid-item us_animate_afb off_autostart size_1x1 post-1384 post type-post status-publish format-standard has-post-thumbnail hentry category-kapitel-3\" data-id=\"1384\" style=\"animation-delay:0.4s\">\r\n\t\t<div class=\"w-grid-item-h\">\r\n\t\t\t\t\t\t\t<a href=\"https:\/\/gruene-wiesbaden.de\/tr\/wiesbaden-zur-nachhaltigen-kommune-transformieren\/\" class=\"w-grid-item-anchor\" aria-label=\"Wiesbaden&#039;i s\u00fcrd\u00fcr\u00fclebilir bir belediyeye d\u00f6n\u00fc\u015ft\u00fcrmek\"><\/a>\r\n\t\t\t\t\t\t<div class=\"w-post-elm post_image usg_post_image_1 stretched\"><img loading=\"lazy\" decoding=\"async\" width=\"600\" height=\"338\" src=\"https:\/\/gruene-wiesbaden.de\/wp-content\/uploads\/2025\/11\/3.5-Wiesbaden-zur-nachhaltigen-Kommune-transformieren-600x338.jpg\" class=\"attachment-large size-large wp-post-image\" alt=\"\" srcset=\"https:\/\/gruene-wiesbaden.de\/wp-content\/uploads\/2025\/11\/3.5-Wiesbaden-zur-nachhaltigen-Kommune-transformieren-600x338.jpg 600w, https:\/\/gruene-wiesbaden.de\/wp-content\/uploads\/2025\/11\/3.5-Wiesbaden-zur-nachhaltigen-Kommune-transformieren-400x225.jpg 400w, https:\/\/gruene-wiesbaden.de\/wp-content\/uploads\/2025\/11\/3.5-Wiesbaden-zur-nachhaltigen-Kommune-transformieren.jpg 1920w\" sizes=\"auto, (max-width: 600px) 100vw, 600px\" \/><\/div><div class=\"w-vwrapper usg_vwrapper_1 align_none valign_top\"><h2 class=\"w-post-elm post_title usg_post_title_1 has_text_color entry-title color_link_inherit\">Wiesbaden'i s\u00fcrd\u00fcr\u00fclebilir bir belediyeye d\u00f6n\u00fc\u015ft\u00fcrmek<\/h2><\/div>\t\t<\/div>\r\n\t\t\t<\/article>\r\n\t<article class=\"w-grid-item us_animate_afb off_autostart size_1x1 post-1386 post type-post status-publish format-standard has-post-thumbnail hentry category-kapitel-3\" data-id=\"1386\" style=\"animation-delay:0.5s\">\r\n\t\t<div class=\"w-grid-item-h\">\r\n\t\t\t\t\t\t\t<a href=\"https:\/\/gruene-wiesbaden.de\/tr\/verwaltungsmodernisierung-und-digitalisierung\/\" class=\"w-grid-item-anchor\" aria-label=\"\u0130dari modernizasyon ve dijitalle\u015fme\"><\/a>\r\n\t\t\t\t\t\t<div class=\"w-post-elm post_image usg_post_image_1 stretched\"><img loading=\"lazy\" decoding=\"async\" width=\"600\" height=\"355\" src=\"https:\/\/gruene-wiesbaden.de\/wp-content\/uploads\/2025\/11\/3.6-Verwaltungsmodernisierung-und-Digitalisierung-600x355.jpeg\" class=\"attachment-large size-large wp-post-image\" alt=\"\" srcset=\"https:\/\/gruene-wiesbaden.de\/wp-content\/uploads\/2025\/11\/3.6-Verwaltungsmodernisierung-und-Digitalisierung-600x355.jpeg 600w, https:\/\/gruene-wiesbaden.de\/wp-content\/uploads\/2025\/11\/3.6-Verwaltungsmodernisierung-und-Digitalisierung-400x236.jpeg 400w\" sizes=\"auto, (max-width: 600px) 100vw, 600px\" \/><\/div><div class=\"w-vwrapper usg_vwrapper_1 align_none valign_top\"><h2 class=\"w-post-elm post_title usg_post_title_1 has_text_color entry-title color_link_inherit\">\u0130dari modernizasyon ve dijitalle\u015fme<\/h2><\/div>\t\t<\/div>\r\n\t\t\t<\/article>\r\n\t<article class=\"w-grid-item us_animate_afb off_autostart size_1x1 post-1388 post type-post status-publish format-standard has-post-thumbnail hentry category-kapitel-3\" data-id=\"1388\" style=\"animation-delay:0.6s\">\r\n\t\t<div class=\"w-grid-item-h\">\r\n\t\t\t\t\t\t\t<a href=\"https:\/\/gruene-wiesbaden.de\/tr\/die-stadt-wiesbaden-als-attraktiver-arbeitgeber\/\" class=\"w-grid-item-anchor\" aria-label=\"\u00c7ekici bir i\u015fveren olarak Wiesbaden \u015fehri\"><\/a>\r\n\t\t\t\t\t\t<div class=\"w-post-elm post_image usg_post_image_1 stretched\"><img loading=\"lazy\" decoding=\"async\" width=\"600\" height=\"399\" src=\"https:\/\/gruene-wiesbaden.de\/wp-content\/uploads\/2025\/11\/3.7-Stadt-Wiesbaden-als-attraktive-Arbeitgeberin-600x399.jpeg\" class=\"attachment-large size-large wp-post-image\" alt=\"\" srcset=\"https:\/\/gruene-wiesbaden.de\/wp-content\/uploads\/2025\/11\/3.7-Stadt-Wiesbaden-als-attraktive-Arbeitgeberin-600x399.jpeg 600w, https:\/\/gruene-wiesbaden.de\/wp-content\/uploads\/2025\/11\/3.7-Stadt-Wiesbaden-als-attraktive-Arbeitgeberin-400x266.jpeg 400w\" sizes=\"auto, (max-width: 600px) 100vw, 600px\" \/><\/div><div class=\"w-vwrapper usg_vwrapper_1 align_none valign_top\"><h2 class=\"w-post-elm post_title usg_post_title_1 has_text_color entry-title color_link_inherit\">\u00c7ekici bir i\u015fveren olarak Wiesbaden \u015fehri<\/h2><\/div>\t\t<\/div>\r\n\t\t\t<\/article>\r\n\t<article class=\"w-grid-item us_animate_afb off_autostart size_1x1 post-1390 post type-post status-publish format-standard has-post-thumbnail hentry category-kapitel-3\" data-id=\"1390\" style=\"animation-delay:0.7s\">\r\n\t\t<div class=\"w-grid-item-h\">\r\n\t\t\t\t\t\t\t<a href=\"https:\/\/gruene-wiesbaden.de\/tr\/staedtische-beteiligungen\/\" class=\"w-grid-item-anchor\" aria-label=\"Kategori: Belediye holdingleri\"><\/a>\r\n\t\t\t\t\t\t<div class=\"w-post-elm post_image usg_post_image_1 stretched\"><img loading=\"lazy\" decoding=\"async\" width=\"600\" height=\"400\" src=\"https:\/\/gruene-wiesbaden.de\/wp-content\/uploads\/2025\/11\/3.8-Staedtische-Beteiligungen-600x400.jpeg\" class=\"attachment-large size-large wp-post-image\" alt=\"\" srcset=\"https:\/\/gruene-wiesbaden.de\/wp-content\/uploads\/2025\/11\/3.8-Staedtische-Beteiligungen-600x400.jpeg 600w, https:\/\/gruene-wiesbaden.de\/wp-content\/uploads\/2025\/11\/3.8-Staedtische-Beteiligungen-400x267.jpeg 400w\" sizes=\"auto, (max-width: 600px) 100vw, 600px\" \/><\/div><div class=\"w-vwrapper usg_vwrapper_1 align_none valign_top\"><h2 class=\"w-post-elm post_title usg_post_title_1 has_text_color entry-title color_link_inherit\">Kategori: Belediye holdingleri<\/h2><\/div>\t\t<\/div>\r\n\t\t\t<\/article>\r\n\t<article class=\"w-grid-item us_animate_afb off_autostart size_1x1 post-1392 post type-post status-publish format-standard has-post-thumbnail hentry category-kapitel-3\" data-id=\"1392\" style=\"animation-delay:0s\">\r\n\t\t<div class=\"w-grid-item-h\">\r\n\t\t\t\t\t\t\t<a href=\"https:\/\/gruene-wiesbaden.de\/tr\/staedtischer-haushalt-nachhaltig-und-generationengerecht\/\" class=\"w-grid-item-anchor\" aria-label=\"Kentsel b\u00fct\u00e7e  \u2047  s\u00fcrd\u00fcr\u00fclebilir ve nesilsel\"><\/a>\r\n\t\t\t\t\t\t<div class=\"w-post-elm post_image usg_post_image_1 stretched\"><img loading=\"lazy\" decoding=\"async\" width=\"600\" height=\"427\" src=\"https:\/\/gruene-wiesbaden.de\/wp-content\/uploads\/2025\/11\/3.9-Staedtischer-Haushalt-scaled-e1763332609268-600x427.jpeg\" class=\"attachment-large size-large wp-post-image\" alt=\"\" srcset=\"https:\/\/gruene-wiesbaden.de\/wp-content\/uploads\/2025\/11\/3.9-Staedtischer-Haushalt-scaled-e1763332609268-600x427.jpeg 600w, https:\/\/gruene-wiesbaden.de\/wp-content\/uploads\/2025\/11\/3.9-Staedtischer-Haushalt-scaled-e1763332609268-400x285.jpeg 400w, https:\/\/gruene-wiesbaden.de\/wp-content\/uploads\/2025\/11\/3.9-Staedtischer-Haushalt-scaled-e1763332609268.jpeg 1737w\" sizes=\"auto, (max-width: 600px) 100vw, 600px\" \/><\/div><div class=\"w-vwrapper usg_vwrapper_1 align_none valign_top\"><h2 class=\"w-post-elm post_title usg_post_title_1 has_text_color entry-title color_link_inherit\">Kentsel b\u00fct\u00e7e  \u2047  s\u00fcrd\u00fcr\u00fclebilir ve nesilsel<\/h2><\/div>\t\t<\/div>\r\n\t\t\t<\/article>\r\n<\/div><div class=\"w-grid-preloader\">\t<div class=\"g-preloader type_1\">\r\n\t\t<div><\/div>\r\n\t<\/div>\r\n\t<\/div>\t<div class=\"w-grid-json hidden\" onclick='return {&quot;action&quot;:&quot;us_ajax_grid&quot;,&quot;infinite_scroll&quot;:0,&quot;max_num_pages&quot;:1,&quot;pagination&quot;:&quot;infinite&quot;,&quot;template_vars&quot;:{&quot;columns&quot;:&quot;4&quot;,&quot;exclude_items&quot;:&quot;none&quot;,&quot;img_size&quot;:&quot;default&quot;,&quot;ignore_items_size&quot;:0,&quot;items_layout&quot;:&quot;portfolio_2&quot;,&quot;items_offset&quot;:&quot;1&quot;,&quot;load_animation&quot;:&quot;afb&quot;,&quot;overriding_link&quot;:&quot;%7B%22type%22%3A%22post%22%7D&quot;,&quot;post_id&quot;:0,&quot;query_args&quot;:{&quot;post_type&quot;:[&quot;post&quot;],&quot;tax_query&quot;:[{&quot;taxonomy&quot;:&quot;category&quot;,&quot;field&quot;:&quot;slug&quot;,&quot;terms&quot;:[&quot;kapitel-3&quot;]}],&quot;post_status&quot;:[&quot;publish&quot;],&quot;posts_per_page&quot;:&quot;50&quot;},&quot;orderby_query_args&quot;:{&quot;orderby&quot;:{&quot;date&quot;:&quot;ASC&quot;}},&quot;type&quot;:&quot;masonry&quot;,&quot;us_grid_post_type&quot;:&quot;post&quot;,&quot;us_grid_ajax_index&quot;:3,&quot;us_grid_filter_query_string&quot;:null,&quot;us_grid_index&quot;:3,&quot;page_args&quot;:[]}}'><\/div>\r\n\t<\/div><div class=\"w-separator size_large\"><\/div><\/div><\/div><\/div><\/div><\/div><\/div><\/div><\/section>","protected":false},"excerpt":{"rendered":"Wiesbaden'in mali durumu, di\u011fer bir\u00e7ok belediyede oldu\u011fu gibi gergin. Federal ve eyalet h\u00fck\u00fcmetleri her zaman belediyelere yeni g\u00f6revler vermi\u015ftir. Ancak sa\u011flam bir maliye politikas\u0131yla, vatanda\u015flara gelecekte g\u00fcvenilir bir altyap\u0131 ve iyi hizmetler sunmaya devam edebilmek ve \u00f6n\u00fcm\u00fczdeki b\u00fcy\u00fck zorluklar\u0131 kar\u015f\u0131lamak i\u00e7in manevra alan\u0131n\u0131 g\u00fcvence alt\u0131na alabiliriz.","protected":false},"author":1,"featured_media":0,"parent":0,"menu_order":0,"comment_status":"closed","ping_status":"closed","template":"","meta":{"footnotes":""},"class_list":["post-8","page","type-page","status-publish","hentry"],"yoast_head":"<!-- This site is optimized with the Yoast SEO plugin v27.5 - https:\/\/yoast.com\/product\/yoast-seo-wordpress\/ -->\n<title>B\u00dcNDNIS 90\/DIE GR\u00dcNEN Wiesbaden<\/title>\n<meta name=\"description\" content=\"Dies ist die Website von B\u00dcNDNIS 90\/DIE GR\u00dcNEN Wiesbaden. Hier findest du alle Informationen zum Wiesbadener Kreisverband.\" \/>\n<meta name=\"robots\" content=\"index, follow, max-snippet:-1, max-image-preview:large, max-video-preview:-1\" \/>\n<link rel=\"canonical\" href=\"https:\/\/gruene-wiesbaden.de\/tr\/\" \/>\n<meta property=\"og:locale\" content=\"tr_TR\" \/>\n<meta property=\"og:type\" content=\"article\" \/>\n<meta property=\"og:title\" content=\"B\u00dcNDNIS 90\/DIE GR\u00dcNEN Wiesbaden\" \/>\n<meta property=\"og:description\" content=\"Dies ist die Website von B\u00dcNDNIS 90\/DIE GR\u00dcNEN Wiesbaden. Hier findest du alle Informationen zum Wiesbadener Kreisverband.\" \/>\n<meta property=\"og:url\" content=\"https:\/\/gruene-wiesbaden.de\/tr\/\" \/>\n<meta property=\"og:site_name\" content=\"B\u00dcNDNIS 90\/DIE GR\u00dcNEN Wiesbaden\" \/>\n<meta property=\"article:publisher\" content=\"https:\/\/www.facebook.com\/gruene.wi\" \/>\n<meta property=\"article:modified_time\" content=\"2026-04-08T09:34:35+00:00\" \/>\n<meta name=\"twitter:card\" content=\"summary_large_image\" \/>\n<meta name=\"twitter:label1\" content=\"Tahmini okuma s\u00fcresi\" \/>\n\t<meta name=\"twitter:data1\" content=\"6 minutes\" \/>\n<script type=\"application\/ld+json\" class=\"yoast-schema-graph\">{\"@context\":\"https:\\\/\\\/schema.org\",\"@graph\":[{\"@type\":\"WebPage\",\"@id\":\"https:\\\/\\\/gruene-wiesbaden.de\\\/\",\"url\":\"https:\\\/\\\/gruene-wiesbaden.de\\\/\",\"name\":\"B\u00dcNDNIS 90\\\/DIE GR\u00dcNEN Wiesbaden\",\"isPartOf\":{\"@id\":\"https:\\\/\\\/gruene-wiesbaden.de\\\/#website\"},\"datePublished\":\"2024-04-03T21:32:00+00:00\",\"dateModified\":\"2026-04-08T09:34:35+00:00\",\"description\":\"Dies ist die Website von B\u00dcNDNIS 90\\\/DIE GR\u00dcNEN Wiesbaden. Hier findest du alle Informationen zum Wiesbadener Kreisverband.\",\"breadcrumb\":{\"@id\":\"https:\\\/\\\/gruene-wiesbaden.de\\\/#breadcrumb\"},\"inLanguage\":\"tr-TR\",\"potentialAction\":[{\"@type\":\"ReadAction\",\"target\":[\"https:\\\/\\\/gruene-wiesbaden.de\\\/\"]}]},{\"@type\":\"BreadcrumbList\",\"@id\":\"https:\\\/\\\/gruene-wiesbaden.de\\\/#breadcrumb\",\"itemListElement\":[{\"@type\":\"ListItem\",\"position\":1,\"name\":\"Startseite\",\"item\":\"https:\\\/\\\/gruene-wiesbaden.de\\\/\"},{\"@type\":\"ListItem\",\"position\":2,\"name\":\"Startseite Gr\u00fcne Wiesbaden\"}]},{\"@type\":\"WebSite\",\"@id\":\"https:\\\/\\\/gruene-wiesbaden.de\\\/#website\",\"url\":\"https:\\\/\\\/gruene-wiesbaden.de\\\/\",\"name\":\"DIE GR\u00dcNEN Wiesbaden\",\"description\":\"\",\"publisher\":{\"@id\":\"https:\\\/\\\/gruene-wiesbaden.de\\\/#organization\"},\"potentialAction\":[{\"@type\":\"SearchAction\",\"target\":{\"@type\":\"EntryPoint\",\"urlTemplate\":\"https:\\\/\\\/gruene-wiesbaden.de\\\/?s={search_term_string}\"},\"query-input\":{\"@type\":\"PropertyValueSpecification\",\"valueRequired\":true,\"valueName\":\"search_term_string\"}}],\"inLanguage\":\"tr-TR\"},{\"@type\":\"Organization\",\"@id\":\"https:\\\/\\\/gruene-wiesbaden.de\\\/#organization\",\"name\":\"DIE GR\u00dcNEN Wiesbaden\",\"url\":\"https:\\\/\\\/gruene-wiesbaden.de\\\/\",\"logo\":{\"@type\":\"ImageObject\",\"inLanguage\":\"tr-TR\",\"@id\":\"https:\\\/\\\/gruene-wiesbaden.de\\\/#\\\/schema\\\/logo\\\/image\\\/\",\"url\":\"https:\\\/\\\/gruene-wiesbaden-fuer-europa.de\\\/wp-content\\\/uploads\\\/2024\\\/04\\\/Machen-was-zaehlt-5.png\",\"contentUrl\":\"https:\\\/\\\/gruene-wiesbaden-fuer-europa.de\\\/wp-content\\\/uploads\\\/2024\\\/04\\\/Machen-was-zaehlt-5.png\",\"width\":1772,\"height\":1772,\"caption\":\"DIE GR\u00dcNEN Wiesbaden\"},\"image\":{\"@id\":\"https:\\\/\\\/gruene-wiesbaden.de\\\/#\\\/schema\\\/logo\\\/image\\\/\"},\"sameAs\":[\"https:\\\/\\\/www.facebook.com\\\/gruene.wi\",\"https:\\\/\\\/instagram.com\\\/gruene_wi\"]}]}<\/script>\n<!-- \/ Yoast SEO plugin. -->","yoast_head_json":{"title":"B\u00dcNDNIS 90\/DIE GR\u00dcNEN Wiesbaden","description":"Dies ist die Website von B\u00dcNDNIS 90\/DIE GR\u00dcNEN Wiesbaden. Hier findest du alle Informationen zum Wiesbadener Kreisverband.","robots":{"index":"index","follow":"follow","max-snippet":"max-snippet:-1","max-image-preview":"max-image-preview:large","max-video-preview":"max-video-preview:-1"},"canonical":"https:\/\/gruene-wiesbaden.de\/tr\/","og_locale":"tr_TR","og_type":"article","og_title":"B\u00dcNDNIS 90\/DIE GR\u00dcNEN Wiesbaden","og_description":"Dies ist die Website von B\u00dcNDNIS 90\/DIE GR\u00dcNEN Wiesbaden. Hier findest du alle Informationen zum Wiesbadener Kreisverband.","og_url":"https:\/\/gruene-wiesbaden.de\/tr\/","og_site_name":"B\u00dcNDNIS 90\/DIE GR\u00dcNEN Wiesbaden","article_publisher":"https:\/\/www.facebook.com\/gruene.wi","article_modified_time":"2026-04-08T09:34:35+00:00","twitter_card":"summary_large_image","twitter_misc":{"Tahmini okuma s\u00fcresi":"6 minutes"},"schema":{"@context":"https:\/\/schema.org","@graph":[{"@type":"WebPage","@id":"https:\/\/gruene-wiesbaden.de\/","url":"https:\/\/gruene-wiesbaden.de\/","name":"B\u00dcNDNIS 90\/DIE GR\u00dcNEN Wiesbaden","isPartOf":{"@id":"https:\/\/gruene-wiesbaden.de\/#website"},"datePublished":"2024-04-03T21:32:00+00:00","dateModified":"2026-04-08T09:34:35+00:00","description":"Dies ist die Website von B\u00dcNDNIS 90\/DIE GR\u00dcNEN Wiesbaden. Hier findest du alle Informationen zum Wiesbadener Kreisverband.","breadcrumb":{"@id":"https:\/\/gruene-wiesbaden.de\/#breadcrumb"},"inLanguage":"tr-TR","potentialAction":[{"@type":"ReadAction","target":["https:\/\/gruene-wiesbaden.de\/"]}]},{"@type":"BreadcrumbList","@id":"https:\/\/gruene-wiesbaden.de\/#breadcrumb","itemListElement":[{"@type":"ListItem","position":1,"name":"Startseite","item":"https:\/\/gruene-wiesbaden.de\/"},{"@type":"ListItem","position":2,"name":"Startseite Gr\u00fcne Wiesbaden"}]},{"@type":"WebSite","@id":"https:\/\/gruene-wiesbaden.de\/#website","url":"https:\/\/gruene-wiesbaden.de\/","name":"DIE GR\u00dcNEN Wiesbaden","description":"","publisher":{"@id":"https:\/\/gruene-wiesbaden.de\/#organization"},"potentialAction":[{"@type":"SearchAction","target":{"@type":"EntryPoint","urlTemplate":"https:\/\/gruene-wiesbaden.de\/?s={search_term_string}"},"query-input":{"@type":"PropertyValueSpecification","valueRequired":true,"valueName":"search_term_string"}}],"inLanguage":"tr-TR"},{"@type":"Organization","@id":"https:\/\/gruene-wiesbaden.de\/#organization","name":"DIE GR\u00dcNEN Wiesbaden","url":"https:\/\/gruene-wiesbaden.de\/","logo":{"@type":"ImageObject","inLanguage":"tr-TR","@id":"https:\/\/gruene-wiesbaden.de\/#\/schema\/logo\/image\/","url":"https:\/\/gruene-wiesbaden-fuer-europa.de\/wp-content\/uploads\/2024\/04\/Machen-was-zaehlt-5.png","contentUrl":"https:\/\/gruene-wiesbaden-fuer-europa.de\/wp-content\/uploads\/2024\/04\/Machen-was-zaehlt-5.png","width":1772,"height":1772,"caption":"DIE GR\u00dcNEN Wiesbaden"},"image":{"@id":"https:\/\/gruene-wiesbaden.de\/#\/schema\/logo\/image\/"},"sameAs":["https:\/\/www.facebook.com\/gruene.wi","https:\/\/instagram.com\/gruene_wi"]}]}},"_links":{"self":[{"href":"https:\/\/gruene-wiesbaden.de\/tr\/wp-json\/wp\/v2\/pages\/8","targetHints":{"allow":["GET"]}}],"collection":[{"href":"https:\/\/gruene-wiesbaden.de\/tr\/wp-json\/wp\/v2\/pages"}],"about":[{"href":"https:\/\/gruene-wiesbaden.de\/tr\/wp-json\/wp\/v2\/types\/page"}],"author":[{"embeddable":true,"href":"https:\/\/gruene-wiesbaden.de\/tr\/wp-json\/wp\/v2\/users\/1"}],"replies":[{"embeddable":true,"href":"https:\/\/gruene-wiesbaden.de\/tr\/wp-json\/wp\/v2\/comments?post=8"}],"version-history":[{"count":107,"href":"https:\/\/gruene-wiesbaden.de\/tr\/wp-json\/wp\/v2\/pages\/8\/revisions"}],"predecessor-version":[{"id":2359,"href":"https:\/\/gruene-wiesbaden.de\/tr\/wp-json\/wp\/v2\/pages\/8\/revisions\/2359"}],"wp:attachment":[{"href":"https:\/\/gruene-wiesbaden.de\/tr\/wp-json\/wp\/v2\/media?parent=8"}],"curies":[{"name":"wp","href":"https:\/\/api.w.org\/{rel}","templated":true}]}}