{"id":2158,"date":"2026-01-29T11:08:37","date_gmt":"2026-01-29T09:08:37","guid":{"rendered":"https:\/\/gruene-wiesbaden.de\/?page_id=2158"},"modified":"2026-03-05T11:09:59","modified_gmt":"2026-03-05T09:09:59","slug":"transparenzbekanntmachung-wesselmaenner","status":"publish","type":"page","link":"https:\/\/gruene-wiesbaden.de\/tr\/transparenzbekanntmachung-wesselmaenner\/","title":{"rendered":"\u015eeffafl\u0131k duyurusu Wesselmann"},"content":{"rendered":"<section class=\"l-section wpb_row us_custom_057801f8 height_medium with_img\"><div class=\"l-section-img\" role=\"img\" data-img-width=\"1920\" data-img-height=\"768\" style=\"background-image: url(https:\/\/gruene-wiesbaden.de\/wp-content\/uploads\/2025\/11\/neuer-Verlauf-gruene-wiesbaden.de_-e1767650502847.png);background-repeat: no-repeat;\"><\/div><div class=\"l-section-h i-cf\"><div class=\"g-cols vc_row via_grid cols_1 laptops-cols_inherit tablets-cols_inherit mobiles-cols_1 valign_top type_default stacking_default\"><div class=\"wpb_column vc_column_container\"><div class=\"vc_column-inner\"><div class=\"g-cols wpb_row via_grid cols_1 laptops-cols_inherit tablets-cols_inherit mobiles-cols_1 valign_top type_boxes stacking_default\" style=\"--columns-gap:3rem;\"><div class=\"wpb_column vc_column_container us_custom_24a85f83 has_text_color\"><div class=\"vc_column-inner\"><div class=\"wpb_text_column\"><div class=\"wpb_wrapper\"><h1 style=\"text-align: center;\"><strong>Siyasi reklamc\u0131l\u0131\u011f\u0131n \u015feffafl\u0131\u011f\u0131 ve hedeflenmesine ili\u015fkin (AB) 2024\/900 say\u0131l\u0131 T\u00fcz\u00fc\u011f\u00fcn 11. Maddesi uyar\u0131nca \u015eeffafl\u0131k Bildirimi (TTPA T\u00fcz\u00fc\u011f\u00fc)<\/strong><\/h1>\n<\/div><\/div><div class=\"wpb_text_column\"><div class=\"wpb_wrapper\"><h3 style=\"text-align: center;\">Wesselmann'\u0131n kulland\u0131\u011f\u0131m\u0131z mobil geni\u015f alan posterlerine<\/h3>\n<\/div><\/div><div class=\"wpb_text_column\"><div class=\"wpb_wrapper\"><h3 style=\"text-align: center;\">Durum ve durum: 29.01.2026<\/h3>\n<\/div><\/div><div class=\"w-separator size_small\"><\/div><\/div><\/div><\/div><div class=\"g-cols wpb_row via_grid cols_1 laptops-cols_inherit tablets-cols_inherit mobiles-cols_1 valign_middle type_boxes stacking_default\" style=\"--columns-gap:2rem;\"><div class=\"wpb_column vc_column_container\"><div class=\"vc_column-overlay\" style=\"background:var(--color-content-bg)\"><\/div><div class=\"vc_column-inner\"><div class=\"wpb_text_column us_custom_6df4bc3a has_text_color\"><div class=\"wpb_wrapper\"><ol>\n<li style=\"font-weight: 400;\"><strong> Politik reklam\u0131n sponsoru<\/strong><\/li>\n<\/ol>\n<p style=\"font-weight: 400;\">Alliance 90\/The Greens Wiesbaden County Association yak\u0131n\u0131ndaki oteller<br \/>\nAdresiniz ve telefon numaran\u0131z: Mainzer Stra\u00dfe 75, 65189 Wiesbaden<br \/>\nE-posta adresiniz: kreisverband@gruene-wiesbaden.de<br \/>\nTemsil eden: Rebecca Thomas ve Daniel Schmitt, CEO<\/p>\n<ol start=\"2\">\n<li style=\"font-weight: 400;\"><strong> \u00d6deme ajans\u0131 (sponsor bak\u0131n\u0131z)<\/strong><\/li>\n<\/ol>\n<ol start=\"3\">\n<li style=\"font-weight: 400;\"><strong> Yay\u0131nlanma s\u00fcresi<\/strong><\/li>\n<\/ol>\n<div><span>Politik reklam 30.01.2026 ile 16.03.2026 tarihleri aras\u0131nda yay\u0131nlanacak veya yay\u0131lacakt\u0131r.<\/span><\/div>\n<\/div><\/div><div class=\"w-separator size_small\"><\/div><div class=\"wpb_text_column us_custom_6df4bc3a has_text_color\"><div class=\"wpb_wrapper\"><ol start=\"4\">\n<li style=\"font-weight: 400;\"><strong>Finansman hakk\u0131nda bilgi<\/strong><\/li>\n<\/ol>\n<p style=\"font-weight: 400;\">Reklam performans\u0131n\u0131n toplam de\u011feri: 14.490,63 Euro<br \/>\nFonlar\u0131n kayna\u011f\u0131: B\u00dcNDNIS 90\/DIE GR\u00dcNEN  \u2047  Kreisverband Wiesbaden \u00fcyelik \u00fccretlerinden kendi kaynaklar\u0131n\u0131z<br \/>\nFonlar\u0131n kayna\u011f\u0131: Avrupa Birli\u011fi i\u00e7inde<br \/>\nHesaplama y\u00f6ntemi: hizmet sa\u011flay\u0131c\u0131n\u0131n fatura tutarlar\u0131 temelinde; Tasar\u0131m, her zamanki \u00e7al\u0131\u015fmas\u0131n\u0131n bir par\u00e7as\u0131 olarak il\u00e7e derne\u011finin bir \u00e7al\u0131\u015fan\u0131 taraf\u0131ndan devral\u0131nd\u0131. 18\/1 servis sa\u011flay\u0131c\u0131 taraf\u0131ndan bas\u0131lmam\u0131\u015ft\u0131r; Sadece onun i\u00e7in haz\u0131rland\u0131lar.<\/p>\n<ol start=\"5\">\n<li style=\"font-weight: 400;\"><strong> Sebep \/ siyasi ba\u011flam<\/strong><\/li>\n<\/ol>\n<p style=\"font-weight: 400;\">Bu ilan Hessen belediye se\u00e7imleri 2026 ile ilgilidir.<br \/>\nOylama ile ilgili resmi bilgiler:<br \/>\nHessen'deki B\u00f6lgesel \u0130ade G\u00f6revlisi:<span>\u00a0<\/span><a href=\"https:\/\/wahlen.hessen.de\/kommunalwahlen\">https:\/\/wahlen.hessen.de\/kommunalwahlen<\/a><em><br \/>\n<\/em>Hessen \u0130\u00e7i\u015fleri Bakanl\u0131\u011f\u0131:<span><em>\u00a0<\/em><\/span><a href=\"https:\/\/innen.hessen.de\/kommunales\/aufsicht\">https:\/\/innen.hessen.de\/kommunales\/aufsicht<\/a><\/p>\n<ol start=\"6\">\n<li style=\"font-weight: 400;\"><strong> Reklamveren ayr\u0131nt\u0131lar\u0131<\/strong><\/li>\n<\/ol>\n<p style=\"font-weight: 400;\">Wesselmann reklamc\u0131l\u0131k<br \/>\nAdresiniz ve telefon numaran\u0131z: Lohrheidestra\u00dfe 68-70, 44866 Bochum<br \/>\nE-posta adresiniz: mail@wesselmann-werbung.de<br \/>\nTelefon numaras\u0131 ve telefon numaras\u0131: +49 23273963<br \/>\nWeb sitesi i\u00e7in: https:\/\/wesselmann-werbung.de\/<br \/>\nHizmet T\u00fcr\u00fc: Mobil geni\u015f alan posterlerinin montaj\u0131 ve yap\u0131\u015ft\u0131r\u0131lmas\u0131 18\/1<\/p>\n<ol start=\"7\">\n<li style=\"font-weight: 400;\"><strong> Yay\u0131n ayr\u0131nt\u0131lar\u0131<\/strong><\/li>\n<\/ol>\n<p style=\"font-weight: 400;\">Orta seviye: Orta seviye: mobil geni\u015f alan posterleri 18\/1<br \/>\nDa\u011f\u0131t\u0131m yeri\/b\u00f6lgesi: Wiesbaden \u015fehir<\/p>\n<ol start=\"8\">\n<li style=\"font-weight: 400;\"><strong> Hedefleme ve veri i\u015fleme hakk\u0131nda bilgiler<\/strong><\/li>\n<\/ol>\n<p style=\"font-weight: 400;\">Ki\u015fisel verilerin kullan\u0131lmamas\u0131.<\/p>\n<ol start=\"9\">\n<li style=\"font-weight: 400;\"><strong> \u00d6nceki yay\u0131nlar \/ d\u00fczeltmeler<\/strong><\/li>\n<\/ol>\n<p style=\"font-weight: 400;\">Daha \u00f6nce herhangi bir yay\u0131n veya d\u00fczeltme yap\u0131lmam\u0131\u015ft\u0131r.<\/p>\n<ol start=\"10\">\n<li style=\"font-weight: 400;\"><strong> \u015eeffafl\u0131k sorunlar\u0131 i\u00e7in irtibat ki\u015fisi<\/strong><\/li>\n<\/ol>\n<p style=\"font-weight: 400;\">Ad\u0131 ve soyad\u0131: Ramona Achhammer<br \/>\nE-posta adresiniz: kreisverband@gruene-wiesbaden.de<br \/>\n\u0130\u00e7erik ve do\u011fruluktan sorumlu:<br \/>\nAlliance 90\/The Greens Wiesbaden County Association yak\u0131n\u0131ndaki oteller<\/p>\n<p style=\"font-weight: 400;\">Tarih ve saat: 29.01.2026<\/p>\n<\/div><\/div><\/div><\/div><\/div><div class=\"w-separator size_medium\"><\/div><\/div><\/div><\/div><\/div><\/section>","protected":false},"excerpt":{"rendered":"Kulland\u0131\u011f\u0131m\u0131z Wesselmann geni\u015f alan mobil posterlerinde siyasi reklamc\u0131l\u0131\u011f\u0131n (TTPA Y\u00f6netmeli\u011fi) \u015feffafl\u0131\u011f\u0131 ve hedeflenmesine ili\u015fkin (AB) 2024\/900 say\u0131l\u0131 Y\u00f6netmeli\u011fin 11. Maddesi uyar\u0131nca \u015eeffafl\u0131k Bildirimi 29.01.2026 Politik reklam sponsoru B\u00dcNDNIS 90\/DIE GR\u00dcNEN \u2013 Kreisverband Wiesbaden Adres: Mainzer Stra\u00dfe 75, 65189 Wiesbaden E-posta adresi: kreisverband@gruene-wiesbaden.de Temsil eden: Rebecca Thomas ve Daniel Schmitt, Y\u00f6netim Kurulu Ba\u015fkan\u0131...","protected":false},"author":1,"featured_media":0,"parent":0,"menu_order":0,"comment_status":"closed","ping_status":"closed","template":"","meta":{"footnotes":""},"class_list":["post-2158","page","type-page","status-publish","hentry"],"yoast_head":"<!-- This site is optimized with the Yoast SEO plugin v27.5 - https:\/\/yoast.com\/product\/yoast-seo-wordpress\/ -->\n<title>Transparenzbekanntmachung Wesselm\u00e4nner - B\u00dcNDNIS 90\/DIE GR\u00dcNEN Wiesbaden<\/title>\n<meta name=\"robots\" content=\"index, follow, max-snippet:-1, max-image-preview:large, max-video-preview:-1\" \/>\n<link rel=\"canonical\" href=\"https:\/\/gruene-wiesbaden.de\/tr\/transparenzbekanntmachung-wesselmaenner\/\" \/>\n<meta property=\"og:locale\" content=\"tr_TR\" \/>\n<meta property=\"og:type\" content=\"article\" \/>\n<meta property=\"og:title\" content=\"Transparenzbekanntmachung Wesselm\u00e4nner - B\u00dcNDNIS 90\/DIE GR\u00dcNEN Wiesbaden\" \/>\n<meta property=\"og:url\" content=\"https:\/\/gruene-wiesbaden.de\/tr\/transparenzbekanntmachung-wesselmaenner\/\" \/>\n<meta property=\"og:site_name\" content=\"B\u00dcNDNIS 90\/DIE GR\u00dcNEN Wiesbaden\" \/>\n<meta property=\"article:publisher\" content=\"https:\/\/www.facebook.com\/gruene.wi\" \/>\n<meta property=\"article:modified_time\" content=\"2026-03-05T09:09:59+00:00\" \/>\n<meta name=\"twitter:card\" content=\"summary_large_image\" \/>\n<meta name=\"twitter:label1\" content=\"Tahmini okuma s\u00fcresi\" \/>\n\t<meta name=\"twitter:data1\" content=\"2 minutes\" \/>\n<script type=\"application\/ld+json\" class=\"yoast-schema-graph\">{\"@context\":\"https:\\\/\\\/schema.org\",\"@graph\":[{\"@type\":\"WebPage\",\"@id\":\"https:\\\/\\\/gruene-wiesbaden.de\\\/transparenzbekanntmachung-wesselmaenner\\\/\",\"url\":\"https:\\\/\\\/gruene-wiesbaden.de\\\/transparenzbekanntmachung-wesselmaenner\\\/\",\"name\":\"Transparenzbekanntmachung Wesselm\u00e4nner - B\u00dcNDNIS 90\\\/DIE GR\u00dcNEN Wiesbaden\",\"isPartOf\":{\"@id\":\"https:\\\/\\\/gruene-wiesbaden.de\\\/#website\"},\"datePublished\":\"2026-01-29T09:08:37+00:00\",\"dateModified\":\"2026-03-05T09:09:59+00:00\",\"breadcrumb\":{\"@id\":\"https:\\\/\\\/gruene-wiesbaden.de\\\/transparenzbekanntmachung-wesselmaenner\\\/#breadcrumb\"},\"inLanguage\":\"tr-TR\",\"potentialAction\":[{\"@type\":\"ReadAction\",\"target\":[\"https:\\\/\\\/gruene-wiesbaden.de\\\/transparenzbekanntmachung-wesselmaenner\\\/\"]}]},{\"@type\":\"BreadcrumbList\",\"@id\":\"https:\\\/\\\/gruene-wiesbaden.de\\\/transparenzbekanntmachung-wesselmaenner\\\/#breadcrumb\",\"itemListElement\":[{\"@type\":\"ListItem\",\"position\":1,\"name\":\"Startseite\",\"item\":\"https:\\\/\\\/gruene-wiesbaden.de\\\/\"},{\"@type\":\"ListItem\",\"position\":2,\"name\":\"Transparenzbekanntmachung Wesselm\u00e4nner\"}]},{\"@type\":\"WebSite\",\"@id\":\"https:\\\/\\\/gruene-wiesbaden.de\\\/#website\",\"url\":\"https:\\\/\\\/gruene-wiesbaden.de\\\/\",\"name\":\"DIE GR\u00dcNEN Wiesbaden\",\"description\":\"\",\"publisher\":{\"@id\":\"https:\\\/\\\/gruene-wiesbaden.de\\\/#organization\"},\"potentialAction\":[{\"@type\":\"SearchAction\",\"target\":{\"@type\":\"EntryPoint\",\"urlTemplate\":\"https:\\\/\\\/gruene-wiesbaden.de\\\/?s={search_term_string}\"},\"query-input\":{\"@type\":\"PropertyValueSpecification\",\"valueRequired\":true,\"valueName\":\"search_term_string\"}}],\"inLanguage\":\"tr-TR\"},{\"@type\":\"Organization\",\"@id\":\"https:\\\/\\\/gruene-wiesbaden.de\\\/#organization\",\"name\":\"DIE GR\u00dcNEN Wiesbaden\",\"url\":\"https:\\\/\\\/gruene-wiesbaden.de\\\/\",\"logo\":{\"@type\":\"ImageObject\",\"inLanguage\":\"tr-TR\",\"@id\":\"https:\\\/\\\/gruene-wiesbaden.de\\\/#\\\/schema\\\/logo\\\/image\\\/\",\"url\":\"https:\\\/\\\/gruene-wiesbaden-fuer-europa.de\\\/wp-content\\\/uploads\\\/2024\\\/04\\\/Machen-was-zaehlt-5.png\",\"contentUrl\":\"https:\\\/\\\/gruene-wiesbaden-fuer-europa.de\\\/wp-content\\\/uploads\\\/2024\\\/04\\\/Machen-was-zaehlt-5.png\",\"width\":1772,\"height\":1772,\"caption\":\"DIE GR\u00dcNEN Wiesbaden\"},\"image\":{\"@id\":\"https:\\\/\\\/gruene-wiesbaden.de\\\/#\\\/schema\\\/logo\\\/image\\\/\"},\"sameAs\":[\"https:\\\/\\\/www.facebook.com\\\/gruene.wi\",\"https:\\\/\\\/instagram.com\\\/gruene_wi\"]}]}<\/script>\n<!-- \/ Yoast SEO plugin. -->","yoast_head_json":{"title":"Transparenzbekanntmachung Wesselm\u00e4nner - B\u00dcNDNIS 90\/DIE GR\u00dcNEN Wiesbaden","robots":{"index":"index","follow":"follow","max-snippet":"max-snippet:-1","max-image-preview":"max-image-preview:large","max-video-preview":"max-video-preview:-1"},"canonical":"https:\/\/gruene-wiesbaden.de\/tr\/transparenzbekanntmachung-wesselmaenner\/","og_locale":"tr_TR","og_type":"article","og_title":"Transparenzbekanntmachung Wesselm\u00e4nner - B\u00dcNDNIS 90\/DIE GR\u00dcNEN Wiesbaden","og_url":"https:\/\/gruene-wiesbaden.de\/tr\/transparenzbekanntmachung-wesselmaenner\/","og_site_name":"B\u00dcNDNIS 90\/DIE GR\u00dcNEN Wiesbaden","article_publisher":"https:\/\/www.facebook.com\/gruene.wi","article_modified_time":"2026-03-05T09:09:59+00:00","twitter_card":"summary_large_image","twitter_misc":{"Tahmini okuma s\u00fcresi":"2 minutes"},"schema":{"@context":"https:\/\/schema.org","@graph":[{"@type":"WebPage","@id":"https:\/\/gruene-wiesbaden.de\/transparenzbekanntmachung-wesselmaenner\/","url":"https:\/\/gruene-wiesbaden.de\/transparenzbekanntmachung-wesselmaenner\/","name":"Transparenzbekanntmachung Wesselm\u00e4nner - B\u00dcNDNIS 90\/DIE GR\u00dcNEN Wiesbaden","isPartOf":{"@id":"https:\/\/gruene-wiesbaden.de\/#website"},"datePublished":"2026-01-29T09:08:37+00:00","dateModified":"2026-03-05T09:09:59+00:00","breadcrumb":{"@id":"https:\/\/gruene-wiesbaden.de\/transparenzbekanntmachung-wesselmaenner\/#breadcrumb"},"inLanguage":"tr-TR","potentialAction":[{"@type":"ReadAction","target":["https:\/\/gruene-wiesbaden.de\/transparenzbekanntmachung-wesselmaenner\/"]}]},{"@type":"BreadcrumbList","@id":"https:\/\/gruene-wiesbaden.de\/transparenzbekanntmachung-wesselmaenner\/#breadcrumb","itemListElement":[{"@type":"ListItem","position":1,"name":"Startseite","item":"https:\/\/gruene-wiesbaden.de\/"},{"@type":"ListItem","position":2,"name":"Transparenzbekanntmachung Wesselm\u00e4nner"}]},{"@type":"WebSite","@id":"https:\/\/gruene-wiesbaden.de\/#website","url":"https:\/\/gruene-wiesbaden.de\/","name":"DIE GR\u00dcNEN Wiesbaden","description":"","publisher":{"@id":"https:\/\/gruene-wiesbaden.de\/#organization"},"potentialAction":[{"@type":"SearchAction","target":{"@type":"EntryPoint","urlTemplate":"https:\/\/gruene-wiesbaden.de\/?s={search_term_string}"},"query-input":{"@type":"PropertyValueSpecification","valueRequired":true,"valueName":"search_term_string"}}],"inLanguage":"tr-TR"},{"@type":"Organization","@id":"https:\/\/gruene-wiesbaden.de\/#organization","name":"DIE GR\u00dcNEN Wiesbaden","url":"https:\/\/gruene-wiesbaden.de\/","logo":{"@type":"ImageObject","inLanguage":"tr-TR","@id":"https:\/\/gruene-wiesbaden.de\/#\/schema\/logo\/image\/","url":"https:\/\/gruene-wiesbaden-fuer-europa.de\/wp-content\/uploads\/2024\/04\/Machen-was-zaehlt-5.png","contentUrl":"https:\/\/gruene-wiesbaden-fuer-europa.de\/wp-content\/uploads\/2024\/04\/Machen-was-zaehlt-5.png","width":1772,"height":1772,"caption":"DIE GR\u00dcNEN Wiesbaden"},"image":{"@id":"https:\/\/gruene-wiesbaden.de\/#\/schema\/logo\/image\/"},"sameAs":["https:\/\/www.facebook.com\/gruene.wi","https:\/\/instagram.com\/gruene_wi"]}]}},"_links":{"self":[{"href":"https:\/\/gruene-wiesbaden.de\/tr\/wp-json\/wp\/v2\/pages\/2158","targetHints":{"allow":["GET"]}}],"collection":[{"href":"https:\/\/gruene-wiesbaden.de\/tr\/wp-json\/wp\/v2\/pages"}],"about":[{"href":"https:\/\/gruene-wiesbaden.de\/tr\/wp-json\/wp\/v2\/types\/page"}],"author":[{"embeddable":true,"href":"https:\/\/gruene-wiesbaden.de\/tr\/wp-json\/wp\/v2\/users\/1"}],"replies":[{"embeddable":true,"href":"https:\/\/gruene-wiesbaden.de\/tr\/wp-json\/wp\/v2\/comments?post=2158"}],"version-history":[{"count":2,"href":"https:\/\/gruene-wiesbaden.de\/tr\/wp-json\/wp\/v2\/pages\/2158\/revisions"}],"predecessor-version":[{"id":2160,"href":"https:\/\/gruene-wiesbaden.de\/tr\/wp-json\/wp\/v2\/pages\/2158\/revisions\/2160"}],"wp:attachment":[{"href":"https:\/\/gruene-wiesbaden.de\/tr\/wp-json\/wp\/v2\/media?parent=2158"}],"curies":[{"name":"wp","href":"https:\/\/api.w.org\/{rel}","templated":true}]}}