{"id":597,"date":"2025-03-21T11:00:15","date_gmt":"2025-03-21T11:00:15","guid":{"rendered":"http:\/\/gruene-wiesbaden.de.w0207e8f.kasserver.com\/?page_id=597"},"modified":"2026-04-18T16:46:25","modified_gmt":"2026-04-18T14:46:25","slug":"mitmachen","status":"publish","type":"page","link":"https:\/\/gruene-wiesbaden.de\/sl\/mitmachen\/","title":{"rendered":"Sodelujte in datumi"},"content":{"rendered":"<section class=\"l-section wpb_row height_auto full_height valign_center with_slider\"><div class=\"l-section-slider\"><div class=\"w-slider style_none fit_cover nav_none count_1\"><div class=\"w-slider-h\"><div class=\"royalSlider\"><div class=\"rsContent\"><a class=\"rsImg\" data-rsw=\"2157\" data-rsh=\"1440\" href=\"https:\/\/gruene-wiesbaden.de\/wp-content\/uploads\/2025\/07\/hannah-busing-Zyx1bK9mqmA-unsplash_kl.png\"><span data-alt=\"\"><\/span><\/a><\/div><\/div><img decoding=\"async\" src=\"https:\/\/gruene-wiesbaden.de\/wp-content\/uploads\/2025\/07\/hannah-busing-Zyx1bK9mqmA-unsplash_kl.png\" width=\"2157\" height=\"1440\" alt loading=\"lazy\"><\/div><div class=\"w-slider-json\" onclick='return {&quot;autoScaleSlider&quot;:true,&quot;addActiveClass&quot;:true,&quot;loop&quot;:true,&quot;fadeInLoadedSlide&quot;:false,&quot;slidesSpacing&quot;:0,&quot;imageScalePadding&quot;:0,&quot;numImagesToPreload&quot;:2,&quot;arrowsNav&quot;:false,&quot;arrowsNavAutoHide&quot;:false,&quot;transitionType&quot;:&quot;move&quot;,&quot;transitionSpeed&quot;:1000,&quot;block&quot;:{&quot;moveEffect&quot;:&quot;none&quot;,&quot;speed&quot;:300},&quot;thumbs&quot;:{&quot;fitInViewport&quot;:false,&quot;firstMargin&quot;:false,&quot;spacing&quot;:4},&quot;controlNavigation&quot;:&quot;none&quot;,&quot;autoplay&quot;:{&quot;enabled&quot;:true,&quot;pauseOnHover&quot;:false,&quot;delay&quot;:3000},&quot;autoScaleSliderWidth&quot;:2157,&quot;autoScaleSliderHeight&quot;:1440}'><\/div><\/div><\/div><div class=\"l-section-overlay\" style=\"background:rgba(0,0,0,0.15)\"><\/div><div class=\"l-section-h i-cf\"><div class=\"g-cols vc_row via_grid cols_1 laptops-cols_inherit tablets-cols_inherit mobiles-cols_1 valign_top type_default stacking_default\" style=\"--columns-gap:0rem;\"><div class=\"wpb_column vc_column_container\"><div class=\"vc_column-inner\"><div class=\"g-cols wpb_row us_custom_fe17fac6 has_text_color via_grid cols_1 laptops-cols_inherit tablets-cols_inherit mobiles-cols_1 valign_top type_default stacking_default\" style=\"--columns-gap:3rem;\"><div class=\"wpb_column vc_column_container\"><div class=\"vc_column-inner\"><div class=\"w-separator size_large\"><\/div><div class=\"w-separator size_small\"><\/div><div class=\"w-separator size_small\"><\/div><div class=\"wpb_text_column us_custom_2d6d43ab has_text_color background_inside_text\"><div class=\"wpb_wrapper\"><h1 style=\"text-align: center;\">\u010cLANSTVO IN POGOJI<\/h1>\n<\/div><\/div><\/div><\/div><\/div><\/div><\/div><\/div><\/div><\/section><section class=\"l-section wpb_row height_medium with_img\"><div class=\"l-section-img\" role=\"img\" data-img-width=\"1920\" data-img-height=\"700\" style=\"background-image: url(https:\/\/gruene-wiesbaden.de\/wp-content\/uploads\/2025\/11\/neuer-Verlauf-gruene-wiesbaden.de_-1-e1762693586282.png);\"><\/div><div class=\"l-section-h i-cf\"><div class=\"g-cols vc_row via_grid cols_1 laptops-cols_inherit tablets-cols_inherit mobiles-cols_1 valign_top type_default stacking_default\"><div class=\"wpb_column vc_column_container\"><div class=\"vc_column-inner\"><div class=\"w-separator size_medium\"><\/div><div class=\"g-cols wpb_row via_grid cols_1 laptops-cols_inherit tablets-cols_inherit mobiles-cols_1 valign_top type_default stacking_default\" style=\"--columns-gap:3rem;\"><div class=\"wpb_column vc_column_container\"><div class=\"vc_column-inner\"><div class=\"wpb_text_column us_custom_f4639b64 has_text_color\"><div class=\"wpb_wrapper\"><h1>TERMINE<\/h1>\n<p>Iz koledarja si lahko ogledate, kateri datumi se bodo zgodili naslednji\u010d. <span>\u0160tevilni na\u0161i datumi so odprti tudi za zainteresirane ne\u010dlane \u2013 samo na kratko se prijavite na kreisverband@gruene-wiesbaden.de. Sre\u010dni smo!<\/span><\/p>\n<p><strong>Kot redni sestanek lahko rezervirate mese\u010dno redno mizo na prvi torek v mesecu v baru C \/ O * na Moritzstra\u00dfe 52, 65185 Wiesbaden.<\/strong><\/p>\n<p>Datumi odborov mesta Wiesbaden so na voljo tukaj:<\/p>\n<\/div><\/div><div class=\"w-separator size_small\"><\/div><div class=\"w-btn-wrapper align_left\"><a class=\"w-btn us-btn-style_11 icon_atleft\" href=\"https:\/\/piwi.wiesbaden.de\/aktuelles?2\"><i class=\"fas fa-search\"><\/i><span class=\"w-btn-label\">Na datume ob\u010dinskih svetov in v mestni hi\u0161i<\/span><\/a><\/div><div class=\"w-separator size_medium\"><\/div><div class=\"wpb_text_column us_custom_f4639b64 has_text_color\"><div class=\"wpb_wrapper\"><p>Vse preostale sestanke lahko filtrirate tako, da v legendi pod koledarjem nastavite ali odstranite kljuke, ali pa v iskalno polje nad koledarjem vnesete iskalni izraz za bolj specifi\u010dno iskanje sestankov. Prav tako se lahko naro\u010dite na ustrezni koledar in ste tako vedno posodobljeni v svojem zasebnem koledarju.<\/p>\n<\/div><\/div><div class=\"w-separator size_medium\"><\/div><div class=\"wpb_text_column\"><div class=\"wpb_wrapper\"><div class=\"r34ics-ajax-container loading\" id=\"ics-calendar-6856a8cef2a62\" data-view=\"full\" data-view-is-list-style=\"0\" data-view-is-list-long=\"0\" data-args=\"377ffdfaa1509aeeb8183b5f66df9cf4d20381e2\" data-js-args=\"{&quot;debug&quot;:&quot;0&quot;,&quot;use_client_tz&quot;:&quot;1&quot;}\">&nbsp;<\/div>\n<\/div><\/div><\/div><\/div><\/div><\/div><\/div><\/div><\/div><\/section><section class=\"l-section wpb_row height_medium\"><div class=\"l-section-overlay\" style=\"background:var(--color-header-middle-bg)\"><\/div><div class=\"l-section-h i-cf\"><div class=\"g-cols vc_row via_grid cols_1 laptops-cols_inherit tablets-cols_inherit mobiles-cols_1 valign_top type_default stacking_default\"><div class=\"wpb_column vc_column_container\"><div class=\"vc_column-inner\"><div class=\"g-cols wpb_row via_grid cols_1 laptops-cols_inherit tablets-cols_inherit mobiles-cols_1 valign_top type_default stacking_default\" style=\"--columns-gap:3rem;\"><div class=\"wpb_column vc_column_container\"><div class=\"vc_column-inner\"><div class=\"wpb_text_column us_custom_37fa7882\"><div class=\"wpb_wrapper\"><h2>\u017delite sodelovati?<\/h2>\n<\/div><\/div><div class=\"w-separator size_medium\"><\/div><\/div><\/div><\/div><div class=\"g-cols wpb_row us_custom_4679c802 via_grid cols_2-1 laptops-cols_inherit tablets-cols_inherit mobiles-cols_1 valign_top type_default stacking_default\" style=\"--columns-gap:2.2rem;\"><div class=\"wpb_column vc_column_container\"><div class=\"vc_column-inner\"><div class=\"wpb_text_column us_custom_564c68c1 has_text_color\"><div class=\"wpb_wrapper\"><h3>Okro\u017ene skupine<\/h3>\n<p data-start=\"212\" data-end=\"451\">Na\u0161e okro\u017ene skupine so povezava med ZELENIM Wiesbadenom in lokalnim prebivalstvom. Tukaj se sestajajo \u010dlani iz okro\u017eja, da bi sodelovali pri ZELENI politiki za Wiesbaden in okrepili stike z dr\u017eavljani.<\/p>\n<p data-start=\"453\" data-end=\"687\">Skupine podpirajo \u010dlane ob\u010dinskega sveta GREEN pri njihovem politi\u010dnem delu. So pomemben resonan\u010dni prostor za zbiranje tem iz okro\u017eja, razpravljanje o problemih in skupno razvijanje re\u0161itev GREEN.<\/p>\n<p data-start=\"689\" data-end=\"952\">Poleg tega okro\u017ene skupine poskrbijo, da je na\u0161e delo vidno na kraju samem. Seznanijo se s stali\u0161\u010di in odlo\u010ditvami skupine GREEN, organizirajo razprave z zainteresiranimi stranmi ter posredujejo pomisleke okro\u017eja okrajnemu odboru in parlamentarni skupini v mestni hi\u0161i.<\/p>\n<p data-start=\"954\" data-end=\"1079\">Zlasti v volilni kampanji so aktivne okro\u017ene skupine: Pomagajo pri objavljanju, distribuciji letakov in dogodkov.<\/p>\n<p data-start=\"1081\" data-end=\"1306\">In nenazadnje, ponujajo enostaven na\u010din, da se pridru\u017eijo Zelenim, se politi\u010dno vklju\u010dijo in spoznajo druge iz okro\u017eja. Redna sre\u010danja in skupni ukrepi se medsebojno krepijo.<\/p>\n<p data-start=\"1308\" data-end=\"1487\">Okro\u017ene skupine organizirajo izvoljeni predstavniki, ki vzdr\u017eujejo povezavo med skupino, \u010dlani ob\u010dinskega sveta in okro\u017enim odborom.<\/p>\n<p data-start=\"1489\" data-end=\"1592\">\u010ce \u017eelite sodelovati ali se samo ustaviti, se veselimo sre\u010danja z vami!<\/p>\n<\/div><\/div><div class=\"w-separator size_small\"><\/div><div class=\"w-btn-wrapper align_left\"><a class=\"w-btn us-btn-style_12\" href=\"https:\/\/gruene-wiesbaden.de\/sl\/mitmachen\/#stadtteilgruppen\"><span class=\"w-btn-label\">izvedite ve\u010d<\/span><\/a><\/div><div class=\"w-separator size_small\"><\/div><\/div><\/div><div class=\"wpb_column vc_column_container\"><div class=\"vc_column-inner\"><div class=\"wpb_text_column us_custom_564c68c1 has_text_color\"><div class=\"wpb_wrapper\"><h3>Delovne skupine<\/h3>\n<p><span>Delovne skupine so gonilna sila na\u0161ega lokalnega politi\u010dnega dela.<\/span><span> Na\u0161e delovne skupine pokrivajo posebna podro\u010dja politike. Tu se razvijejo koncepti, ki nato prehajajo v stranko prek generalne skup\u0161\u010dine ali v mestni parlament prek parlamentarne skupine. <\/span><\/p>\n<p><span>Dolo\u010deni datumi sestankov strokovnih skupin so na voljo tukaj na tej spletni strani zgoraj pod naslovom \u201eUdele\u017eba in datumi\u201c.<\/span><span>\u00a0<\/span><\/p>\n<p><span>\u010ce \u0161e niste na po\u0161tnem seznamu va\u0161e najljub\u0161e AK, se obrnite na na\u0161 okro\u017eni urad (kreisverband@gruene-wiesbaden.de). <\/span><\/p>\n<\/div><\/div><div class=\"w-separator size_small\"><\/div><div class=\"w-btn-wrapper align_left\"><a class=\"w-btn us-btn-style_12\" href=\"https:\/\/gruene-wiesbaden.de\/sl\/mitmachen\/#arbeitskreise\"><span class=\"w-btn-label\">izvedite ve\u010d<\/span><\/a><\/div><div class=\"w-separator size_medium\"><\/div><div class=\"wpb_text_column us_custom_564c68c1 has_text_color\"><div class=\"wpb_wrapper\"><p>Sodelujete lahko tudi v Landesarbeitsgemeinschaften (LAGen) dru\u017ebe B\u00dcNDNIS 90\/DIE GR\u00dcNEN Hessen. Tukaj lahko izveste ve\u010d:<\/p>\n<\/div><\/div><div class=\"w-separator size_small\"><\/div><div class=\"w-btn-wrapper align_none\"><a class=\"w-btn us-btn-style_12\" target=\"_blank\" href=\"https:\/\/www.gruene-hessen.de\/partei\/gremien\/landesarbeitsgemeinschaften\/\"><span class=\"w-btn-label\">O LASen<\/span><\/a><\/div><\/div><\/div><\/div><div class=\"g-cols wpb_row via_grid cols_1 laptops-cols_inherit tablets-cols_inherit mobiles-cols_1 valign_middle type_default stacking_default\" style=\"--columns-gap:3rem;\" id=\"stadtteilgruppen\"><div class=\"wpb_column vc_column_container\"><div class=\"vc_column-inner\"><div class=\"w-separator size_large\"><\/div><div class=\"wpb_text_column\"><div class=\"wpb_wrapper\"><h3>Pove\u017eite se s \u010dlani iz va\u0161e soseske in se vklju\u010dite neposredno na va\u0161em pragu<\/h3>\n<\/div><\/div><div class=\"w-separator size_medium\"><\/div><div class=\"w-tabs us_custom_057801f8 style_default switch_click accordion has_scrolling remove_indents\" style=\"--sections-title-size:inherit\"><div class=\"w-tabs-sections titles-align_none icon_chevron cpos_left\"><div class=\"w-tabs-section has_text_color\" id=\"q3ef\" style=\"background:var(--color-header-middle-bg);color:var(--color-alt-content-bg-alt);\"><button class=\"w-tabs-section-header with_icon\" aria-controls=\"content-q3ef\" aria-expanded=\"false\"><i class=\"fas fa-map-pin\"><\/i><div class=\"w-tabs-section-title\">okro\u017eje Am\u00f6neburg\/Kastel\/Kostheim<\/div><div class=\"w-tabs-section-control\"><\/div><\/button><div  class=\"w-tabs-section-content\" id=\"content-q3ef\"><div class=\"w-tabs-section-content-h i-cf\"><div class=\"wpb_text_column\"><div class=\"wpb_wrapper\"><p>Besedilo sledi.<\/p>\n<p>Govorniki skupine usklajujejo seje okrajne skupine in z veseljem odgovorijo na vsa vpra\u0161anja. \u017delite mre\u017eeti in se vklju\u010diti v signalno skupino okrajne skupine, da bi bili obve\u0161\u010deni o datumih in informacijah o okro\u017eju ter da bi lahko izmenjali ideje? <br data-prosemirror-content-type=\"node\" data-prosemirror-node-name=\"hardBreak\" data-prosemirror-node-inline=\"true\" \/><br data-prosemirror-content-type=\"node\" data-prosemirror-node-name=\"hardBreak\" data-prosemirror-node-inline=\"true\" \/>Nato kliknite na naslednji gumb, napi\u0161ite e-po\u0161to z zahtevo uradu okro\u017enega zdru\u017eenja in vzpostavili bomo stik!<\/p>\n<p><strong>Govorili so:<\/strong><br \/>\nNing Guo + Philip Pfefferkorn<\/p>\n<\/div><\/div><div class=\"w-btn-wrapper align_left\"><a class=\"w-btn us-btn-style_12 icon_atleft\" href=\"mailto:akk@gruene-wiesbaden.de\"><i class=\"fas fa-envelope\"><\/i><span class=\"w-btn-label\">e-naslov<\/span><\/a><\/div><\/div><\/div><\/div><div class=\"w-tabs-section has_text_color\" id=\"g6e2\" style=\"background:var(--color-header-middle-bg);color:var(--color-alt-content-bg-alt);\"><button class=\"w-tabs-section-header with_icon\" aria-controls=\"content-g6e2\" aria-expanded=\"false\"><i class=\"fas fa-map-pin\"><\/i><div class=\"w-tabs-section-title\">Okro\u017eje Biebrich<\/div><div class=\"w-tabs-section-control\"><\/div><\/button><div  class=\"w-tabs-section-content\" id=\"content-g6e2\"><div class=\"w-tabs-section-content-h i-cf\"><div class=\"wpb_text_column\"><div class=\"wpb_wrapper\"><p style=\"font-weight: 400;\"><span>S pribli\u017eno 39.500 prebivalci je Biebrich najve\u010dje okro\u017eje v Wiesbadnu. S svojo lego na Renu med Schiersteinom in Am\u00f6neburgom je slikovita, socialno-kulturno raznolika in zna\u010dilna za skoraj 50 odstotkov ljudi z migracijsko zgodovino.<span style=\"text-decoration: line-through;\"><\/span><\/span><\/p>\n<p style=\"font-weight: 400;\"><span>Za Biebrich-Mitte je zna\u010dilna urbana mestna pokrajina z navedenimi starimi stavbami, zlasti mestnimi hi\u0161ami s komercialno uporabnimi dvori\u0161\u010di. Ob dana\u0161njem Biebrichu Alleeju je bilo zgrajeno okro\u017eje vile. V petdesetih do sedemdesetih letih prej\u0161njega stoletja je bilo zaradi pomanjkanja stanovanj (vojni begunci iz 2. Prva svetovna vojna) in kasneje gospodarski \u010dude\u017e sta nastali veliki naselji Gr\u00e4selberg in Parkfeld. Naselje Parkfeld je bilo zgrajeno po na\u010drtih Ernsta Maya zahodno od grajskega parka. Od dvajsetih let 20. stoletja se tu nahajata tudi naselji \u201eSamopomo\u010d\u201c in \u201eRosenfeld\u201c, ki sta pionirska projekta za samostojno gradnjo skupnosti. Biebrich \u0161e vedno raste. GWW v koro\u0161ki \u010detrti ustvarja nov privla\u010den bivalni prostor za pribli\u017eno 1000 ljudi (z velikim dele\u017eem subvencioniranega bivalnega prostora). Poleg drugih manj\u0161ih novih gradbenih projektov v okro\u017eju se tu ustvarja \u017eivahno in socialno dobro me\u0161ano okro\u017eje.<\/span><\/p>\n<p style=\"font-weight: 400;\"><span>V \u0161tevilnih zdru\u017eenjih in pobudah ljudje v Biebrichu zagotavljajo dobro sodelovanje. Redno ponavljajo\u010di se in prostovoljni dogodki in festivali, kot so Gibber Kerb, H\u00f6fefest in Mosburgfest, so zdaj priljubljeni dale\u010d zunaj okro\u017eja. <\/span><\/p>\n<p style=\"font-weight: 400;\"><span>Zlasti v zadnjih letih so bili iz prebivalstva razviti \u0161tevilni ekolo\u0161ki projekti, ki se izvajajo z veliko predanostjo, kot sta okro\u017eni vrt v Rathenauplatzu in projekt Trittsteinbiotope, ki je ustvaril tesno povezano mre\u017eo \u017eu\u017eelkam prijaznih zasaditev drevesnih diskov v okro\u017eju. Slednje se nenehno \u0161iri in tako spodbuja biotsko raznovrstnost v okro\u017eju. Lani je pobuda prejela okoljsko nagrado mesta Wiesbaden.<\/span><\/p>\n<p style=\"font-weight: 400;\"><span>Biebrich ima privla\u010dne rekreacijske in rekreacijske povr\u0161ine. Najve\u010dja naravna obmo\u010dja so Mosbachtal, renski travniki, Rettbergsaue in Schlosspark. Kljub temu ima gosto pozidano mestno jedro premalo naravnega obmo\u010dja glede na \u0161tevilo prebivalcev. To predstavlja najve\u010dje izzive: Premalo zelene in preve\u010d vro\u010dine poleti. Tudi tranzitni in parkirni promet je previsok. Premalo parkirnih mest za kolesa in na splo\u0161no preve\u010d avtomobilov glede na okolju prijazno mobilnost, ki jo ponujajo avtobusi, vlaki, souporaba avtomobilov in kolesarske poti, vpliva na kakovost \u017eivljenja in bivanja v okro\u017eju.<\/span><\/p>\n<p style=\"font-weight: 400;\"><span>V Biebrich-Mitteju (\u0161e vedno) visoka zaloga maloprodajnih in raznolikih gastronomskih ponudb, ki jih upravljajo lastniki, naredijo \u017eivljenje in nakupovanje v okro\u017eju stran od centra mesta Wiesbaden privla\u010dno. To je tisto, kar ho\u010demo narediti zeleno.<\/span><\/p>\n<p style=\"font-weight: 400;\"><span>\u010ceprav je Biebrich vsestranski, njegova socialno-ekonomska struktura zagotavlja tudi posebne socialne potrebe. Da bi se temu zoperstavili, so obstajali in \u0161e vedno obstajajo \u0161tevilni podporni programi za \u201esocialno mesto\u201c in njegovo kohezijo. To trenutno uporablja zadevno okro\u017eno vodstvo v sodelovanju z zavzetimi dr\u017eavljani za \u0161tevilne manj\u0161e in ve\u010dje projekte. Na primer, za letne okro\u017ene festivale, javno knji\u017eico in okro\u017eni vrt v Rathenauplatzu.<\/span><\/p>\n<p style=\"font-weight: 400;\"><span>ZELENA zelo cenimo raznoliko dr\u017eavljansko udejstvovanje dr\u017eavljanov Biebricha. Zlasti programa financiranja \"Socialna kohezija\" za Gr\u00e4selberg in Biebrich-Mitte, ki se bosta v bli\u017enji prihodnosti iztekla, sta prek upravljanja sosedstva zagotovila dragocene storitve, da bi povezala ljudi in za\u010dela nove projekte za spodbujanje skupnosti, ki so tudi okoljsko trajnostni. Zato smo se zavezali, da bomo to okro\u017eno upravljanje utrdili tudi po prej\u0161njem obdobju financiranja.<span style=\"text-decoration: line-through;\"><\/span><\/span><\/p>\n<p style=\"font-weight: 400;\"><span>Zaradi svoje neposredne lege na Renu ima Biebrich trenutno koristi od koncepta Ren-Majna-Ufer. Tukaj je pod novim mostom Schierstein in sede\u017enimi stopnicami na Renu na travnikih Rena na\u010drtovano \u0161portno in prosto\u010dasno obmo\u010dje. Tudi neposredna kolesarska povezava pod mostom med okro\u017ejema Biebrich in Schierstein je bila ponovno odprta po ve\u010d kot 10 letih (del evropske kolesarske poti).<\/span><\/p>\n<p style=\"font-weight: 400;\"><span>Zeleni smo zelo zaskrbljeni zaradi pove\u010danja odpornosti proti podnebnim spremembam v Biebrichu. Na primer z:<\/span><\/p>\n<ul>\n<li><span>ve\u010d odpe\u010datenja na obmo\u010dju javnih cest, <\/span><\/li>\n<li><span>umirjanje prometa (vzor\u010dni preskus v avgustu in septembru s preoblikovanjem odseka Rheingaustra\u00dfe v odseku Rheinufer v za\u010dasno kolesarsko cesto),<\/span><\/li>\n<li><span>ve\u010d kolesarskih poti in varnost za vse, ki potujejo s kolesom in pe\u0161,<\/span><\/li>\n<li><span>ve\u010d zelenja v okro\u017eju (npr. zasaditev ve\u010d dreves, zlasti na ulicah) za soo\u010danje z izzivi podnebne krize, <\/span><\/li>\n<li><span>bolj\u0161a zelena povezljivost z Dotzheimom in Am\u00f6neburgom, <\/span><\/li>\n<li><span>obnova in uporaba carinskega kompleta za vse Biebriance (in Wiesbadenerje),<\/span><\/li>\n<li><span>nadzor nad na\u010drtovanjem novega okro\u017eja postaje in <\/span><\/li>\n<li><span>spremljanje na\u010drtovanja mestnega omre\u017eja za ogrevanje v Biebrichu.<\/span><\/li>\n<\/ul>\n<p>Govorniki skupine usklajujejo seje okrajne skupine in z veseljem odgovorijo na vsa vpra\u0161anja. \u017delite mre\u017eeti in se vklju\u010diti v signalno skupino okrajne skupine, da bi bili obve\u0161\u010deni o datumih in informacijah o okro\u017eju ter da bi lahko izmenjali ideje? <br data-prosemirror-content-type=\"node\" data-prosemirror-node-name=\"hardBreak\" data-prosemirror-node-inline=\"true\" \/><span><\/span><\/p>\n<p><span>Potem se obrnite na oba govornika po e-po\u0161ti!<\/span><\/p>\n<p><strong>Govorili so:<\/strong><br \/>\nAnnette Fr\u00f6lich in Jonathan Stephan<\/p>\n<\/div><\/div><div class=\"w-btn-wrapper align_left\"><a class=\"w-btn us-btn-style_12 icon_atleft\" href=\"mailto:biebrich@gruene-wiesbaden.de\"><i class=\"fas fa-envelope\"><\/i><span class=\"w-btn-label\">e-naslov<\/span><\/a><\/div><\/div><\/div><\/div><div class=\"w-tabs-section has_text_color\" id=\"f931\" style=\"background:var(--color-header-middle-bg);color:var(--color-alt-content-bg-alt);\"><button class=\"w-tabs-section-header with_icon\" aria-controls=\"content-f931\" aria-expanded=\"false\"><i class=\"fas fa-map-pin\"><\/i><div class=\"w-tabs-section-title\">Okro\u017eje Bierstadt\/Igstadt\/Kloppenheim<\/div><div class=\"w-tabs-section-control\"><\/div><\/button><div  class=\"w-tabs-section-content\" id=\"content-f931\"><div class=\"w-tabs-section-content-h i-cf\"><div class=\"wpb_text_column\"><div class=\"wpb_wrapper\"><p><span>Na\u0161a skupina je zdru\u017eenje \u010dlanov B\u00dcNDNIS 90\/DIE GR\u00dcNEN Wiesbaden iz treh okro\u017eij Bierstadt, Igstadt in Kloppenheim (BIK). Med seboj smo v dialogu o na\u0161ih temah, skupaj sodelujemo v volilnih kampanjah in smo zavezani na\u0161im zelenim vrednotam v vsakdanjem \u017eivljenju. V Bierstadtu smo od leta 2021 zastopani v lokalnem svetovalnem odboru s tremi (od 15) mandati, v Igstadtu pa z dvema (od 7) mandatoma.<\/span><\/p>\n<p><span>Bierstadt s pribli\u017eno 13.000 prebivalci brez te\u017eav odpre osrednje mesto pode\u017eelskemu delu dr\u017eavnega glavnega mesta na vzhodu in je tesno povezan s Kloppenheimom in Igstadtom (pribli\u017eno 2.300 prebivalcev). Za okolico so zna\u010dilna kakovostna kmetijska zemlji\u0161\u010da in \u0161tevilni sadovnjaki. NSG Hangwiesen se nahaja na severu, spa obmo\u010dje Aukammtal pa se razteza do sredi\u0161\u010da mesta. Zavezani smo k ohranjanju narave in odgovornemu ustvarjanju cenovno dostopnih stanovanj.<\/span><br \/>\n<span>Vsi trije kraji so mo\u010dno prizadeti zaradi motoriziranega prometa iz sosednjih krajev in avtocest. Kolesarske poti pa po drugi strani obi\u010dajno potekajo po gospodarskih poteh in stranskih cestah. Mo\u010dno se zavzemamo za \u0161iritev privla\u010dnih in varnih kolesarskih povezav med mesti in proti mestnemu jedru.<\/span><br \/>\n<span>Demografske spremembe napredujejo tudi v na\u0161ih treh krajih. Hvale\u017eni smo za zavzetost dolgoletnih \u010dlanov in veselimo se nedavne rasti v mlaj\u0161ih generacijah. Obve\u0161\u010danje o na\u0161ih zelenih perspektivah, usmerjenih v prihodnost, ostaja zahtevna naloga v tradicionalno oblikovanem okolju na\u0161ih okro\u017eij.<\/span><\/p>\n<p><span>\u017divimo v \u010dudoviti regiji z visoko rekreacijsko vrednostjo in dobro klimo. Oboje je potrebno vzdr\u017eevati in razvijati. Pripravimo ga! <\/span><span>Veselimo se vpra\u0161anj in zanimanja za na\u0161o zavezanost.<\/span><\/p>\n<p>Govorniki skupine usklajujejo sestanke okro\u017ene skupine BIK in z veseljem odgovorijo na vsa va\u0161a vpra\u0161anja. \u017delite mre\u017eeti in se vklju\u010diti v signalno skupino okrajne skupine, da bi bili obve\u0161\u010deni o datumih in informacijah o okro\u017eju ter da bi lahko izmenjali ideje? <br data-prosemirror-content-type=\"node\" data-prosemirror-node-name=\"hardBreak\" data-prosemirror-node-inline=\"true\" \/><span><\/span><\/p>\n<p><span>Potem se obrnite na oba govornika po e-po\u0161ti!<\/span><\/p>\n<p><strong>Govorili so:<\/strong><br \/>\nN.N. + Michael Hasler<\/p>\n<\/div><\/div><div class=\"w-btn-wrapper align_left\"><a class=\"w-btn us-btn-style_12 icon_atleft\" href=\"mailto:bik@gruene-wiesbaden.de\"><i class=\"fas fa-envelope\"><\/i><span class=\"w-btn-label\">e-naslov<\/span><\/a><\/div><\/div><\/div><\/div><div class=\"w-tabs-section has_text_color\" id=\"pb8f\" style=\"background:var(--color-header-top-bg);color:var(--color-alt-content-bg-alt);\"><button class=\"w-tabs-section-header with_icon\" aria-controls=\"content-pb8f\" aria-expanded=\"false\"><i class=\"fas fa-map-pin\"><\/i><div class=\"w-tabs-section-title\">okro\u017eje Delkenheim\/ Breckenheim\/ Erbenheim\/ Nordenstadt\/ Medenbach\/ Auringen<\/div><div class=\"w-tabs-section-control\"><\/div><\/button><div  class=\"w-tabs-section-content\" id=\"content-pb8f\"><div class=\"w-tabs-section-content-h i-cf\"><div class=\"wpb_text_column\"><div class=\"wpb_wrapper\"><p style=\"font-weight: 400;\">Ob\u010dine Erbenheim, Nordenstadt, Delkenheim, Breckenheim, Auringen in Medenbach tvorijo vzhodno in severovzhodno predmestje Wiesbaden, ki se zgodovinsko \u0161teje za \u201ejezero\u201c. Z leti so bila v stara mestna sredi\u0161\u010da dodana nova stanovanjska obmo\u010dja, vklju\u010dno z ve\u010djimi urbanisti\u010dnimi projekti, kot so Hainweg, Pfarrmorgen ali na\u010drtovano obmo\u010dje Ostfeld. Zlasti Ostfeld, ki se ve\u010dinoma nahaja na Erbenheimer Gemarkung, bo v prihodnjih letih oblikoval \u0161tevilne razprave o varstvu podnebja in okolja, prometnih povezavah in trajnostnem razvoju mest.<\/p>\n<p style=\"font-weight: 400;\">Ve\u010d evropskih prometnih osi pre\u010dka to regijo \u2013 po cesti z A3 in A66, po \u017eeleznici s progo ICE K\u00f6ln-Frankfurt in po zraku z dvema severozahodnima odhodnima progama z letali\u0161\u010da Frankfurt. Erbenheim je mo\u010dno prizadet zaradi hrupa in onesna\u017eevanja prometa zaradi svoje lokacije na obrobju mesta. Hkrati bli\u017eina ameri\u0161kega letali\u0161\u010da Erbenheim predstavlja posebne varnostne in razvojne izzive. Mesto je bilo neko\u010d gradnik berlinskega zra\u010dnega mostu, pozneje sede\u017e ZDA za Evropo in zdaj sede\u017e Natovega poveljstva za Ukrajino. Neposredno ob njem je domena Mechtildshausen pomembno mesto za ekolo\u0161ko kmetijstvo, socialno delo in izobra\u017eevanje.<\/p>\n<p style=\"font-weight: 400;\">V Nordenstadtu in Delkenheimu se okro\u017eja soo\u010dajo s podobnimi izzivi: Zaradi svoje lege v bli\u017eini avtocest in industrijskega parka so promet, hrup in vse ve\u010dja zatesnitev obmo\u010dij osrednje teme. Hkrati se pove\u010duje potreba po bolj\u0161i lokalni oskrbi, varnih kolesarskih poteh in pe\u0161poteh ter storitvah za otroke, mladostnike in starej\u0161e. Breckenheim je kot manj\u0161e okro\u017eje \u0161e posebej prizadet zaradi pove\u010danja prometa in se soo\u010da z nalogo ohranjanja va\u0161ke narave in hkrati ustvarjanja prostora za nove oblike \u017eivljenja v novih gradbenih projektih.<\/p>\n<p style=\"font-weight: 400;\">Auringen in Medenbach sta v zadnjih letih do\u017eivela tudi opazne spremembe. Obe okro\u017eji zdru\u017eujeta svoj va\u0161ki zna\u010daj z nara\u0161\u010dajo\u010dim pomenom kot privla\u010dnih stanovanjskih lokacij. V Medenbachu, severovzhodnem predmestju Wiesbadna, je treba nujno razjasniti vpra\u0161anja mobilnosti, povezav javnega prevoza in zlasti lokalne oskrbe. Auringen prav tako stalno raste in se vse bolj soo\u010da s posledicami pove\u010devanja prometa. Obstoje\u010da infrastruktura se vse manj odziva na potrebe nara\u0161\u010dajo\u010dega prebivalstva. Z nadaljnjo \u0161iritvijo stanovanj se pojavljajo tudi temeljna vpra\u0161anja o trajnostni infrastrukturi in konceptu trajnostne mobilnosti.<\/p>\n<p style=\"font-weight: 400;\">Veliki projekti prometnega in energetskega prehoda bodo v prihodnjih letih zaposlovali vsa ta okro\u017eja, kot je na\u010drtovana povezava S-Bahn prek Wallauer Spange, ki naj bi ustvarila bolj\u0161o \u017eelezni\u0161ko povezavo za \u0161tevilna okro\u017eja, ali na\u010drtovani elektri\u010dni daljnovod \"Rhein-Main-Link\".<\/p>\n<p style=\"font-weight: 400;\"><strong>Zeleni s pode\u017eelja sprejemamo te izzive in \u017eelimo aktivno, trajnostno in skupaj z dr\u017eavljani oblikovati razvoj okro\u017eij.<\/strong> Radi \u017eivimo v na\u0161ih okro\u017ejih, podpiramo na\u0161e lokalne svete v Auringenu in Delkenheimu pri njihovem delu kot \u010dlani in \u017eelimo biti zastopani v lokalnih svetih v drugih okro\u017ejih po lokalnih volitvah leta 2026.<\/p>\n<p>Govorniki skupine usklajujejo seje okrajne skupine in z veseljem odgovorijo na vsa vpra\u0161anja. \u017delite mre\u017eeti in se vklju\u010diti v signalno skupino okrajne skupine, da bi bili obve\u0161\u010deni o datumih in informacijah o okro\u017eju ter da bi lahko izmenjali ideje? <br data-prosemirror-content-type=\"node\" data-prosemirror-node-name=\"hardBreak\" data-prosemirror-node-inline=\"true\" \/><br data-prosemirror-content-type=\"node\" data-prosemirror-node-name=\"hardBreak\" data-prosemirror-node-inline=\"true\" \/><span>Potem se obrnite na oba govornika po e-po\u0161ti!<\/span><\/p>\n<p><strong>Govorili so:<\/strong><br \/>\nN.N. in Stefan Deuling<\/p>\n<\/div><\/div><div class=\"w-btn-wrapper align_left\"><a class=\"w-btn us-btn-style_12 icon_atleft\" href=\"mailto:nordoestliche-vororte@gruene-wiesbaden.de\"><i class=\"fas fa-envelope\"><\/i><span class=\"w-btn-label\">e-naslov<\/span><\/a><\/div><\/div><\/div><\/div><div class=\"w-tabs-section has_text_color\" id=\"tdf3\" style=\"background:var(--color-alt-content-bg);color:var(--color-alt-content-bg-alt);\"><button class=\"w-tabs-section-header with_icon\" aria-controls=\"content-tdf3\" aria-expanded=\"false\"><i class=\"fas fa-map-pin\"><\/i><div class=\"w-tabs-section-title\">Okro\u017eje Dotzheim\/Klarenthal\/Frauenstein<\/div><div class=\"w-tabs-section-control\"><\/div><\/button><div  class=\"w-tabs-section-content\" id=\"content-tdf3\"><div class=\"w-tabs-section-content-h i-cf\"><div class=\"wpb_text_column\"><div class=\"wpb_wrapper\"><p style=\"font-weight: 400;\">Dotzheim in Klarenthal sta raznolika \u2013 slikovita, strukturna in predvsem \u010dlove\u0161ka. Nahaja se na severozahodu Wiesbadna, oba okro\u017eja sta obdana z zelenjem in gozdom. Belzbachtal v Dotzheimu vzdol\u017e Wellritzbacha vzdol\u017e Klarenthala je eden od \u0161tirih tokov sve\u017eega zraka v Wiesbadnu, ki so pomembni za mestno podnebje.<\/p>\n<p style=\"font-weight: 400;\">Dotzheim, drugo najve\u010dje okro\u017eje v Wiesbadnu, zdru\u017euje zgodovinska sredi\u0161\u010da vasi, sodobne stanovanjske komplekse in mirna stanovanjska obmo\u010dja. Grad Freudenberg s svojo kulturno ponudbo privablja obiskovalce dale\u010d izven Wiesbadna. Lokalni zgodovinski muzej v starem mestnem jedru Dotzheima hrani veliko zanimivih informacij, ki segajo v rimske \u010dase. Kot najve\u010dja klinika v Wiesbadnu, HSK predstavlja svoje izzive okro\u017eju.<\/p>\n<p style=\"font-weight: 400;\">Klarenthal, \u201eZelena vrata v Wiesbaden\u201c, je bil ustanovljen kot novo okro\u017eje od \u0161estdesetih let prej\u0161njega stoletja, kot je na\u010drtoval Ernst May, ko je bilo treba hitro zgraditi \u0161tevilna stanovanja. Danes ima Klarenthal veliko zelenja, odprto poselitveno strukturo in ponuja bli\u017eino mestnega gozda in fazana, dobro povezavo z mestnim sredi\u0161\u010dem in privla\u010dna stanovanja za ljudi iz \u0161tevilnih dr\u017eav izvora in \u017eivljenjskih pogojev.<\/p>\n<p style=\"font-weight: 400;\">V obeh okro\u017ejih aktivno klubsko \u017eivljenje oblikuje so\u017eitje. Doma jih je ve\u010d kot sto. Ta kulturna in dru\u017ebena raznolikost je velika prednost in se odra\u017ea v prostovoljstvu, sosedskih projektih in pobudah. Hkrati obstajajo izzivi, kot so socialna neenakost, prikraj\u0161anost pri izobra\u017eevanju, izzivi vklju\u010devanja in pomanjkanje cenovno dostopnih stanovanj.<\/p>\n<p><span style=\"font-weight: 400;\"><strong>Zeleni iz Dotzheima in Klarenthala se zavezujemo, da bomo zagotovili, da bodo na\u0161a okro\u017eja ostala \u017eiva, trajnostna, socialno pravi\u010dna in svetovljanska ter da bodo v na\u0161a okro\u017eja prispeli ukrepi za varstvo podnebja.<\/strong> Zavzemamo se za dobre kolesarske in \u0161olske poti, ukrepe za omejitev dnevnega prometa, vklju\u010dno z reaktivacijo Aartalbahna, 30-sede\u017enimi conami, raz\u0161iritvijo storitev souporabe avtomobilov in dobrimi povezavami javnega prevoza do mestnega sredi\u0161\u010da\/\u017eelezni\u0161ke postaje, renaturacijo potokov in mo\u010dnim socialnim omre\u017ejem. <\/span><\/p>\n<p><span style=\"font-weight: 400;\">GR\u00dcNE iz Dotzheima in Klarenthala radi \u017eivimo v na\u0161ih dveh okro\u017ejih in bi radi \u0161e naprej oblikovali in podpirali na\u0161e lokalne svetovalne odbore pri njihovem delu kot \u010dlani obeh okro\u017eij.<\/span><\/p>\n<p>Govorniki skupine usklajujejo seje okrajne skupine in z veseljem odgovorijo na vsa vpra\u0161anja. \u017delite mre\u017eeti in se vklju\u010diti v signalno skupino okrajne skupine, da bi bili obve\u0161\u010deni o datumih in informacijah o okro\u017eju ter da bi lahko izmenjali ideje? <br data-prosemirror-content-type=\"node\" data-prosemirror-node-name=\"hardBreak\" data-prosemirror-node-inline=\"true\" \/><span><\/span><\/p>\n<p><span>Potem se obrnite na oba govornika po e-po\u0161ti!<\/span><\/p>\n<p><strong>Izdelana si iz Frauensteina?<\/strong> Super, ker zaenkrat nimamo niti enega ZELENEGA \u010dlana v Frauensteinu! ZELENA Dotzheim\/Klarenthal vas toplo pozdravljamo, ko ste prvi \u010dlan iz tega okro\u017eja, ki se pridru\u017ei ZELENI!<\/p>\n<p><strong>Govorili so:<\/strong><br \/>\nUlla Bai in Werner Hillenbrand<\/p>\n<\/div><\/div><div class=\"w-btn-wrapper align_left\"><a class=\"w-btn us-btn-style_12 icon_atleft\" href=\"mailto:dotzheim-klarenthal-frauenstein@gruene-wiesbaden.de\"><i class=\"fas fa-envelope\"><\/i><span class=\"w-btn-label\">e-naslov<\/span><\/a><\/div><\/div><\/div><\/div><div class=\"w-tabs-section has_text_color\" id=\"l02b\" style=\"background:var(--color-alt-content-bg);color:var(--color-alt-content-bg-alt);\"><button class=\"w-tabs-section-header with_icon\" aria-controls=\"content-l02b\" aria-expanded=\"false\"><i class=\"fas fa-map-pin\"><\/i><div class=\"w-tabs-section-title\">okro\u017eje Hessloch\/Naurod<\/div><div class=\"w-tabs-section-control\"><\/div><\/button><div  class=\"w-tabs-section-content\" id=\"content-l02b\"><div class=\"w-tabs-section-content-h i-cf\"><div class=\"wpb_text_column\"><div class=\"wpb_wrapper\"><p>Hessloch in Naurod sta dva od vzhodnih predmestij Wiesbadena, za katera je zna\u010dilna tesna integracija poselitvenega obmo\u010dja z okoli\u0161ko kulturno krajino. Oba okro\u017eja le\u017eita v Vortaunusu, obkro\u017eajo pa ju gozdovi, polja in \u2013 na pobo\u010djih poto\u010dnih dolin \u2013 sadovnjaki, ki opredeljujejo krajino. Vasi so povezane z ve\u010djim gozdnim obmo\u010djem na lokalni gori Hessloch \u201eSteinkopf\u201c.<\/p>\n<p>Od teh dveh je Naurod veliko ve\u010dje mesto. Prebivalci Nauroda so opremljeni z vsemi trgovinami za vsakodnevne potrebe. Na Nauroder Gemarkung se dviga Wickerbach, ki te\u010de na osrednjem mestu v naravni strugi skozi majhno zeleno povr\u0161ino in te\u010de vzhodno od Wiesbadna v Majno. Poleg Wiesbadna je Naurod znan tudi po tradicionalnem in priljubljenem \u00c4ppelbl\u00fctenfestu. Lokalna gora Nauroder \u201eKellerskopf\u201c je privla\u010dna lokalna rekreacijska destinacija.<\/p>\n<p>He\u00dfloch je najmanj\u0161e okro\u017eje v Wiesbadnu. Ime je prvotno temeljilo na \u201eHaselbruch\u201c, kar pomeni, da je bilo za to obmo\u010dje neko\u010d zna\u010dilno le\u0161nikovo grmi\u010devje. Mlade dru\u017eine in starej\u0161i \u017eivijo v He\u00dflochu, kjer so star\u0161i pogosto odra\u0161\u010dali. Raznoliko klubsko \u017eivljenje zdru\u017euje Hesslocherje v njihovem prostem \u010dasu. Hessloch je priljubljen pri pohodnikih zaradi dobro ozna\u010denih kro\u017enih pohodni\u0161kih poti, rekreativni kolesarji pa poznajo Hessloch zaradi slikovitih poti.<\/p>\n<p>Zeleni iz Nauroda in Hesslocha smo zavezani ohranjanju za\u0161\u010ditene krajine in kulturne krajine. Mo\u010dno podpiramo dobro razvit sistem javnega prevoza z dobrimi povezavami z mestnim sredi\u0161\u010dem in na \u017eelezni\u0161kih progah. Skrbimo za potrebe starej\u0161ih, skrbimo za varne in udobne prometne poti, ki so zdru\u017eljive s kolesi, ter skrbimo za varstvo tal in izbolj\u0161anje biotske raznovrstnosti. \u0160e naprej \u017eelimo oblikovati na\u0161a okro\u017eja in jih ohraniti vredne \u017eivljenja za mlade in prihodnje generacije.<\/p>\n<p>Govorniki skupine usklajujejo seje okrajne skupine in z veseljem odgovorijo na vsa vpra\u0161anja. \u017delite mre\u017eeti in se vklju\u010diti v signalno skupino okrajne skupine, da bi bili obve\u0161\u010deni o datumih in informacijah o okro\u017eju ter da bi lahko izmenjali ideje?<\/p>\n<p style=\"font-weight: 400;\">Potem se obrnite na oba govornika po e-po\u0161ti!<\/p>\n<p><strong>Govorili so:<\/strong><br \/>\nMartina Michel in Detlev Otto<\/p>\n<\/div><\/div><div class=\"w-btn-wrapper align_left\"><a class=\"w-btn us-btn-style_12 icon_atleft\" href=\"mailto:hessloch-naurod@gruene-wiesbaden.de\"><i class=\"fas fa-envelope\"><\/i><span class=\"w-btn-label\">e-naslov<\/span><\/a><\/div><\/div><\/div><\/div><div class=\"w-tabs-section has_text_color\" id=\"d255\" style=\"background:var(--color-header-top-bg);color:var(--color-alt-content-bg-alt);\"><button class=\"w-tabs-section-header with_icon\" aria-controls=\"content-d255\" aria-expanded=\"false\"><i class=\"fas fa-map-pin\"><\/i><div class=\"w-tabs-section-title\">okro\u017eje Mitte<\/div><div class=\"w-tabs-section-control\"><\/div><\/button><div  class=\"w-tabs-section-content\" id=\"content-d255\"><div class=\"w-tabs-section-content-h i-cf\"><div class=\"wpb_text_column\"><div class=\"wpb_wrapper\"><p style=\"font-weight: 400;\">Wiesbaden-Mitte je \u017eivahno sredi\u0161\u010de na\u0161ega mesta. Tu utripa mestno srce mesta Wiesbaden \u2013 z obmo\u010dji za pe\u0161ce, trgi, trgovinami, oblastmi, restavracijami in \u0161tevilnimi kulturnimi ustanovami. Zgodovinski kraji, kot so Schlossplatz z Marktkirche in Dernsche Gel\u00e4nde, Luisenplatz ali Kranzplatz, ozna\u010dujejo mestno krajino, pa tudi raznolike stanovanjske \u010detrti, v katerih \u017eivijo ljudje iz razli\u010dnih okolij.<\/p>\n<p style=\"font-weight: 400;\">Za Mitte je zna\u010dilno utripajo\u010de sobivanje: Nakupovanje, odhodi, delo, \u017eivljenje \u2013 tukaj je vse blizu. Okoli 23.000 ljudi \u017eivi v Wiesbaden-Mitteju, pribli\u017eno 35 odstotkov jih ima migrantsko ozadje. Zaradi te raznolikosti je okro\u017eje \u0161e posebej \u017eivahno in kulturno bogato. Hkrati se mestno sredi\u0161\u010de soo\u010da z izzivi: Ostati bi moral ne le kraj nakupovanja in dela, temve\u010d tudi \u017eivljenjski prostor, ki je privla\u010den za prebivalce. Med njimi so zeleni, odprti prostori z visoko kakovostjo bivanja, varna mobilnost za vse ljudi, bodisi pe\u0161, s kolesom, avtobusom ali avtomobilom, ter raznolika kulturna in dru\u017ebena ponudba.<\/p>\n<p style=\"font-weight: 400;\">Zeleni smo zavezani zagotavljanju, da Mitte ostane vreden \u017eivljenja \u2013 ekolo\u0161ko, socialno in trajnostno. Skupaj z mestno dru\u017ebo \u017eelimo izvajati projekte, ki izbolj\u0161ujejo kakovost bivanja, spodbujajo trajnostno mobilnost in krepijo so\u017eitje.<\/p>\n<p style=\"font-weight: 400;\">Na\u0161a skupina za sosesko Mitte zdru\u017euje predane ljudi, ki \u017eelijo delati za svojo sosesko, ne glede na to, ali so \u017ee politi\u010dno dejavni ali novi. Razpravljamo o aktualnih temah, razvijamo ideje in jih prispevamo ob\u010dinskim odborom.<\/p>\n<p>Govorniki skupine usklajujejo seje okrajne skupine in z veseljem odgovorijo na vsa vpra\u0161anja. \u017delite mre\u017eeti in se vklju\u010diti v signalno skupino okrajne skupine, da bi bili obve\u0161\u010deni o datumih in informacijah o okro\u017eju ter da bi lahko izmenjali ideje?<\/p>\n<p style=\"font-weight: 400;\">Potem se obrnite na oba govornika po e-po\u0161ti!<\/p>\n<p><strong>Govorili so:<\/strong><br \/>\nAnn-Kathrin Hartenbach in Jacqueline Schmiedeke<\/p>\n<\/div><\/div><div class=\"w-btn-wrapper align_left\"><a class=\"w-btn us-btn-style_12 icon_atleft\" href=\"mailto:mitte@gruene-wiesbaden.de\"><i class=\"fas fa-envelope\"><\/i><span class=\"w-btn-label\">e-naslov<\/span><\/a><\/div><\/div><\/div><\/div><div class=\"w-tabs-section has_text_color\" id=\"d4a1\" style=\"background:var(--color-header-top-bg);color:var(--color-alt-content-bg-alt);\"><button class=\"w-tabs-section-header with_icon\" aria-controls=\"content-d4a1\" aria-expanded=\"false\"><i class=\"fas fa-map-pin\"><\/i><div class=\"w-tabs-section-title\">Severovzhodno okro\u017eje<\/div><div class=\"w-tabs-section-control\"><\/div><\/button><div  class=\"w-tabs-section-content\" id=\"content-d4a1\"><div class=\"w-tabs-section-content-h i-cf\"><div class=\"wpb_text_column\"><div class=\"wpb_wrapper\"><p><span>Severovzhodno okro\u017eje Wiesbaden, ki le\u017ei okrog Kurparka, Nerotal, Platter Stra\u00dfe, Walkm\u00fchltalanlage in Alter Friedhofa, na poseben na\u010din zdru\u017euje mestno \u017eivljenje z zgodovinskimi strukturami, zelenimi umiki in kulturno raznolikostjo. Bli\u017eina centra mesta, mo\u010dno klubsko \u017eivljenje in arhitekturni zna\u010daj naredijo okro\u017eje eno najbolj priljubljenih \u017eivljenjskih in \u017eivljenjskih prostorov v Wiesbadnu.<span class=\"Apple-converted-space\">\u00a0<\/span><\/span><\/p>\n<p><span>Za severovzhod je zna\u010dilno \u017eivahno sobivanje razli\u010dnih ljudi in \u017eivljenjskih slogov. Okro\u017eje ponuja prostor za socialne projekte, dr\u017eavljansko udejstvovanje in \u0161tevilne kulturne ponudbe \u2013 od mestne knji\u017enice do majhnih galerij in \u0161tevilnih izobra\u017eevalnih pobud. Hkrati se pojavljajo izzivi, kot so nara\u0161\u010dajo\u010de najemnine, omejen \u017eivljenjski prostor ali pomanjkanje kolesarske infrastrukture.<\/span><\/p>\n<p><span><b>Zeleni smo zavezani zagotavljanju, da bo severovzhod ostal \u017eivljenski \u2013 ekolo\u0161ko, socialno pravi\u010den in trajnosten.<\/b>Ti vklju\u010dujejo ukrepe za ve\u010d kolesarskih poti in pe\u0161poti, podnebju prijazen razvoj mest, socialno me\u0161anje, mo\u010dno udele\u017ebo dr\u017eavljanov ter varstvo in \u0161iritev zelenih povr\u0161in in zbirali\u0161\u010d.<\/span><\/p>\n<p><span>Na\u0161a sosedska skupina Northeast zdru\u017euje predane ljudi, ki se \u017eelijo postaviti za svojo sosesko, ne glede na to, ali so \u017ee politi\u010dno dejavni ali novi. Razpravljamo o aktualnih temah, razvijamo ideje in jih prina\u0161amo ob\u010dinskim odborom.<\/span><\/p>\n<p><span>Govorniki skupine usklajujejo seje okrajne skupine in z veseljem odgovorijo na vsa vpra\u0161anja. \u017delite mre\u017eeti in se vklju\u010diti v signalno skupino okrajne skupine, da bi bili obve\u0161\u010deni o datumih in informacijah o okro\u017eju ter da bi lahko izmenjali ideje?<span class=\"Apple-converted-space\">\u00a0<\/span><\/span><\/p>\n<p><span>Potem se obrnite na oba govornika po e-po\u0161ti!<\/span><\/p>\n<p><span><b>Govorili so:<\/b><br \/>\nFrauke Werner in Jonathan Kohler<\/span><\/p>\n<\/div><\/div><div class=\"w-btn-wrapper align_left\"><a class=\"w-btn us-btn-style_12 icon_atleft\" href=\"mailto:nordost@gruene-wiesbaden.de\"><i class=\"fas fa-envelope\"><\/i><span class=\"w-btn-label\">e-naslov<\/span><\/a><\/div><\/div><\/div><\/div><div class=\"w-tabs-section has_text_color\" id=\"r700\" style=\"background:var(--color-alt-content-bg);color:var(--color-alt-content-bg-alt);\"><button class=\"w-tabs-section-header with_icon\" aria-controls=\"content-r700\" aria-expanded=\"false\"><i class=\"fas fa-map-pin\"><\/i><div class=\"w-tabs-section-title\">okro\u017eje Rheingauviertel\/Hollerborn<\/div><div class=\"w-tabs-section-control\"><\/div><\/button><div  class=\"w-tabs-section-content\" id=\"content-r700\"><div class=\"w-tabs-section-content-h i-cf\"><div class=\"wpb_text_column\"><div class=\"wpb_wrapper\"><p><span>Okro\u017eje Rheingauviertel\/Hollerborn povezuje sredi\u0161\u010de mesta Wiesbaden z zahodnim delom mesta. Njenih pet \u010detrti je zelo razli\u010dnih po svojem profilu, urbani strukturi in raznoliki dru\u017ebeni strukturi. Notranji Rheingauviertel ozna\u010duje svojo doma\u010do urbanost in zgodovinski stari stavbni fond okoli \u017eivahnega Wallufer Platza. Od dvajsetih let prej\u0161njega stoletja so bila socialno motivirana naselja Hollerborn\/Kleinfeldchen zgrajena vzporedno, v devetdesetih letih prej\u0161njega stoletja kot ukrep za preoblikovanje Europaviertel na obmo\u010djih nekdanjega kampa Lindsay in od leta 2006 K\u00fcnstlerinnenviertel na mestu nekdanje tovorne postaje West. Od leta 1920 so se razvila tudi prostorna stanovanjska obmo\u010dja, vrtna mesta in naselja javnih uslu\u017ebencev med Wellritztalom in Lahnstra\u00dfe.<\/span><\/p>\n<p><span>Ta raznolikost, njene potrebe in izzivi dolo\u010dajo na\u0161e vsakdanje \u017eivljenje. \u017divimo in delamo v urbanem obmo\u010dju, dobro povezani z javnim prevozom in lokalnim \u017eelezni\u0161kim prevozom, dobro opremljeni s trgovinami, obrtnimi podjetji, komercialnimi in ustvarjalnimi prizori, z izobra\u017eevalnimi in zdravstvenimi ustanovami ter izrazito \u0161olsko krajino. Zelena obmo\u010dja in obmo\u010dja za prosti \u010das so redka, se intenzivno uporabljajo in so \u0161e toliko bolj dragocena. Povezujejo notranja mestna obmo\u010dja s pokrajino Taunus, prezra\u010dujejo in po\u017eivljajo sosednja okro\u017eja.<\/span><\/p>\n<p><span>Na\u0161e politi\u010dno delovanje dolo\u010da posledice podnebnih sprememb, potreben preobrat v prometu in varovanje dru\u017ebenega so\u017eitja s ciljem nadaljnjega izbolj\u0161anja kakovosti \u017eivljenja in bivanja v zelo gosto naseljenih okro\u017ejih.<\/span><\/p>\n<p><span>V mandatu od leta 2016 in 2021 smo lahko lokalnim voditeljem kot zeleno trdnjavo zagotovili Dorothee Rhiemeier in Gabriele Kammerer. V tem \u010dasu smo zagotovili okoljske in stanovanjske lastnosti, podprli projekte, strukture in objekte, razvili nove oblike dr\u017eavljanske udele\u017ebe in usklajevanja med soseskami in upravo pri obnovitvenih delih okoli Ringkircheja ter reorganizirali prometne in parkirne razmere v notranjem Rheingauviertelu in K\u00fcnstlerinnenviertelu.<\/span><\/p>\n<p><span>Igri\u0161\u010da in javni prostori v evropski \u010detrti so obnovljeni. Preoblikovani bodo trg Willy-Brandt-Allee, trg Wallufer Platz in sosednji osrednji trg Alzacije. \u0160olske skupnosti spremljamo pri ve\u010dplastnih tranzicijskih, gradbenih in obnovitvenih projektih.<\/span><\/p>\n<p><span>Na\u0161a okro\u017ena skupina Rheingauviertel\/Hollerborn zdru\u017euje predane ljudi, ki \u017eelijo delati za svoje okro\u017eje \u2013 ne glede na to, ali so \u017ee politi\u010dno dejavni ali se \u017eelijo pridru\u017eiti.<\/span><\/p>\n<p><span>Govorniki skupine usklajujejo seje okrajne skupine in z veseljem odgovorijo na vsa vpra\u0161anja. \u017delite mre\u017eeti in se vklju\u010diti v signalno skupino okrajne skupine, da bi bili obve\u0161\u010deni o datumih in informacijah o okro\u017eju ter da bi lahko izmenjali ideje?<span class=\"Apple-converted-space\">\u00a0<\/span><\/span><\/p>\n<p><span>Potem se obrnite na oba govornika po e-po\u0161ti!<\/span><\/p>\n<p><span><b>Govorili so:<\/b><br \/>\nN.N. in Max Carmanns<\/span><\/p>\n<\/div><\/div><div class=\"w-btn-wrapper align_left\"><a class=\"w-btn us-btn-style_12 icon_atleft\" href=\"mailto:rheingauviertel@gruene-wiesbaden.de\"><i class=\"fas fa-envelope\"><\/i><span class=\"w-btn-label\">e-naslov<\/span><\/a><\/div><\/div><\/div><\/div><div class=\"w-tabs-section has_text_color\" id=\"u94a\" style=\"background:var(--color-alt-content-bg);color:var(--color-alt-content-bg-alt);\"><button class=\"w-tabs-section-header with_icon\" aria-controls=\"content-u94a\" aria-expanded=\"false\"><i class=\"fas fa-map-pin\"><\/i><div class=\"w-tabs-section-title\">Okro\u017eje Sonnenberg\/Rambach<\/div><div class=\"w-tabs-section-control\"><\/div><\/button><div  class=\"w-tabs-section-content\" id=\"content-u94a\"><div class=\"w-tabs-section-content-h i-cf\"><div class=\"wpb_text_column\"><div class=\"wpb_wrapper\"><p style=\"font-weight: 400;\">Rambach in Sonnenberg sta dve vzhodni predmestji Wiesbadna. Imamo veliko skupnega, vendar ima vsak kraj svoj zna\u010daj. Sonnenberg ima okoli 8.000 prebivalcev, Rambach okoli 2.200. Skupaj imamo skupno mo\u010d: Neposredna bli\u017eina narave.<\/p>\n<p style=\"font-weight: 400;\">Sonnenberg se slikovito nahaja na pobo\u010dju in zdru\u017euje dobro urejeno stanovanjsko okolje z zgodovinskimi stavbami in odraslo mestno jedro, ki se je razvilo okoli gradu Sonnenberg. Za skupno \u017eivljenje v Sonnenbergu je zna\u010dilno ve\u010d vrtcev in osnovna \u0161ola, dve \u017eivahni \u017eupniji in raznoliko dru\u017eabno \u017eivljenje. Poleg tega obmo\u010dje ponuja dobro lokalno oskrbo z nakupovanjem, bankami in restavracijami. Zaradi bli\u017eine centra mesta, zdravili\u0161kega parka, Neroberga in Goldsteintala je Sonnenberg okro\u017eje z visoko kakovostjo bivanja, ki vas vabi, da se po\u010dutite dobro.<\/p>\n<p style=\"font-weight: 400;\">Rambach se idili\u010dno nahaja na robu Taunusa in je zna\u010dilen po svoji va\u0161ki strukturi, aktivnem klubskem \u017eivljenju in predani soseski. Rambach je znan po svojem va\u0161kem festivalu, \u0161portnem klubu ali prostovoljni gasilski brigadi. Vas je obdana z obse\u017enimi gozdovi, travniki in z vrstami bogatimi sadovnjaki. \u0160tevilne pohodni\u0161ke in kolesarske poti vas vabijo, da se sprostite tik pred va\u0161im pragom. Narava okoli Rambacha ni le rekreacijsko obmo\u010dje, temve\u010d tudi dragocen \u017eivljenjski prostor za rastline in \u017eivali \u2013 njihova za\u0161\u010dita je za nas zelo pomembna.<\/p>\n<p style=\"font-weight: 400;\">GR\u00dcNE iz Sonnenberga in Rambacha se zavzemamo za ohranjanje naravne in kulturne krajine okoli na\u0161ih okro\u017eij. Zavzemamo se za dobro povezan javni prevoz, varne kolesarske in sprehajalne poti ter solidarnost. Glede na izzive, ki jih prina\u0161ajo vse ve\u010dji promet, strukturno zbijanje in nara\u0161\u010dajo\u010de temperature, se zana\u0161amo na jasne zelene re\u0161itve: Ve\u010d urbanega zelenja, manj tesnjenja, trajnostna mobilnost in zavestno ravnanje z obstoje\u010dim stale\u017eem.<\/p>\n<p style=\"font-weight: 400;\">V Sonnenbergu in Rambachu je za nas zlasti pomembno, da se ohranita zna\u010daj predmestij in dru\u017ebeno sobivanje, zlasti v \u010dasu sprememb.<\/p>\n<p>Govorniki skupine usklajujejo seje okrajne skupine in z veseljem odgovorijo na vsa vpra\u0161anja. \u017delite mre\u017eeti in se vklju\u010diti v signalno skupino okrajne skupine, da bi bili obve\u0161\u010deni o datumih in informacijah o okro\u017eju ter da bi lahko izmenjali ideje? <br data-prosemirror-content-type=\"node\" data-prosemirror-node-name=\"hardBreak\" data-prosemirror-node-inline=\"true\" \/><br data-prosemirror-content-type=\"node\" data-prosemirror-node-name=\"hardBreak\" data-prosemirror-node-inline=\"true\" \/><span>Potem se obrnite na oba govornika po e-po\u0161ti!<\/span><\/p>\n<p><strong>Govorili so:<\/strong><br \/>\nClaudia Krafczyk in Robert Heine<\/p>\n<\/div><\/div><div class=\"w-btn-wrapper align_left\"><a class=\"w-btn us-btn-style_12 icon_atleft\" href=\"mailto:sonnenberg-rambach@gruene-wiesbaden.de\"><i class=\"fas fa-envelope\"><\/i><span class=\"w-btn-label\">e-naslov<\/span><\/a><\/div><\/div><\/div><\/div><div class=\"w-tabs-section has_text_color\" id=\"tbc5\" style=\"background:var(--color-alt-content-bg);color:var(--color-alt-content-bg-alt);\"><button class=\"w-tabs-section-header with_icon\" aria-controls=\"content-tbc5\" aria-expanded=\"false\"><i class=\"fas fa-map-pin\"><\/i><div class=\"w-tabs-section-title\">okro\u017eje Schierstein<\/div><div class=\"w-tabs-section-control\"><\/div><\/button><div  class=\"w-tabs-section-content\" id=\"content-tbc5\"><div class=\"w-tabs-section-content-h i-cf\"><div class=\"wpb_text_column\"><div class=\"wpb_wrapper\"><p style=\"font-weight: 400;\">Schierstein je bil ustanovljen leta 1926 in ima 11167 prebivalcev (2025). Sestavljen je iz starega mestnega jedra ju\u017eno od \u017eelezni\u0161ke proge in Freudenberga severno do Frank-Wedekind-Stra\u00dfe. Na vzhodu meji na Biebrich pod mostom Schierstein in na zahodu na Rheingau (Walluf).<\/p>\n<p style=\"font-weight: 400;\">S svojo lokacijo neposredno na Renu, med pristani\u0161\u010dem in vinogradi, je priljubljena destinacija za izlete. Pristani\u0161\u010de, ki se uporablja predvsem za rekreacijske \u0161porte, promenada, Renska fronta z Bismarksaue, stari vodovod s \u0161torkljami, po katerih je Schierstein znan, in Rettbergsaue z Inselcaf\u00e9 privabljajo \u0161tevilne obiskovalce. Povezava z javnim prevozom je dobra, vendar mnogi prihajajo z avtomobilom.<\/p>\n<p style=\"font-weight: 400;\">Schierstein ima \u017eivahno klubsko \u017eivljenje z veliko zavezanosti civilne dru\u017ebe okro\u017eju. To dokazujejo pristani\u0161ki festival, festival vina, zarezo, celoletno vino ali kuhano vino, vesla\u0161ke regate, tedenski trg, umetni mol, bo\u017ei\u010dne lu\u010di in \u0161e veliko ve\u010d.<\/p>\n<p style=\"font-weight: 400;\">Zaradi svoje lege na Renu je Schierstein vklju\u010den v nadregionalni koncept ob reki Ren-Majna. Parkirni prostori in prostor za prosti \u010das pod mostom Schiersteiner, renaturalizirani Bismarksaue, pohodni\u0161ke poti in turisti\u010dne zgodovinske table bodo realizirani v prihodnosti. Tu vodi tudi Hessijska kolesarska pot na dolge razdalje R3.<\/p>\n<p style=\"font-weight: 400;\">Schierstein \u0161e naprej raste in postaja vse bolj strnjen, ker manjka ustrezno gradbeno zemlji\u0161\u010de. Posamezni promet se pove\u010duje, pove\u010duje se pritisk na parkiranje, zapirajo se zemlji\u0161\u010da in gradijo se dodatne poslovne stavbe v Osthafnu, namesto da bi ohranili zelene povr\u0161ine in jih naredili dostopne prebivalstvu ali jih uporabili za prilagajanje podnebnim spremembam.<\/p>\n<p style=\"font-weight: 400;\">Zeleni v Schiersteinu smo zavezani:<\/p>\n<ul>\n<li>ohranitev zelenih povr\u0161in (Westfeld), da bi postale odpornej\u0161e na podnebne spremembe in zagotovile regionalno pridelavo sadja in zelenjave iz regije.<\/li>\n<li>zmanj\u0161anje individualnega (obiskovalnega) prometa in hitrosti 30 v vasi in zlasti na prometnih poteh.<\/li>\n<li>pove\u010danje rekreacijske vrednosti prek obmo\u010dij, kjer je promet umirjen, in obmo\u010dij brez prometa.<\/li>\n<li>krepitev kohezije civilne dru\u017ebe.<\/li>\n<li>spodbujanje medkulturnih projektov.<\/li>\n<li>izbolj\u0161anje mladinskega dela.<\/li>\n<\/ul>\n<p style=\"font-weight: 400;\">Ve\u010d informacij je na voljo na spletni strani Schiersteiner GR\u00dcNEN: www.gruene-schierstein.de<\/p>\n<p>Govorniki skupine usklajujejo seje okrajne skupine in z veseljem odgovorijo na vsa vpra\u0161anja. \u017delite mre\u017eeti in se vklju\u010diti v signalno skupino okrajne skupine, da bi bili obve\u0161\u010deni o datumih in informacijah o okro\u017eju ter da bi lahko izmenjali ideje? <br data-prosemirror-content-type=\"node\" data-prosemirror-node-name=\"hardBreak\" data-prosemirror-node-inline=\"true\" \/><br data-prosemirror-content-type=\"node\" data-prosemirror-node-name=\"hardBreak\" data-prosemirror-node-inline=\"true\" \/><span>Potem se obrnite na oba govornika po e-po\u0161ti!<\/span><\/p>\n<p><strong>Govorili so:<\/strong><br \/>\nKaterina Garcia in Axel Wolf (predsedujo\u010da)<\/p>\n<\/div><\/div><div class=\"w-btn-wrapper align_left\"><a class=\"w-btn us-btn-style_12 icon_atleft\" href=\"mailto:schierstein@gruene-wiesbaden.de\"><i class=\"fas fa-envelope\"><\/i><span class=\"w-btn-label\">e-naslov<\/span><\/a><\/div><\/div><\/div><\/div><div class=\"w-tabs-section has_text_color\" id=\"ae0d\" style=\"background:var(--color-alt-content-bg);color:var(--color-alt-content-bg-alt);\"><button class=\"w-tabs-section-header with_icon\" aria-controls=\"content-ae0d\" aria-expanded=\"false\"><i class=\"fas fa-map-pin\"><\/i><div class=\"w-tabs-section-title\">Jugovzhodno okro\u017eje<\/div><div class=\"w-tabs-section-control\"><\/div><\/button><div  class=\"w-tabs-section-content\" id=\"content-ae0d\"><div class=\"w-tabs-section-content-h i-cf\"><div class=\"wpb_text_column\"><div class=\"wpb_wrapper\"><p><span>Wiesbaden-S\u00fcdost je raznoliko in \u017eivahno okro\u017eje, ki zdru\u017euje nasprotja: od gosto pozidanega pesni\u0161kega okro\u017eja do gojene stanovanjske \u010detrti Weidenborn do vil mesta Ost. Od sredi\u0161\u010da mesta na Wilhelmstra\u00dfe do zelenega vzno\u017eja S\u00fcdfriedhofa, od prefinjenega muzeja Reinhard Ernst do kulturnega centra Schlachthof. Tukaj \u017eivijo ljudje iz najrazli\u010dnej\u0161ih okolij, zaradi \u010desar je jugovzhod razburljiv in zahteven del mesta.<\/span><\/p>\n<p><span>Kot zeleni ljudje v lokalnem svetovalnem odboru smo zavezani zagotavljanju, da jugovzhod ostane ekolo\u0161ki, socialni in vreden \u017eivljenja. Zavezani smo k trajnostni mobilnosti, bolj\u0161im kolesarskim potem, varni hoji in privla\u010dnemu javnemu prevozu. Upo\u0161tevamo tudi posebne potrebe starej\u0161ih in dru\u017ein.<\/span><\/p>\n<p><span>Pomembna skrb za nas je za\u0161\u010dita in nadgradnja na\u0161ih zelenih povr\u0161in \u2013 zlasti v gosto poseljenem okro\u017eju sta rekreacija in varstvo podnebja tesno povezana. Borimo se za cenovno dostopna stanovanja, bolj zeleno in bolj bivalno mestno jedro ter za dobro sobivanje vseh prebivalcev.<\/span><\/p>\n<p><span>V lokalnem svetovalnem odboru poudarjamo zelena vpra\u0161anja, sodelujemo v izmenjavah z dr\u017eavljani ter se zavzemamo za preglednost in sodelovanje. Na\u0161e delo temelji na dialogu \u2013 pozdravljamo predloge, kritike in seveda ljudi, ki \u017eelijo pomagati pri njegovem oblikovanju.<\/span><\/p>\n<p><span>Skupaj \u017eelimo oblikovati spremembe na terenu \u2013 ekolo\u0161ke, pravi\u010dne in v prihodnost usmerjene.<\/span><\/p>\n<p><span>Predstavniki za stike z javnostmi skupine usklajujejo sestanke okrajne skupine in vam z veseljem odgovorijo na morebitna vpra\u0161anja. \u017delite mre\u017eeti in se vklju\u010diti v signalno skupino okrajne skupine, da bi bili obve\u0161\u010deni o datumih in informacijah o okro\u017eju ter da bi lahko izmenjali ideje?<span class=\"Apple-converted-space\">\u00a0<\/span><\/span><\/p>\n<p><span>Nato kliknite na naslednji gumb, napi\u0161ite e-po\u0161to z zahtevo uradu okro\u017enega zdru\u017eenja in vzpostavili bomo stik!<\/span><\/p>\n<p><span><b>Govorili so:<\/b><br \/>\nMichaela G\u00f6tzmann in Thomas G\u00f6tzmann<\/span><\/p>\n<\/div><\/div><div class=\"w-btn-wrapper align_left\"><a class=\"w-btn us-btn-style_12 icon_atleft\" href=\"mailto:suedost@gruene-wiesbaden.de\"><i class=\"fas fa-envelope\"><\/i><span class=\"w-btn-label\">e-naslov<\/span><\/a><\/div><\/div><\/div><\/div><div class=\"w-tabs-section has_text_color\" id=\"t06f\" style=\"background:var(--color-alt-content-bg);color:var(--color-alt-content-bg-alt);\"><button class=\"w-tabs-section-header with_icon\" aria-controls=\"content-t06f\" aria-expanded=\"false\"><i class=\"fas fa-map-pin\"><\/i><div class=\"w-tabs-section-title\">Okro\u017eje Westend<\/div><div class=\"w-tabs-section-control\"><\/div><\/button><div  class=\"w-tabs-section-content\" id=\"content-t06f\"><div class=\"w-tabs-section-content-h i-cf\"><div class=\"wpb_text_column\"><div class=\"wpb_wrapper\"><p><span>V Westendu \u017eivi pribli\u017eno 18.000 prebivalcev iz pribli\u017eno 100 dr\u017eav. S povr\u0161ino le 0,67 kvadratnih kilometrov je tako najmanj\u0161e, pa tudi najbolj gosto poseljeno okro\u017eje v Nem\u010diji. Okro\u017eje navdu\u0161uje s svojimi o\u010darljivimi starimi stavbami, starimi klasicisti\u010dnimi stavbami in impresivnimi fasadami. Kot \u017eivahno, mlado in ve\u010dkulturno okro\u017eje je Westend priljubljen pri prebivalcih in obiskovalcih. V njem \u017eivi najmlaj\u0161e prebivalstvo Wiesbadna, od katerih jih ima skoraj polovica priseljensko ozadje. Me\u0161anica mestnega vzdu\u0161ja in spro\u0161\u010dene soseske naredi Westend \u017eivahno in barvito okro\u017eje, ki je zna\u010dilno za mestno \u017eivljenje v Wiesbadnu. Bismarckring deli Westend na dve razli\u010dni obmo\u010dji: Notranji Westend, za katerega je zna\u010dilna kulturna raznolikost, \u017eivahne ulice, kot sta Wellritz in Bleichstra\u00dfe, pa tudi mednarodna gastronomija, in ti\u0161ji zunanji Westend z majhnimi kavarnami in ustvarjalno sceno na dvori\u0161\u010dih.<\/span><\/p>\n<p><span>Zaradi gostega razvoja je v Westendu na voljo le pribli\u017eno 3 odstotke zelenih povr\u0161in. Kljub temu je lokacija tako ugodna, da lahko hitro dose\u017eete okoli\u0161ke parke, kot sta Wellritztal ali D\u00fcrerpark. Trenutno so v okro\u017eju le tri igri\u0161\u010da za otroke: na Bl\u00fccherplatz, Wellritzhof in Bertramstra\u00dfe. Stanje parkiranja je izziv zaradi velike gostote stavb. Uli\u010dno parkiranje je redko in iskanje brezpla\u010dnega parkiranja je te\u017eko za prebivalce, ki se zana\u0161ajo na avto.<span class=\"Apple-converted-space\">\u00a0<\/span><\/span><\/p>\n<p><span>Zeleni iz Westenda smo se zavezali, da bomo Westend naredili \u0161e bolj \u017eiv. Prek lokalnega svetovalnega odbora smo bili na primer klju\u010dni pri zagotavljanju, da je v Westendu ve\u010d zelenih povr\u0161in, ki se lahko uporabljajo za rekreacijo in hlajenje v poletni vro\u010dini. To vklju\u010duje preoblikovanje parkiri\u0161\u010da na trgu Alzacija v park s \u010detrtletno gara\u017eo, kar bi moralo nadomestiti izpu\u0161\u010dena parkirna mesta in zmanj\u0161ati parkirni tlak v Westendu, pa tudi preoblikovanje trga Sedan. Za strokovnjake, ki se ne zana\u0161ajo na avto vsak dan, \u0161tevilne ponudbe souporabe avtomobilov v okro\u017eju ponujajo prakti\u010dno alternativo.<span class=\"Apple-converted-space\">\u00a0<\/span><\/span><\/p>\n<p><span>Poleg tega smo Zeleni iz Westenda zavezani k ve\u010djemu upo\u0161tevanju potreb mladih dru\u017ein v Westendu. Zato smo se Zeleni v lokalnem svetu Westenda zavezali, da bomo zagotovili, da bodo ta igri\u0161\u010da nadzorovali in nadzirali strokovnjaki. Pozivamo tudi k ponovni aktivaciji strani\u0161\u010d na igri\u0161\u010dih. Potrebujemo cenovno dostopna stanovanja, otro\u0161ko varstvo pa je treba \u0161e naprej razvijati in krepiti.<\/span><\/p>\n<p><span>Predstavniki za stike z javnostmi skupine usklajujejo sestanke okrajne skupine in vam z veseljem odgovorijo na morebitna vpra\u0161anja. \u017delite mre\u017eeti in se vklju\u010diti v signalno skupino okrajne skupine, da bi bili obve\u0161\u010deni o datumih in informacijah o okro\u017eju ter da bi lahko izmenjali ideje?<br \/>\n<\/span><\/p>\n<p><span>Potem se obrnite na oba govornika po e-po\u0161ti!<\/span><\/p>\n<p><span><b>Govorili so:<\/b><br \/>\nAntje Wenig in Sebastian Linden<\/span><\/p>\n<\/div><\/div><div class=\"w-btn-wrapper align_left\"><a class=\"w-btn us-btn-style_12 icon_atleft\" href=\"mailto:westend@gruene-wiesbaden.de\"><i class=\"fas fa-envelope\"><\/i><span class=\"w-btn-label\">e-naslov<\/span><\/a><\/div><\/div><\/div><\/div><\/div><\/div><\/div><\/div><\/div><div class=\"g-cols wpb_row via_grid cols_1 laptops-cols_inherit tablets-cols_inherit mobiles-cols_1 valign_middle type_default stacking_default\" style=\"--columns-gap:3rem;\" id=\"arbeitskreise\"><div class=\"wpb_column vc_column_container\"><div class=\"vc_column-inner\"><div class=\"w-separator size_large\"><\/div><div class=\"wpb_text_column\"><div class=\"wpb_wrapper\"><h3>Sodelujete lahko v naslednjih delovnih skupinah na\u0161ega okro\u017enega zdru\u017eenja:<\/h3>\n<\/div><\/div><div class=\"w-separator size_medium\"><\/div><div class=\"w-tabs us_custom_057801f8 style_default switch_click accordion has_scrolling remove_indents\" style=\"--sections-title-size:inherit\"><div class=\"w-tabs-sections titles-align_none icon_chevron cpos_left\"><div class=\"w-tabs-section has_text_color\" id=\"hc4d\" style=\"background:var(--color-alt-content-bg);color:var(--color-alt-content-bg-alt);\"><button class=\"w-tabs-section-header with_icon\" aria-controls=\"content-hc4d\" aria-expanded=\"false\"><i class=\"fas fa-seedling\"><\/i><div class=\"w-tabs-section-title\">AK okolje<\/div><div class=\"w-tabs-section-control\"><\/div><\/button><div  class=\"w-tabs-section-content\" id=\"content-hc4d\"><div class=\"w-tabs-section-content-h i-cf\"><div class=\"wpb_text_column\"><div class=\"wpb_wrapper\"><p>Besedilo sledi.<\/p>\n<p><strong>Govorili so:<\/strong><br \/>\nCarolin Scholtz in Martina Michel<\/p>\n<\/div><\/div><div class=\"w-btn-wrapper align_left\"><a class=\"w-btn us-btn-style_12 icon_atleft\" href=\"mailto:ak-umwelt@gruene-wiesbaden.de\"><i class=\"fas fa-envelope\"><\/i><span class=\"w-btn-label\">e-naslov<\/span><\/a><\/div><\/div><\/div><\/div><div class=\"w-tabs-section has_text_color\" id=\"aeb8\" style=\"background:var(--color-alt-content-bg);color:var(--color-alt-content-bg-alt);\"><button class=\"w-tabs-section-header with_icon\" aria-controls=\"content-aeb8\" aria-expanded=\"false\"><i class=\"fas fa-city\"><\/i><div class=\"w-tabs-section-title\">AK Urbanisti\u010dno na\u010drtovanje in promet<\/div><div class=\"w-tabs-section-control\"><\/div><\/button><div  class=\"w-tabs-section-content\" id=\"content-aeb8\"><div class=\"w-tabs-section-content-h i-cf\"><div class=\"wpb_text_column\"><div class=\"wpb_wrapper\"><p>V delovni skupini za urbanisti\u010dno na\u010drtovanje in promet GREEN Wiesbaden se ukvarjamo z vsemi vpra\u0161anji, povezanimi z mobilnostjo in urbanisti\u010dnim razvojem v na\u0161em mestu. Na\u0161 cilj je \u017eivljenjski, podnebju prijazen in trajnosten Wiesbaden, kjer se lahko vsi ljudje premikajo varno, okolju prijazno in brez ovir.<\/p>\n<p>Zavzemamo se za dobre kolesarske in sprehajalne poti, privla\u010den javni prevoz in urbanisti\u010dno na\u010drtovanje, ki se osredoto\u010da na kratke razdalje, dru\u017ebeno udejstvovanje in zelene soseske. Pri tem vedno skupaj razmi\u0161ljamo o mobilnosti in razvoju mest, ne glede na to, ali gre za raz\u0161iritev storitev javnega prevoza, preoblikovanje cestnih prostorov ali razvoj novih stanovanjskih obmo\u010dij.<\/p>\n<p>Delovna skupina zdru\u017euje predane \u010dlane s strokovnim znanjem in zanimanjem za razvoj mest. Skupaj razpravljamo o trenutnem na\u010drtovanju, razvijamo stali\u0161\u010da in spremljamo politi\u010dne procese na ob\u010dinski ravni.<\/p>\n<p>Novi obrazi in sve\u017ee ideje so vedno dobrodo\u0161li! <strong>Vas zanima delo? Potem se po e-po\u0161ti obrnite na predstavnike AK-ja!<\/strong><\/p>\n<p><strong>Govorili so:<\/strong><br \/>\nChristine Sch\u00fctzler in David Geisberger<\/p>\n<\/div><\/div><div class=\"w-btn-wrapper align_left\"><a class=\"w-btn us-btn-style_12 icon_atleft\" href=\"mailto:ak-stadtplanung-und-verkehr@gruene-wiesbaden.de\"><i class=\"fas fa-envelope\"><\/i><span class=\"w-btn-label\">e-naslov<\/span><\/a><\/div><\/div><\/div><\/div><div class=\"w-tabs-section has_text_color\" id=\"t126\" style=\"background:var(--color-alt-content-bg);color:var(--color-alt-content-bg-alt);\"><button class=\"w-tabs-section-header with_icon\" aria-controls=\"content-t126\" aria-expanded=\"false\"><i class=\"fas fa-plug\"><\/i><div class=\"w-tabs-section-title\">AK Energija in varstvo podnebja<\/div><div class=\"w-tabs-section-control\"><\/div><\/button><div  class=\"w-tabs-section-content\" id=\"content-t126\"><div class=\"w-tabs-section-content-h i-cf\"><div class=\"wpb_text_column\"><div class=\"wpb_wrapper\"><p><strong>Katere teme obravnavamo v AK:<\/strong><\/p>\n<p style=\"font-weight: 400;\">Smo optimisti in verjamemo, da lahko podnebne spremembe \u0161e vedno ustavimo ali jih vsaj ohranimo v sprejemljivih mejah. Energetski, prometni in kmetijski prehod kot zgodovinska prilo\u017enost na poti k trajnostnemu in okolju prijaznemu na\u010dinu \u017eivljenja dolgoro\u010dno ni mogo\u010d. Z zelenimi demokrati se je gibanje za\u010delo tudi politi\u010dno izvajati, vendar morajo za uvedbo resni\u010dnih sprememb vsi deli dru\u017ebe sodelovati.<\/p>\n<p style=\"font-weight: 400;\">Delovna skupina za energijo in varstvo podnebja sodeluje z mestno dru\u017ebo, kot so svetovalni odbor za varstvo podnebja in drugi. \u017delimo prispevati k razvoju novega razumevanja pomena varstva podnebja in prilagajanja podnebnim spremembam v Wiesbadnu ter k temu, da bi energetski prehod postal stalna usmeritev ob\u010dinske politike v Wiesbadnu.<\/p>\n<p style=\"font-weight: 400;\">Podpiramo izvajanje dogovorjenega toplotnega prehoda in <a href=\"https:\/\/www.wiesbaden.de\/leben-in-wiesbaden\/umwelt-natur-klima\/klimaschutz\/\" target=\"_blank\" rel=\"noopener\">Podnebni na\u010drt<\/a>. Osredoto\u010damo se predvsem na energetsko u\u010dinkovite tehnologije (prenova stavb ali elektromobilnost) in mno\u017ei\u010dno uporabo energije iz obnovljivih virov ter njihove okvirne pogoje, kot je na novo pripravljen na\u010drt rabe zemlji\u0161\u010d z na\u010drtovanjem infrastrukture.<\/p>\n<p style=\"font-weight: 400;\"><strong>Kdaj in kje se sestane AK? <\/strong><\/p>\n<p style=\"font-weight: 400;\">Redno imenovanje<span> To je tretji petek v mesecu ob 18.30 uri. <\/span><span>Lokacija bo sporo\u010dena po elektronski po\u0161ti in signalu (predvsem kot videokonferenca).<\/span><\/p>\n<p><strong>Vas zanima delo? Potem se po e-po\u0161ti obrnite na predstavnike AK-ja!<\/strong><\/p>\n<p><strong>Govorili so:<\/strong><br \/>\nN.N. + Axel Bretzke<\/p>\n<\/div><\/div><div class=\"w-btn-wrapper align_left\"><a class=\"w-btn us-btn-style_12 icon_atleft\" href=\"mailto:ak-energie-und-klimaschutz@gruene-wiesbaden.de\"><i class=\"fas fa-envelope\"><\/i><span class=\"w-btn-label\">e-naslov<\/span><\/a><\/div><\/div><\/div><\/div><div class=\"w-tabs-section has_text_color\" id=\"y39e\" style=\"background:var(--color-alt-content-bg);color:var(--color-alt-content-bg-alt);\"><button class=\"w-tabs-section-header with_icon\" aria-controls=\"content-y39e\" aria-expanded=\"false\"><i class=\"fas fa-fist-raised\"><\/i><div class=\"w-tabs-section-title\">AK \u017denske, enakopravnost, raznolikost<\/div><div class=\"w-tabs-section-control\"><\/div><\/button><div  class=\"w-tabs-section-content\" id=\"content-y39e\"><div class=\"w-tabs-section-content-h i-cf\"><div class=\"wpb_text_column\"><div class=\"wpb_wrapper\"><div dir=\"auto\">V delovni skupini \u017denske, enakost in raznolikost se ukvarjamo z vpra\u0161anjem: Kako je lahko videti Wiesbaden, kjer vsi ljudje \u017eivijo enako, varno in samoodlo\u010deno?<\/div>\n<div dir=\"auto\"><\/div>\n<div dir=\"auto\">Menimo, da so enakost, feminizem in raznolikost medsektorski, temeljijo na solidarnosti in so dosledni.<\/div>\n<div dir=\"auto\">Na\u0161e teme vklju\u010dujejo:<\/div>\n<ul>\n<li dir=\"auto\">Enakost \u017eensk v politiki, upravi in mestni dru\u017ebi<\/li>\n<li dir=\"auto\">Ve\u010dja prepoznavnost, pravice in za\u0161\u010dita pred diskriminacijo (LGBTQIA+)<\/li>\n<li dir=\"auto\">Boj proti rasizmu, participacija in raznolikost<\/li>\n<li dir=\"auto\">Vklju\u010devanje invalidov<\/li>\n<li dir=\"auto\">Jezik, enakost in pravi\u010dne strukture, ki upo\u0161tevajo vidik spola<\/li>\n<\/ul>\n<div dir=\"auto\"><\/div>\n<div dir=\"auto\">Razpravljamo o aktualnih politi\u010dnih vpra\u0161anjih, razvijamo stali\u0161\u010da in prina\u0161amo svoje perspektive v strankarsko, frakcijsko in mestno politiko. Hkrati se vidimo kot odprt prostor za izmenjavo, mre\u017eenje in medsebojno podporo.<\/div>\n<div dir=\"auto\"><\/div>\n<div dir=\"auto\">Ne glede na to, ali ste \u017ee dolgo politi\u010dno aktivni ali pa se \u017eelite ustaviti pri: Novi glasovi in sve\u017ee ideje so dobrodo\u0161li!<\/div>\n<div dir=\"auto\"><\/div>\n<p><strong>Vas zanima delo?<\/strong><span><br \/>\n<\/span><span>Potem vas prosimo, da se obrnete na predstavnike AK Women, Equality, Diversity!<\/span><\/p>\n<p><strong>Govorili so:<\/strong><br \/>\nSarah Linker in Lea Heinrich<\/p>\n<\/div><\/div><div class=\"w-btn-wrapper align_left\"><a class=\"w-btn us-btn-style_12 icon_atleft\" href=\"mailto:ak-frauen-gleichstellung-diversity@gruene-wiesbaden.de\"><i class=\"fas fa-envelope\"><\/i><span class=\"w-btn-label\">e-naslov<\/span><\/a><\/div><\/div><\/div><\/div><div class=\"w-tabs-section has_text_color\" id=\"g5fa\" style=\"background:var(--color-alt-content-bg);color:var(--color-alt-content-bg-alt);\"><button class=\"w-tabs-section-header with_icon\" aria-controls=\"content-g5fa\" aria-expanded=\"false\"><i class=\"fas fa-chart-line\"><\/i><div class=\"w-tabs-section-title\">AK Ekonomija in finance<\/div><div class=\"w-tabs-section-control\"><\/div><\/button><div  class=\"w-tabs-section-content\" id=\"content-g5fa\"><div class=\"w-tabs-section-content-h i-cf\"><div class=\"wpb_text_column\"><div class=\"wpb_wrapper\"><p><span>Podnebna kriza, digitalizacija in globalizacija postavljajo podjetja in dru\u017ebo pred velike izzive. Na\u010din proizvodnje in potro\u0161nje se bo spremenil.<\/span><\/p>\n<p><span>Zeleni iz te AK \u017eelimo ekolo\u0161ko in gospodarsko uspe\u0161no gospodarstvo, ki porabi vse manj surovin in ohranja na\u0161e naravno pre\u017eivetje. <\/span><span>Ustvarjamo novo merilo blaginje, ki ne meri le denarnih tokov, temve\u010d na primer upo\u0161teva tudi kakovost na\u0161ega okolja in porazdelitev bogastva. <\/span><span>Ekolo\u0161ka modernizacija je v polnem zamahu. Mala in velika podjetja pi\u0161ejo \u010drne \u0161tevilke z zelenimi idejami.<\/span><\/p>\n<p><span>V AK Economics and Finance se ukvarjamo s temami, ki so pomembne za mesto Wiesbaden in njegovo vklju\u010ditev v metropolitansko regijo Frankfurt\/Rhein-Main.<\/span><\/p>\n<p><span>Smo notranja in zunanja informacijska in komunikacijska platforma: Tukaj si izmenjujemo informacije, delamo na aktualnih temah, vabimo strokovnjake na pogovor in \u0161e veliko ve\u010d.<\/span><\/p>\n<p><span>Tipi\u010dne teme so privla\u010dnost Wiesbadna kot poslovne lokacije, pa tudi ravnovesje prihodkov in odhodkov ob\u010dinskega prora\u010duna.<\/span><\/p>\n<p><span><strong>Kdaj in kje se sestane AK?<br \/>\n<\/strong><\/span><span>Datum je drugi \u010detrtek v mesecu ob 19:00. Lokacija bo objavljena s signalom \/ e-po\u0161to.<\/span><\/p>\n<p><strong>Vas zanima delo? Potem se po e-po\u0161ti obrnite na predstavnike AK-ja!<br \/>\n<\/strong>Delovna skupina je odprta za vse zainteresirane strani, \u010dlane in dr\u017eavljane. Delovna skupina ima \u0161tevilne \u010dlane, vendar le nekaj aktivnih \u010dlanov. Zato smo zelo veseli, \u010de \u017eelite sodelovati z nami. Ekonomsko podrobno znanje ni potrebno, le interes.<strong><br \/>\n<\/strong><\/p>\n<p><strong>Govorili so:<\/strong><br \/>\nN.N. + N.N.<\/p>\n<\/div><\/div><div class=\"w-btn-wrapper align_left\"><a class=\"w-btn us-btn-style_12 icon_atleft\" href=\"mailto:ak-wirtschaft-und-finanzen@gruene-wiesbaden.de\"><i class=\"fas fa-envelope\"><\/i><span class=\"w-btn-label\">e-naslov<\/span><\/a><\/div><\/div><\/div><\/div><div class=\"w-tabs-section has_text_color\" id=\"h890\" style=\"background:var(--color-alt-content-bg);color:var(--color-alt-content-bg-alt);\"><button class=\"w-tabs-section-header with_icon\" aria-controls=\"content-h890\" aria-expanded=\"false\"><i class=\"fas fa-book-reader\"><\/i><div class=\"w-tabs-section-title\">AK Izobra\u017eevanje in kultura<\/div><div class=\"w-tabs-section-control\"><\/div><\/button><div  class=\"w-tabs-section-content\" id=\"content-h890\"><div class=\"w-tabs-section-content-h i-cf\"><div class=\"wpb_text_column\"><div class=\"wpb_wrapper\"><p><span>V delovni skupini za izobra\u017eevanje in kulturo obravnavamo vpra\u0161anje, kako lahko izobra\u017eevanje v Wiesbadnu postane bolj pravi\u010dno, vklju\u010dujo\u010de in usmerjeno v prihodnost. Verjamemo, da je izobra\u017eevanje klju\u010d do dru\u017ebene participacije, trajnosti in enakih mo\u017enosti \u017ee od samega za\u010detka in za vse starosti.<\/span><\/p>\n<p><span>Osrednja tema na\u0161ega dela je pred\u0161olska vzgoja. Med drugim se ukvarjamo s pomenom jezika kot podlage za u\u010dni uspeh. Razpravljamo o tem, kako bi lahko \u0161e bolje dosegli zgodnjo jezikovno podporo, na primer s ciljno usmerjenimi ponudbami v vrtcih ali pred\u0161olskih programih. Prav tako menimo, da je opremljanje \u0161olskih knji\u017enic pomemben prispevek k spodbujanju branja in krepitvi izobra\u017eevalnih spretnosti otrok in mladih.<\/span><\/p>\n<p><span>Prizadevamo si tudi za nadaljnji razvoj \u0161olskega sistema. Poudarek je na vpra\u0161anju, kako lahko izobra\u017eevalne poti postanejo bolj individualne in odprte za \u010dim ve\u010d u\u010dencev. Pri tem ima pomembno vlogo tudi integrirane celovite \u0161ole z vi\u0161jimi srednjimi \u0161olami.<\/span><\/p>\n<p><span>Druga tema v delovni skupini je \u0161olsko socialno delo. Skupaj razmi\u0161ljamo o tem, kako bi lahko \u0161ole pri pedago\u0161kem delu podpirale ve\u010dpoklicne skupine, kot so \u0161olski socialni delavci ali vzor\u010dni eksperimenti s \u0161olskimi psihologi.<\/span><\/p>\n<p><span>Intenzivno se ukvarjamo tudi z digitalizacijo v izobra\u017eevalnem sektorju. Govorimo o uporabnih konceptih za uporabo digitalnih naprav v razredu, ki lahko ponudijo prilo\u017enosti za individualno u\u010denje. V zvezi s tem upo\u0161tevamo tudi opremo \u0161ol in potrebo po podpori pri uporabi digitalnih medijev.<\/span><\/p>\n<p><span>\u0160e en vidik na\u0161ega dela je, kako je mogo\u010de izobra\u017eevanje bolje porazdeliti po celotnem mestnem obmo\u010dju. To vklju\u010duje vpra\u0161anja o dostopnosti \u0161ol, zlasti v zunanjih okro\u017ejih, in vlogi okro\u017enih \u0161ol kot krajev izobra\u017eevanja blizu doma.<\/span><\/p>\n<p><span>Tudi celodnevne \u0161ole z dobro usklajeno dnevno rutino do popoldneva so za nas pomembna tema, nenazadnje v povezavi z dobro \u0161olsko pripravo in dostavo hrane, ki se osredoto\u010da na trajnostnost, regionalnost in sve\u017eino.<\/span><\/p>\n<p><span>Na podro\u010dju \u0161olskih stavb obravnavamo vpra\u0161anja kakovosti bivanja, na primer z ukrepi, kot so ozelenitev, sen\u010denje ali odpe\u010datenje \u0161olskih dvori\u0161\u010d. Uporaba stre\u0161nih povr\u0161in za son\u010dno energijo je tudi vpra\u0161anje, ki ga obravnavamo z ekolo\u0161kega in izobra\u017eevalnega vidika.<\/span><\/p>\n<p><span>Drugo pomembno podro\u010dje na\u0161ega dela je izobra\u017eevanje odraslih. Volkshochschule vidimo kot osrednje mesto vse\u017eivljenjskega u\u010denja in nizkopra\u017ene izobra\u017eevalne ponudbe, ki zdru\u017eujejo socialna, ekolo\u0161ka in demokrati\u010dna vpra\u0161anja.<\/span><\/p>\n<p><strong>Kdaj in kje se sestane AK?<\/strong><span><br \/>\n<\/span><span>Redno imenovanje je drugi torek v mesecu ob 19:00. Lokacija bo sporo\u010dena po elektronski po\u0161ti in signalu (predvsem kot videokonferenca).<\/span><\/p>\n<p><strong>Vas zanima delo?<\/strong><span><br \/>\n<\/span><span>Potem vas prosimo, da se obrnete na predstavnike AK Bildung und Kultur po elektronski po\u0161ti!<\/span><\/p>\n<p><strong>Govorili so:<\/strong><br \/>\nMarta Moneva in Markus Rupp<\/p>\n<\/div><\/div><div class=\"w-btn-wrapper align_left\"><a class=\"w-btn us-btn-style_12 icon_atleft\" href=\"mailto:ak-bildung-und-kultur@gruene-wiesbaden.de\"><i class=\"fas fa-envelope\"><\/i><span class=\"w-btn-label\">e-naslov<\/span><\/a><\/div><\/div><\/div><\/div><div class=\"w-tabs-section has_text_color\" id=\"eb01\" style=\"background:var(--color-alt-content-bg);color:var(--color-alt-content-bg-alt);\"><button class=\"w-tabs-section-header with_icon\" aria-controls=\"content-eb01\" aria-expanded=\"false\"><i class=\"fas fa-hands-helping\"><\/i><div class=\"w-tabs-section-title\">AK Zdravje in socialne zadeve<\/div><div class=\"w-tabs-section-control\"><\/div><\/button><div  class=\"w-tabs-section-content\" id=\"content-eb01\"><div class=\"w-tabs-section-content-h i-cf\"><div class=\"wpb_text_column\"><div class=\"wpb_wrapper\"><p style=\"font-weight: 400;\">Zavezani smo k dobremu zdravstvenemu varstvu za vse ljudi v Wiesbadnu, ne glede na zavarovan status in denarnico. Pri tem ima pomembno vlogo oskrba na kraju samem: Zdravstvene ordinacije in ustanove za zdravstveno nego morajo biti ljudem lahko dostopne. Demografske spremembe so izziv na dva na\u010dina: V starajo\u010di se dru\u017ebi se pove\u010duje \u0161tevilo ljudi, ki potrebujejo oskrbo, hkrati pa se bo v prihodnjih letih upokojilo veliko oskrbovalcev in zdravnikov. Verjamemo, da je del re\u0161itve lahko koncept urbanih okro\u017eij, kjer se zdru\u017eujejo sile in vzpostavljajo osrednje kontaktne to\u010dke, ki prevzemajo pilotno funkcijo za ljudi. Prepre\u010devanje in spodbujanje zdravja sta visoko na na\u0161em dnevnem redu: Tako \u017eelimo razmi\u0161ljati o zdravju na vseh podro\u010djih politike. Varstvo podnebja je varovanje zdravja; Kot delovna skupina sodelujemo tudi pri nadaljnjem razvoju akcijskega na\u010drta za ogrevanje mesta Wiesbaden.<\/p>\n<p style=\"font-weight: 400;\">Wiesbaden je \u017eivahno mesto z raznolikim prebivalstvom. Wiesbaden bi moral biti kraj in prostor za vse ljudi, ki \u017eivijo tukaj, tako v smislu stanovanj kot prilo\u017enosti za bivanje v mestu ter izkori\u0161\u010danje prilo\u017enosti za prosti \u010das in kulturne prilo\u017enosti. \u017delimo izbolj\u0161ati ponudbo za otroke in mlade, zagotoviti zanesljivo otro\u0161ko varstvo v centrih za dnevno varstvo ter prejemati in ustvarjati nova sti\u010dna mesta in podporne ponudbe za starej\u0161e. Socialni prora\u010dun prora\u010duna se ne sme skr\u010diti, temve\u010d se mora spoprijeti s sedanjimi izzivi.<\/p>\n<p style=\"font-weight: 400;\"><strong>Na\u0161e aktualne teme:<\/strong><\/p>\n<ul>\n<li style=\"font-weight: 400;\">Zdravstveno mesto Wiesbaden<\/li>\n<li style=\"font-weight: 400;\">Psihoterapevtska oskrba otrok in mladostnikov<\/li>\n<li style=\"font-weight: 400;\">Toplotni akcijski na\u010drt za Wiesbaden<\/li>\n<li style=\"font-weight: 400;\">Stanovanjski projekti v skupnosti<\/li>\n<li style=\"font-weight: 400;\">Mestne \u010detrti<\/li>\n<\/ul>\n<p style=\"font-weight: 400;\">Sre\u010damo se enkrat mese\u010dno ob sredah od 19.00 do 21.00, bodisi na spletu bodisi osebno v mestni hi\u0161i. Datum in kraj sre\u010danja si lahko ogledate na po\u0161tnem seznamu AK ali v glasilu KV in na tej spletni strani.<\/p>\n<p><strong>Govorili so:<\/strong><br \/>\nAndrea Elmer in Simon Dylla<\/p>\n<\/div><\/div><div class=\"w-btn-wrapper align_left\"><a class=\"w-btn us-btn-style_12 icon_atleft\" href=\"mailto:ak-gesundheit-und-soziales@gruene-wiesbaden.de\"><i class=\"fas fa-envelope\"><\/i><span class=\"w-btn-label\">e-naslov<\/span><\/a><\/div><\/div><\/div><\/div><div class=\"w-tabs-section has_text_color\" id=\"td4d\" style=\"background:var(--color-alt-content-bg);color:var(--color-alt-content-bg-alt);\"><button class=\"w-tabs-section-header with_icon\" aria-controls=\"content-td4d\" aria-expanded=\"false\"><i class=\"fas fa-chart-network\"><\/i><div class=\"w-tabs-section-title\">AK Digital<\/div><div class=\"w-tabs-section-control\"><\/div><\/button><div  class=\"w-tabs-section-content\" id=\"content-td4d\"><div class=\"w-tabs-section-content-h i-cf\"><div class=\"wpb_text_column\"><div class=\"wpb_wrapper\"><p style=\"font-weight: 400;\"><strong>Tehnika z odnosom \u2013 skupno oblikovanje digitalnih tehnologij<\/strong><\/p>\n<p style=\"font-weight: 400;\">Digitalna delovna skupina je prostor za vse, ki si \u017eelijo digitalne prihodnosti, ustvarjalnih idej in dru\u017ebeno pomembnih inovacij. Ne gre le za tehnologijo, temve\u010d tudi za to, kako jo digitaliziramo.\u00a0<strong>na \u010dloveka osredoto\u010dena, pravi\u010dna in trajnostna<\/strong>\u00a0Sposobni so oblikovati.<\/p>\n<p style=\"font-weight: 400;\">Umetna inteligenca, digitalna udele\u017eba, varstvo podatkov ali pametna infrastruktura: Govorimo o vpra\u0161anjih prihodnosti, zavestno razmi\u0161ljamo politi\u010dno in postopoma. Za nas so pomembne razli\u010dne perspektive. Ni ti treba biti piflar.\u00a0<strong>Radovednost je dovolj.<\/strong><\/p>\n<p style=\"font-weight: 400;\">\u0160e posebej smo veseli tistih, ki so do sedaj razmi\u0161ljali: \u201eDigitalno? To ni za mene.\" Pravimo: Ja, je! Ker digitalizacija vpliva na vse nas in jo lahko skupaj izbolj\u0161amo.<\/p>\n<p style=\"font-weight: 400;\"><strong>Na\u0161 cilj:<\/strong>\u00a0Sodoben, digitalen Wiesbaden, ki je vklju\u010dujo\u010d, pregleden in inovativen \u2013 za vse ljudi.<\/p>\n<p style=\"font-weight: 400;\"><strong>Kdaj se sre\u010dava?<\/strong><br \/>\n<strong>Vsak tretji \u010detrtek v mesecu<\/strong>\u00a0Vabimo vas na\u00a0<strong>Digitalni delovni \u010das<\/strong>\u00a0ena \u2013 odprta, ohlapna, s prostorom za izmenjavo, zamisli in mre\u017eenje.<\/p>\n<p><strong>Bi bil rad tam? <\/strong><span style=\"font-weight: 400;\">Samo pi\u0161ite nam.<\/span><\/p>\n<p><strong>Govorili so:<\/strong><br \/>\nAnn-Kathrin Hartenbach + Bernd Grossbach<\/p>\n<\/div><\/div><div class=\"w-btn-wrapper align_left\"><a class=\"w-btn us-btn-style_12 icon_atleft\" href=\"mailto:ak-digitales@gruene-wiesbaden.de\"><i class=\"fas fa-envelope\"><\/i><span class=\"w-btn-label\">e-naslov<\/span><\/a><\/div><\/div><\/div><\/div><div class=\"w-tabs-section has_text_color\" id=\"pfab\" style=\"background:var(--color-alt-content-bg);color:var(--color-alt-content-bg-alt);\"><button class=\"w-tabs-section-header with_icon\" aria-controls=\"content-pfab\" aria-expanded=\"false\"><i class=\"fas fa-users\"><\/i><div class=\"w-tabs-section-title\">AK Boj proti desni\u010darskemu ekstremizmu in za demokrati\u010dne vrednote<\/div><div class=\"w-tabs-section-control\"><\/div><\/button><div  class=\"w-tabs-section-content\" id=\"content-pfab\"><div class=\"w-tabs-section-content-h i-cf\"><div class=\"wpb_text_column\"><div class=\"wpb_wrapper\"><p style=\"font-weight: 400;\">Zaskrbljeni smo zaradi vzpona skrajno desni\u010darskih in protidemokrati\u010dnih te\u017eenj, zato smo zavezani za\u0161\u010diti in krepitvi na\u0161e demokracije. Na\u0161 cilj je aktivirati civilno dru\u017ebo in se s konkretnimi ukrepi zoperstaviti desni\u010darskemu ekstremizmu. Pri tem se osredoto\u010damo na spodbujanje demokrati\u010dne udele\u017ebe dr\u017eavljanov ter podpiramo zdru\u017eenja, pobude ter izobra\u017eevalne in kulturne ustanove pri njihovi zavezanosti raznolikosti in strpnosti.<\/p>\n<p>Ustvarjamo prostore za dialog in izmenjavo, povezujemo lokalne akterje in skupaj razvijamo projekte proti protidemokrati\u010dnim te\u017enjam. Z izobra\u017eevalnim delom in krepitvijo demokrati\u010dne udele\u017ebe \u017eelimo spodbujati odprto dru\u017ebo, v kateri ni prostora za ekstremisti\u010dne ideologije.<\/p>\n<p><strong>Ali delite na\u0161e vrednote in si \u017eelite delati za demokrati\u010dno dru\u017ebo? Postanite del na\u0161e delovne skupine!<\/strong> Ne glede na to, ali imate predhodne izku\u0161nje ali pa preprosto \u017eelite nekaj spremeniti, se veselimo va\u0161ih idej in predanosti. Skupaj smo mo\u010dni proti ekstremizmu in za na\u0161o demokracijo.<\/p>\n<p><strong>Kdaj in kje se sestane AK?<\/strong><\/p>\n<p>Redno imenovanje je vsako drugo sredo v mesecu ob 19:00 na okro\u017enem uradu.<\/p>\n<p><strong>Vas zanima delo? Potem se po e-po\u0161ti obrnite na predstavnike AK-ja!<\/strong><\/p>\n<p><strong>Govorili so:<\/strong><br \/>\nFelicitas Riedel in Jonathan Kohler<\/p>\n<\/div><\/div><div class=\"w-btn-wrapper align_left\"><a class=\"w-btn us-btn-style_12 icon_atleft\" href=\"mailto:ak-kampf-gegen-rechtsextremismus-und-fuer-demokratische-werte@gruene-wiesbaden.de\"><i class=\"fas fa-envelope\"><\/i><span class=\"w-btn-label\">e-naslov<\/span><\/a><\/div><\/div><\/div><\/div><div class=\"w-tabs-section has_text_color\" id=\"a200\" style=\"background:var(--color-alt-content-bg);color:var(--color-alt-content-bg-alt);\"><button class=\"w-tabs-section-header with_icon\" aria-controls=\"content-a200\" aria-expanded=\"false\"><i class=\"fas fa-comments\"><\/i><div class=\"w-tabs-section-title\">AK akcija in komunikacija<\/div><div class=\"w-tabs-section-control\"><\/div><\/button><div  class=\"w-tabs-section-content\" id=\"content-a200\"><div class=\"w-tabs-section-content-h i-cf\"><div class=\"wpb_text_column\"><div class=\"wpb_wrapper\"><p><strong>Katere teme obravnavamo v AK:<\/strong><\/p>\n<p data-start=\"87\" data-end=\"242\">Delovna skupina (AK) \"Akcija in komunikacija\" se ukvarja s prepoznavnostjo in ukrepi na\u0161ega okro\u017enega zdru\u017eenja. Ti med drugim vklju\u010dujejo:<\/p>\n<ul data-start=\"244\" data-end=\"752\">\n<li data-start=\"244\" data-end=\"301\">\n<p data-start=\"246\" data-end=\"301\">organizacijo dogodkov in informacijskih stojnic,<\/p>\n<\/li>\n<li data-start=\"302\" data-end=\"393\">\n<p data-start=\"304\" data-end=\"393\">sodelovanje pri (nadaljnjem) razvoju korporativnega oblikovanja na\u0161ega okro\u017enega zdru\u017eenja,<\/p>\n<\/li>\n<li data-start=\"394\" data-end=\"622\">\n<p data-start=\"396\" data-end=\"622\">ustvarjalna in tehni\u010dna podpora za izmenjavo zamisli in izvajanje na podro\u010djih, kot so spleti\u0161\u010de, dru\u017ebeni mediji, oblikovanje plakatov, letaki in darila \u2013 zlasti na lokalnih volitvah in splo\u0161nih dogodkih;<\/p>\n<\/li>\n<li data-start=\"623\" data-end=\"752\">\n<p data-start=\"625\" data-end=\"752\">aktivno soustvarjanje tiskanega gradiva in podpora digitalni komunikaciji, zlasti na dru\u017ebenih medijih.<\/p>\n<\/li>\n<\/ul>\n<p data-start=\"754\" data-end=\"875\">Akcijo in komunikacijo AK vodi Rebecca Thomas, ena od dveh predsednikov na\u0161ega okro\u017enega zdru\u017eenja. Vas zanima delo? Stopite v stik z njo po e-po\u0161ti!<\/p>\n<p><strong>Kontaktna oseba je:<\/strong><br \/>\nRebecca Thomas<\/p>\n<\/div><\/div><div class=\"w-btn-wrapper align_left\"><a class=\"w-btn us-btn-style_12 icon_atleft\" href=\"mailto:rebecca.thomas@gruene-wiesbaden.de\"><i class=\"fas fa-envelope\"><\/i><span class=\"w-btn-label\">e-naslov<\/span><\/a><\/div><\/div><\/div><\/div><\/div><\/div><\/div><\/div><\/div><\/div><\/div><\/div><\/div><\/section>","protected":false},"excerpt":{"rendered":"Iz koledarja lahko izveste, kateri datumi se bodo zgodili naslednji\u010d. \u0160tevilni na\u0161i datumi so odprti tudi za zainteresirane ne\u010dlane \u2013 samo na kratko se prijavite na kreisverband@gruene-wiesbaden.de. Sre\u010dni smo! Kot redni sestanek lahko rezervirate mese\u010dno redno mizo na prvi torek v mesecu v baru C \/ O * v...","protected":false},"author":1,"featured_media":0,"parent":0,"menu_order":0,"comment_status":"closed","ping_status":"closed","template":"","meta":{"footnotes":""},"class_list":["post-597","page","type-page","status-publish","hentry"],"yoast_head":"<!-- This site is optimized with the Yoast SEO plugin v27.5 - https:\/\/yoast.com\/product\/yoast-seo-wordpress\/ -->\n<title>Mitmachen und Termine - B\u00dcNDNIS 90\/DIE GR\u00dcNEN Wiesbaden<\/title>\n<meta name=\"description\" content=\"Hier findest du alle anstehenden Termine und erf\u00e4hrst mehr \u00fcber deine Mitwirkungsm\u00f6glichkeiten durch Arbeitskreise und Stadtteilgruppen.\" \/>\n<meta name=\"robots\" content=\"index, follow, max-snippet:-1, max-image-preview:large, max-video-preview:-1\" \/>\n<link rel=\"canonical\" href=\"https:\/\/gruene-wiesbaden.de\/sl\/mitmachen\/\" \/>\n<meta property=\"og:locale\" content=\"sl_SI\" \/>\n<meta property=\"og:type\" content=\"article\" \/>\n<meta property=\"og:title\" content=\"Mitmachen und Termine - B\u00dcNDNIS 90\/DIE GR\u00dcNEN Wiesbaden\" \/>\n<meta property=\"og:description\" content=\"Hier findest du alle anstehenden Termine und erf\u00e4hrst mehr \u00fcber deine Mitwirkungsm\u00f6glichkeiten durch Arbeitskreise und Stadtteilgruppen.\" \/>\n<meta property=\"og:url\" content=\"https:\/\/gruene-wiesbaden.de\/sl\/mitmachen\/\" \/>\n<meta property=\"og:site_name\" content=\"B\u00dcNDNIS 90\/DIE GR\u00dcNEN Wiesbaden\" \/>\n<meta property=\"article:publisher\" content=\"https:\/\/www.facebook.com\/gruene.wi\" \/>\n<meta property=\"article:modified_time\" content=\"2026-04-18T14:46:25+00:00\" \/>\n<meta name=\"twitter:card\" content=\"summary_large_image\" \/>\n<meta name=\"twitter:label1\" content=\"Est. reading time\" \/>\n\t<meta name=\"twitter:data1\" content=\"42 minutes\" \/>\n<script type=\"application\/ld+json\" class=\"yoast-schema-graph\">{\"@context\":\"https:\\\/\\\/schema.org\",\"@graph\":[{\"@type\":\"WebPage\",\"@id\":\"https:\\\/\\\/gruene-wiesbaden.de\\\/mitmachen\\\/\",\"url\":\"https:\\\/\\\/gruene-wiesbaden.de\\\/mitmachen\\\/\",\"name\":\"Mitmachen und Termine - B\u00dcNDNIS 90\\\/DIE GR\u00dcNEN Wiesbaden\",\"isPartOf\":{\"@id\":\"https:\\\/\\\/gruene-wiesbaden.de\\\/#website\"},\"datePublished\":\"2025-03-21T11:00:15+00:00\",\"dateModified\":\"2026-04-18T14:46:25+00:00\",\"description\":\"Hier findest du alle anstehenden Termine und erf\u00e4hrst mehr \u00fcber deine Mitwirkungsm\u00f6glichkeiten durch Arbeitskreise und Stadtteilgruppen.\",\"breadcrumb\":{\"@id\":\"https:\\\/\\\/gruene-wiesbaden.de\\\/mitmachen\\\/#breadcrumb\"},\"inLanguage\":\"sl-SI\",\"potentialAction\":[{\"@type\":\"ReadAction\",\"target\":[\"https:\\\/\\\/gruene-wiesbaden.de\\\/mitmachen\\\/\"]}]},{\"@type\":\"BreadcrumbList\",\"@id\":\"https:\\\/\\\/gruene-wiesbaden.de\\\/mitmachen\\\/#breadcrumb\",\"itemListElement\":[{\"@type\":\"ListItem\",\"position\":1,\"name\":\"Startseite\",\"item\":\"https:\\\/\\\/gruene-wiesbaden.de\\\/\"},{\"@type\":\"ListItem\",\"position\":2,\"name\":\"Mitmachen und Termine\"}]},{\"@type\":\"WebSite\",\"@id\":\"https:\\\/\\\/gruene-wiesbaden.de\\\/#website\",\"url\":\"https:\\\/\\\/gruene-wiesbaden.de\\\/\",\"name\":\"DIE GR\u00dcNEN Wiesbaden\",\"description\":\"\",\"publisher\":{\"@id\":\"https:\\\/\\\/gruene-wiesbaden.de\\\/#organization\"},\"potentialAction\":[{\"@type\":\"SearchAction\",\"target\":{\"@type\":\"EntryPoint\",\"urlTemplate\":\"https:\\\/\\\/gruene-wiesbaden.de\\\/?s={search_term_string}\"},\"query-input\":{\"@type\":\"PropertyValueSpecification\",\"valueRequired\":true,\"valueName\":\"search_term_string\"}}],\"inLanguage\":\"sl-SI\"},{\"@type\":\"Organization\",\"@id\":\"https:\\\/\\\/gruene-wiesbaden.de\\\/#organization\",\"name\":\"DIE GR\u00dcNEN Wiesbaden\",\"url\":\"https:\\\/\\\/gruene-wiesbaden.de\\\/\",\"logo\":{\"@type\":\"ImageObject\",\"inLanguage\":\"sl-SI\",\"@id\":\"https:\\\/\\\/gruene-wiesbaden.de\\\/#\\\/schema\\\/logo\\\/image\\\/\",\"url\":\"https:\\\/\\\/gruene-wiesbaden-fuer-europa.de\\\/wp-content\\\/uploads\\\/2024\\\/04\\\/Machen-was-zaehlt-5.png\",\"contentUrl\":\"https:\\\/\\\/gruene-wiesbaden-fuer-europa.de\\\/wp-content\\\/uploads\\\/2024\\\/04\\\/Machen-was-zaehlt-5.png\",\"width\":1772,\"height\":1772,\"caption\":\"DIE GR\u00dcNEN Wiesbaden\"},\"image\":{\"@id\":\"https:\\\/\\\/gruene-wiesbaden.de\\\/#\\\/schema\\\/logo\\\/image\\\/\"},\"sameAs\":[\"https:\\\/\\\/www.facebook.com\\\/gruene.wi\",\"https:\\\/\\\/instagram.com\\\/gruene_wi\"]}]}<\/script>\n<!-- \/ Yoast SEO plugin. -->","yoast_head_json":{"title":"Mitmachen und Termine - B\u00dcNDNIS 90\/DIE GR\u00dcNEN Wiesbaden","description":"Hier findest du alle anstehenden Termine und erf\u00e4hrst mehr \u00fcber deine Mitwirkungsm\u00f6glichkeiten durch Arbeitskreise und Stadtteilgruppen.","robots":{"index":"index","follow":"follow","max-snippet":"max-snippet:-1","max-image-preview":"max-image-preview:large","max-video-preview":"max-video-preview:-1"},"canonical":"https:\/\/gruene-wiesbaden.de\/sl\/mitmachen\/","og_locale":"sl_SI","og_type":"article","og_title":"Mitmachen und Termine - B\u00dcNDNIS 90\/DIE GR\u00dcNEN Wiesbaden","og_description":"Hier findest du alle anstehenden Termine und erf\u00e4hrst mehr \u00fcber deine Mitwirkungsm\u00f6glichkeiten durch Arbeitskreise und Stadtteilgruppen.","og_url":"https:\/\/gruene-wiesbaden.de\/sl\/mitmachen\/","og_site_name":"B\u00dcNDNIS 90\/DIE GR\u00dcNEN Wiesbaden","article_publisher":"https:\/\/www.facebook.com\/gruene.wi","article_modified_time":"2026-04-18T14:46:25+00:00","twitter_card":"summary_large_image","twitter_misc":{"Est. reading time":"42 minutes"},"schema":{"@context":"https:\/\/schema.org","@graph":[{"@type":"WebPage","@id":"https:\/\/gruene-wiesbaden.de\/mitmachen\/","url":"https:\/\/gruene-wiesbaden.de\/mitmachen\/","name":"Mitmachen und Termine - B\u00dcNDNIS 90\/DIE GR\u00dcNEN Wiesbaden","isPartOf":{"@id":"https:\/\/gruene-wiesbaden.de\/#website"},"datePublished":"2025-03-21T11:00:15+00:00","dateModified":"2026-04-18T14:46:25+00:00","description":"Hier findest du alle anstehenden Termine und erf\u00e4hrst mehr \u00fcber deine Mitwirkungsm\u00f6glichkeiten durch Arbeitskreise und Stadtteilgruppen.","breadcrumb":{"@id":"https:\/\/gruene-wiesbaden.de\/mitmachen\/#breadcrumb"},"inLanguage":"sl-SI","potentialAction":[{"@type":"ReadAction","target":["https:\/\/gruene-wiesbaden.de\/mitmachen\/"]}]},{"@type":"BreadcrumbList","@id":"https:\/\/gruene-wiesbaden.de\/mitmachen\/#breadcrumb","itemListElement":[{"@type":"ListItem","position":1,"name":"Startseite","item":"https:\/\/gruene-wiesbaden.de\/"},{"@type":"ListItem","position":2,"name":"Mitmachen und Termine"}]},{"@type":"WebSite","@id":"https:\/\/gruene-wiesbaden.de\/#website","url":"https:\/\/gruene-wiesbaden.de\/","name":"DIE GR\u00dcNEN Wiesbaden","description":"","publisher":{"@id":"https:\/\/gruene-wiesbaden.de\/#organization"},"potentialAction":[{"@type":"SearchAction","target":{"@type":"EntryPoint","urlTemplate":"https:\/\/gruene-wiesbaden.de\/?s={search_term_string}"},"query-input":{"@type":"PropertyValueSpecification","valueRequired":true,"valueName":"search_term_string"}}],"inLanguage":"sl-SI"},{"@type":"Organization","@id":"https:\/\/gruene-wiesbaden.de\/#organization","name":"DIE GR\u00dcNEN Wiesbaden","url":"https:\/\/gruene-wiesbaden.de\/","logo":{"@type":"ImageObject","inLanguage":"sl-SI","@id":"https:\/\/gruene-wiesbaden.de\/#\/schema\/logo\/image\/","url":"https:\/\/gruene-wiesbaden-fuer-europa.de\/wp-content\/uploads\/2024\/04\/Machen-was-zaehlt-5.png","contentUrl":"https:\/\/gruene-wiesbaden-fuer-europa.de\/wp-content\/uploads\/2024\/04\/Machen-was-zaehlt-5.png","width":1772,"height":1772,"caption":"DIE GR\u00dcNEN Wiesbaden"},"image":{"@id":"https:\/\/gruene-wiesbaden.de\/#\/schema\/logo\/image\/"},"sameAs":["https:\/\/www.facebook.com\/gruene.wi","https:\/\/instagram.com\/gruene_wi"]}]}},"_links":{"self":[{"href":"https:\/\/gruene-wiesbaden.de\/sl\/wp-json\/wp\/v2\/pages\/597","targetHints":{"allow":["GET"]}}],"collection":[{"href":"https:\/\/gruene-wiesbaden.de\/sl\/wp-json\/wp\/v2\/pages"}],"about":[{"href":"https:\/\/gruene-wiesbaden.de\/sl\/wp-json\/wp\/v2\/types\/page"}],"author":[{"embeddable":true,"href":"https:\/\/gruene-wiesbaden.de\/sl\/wp-json\/wp\/v2\/users\/1"}],"replies":[{"embeddable":true,"href":"https:\/\/gruene-wiesbaden.de\/sl\/wp-json\/wp\/v2\/comments?post=597"}],"version-history":[{"count":104,"href":"https:\/\/gruene-wiesbaden.de\/sl\/wp-json\/wp\/v2\/pages\/597\/revisions"}],"predecessor-version":[{"id":2402,"href":"https:\/\/gruene-wiesbaden.de\/sl\/wp-json\/wp\/v2\/pages\/597\/revisions\/2402"}],"wp:attachment":[{"href":"https:\/\/gruene-wiesbaden.de\/sl\/wp-json\/wp\/v2\/media?parent=597"}],"curies":[{"name":"wp","href":"https:\/\/api.w.org\/{rel}","templated":true}]}}