{"id":566,"date":"2025-03-21T10:48:11","date_gmt":"2025-03-21T10:48:11","guid":{"rendered":"http:\/\/gruene-wiesbaden.de.w0207e8f.kasserver.com\/?page_id=566"},"modified":"2026-04-07T13:35:40","modified_gmt":"2026-04-07T11:35:40","slug":"kreisgeschaeftsstelle","status":"publish","type":"page","link":"https:\/\/gruene-wiesbaden.de\/sk\/kreisgeschaeftsstelle\/","title":{"rendered":"Okresn\u00fd \u00farad"},"content":{"rendered":"<section class=\"l-section wpb_row height_auto full_height valign_center with_slider\"><div class=\"l-section-slider\"><div class=\"w-slider style_none fit_cover nav_none count_1\"><div class=\"w-slider-h\"><div class=\"royalSlider\"><div class=\"rsContent\"><a class=\"rsImg\" data-rsw=\"3264\" data-rsh=\"2000\" href=\"https:\/\/gruene-wiesbaden.de\/wp-content\/uploads\/2025\/03\/youssef-naddam-iJ2IG8ckCpA-unsplash.png\"><span data-alt=\"\"><\/span><\/a><\/div><\/div><img decoding=\"async\" src=\"https:\/\/gruene-wiesbaden.de\/wp-content\/uploads\/2025\/03\/youssef-naddam-iJ2IG8ckCpA-unsplash.png\" width=\"3264\" height=\"2000\" alt loading=\"lazy\"><\/div><div class=\"w-slider-json\" onclick='return {&quot;autoScaleSlider&quot;:true,&quot;addActiveClass&quot;:true,&quot;loop&quot;:true,&quot;fadeInLoadedSlide&quot;:false,&quot;slidesSpacing&quot;:0,&quot;imageScalePadding&quot;:0,&quot;numImagesToPreload&quot;:2,&quot;arrowsNav&quot;:false,&quot;arrowsNavAutoHide&quot;:false,&quot;transitionType&quot;:&quot;move&quot;,&quot;transitionSpeed&quot;:1000,&quot;block&quot;:{&quot;moveEffect&quot;:&quot;none&quot;,&quot;speed&quot;:300},&quot;thumbs&quot;:{&quot;fitInViewport&quot;:false,&quot;firstMargin&quot;:false,&quot;spacing&quot;:4},&quot;controlNavigation&quot;:&quot;none&quot;,&quot;autoplay&quot;:{&quot;enabled&quot;:true,&quot;pauseOnHover&quot;:false,&quot;delay&quot;:3000},&quot;autoScaleSliderWidth&quot;:3264,&quot;autoScaleSliderHeight&quot;:2000}'><\/div><\/div><\/div><div class=\"l-section-overlay\" style=\"background:rgba(0,0,0,0.15)\"><\/div><div class=\"l-section-h i-cf\"><div class=\"g-cols vc_row via_grid cols_1 laptops-cols_inherit tablets-cols_inherit mobiles-cols_1 valign_top type_default stacking_default\" style=\"--columns-gap:0rem;\"><div class=\"wpb_column vc_column_container\"><div class=\"vc_column-inner\"><div class=\"g-cols wpb_row us_custom_fe17fac6 has_text_color via_grid cols_1 laptops-cols_inherit tablets-cols_inherit mobiles-cols_1 valign_top type_default stacking_default\" style=\"--columns-gap:3rem;\"><div class=\"wpb_column vc_column_container\"><div class=\"vc_column-inner\"><div class=\"w-separator size_large\"><\/div><div class=\"w-separator size_small\"><\/div><div class=\"w-separator size_small\"><\/div><div class=\"wpb_text_column us_custom_2d6d43ab has_text_color background_inside_text\"><div class=\"wpb_wrapper\"><h1 style=\"text-align: center;\">KONTAKTUJTE N\u00c1S<\/h1>\n<\/div><\/div><\/div><\/div><\/div><\/div><\/div><\/div><\/div><\/section><section class=\"l-section wpb_row height_medium\"><div class=\"l-section-overlay\" style=\"background:var(--color-header-middle-bg)\"><\/div><div class=\"l-section-h i-cf\"><div class=\"g-cols vc_row via_grid cols_1 laptops-cols_inherit tablets-cols_inherit mobiles-cols_1 valign_top type_default stacking_default\"><div class=\"wpb_column vc_column_container\"><div class=\"vc_column-inner\"><div class=\"g-cols wpb_row via_grid cols_1 laptops-cols_inherit tablets-cols_inherit mobiles-cols_1 valign_top type_default stacking_default\" style=\"--columns-gap:3rem;\"><div class=\"wpb_column vc_column_container\"><div class=\"vc_column-inner\"><div class=\"wpb_text_column us_custom_564c68c1 has_text_color\"><div class=\"wpb_wrapper\"><h3>Prv\u00e9 kontaktn\u00e9 miesto v na\u0161om okresnom zdru\u017een\u00ed<\/h3>\n<p>Okresn\u00fd \u00farad (KGS) je organiza\u010dn\u00e9 s\u00eddlo spolo\u010dnosti Wiesbadener GR\u00dcNEN. Tu n\u00e1jdete kontakty na v\u0161eobecn\u00e9 t\u00e9my, materi\u00e1ly a odpovede na ot\u00e1zky t\u00fdkaj\u00face sa \u0161trukt\u00fary, organiz\u00e1cie a podujat\u00ed.<\/p>\n<p>Nev\u00e1hajte sa obr\u00e1ti\u0165 so svojimi z\u00e1le\u017eitos\u0165ami tu. V\u017edy m\u00e1me otvoren\u00e9 ucho pre v\u0161etky druhy ot\u00e1zok, n\u00e1vrhov a kon\u0161trukt\u00edvnej kritiky. Na\u0161\u00edm cie\u013eom je odpoveda\u0165 na v\u0161etky ot\u00e1zky r\u00fdchlo a kompetentne. T\u00edm KGS v\u00e1m r\u00e1d pom\u00f4\u017ee alebo v\u00e1s odk\u00e1\u017ee na pr\u00edslu\u0161n\u00e9 osoby.<\/p>\n<p>Ak by ste chceli pr\u00eds\u0165 osobne, zaregistrujte sa telefonicky alebo e-mailom, preto\u017ee nie sme v\u017edy v kancel\u00e1rii na mieste.<\/p>\n<p>Aliancia 90\/Zelen\u00ed<br \/>\nOkresn\u00e9 zdru\u017eenie Wiesbaden<br \/>\nMainzer Stra\u00dfe 75<br \/>\n65189 Wiesbaden<\/p>\n<p>Telef\u00f3n: 0152 25 29 35 65<br \/>\nE-mail: kreisverband@gruene-wiesbaden.de<\/p>\n<\/div><\/div><\/div><\/div><\/div><\/div><\/div><\/div><\/div><\/section>","protected":false},"excerpt":{"rendered":"Prv\u00fdm kontaktn\u00fdm miestom v na\u0161om okresnom zdru\u017een\u00ed Okresn\u00fd \u00farad (KGS) je organiza\u010dn\u00e9 s\u00eddlo Zelen\u00fdch vo Wiesbadene. Tu n\u00e1jdete kontakty na v\u0161eobecn\u00e9 t\u00e9my, materi\u00e1ly a odpovede na ot\u00e1zky t\u00fdkaj\u00face sa \u0161trukt\u00fary, organiz\u00e1cie a podujat\u00ed. Nev\u00e1hajte sa obr\u00e1ti\u0165 so svojimi z\u00e1le\u017eitos\u0165ami tu. Pre v\u0161etky druhy ot\u00e1zok, n\u00e1vrhov a kon\u0161trukt\u00edvnej kritiky m\u00e1me...","protected":false},"author":1,"featured_media":0,"parent":0,"menu_order":0,"comment_status":"closed","ping_status":"closed","template":"","meta":{"footnotes":""},"class_list":["post-566","page","type-page","status-publish","hentry"],"yoast_head":"<!-- This site is optimized with the Yoast SEO plugin v27.5 - https:\/\/yoast.com\/product\/yoast-seo-wordpress\/ -->\n<title>Kreisgesch\u00e4ftsstelle - B\u00dcNDNIS 90\/DIE GR\u00dcNEN Wiesbaden<\/title>\n<meta name=\"description\" content=\"Hier findest du Informationen zu Kontaktm\u00f6glichkeiten mit der Kreisgesch\u00e4ftsstelle des Kreisverbandes von B\u00dcNDNIS 90\/ DIE GR\u00dcNEN Wiesbaden.\" \/>\n<meta name=\"robots\" content=\"index, follow, max-snippet:-1, max-image-preview:large, max-video-preview:-1\" \/>\n<link rel=\"canonical\" href=\"https:\/\/gruene-wiesbaden.de\/sk\/kreisgeschaeftsstelle\/\" \/>\n<meta property=\"og:locale\" content=\"sk_SK\" \/>\n<meta property=\"og:type\" content=\"article\" \/>\n<meta property=\"og:title\" content=\"Kreisgesch\u00e4ftsstelle - B\u00dcNDNIS 90\/DIE GR\u00dcNEN Wiesbaden\" \/>\n<meta property=\"og:description\" content=\"Hier findest du Informationen zu Kontaktm\u00f6glichkeiten mit der Kreisgesch\u00e4ftsstelle des Kreisverbandes von B\u00dcNDNIS 90\/ DIE GR\u00dcNEN Wiesbaden.\" \/>\n<meta property=\"og:url\" content=\"https:\/\/gruene-wiesbaden.de\/sk\/kreisgeschaeftsstelle\/\" \/>\n<meta property=\"og:site_name\" content=\"B\u00dcNDNIS 90\/DIE GR\u00dcNEN Wiesbaden\" \/>\n<meta property=\"article:publisher\" content=\"https:\/\/www.facebook.com\/gruene.wi\" \/>\n<meta property=\"article:modified_time\" content=\"2026-04-07T11:35:40+00:00\" \/>\n<meta name=\"twitter:card\" content=\"summary_large_image\" \/>\n<meta name=\"twitter:label1\" content=\"Predpokladan\u00fd \u010das \u010d\u00edtania\" \/>\n\t<meta name=\"twitter:data1\" content=\"1 minute\" \/>\n<script type=\"application\/ld+json\" class=\"yoast-schema-graph\">{\"@context\":\"https:\\\/\\\/schema.org\",\"@graph\":[{\"@type\":\"WebPage\",\"@id\":\"https:\\\/\\\/gruene-wiesbaden.de\\\/kreisgeschaeftsstelle\\\/\",\"url\":\"https:\\\/\\\/gruene-wiesbaden.de\\\/kreisgeschaeftsstelle\\\/\",\"name\":\"Kreisgesch\u00e4ftsstelle - B\u00dcNDNIS 90\\\/DIE GR\u00dcNEN Wiesbaden\",\"isPartOf\":{\"@id\":\"https:\\\/\\\/gruene-wiesbaden.de\\\/#website\"},\"datePublished\":\"2025-03-21T10:48:11+00:00\",\"dateModified\":\"2026-04-07T11:35:40+00:00\",\"description\":\"Hier findest du Informationen zu Kontaktm\u00f6glichkeiten mit der Kreisgesch\u00e4ftsstelle des Kreisverbandes von B\u00dcNDNIS 90\\\/ DIE GR\u00dcNEN Wiesbaden.\",\"breadcrumb\":{\"@id\":\"https:\\\/\\\/gruene-wiesbaden.de\\\/kreisgeschaeftsstelle\\\/#breadcrumb\"},\"inLanguage\":\"sk-SK\",\"potentialAction\":[{\"@type\":\"ReadAction\",\"target\":[\"https:\\\/\\\/gruene-wiesbaden.de\\\/kreisgeschaeftsstelle\\\/\"]}]},{\"@type\":\"BreadcrumbList\",\"@id\":\"https:\\\/\\\/gruene-wiesbaden.de\\\/kreisgeschaeftsstelle\\\/#breadcrumb\",\"itemListElement\":[{\"@type\":\"ListItem\",\"position\":1,\"name\":\"Startseite\",\"item\":\"https:\\\/\\\/gruene-wiesbaden.de\\\/\"},{\"@type\":\"ListItem\",\"position\":2,\"name\":\"Kreisgesch\u00e4ftsstelle\"}]},{\"@type\":\"WebSite\",\"@id\":\"https:\\\/\\\/gruene-wiesbaden.de\\\/#website\",\"url\":\"https:\\\/\\\/gruene-wiesbaden.de\\\/\",\"name\":\"DIE GR\u00dcNEN Wiesbaden\",\"description\":\"\",\"publisher\":{\"@id\":\"https:\\\/\\\/gruene-wiesbaden.de\\\/#organization\"},\"potentialAction\":[{\"@type\":\"SearchAction\",\"target\":{\"@type\":\"EntryPoint\",\"urlTemplate\":\"https:\\\/\\\/gruene-wiesbaden.de\\\/?s={search_term_string}\"},\"query-input\":{\"@type\":\"PropertyValueSpecification\",\"valueRequired\":true,\"valueName\":\"search_term_string\"}}],\"inLanguage\":\"sk-SK\"},{\"@type\":\"Organization\",\"@id\":\"https:\\\/\\\/gruene-wiesbaden.de\\\/#organization\",\"name\":\"DIE GR\u00dcNEN Wiesbaden\",\"url\":\"https:\\\/\\\/gruene-wiesbaden.de\\\/\",\"logo\":{\"@type\":\"ImageObject\",\"inLanguage\":\"sk-SK\",\"@id\":\"https:\\\/\\\/gruene-wiesbaden.de\\\/#\\\/schema\\\/logo\\\/image\\\/\",\"url\":\"https:\\\/\\\/gruene-wiesbaden-fuer-europa.de\\\/wp-content\\\/uploads\\\/2024\\\/04\\\/Machen-was-zaehlt-5.png\",\"contentUrl\":\"https:\\\/\\\/gruene-wiesbaden-fuer-europa.de\\\/wp-content\\\/uploads\\\/2024\\\/04\\\/Machen-was-zaehlt-5.png\",\"width\":1772,\"height\":1772,\"caption\":\"DIE GR\u00dcNEN Wiesbaden\"},\"image\":{\"@id\":\"https:\\\/\\\/gruene-wiesbaden.de\\\/#\\\/schema\\\/logo\\\/image\\\/\"},\"sameAs\":[\"https:\\\/\\\/www.facebook.com\\\/gruene.wi\",\"https:\\\/\\\/instagram.com\\\/gruene_wi\"]}]}<\/script>\n<!-- \/ Yoast SEO plugin. -->","yoast_head_json":{"title":"Kreisgesch\u00e4ftsstelle - B\u00dcNDNIS 90\/DIE GR\u00dcNEN Wiesbaden","description":"Hier findest du Informationen zu Kontaktm\u00f6glichkeiten mit der Kreisgesch\u00e4ftsstelle des Kreisverbandes von B\u00dcNDNIS 90\/ DIE GR\u00dcNEN Wiesbaden.","robots":{"index":"index","follow":"follow","max-snippet":"max-snippet:-1","max-image-preview":"max-image-preview:large","max-video-preview":"max-video-preview:-1"},"canonical":"https:\/\/gruene-wiesbaden.de\/sk\/kreisgeschaeftsstelle\/","og_locale":"sk_SK","og_type":"article","og_title":"Kreisgesch\u00e4ftsstelle - B\u00dcNDNIS 90\/DIE GR\u00dcNEN Wiesbaden","og_description":"Hier findest du Informationen zu Kontaktm\u00f6glichkeiten mit der Kreisgesch\u00e4ftsstelle des Kreisverbandes von B\u00dcNDNIS 90\/ DIE GR\u00dcNEN Wiesbaden.","og_url":"https:\/\/gruene-wiesbaden.de\/sk\/kreisgeschaeftsstelle\/","og_site_name":"B\u00dcNDNIS 90\/DIE GR\u00dcNEN Wiesbaden","article_publisher":"https:\/\/www.facebook.com\/gruene.wi","article_modified_time":"2026-04-07T11:35:40+00:00","twitter_card":"summary_large_image","twitter_misc":{"Predpokladan\u00fd \u010das \u010d\u00edtania":"1 minute"},"schema":{"@context":"https:\/\/schema.org","@graph":[{"@type":"WebPage","@id":"https:\/\/gruene-wiesbaden.de\/kreisgeschaeftsstelle\/","url":"https:\/\/gruene-wiesbaden.de\/kreisgeschaeftsstelle\/","name":"Kreisgesch\u00e4ftsstelle - B\u00dcNDNIS 90\/DIE GR\u00dcNEN Wiesbaden","isPartOf":{"@id":"https:\/\/gruene-wiesbaden.de\/#website"},"datePublished":"2025-03-21T10:48:11+00:00","dateModified":"2026-04-07T11:35:40+00:00","description":"Hier findest du Informationen zu Kontaktm\u00f6glichkeiten mit der Kreisgesch\u00e4ftsstelle des Kreisverbandes von B\u00dcNDNIS 90\/ DIE GR\u00dcNEN Wiesbaden.","breadcrumb":{"@id":"https:\/\/gruene-wiesbaden.de\/kreisgeschaeftsstelle\/#breadcrumb"},"inLanguage":"sk-SK","potentialAction":[{"@type":"ReadAction","target":["https:\/\/gruene-wiesbaden.de\/kreisgeschaeftsstelle\/"]}]},{"@type":"BreadcrumbList","@id":"https:\/\/gruene-wiesbaden.de\/kreisgeschaeftsstelle\/#breadcrumb","itemListElement":[{"@type":"ListItem","position":1,"name":"Startseite","item":"https:\/\/gruene-wiesbaden.de\/"},{"@type":"ListItem","position":2,"name":"Kreisgesch\u00e4ftsstelle"}]},{"@type":"WebSite","@id":"https:\/\/gruene-wiesbaden.de\/#website","url":"https:\/\/gruene-wiesbaden.de\/","name":"DIE GR\u00dcNEN Wiesbaden","description":"","publisher":{"@id":"https:\/\/gruene-wiesbaden.de\/#organization"},"potentialAction":[{"@type":"SearchAction","target":{"@type":"EntryPoint","urlTemplate":"https:\/\/gruene-wiesbaden.de\/?s={search_term_string}"},"query-input":{"@type":"PropertyValueSpecification","valueRequired":true,"valueName":"search_term_string"}}],"inLanguage":"sk-SK"},{"@type":"Organization","@id":"https:\/\/gruene-wiesbaden.de\/#organization","name":"DIE GR\u00dcNEN Wiesbaden","url":"https:\/\/gruene-wiesbaden.de\/","logo":{"@type":"ImageObject","inLanguage":"sk-SK","@id":"https:\/\/gruene-wiesbaden.de\/#\/schema\/logo\/image\/","url":"https:\/\/gruene-wiesbaden-fuer-europa.de\/wp-content\/uploads\/2024\/04\/Machen-was-zaehlt-5.png","contentUrl":"https:\/\/gruene-wiesbaden-fuer-europa.de\/wp-content\/uploads\/2024\/04\/Machen-was-zaehlt-5.png","width":1772,"height":1772,"caption":"DIE GR\u00dcNEN Wiesbaden"},"image":{"@id":"https:\/\/gruene-wiesbaden.de\/#\/schema\/logo\/image\/"},"sameAs":["https:\/\/www.facebook.com\/gruene.wi","https:\/\/instagram.com\/gruene_wi"]}]}},"_links":{"self":[{"href":"https:\/\/gruene-wiesbaden.de\/sk\/wp-json\/wp\/v2\/pages\/566","targetHints":{"allow":["GET"]}}],"collection":[{"href":"https:\/\/gruene-wiesbaden.de\/sk\/wp-json\/wp\/v2\/pages"}],"about":[{"href":"https:\/\/gruene-wiesbaden.de\/sk\/wp-json\/wp\/v2\/types\/page"}],"author":[{"embeddable":true,"href":"https:\/\/gruene-wiesbaden.de\/sk\/wp-json\/wp\/v2\/users\/1"}],"replies":[{"embeddable":true,"href":"https:\/\/gruene-wiesbaden.de\/sk\/wp-json\/wp\/v2\/comments?post=566"}],"version-history":[{"count":24,"href":"https:\/\/gruene-wiesbaden.de\/sk\/wp-json\/wp\/v2\/pages\/566\/revisions"}],"predecessor-version":[{"id":2301,"href":"https:\/\/gruene-wiesbaden.de\/sk\/wp-json\/wp\/v2\/pages\/566\/revisions\/2301"}],"wp:attachment":[{"href":"https:\/\/gruene-wiesbaden.de\/sk\/wp-json\/wp\/v2\/media?parent=566"}],"curies":[{"name":"wp","href":"https:\/\/api.w.org\/{rel}","templated":true}]}}