{"id":55,"date":"2024-04-06T10:33:41","date_gmt":"2024-04-06T10:33:41","guid":{"rendered":"https:\/\/gruene-wiesbaden-fuer-europa.de\/?page_id=55"},"modified":"2026-04-07T10:00:45","modified_gmt":"2026-04-07T08:00:45","slug":"datenschutz","status":"publish","type":"page","link":"https:\/\/gruene-wiesbaden.de\/sk\/datenschutz\/","title":{"rendered":"s\u00fakromie"},"content":{"rendered":"<section class=\"l-section wpb_row height_auto full_height valign_center with_slider\"><div class=\"l-section-slider\"><div class=\"w-slider style_none fit_cover nav_none count_1\"><div class=\"w-slider-h\"><div class=\"royalSlider\"><div class=\"rsContent\"><a class=\"rsImg\" data-rsw=\"3264\" data-rsh=\"2000\" href=\"https:\/\/gruene-wiesbaden.de\/wp-content\/uploads\/2025\/03\/youssef-naddam-iJ2IG8ckCpA-unsplash.png\"><span data-alt=\"\"><\/span><\/a><\/div><\/div><img decoding=\"async\" src=\"https:\/\/gruene-wiesbaden.de\/wp-content\/uploads\/2025\/03\/youssef-naddam-iJ2IG8ckCpA-unsplash.png\" width=\"3264\" height=\"2000\" alt loading=\"lazy\"><\/div><div class=\"w-slider-json\" onclick='return {&quot;autoScaleSlider&quot;:true,&quot;addActiveClass&quot;:true,&quot;loop&quot;:true,&quot;fadeInLoadedSlide&quot;:false,&quot;slidesSpacing&quot;:0,&quot;imageScalePadding&quot;:0,&quot;numImagesToPreload&quot;:2,&quot;arrowsNav&quot;:false,&quot;arrowsNavAutoHide&quot;:false,&quot;transitionType&quot;:&quot;move&quot;,&quot;transitionSpeed&quot;:1000,&quot;block&quot;:{&quot;moveEffect&quot;:&quot;none&quot;,&quot;speed&quot;:300},&quot;thumbs&quot;:{&quot;fitInViewport&quot;:false,&quot;firstMargin&quot;:false,&quot;spacing&quot;:4},&quot;controlNavigation&quot;:&quot;none&quot;,&quot;autoplay&quot;:{&quot;enabled&quot;:true,&quot;pauseOnHover&quot;:false,&quot;delay&quot;:3000},&quot;autoScaleSliderWidth&quot;:3264,&quot;autoScaleSliderHeight&quot;:2000}'><\/div><\/div><\/div><div class=\"l-section-h i-cf\"><div class=\"g-cols vc_row via_grid cols_1 laptops-cols_inherit tablets-cols_inherit mobiles-cols_1 valign_top type_default stacking_default\" style=\"--columns-gap:0rem;\"><div class=\"wpb_column vc_column_container\"><div class=\"vc_column-inner\"><div class=\"g-cols wpb_row via_grid cols_1 laptops-cols_inherit tablets-cols_inherit mobiles-cols_1 valign_top type_default stacking_default\" style=\"--columns-gap:3rem;\"><div class=\"wpb_column vc_column_container\"><div class=\"vc_column-inner\"><div class=\"wpb_text_column us_custom_2d6d43ab has_text_color background_inside_text\"><div class=\"wpb_wrapper\"><h1 style=\"text-align: center;\">OCHRANA OSOBN\u00ddCH \u00daDAJOV<\/h1>\n<\/div><\/div><div class=\"w-separator size_large\"><\/div><div class=\"w-separator size_small\"><\/div><\/div><\/div><\/div><\/div><\/div><\/div><\/div><\/section><section class=\"l-section wpb_row height_medium\"><div class=\"l-section-overlay\" style=\"background:var(--color-alt-content-bg)\"><\/div><div class=\"l-section-h i-cf\"><div class=\"g-cols vc_row via_grid cols_1 laptops-cols_inherit tablets-cols_inherit mobiles-cols_1 valign_top type_default stacking_default\"><div class=\"wpb_column vc_column_container\"><div class=\"vc_column-inner\"><div class=\"g-cols wpb_row via_grid cols_1 laptops-cols_inherit tablets-cols_inherit mobiles-cols_1 valign_middle type_boxes stacking_default\" style=\"--columns-gap:3rem;\"><div class=\"wpb_column vc_column_container\"><div class=\"vc_column-inner\"><div class=\"wpb_text_column us_custom_564c68c1 has_text_color\"><div class=\"wpb_wrapper\"><h3 id=\"m716\">\u00favod<\/h3>\n<p>Nasledovn\u00fdm vyhl\u00e1sen\u00edm o ochrane \u00fadajov by sme v\u00e1s chceli informova\u0165, ak\u00e9 typy va\u0161ich osobn\u00fdch \u00fadajov (\u010falej len \"\u00fadaje\") sprac\u00favame na ak\u00e9 \u00fa\u010dely a v akom rozsahu. Vyhl\u00e1senie o ochrane osobn\u00fdch \u00fadajov sa vz\u0165ahuje na ka\u017ed\u00e9 spracovanie osobn\u00fdch \u00fadajov, ktor\u00e9 vykon\u00e1vame v s\u00favislosti s poskytovan\u00edm na\u0161ich slu\u017eieb a najm\u00e4 na na\u0161ich webov\u00fdch str\u00e1nkach, v mobiln\u00fdch aplik\u00e1ci\u00e1ch a v r\u00e1mci extern\u00fdch online prezent\u00e1ci\u00ed, ako s\u00fa na\u0161e profily na soci\u00e1lnych m\u00e9di\u00e1ch (\u010falej spolo\u010dne len \"online ponuka\").<\/p>\n<p>Stav: 18. j\u00fana 2025<\/p>\n<\/div><\/div><div class=\"w-separator size_medium\"><\/div><div class=\"wpb_text_column us_custom_564c68c1 has_text_color\"><div class=\"wpb_wrapper\"><h3 id=\"m3\">Zodpovedn\u00e1 osoba<\/h3>\n<p><b>Rebecca Thomas<\/b><br \/>\nMainzer Stra\u00dfe 75<br \/>\n65189 Wiesbaden<\/p>\n<p>E-mailov\u00e1 adresa: <a href=\"mailto:kreisverband@gruene-wiesbaden.de\">kreisverband@gruene-wiesbaden.de<\/a><\/p>\n<p>Odtla\u010dok: <a href=\"https:\/\/gruene-wiesbaden.de\/sk\/impressum\/\" target=\"_blank\" rel=\"noopener\">https:\/\/gruene-wiesbaden.de\/impressum<\/a><\/p>\n<\/div><\/div><div class=\"w-separator size_medium\"><\/div><div class=\"wpb_text_column us_custom_564c68c1 has_text_color\"><div class=\"wpb_wrapper\"><h3 id=\"m2427\">Pr\u00edslu\u0161n\u00e9 pr\u00e1vne z\u00e1klady<\/h3>\n<h5>Pr\u00edslu\u0161n\u00e9 pr\u00e1vne z\u00e1klady pod\u013ea v\u0161eobecn\u00e9ho nariadenia o ochrane \u00fadajov:<\/h5>\n<p>Ni\u017e\u0161ie n\u00e1jdete preh\u013ead pr\u00e1vnych z\u00e1kladov GDPR, na ktor\u00fdch sprac\u00favame osobn\u00e9 \u00fadaje. Upozor\u0148ujeme, \u017ee okrem ustanoven\u00ed v\u0161eobecn\u00e9ho nariadenia o ochrane \u00fadajov sa vo va\u0161ej alebo na\u0161ej krajine pobytu alebo bydliska m\u00f4\u017eu uplat\u0148ova\u0165 vn\u00fatro\u0161t\u00e1tne predpisy o ochrane \u00fadajov. Ak s\u00fa v jednotliv\u00fdch pr\u00edpadoch relevantn\u00e9 konkr\u00e9tnej\u0161ie pr\u00e1vne z\u00e1klady, budeme v\u00e1s o nich informova\u0165 vo vyhl\u00e1sen\u00ed o ochrane \u00fadajov.<\/p>\n<ul>\n<li>S\u00fahlas [\u010dl\u00e1nok 6 ods. 1 prv\u00e1 veta p\u00edsm. a) v\u0161eobecn\u00e9ho nariadenia o ochrane \u00fadajov] \u2013 dotknut\u00e1 osoba vyjadrila s\u00fahlas so sprac\u00favan\u00edm osobn\u00fdch \u00fadajov, ktor\u00e9 sa jej t\u00fdka, na konkr\u00e9tny \u00fa\u010del alebo na nieko\u013eko konkr\u00e9tnych \u00fa\u010delov.<\/li>\n<li>Opr\u00e1vnen\u00e9 z\u00e1ujmy [\u010dl\u00e1nok 6 ods. 1 p\u00edsm. f) v\u0161eobecn\u00e9ho nariadenia o ochrane \u00fadajov] \u2013 sprac\u00favanie je nevyhnutn\u00e9 na ochranu opr\u00e1vnen\u00fdch z\u00e1ujmov prev\u00e1dzkovate\u013ea alebo tretej strany, pokia\u013e nepreva\u017euj\u00fa z\u00e1ujmy alebo z\u00e1kladn\u00e9 pr\u00e1va a slobody dotknutej osoby, ktor\u00e9 si vy\u017eaduj\u00fa ochranu osobn\u00fdch \u00fadajov.<\/li>\n<\/ul>\n<h5>Vn\u00fatro\u0161t\u00e1tne predpisy o ochrane \u00fadajov v Nemecku:<\/h5>\n<p>Okrem nariaden\u00ed o ochrane \u00fadajov GDPR platia v Nemecku aj vn\u00fatro\u0161t\u00e1tne predpisy o ochrane \u00fadajov. Patr\u00ed sem najm\u00e4 z\u00e1kon o ochrane pred zneu\u017eit\u00edm osobn\u00fdch \u00fadajov pri sprac\u00favan\u00ed \u00fadajov (feder\u00e1lny z\u00e1kon o ochrane \u00fadajov \u2013 BDSG). BDSG obsahuje najm\u00e4 osobitn\u00e9 ustanovenia o pr\u00e1ve na pr\u00edstup, pr\u00e1ve na vymazanie, pr\u00e1ve namieta\u0165, sprac\u00favan\u00ed osobitn\u00fdch kateg\u00f3ri\u00ed osobn\u00fdch \u00fadajov, sprac\u00favan\u00ed na in\u00e9 \u00fa\u010dely a prenose, ako aj o automatizovanom rozhodovan\u00ed v jednotliv\u00fdch pr\u00edpadoch vr\u00e1tane profilovania. Okrem toho sa m\u00f4\u017eu uplat\u0148ova\u0165 \u0161t\u00e1tne z\u00e1kony na ochranu \u00fadajov jednotliv\u00fdch spolkov\u00fdch kraj\u00edn.<\/p>\n<h5 id=\"m27\">Bezpe\u010dnostn\u00e9 opatrenia<\/h5>\n<p>Prij\u00edmame primeran\u00e9 technick\u00e9 a organiza\u010dn\u00e9 opatrenia v s\u00falade s pr\u00e1vnymi po\u017eiadavkami, pri\u010dom zoh\u013ead\u0148ujeme najnov\u0161ie poznatky, n\u00e1klady na realiz\u00e1ciu a povahu, rozsah, okolnosti a \u00fa\u010dely sprac\u00favania, ako aj r\u00f4znu pravdepodobnos\u0165 v\u00fdskytu a rozsah ohrozenia pr\u00e1v a slob\u00f4d fyzick\u00fdch os\u00f4b, aby sme zabezpe\u010dili \u00farove\u0148 ochrany primeran\u00fa riziku.<\/p>\n<p>Opatrenia zah\u0155\u0148aj\u00fa najm\u00e4 zabezpe\u010denie d\u00f4vernosti, integrity a dostupnosti \u00fadajov prostredn\u00edctvom kontroly fyzick\u00e9ho a elektronick\u00e9ho pr\u00edstupu k \u00fadajom, pr\u00edstupu k nim, ich vkladania, zdie\u013eania, zabezpe\u010denia ich dostupnosti a oddelenia. Okrem toho sme zaviedli postupy, ktor\u00e9 zabezpe\u010duj\u00fa v\u00fdkon pr\u00e1v dotknut\u00fdch os\u00f4b, vymazanie \u00fadajov a reakcie na ohrozenie \u00fadajov. Ochranu osobn\u00fdch \u00fadajov zoh\u013ead\u0148ujeme aj pri v\u00fdvoji alebo v\u00fdbere hardv\u00e9ru, softv\u00e9ru a postupov v s\u00falade so z\u00e1sadou \u0161pecificky navrhnutej a \u0161tandardnej ochrany \u00fadajov.<\/p>\n<p>\u0160ifrovanie TLS (https): Na ochranu va\u0161ich \u00fadajov pren\u00e1\u0161an\u00fdch prostredn\u00edctvom na\u0161ej online ponuky pou\u017e\u00edvame \u0161ifrovanie TLS. Tak\u00e9to \u0161ifrovan\u00e9 pripojenia m\u00f4\u017eete rozpozna\u0165 pomocou predpony https:\/\/ v paneli s adresou v\u00e1\u0161ho prehliada\u010da.<\/p>\n<h5 id=\"m12\">Vymazanie \u00fadajov<\/h5>\n<p>\u00dadaje, ktor\u00e9 sprac\u00favame, bud\u00fa vymazan\u00e9 v s\u00falade s pr\u00e1vnymi po\u017eiadavkami, akon\u00e1hle bud\u00fa ich s\u00fahlasy povolen\u00e9 na spracovanie zru\u0161en\u00e9 alebo vynechan\u00e9 in\u00e9 povolenia (napr. ak \u00fa\u010del spracovania t\u00fdchto \u00fadajov zanikol alebo nie s\u00fa potrebn\u00e9 na tento \u00fa\u010del). Pokia\u013e nie s\u00fa \u00fadaje vymazan\u00e9, preto\u017ee s\u00fa potrebn\u00e9 na in\u00e9 a pr\u00e1vne pr\u00edpustn\u00e9 \u00fa\u010dely, ich spracovanie bude obmedzen\u00e9 na tieto \u00fa\u010dely. To znamen\u00e1, \u017ee \u00fadaje s\u00fa zablokovan\u00e9 a nesprac\u00favaj\u00fa sa na in\u00e9 \u00fa\u010dely. T\u00fdka sa to napr\u00edklad \u00fadajov, ktor\u00e9 sa musia uchov\u00e1va\u0165 z obchodn\u00fdch alebo da\u0148ov\u00fdch d\u00f4vodov alebo ktor\u00fdch uchov\u00e1vanie je nevyhnutn\u00e9 na preukazovanie, uplat\u0148ovanie alebo obhajovanie pr\u00e1vnych n\u00e1rokov alebo na ochranu pr\u00e1v inej fyzickej alebo pr\u00e1vnickej osoby.<\/p>\n<p>Na\u0161e inform\u00e1cie o ochrane \u00fadajov m\u00f4\u017eu obsahova\u0165 aj \u010fal\u0161ie inform\u00e1cie o uchov\u00e1van\u00ed a vymaz\u00e1van\u00ed \u00fadajov, ktor\u00e9 sa t\u00fdkaj\u00fa predov\u0161etk\u00fdm pr\u00edslu\u0161n\u00fdch spracovate\u013esk\u00fdch oper\u00e1ci\u00ed.<\/p>\n<h5 id=\"m10\">Pr\u00e1va dotknut\u00fdch os\u00f4b<\/h5>\n<p>Pr\u00e1va dotknut\u00fdch os\u00f4b pod\u013ea v\u0161eobecn\u00e9ho nariadenia o ochrane \u00fadajov: Ako dotknut\u00e1 osoba m\u00e1te pod\u013ea v\u0161eobecn\u00e9ho nariadenia o ochrane \u00fadajov n\u00e1rok na r\u00f4zne pr\u00e1va, ktor\u00e9 vypl\u00fdvaj\u00fa najm\u00e4 z \u010dl\u00e1nkov 15 a\u017e 21 v\u0161eobecn\u00e9ho nariadenia o ochrane \u00fadajov:<\/p>\n<ul>\n<li><strong>Pr\u00e1vo namieta\u0165: <\/strong>Dotknut\u00e1 osoba m\u00e1 pr\u00e1vo kedyko\u013evek namieta\u0165 z d\u00f4vodov t\u00fdkaj\u00facich sa jej konkr\u00e9tnej situ\u00e1cie proti sprac\u00favaniu osobn\u00fdch \u00fadajov, ktor\u00e9 sa jej t\u00fdka, ktor\u00e9 je vykon\u00e1van\u00e9 na z\u00e1klade \u010dl\u00e1nku 6 ods. 1 p\u00edsm. e) alebo f) GDPR. to plat\u00ed aj pre profilovanie zalo\u017een\u00e9 na t\u00fdchto ustanoveniach. Dotknut\u00e1 osoba m\u00e1 pr\u00e1vo namieta\u0165 sprac\u00favanie osobn\u00fdch \u00fadajov, ktor\u00e9 sa jej t\u00fdkaj\u00fa, na \u00fa\u010del priameho marketingu vr\u00e1tane profilovania v rozsahu, v akom s\u00favis\u00ed s priamym marketingom. to plat\u00ed aj pre profilovanie, pokia\u013e s\u00favis\u00ed s tak\u00fdmto priamym marketingom.<\/li>\n<li><strong>Pr\u00e1vo na odvolanie s\u00fahlasu:<\/strong> M\u00e1te pr\u00e1vo svoj s\u00fahlas kedyko\u013evek odvola\u0165.<\/li>\n<li><strong>Pr\u00e1vo na pr\u00edstup:<\/strong> M\u00e1te pr\u00e1vo po\u017eiada\u0165 o potvrdenie, \u010di sa pr\u00edslu\u0161n\u00e9 \u00fadaje sprac\u00favaj\u00fa, a z\u00edska\u0165 inform\u00e1cie o t\u00fdchto \u00fadajoch, ako aj \u010fal\u0161ie inform\u00e1cie a k\u00f3piu \u00fadajov v s\u00falade s pr\u00e1vnymi po\u017eiadavkami.<\/li>\n<li><strong>Pr\u00e1vo na opravu:<\/strong> V s\u00falade s pr\u00e1vnymi po\u017eiadavkami m\u00e1te pr\u00e1vo po\u017eiada\u0165 o doplnenie \u00fadajov, ktor\u00e9 sa v\u00e1s t\u00fdkaj\u00fa, alebo o opravu nespr\u00e1vnych \u00fadajov, ktor\u00e9 sa v\u00e1s t\u00fdkaj\u00fa.<\/li>\n<li><strong>Pr\u00e1vo na vymazanie a obmedzenie sprac\u00favania:<\/strong> V s\u00falade s pr\u00e1vnymi po\u017eiadavkami m\u00e1te pr\u00e1vo po\u017eiada\u0165 o okam\u017eit\u00e9 vymazanie \u00fadajov, ktor\u00e9 sa v\u00e1s t\u00fdkaj\u00fa, alebo pr\u00edpadne po\u017eiada\u0165 o obmedzenie spracovania \u00fadajov v s\u00falade s pr\u00e1vnymi po\u017eiadavkami.<\/li>\n<li><strong>Pr\u00e1vo na prenosnos\u0165 \u00fadajov:<\/strong> M\u00e1te pr\u00e1vo z\u00edska\u0165 \u00fadaje, ktor\u00e9 sa v\u00e1s t\u00fdkaj\u00fa a ktor\u00e9 ste n\u00e1m poskytli v s\u00falade s pr\u00e1vnymi po\u017eiadavkami, v \u0161trukt\u00farovanom, be\u017enom a strojovo \u010ditate\u013enom form\u00e1te alebo po\u017eiada\u0165 o ich prenos in\u00e9mu prev\u00e1dzkovate\u013eovi.<\/li>\n<li><strong>S\u0165a\u017enos\u0165 dozorn\u00e9mu org\u00e1nu:<\/strong> Bez toho, aby boli dotknut\u00e9 ak\u00e9ko\u013evek in\u00e9 spr\u00e1vne alebo s\u00fadne prostriedky n\u00e1pravy, m\u00e1te pr\u00e1vo poda\u0165 s\u0165a\u017enos\u0165 dozorn\u00e9mu org\u00e1nu, najm\u00e4 v \u010dlenskom \u0161t\u00e1te svojho obvykl\u00e9ho pobytu, miesta v\u00fdkonu pr\u00e1ce alebo miesta \u00fadajn\u00e9ho poru\u0161enia, ak sa domnievate, \u017ee sprac\u00favanie osobn\u00fdch \u00fadajov, ktor\u00e9 sa v\u00e1s t\u00fdka, je v rozpore s ustanoveniami GDPR.<\/li>\n<\/ul>\n<\/div><\/div><\/div><\/div><\/div><div class=\"g-cols wpb_row via_grid cols_1 laptops-cols_inherit tablets-cols_inherit mobiles-cols_1 valign_middle type_boxes stacking_default\" style=\"--columns-gap:3rem;\" id=\"Cookie-Richtlinie\"><div class=\"wpb_column vc_column_container\"><div class=\"vc_column-inner\"><div class=\"wpb_text_column us_custom_564c68c1 has_text_color\"><div class=\"wpb_wrapper\"><h3 id=\"m134\">Pou\u017e\u00edvanie s\u00faborov cookie<\/h3>\n<p>S\u00fabory cookie s\u00fa mal\u00e9 textov\u00e9 s\u00fabory alebo in\u00e9 pozn\u00e1mky o ukladan\u00ed, ktor\u00e9 ukladaj\u00fa inform\u00e1cie na koncov\u00fdch zariadeniach a \u010d\u00edtaj\u00fa inform\u00e1cie z koncov\u00fdch zariaden\u00ed. Napr\u00edklad na ulo\u017eenie stavu prihl\u00e1senia do pou\u017e\u00edvate\u013esk\u00e9ho \u00fa\u010dtu, obsahu n\u00e1kupn\u00e9ho ko\u0161\u00edka v e-shope, spr\u00edstupnen\u00e9ho obsahu alebo pou\u017eit\u00fdch funkci\u00ed online ponuky. S\u00fabory cookie sa m\u00f4\u017eu pou\u017e\u00edva\u0165 aj na r\u00f4zne \u00fa\u010dely, napr. na funk\u010dnos\u0165, bezpe\u010dnos\u0165 a pohodlie online pon\u00fak, ako aj na vytv\u00e1ranie anal\u00fdz tokov n\u00e1v\u0161tevn\u00edkov.<\/p>\n<\/div><\/div><div class=\"wpb_text_column us_custom_564c68c1 has_text_color\"><div class=\"wpb_wrapper\"><p><strong>Matomo<\/strong><\/p>\n<p>T\u00e1to webov\u00e1 str\u00e1nka pou\u017e\u00edva analytick\u00fd plugin Matomo, zobrazenia a \u0161tatistick\u00e9 zhroma\u017e\u010fovanie \u010d\u00edsel kliknut\u00ed v r\u00e1mci na\u0161ej webovej str\u00e1nky. Inform\u00e1cie generovan\u00e9 t\u00fdmito s\u00fabormi cookie sa ukladaj\u00fa lok\u00e1lne na na\u0161om serveri. IP adresa je pred ulo\u017een\u00edm anonymizovan\u00e1.<\/p>\n<p>Ukladanie s\u00faborov cookie m\u00f4\u017ee by\u0165 zablokovan\u00e9 prostredn\u00edctvom nastaven\u00ed softv\u00e9ru v\u00e1\u0161ho prehliada\u010da; Je v\u0161ak mo\u017en\u00e9, \u017ee nie v\u0161etky funkcie tejto webovej str\u00e1nky m\u00f4\u017eu by\u0165 pou\u017eit\u00e9.<\/p>\n<p><b>Pou\u017e\u00edvanie tla\u010didiel soci\u00e1lnych m\u00e9di\u00ed s ochranou \u00fadajov (Shariff) pre Facebook a Instagram<\/b><br \/>\nNa na\u0161ich webov\u00fdch str\u00e1nkach pou\u017e\u00edvame takzvan\u00e9 tla\u010didl\u00e1 soci\u00e1lnych m\u00e9di\u00ed, aby sme na\u0161im pou\u017e\u00edvate\u013eom umo\u017enili pr\u00edstup k profilom soci\u00e1lnych m\u00e9di\u00ed spolo\u010dnosti B\u00dcNDNIS90\/DIE GR\u00dcNEN z Kreisverband Wiesbaden priamo kliknut\u00edm na tla\u010didl\u00e1. Akon\u00e1hle s\u00fa tieto tla\u010didl\u00e1 aktivovan\u00e9, vytvor\u00ed sa spojenie so servermi Facebooku alebo Instagramu a pou\u017e\u00edvate\u013esk\u00e9 \u00fadaje sa pren\u00e1\u0161aj\u00fa na extern\u00e9 servery.<\/p>\n<p>\u010eal\u0161ie inform\u00e1cie o <a href=\"http:\/\/www.heise.de\/ct\/artikel\/Shariff-Social-Media-Buttons-mit-Datenschutz-2467514.html\" target=\"_blank\" rel=\"noopener noreferrer\">Iniciat\u00edva heise.de pre met\u00f3du 2 kliknut\u00ed s n\u00e1zvom Shariff<\/a><\/p>\n<p><strong>Vlo\u017een\u00e9 vide\u00e1 YouTube<\/strong><\/p>\n<p>Vide\u00e1 YouTube vlo\u017een\u00e9 na webov\u00fa str\u00e1nku sa aktivuj\u00fa kliknut\u00edm na \u201ePrija\u0165\u201c v banneri cookie. V\u00fdsledkom je, \u017ee s\u00fabory cookie sa umiest\u0148uj\u00fa do syst\u00e9mu pou\u017e\u00edvate\u013ea ihne\u010f po prijat\u00ed a pr\u00edstupe na webov\u00fa str\u00e1nku. Aby sa tomu zabr\u00e1nilo, mus\u00ed by\u0165 zablokovan\u00fd v nastaveniach prehliada\u010da.<\/p>\n<p>Ak kliknete na tla\u010didlo Odmietnu\u0165 alebo neozna\u010d\u00edte marketingov\u00e9 s\u00fabory cookie v nastaveniach s\u00faborov cookie, potom sa vide\u00e1 YouTube musia aktivova\u0165 manu\u00e1lne kliknut\u00edm na ne a s\u00fabory cookie sa od tohto okamihu ukladaj\u00fa iba v syst\u00e9me pou\u017e\u00edvate\u013ea.<\/p>\n<p>\u010eal\u0161ie inform\u00e1cie o spracovan\u00ed \u00fadajov a inform\u00e1cie o ochrane \u00fadajov spolo\u010dnos\u0165ou YouTube (Google) n\u00e1jdete na adrese <a href=\"http:\/\/www.google.de\/intl\/de\/policies\/privacy\/\" target=\"_blank\" rel=\"noopener noreferrer\">www.google.de\/intl\/de\/policies\/privacy\/<\/a>.<\/p>\n<p data-start=\"357\" data-end=\"406\"><strong data-start=\"357\" data-end=\"406\">Vlo\u017een\u00e9 \u00fadaje kalend\u00e1ra (ICS Calendar Pro)<\/strong><\/p>\n<p data-start=\"408\" data-end=\"955\">Na na\u0161ich webov\u00fdch str\u00e1nkach integrujeme d\u00e1tumy udalost\u00ed prostredn\u00edctvom takzvan\u00e9ho informa\u010dn\u00e9ho kan\u00e1la iCal, ktor\u00fd poskytuje Kalend\u00e1r Google. Tieto \u00fadaje kalend\u00e1ra s\u00fa integrovan\u00e9 pomocou pluginu WordPress \u201eICS Calendar Pro\u201c. Inform\u00e1cie o kalend\u00e1ri sa pravidelne z\u00edskavaj\u00fa z n\u00e1\u0161ho vlastn\u00e9ho webov\u00e9ho servera a zobrazuj\u00fa sa ako statick\u00fd obsah na na\u0161ej webovej str\u00e1nke. Priame spojenie medzi va\u0161\u00edm prehliada\u010dom a servermi Google n\u00e1jdete tu <strong data-start=\"870\" data-end=\"879\">nie<\/strong> namiesto toho. Do spolo\u010dnosti Google sa nepren\u00e1\u0161aj\u00fa \u017eiadne osobn\u00e9 \u00fadaje.<\/p>\n<p data-start=\"957\" data-end=\"1179\">Poskytovanie \u00fadajov z kalend\u00e1ra sl\u00fa\u017ei na u\u017e\u00edvate\u013esky pr\u00edvetiv\u00fa prezent\u00e1ciu podujat\u00ed a sch\u00f4dzok na na\u0161ej webovej str\u00e1nke. Pr\u00e1vnym z\u00e1kladom je n\u00e1\u0161 opr\u00e1vnen\u00fd z\u00e1ujem pod\u013ea \u010dl. 6 ods. 1 p\u00edsm. f GDPR.<\/p>\n<p data-start=\"1181\" data-end=\"1359\"><strong data-start=\"1181\" data-end=\"1215\">Poskytovate\u013e kalend\u00e1rnej slu\u017eby:<\/strong><br data-start=\"1215\" data-end=\"1218\" \/>Google Ireland Limited<br data-start=\"1240\" data-end=\"1243\" \/>Gordon House, Barrow Street, Dublin 4, \u00cdrsko<br data-start=\"1288\" data-end=\"1291\" \/>Z\u00e1sady ochrany osobn\u00fdch \u00fadajov spolo\u010dnosti Google: <a class=\"cursor-pointer\" target=\"_new\" rel=\"noopener\" data-start=\"1324\" data-end=\"1359\">https:\/\/policies.google.com\/privacy<\/a><\/p>\n<h5>Inform\u00e1cie o s\u00fahlase:<\/h5>\n<p>Cookies pou\u017e\u00edvame v s\u00falade s pr\u00e1vnymi predpismi. Preto z\u00edskavame predch\u00e1dzaj\u00faci s\u00fahlas od pou\u017e\u00edvate\u013eov, pokia\u013e to nevy\u017eaduje z\u00e1kon. S\u00fahlas nie je potrebn\u00fd najm\u00e4 vtedy, ak je ukladanie a \u010d\u00edtanie inform\u00e1ci\u00ed, t. j. aj s\u00faborov cookie, absol\u00fatne nevyhnutn\u00e9 na to, aby sa pou\u017e\u00edvate\u013eom poskytla telemedi\u00e1lna slu\u017eba (t. j. na\u0161a online ponuka), o ktor\u00fa v\u00fdslovne po\u017eiadaj\u00fa. Nevyhnutne potrebn\u00e9 s\u00fabory cookie zvy\u010dajne zah\u0155\u0148aj\u00fa s\u00fabory cookie s funkciami, ktor\u00e9 sl\u00fa\u017eia na zobrazenie a funk\u010dnos\u0165 online ponuky, vyv\u00e1\u017eenie za\u0165a\u017eenia, bezpe\u010dnos\u0165, ukladanie preferenci\u00ed a mo\u017enost\u00ed pou\u017e\u00edvate\u013eov alebo podobn\u00e9 \u00fa\u010dely s\u00favisiace s poskytovan\u00edm hlavn\u00fdch a doplnkov\u00fdch funkci\u00ed online ponuky po\u017eadovan\u00fdch pou\u017e\u00edvate\u013emi. Zru\u0161ite\u013en\u00fd s\u00fahlas je jasne ozn\u00e1men\u00fd pou\u017e\u00edvate\u013eom a obsahuje inform\u00e1cie o pr\u00edslu\u0161nom pou\u017e\u00edvan\u00ed s\u00faborov cookie.<\/p>\n<h5>Inform\u00e1cie o pr\u00e1vnych z\u00e1kladoch ochrany \u00fadajov:<\/h5>\n<p>Na akom pr\u00e1vnom z\u00e1klade pod\u013ea z\u00e1kona o ochrane \u00fadajov sprac\u00favame osobn\u00e9 \u00fadaje pou\u017e\u00edvate\u013eov pomocou s\u00faborov cookie, z\u00e1vis\u00ed od toho, \u010di po\u017eiadame pou\u017e\u00edvate\u013eov o s\u00fahlas. Ak pou\u017e\u00edvatelia s\u00fahlasia, pr\u00e1vnym z\u00e1kladom pre spracovanie va\u0161ich \u00fadajov je dan\u00fd s\u00fahlas. V opa\u010dnom pr\u00edpade bud\u00fa \u00fadaje spracov\u00e1van\u00e9 pomocou cookies spracov\u00e1van\u00e9 na z\u00e1klade na\u0161ich opr\u00e1vnen\u00fdch z\u00e1ujmov (napr. pri obchodnej prev\u00e1dzke na\u0161ej online ponuky a zlep\u0161ovan\u00ed jej pou\u017eite\u013enosti) alebo, ak sa tak deje v s\u00favislosti s plnen\u00edm na\u0161ich zmluvn\u00fdch z\u00e1v\u00e4zkov, ak je pou\u017eitie cookies nevyhnutn\u00e9 na plnenie na\u0161ich zmluvn\u00fdch z\u00e1v\u00e4zkov. Na ak\u00e9 \u00fa\u010dely sprac\u00favame s\u00fabory cookie, objas\u0148ujeme v priebehu tohto vyhl\u00e1senia o ochrane \u00fadajov alebo v s\u00favislosti s na\u0161\u00edm s\u00fahlasom a procesmi spracovania.<\/p>\n<p><strong>Doba skladovania:\u00a0<\/strong>Pokia\u013e ide o dobu uchov\u00e1vania, rozli\u0161uj\u00fa sa tieto typy s\u00faborov cookie:<\/p>\n<ul>\n<li><strong>Do\u010dasn\u00e9 s\u00fabory cookie (tie\u017e: S\u00fabory cookie rel\u00e1cie alebo rel\u00e1cie):<\/strong>\u00a0Do\u010dasn\u00e9 s\u00fabory cookie sa vyma\u017e\u00fa najnesk\u00f4r po tom, ako pou\u017e\u00edvate\u013e opust\u00ed online ponuku a zatvor\u00ed svoje koncov\u00e9 zariadenie (napr. prehliada\u010d alebo mobiln\u00fa aplik\u00e1ciu).<\/li>\n<li><strong>Trval\u00e9 s\u00fabory cookie:<\/strong> Trval\u00e9 s\u00fabory cookie zost\u00e1vaj\u00fa ulo\u017een\u00e9 aj po zatvoren\u00ed koncov\u00e9ho zariadenia. Napr\u00edklad, stav prihl\u00e1senia m\u00f4\u017ee by\u0165 ulo\u017een\u00fd alebo preferovan\u00fd obsah m\u00f4\u017ee by\u0165 zobrazen\u00fd priamo, ke\u010f pou\u017e\u00edvate\u013e nav\u0161t\u00edvi webov\u00fa str\u00e1nku znova. \u00dadaje pou\u017e\u00edvate\u013eov zhroma\u017eden\u00e9 pomocou s\u00faborov cookie m\u00f4\u017eu by\u0165 tie\u017e pou\u017eit\u00e9 na meranie rozsahu. Pokia\u013e pou\u017e\u00edvate\u013eom neposkytneme explicitn\u00e9 inform\u00e1cie o type a dobe ulo\u017eenia s\u00faborov cookie (napr. v s\u00favislosti so z\u00edskan\u00edm s\u00fahlasu), pou\u017e\u00edvatelia by mali predpoklada\u0165, \u017ee s\u00fabory cookie s\u00fa trval\u00e9 a doba ulo\u017eenia m\u00f4\u017ee by\u0165 a\u017e dva roky.<\/li>\n<\/ul>\n<h5>V\u0161eobecn\u00e9 inform\u00e1cie o zru\u0161en\u00ed a n\u00e1mietke (tzv. \u201eopt-out\u201c):<\/h5>\n<p>U\u017e\u00edvatelia m\u00f4\u017eu kedyko\u013evek odvola\u0165 s\u00fahlasy, ktor\u00e9 poskytli, a namieta\u0165 proti spracovaniu v s\u00falade s pr\u00e1vnymi po\u017eiadavkami. Na tento \u00fa\u010del m\u00f4\u017eu pou\u017e\u00edvatelia okrem in\u00e9ho obmedzi\u0165 pou\u017e\u00edvanie s\u00faborov cookie v nastaveniach svojho prehliada\u010da (hoci to m\u00f4\u017ee tie\u017e obmedzi\u0165 funk\u010dnos\u0165 na\u0161ej online ponuky). N\u00e1mietku proti pou\u017e\u00edvaniu s\u00faborov cookie na online marketingov\u00e9 \u00fa\u010dely mo\u017eno vznies\u0165 aj prostredn\u00edctvom webov\u00fdch str\u00e1nok. <a role=\"link\" href=\"https:\/\/optout.aboutads.info\/\" target=\"_new\" rel=\"noopener\">https:\/\/optout.aboutads.info<\/a> a <a role=\"link\" href=\"https:\/\/www.youronlinechoices.com\/\" target=\"_new\" rel=\"noopener\">https:\/\/www.youronlinechoices.com\/<\/a> by\u0165 vysvetlen\u00e9.<\/p>\n<ul class=\"m-elements\">\n<li><strong>Pr\u00e1vne z\u00e1klady:<\/strong> Opr\u00e1vnen\u00e9 z\u00e1ujmy (\u010dl. 6 ods. 1 veta 1 p\u00edsm. f) GDPR); S\u00fahlas (\u010dl. 6 ods. 1 veta 1 p\u00edsm. a) GDPR).<\/li>\n<\/ul>\n<h5>\u010eal\u0161ie inform\u00e1cie o procesoch, postupoch a slu\u017eb\u00e1ch sprac\u00favania:<\/h5>\n<ul class=\"m-elements\">\n<li><strong>Spracovanie \u00fadajov cookies na z\u00e1klade s\u00fahlasu: <\/strong>Pou\u017e\u00edvame postup spr\u00e1vy s\u00fahlasu so s\u00fabormi cookie, v r\u00e1mci ktor\u00e9ho m\u00f4\u017ee pou\u017e\u00edvate\u013e z\u00edska\u0165, spravova\u0165 a odvola\u0165 s\u00fahlas pou\u017e\u00edvate\u013ea s pou\u017e\u00edvan\u00edm s\u00faborov cookie alebo so spracovan\u00edm a poskytovate\u013emi uveden\u00fdmi v postupe spr\u00e1vy s\u00fahlasu so s\u00fabormi cookie. V tomto pr\u00edpade sa vyhl\u00e1senie o s\u00fahlase uchov\u00e1va, aby sa nemuselo opakova\u0165 jeho vyh\u013ead\u00e1vanie a aby bolo mo\u017en\u00e9 preuk\u00e1za\u0165 s\u00fahlas v s\u00falade so z\u00e1konnou povinnos\u0165ou. Ukladanie sa m\u00f4\u017ee uskuto\u010dni\u0165 na strane servera a\/alebo v s\u00fabore cookie (tzv. opt-in cookie alebo pomocou porovnate\u013en\u00fdch technol\u00f3gi\u00ed), aby bolo mo\u017en\u00e9 priradi\u0165 s\u00fahlas pou\u017e\u00edvate\u013eovi alebo jeho zariadeniu. Na z\u00e1klade individu\u00e1lnych inform\u00e1ci\u00ed o poskytovate\u013eoch slu\u017eieb spr\u00e1vy s\u00faborov cookie sa uplat\u0148uj\u00fa tieto ozn\u00e1menia: Doba uchov\u00e1vania s\u00fahlasu m\u00f4\u017ee by\u0165 a\u017e dva roky. V \u010dase udelenia s\u00fahlasu sa vytvor\u00ed a ulo\u017e\u00ed pseudonymn\u00fd identifik\u00e1tor pou\u017e\u00edvate\u013ea, inform\u00e1cie o rozsahu s\u00fahlasu (napr. ktor\u00e9 kateg\u00f3rie s\u00faborov cookie a\/alebo poskytovate\u013eov slu\u017eieb), ako aj pou\u017eit\u00fd prehliada\u010d, syst\u00e9m a koncov\u00e9 zariadenie; <strong>Pr\u00e1vne z\u00e1klady:<\/strong> S\u00fahlas (\u010dl. 6 ods. 1 veta 1 p\u00edsm. a) GDPR).<\/li>\n<\/ul>\n<\/div><\/div><\/div><\/div><\/div><div class=\"g-cols wpb_row via_grid cols_1 laptops-cols_inherit tablets-cols_inherit mobiles-cols_1 valign_middle type_boxes stacking_default\" style=\"--columns-gap:3rem;\"><div class=\"wpb_column vc_column_container\"><div class=\"vc_column-inner\"><div class=\"wpb_text_column us_custom_564c68c1 has_text_color\"><div class=\"wpb_wrapper\"><h3>Vymedzenie pojmov<\/h3>\n<p>V tejto \u010dasti n\u00e1jdete preh\u013ead pojmov pou\u017eit\u00fdch v t\u00fdchto z\u00e1sad\u00e1ch ochrany osobn\u00fdch \u00fadajov. Pokia\u013e s\u00fa pojmy definovan\u00e9 z\u00e1konom, platia ich pr\u00e1vne defin\u00edcie. Nasleduj\u00face vysvetlenia s\u00fa v\u0161ak ur\u010den\u00e9 predov\u0161etk\u00fdm na pochopenie.<\/p>\n<ul class=\"glossary\">\n<li><strong>Osobn\u00e9 \u00fadaje:<\/strong> \u201eosobn\u00e9 \u00fadaje\u201c s\u00fa ak\u00e9ko\u013evek inform\u00e1cie t\u00fdkaj\u00face sa identifikovanej alebo identifikovate\u013enej fyzickej osoby (\u010falej len \u201edotknut\u00e1 osoba\u201c); Identifikovate\u013en\u00e1 fyzick\u00e1 osoba je osoba, ktor\u00fa mo\u017eno identifikova\u0165 priamo alebo nepriamo, najm\u00e4 odkazom na identifik\u00e1tor, ako je meno, identifika\u010dn\u00e9 \u010d\u00edslo, lokaliza\u010dn\u00e9 \u00fadaje, online identifik\u00e1tor (napr. s\u00fabor cookie), alebo odkazom na jednu alebo viacer\u00e9 osobitn\u00e9 vlastnosti, ktor\u00e9 vyjadruj\u00fa fyzick\u00fa, fyziologick\u00fa, genetick\u00fa, ment\u00e1lnu, ekonomick\u00fa, kult\u00farnu alebo soci\u00e1lnu identitu tejto fyzickej osoby.<\/li>\n<li><strong>Zodpovedn\u00e1 osoba:<\/strong> \u201eprev\u00e1dzkovate\u013e\u201c je fyzick\u00e1 alebo pr\u00e1vnick\u00e1 osoba, org\u00e1n verejnej moci, agent\u00fara alebo in\u00fd subjekt, ktor\u00fd s\u00e1m alebo spolo\u010dne s in\u00fdmi ur\u010duje \u00fa\u010dely a prostriedky sprac\u00favania osobn\u00fdch \u00fadajov.<\/li>\n<li><strong>Spracovanie:<\/strong> \u201esprac\u00favanie\u201c je ak\u00e1ko\u013evek oper\u00e1cia alebo s\u00fabor oper\u00e1ci\u00ed s osobn\u00fdmi \u00fadajmi bez oh\u013eadu na to, \u010di sa vykon\u00e1vaj\u00fa automatizovan\u00fdmi alebo neautomatizovan\u00fdmi prostriedkami. Tento pojem siaha \u010faleko a zah\u0155\u0148a prakticky ka\u017ed\u00fa manipul\u00e1ciu s \u00fadajmi, \u010di u\u017e ide o zber, vyhodnocovanie, ukladanie, prenos alebo vymazanie.<\/li>\n<\/ul>\n<\/div><\/div><div class=\"w-separator size_small\"><\/div><div class=\"wpb_text_column\"><div class=\"wpb_wrapper\"><p><a href=\"https:\/\/datenschutz-generator.de\/\">Vytvoren\u00e9 s vo\u013en\u00fdm Datenschutz-Generator.de Dr Thomas Schwenke<\/a><\/p>\n<\/div><\/div><\/div><\/div><\/div><\/div><\/div><\/div><\/div><\/section>","protected":false},"excerpt":{"rendered":"\u00davod Nasleduj\u00facim vyhl\u00e1sen\u00edm o ochrane \u00fadajov by sme v\u00e1s chceli informova\u0165 o tom, ak\u00e9 typy va\u0161ich osobn\u00fdch \u00fadajov (\u010falej len \"\u00fadaje\") sprac\u00favame na ak\u00e9 \u00fa\u010dely a v akom rozsahu. Vyhl\u00e1senie o ochrane \u00fadajov sa vz\u0165ahuje na ka\u017ed\u00e9 spracovanie osobn\u00fdch \u00fadajov, ktor\u00e9 vykon\u00e1vame v s\u00favislosti s poskytovan\u00edm na\u0161ich slu\u017eieb a najm\u00e4 na na\u0161ich webov\u00fdch str\u00e1nkach.","protected":false},"author":1,"featured_media":0,"parent":0,"menu_order":0,"comment_status":"closed","ping_status":"closed","template":"","meta":{"footnotes":""},"class_list":["post-55","page","type-page","status-publish","hentry"],"yoast_head":"<!-- This site is optimized with the Yoast SEO plugin v27.5 - https:\/\/yoast.com\/product\/yoast-seo-wordpress\/ -->\n<title>Datenschutz - B\u00dcNDNIS 90\/DIE GR\u00dcNEN Wiesbaden<\/title>\n<meta name=\"description\" content=\"Hier findest du die Datenschutzerkl\u00e4rung f\u00fcr die Website von B\u00dcNDNIS 90\/ DIE GR\u00dcNEN Wiesbaden und kannst dich \u00fcber deine Rechte informieren.\" \/>\n<meta name=\"robots\" content=\"index, follow, max-snippet:-1, max-image-preview:large, max-video-preview:-1\" \/>\n<link rel=\"canonical\" href=\"https:\/\/gruene-wiesbaden.de\/sk\/datenschutz\/\" \/>\n<meta property=\"og:locale\" content=\"sk_SK\" \/>\n<meta property=\"og:type\" content=\"article\" \/>\n<meta property=\"og:title\" content=\"Datenschutz - B\u00dcNDNIS 90\/DIE GR\u00dcNEN Wiesbaden\" \/>\n<meta property=\"og:description\" content=\"Hier findest du die Datenschutzerkl\u00e4rung f\u00fcr die Website von B\u00dcNDNIS 90\/ DIE GR\u00dcNEN Wiesbaden und kannst dich \u00fcber deine Rechte informieren.\" \/>\n<meta property=\"og:url\" content=\"https:\/\/gruene-wiesbaden.de\/sk\/datenschutz\/\" \/>\n<meta property=\"og:site_name\" content=\"B\u00dcNDNIS 90\/DIE GR\u00dcNEN Wiesbaden\" \/>\n<meta property=\"article:publisher\" content=\"https:\/\/www.facebook.com\/gruene.wi\" \/>\n<meta property=\"article:modified_time\" content=\"2026-04-07T08:00:45+00:00\" \/>\n<meta name=\"twitter:card\" content=\"summary_large_image\" \/>\n<meta name=\"twitter:label1\" content=\"Predpokladan\u00fd \u010das \u010d\u00edtania\" \/>\n\t<meta name=\"twitter:data1\" content=\"13 minutes\" \/>\n<script type=\"application\/ld+json\" class=\"yoast-schema-graph\">{\"@context\":\"https:\\\/\\\/schema.org\",\"@graph\":[{\"@type\":\"WebPage\",\"@id\":\"https:\\\/\\\/gruene-wiesbaden.de\\\/datenschutz\\\/\",\"url\":\"https:\\\/\\\/gruene-wiesbaden.de\\\/datenschutz\\\/\",\"name\":\"Datenschutz - B\u00dcNDNIS 90\\\/DIE GR\u00dcNEN Wiesbaden\",\"isPartOf\":{\"@id\":\"https:\\\/\\\/gruene-wiesbaden.de\\\/#website\"},\"datePublished\":\"2024-04-06T10:33:41+00:00\",\"dateModified\":\"2026-04-07T08:00:45+00:00\",\"description\":\"Hier findest du die Datenschutzerkl\u00e4rung f\u00fcr die Website von B\u00dcNDNIS 90\\\/ DIE GR\u00dcNEN Wiesbaden und kannst dich \u00fcber deine Rechte informieren.\",\"breadcrumb\":{\"@id\":\"https:\\\/\\\/gruene-wiesbaden.de\\\/datenschutz\\\/#breadcrumb\"},\"inLanguage\":\"sk-SK\",\"potentialAction\":[{\"@type\":\"ReadAction\",\"target\":[\"https:\\\/\\\/gruene-wiesbaden.de\\\/datenschutz\\\/\"]}]},{\"@type\":\"BreadcrumbList\",\"@id\":\"https:\\\/\\\/gruene-wiesbaden.de\\\/datenschutz\\\/#breadcrumb\",\"itemListElement\":[{\"@type\":\"ListItem\",\"position\":1,\"name\":\"Startseite\",\"item\":\"https:\\\/\\\/gruene-wiesbaden.de\\\/\"},{\"@type\":\"ListItem\",\"position\":2,\"name\":\"Datenschutz\"}]},{\"@type\":\"WebSite\",\"@id\":\"https:\\\/\\\/gruene-wiesbaden.de\\\/#website\",\"url\":\"https:\\\/\\\/gruene-wiesbaden.de\\\/\",\"name\":\"DIE GR\u00dcNEN Wiesbaden\",\"description\":\"\",\"publisher\":{\"@id\":\"https:\\\/\\\/gruene-wiesbaden.de\\\/#organization\"},\"potentialAction\":[{\"@type\":\"SearchAction\",\"target\":{\"@type\":\"EntryPoint\",\"urlTemplate\":\"https:\\\/\\\/gruene-wiesbaden.de\\\/?s={search_term_string}\"},\"query-input\":{\"@type\":\"PropertyValueSpecification\",\"valueRequired\":true,\"valueName\":\"search_term_string\"}}],\"inLanguage\":\"sk-SK\"},{\"@type\":\"Organization\",\"@id\":\"https:\\\/\\\/gruene-wiesbaden.de\\\/#organization\",\"name\":\"DIE GR\u00dcNEN Wiesbaden\",\"url\":\"https:\\\/\\\/gruene-wiesbaden.de\\\/\",\"logo\":{\"@type\":\"ImageObject\",\"inLanguage\":\"sk-SK\",\"@id\":\"https:\\\/\\\/gruene-wiesbaden.de\\\/#\\\/schema\\\/logo\\\/image\\\/\",\"url\":\"https:\\\/\\\/gruene-wiesbaden-fuer-europa.de\\\/wp-content\\\/uploads\\\/2024\\\/04\\\/Machen-was-zaehlt-5.png\",\"contentUrl\":\"https:\\\/\\\/gruene-wiesbaden-fuer-europa.de\\\/wp-content\\\/uploads\\\/2024\\\/04\\\/Machen-was-zaehlt-5.png\",\"width\":1772,\"height\":1772,\"caption\":\"DIE GR\u00dcNEN Wiesbaden\"},\"image\":{\"@id\":\"https:\\\/\\\/gruene-wiesbaden.de\\\/#\\\/schema\\\/logo\\\/image\\\/\"},\"sameAs\":[\"https:\\\/\\\/www.facebook.com\\\/gruene.wi\",\"https:\\\/\\\/instagram.com\\\/gruene_wi\"]}]}<\/script>\n<!-- \/ Yoast SEO plugin. -->","yoast_head_json":{"title":"Datenschutz - B\u00dcNDNIS 90\/DIE GR\u00dcNEN Wiesbaden","description":"Hier findest du die Datenschutzerkl\u00e4rung f\u00fcr die Website von B\u00dcNDNIS 90\/ DIE GR\u00dcNEN Wiesbaden und kannst dich \u00fcber deine Rechte informieren.","robots":{"index":"index","follow":"follow","max-snippet":"max-snippet:-1","max-image-preview":"max-image-preview:large","max-video-preview":"max-video-preview:-1"},"canonical":"https:\/\/gruene-wiesbaden.de\/sk\/datenschutz\/","og_locale":"sk_SK","og_type":"article","og_title":"Datenschutz - B\u00dcNDNIS 90\/DIE GR\u00dcNEN Wiesbaden","og_description":"Hier findest du die Datenschutzerkl\u00e4rung f\u00fcr die Website von B\u00dcNDNIS 90\/ DIE GR\u00dcNEN Wiesbaden und kannst dich \u00fcber deine Rechte informieren.","og_url":"https:\/\/gruene-wiesbaden.de\/sk\/datenschutz\/","og_site_name":"B\u00dcNDNIS 90\/DIE GR\u00dcNEN Wiesbaden","article_publisher":"https:\/\/www.facebook.com\/gruene.wi","article_modified_time":"2026-04-07T08:00:45+00:00","twitter_card":"summary_large_image","twitter_misc":{"Predpokladan\u00fd \u010das \u010d\u00edtania":"13 minutes"},"schema":{"@context":"https:\/\/schema.org","@graph":[{"@type":"WebPage","@id":"https:\/\/gruene-wiesbaden.de\/datenschutz\/","url":"https:\/\/gruene-wiesbaden.de\/datenschutz\/","name":"Datenschutz - B\u00dcNDNIS 90\/DIE GR\u00dcNEN Wiesbaden","isPartOf":{"@id":"https:\/\/gruene-wiesbaden.de\/#website"},"datePublished":"2024-04-06T10:33:41+00:00","dateModified":"2026-04-07T08:00:45+00:00","description":"Hier findest du die Datenschutzerkl\u00e4rung f\u00fcr die Website von B\u00dcNDNIS 90\/ DIE GR\u00dcNEN Wiesbaden und kannst dich \u00fcber deine Rechte informieren.","breadcrumb":{"@id":"https:\/\/gruene-wiesbaden.de\/datenschutz\/#breadcrumb"},"inLanguage":"sk-SK","potentialAction":[{"@type":"ReadAction","target":["https:\/\/gruene-wiesbaden.de\/datenschutz\/"]}]},{"@type":"BreadcrumbList","@id":"https:\/\/gruene-wiesbaden.de\/datenschutz\/#breadcrumb","itemListElement":[{"@type":"ListItem","position":1,"name":"Startseite","item":"https:\/\/gruene-wiesbaden.de\/"},{"@type":"ListItem","position":2,"name":"Datenschutz"}]},{"@type":"WebSite","@id":"https:\/\/gruene-wiesbaden.de\/#website","url":"https:\/\/gruene-wiesbaden.de\/","name":"DIE GR\u00dcNEN Wiesbaden","description":"","publisher":{"@id":"https:\/\/gruene-wiesbaden.de\/#organization"},"potentialAction":[{"@type":"SearchAction","target":{"@type":"EntryPoint","urlTemplate":"https:\/\/gruene-wiesbaden.de\/?s={search_term_string}"},"query-input":{"@type":"PropertyValueSpecification","valueRequired":true,"valueName":"search_term_string"}}],"inLanguage":"sk-SK"},{"@type":"Organization","@id":"https:\/\/gruene-wiesbaden.de\/#organization","name":"DIE GR\u00dcNEN Wiesbaden","url":"https:\/\/gruene-wiesbaden.de\/","logo":{"@type":"ImageObject","inLanguage":"sk-SK","@id":"https:\/\/gruene-wiesbaden.de\/#\/schema\/logo\/image\/","url":"https:\/\/gruene-wiesbaden-fuer-europa.de\/wp-content\/uploads\/2024\/04\/Machen-was-zaehlt-5.png","contentUrl":"https:\/\/gruene-wiesbaden-fuer-europa.de\/wp-content\/uploads\/2024\/04\/Machen-was-zaehlt-5.png","width":1772,"height":1772,"caption":"DIE GR\u00dcNEN Wiesbaden"},"image":{"@id":"https:\/\/gruene-wiesbaden.de\/#\/schema\/logo\/image\/"},"sameAs":["https:\/\/www.facebook.com\/gruene.wi","https:\/\/instagram.com\/gruene_wi"]}]}},"_links":{"self":[{"href":"https:\/\/gruene-wiesbaden.de\/sk\/wp-json\/wp\/v2\/pages\/55","targetHints":{"allow":["GET"]}}],"collection":[{"href":"https:\/\/gruene-wiesbaden.de\/sk\/wp-json\/wp\/v2\/pages"}],"about":[{"href":"https:\/\/gruene-wiesbaden.de\/sk\/wp-json\/wp\/v2\/types\/page"}],"author":[{"embeddable":true,"href":"https:\/\/gruene-wiesbaden.de\/sk\/wp-json\/wp\/v2\/users\/1"}],"replies":[{"embeddable":true,"href":"https:\/\/gruene-wiesbaden.de\/sk\/wp-json\/wp\/v2\/comments?post=55"}],"version-history":[{"count":36,"href":"https:\/\/gruene-wiesbaden.de\/sk\/wp-json\/wp\/v2\/pages\/55\/revisions"}],"predecessor-version":[{"id":2253,"href":"https:\/\/gruene-wiesbaden.de\/sk\/wp-json\/wp\/v2\/pages\/55\/revisions\/2253"}],"wp:attachment":[{"href":"https:\/\/gruene-wiesbaden.de\/sk\/wp-json\/wp\/v2\/media?parent=55"}],"curies":[{"name":"wp","href":"https:\/\/api.w.org\/{rel}","templated":true}]}}