{"id":50,"date":"2024-04-06T10:03:53","date_gmt":"2024-04-06T10:03:53","guid":{"rendered":"https:\/\/gruene-wiesbaden-fuer-europa.de\/?page_id=50"},"modified":"2026-04-07T09:48:02","modified_gmt":"2026-04-07T07:48:02","slug":"impressum","status":"publish","type":"page","link":"https:\/\/gruene-wiesbaden.de\/sk\/impressum\/","title":{"rendered":"vyhl\u00e1senie"},"content":{"rendered":"<section class=\"l-section wpb_row height_auto full_height valign_center with_slider\"><div class=\"l-section-slider\"><div class=\"w-slider style_none fit_cover nav_none count_1\"><div class=\"w-slider-h\"><div class=\"royalSlider\"><div class=\"rsContent\"><a class=\"rsImg\" data-rsw=\"3264\" data-rsh=\"2000\" href=\"https:\/\/gruene-wiesbaden.de\/wp-content\/uploads\/2025\/03\/youssef-naddam-iJ2IG8ckCpA-unsplash.png\"><span data-alt=\"\"><\/span><\/a><\/div><\/div><img decoding=\"async\" src=\"https:\/\/gruene-wiesbaden.de\/wp-content\/uploads\/2025\/03\/youssef-naddam-iJ2IG8ckCpA-unsplash.png\" width=\"3264\" height=\"2000\" alt loading=\"lazy\"><\/div><div class=\"w-slider-json\" onclick='return {&quot;autoScaleSlider&quot;:true,&quot;addActiveClass&quot;:true,&quot;loop&quot;:true,&quot;fadeInLoadedSlide&quot;:false,&quot;slidesSpacing&quot;:0,&quot;imageScalePadding&quot;:0,&quot;numImagesToPreload&quot;:2,&quot;arrowsNav&quot;:false,&quot;arrowsNavAutoHide&quot;:false,&quot;transitionType&quot;:&quot;move&quot;,&quot;transitionSpeed&quot;:1000,&quot;block&quot;:{&quot;moveEffect&quot;:&quot;none&quot;,&quot;speed&quot;:300},&quot;thumbs&quot;:{&quot;fitInViewport&quot;:false,&quot;firstMargin&quot;:false,&quot;spacing&quot;:4},&quot;controlNavigation&quot;:&quot;none&quot;,&quot;autoplay&quot;:{&quot;enabled&quot;:true,&quot;pauseOnHover&quot;:false,&quot;delay&quot;:3000},&quot;autoScaleSliderWidth&quot;:3264,&quot;autoScaleSliderHeight&quot;:2000}'><\/div><\/div><\/div><div class=\"l-section-h i-cf\"><div class=\"g-cols vc_row via_grid cols_1 laptops-cols_inherit tablets-cols_inherit mobiles-cols_1 valign_top type_default stacking_default\" style=\"--columns-gap:0rem;\"><div class=\"wpb_column vc_column_container\"><div class=\"vc_column-inner\"><div class=\"g-cols wpb_row via_grid cols_1 laptops-cols_inherit tablets-cols_inherit mobiles-cols_1 valign_top type_default stacking_default\" style=\"--columns-gap:3rem;\"><div class=\"wpb_column vc_column_container\"><div class=\"vc_column-inner\"><div class=\"wpb_text_column us_custom_2d6d43ab has_text_color background_inside_text\"><div class=\"wpb_wrapper\"><h1 style=\"text-align: center;\">IMPRINT<\/h1>\n<\/div><\/div><div class=\"w-separator size_large\"><\/div><div class=\"w-separator size_small\"><\/div><\/div><\/div><\/div><\/div><\/div><\/div><\/div><\/section><section class=\"l-section wpb_row height_medium\"><div class=\"l-section-overlay\" style=\"background:var(--color-alt-content-bg)\"><\/div><div class=\"l-section-h i-cf\"><div class=\"g-cols vc_row via_grid cols_1 laptops-cols_inherit tablets-cols_inherit mobiles-cols_1 valign_top type_default stacking_default\"><div class=\"wpb_column vc_column_container\"><div class=\"vc_column-inner\"><div class=\"g-cols wpb_row us_custom_564c68c1 has_text_color via_grid cols_1 laptops-cols_inherit tablets-cols_inherit mobiles-cols_1 valign_middle type_boxes stacking_default\" style=\"--columns-gap:3rem;\"><div class=\"wpb_column vc_column_container\"><div class=\"vc_column-inner\"><div class=\"wpb_text_column us_custom_564c68c1 has_text_color\"><div class=\"wpb_wrapper\"><h5>Prev\u00e1dzkovatelia v zmysle \u00a7 5 ods. 1 a 2 (TMG):<\/h5>\n<p><strong>Okresn\u00e9 zdru\u017eenie Wiesbaden<br \/>\nAliancia 90\/Zelen\u00ed<\/strong><br \/>\nMainzer Stra\u00dfe 75<br \/>\n65189 Wiesbaden<br \/>\nTel.: 0152 25 29 35 65<br \/>\nPo\u0161ta: <a href=\"mailto:kreisverband@gruene-wiesbaden.de\">kreisverband@gruene-wiesbaden.de<\/a><\/p>\n<p>Spr\u00e1vna rada opr\u00e1vnen\u00e1 zastupova\u0165:<br \/>\nRebecca Thomas a Daniel Schmitt<\/p>\n<\/div><\/div><div class=\"w-separator size_large\"><\/div><div class=\"wpb_text_column us_custom_564c68c1 has_text_color\"><div class=\"wpb_wrapper\"><h5>Zodpovedn\u00e1 osoba v zmysle \u00a7 55 ods. 2 RStV:<\/h5>\n<p><b>Rebecca Thomas (spolupredsedn\u00ed\u010dka okresn\u00e9ho zdru\u017eenia)<\/b><br \/>\nMainzer Stra\u00dfe 75<br \/>\n65189 Wiesbaden<\/p>\n<p><strong>Otv\u00e1racie hodiny a kontakt:<\/strong><br \/>\n\u0161tvrtok od 16.00 do 18.00 hod. a pod\u013ea dohody<br \/>\nTel.: 0152 25 29 35 65<br \/>\nPo\u0161ta: <a href=\"mailto:kreisverband@gruene-wiesbaden.de\">kreisverband@gruene-wiesbaden.de<\/a><\/p>\n<\/div><\/div><div class=\"w-separator size_large\"><\/div><div class=\"wpb_text_column\"><div class=\"wpb_wrapper\"><h5>autorsk\u00e9 pr\u00e1va<\/h5>\n<p>Obsah a diela vytvoren\u00e9 prev\u00e1dzkovate\u013emi str\u00e1nok na t\u00fdchto str\u00e1nkach podliehaj\u00fa nemeck\u00e9mu autorsk\u00e9mu pr\u00e1vu. Reprodukcia, spracovanie, distrib\u00facia a ak\u00fdko\u013evek druh vyu\u017eitia mimo hran\u00edc autorsk\u00e9ho pr\u00e1va si vy\u017eaduj\u00fa p\u00edsomn\u00fd s\u00fahlas pr\u00edslu\u0161n\u00fdch autorov alebo tvorcov. Stiahnutia a k\u00f3pie tejto str\u00e1nky s\u00fa povolen\u00e9 len pre s\u00fakromn\u00e9, nekomer\u010dn\u00e9 pou\u017eitie. Pokia\u013e obsah na tejto str\u00e1nke nebol vytvoren\u00fd prev\u00e1dzkovate\u013eom, s\u00fa dodr\u017ean\u00e9 autorsk\u00e9 pr\u00e1va tret\u00edch str\u00e1n. Najm\u00e4 obsah tret\u00edch str\u00e1n je ozna\u010den\u00fd ako tak\u00fd. Ak by ste sa napriek tomu dozvedeli o poru\u0161en\u00ed autorsk\u00fdch pr\u00e1v, \u017eiadame o pr\u00edslu\u0161n\u00e9 ozn\u00e1menie. Ke\u010f sa dozvieme o poru\u0161en\u00ed pr\u00e1vnych predpisov, okam\u017eite tak\u00fdto obsah odstr\u00e1nime.<\/p>\n<h5>Zodpovednos\u0165 za obsah a odkazy na webov\u00fdch str\u00e1nkach tret\u00edch str\u00e1n<\/h5>\n<p>Inform\u00e1cie, ktor\u00e9 n\u00e1jdete na na\u0161ich webov\u00fdch str\u00e1nkach, boli starostlivo zostaven\u00e9 a skontrolovan\u00e9 pod\u013ea v\u00e1\u0161ho najlep\u0161ieho vedomia a svedomia. Neposkytuje sa v\u0161ak \u017eiadna z\u00e1ruka za spr\u00e1vnos\u0165, \u00faplnos\u0165, aktu\u00e1lnos\u0165 alebo kvalitu a dostupnos\u0165 poskytnut\u00fdch inform\u00e1ci\u00ed kedyko\u013evek.<br \/>\nT\u00e1to webov\u00e1 str\u00e1nka obsahuje aj odkazy alebo odkazy na webov\u00e9 str\u00e1nky tret\u00edch str\u00e1n. Tieto odkazy sa nepova\u017euj\u00fa za s\u00fahlas s ich obsahom. Pr\u00edslu\u0161n\u00ed poskytovatelia alebo prev\u00e1dzkovatelia (autori) str\u00e1nok s\u00fa zodpovedn\u00ed za obsah extern\u00fdch odkazov. Odkazy na in\u00e9 webov\u00e9 str\u00e1nky poskytuj\u00fa pou\u017e\u00edvate\u013eom len pr\u00edstup k pou\u017e\u00edvaniu obsahu. V \u010dase prepojenia boli extern\u00e9 odkazy pod\u013ea n\u00e1\u0161ho najlep\u0161ieho vedomia a svedomia skontrolovan\u00e9 z h\u013eadiska mo\u017en\u00e9ho poru\u0161enia pr\u00e1vnych predpisov. Neust\u00e1le presk\u00famanie obsahu extern\u00fdch odkazov bez konkr\u00e9tnych n\u00e1znakov poru\u0161enia z\u00e1kona nie je mo\u017en\u00e9. V pr\u00edpade odkazov na webov\u00e9 str\u00e1nky tret\u00edch str\u00e1n, ktor\u00e9 s\u00fa mimo zodpovednosti vydavate\u013ea, by povinnos\u0165 ru\u010denia existovala len vtedy, ak by sa vydavate\u013e dozvedel o nez\u00e1konnom obsahu alebo ak by bolo technicky mo\u017en\u00e9 a rozumn\u00e9 zabr\u00e1ni\u0165 pou\u017e\u00edvaniu tohto obsahu. Ak sa domnievate, \u017ee prepojen\u00e9 extern\u00e9 str\u00e1nky poru\u0161uj\u00fa platn\u00e9 pr\u00e1vne predpisy alebo inak maj\u00fa nevhodn\u00fd obsah, dajte n\u00e1m vedie\u0165.<\/p>\n<h5>N\u00e1mietka vo\u010di reklamn\u00fdm e-mailom<\/h5>\n<p>T\u00fdmto v\u00fdslovne namietame proti pou\u017e\u00edvaniu kontaktn\u00fdch \u00fadajov zverejnen\u00fdch v r\u00e1mci povinnosti odtla\u010dku na prenos nevy\u017eiadan\u00fdch reklamn\u00fdch a informa\u010dn\u00fdch materi\u00e1lov. V pr\u00edpade nevy\u017eiadan\u00e9ho zasielania reklamn\u00fdch inform\u00e1ci\u00ed, ako s\u00fa spamov\u00e9 e-maily, si prev\u00e1dzkovate\u013e t\u00fdchto str\u00e1nok vyhradzuje pr\u00e1vo podnikn\u00fa\u0165 pr\u00e1vne kroky.<\/p>\n<h5>Zodpovednos\u0165 za obsah \u2013 Pr\u00e1vna platnos\u0165 vyhl\u00e1senia o odmietnut\u00ed zodpovednosti<\/h5>\n<p><span>Napriek starostlivej kontrole obsahu nepreber\u00e1me \u017eiadnu zodpovednos\u0165 za obsah extern\u00fdch odkazov. Prev\u00e1dzkovatelia prepojen\u00fdch str\u00e1nok nes\u00fa v\u00fdlu\u010dn\u00fa zodpovednos\u0165 za ich obsah.<\/span><\/p>\n<\/div><\/div><\/div><\/div><\/div><\/div><\/div><\/div><\/div><\/section>","protected":false},"excerpt":{"rendered":"Prev\u00e1dzkovatelia IMPRESSUM v zmysle \u00a7 5 ods. 1 a 2 (TMG): Kreisverband Wiesbaden B\u00dcNDNIS 90\/DIE GR\u00dcNEN Mainzer Stra\u00dfe 75 65189 Wiesbaden Tel: 0152 25 29 35 65 Po\u0161ta: kreisverband@gruene-wiesbaden.de Autorizovan\u00e1 reprezentat\u00edvna rada: Rebecca Thomas, Daniel Schmitt Zodpovedn\u00e1 osoba v zmysle \u00a755 ods. 2 RStV: Rebecca Thomas (spolupredsedn\u00ed\u010dka okresn\u00e9ho zdru\u017eenia) Mainzer Stra\u00dfe 75 65189 Wiesbaden Otv\u00e1racie hodiny a...","protected":false},"author":1,"featured_media":0,"parent":0,"menu_order":0,"comment_status":"closed","ping_status":"closed","template":"","meta":{"footnotes":""},"class_list":["post-50","page","type-page","status-publish","hentry"],"yoast_head":"<!-- This site is optimized with the Yoast SEO plugin v27.5 - https:\/\/yoast.com\/product\/yoast-seo-wordpress\/ -->\n<title>Impressum - B\u00dcNDNIS 90\/DIE GR\u00dcNEN Wiesbaden<\/title>\n<meta name=\"description\" content=\"Hier findest du Informationen zu den verantwortlichen Personen f\u00fcr die Website sowie Kontaktm\u00f6glichkeiten.\" \/>\n<meta name=\"robots\" content=\"index, follow, max-snippet:-1, max-image-preview:large, max-video-preview:-1\" \/>\n<link rel=\"canonical\" href=\"https:\/\/gruene-wiesbaden.de\/sk\/impressum\/\" \/>\n<meta property=\"og:locale\" content=\"sk_SK\" \/>\n<meta property=\"og:type\" content=\"article\" \/>\n<meta property=\"og:title\" content=\"Impressum - B\u00dcNDNIS 90\/DIE GR\u00dcNEN Wiesbaden\" \/>\n<meta property=\"og:description\" content=\"Hier findest du Informationen zu den verantwortlichen Personen f\u00fcr die Website sowie Kontaktm\u00f6glichkeiten.\" \/>\n<meta property=\"og:url\" content=\"https:\/\/gruene-wiesbaden.de\/sk\/impressum\/\" \/>\n<meta property=\"og:site_name\" content=\"B\u00dcNDNIS 90\/DIE GR\u00dcNEN Wiesbaden\" \/>\n<meta property=\"article:publisher\" content=\"https:\/\/www.facebook.com\/gruene.wi\" \/>\n<meta property=\"article:modified_time\" content=\"2026-04-07T07:48:02+00:00\" \/>\n<meta name=\"twitter:card\" content=\"summary_large_image\" \/>\n<meta name=\"twitter:label1\" content=\"Predpokladan\u00fd \u010das \u010d\u00edtania\" \/>\n\t<meta name=\"twitter:data1\" content=\"3 minutes\" \/>\n<script type=\"application\/ld+json\" class=\"yoast-schema-graph\">{\"@context\":\"https:\\\/\\\/schema.org\",\"@graph\":[{\"@type\":\"WebPage\",\"@id\":\"https:\\\/\\\/gruene-wiesbaden.de\\\/impressum\\\/\",\"url\":\"https:\\\/\\\/gruene-wiesbaden.de\\\/impressum\\\/\",\"name\":\"Impressum - B\u00dcNDNIS 90\\\/DIE GR\u00dcNEN Wiesbaden\",\"isPartOf\":{\"@id\":\"https:\\\/\\\/gruene-wiesbaden.de\\\/#website\"},\"datePublished\":\"2024-04-06T10:03:53+00:00\",\"dateModified\":\"2026-04-07T07:48:02+00:00\",\"description\":\"Hier findest du Informationen zu den verantwortlichen Personen f\u00fcr die Website sowie Kontaktm\u00f6glichkeiten.\",\"breadcrumb\":{\"@id\":\"https:\\\/\\\/gruene-wiesbaden.de\\\/impressum\\\/#breadcrumb\"},\"inLanguage\":\"sk-SK\",\"potentialAction\":[{\"@type\":\"ReadAction\",\"target\":[\"https:\\\/\\\/gruene-wiesbaden.de\\\/impressum\\\/\"]}]},{\"@type\":\"BreadcrumbList\",\"@id\":\"https:\\\/\\\/gruene-wiesbaden.de\\\/impressum\\\/#breadcrumb\",\"itemListElement\":[{\"@type\":\"ListItem\",\"position\":1,\"name\":\"Startseite\",\"item\":\"https:\\\/\\\/gruene-wiesbaden.de\\\/\"},{\"@type\":\"ListItem\",\"position\":2,\"name\":\"Impressum\"}]},{\"@type\":\"WebSite\",\"@id\":\"https:\\\/\\\/gruene-wiesbaden.de\\\/#website\",\"url\":\"https:\\\/\\\/gruene-wiesbaden.de\\\/\",\"name\":\"DIE GR\u00dcNEN Wiesbaden\",\"description\":\"\",\"publisher\":{\"@id\":\"https:\\\/\\\/gruene-wiesbaden.de\\\/#organization\"},\"potentialAction\":[{\"@type\":\"SearchAction\",\"target\":{\"@type\":\"EntryPoint\",\"urlTemplate\":\"https:\\\/\\\/gruene-wiesbaden.de\\\/?s={search_term_string}\"},\"query-input\":{\"@type\":\"PropertyValueSpecification\",\"valueRequired\":true,\"valueName\":\"search_term_string\"}}],\"inLanguage\":\"sk-SK\"},{\"@type\":\"Organization\",\"@id\":\"https:\\\/\\\/gruene-wiesbaden.de\\\/#organization\",\"name\":\"DIE GR\u00dcNEN Wiesbaden\",\"url\":\"https:\\\/\\\/gruene-wiesbaden.de\\\/\",\"logo\":{\"@type\":\"ImageObject\",\"inLanguage\":\"sk-SK\",\"@id\":\"https:\\\/\\\/gruene-wiesbaden.de\\\/#\\\/schema\\\/logo\\\/image\\\/\",\"url\":\"https:\\\/\\\/gruene-wiesbaden-fuer-europa.de\\\/wp-content\\\/uploads\\\/2024\\\/04\\\/Machen-was-zaehlt-5.png\",\"contentUrl\":\"https:\\\/\\\/gruene-wiesbaden-fuer-europa.de\\\/wp-content\\\/uploads\\\/2024\\\/04\\\/Machen-was-zaehlt-5.png\",\"width\":1772,\"height\":1772,\"caption\":\"DIE GR\u00dcNEN Wiesbaden\"},\"image\":{\"@id\":\"https:\\\/\\\/gruene-wiesbaden.de\\\/#\\\/schema\\\/logo\\\/image\\\/\"},\"sameAs\":[\"https:\\\/\\\/www.facebook.com\\\/gruene.wi\",\"https:\\\/\\\/instagram.com\\\/gruene_wi\"]}]}<\/script>\n<!-- \/ Yoast SEO plugin. -->","yoast_head_json":{"title":"Impressum - B\u00dcNDNIS 90\/DIE GR\u00dcNEN Wiesbaden","description":"Hier findest du Informationen zu den verantwortlichen Personen f\u00fcr die Website sowie Kontaktm\u00f6glichkeiten.","robots":{"index":"index","follow":"follow","max-snippet":"max-snippet:-1","max-image-preview":"max-image-preview:large","max-video-preview":"max-video-preview:-1"},"canonical":"https:\/\/gruene-wiesbaden.de\/sk\/impressum\/","og_locale":"sk_SK","og_type":"article","og_title":"Impressum - B\u00dcNDNIS 90\/DIE GR\u00dcNEN Wiesbaden","og_description":"Hier findest du Informationen zu den verantwortlichen Personen f\u00fcr die Website sowie Kontaktm\u00f6glichkeiten.","og_url":"https:\/\/gruene-wiesbaden.de\/sk\/impressum\/","og_site_name":"B\u00dcNDNIS 90\/DIE GR\u00dcNEN Wiesbaden","article_publisher":"https:\/\/www.facebook.com\/gruene.wi","article_modified_time":"2026-04-07T07:48:02+00:00","twitter_card":"summary_large_image","twitter_misc":{"Predpokladan\u00fd \u010das \u010d\u00edtania":"3 minutes"},"schema":{"@context":"https:\/\/schema.org","@graph":[{"@type":"WebPage","@id":"https:\/\/gruene-wiesbaden.de\/impressum\/","url":"https:\/\/gruene-wiesbaden.de\/impressum\/","name":"Impressum - B\u00dcNDNIS 90\/DIE GR\u00dcNEN Wiesbaden","isPartOf":{"@id":"https:\/\/gruene-wiesbaden.de\/#website"},"datePublished":"2024-04-06T10:03:53+00:00","dateModified":"2026-04-07T07:48:02+00:00","description":"Hier findest du Informationen zu den verantwortlichen Personen f\u00fcr die Website sowie Kontaktm\u00f6glichkeiten.","breadcrumb":{"@id":"https:\/\/gruene-wiesbaden.de\/impressum\/#breadcrumb"},"inLanguage":"sk-SK","potentialAction":[{"@type":"ReadAction","target":["https:\/\/gruene-wiesbaden.de\/impressum\/"]}]},{"@type":"BreadcrumbList","@id":"https:\/\/gruene-wiesbaden.de\/impressum\/#breadcrumb","itemListElement":[{"@type":"ListItem","position":1,"name":"Startseite","item":"https:\/\/gruene-wiesbaden.de\/"},{"@type":"ListItem","position":2,"name":"Impressum"}]},{"@type":"WebSite","@id":"https:\/\/gruene-wiesbaden.de\/#website","url":"https:\/\/gruene-wiesbaden.de\/","name":"DIE GR\u00dcNEN Wiesbaden","description":"","publisher":{"@id":"https:\/\/gruene-wiesbaden.de\/#organization"},"potentialAction":[{"@type":"SearchAction","target":{"@type":"EntryPoint","urlTemplate":"https:\/\/gruene-wiesbaden.de\/?s={search_term_string}"},"query-input":{"@type":"PropertyValueSpecification","valueRequired":true,"valueName":"search_term_string"}}],"inLanguage":"sk-SK"},{"@type":"Organization","@id":"https:\/\/gruene-wiesbaden.de\/#organization","name":"DIE GR\u00dcNEN Wiesbaden","url":"https:\/\/gruene-wiesbaden.de\/","logo":{"@type":"ImageObject","inLanguage":"sk-SK","@id":"https:\/\/gruene-wiesbaden.de\/#\/schema\/logo\/image\/","url":"https:\/\/gruene-wiesbaden-fuer-europa.de\/wp-content\/uploads\/2024\/04\/Machen-was-zaehlt-5.png","contentUrl":"https:\/\/gruene-wiesbaden-fuer-europa.de\/wp-content\/uploads\/2024\/04\/Machen-was-zaehlt-5.png","width":1772,"height":1772,"caption":"DIE GR\u00dcNEN Wiesbaden"},"image":{"@id":"https:\/\/gruene-wiesbaden.de\/#\/schema\/logo\/image\/"},"sameAs":["https:\/\/www.facebook.com\/gruene.wi","https:\/\/instagram.com\/gruene_wi"]}]}},"_links":{"self":[{"href":"https:\/\/gruene-wiesbaden.de\/sk\/wp-json\/wp\/v2\/pages\/50","targetHints":{"allow":["GET"]}}],"collection":[{"href":"https:\/\/gruene-wiesbaden.de\/sk\/wp-json\/wp\/v2\/pages"}],"about":[{"href":"https:\/\/gruene-wiesbaden.de\/sk\/wp-json\/wp\/v2\/types\/page"}],"author":[{"embeddable":true,"href":"https:\/\/gruene-wiesbaden.de\/sk\/wp-json\/wp\/v2\/users\/1"}],"replies":[{"embeddable":true,"href":"https:\/\/gruene-wiesbaden.de\/sk\/wp-json\/wp\/v2\/comments?post=50"}],"version-history":[{"count":18,"href":"https:\/\/gruene-wiesbaden.de\/sk\/wp-json\/wp\/v2\/pages\/50\/revisions"}],"predecessor-version":[{"id":2252,"href":"https:\/\/gruene-wiesbaden.de\/sk\/wp-json\/wp\/v2\/pages\/50\/revisions\/2252"}],"wp:attachment":[{"href":"https:\/\/gruene-wiesbaden.de\/sk\/wp-json\/wp\/v2\/media?parent=50"}],"curies":[{"name":"wp","href":"https:\/\/api.w.org\/{rel}","templated":true}]}}