{"id":566,"date":"2025-03-21T10:48:11","date_gmt":"2025-03-21T10:48:11","guid":{"rendered":"http:\/\/gruene-wiesbaden.de.w0207e8f.kasserver.com\/?page_id=566"},"modified":"2026-04-07T13:35:40","modified_gmt":"2026-04-07T11:35:40","slug":"kreisgeschaeftsstelle","status":"publish","type":"page","link":"https:\/\/gruene-wiesbaden.de\/ru\/kreisgeschaeftsstelle\/","title":{"rendered":"\u041e\u0444\u0438\u0441 \u0432 \u043e\u043a\u0440\u0443\u0433\u0435"},"content":{"rendered":"<section class=\"l-section wpb_row height_auto full_height valign_center with_slider\"><div class=\"l-section-slider\"><div class=\"w-slider style_none fit_cover nav_none count_1\"><div class=\"w-slider-h\"><div class=\"royalSlider\"><div class=\"rsContent\"><a class=\"rsImg\" data-rsw=\"3264\" data-rsh=\"2000\" href=\"https:\/\/gruene-wiesbaden.de\/wp-content\/uploads\/2025\/03\/youssef-naddam-iJ2IG8ckCpA-unsplash.png\"><span data-alt=\"\"><\/span><\/a><\/div><\/div><img decoding=\"async\" src=\"https:\/\/gruene-wiesbaden.de\/wp-content\/uploads\/2025\/03\/youssef-naddam-iJ2IG8ckCpA-unsplash.png\" width=\"3264\" height=\"2000\" alt loading=\"lazy\"><\/div><div class=\"w-slider-json\" onclick='return {&quot;autoScaleSlider&quot;:true,&quot;addActiveClass&quot;:true,&quot;loop&quot;:true,&quot;fadeInLoadedSlide&quot;:false,&quot;slidesSpacing&quot;:0,&quot;imageScalePadding&quot;:0,&quot;numImagesToPreload&quot;:2,&quot;arrowsNav&quot;:false,&quot;arrowsNavAutoHide&quot;:false,&quot;transitionType&quot;:&quot;move&quot;,&quot;transitionSpeed&quot;:1000,&quot;block&quot;:{&quot;moveEffect&quot;:&quot;none&quot;,&quot;speed&quot;:300},&quot;thumbs&quot;:{&quot;fitInViewport&quot;:false,&quot;firstMargin&quot;:false,&quot;spacing&quot;:4},&quot;controlNavigation&quot;:&quot;none&quot;,&quot;autoplay&quot;:{&quot;enabled&quot;:true,&quot;pauseOnHover&quot;:false,&quot;delay&quot;:3000},&quot;autoScaleSliderWidth&quot;:3264,&quot;autoScaleSliderHeight&quot;:2000}'><\/div><\/div><\/div><div class=\"l-section-overlay\" style=\"background:rgba(0,0,0,0.15)\"><\/div><div class=\"l-section-h i-cf\"><div class=\"g-cols vc_row via_grid cols_1 laptops-cols_inherit tablets-cols_inherit mobiles-cols_1 valign_top type_default stacking_default\" style=\"--columns-gap:0rem;\"><div class=\"wpb_column vc_column_container\"><div class=\"vc_column-inner\"><div class=\"g-cols wpb_row us_custom_fe17fac6 has_text_color via_grid cols_1 laptops-cols_inherit tablets-cols_inherit mobiles-cols_1 valign_top type_default stacking_default\" style=\"--columns-gap:3rem;\"><div class=\"wpb_column vc_column_container\"><div class=\"vc_column-inner\"><div class=\"w-separator size_large\"><\/div><div class=\"w-separator size_small\"><\/div><div class=\"w-separator size_small\"><\/div><div class=\"wpb_text_column us_custom_2d6d43ab has_text_color background_inside_text\"><div class=\"wpb_wrapper\"><h1 style=\"text-align: center;\">\u0421\u0412\u042f\u0416\u0418\u0422\u0415\u0421\u042c \u0421 \u041d\u0410\u041c\u0418<\/h1>\n<\/div><\/div><\/div><\/div><\/div><\/div><\/div><\/div><\/div><\/section><section class=\"l-section wpb_row height_medium\"><div class=\"l-section-overlay\" style=\"background:var(--color-header-middle-bg)\"><\/div><div class=\"l-section-h i-cf\"><div class=\"g-cols vc_row via_grid cols_1 laptops-cols_inherit tablets-cols_inherit mobiles-cols_1 valign_top type_default stacking_default\"><div class=\"wpb_column vc_column_container\"><div class=\"vc_column-inner\"><div class=\"g-cols wpb_row via_grid cols_1 laptops-cols_inherit tablets-cols_inherit mobiles-cols_1 valign_top type_default stacking_default\" style=\"--columns-gap:3rem;\"><div class=\"wpb_column vc_column_container\"><div class=\"vc_column-inner\"><div class=\"wpb_text_column us_custom_564c68c1 has_text_color\"><div class=\"wpb_wrapper\"><h3>\u041f\u0435\u0440\u0432\u044b\u0439 \u043a\u043e\u043d\u0442\u0430\u043a\u0442\u043d\u044b\u0439 \u043f\u0443\u043d\u043a\u0442 \u0432 \u043d\u0430\u0448\u0435\u0439 \u0440\u0430\u0439\u043e\u043d\u043d\u043e\u0439 \u0430\u0441\u0441\u043e\u0446\u0438\u0430\u0446\u0438\u0438<\/h3>\n<p>\u0420\u0430\u0439\u043e\u043d\u043d\u044b\u0439 \u043e\u0444\u0438\u0441 (KGS) \u044f\u0432\u043b\u044f\u0435\u0442\u0441\u044f \u043e\u0440\u0433\u0430\u043d\u0438\u0437\u0430\u0446\u0438\u043e\u043d\u043d\u043e\u0439 \u0448\u0442\u0430\u0431-\u043a\u0432\u0430\u0440\u0442\u0438\u0440\u043e\u0439 Wiesbadener GR\u00dcNEN. \u0417\u0434\u0435\u0441\u044c \u0432\u044b \u043d\u0430\u0439\u0434\u0435\u0442\u0435 \u043a\u043e\u043d\u0442\u0430\u043a\u0442\u044b \u043f\u043e \u043e\u0431\u0449\u0438\u043c \u0442\u0435\u043c\u0430\u043c, \u043c\u0430\u0442\u0435\u0440\u0438\u0430\u043b\u044b \u0438 \u043e\u0442\u0432\u0435\u0442\u044b \u043d\u0430 \u0432\u043e\u043f\u0440\u043e\u0441\u044b \u043e \u0441\u0442\u0440\u0443\u043a\u0442\u0443\u0440\u0435, \u043e\u0440\u0433\u0430\u043d\u0438\u0437\u0430\u0446\u0438\u0438 \u0438 \u043c\u0435\u0440\u043e\u043f\u0440\u0438\u044f\u0442\u0438\u044f\u0445.<\/p>\n<p>\u041d\u0435 \u0441\u0442\u0435\u0441\u043d\u044f\u0439\u0442\u0435\u0441\u044c \u0440\u0430\u0437\u0432\u0435\u0440\u043d\u0443\u0442\u044c\u0441\u044f \u0441\u043e \u0441\u0432\u043e\u0438\u043c\u0438 \u0434\u0435\u043b\u0430\u043c\u0438 \u0437\u0434\u0435\u0441\u044c. \u041c\u044b \u0432\u0441\u0435\u0433\u0434\u0430 \u043e\u0442\u043a\u0440\u044b\u0442\u044b \u0434\u043b\u044f \u043b\u044e\u0431\u044b\u0445 \u0432\u043e\u043f\u0440\u043e\u0441\u043e\u0432, \u043f\u0440\u0435\u0434\u043b\u043e\u0436\u0435\u043d\u0438\u0439 \u0438 \u043a\u043e\u043d\u0441\u0442\u0440\u0443\u043a\u0442\u0438\u0432\u043d\u043e\u0439 \u043a\u0440\u0438\u0442\u0438\u043a\u0438. \u041d\u0430\u0448\u0430 \u0446\u0435\u043b\u044c - \u043e\u0442\u0432\u0435\u0442\u0438\u0442\u044c \u043d\u0430 \u0432\u0441\u0435 \u0437\u0430\u043f\u0440\u043e\u0441\u044b \u0431\u044b\u0441\u0442\u0440\u043e \u0438 \u0433\u0440\u0430\u043c\u043e\u0442\u043d\u043e. \u041a\u043e\u043c\u0430\u043d\u0434\u0430 KGS \u0431\u0443\u0434\u0435\u0442 \u0440\u0430\u0434\u0430 \u043f\u043e\u043c\u043e\u0447\u044c \u0432\u0430\u043c \u0438\u043b\u0438 \u043d\u0430\u043f\u0440\u0430\u0432\u0438\u0442\u044c \u0432\u0430\u0441 \u043a \u0441\u043e\u043e\u0442\u0432\u0435\u0442\u0441\u0442\u0432\u0443\u044e\u0449\u0438\u043c \u043b\u0438\u0446\u0430\u043c.<\/p>\n<p>\u0415\u0441\u043b\u0438 \u0432\u044b \u0445\u043e\u0442\u0438\u0442\u0435 \u043f\u0440\u0438\u0435\u0445\u0430\u0442\u044c \u043b\u0438\u0447\u043d\u043e, \u043f\u043e\u0436\u0430\u043b\u0443\u0439\u0441\u0442\u0430, \u0437\u0430\u0440\u0435\u0433\u0438\u0441\u0442\u0440\u0438\u0440\u0443\u0439\u0442\u0435\u0441\u044c \u043f\u043e \u0442\u0435\u043b\u0435\u0444\u043e\u043d\u0443 \u0438\u043b\u0438 \u044d\u043b\u0435\u043a\u0442\u0440\u043e\u043d\u043d\u043e\u0439 \u043f\u043e\u0447\u0442\u0435, \u0442\u0430\u043a \u043a\u0430\u043a \u043c\u044b \u043d\u0435 \u0432\u0441\u0435\u0433\u0434\u0430 \u043d\u0430\u0445\u043e\u0434\u0438\u043c\u0441\u044f \u0432 \u043e\u0444\u0438\u0441\u0435 \u043d\u0430 \u043c\u0435\u0441\u0442\u0435.<\/p>\n<p>\u0410\u043b\u044c\u044f\u043d\u0441 90\/\u0417\u0435\u043b\u0435\u043d\u044b\u0435<br \/>\n\u0412\u0438\u0441\u0431\u0430\u0434\u0435\u043d\u0441\u043a\u0430\u044f \u0440\u0430\u0439\u043e\u043d\u043d\u0430\u044f \u0430\u0441\u0441\u043e\u0446\u0438\u0430\u0446\u0438\u044f<br \/>\n\u041c\u0430\u0439\u043d\u0446\u0435\u0440-\u0448\u0442\u0440\u0430\u0441\u0441\u0435 75<br \/>\n65189 \u0433 \u0412\u0438\u0441\u0431\u0430\u0434\u0435\u043d<\/p>\n<p>\u0422\u0435\u043b\u0435\u0444\u043e\u043d: 0152 25 29 35 65<br \/>\n\u042d\u043b\u0435\u043a\u0442\u0440\u043e\u043d\u043d\u0430\u044f \u043f\u043e\u0447\u0442\u0430: kreisverband@gruene-wiesbaden.de<\/p>\n<\/div><\/div><\/div><\/div><\/div><\/div><\/div><\/div><\/div><\/section>","protected":false},"excerpt":{"rendered":"\u041f\u0435\u0440\u0432\u044b\u0439 \u043a\u043e\u043d\u0442\u0430\u043a\u0442\u043d\u044b\u0439 \u043f\u0443\u043d\u043a\u0442 \u0432 \u043d\u0430\u0448\u0435\u0439 \u0440\u0430\u0439\u043e\u043d\u043d\u043e\u0439 \u0430\u0441\u0441\u043e\u0446\u0438\u0430\u0446\u0438\u0438 \u0420\u0430\u0439\u043e\u043d\u043d\u044b\u0439 \u043e\u0444\u0438\u0441 (KGS) \u044f\u0432\u043b\u044f\u0435\u0442\u0441\u044f \u043e\u0440\u0433\u0430\u043d\u0438\u0437\u0430\u0446\u0438\u043e\u043d\u043d\u043e\u0439 \u0448\u0442\u0430\u0431-\u043a\u0432\u0430\u0440\u0442\u0438\u0440\u043e\u0439 \u0412\u0438\u0441\u0431\u0430\u0434\u0435\u043d\u0441\u043a\u0438\u0445 \u0437\u0435\u043b\u0435\u043d\u044b\u0445. \u0417\u0434\u0435\u0441\u044c \u0432\u044b \u043d\u0430\u0439\u0434\u0435\u0442\u0435 \u043a\u043e\u043d\u0442\u0430\u043a\u0442\u044b \u043f\u043e \u043e\u0431\u0449\u0438\u043c \u0442\u0435\u043c\u0430\u043c, \u043c\u0430\u0442\u0435\u0440\u0438\u0430\u043b\u044b \u0438 \u043e\u0442\u0432\u0435\u0442\u044b \u043d\u0430 \u0432\u043e\u043f\u0440\u043e\u0441\u044b \u043e \u0441\u0442\u0440\u0443\u043a\u0442\u0443\u0440\u0435, \u043e\u0440\u0433\u0430\u043d\u0438\u0437\u0430\u0446\u0438\u0438 \u0438 \u043c\u0435\u0440\u043e\u043f\u0440\u0438\u044f\u0442\u0438\u044f\u0445. \u041d\u0435 \u0441\u0442\u0435\u0441\u043d\u044f\u0439\u0442\u0435\u0441\u044c \u0440\u0430\u0437\u0432\u0435\u0440\u043d\u0443\u0442\u044c\u0441\u044f \u0441\u043e \u0441\u0432\u043e\u0438\u043c\u0438 \u0434\u0435\u043b\u0430\u043c\u0438 \u0437\u0434\u0435\u0441\u044c. \u041d\u0430 \u0432\u0441\u0435\u0432\u043e\u0437\u043c\u043e\u0436\u043d\u044b\u0435 \u0432\u043e\u043f\u0440\u043e\u0441\u044b, \u043f\u0440\u0435\u0434\u043b\u043e\u0436\u0435\u043d\u0438\u044f \u0438 \u043a\u043e\u043d\u0441\u0442\u0440\u0443\u043a\u0442\u0438\u0432\u043d\u0443\u044e \u043a\u0440\u0438\u0442\u0438\u043a\u0443 \u0443 \u043d\u0430\u0441 \u0435\u0441\u0442\u044c...","protected":false},"author":1,"featured_media":0,"parent":0,"menu_order":0,"comment_status":"closed","ping_status":"closed","template":"","meta":{"footnotes":""},"class_list":["post-566","page","type-page","status-publish","hentry"],"yoast_head":"<!-- This site is optimized with the Yoast SEO plugin v27.5 - https:\/\/yoast.com\/product\/yoast-seo-wordpress\/ -->\n<title>Kreisgesch\u00e4ftsstelle - B\u00dcNDNIS 90\/DIE GR\u00dcNEN Wiesbaden<\/title>\n<meta name=\"description\" content=\"Hier findest du Informationen zu Kontaktm\u00f6glichkeiten mit der Kreisgesch\u00e4ftsstelle des Kreisverbandes von B\u00dcNDNIS 90\/ DIE GR\u00dcNEN Wiesbaden.\" \/>\n<meta name=\"robots\" content=\"index, follow, max-snippet:-1, max-image-preview:large, max-video-preview:-1\" \/>\n<link rel=\"canonical\" href=\"https:\/\/gruene-wiesbaden.de\/ru\/kreisgeschaeftsstelle\/\" \/>\n<meta property=\"og:locale\" content=\"ru_RU\" \/>\n<meta property=\"og:type\" content=\"article\" \/>\n<meta property=\"og:title\" content=\"Kreisgesch\u00e4ftsstelle - B\u00dcNDNIS 90\/DIE GR\u00dcNEN Wiesbaden\" \/>\n<meta property=\"og:description\" content=\"Hier findest du Informationen zu Kontaktm\u00f6glichkeiten mit der Kreisgesch\u00e4ftsstelle des Kreisverbandes von B\u00dcNDNIS 90\/ DIE GR\u00dcNEN Wiesbaden.\" \/>\n<meta property=\"og:url\" content=\"https:\/\/gruene-wiesbaden.de\/ru\/kreisgeschaeftsstelle\/\" \/>\n<meta property=\"og:site_name\" content=\"B\u00dcNDNIS 90\/DIE GR\u00dcNEN Wiesbaden\" \/>\n<meta property=\"article:publisher\" content=\"https:\/\/www.facebook.com\/gruene.wi\" \/>\n<meta property=\"article:modified_time\" content=\"2026-04-07T11:35:40+00:00\" \/>\n<meta name=\"twitter:card\" content=\"summary_large_image\" \/>\n<meta name=\"twitter:label1\" content=\"\u041f\u0440\u0438\u043c\u0435\u0440\u043d\u043e\u0435 \u0432\u0440\u0435\u043c\u044f \u0434\u043b\u044f \u0447\u0442\u0435\u043d\u0438\u044f\" \/>\n\t<meta name=\"twitter:data1\" content=\"1 minute\" \/>\n<script type=\"application\/ld+json\" class=\"yoast-schema-graph\">{\"@context\":\"https:\\\/\\\/schema.org\",\"@graph\":[{\"@type\":\"WebPage\",\"@id\":\"https:\\\/\\\/gruene-wiesbaden.de\\\/kreisgeschaeftsstelle\\\/\",\"url\":\"https:\\\/\\\/gruene-wiesbaden.de\\\/kreisgeschaeftsstelle\\\/\",\"name\":\"Kreisgesch\u00e4ftsstelle - B\u00dcNDNIS 90\\\/DIE GR\u00dcNEN Wiesbaden\",\"isPartOf\":{\"@id\":\"https:\\\/\\\/gruene-wiesbaden.de\\\/#website\"},\"datePublished\":\"2025-03-21T10:48:11+00:00\",\"dateModified\":\"2026-04-07T11:35:40+00:00\",\"description\":\"Hier findest du Informationen zu Kontaktm\u00f6glichkeiten mit der Kreisgesch\u00e4ftsstelle des Kreisverbandes von B\u00dcNDNIS 90\\\/ DIE GR\u00dcNEN Wiesbaden.\",\"breadcrumb\":{\"@id\":\"https:\\\/\\\/gruene-wiesbaden.de\\\/kreisgeschaeftsstelle\\\/#breadcrumb\"},\"inLanguage\":\"ru-RU\",\"potentialAction\":[{\"@type\":\"ReadAction\",\"target\":[\"https:\\\/\\\/gruene-wiesbaden.de\\\/kreisgeschaeftsstelle\\\/\"]}]},{\"@type\":\"BreadcrumbList\",\"@id\":\"https:\\\/\\\/gruene-wiesbaden.de\\\/kreisgeschaeftsstelle\\\/#breadcrumb\",\"itemListElement\":[{\"@type\":\"ListItem\",\"position\":1,\"name\":\"Startseite\",\"item\":\"https:\\\/\\\/gruene-wiesbaden.de\\\/\"},{\"@type\":\"ListItem\",\"position\":2,\"name\":\"Kreisgesch\u00e4ftsstelle\"}]},{\"@type\":\"WebSite\",\"@id\":\"https:\\\/\\\/gruene-wiesbaden.de\\\/#website\",\"url\":\"https:\\\/\\\/gruene-wiesbaden.de\\\/\",\"name\":\"DIE GR\u00dcNEN Wiesbaden\",\"description\":\"\",\"publisher\":{\"@id\":\"https:\\\/\\\/gruene-wiesbaden.de\\\/#organization\"},\"potentialAction\":[{\"@type\":\"SearchAction\",\"target\":{\"@type\":\"EntryPoint\",\"urlTemplate\":\"https:\\\/\\\/gruene-wiesbaden.de\\\/?s={search_term_string}\"},\"query-input\":{\"@type\":\"PropertyValueSpecification\",\"valueRequired\":true,\"valueName\":\"search_term_string\"}}],\"inLanguage\":\"ru-RU\"},{\"@type\":\"Organization\",\"@id\":\"https:\\\/\\\/gruene-wiesbaden.de\\\/#organization\",\"name\":\"DIE GR\u00dcNEN Wiesbaden\",\"url\":\"https:\\\/\\\/gruene-wiesbaden.de\\\/\",\"logo\":{\"@type\":\"ImageObject\",\"inLanguage\":\"ru-RU\",\"@id\":\"https:\\\/\\\/gruene-wiesbaden.de\\\/#\\\/schema\\\/logo\\\/image\\\/\",\"url\":\"https:\\\/\\\/gruene-wiesbaden-fuer-europa.de\\\/wp-content\\\/uploads\\\/2024\\\/04\\\/Machen-was-zaehlt-5.png\",\"contentUrl\":\"https:\\\/\\\/gruene-wiesbaden-fuer-europa.de\\\/wp-content\\\/uploads\\\/2024\\\/04\\\/Machen-was-zaehlt-5.png\",\"width\":1772,\"height\":1772,\"caption\":\"DIE GR\u00dcNEN Wiesbaden\"},\"image\":{\"@id\":\"https:\\\/\\\/gruene-wiesbaden.de\\\/#\\\/schema\\\/logo\\\/image\\\/\"},\"sameAs\":[\"https:\\\/\\\/www.facebook.com\\\/gruene.wi\",\"https:\\\/\\\/instagram.com\\\/gruene_wi\"]}]}<\/script>\n<!-- \/ Yoast SEO plugin. -->","yoast_head_json":{"title":"Kreisgesch\u00e4ftsstelle - B\u00dcNDNIS 90\/DIE GR\u00dcNEN Wiesbaden","description":"Hier findest du Informationen zu Kontaktm\u00f6glichkeiten mit der Kreisgesch\u00e4ftsstelle des Kreisverbandes von B\u00dcNDNIS 90\/ DIE GR\u00dcNEN Wiesbaden.","robots":{"index":"index","follow":"follow","max-snippet":"max-snippet:-1","max-image-preview":"max-image-preview:large","max-video-preview":"max-video-preview:-1"},"canonical":"https:\/\/gruene-wiesbaden.de\/ru\/kreisgeschaeftsstelle\/","og_locale":"ru_RU","og_type":"article","og_title":"Kreisgesch\u00e4ftsstelle - B\u00dcNDNIS 90\/DIE GR\u00dcNEN Wiesbaden","og_description":"Hier findest du Informationen zu Kontaktm\u00f6glichkeiten mit der Kreisgesch\u00e4ftsstelle des Kreisverbandes von B\u00dcNDNIS 90\/ DIE GR\u00dcNEN Wiesbaden.","og_url":"https:\/\/gruene-wiesbaden.de\/ru\/kreisgeschaeftsstelle\/","og_site_name":"B\u00dcNDNIS 90\/DIE GR\u00dcNEN Wiesbaden","article_publisher":"https:\/\/www.facebook.com\/gruene.wi","article_modified_time":"2026-04-07T11:35:40+00:00","twitter_card":"summary_large_image","twitter_misc":{"\u041f\u0440\u0438\u043c\u0435\u0440\u043d\u043e\u0435 \u0432\u0440\u0435\u043c\u044f \u0434\u043b\u044f \u0447\u0442\u0435\u043d\u0438\u044f":"1 minute"},"schema":{"@context":"https:\/\/schema.org","@graph":[{"@type":"WebPage","@id":"https:\/\/gruene-wiesbaden.de\/kreisgeschaeftsstelle\/","url":"https:\/\/gruene-wiesbaden.de\/kreisgeschaeftsstelle\/","name":"Kreisgesch\u00e4ftsstelle - B\u00dcNDNIS 90\/DIE GR\u00dcNEN Wiesbaden","isPartOf":{"@id":"https:\/\/gruene-wiesbaden.de\/#website"},"datePublished":"2025-03-21T10:48:11+00:00","dateModified":"2026-04-07T11:35:40+00:00","description":"Hier findest du Informationen zu Kontaktm\u00f6glichkeiten mit der Kreisgesch\u00e4ftsstelle des Kreisverbandes von B\u00dcNDNIS 90\/ DIE GR\u00dcNEN Wiesbaden.","breadcrumb":{"@id":"https:\/\/gruene-wiesbaden.de\/kreisgeschaeftsstelle\/#breadcrumb"},"inLanguage":"ru-RU","potentialAction":[{"@type":"ReadAction","target":["https:\/\/gruene-wiesbaden.de\/kreisgeschaeftsstelle\/"]}]},{"@type":"BreadcrumbList","@id":"https:\/\/gruene-wiesbaden.de\/kreisgeschaeftsstelle\/#breadcrumb","itemListElement":[{"@type":"ListItem","position":1,"name":"Startseite","item":"https:\/\/gruene-wiesbaden.de\/"},{"@type":"ListItem","position":2,"name":"Kreisgesch\u00e4ftsstelle"}]},{"@type":"WebSite","@id":"https:\/\/gruene-wiesbaden.de\/#website","url":"https:\/\/gruene-wiesbaden.de\/","name":"DIE GR\u00dcNEN Wiesbaden","description":"","publisher":{"@id":"https:\/\/gruene-wiesbaden.de\/#organization"},"potentialAction":[{"@type":"SearchAction","target":{"@type":"EntryPoint","urlTemplate":"https:\/\/gruene-wiesbaden.de\/?s={search_term_string}"},"query-input":{"@type":"PropertyValueSpecification","valueRequired":true,"valueName":"search_term_string"}}],"inLanguage":"ru-RU"},{"@type":"Organization","@id":"https:\/\/gruene-wiesbaden.de\/#organization","name":"DIE GR\u00dcNEN Wiesbaden","url":"https:\/\/gruene-wiesbaden.de\/","logo":{"@type":"ImageObject","inLanguage":"ru-RU","@id":"https:\/\/gruene-wiesbaden.de\/#\/schema\/logo\/image\/","url":"https:\/\/gruene-wiesbaden-fuer-europa.de\/wp-content\/uploads\/2024\/04\/Machen-was-zaehlt-5.png","contentUrl":"https:\/\/gruene-wiesbaden-fuer-europa.de\/wp-content\/uploads\/2024\/04\/Machen-was-zaehlt-5.png","width":1772,"height":1772,"caption":"DIE GR\u00dcNEN Wiesbaden"},"image":{"@id":"https:\/\/gruene-wiesbaden.de\/#\/schema\/logo\/image\/"},"sameAs":["https:\/\/www.facebook.com\/gruene.wi","https:\/\/instagram.com\/gruene_wi"]}]}},"_links":{"self":[{"href":"https:\/\/gruene-wiesbaden.de\/ru\/wp-json\/wp\/v2\/pages\/566","targetHints":{"allow":["GET"]}}],"collection":[{"href":"https:\/\/gruene-wiesbaden.de\/ru\/wp-json\/wp\/v2\/pages"}],"about":[{"href":"https:\/\/gruene-wiesbaden.de\/ru\/wp-json\/wp\/v2\/types\/page"}],"author":[{"embeddable":true,"href":"https:\/\/gruene-wiesbaden.de\/ru\/wp-json\/wp\/v2\/users\/1"}],"replies":[{"embeddable":true,"href":"https:\/\/gruene-wiesbaden.de\/ru\/wp-json\/wp\/v2\/comments?post=566"}],"version-history":[{"count":24,"href":"https:\/\/gruene-wiesbaden.de\/ru\/wp-json\/wp\/v2\/pages\/566\/revisions"}],"predecessor-version":[{"id":2301,"href":"https:\/\/gruene-wiesbaden.de\/ru\/wp-json\/wp\/v2\/pages\/566\/revisions\/2301"}],"wp:attachment":[{"href":"https:\/\/gruene-wiesbaden.de\/ru\/wp-json\/wp\/v2\/media?parent=566"}],"curies":[{"name":"wp","href":"https:\/\/api.w.org\/{rel}","templated":true}]}}