{"id":55,"date":"2024-04-06T10:33:41","date_gmt":"2024-04-06T10:33:41","guid":{"rendered":"https:\/\/gruene-wiesbaden-fuer-europa.de\/?page_id=55"},"modified":"2026-04-07T10:00:45","modified_gmt":"2026-04-07T08:00:45","slug":"datenschutz","status":"publish","type":"page","link":"https:\/\/gruene-wiesbaden.de\/pt\/datenschutz\/","title":{"rendered":"privacidade"},"content":{"rendered":"<section class=\"l-section wpb_row height_auto full_height valign_center with_slider\"><div class=\"l-section-slider\"><div class=\"w-slider style_none fit_cover nav_none count_1\"><div class=\"w-slider-h\"><div class=\"royalSlider\"><div class=\"rsContent\"><a class=\"rsImg\" data-rsw=\"3264\" data-rsh=\"2000\" href=\"https:\/\/gruene-wiesbaden.de\/wp-content\/uploads\/2025\/03\/youssef-naddam-iJ2IG8ckCpA-unsplash.png\"><span data-alt=\"\"><\/span><\/a><\/div><\/div><img decoding=\"async\" src=\"https:\/\/gruene-wiesbaden.de\/wp-content\/uploads\/2025\/03\/youssef-naddam-iJ2IG8ckCpA-unsplash.png\" width=\"3264\" height=\"2000\" alt loading=\"lazy\"><\/div><div class=\"w-slider-json\" onclick='return {&quot;autoScaleSlider&quot;:true,&quot;addActiveClass&quot;:true,&quot;loop&quot;:true,&quot;fadeInLoadedSlide&quot;:false,&quot;slidesSpacing&quot;:0,&quot;imageScalePadding&quot;:0,&quot;numImagesToPreload&quot;:2,&quot;arrowsNav&quot;:false,&quot;arrowsNavAutoHide&quot;:false,&quot;transitionType&quot;:&quot;move&quot;,&quot;transitionSpeed&quot;:1000,&quot;block&quot;:{&quot;moveEffect&quot;:&quot;none&quot;,&quot;speed&quot;:300},&quot;thumbs&quot;:{&quot;fitInViewport&quot;:false,&quot;firstMargin&quot;:false,&quot;spacing&quot;:4},&quot;controlNavigation&quot;:&quot;none&quot;,&quot;autoplay&quot;:{&quot;enabled&quot;:true,&quot;pauseOnHover&quot;:false,&quot;delay&quot;:3000},&quot;autoScaleSliderWidth&quot;:3264,&quot;autoScaleSliderHeight&quot;:2000}'><\/div><\/div><\/div><div class=\"l-section-h i-cf\"><div class=\"g-cols vc_row via_grid cols_1 laptops-cols_inherit tablets-cols_inherit mobiles-cols_1 valign_top type_default stacking_default\" style=\"--columns-gap:0rem;\"><div class=\"wpb_column vc_column_container\"><div class=\"vc_column-inner\"><div class=\"g-cols wpb_row via_grid cols_1 laptops-cols_inherit tablets-cols_inherit mobiles-cols_1 valign_top type_default stacking_default\" style=\"--columns-gap:3rem;\"><div class=\"wpb_column vc_column_container\"><div class=\"vc_column-inner\"><div class=\"wpb_text_column us_custom_2d6d43ab has_text_color background_inside_text\"><div class=\"wpb_wrapper\"><h1 style=\"text-align: center;\">POL\u00cdTICA DE PRIVACIDADE<\/h1>\n<\/div><\/div><div class=\"w-separator size_large\"><\/div><div class=\"w-separator size_small\"><\/div><\/div><\/div><\/div><\/div><\/div><\/div><\/div><\/section><section class=\"l-section wpb_row height_medium\"><div class=\"l-section-overlay\" style=\"background:var(--color-alt-content-bg)\"><\/div><div class=\"l-section-h i-cf\"><div class=\"g-cols vc_row via_grid cols_1 laptops-cols_inherit tablets-cols_inherit mobiles-cols_1 valign_top type_default stacking_default\"><div class=\"wpb_column vc_column_container\"><div class=\"vc_column-inner\"><div class=\"g-cols wpb_row via_grid cols_1 laptops-cols_inherit tablets-cols_inherit mobiles-cols_1 valign_middle type_boxes stacking_default\" style=\"--columns-gap:3rem;\"><div class=\"wpb_column vc_column_container\"><div class=\"vc_column-inner\"><div class=\"wpb_text_column us_custom_564c68c1 has_text_color\"><div class=\"wpb_wrapper\"><h3 id=\"m716\">introdu\u00e7\u00e3o<\/h3>\n<p>Com a seguinte declara\u00e7\u00e3o de prote\u00e7\u00e3o de dados, gostar\u00edamos de inform\u00e1-lo que tipos dos seus dados pessoais (doravante tamb\u00e9m referidos como \"dados\") processamos para que finalidades e em que medida. A declara\u00e7\u00e3o de prote\u00e7\u00e3o de dados aplica-se a todo o tratamento de dados pessoais efetuado por n\u00f3s, tanto no contexto da presta\u00e7\u00e3o dos nossos servi\u00e7os como, em particular, nos nossos websites, em aplica\u00e7\u00f5es m\u00f3veis e em presen\u00e7as online externas, como os nossos perfis nas redes sociais (doravante coletivamente referidos como \"oferta online\").<\/p>\n<p>Situa\u00e7\u00e3o: 18 de junho de 2025<\/p>\n<\/div><\/div><div class=\"w-separator size_medium\"><\/div><div class=\"wpb_text_column us_custom_564c68c1 has_text_color\"><div class=\"wpb_wrapper\"><h3 id=\"m3\">Pessoa respons\u00e1vel<\/h3>\n<p><b>Rebecca Thomas<\/b><br \/>\nMainzer Stra\u00dfe 75<br \/>\n65189 Wiesbaden<\/p>\n<p>Endere\u00e7o eletr\u00f3nico: <a href=\"mailto:kreisverband@gruene-wiesbaden.de\">kreisverband@gruene-wiesbaden.de<\/a><\/p>\n<p>Impress\u00e3o: <a href=\"https:\/\/gruene-wiesbaden.de\/pt\/impressum\/\" target=\"_blank\" rel=\"noopener\">https:\/\/gruene-wiesbaden.de\/impressum<\/a><\/p>\n<\/div><\/div><div class=\"w-separator size_medium\"><\/div><div class=\"wpb_text_column us_custom_564c68c1 has_text_color\"><div class=\"wpb_wrapper\"><h3 id=\"m2427\">Bases jur\u00eddicas pertinentes<\/h3>\n<h5>Bases jur\u00eddicas pertinentes de acordo com o RGPD:<\/h5>\n<p>Abaixo encontra-se uma vis\u00e3o geral das bases jur\u00eddicas do RGPD nas quais tratamos os dados pessoais. Tenha em aten\u00e7\u00e3o que, para al\u00e9m das disposi\u00e7\u00f5es do RGPD, podem aplicar-se regulamentos nacionais de prote\u00e7\u00e3o de dados no seu pa\u00eds ou no nosso pa\u00eds de resid\u00eancia ou domic\u00edlio. Se bases jur\u00eddicas mais espec\u00edficas forem relevantes em casos individuais, inform\u00e1-lo-emos na declara\u00e7\u00e3o de prote\u00e7\u00e3o de dados.<\/p>\n<ul>\n<li>Consentimento (artigo 6.o, n.o 1, primeiro per\u00edodo, al\u00ednea a), do RGPD) \u2013 O titular dos dados deu o seu consentimento para o tratamento dos dados pessoais que lhe digam respeito para uma finalidade espec\u00edfica ou para v\u00e1rias finalidades espec\u00edficas.<\/li>\n<li>Interesses leg\u00edtimos (artigo 6.o, n.o 1, al\u00ednea f), do RGPD) \u2013 O tratamento \u00e9 necess\u00e1rio para salvaguardar os interesses leg\u00edtimos do respons\u00e1vel pelo tratamento ou de terceiros, a menos que prevale\u00e7am os interesses ou os direitos e liberdades fundamentais do titular dos dados, que exigem a prote\u00e7\u00e3o de dados pessoais.<\/li>\n<\/ul>\n<h5>Regulamenta\u00e7\u00e3o nacional em mat\u00e9ria de prote\u00e7\u00e3o de dados na Alemanha:<\/h5>\n<p>Al\u00e9m dos regulamentos de prote\u00e7\u00e3o de dados do GDPR, os regulamentos nacionais de prote\u00e7\u00e3o de dados aplicam-se na Alemanha. Tal inclui, em especial, a Lei relativa \u00e0 prote\u00e7\u00e3o contra o abuso de dados pessoais no tratamento de dados (Lei Federal de Prote\u00e7\u00e3o de Dados \u2013 BDSG). Em especial, a BDSG cont\u00e9m disposi\u00e7\u00f5es especiais sobre o direito de acesso, o direito de apagamento, o direito de oposi\u00e7\u00e3o, o tratamento de categorias especiais de dados pessoais, o tratamento para outros fins e a transmiss\u00e3o, bem como a tomada de decis\u00f5es automatizada em casos individuais, incluindo a defini\u00e7\u00e3o de perfis. Al\u00e9m disso, as leis estaduais de prote\u00e7\u00e3o de dados dos estados federais individuais podem ser aplicadas.<\/p>\n<h5 id=\"m27\">Medidas de seguran\u00e7a<\/h5>\n<p>Tomamos as medidas t\u00e9cnicas e organizativas adequadas de acordo com os requisitos legais, tendo em conta o estado da arte, os custos de implementa\u00e7\u00e3o e a natureza, \u00e2mbito, circunst\u00e2ncias e finalidades do tratamento, bem como as diferentes probabilidades de ocorr\u00eancia e a extens\u00e3o da amea\u00e7a aos direitos e liberdades das pessoas singulares, a fim de assegurar um n\u00edvel de prote\u00e7\u00e3o adequado ao risco.<\/p>\n<p>As medidas incluem, em especial, a salvaguarda da confidencialidade, integridade e disponibilidade dos dados atrav\u00e9s do controlo do acesso f\u00edsico e eletr\u00f3nico, do acesso, da introdu\u00e7\u00e3o, da partilha, da garantia da disponibilidade e da segrega\u00e7\u00e3o dos dados. Al\u00e9m disso, estabelecemos procedimentos que garantem o exerc\u00edcio dos direitos dos titulares dos dados, a elimina\u00e7\u00e3o de dados e rea\u00e7\u00f5es \u00e0 amea\u00e7a aos dados. Tamb\u00e9m temos em conta a prote\u00e7\u00e3o de dados pessoais ao desenvolver ou selecionar hardware, software e procedimentos de acordo com o princ\u00edpio da prote\u00e7\u00e3o de dados, desde a conce\u00e7\u00e3o e por defeito.<\/p>\n<p>Encripta\u00e7\u00e3o TLS (https): Para proteger os seus dados transmitidos atrav\u00e9s da nossa oferta online, utilizamos a encripta\u00e7\u00e3o TLS. Pode reconhecer essas liga\u00e7\u00f5es encriptadas atrav\u00e9s do prefixo https:\/\/ na barra de endere\u00e7os do seu browser.<\/p>\n<h5 id=\"m12\">Supress\u00e3o de dados<\/h5>\n<p>Os dados processados por n\u00f3s ser\u00e3o eliminados de acordo com os requisitos legais assim que os seus consentimentos permitidos para o processamento forem revogados ou outras permiss\u00f5es forem omitidas (por exemplo, se a finalidade do processamento destes dados tiver cessado ou n\u00e3o forem necess\u00e1rios para a finalidade). A menos que os dados sejam eliminados por serem necess\u00e1rios para outras finalidades legalmente permitidas, o seu tratamento limitar-se-\u00e1 a estas finalidades. Isto significa que os dados s\u00e3o bloqueados e n\u00e3o processados para outros fins. Tal aplica-se, por exemplo, aos dados que devem ser conservados por raz\u00f5es de direito comercial ou fiscal ou cuja conserva\u00e7\u00e3o \u00e9 necess\u00e1ria para a declara\u00e7\u00e3o, o exerc\u00edcio ou a defesa de um direito num processo judicial ou para a prote\u00e7\u00e3o dos direitos de outra pessoa singular ou coletiva.<\/p>\n<p>As nossas informa\u00e7\u00f5es de prote\u00e7\u00e3o de dados tamb\u00e9m podem conter mais informa\u00e7\u00f5es sobre o armazenamento e a elimina\u00e7\u00e3o de dados, o que se aplica principalmente \u00e0s respetivas opera\u00e7\u00f5es de tratamento.<\/p>\n<h5 id=\"m10\">Direitos dos titulares dos dados<\/h5>\n<p>Direitos dos titulares dos dados ao abrigo do RGPD: Enquanto titular dos dados, tem direito a v\u00e1rios direitos ao abrigo do RGPD, que decorrem, em especial, dos artigos 15.o a 21.o do RGPD:<\/p>\n<ul>\n<li><strong>Direito de oposi\u00e7\u00e3o: <\/strong>Tem o direito de se opor a qualquer momento, por motivos relacionados com a sua situa\u00e7\u00e3o particular, ao tratamento de dados pessoais que lhe digam respeito com base no artigo 6.o, n.o 1, al\u00edneas e) ou f), do RGPD; o mesmo se aplica \u00e0 defini\u00e7\u00e3o de perfis com base nestas disposi\u00e7\u00f5es. Se os dados pessoais que lhe dizem respeito forem tratados para fins de marketing direto, tem o direito de se opor, a qualquer momento, ao tratamento de dados pessoais que lhe digam respeito para efeitos de tal publicidade; o mesmo se aplica \u00e0 defini\u00e7\u00e3o de perfis, na medida em que esteja associada a essa comercializa\u00e7\u00e3o direta.<\/li>\n<li><strong>Direito de retirada dos consentimentos:<\/strong> Tem o direito de retirar o seu consentimento a qualquer momento.<\/li>\n<li><strong>Direito de acesso:<\/strong> Tem o direito de solicitar a confirma\u00e7\u00e3o de que os dados em quest\u00e3o est\u00e3o a ser processados e de obter informa\u00e7\u00f5es sobre estes dados, bem como informa\u00e7\u00f5es adicionais e uma c\u00f3pia dos dados em conformidade com os requisitos legais.<\/li>\n<li><strong>Direito de rectifica\u00e7\u00e3o:<\/strong> De acordo com os requisitos legais, tem o direito de solicitar o preenchimento dos dados que lhe dizem respeito ou a corre\u00e7\u00e3o dos dados incorretos que lhe dizem respeito.<\/li>\n<li><strong>Direito ao apagamento e \u00e0 limita\u00e7\u00e3o do tratamento:<\/strong> De acordo com os requisitos legais, tem o direito de solicitar que os dados que lhe dizem respeito sejam eliminados imediatamente ou, em alternativa, de solicitar uma limita\u00e7\u00e3o do tratamento de dados de acordo com os requisitos legais.<\/li>\n<li><strong>Direito \u00e0 portabilidade dos dados:<\/strong> Tem o direito de receber os dados que nos forneceu em conformidade com os requisitos legais num formato estruturado, comum e leg\u00edvel por m\u00e1quina ou de solicitar a sua transmiss\u00e3o a outro respons\u00e1vel pelo tratamento.<\/li>\n<li><strong>Queixa \u00e0 autoridade de controlo:<\/strong> Sem preju\u00edzo de qualquer outra via de recurso administrativo ou judicial, tem o direito de apresentar uma reclama\u00e7\u00e3o a uma autoridade de controlo, em especial no Estado-Membro da sua resid\u00eancia habitual, local de trabalho ou local da alegada infra\u00e7\u00e3o, se considerar que o tratamento dos seus dados pessoais viola as disposi\u00e7\u00f5es do RGPD.<\/li>\n<\/ul>\n<\/div><\/div><\/div><\/div><\/div><div class=\"g-cols wpb_row via_grid cols_1 laptops-cols_inherit tablets-cols_inherit mobiles-cols_1 valign_middle type_boxes stacking_default\" style=\"--columns-gap:3rem;\" id=\"Cookie-Richtlinie\"><div class=\"wpb_column vc_column_container\"><div class=\"vc_column-inner\"><div class=\"wpb_text_column us_custom_564c68c1 has_text_color\"><div class=\"wpb_wrapper\"><h3 id=\"m134\">Utiliza\u00e7\u00e3o de cookies<\/h3>\n<p>Os cookies s\u00e3o pequenos ficheiros de texto ou outras notas de armazenamento que armazenam informa\u00e7\u00f5es nos dispositivos finais e l\u00eaem informa\u00e7\u00f5es dos dispositivos finais. Por exemplo, para armazenar o estado de in\u00edcio de sess\u00e3o numa conta de utilizador, o conte\u00fado de um carrinho de compras numa loja eletr\u00f3nica, o conte\u00fado acedido ou as fun\u00e7\u00f5es utilizadas de uma oferta em linha. Os cookies tamb\u00e9m podem ser utilizados para v\u00e1rios fins, por exemplo, para a funcionalidade, seguran\u00e7a e conveni\u00eancia das ofertas online, bem como para a cria\u00e7\u00e3o de an\u00e1lises dos fluxos de visitantes.<\/p>\n<\/div><\/div><div class=\"wpb_text_column us_custom_564c68c1 has_text_color\"><div class=\"wpb_wrapper\"><p><strong>Matomo<\/strong><\/p>\n<p>Este website utiliza o plugin de an\u00e1lise Matomo, visualiza\u00e7\u00f5es e para recolher estatisticamente n\u00fameros de cliques dentro do nosso website. As informa\u00e7\u00f5es geradas por estes cookies s\u00e3o armazenadas localmente no nosso servidor. O endere\u00e7o IP \u00e9 anonimizado antes do armazenamento.<\/p>\n<p>O armazenamento de cookies pode ser bloqueado atrav\u00e9s das defini\u00e7\u00f5es do seu programa de navega\u00e7\u00e3o; No entanto, \u00e9 poss\u00edvel que nem todas as fun\u00e7\u00f5es deste site possam ser utilizadas.<\/p>\n<p><b>Utiliza\u00e7\u00e3o de bot\u00f5es de redes sociais com prote\u00e7\u00e3o de dados (Shariff) para Facebook e Instagram<\/b><br \/>\nUtilizamos os chamados bot\u00f5es de redes sociais no nosso website para dar aos nossos utilizadores a oportunidade de acederem aos perfis de redes sociais da B\u00dcNDNIS90\/DIE GR\u00dcNEN da Kreisverband Wiesbaden diretamente clicando nos bot\u00f5es. Assim que estes bot\u00f5es s\u00e3o ativados, \u00e9 estabelecida uma liga\u00e7\u00e3o aos servidores do Facebook ou Instagram e os dados do utilizador s\u00e3o transmitidos para os servidores externos.<\/p>\n<p>Mais informa\u00e7\u00f5es sobre <a href=\"http:\/\/www.heise.de\/ct\/artikel\/Shariff-Social-Media-Buttons-mit-Datenschutz-2467514.html\" target=\"_blank\" rel=\"noopener noreferrer\">Iniciativa da heise.de para um m\u00e9todo de 2 cliques denominado \u00abShariff\u00bb<\/a><\/p>\n<p><strong>V\u00eddeos do YouTube incorporados<\/strong><\/p>\n<p>Os v\u00eddeos do YouTube incorporados no s\u00edtio Web s\u00e3o ativados clicando em \u00abAceitar\u00bb na faixa dos testemunhos de conex\u00e3o. Como resultado, os cookies s\u00e3o colocados no sistema do utilizador imediatamente ap\u00f3s a aceita\u00e7\u00e3o e o acesso ao website. Para evitar isso, deve ser bloqueado nas configura\u00e7\u00f5es do navegador.<\/p>\n<p>Se clicar em Rejeitar ou n\u00e3o assinalar os cookies de marketing nas defini\u00e7\u00f5es de cookies, os v\u00eddeos do YouTube t\u00eam de ser ativados manualmente clicando neles e os cookies s\u00f3 s\u00e3o armazenados no sistema do utilizador a partir deste ponto.<\/p>\n<p>Para mais informa\u00e7\u00f5es sobre o tratamento de dados e sobre a prote\u00e7\u00e3o de dados pelo YouTube (Google), consultar: <a href=\"http:\/\/www.google.de\/intl\/de\/policies\/privacy\/\" target=\"_blank\" rel=\"noopener noreferrer\">www.google.de\/intl\/de\/policies\/privacy\/<\/a>.<\/p>\n<p data-start=\"357\" data-end=\"406\"><strong data-start=\"357\" data-end=\"406\">Dados de calend\u00e1rio incorporados (ICS Calendar Pro)<\/strong><\/p>\n<p data-start=\"408\" data-end=\"955\">No nosso website, integramos as datas dos eventos atrav\u00e9s do chamado feed iCal, que \u00e9 fornecido pelo Google Calendar. Estes dados de calend\u00e1rio s\u00e3o integrados utilizando o plugin WordPress \u00abICS Calendar Pro\u00bb. As informa\u00e7\u00f5es do calend\u00e1rio s\u00e3o regularmente recuperadas do nosso pr\u00f3prio servidor web e exibidas como conte\u00fado est\u00e1tico no nosso website. Uma liga\u00e7\u00e3o direta entre o seu navegador e os servidores do Google pode ser encontrada aqui <strong data-start=\"870\" data-end=\"879\">n\u00e3o<\/strong> em vez disso. N\u00e3o s\u00e3o transmitidos dados pessoais ao Google.<\/p>\n<p data-start=\"957\" data-end=\"1179\">O fornecimento de dados de calend\u00e1rio serve para a apresenta\u00e7\u00e3o f\u00e1cil de eventos e marca\u00e7\u00f5es no nosso website. A base jur\u00eddica para tal \u00e9 o nosso interesse leg\u00edtimo, em conformidade com o artigo 6.o, n.o 1, al\u00ednea f), do RGPD.<\/p>\n<p data-start=\"1181\" data-end=\"1359\"><strong data-start=\"1181\" data-end=\"1215\">Prestador do servi\u00e7o de calend\u00e1rio:<\/strong><br data-start=\"1215\" data-end=\"1218\" \/>Google Ireland Limited<br data-start=\"1240\" data-end=\"1243\" \/>Gordon House, Barrow Street, Dublin 4, Irlanda<br data-start=\"1288\" data-end=\"1291\" \/>Pol\u00edtica de Privacidade do Google: <a class=\"cursor-pointer\" target=\"_new\" rel=\"noopener\" data-start=\"1324\" data-end=\"1359\">https:\/\/policies.google.com\/privacy<\/a><\/p>\n<h5>Informa\u00e7\u00f5es sobre o consentimento:<\/h5>\n<p>Utilizamos cookies de acordo com os regulamentos legais. Por conseguinte, obtemos o consentimento pr\u00e9vio dos utilizadores, a menos que tal n\u00e3o seja exigido por lei. Em particular, o consentimento n\u00e3o \u00e9 necess\u00e1rio se o armazenamento e a leitura da informa\u00e7\u00e3o, ou seja, tamb\u00e9m dos cookies, forem absolutamente necess\u00e1rios para fornecer aos utilizadores um servi\u00e7o de telemedia (ou seja, a nossa oferta online) que estes solicitem expressamente. Os cookies estritamente necess\u00e1rios incluem normalmente cookies com fun\u00e7\u00f5es que servem a visualiza\u00e7\u00e3o e funcionalidade da oferta online, equil\u00edbrio de carga, seguran\u00e7a, armazenamento das prefer\u00eancias e escolhas dos utilizadores ou finalidades semelhantes relacionadas com a presta\u00e7\u00e3o das fun\u00e7\u00f5es principais e acess\u00f3rias da oferta online solicitadas pelos utilizadores. O consentimento revog\u00e1vel \u00e9 claramente comunicado aos utilizadores e cont\u00e9m as informa\u00e7\u00f5es sobre a respetiva utiliza\u00e7\u00e3o de cookies.<\/p>\n<h5>Informa\u00e7\u00f5es sobre as bases jur\u00eddicas em mat\u00e9ria de prote\u00e7\u00e3o de dados:<\/h5>\n<p>Em que base jur\u00eddica ao abrigo da lei de prote\u00e7\u00e3o de dados tratamos os dados pessoais dos utilizadores com a ajuda de cookies depende de pedirmos ou n\u00e3o o consentimento dos utilizadores. Se os utilizadores consentirem, a base jur\u00eddica para o tratamento dos seus dados \u00e9 o consentimento dado. Caso contr\u00e1rio, os dados tratados com a ajuda de cookies ser\u00e3o tratados com base nos nossos interesses leg\u00edtimos (por exemplo, numa opera\u00e7\u00e3o comercial da nossa oferta online e na melhoria da sua usabilidade) ou, se tal for feito no contexto do cumprimento das nossas obriga\u00e7\u00f5es contratuais, se a utiliza\u00e7\u00e3o de cookies for necess\u00e1ria para cumprir as nossas obriga\u00e7\u00f5es contratuais. Para que fins os cookies s\u00e3o processados por n\u00f3s, esclarecemos no decorrer desta declara\u00e7\u00e3o de prote\u00e7\u00e3o de dados ou no contexto dos nossos processos de consentimento e processamento.<\/p>\n<p><strong>Per\u00edodo de conserva\u00e7\u00e3o:\u00a0<\/strong>No que diz respeito ao per\u00edodo de armazenamento, distinguem-se os seguintes tipos de cookies:<\/p>\n<ul>\n<li><strong>Cookies tempor\u00e1rios (tamb\u00e9m: Cookies de sess\u00e3o ou de sess\u00e3o):<\/strong>\u00a0Os cookies tempor\u00e1rios s\u00e3o eliminados, o mais tardar, depois de um utilizador ter deixado uma oferta online e fechado o seu dispositivo final (por exemplo, navegador ou aplica\u00e7\u00e3o m\u00f3vel).<\/li>\n<li><strong>Cookies permanentes:<\/strong> Os cookies permanentes mant\u00eam-se armazenados mesmo depois de o dispositivo final ter sido fechado. Por exemplo, o estado de in\u00edcio de sess\u00e3o pode ser guardado ou o conte\u00fado preferido pode ser apresentado diretamente quando o utilizador visita um website novamente. Os dados dos utilizadores recolhidos com a ajuda de cookies tamb\u00e9m podem ser utilizados para medi\u00e7\u00e3o de alcance. A menos que forne\u00e7amos aos utilizadores informa\u00e7\u00f5es expl\u00edcitas sobre o tipo e o per\u00edodo de armazenamento dos cookies (por exemplo, no contexto da obten\u00e7\u00e3o do consentimento), os utilizadores devem presumir que os cookies s\u00e3o permanentes e que o per\u00edodo de armazenamento pode ser de at\u00e9 dois anos.<\/li>\n<\/ul>\n<h5>Informa\u00e7\u00f5es gerais sobre a revoga\u00e7\u00e3o e a oposi\u00e7\u00e3o (o chamado \u00abopt-out\u00bb):<\/h5>\n<p>Os utilizadores podem revogar os consentimentos por eles dados a qualquer momento e opor-se ao tratamento de acordo com os requisitos legais. Para este efeito, os utilizadores podem, entre outras coisas, restringir a utiliza\u00e7\u00e3o de cookies nas configura\u00e7\u00f5es do seu navegador (embora isso tamb\u00e9m possa limitar a funcionalidade da nossa oferta online). Uma obje\u00e7\u00e3o \u00e0 utiliza\u00e7\u00e3o de cookies para fins de marketing online tamb\u00e9m pode ser feita atrav\u00e9s dos websites. <a role=\"link\" href=\"https:\/\/optout.aboutads.info\/\" target=\"_new\" rel=\"noopener\">https:\/\/optout.aboutads.info<\/a> e <a role=\"link\" href=\"https:\/\/www.youronlinechoices.com\/\" target=\"_new\" rel=\"noopener\">https:\/\/www.youronlinechoices.com\/<\/a> ser explicada.<\/p>\n<ul class=\"m-elements\">\n<li><strong>Bases jur\u00eddicas:<\/strong> Interesses leg\u00edtimos (artigo 6.o, n.o 1, primeira frase, al\u00ednea f), do RGPD); Consentimento (artigo 6.o, n.o 1, primeira frase, al\u00ednea a), do RGPD).<\/li>\n<\/ul>\n<h5>Mais informa\u00e7\u00f5es sobre processos, procedimentos e servi\u00e7os de tratamento:<\/h5>\n<ul class=\"m-elements\">\n<li><strong>Tratamento de dados de testemunhos de conex\u00e3o (cookies) com base no consentimento: <\/strong>Utilizamos um procedimento de gest\u00e3o de consentimento de cookies em que o consentimento do utilizador para a utiliza\u00e7\u00e3o de cookies, ou o processamento e fornecedores mencionados no procedimento de gest\u00e3o de consentimento de cookies, podem ser obtidos, geridos e revogados pelo utilizador. Neste caso, a declara\u00e7\u00e3o de consentimento \u00e9 armazenada para n\u00e3o ter de repetir a sua consulta e para poder provar o consentimento em conformidade com a obriga\u00e7\u00e3o legal. O armazenamento pode ter lugar do lado do servidor e\/ou num cookie (o chamado cookie opt-in, ou com a ajuda de tecnologias compar\u00e1veis), a fim de poder atribuir o consentimento a um utilizador ou ao seu dispositivo. Sujeito a informa\u00e7\u00f5es individuais sobre os prestadores de servi\u00e7os de gest\u00e3o de cookies, aplicam-se os seguintes avisos: A dura\u00e7\u00e3o da conserva\u00e7\u00e3o do consentimento pode ir at\u00e9 dois anos. Um identificador de utilizador pseud\u00f3nimo \u00e9 formado e armazenado no momento do consentimento, informa\u00e7\u00f5es sobre o \u00e2mbito do consentimento (por exemplo, que categorias de cookies e\/ou prestadores de servi\u00e7os), bem como o navegador, sistema e dispositivo terminal utilizados; <strong>Bases jur\u00eddicas:<\/strong> Consentimento (artigo 6.o, n.o 1, primeira frase, al\u00ednea a), do RGPD).<\/li>\n<\/ul>\n<\/div><\/div><\/div><\/div><\/div><div class=\"g-cols wpb_row via_grid cols_1 laptops-cols_inherit tablets-cols_inherit mobiles-cols_1 valign_middle type_boxes stacking_default\" style=\"--columns-gap:3rem;\"><div class=\"wpb_column vc_column_container\"><div class=\"vc_column-inner\"><div class=\"wpb_text_column us_custom_564c68c1 has_text_color\"><div class=\"wpb_wrapper\"><h3>Defini\u00e7\u00f5es dos termos<\/h3>\n<p>Nesta sec\u00e7\u00e3o encontrar\u00e1 uma vis\u00e3o geral dos termos utilizados nesta pol\u00edtica de privacidade. Na medida em que os termos s\u00e3o definidos por lei, aplicam-se as suas defini\u00e7\u00f5es legais. As seguintes explica\u00e7\u00f5es, por outro lado, destinam-se principalmente \u00e0 compreens\u00e3o.<\/p>\n<ul class=\"glossary\">\n<li><strong>Dados pessoais:<\/strong> \u00abDados pessoais\u00bb, qualquer informa\u00e7\u00e3o relativa a uma pessoa singular identificada ou identific\u00e1vel (\u00abtitular dos dados\u00bb); Uma pessoa singular identific\u00e1vel \u00e9 aquela que pode ser identificada, direta ou indiretamente, em especial por refer\u00eancia a um identificador, como um nome, um n\u00famero de identifica\u00e7\u00e3o, dados de localiza\u00e7\u00e3o, um identificador em linha (por exemplo, testemunhos de conex\u00e3o) ou a uma ou mais caracter\u00edsticas espec\u00edficas que exprimem a identidade f\u00edsica, fisiol\u00f3gica, gen\u00e9tica, mental, econ\u00f3mica, cultural ou social dessa pessoa singular.<\/li>\n<li><strong>Pessoa respons\u00e1vel:<\/strong> \u00abRespons\u00e1vel pelo tratamento\u00bb, a pessoa singular ou coletiva, autoridade p\u00fablica, ag\u00eancia ou outro organismo que, individualmente ou em conjunto com terceiros, determina as finalidades e os meios de tratamento de dados pessoais.<\/li>\n<li><strong>Transforma\u00e7\u00e3o:<\/strong> \u00abTratamento\u00bb, qualquer opera\u00e7\u00e3o ou conjunto de opera\u00e7\u00f5es efetuadas sobre dados pessoais, por meios automatizados ou n\u00e3o automatizados. O termo estende-se at\u00e9 aqui e inclui praticamente todo o tratamento de dados, quer se trate de recolha, avalia\u00e7\u00e3o, armazenamento, transmiss\u00e3o ou elimina\u00e7\u00e3o.<\/li>\n<\/ul>\n<\/div><\/div><div class=\"w-separator size_small\"><\/div><div class=\"wpb_text_column\"><div class=\"wpb_wrapper\"><p><a href=\"https:\/\/datenschutz-generator.de\/\">Criado com Datenschutz-Generator.de gratuito pelo Dr. Thomas Schwenke<\/a><\/p>\n<\/div><\/div><\/div><\/div><\/div><\/div><\/div><\/div><\/div><\/section>","protected":false},"excerpt":{"rendered":"Introdu\u00e7\u00e3o Com a seguinte declara\u00e7\u00e3o de prote\u00e7\u00e3o de dados, gostar\u00edamos de inform\u00e1-lo que tipos de seus dados pessoais (doravante tamb\u00e9m referidos como \"dados\") processamos para que finalidades e em que medida. A declara\u00e7\u00e3o de prote\u00e7\u00e3o de dados aplica-se a todo o tratamento de dados pessoais efetuado por n\u00f3s, tanto no contexto da presta\u00e7\u00e3o dos nossos servi\u00e7os como, em particular, nos nossos websites.","protected":false},"author":1,"featured_media":0,"parent":0,"menu_order":0,"comment_status":"closed","ping_status":"closed","template":"","meta":{"footnotes":""},"class_list":["post-55","page","type-page","status-publish","hentry"],"yoast_head":"<!-- This site is optimized with the Yoast SEO plugin v27.5 - https:\/\/yoast.com\/product\/yoast-seo-wordpress\/ -->\n<title>Datenschutz - B\u00dcNDNIS 90\/DIE GR\u00dcNEN Wiesbaden<\/title>\n<meta name=\"description\" content=\"Hier findest du die Datenschutzerkl\u00e4rung f\u00fcr die Website von B\u00dcNDNIS 90\/ DIE GR\u00dcNEN Wiesbaden und kannst dich \u00fcber deine Rechte informieren.\" \/>\n<meta name=\"robots\" content=\"index, follow, max-snippet:-1, max-image-preview:large, max-video-preview:-1\" \/>\n<link rel=\"canonical\" href=\"https:\/\/gruene-wiesbaden.de\/pt\/datenschutz\/\" \/>\n<meta property=\"og:locale\" content=\"pt_PT\" \/>\n<meta property=\"og:type\" content=\"article\" \/>\n<meta property=\"og:title\" content=\"Datenschutz - B\u00dcNDNIS 90\/DIE GR\u00dcNEN Wiesbaden\" \/>\n<meta property=\"og:description\" content=\"Hier findest du die Datenschutzerkl\u00e4rung f\u00fcr die Website von B\u00dcNDNIS 90\/ DIE GR\u00dcNEN Wiesbaden und kannst dich \u00fcber deine Rechte informieren.\" \/>\n<meta property=\"og:url\" content=\"https:\/\/gruene-wiesbaden.de\/pt\/datenschutz\/\" \/>\n<meta property=\"og:site_name\" content=\"B\u00dcNDNIS 90\/DIE GR\u00dcNEN Wiesbaden\" \/>\n<meta property=\"article:publisher\" content=\"https:\/\/www.facebook.com\/gruene.wi\" \/>\n<meta property=\"article:modified_time\" content=\"2026-04-07T08:00:45+00:00\" \/>\n<meta name=\"twitter:card\" content=\"summary_large_image\" \/>\n<meta name=\"twitter:label1\" content=\"Tempo estimado de leitura\" \/>\n\t<meta name=\"twitter:data1\" content=\"13 minutes\" \/>\n<script type=\"application\/ld+json\" class=\"yoast-schema-graph\">{\"@context\":\"https:\\\/\\\/schema.org\",\"@graph\":[{\"@type\":\"WebPage\",\"@id\":\"https:\\\/\\\/gruene-wiesbaden.de\\\/datenschutz\\\/\",\"url\":\"https:\\\/\\\/gruene-wiesbaden.de\\\/datenschutz\\\/\",\"name\":\"Datenschutz - B\u00dcNDNIS 90\\\/DIE GR\u00dcNEN Wiesbaden\",\"isPartOf\":{\"@id\":\"https:\\\/\\\/gruene-wiesbaden.de\\\/#website\"},\"datePublished\":\"2024-04-06T10:33:41+00:00\",\"dateModified\":\"2026-04-07T08:00:45+00:00\",\"description\":\"Hier findest du die Datenschutzerkl\u00e4rung f\u00fcr die Website von B\u00dcNDNIS 90\\\/ DIE GR\u00dcNEN Wiesbaden und kannst dich \u00fcber deine Rechte informieren.\",\"breadcrumb\":{\"@id\":\"https:\\\/\\\/gruene-wiesbaden.de\\\/datenschutz\\\/#breadcrumb\"},\"inLanguage\":\"pt-PT\",\"potentialAction\":[{\"@type\":\"ReadAction\",\"target\":[\"https:\\\/\\\/gruene-wiesbaden.de\\\/datenschutz\\\/\"]}]},{\"@type\":\"BreadcrumbList\",\"@id\":\"https:\\\/\\\/gruene-wiesbaden.de\\\/datenschutz\\\/#breadcrumb\",\"itemListElement\":[{\"@type\":\"ListItem\",\"position\":1,\"name\":\"Startseite\",\"item\":\"https:\\\/\\\/gruene-wiesbaden.de\\\/\"},{\"@type\":\"ListItem\",\"position\":2,\"name\":\"Datenschutz\"}]},{\"@type\":\"WebSite\",\"@id\":\"https:\\\/\\\/gruene-wiesbaden.de\\\/#website\",\"url\":\"https:\\\/\\\/gruene-wiesbaden.de\\\/\",\"name\":\"DIE GR\u00dcNEN Wiesbaden\",\"description\":\"\",\"publisher\":{\"@id\":\"https:\\\/\\\/gruene-wiesbaden.de\\\/#organization\"},\"potentialAction\":[{\"@type\":\"SearchAction\",\"target\":{\"@type\":\"EntryPoint\",\"urlTemplate\":\"https:\\\/\\\/gruene-wiesbaden.de\\\/?s={search_term_string}\"},\"query-input\":{\"@type\":\"PropertyValueSpecification\",\"valueRequired\":true,\"valueName\":\"search_term_string\"}}],\"inLanguage\":\"pt-PT\"},{\"@type\":\"Organization\",\"@id\":\"https:\\\/\\\/gruene-wiesbaden.de\\\/#organization\",\"name\":\"DIE GR\u00dcNEN Wiesbaden\",\"url\":\"https:\\\/\\\/gruene-wiesbaden.de\\\/\",\"logo\":{\"@type\":\"ImageObject\",\"inLanguage\":\"pt-PT\",\"@id\":\"https:\\\/\\\/gruene-wiesbaden.de\\\/#\\\/schema\\\/logo\\\/image\\\/\",\"url\":\"https:\\\/\\\/gruene-wiesbaden-fuer-europa.de\\\/wp-content\\\/uploads\\\/2024\\\/04\\\/Machen-was-zaehlt-5.png\",\"contentUrl\":\"https:\\\/\\\/gruene-wiesbaden-fuer-europa.de\\\/wp-content\\\/uploads\\\/2024\\\/04\\\/Machen-was-zaehlt-5.png\",\"width\":1772,\"height\":1772,\"caption\":\"DIE GR\u00dcNEN Wiesbaden\"},\"image\":{\"@id\":\"https:\\\/\\\/gruene-wiesbaden.de\\\/#\\\/schema\\\/logo\\\/image\\\/\"},\"sameAs\":[\"https:\\\/\\\/www.facebook.com\\\/gruene.wi\",\"https:\\\/\\\/instagram.com\\\/gruene_wi\"]}]}<\/script>\n<!-- \/ Yoast SEO plugin. -->","yoast_head_json":{"title":"Datenschutz - B\u00dcNDNIS 90\/DIE GR\u00dcNEN Wiesbaden","description":"Hier findest du die Datenschutzerkl\u00e4rung f\u00fcr die Website von B\u00dcNDNIS 90\/ DIE GR\u00dcNEN Wiesbaden und kannst dich \u00fcber deine Rechte informieren.","robots":{"index":"index","follow":"follow","max-snippet":"max-snippet:-1","max-image-preview":"max-image-preview:large","max-video-preview":"max-video-preview:-1"},"canonical":"https:\/\/gruene-wiesbaden.de\/pt\/datenschutz\/","og_locale":"pt_PT","og_type":"article","og_title":"Datenschutz - B\u00dcNDNIS 90\/DIE GR\u00dcNEN Wiesbaden","og_description":"Hier findest du die Datenschutzerkl\u00e4rung f\u00fcr die Website von B\u00dcNDNIS 90\/ DIE GR\u00dcNEN Wiesbaden und kannst dich \u00fcber deine Rechte informieren.","og_url":"https:\/\/gruene-wiesbaden.de\/pt\/datenschutz\/","og_site_name":"B\u00dcNDNIS 90\/DIE GR\u00dcNEN Wiesbaden","article_publisher":"https:\/\/www.facebook.com\/gruene.wi","article_modified_time":"2026-04-07T08:00:45+00:00","twitter_card":"summary_large_image","twitter_misc":{"Tempo estimado de leitura":"13 minutes"},"schema":{"@context":"https:\/\/schema.org","@graph":[{"@type":"WebPage","@id":"https:\/\/gruene-wiesbaden.de\/datenschutz\/","url":"https:\/\/gruene-wiesbaden.de\/datenschutz\/","name":"Datenschutz - B\u00dcNDNIS 90\/DIE GR\u00dcNEN Wiesbaden","isPartOf":{"@id":"https:\/\/gruene-wiesbaden.de\/#website"},"datePublished":"2024-04-06T10:33:41+00:00","dateModified":"2026-04-07T08:00:45+00:00","description":"Hier findest du die Datenschutzerkl\u00e4rung f\u00fcr die Website von B\u00dcNDNIS 90\/ DIE GR\u00dcNEN Wiesbaden und kannst dich \u00fcber deine Rechte informieren.","breadcrumb":{"@id":"https:\/\/gruene-wiesbaden.de\/datenschutz\/#breadcrumb"},"inLanguage":"pt-PT","potentialAction":[{"@type":"ReadAction","target":["https:\/\/gruene-wiesbaden.de\/datenschutz\/"]}]},{"@type":"BreadcrumbList","@id":"https:\/\/gruene-wiesbaden.de\/datenschutz\/#breadcrumb","itemListElement":[{"@type":"ListItem","position":1,"name":"Startseite","item":"https:\/\/gruene-wiesbaden.de\/"},{"@type":"ListItem","position":2,"name":"Datenschutz"}]},{"@type":"WebSite","@id":"https:\/\/gruene-wiesbaden.de\/#website","url":"https:\/\/gruene-wiesbaden.de\/","name":"DIE GR\u00dcNEN Wiesbaden","description":"","publisher":{"@id":"https:\/\/gruene-wiesbaden.de\/#organization"},"potentialAction":[{"@type":"SearchAction","target":{"@type":"EntryPoint","urlTemplate":"https:\/\/gruene-wiesbaden.de\/?s={search_term_string}"},"query-input":{"@type":"PropertyValueSpecification","valueRequired":true,"valueName":"search_term_string"}}],"inLanguage":"pt-PT"},{"@type":"Organization","@id":"https:\/\/gruene-wiesbaden.de\/#organization","name":"DIE GR\u00dcNEN Wiesbaden","url":"https:\/\/gruene-wiesbaden.de\/","logo":{"@type":"ImageObject","inLanguage":"pt-PT","@id":"https:\/\/gruene-wiesbaden.de\/#\/schema\/logo\/image\/","url":"https:\/\/gruene-wiesbaden-fuer-europa.de\/wp-content\/uploads\/2024\/04\/Machen-was-zaehlt-5.png","contentUrl":"https:\/\/gruene-wiesbaden-fuer-europa.de\/wp-content\/uploads\/2024\/04\/Machen-was-zaehlt-5.png","width":1772,"height":1772,"caption":"DIE GR\u00dcNEN Wiesbaden"},"image":{"@id":"https:\/\/gruene-wiesbaden.de\/#\/schema\/logo\/image\/"},"sameAs":["https:\/\/www.facebook.com\/gruene.wi","https:\/\/instagram.com\/gruene_wi"]}]}},"_links":{"self":[{"href":"https:\/\/gruene-wiesbaden.de\/pt\/wp-json\/wp\/v2\/pages\/55","targetHints":{"allow":["GET"]}}],"collection":[{"href":"https:\/\/gruene-wiesbaden.de\/pt\/wp-json\/wp\/v2\/pages"}],"about":[{"href":"https:\/\/gruene-wiesbaden.de\/pt\/wp-json\/wp\/v2\/types\/page"}],"author":[{"embeddable":true,"href":"https:\/\/gruene-wiesbaden.de\/pt\/wp-json\/wp\/v2\/users\/1"}],"replies":[{"embeddable":true,"href":"https:\/\/gruene-wiesbaden.de\/pt\/wp-json\/wp\/v2\/comments?post=55"}],"version-history":[{"count":36,"href":"https:\/\/gruene-wiesbaden.de\/pt\/wp-json\/wp\/v2\/pages\/55\/revisions"}],"predecessor-version":[{"id":2253,"href":"https:\/\/gruene-wiesbaden.de\/pt\/wp-json\/wp\/v2\/pages\/55\/revisions\/2253"}],"wp:attachment":[{"href":"https:\/\/gruene-wiesbaden.de\/pt\/wp-json\/wp\/v2\/media?parent=55"}],"curies":[{"name":"wp","href":"https:\/\/api.w.org\/{rel}","templated":true}]}}