{"id":597,"date":"2025-03-21T11:00:15","date_gmt":"2025-03-21T11:00:15","guid":{"rendered":"http:\/\/gruene-wiesbaden.de.w0207e8f.kasserver.com\/?page_id=597"},"modified":"2026-04-18T16:46:25","modified_gmt":"2026-04-18T14:46:25","slug":"mitmachen","status":"publish","type":"page","link":"https:\/\/gruene-wiesbaden.de\/it\/mitmachen\/","title":{"rendered":"Partecipa e date"},"content":{"rendered":"<section class=\"l-section wpb_row height_auto full_height valign_center with_slider\"><div class=\"l-section-slider\"><div class=\"w-slider style_none fit_cover nav_none count_1\"><div class=\"w-slider-h\"><div class=\"royalSlider\"><div class=\"rsContent\"><a class=\"rsImg\" data-rsw=\"2157\" data-rsh=\"1440\" href=\"https:\/\/gruene-wiesbaden.de\/wp-content\/uploads\/2025\/07\/hannah-busing-Zyx1bK9mqmA-unsplash_kl.png\"><span data-alt=\"\"><\/span><\/a><\/div><\/div><img decoding=\"async\" src=\"https:\/\/gruene-wiesbaden.de\/wp-content\/uploads\/2025\/07\/hannah-busing-Zyx1bK9mqmA-unsplash_kl.png\" width=\"2157\" height=\"1440\" alt loading=\"lazy\"><\/div><div class=\"w-slider-json\" onclick='return {&quot;autoScaleSlider&quot;:true,&quot;addActiveClass&quot;:true,&quot;loop&quot;:true,&quot;fadeInLoadedSlide&quot;:false,&quot;slidesSpacing&quot;:0,&quot;imageScalePadding&quot;:0,&quot;numImagesToPreload&quot;:2,&quot;arrowsNav&quot;:false,&quot;arrowsNavAutoHide&quot;:false,&quot;transitionType&quot;:&quot;move&quot;,&quot;transitionSpeed&quot;:1000,&quot;block&quot;:{&quot;moveEffect&quot;:&quot;none&quot;,&quot;speed&quot;:300},&quot;thumbs&quot;:{&quot;fitInViewport&quot;:false,&quot;firstMargin&quot;:false,&quot;spacing&quot;:4},&quot;controlNavigation&quot;:&quot;none&quot;,&quot;autoplay&quot;:{&quot;enabled&quot;:true,&quot;pauseOnHover&quot;:false,&quot;delay&quot;:3000},&quot;autoScaleSliderWidth&quot;:2157,&quot;autoScaleSliderHeight&quot;:1440}'><\/div><\/div><\/div><div class=\"l-section-overlay\" style=\"background:rgba(0,0,0,0.15)\"><\/div><div class=\"l-section-h i-cf\"><div class=\"g-cols vc_row via_grid cols_1 laptops-cols_inherit tablets-cols_inherit mobiles-cols_1 valign_top type_default stacking_default\" style=\"--columns-gap:0rem;\"><div class=\"wpb_column vc_column_container\"><div class=\"vc_column-inner\"><div class=\"g-cols wpb_row us_custom_fe17fac6 has_text_color via_grid cols_1 laptops-cols_inherit tablets-cols_inherit mobiles-cols_1 valign_top type_default stacking_default\" style=\"--columns-gap:3rem;\"><div class=\"wpb_column vc_column_container\"><div class=\"vc_column-inner\"><div class=\"w-separator size_large\"><\/div><div class=\"w-separator size_small\"><\/div><div class=\"w-separator size_small\"><\/div><div class=\"wpb_text_column us_custom_2d6d43ab has_text_color background_inside_text\"><div class=\"wpb_wrapper\"><h1 style=\"text-align: center;\">ADESIONE E CONDIZIONI<\/h1>\n<\/div><\/div><\/div><\/div><\/div><\/div><\/div><\/div><\/div><\/section><section class=\"l-section wpb_row height_medium with_img\"><div class=\"l-section-img\" role=\"img\" data-img-width=\"1920\" data-img-height=\"700\" style=\"background-image: url(https:\/\/gruene-wiesbaden.de\/wp-content\/uploads\/2025\/11\/neuer-Verlauf-gruene-wiesbaden.de_-1-e1762693586282.png);\"><\/div><div class=\"l-section-h i-cf\"><div class=\"g-cols vc_row via_grid cols_1 laptops-cols_inherit tablets-cols_inherit mobiles-cols_1 valign_top type_default stacking_default\"><div class=\"wpb_column vc_column_container\"><div class=\"vc_column-inner\"><div class=\"w-separator size_medium\"><\/div><div class=\"g-cols wpb_row via_grid cols_1 laptops-cols_inherit tablets-cols_inherit mobiles-cols_1 valign_top type_default stacking_default\" style=\"--columns-gap:3rem;\"><div class=\"wpb_column vc_column_container\"><div class=\"vc_column-inner\"><div class=\"wpb_text_column us_custom_f4639b64 has_text_color\"><div class=\"wpb_wrapper\"><h1>TERMINE<\/h1>\n<p>Puoi vedere dal calendario quali date si svolgeranno nella prossima volta. <span>Molte delle nostre date sono aperte anche ai non membri interessati: basta registrarsi brevemente all'indirizzo kreisverband@gruene-wiesbaden.de. Siamo felici!<\/span><\/p>\n<p><strong>Come appuntamento regolare, \u00e8 possibile prenotare il tavolo dei clienti abituali mensili il primo marted\u00ec del mese nel bar C \/ O * a Moritzstra\u00dfe 52, 65185 Wiesbaden.<\/strong><\/p>\n<p>Le date dei comitati della citt\u00e0 di Wiesbaden sono disponibili qui:<\/p>\n<\/div><\/div><div class=\"w-separator size_small\"><\/div><div class=\"w-btn-wrapper align_left\"><a class=\"w-btn us-btn-style_11 icon_atleft\" href=\"https:\/\/piwi.wiesbaden.de\/aktuelles?2\"><i class=\"fas fa-search\"><\/i><span class=\"w-btn-label\">Nelle date dei consigli locali e nel municipio<\/span><\/a><\/div><div class=\"w-separator size_medium\"><\/div><div class=\"wpb_text_column us_custom_f4639b64 has_text_color\"><div class=\"wpb_wrapper\"><p>Puoi filtrare tutti gli appuntamenti rimanenti impostando o rimuovendo gli hook nella legenda sotto il calendario oppure puoi inserire un termine di ricerca nel campo di ricerca sopra il calendario per una ricerca di appuntamenti pi\u00f9 specifica. Puoi anche iscriverti al rispettivo calendario e quindi essere sempre aggiornato nel tuo calendario privato.<\/p>\n<\/div><\/div><div class=\"w-separator size_medium\"><\/div><div class=\"wpb_text_column\"><div class=\"wpb_wrapper\"><div class=\"r34ics-ajax-container loading\" id=\"ics-calendar-6856a8cef2a62\" data-view=\"full\" data-view-is-list-style=\"0\" data-view-is-list-long=\"0\" data-args=\"377ffdfaa1509aeeb8183b5f66df9cf4d20381e2\" data-js-args=\"{&quot;debug&quot;:&quot;0&quot;,&quot;use_client_tz&quot;:&quot;1&quot;}\">&nbsp;<\/div>\n<\/div><\/div><\/div><\/div><\/div><\/div><\/div><\/div><\/div><\/section><section class=\"l-section wpb_row height_medium\"><div class=\"l-section-overlay\" style=\"background:var(--color-header-middle-bg)\"><\/div><div class=\"l-section-h i-cf\"><div class=\"g-cols vc_row via_grid cols_1 laptops-cols_inherit tablets-cols_inherit mobiles-cols_1 valign_top type_default stacking_default\"><div class=\"wpb_column vc_column_container\"><div class=\"vc_column-inner\"><div class=\"g-cols wpb_row via_grid cols_1 laptops-cols_inherit tablets-cols_inherit mobiles-cols_1 valign_top type_default stacking_default\" style=\"--columns-gap:3rem;\"><div class=\"wpb_column vc_column_container\"><div class=\"vc_column-inner\"><div class=\"wpb_text_column us_custom_37fa7882\"><div class=\"wpb_wrapper\"><h2>Vuoi partecipare?<\/h2>\n<\/div><\/div><div class=\"w-separator size_medium\"><\/div><\/div><\/div><\/div><div class=\"g-cols wpb_row us_custom_4679c802 via_grid cols_2-1 laptops-cols_inherit tablets-cols_inherit mobiles-cols_1 valign_top type_default stacking_default\" style=\"--columns-gap:2.2rem;\"><div class=\"wpb_column vc_column_container\"><div class=\"vc_column-inner\"><div class=\"wpb_text_column us_custom_564c68c1 has_text_color\"><div class=\"wpb_wrapper\"><h3>Gruppi distrettuali<\/h3>\n<p data-start=\"212\" data-end=\"451\">I nostri gruppi distrettuali sono il collegamento tra il GREEN Wiesbaden e la popolazione locale. I membri del distretto si riuniscono qui per lavorare insieme sulla politica VERDE per Wiesbaden e per rafforzare i contatti con i cittadini.<\/p>\n<p data-start=\"453\" data-end=\"687\">I gruppi sostengono i membri del consiglio locale VERDE nel loro lavoro politico. Sono un importante spazio di risonanza per raccogliere argomenti dal distretto, discutere problemi e sviluppare congiuntamente soluzioni GREEN.<\/p>\n<p data-start=\"689\" data-end=\"952\">Inoltre, i gruppi distrettuali rendono visibile il nostro lavoro in loco. Informano in merito alle posizioni e alle decisioni del GREEN, organizzano discussioni con le parti interessate e trasmettono le preoccupazioni dal distretto al consiglio distrettuale e al gruppo parlamentare nel municipio.<\/p>\n<p data-start=\"954\" data-end=\"1079\">In particolare nella campagna elettorale, i gruppi distrettuali sono attivi: Aiutano con la pubblicazione, la distribuzione di volantini ed eventi.<\/p>\n<p data-start=\"1081\" data-end=\"1306\">E, ultimo ma non meno importante, offrono un modo semplice per unirsi ai Verdi, essere coinvolti politicamente e conoscere gli altri del distretto. Riunioni periodiche e azioni congiunte si rafforzano a vicenda.<\/p>\n<p data-start=\"1308\" data-end=\"1487\">I gruppi distrettuali sono organizzati da portavoce eletti che mantengono la connessione tra il gruppo, i membri del consiglio locale e il consiglio distrettuale.<\/p>\n<p data-start=\"1489\" data-end=\"1592\">Se hai voglia di essere coinvolto o semplicemente vuoi fermarti, non vediamo l'ora di vederti!<\/p>\n<\/div><\/div><div class=\"w-separator size_small\"><\/div><div class=\"w-btn-wrapper align_left\"><a class=\"w-btn us-btn-style_12\" href=\"https:\/\/gruene-wiesbaden.de\/it\/mitmachen\/#stadtteilgruppen\"><span class=\"w-btn-label\">Scopri di pi\u00f9<\/span><\/a><\/div><div class=\"w-separator size_small\"><\/div><\/div><\/div><div class=\"wpb_column vc_column_container\"><div class=\"vc_column-inner\"><div class=\"wpb_text_column us_custom_564c68c1 has_text_color\"><div class=\"wpb_wrapper\"><h3>Gruppi di lavoro<\/h3>\n<p><span>I gruppi di lavoro sono la forza trainante del nostro lavoro politico locale.<\/span><span> I nostri gruppi di lavoro coprono settori politici specifici. Qui vengono sviluppati concetti, che poi confluiscono nel partito attraverso l'assemblea generale o nel parlamento della citt\u00e0 attraverso il gruppo parlamentare. <\/span><\/p>\n<p><span>Le date fisse per le riunioni degli AK sono disponibili su questo sito web alla voce \"Partecipazione e date\".<\/span><span>\u00a0<\/span><\/p>\n<p><span>Se non sei ancora nella mailing list del tuo AK preferito, contatta il nostro ufficio distrettuale (kreisverband@gruene-wiesbaden.de). <\/span><\/p>\n<\/div><\/div><div class=\"w-separator size_small\"><\/div><div class=\"w-btn-wrapper align_left\"><a class=\"w-btn us-btn-style_12\" href=\"https:\/\/gruene-wiesbaden.de\/it\/mitmachen\/#arbeitskreise\"><span class=\"w-btn-label\">Scopri di pi\u00f9<\/span><\/a><\/div><div class=\"w-separator size_medium\"><\/div><div class=\"wpb_text_column us_custom_564c68c1 has_text_color\"><div class=\"wpb_wrapper\"><p>\u00c8 inoltre possibile partecipare alla Landesarbeitsgemeinschaften (LAGen) di B\u00dcNDNIS 90\/DIE GR\u00dcNEN Hessen. Qui potete saperne di pi\u00f9:<\/p>\n<\/div><\/div><div class=\"w-separator size_small\"><\/div><div class=\"w-btn-wrapper align_none\"><a class=\"w-btn us-btn-style_12\" target=\"_blank\" href=\"https:\/\/www.gruene-hessen.de\/partei\/gremien\/landesarbeitsgemeinschaften\/\"><span class=\"w-btn-label\">A proposito di LAGen<\/span><\/a><\/div><\/div><\/div><\/div><div class=\"g-cols wpb_row via_grid cols_1 laptops-cols_inherit tablets-cols_inherit mobiles-cols_1 valign_middle type_default stacking_default\" style=\"--columns-gap:3rem;\" id=\"stadtteilgruppen\"><div class=\"wpb_column vc_column_container\"><div class=\"vc_column-inner\"><div class=\"w-separator size_large\"><\/div><div class=\"wpb_text_column\"><div class=\"wpb_wrapper\"><h3>Connettiti con i membri del tuo quartiere e partecipa direttamente a casa tua<\/h3>\n<\/div><\/div><div class=\"w-separator size_medium\"><\/div><div class=\"w-tabs us_custom_057801f8 style_default switch_click accordion has_scrolling remove_indents\" style=\"--sections-title-size:inherit\"><div class=\"w-tabs-sections titles-align_none icon_chevron cpos_left\"><div class=\"w-tabs-section has_text_color\" id=\"g6a3\" style=\"background:var(--color-header-middle-bg);color:var(--color-alt-content-bg-alt);\"><button class=\"w-tabs-section-header with_icon\" aria-controls=\"content-g6a3\" aria-expanded=\"false\"><i class=\"fas fa-map-pin\"><\/i><div class=\"w-tabs-section-title\">Distretto di Am\u00f6neburg\/Kastel\/Kostheim<\/div><div class=\"w-tabs-section-control\"><\/div><\/button><div  class=\"w-tabs-section-content\" id=\"content-g6a3\"><div class=\"w-tabs-section-content-h i-cf\"><div class=\"wpb_text_column\"><div class=\"wpb_wrapper\"><p>Il testo segue.<\/p>\n<p>Gli oratori del gruppo coordinano le riunioni del gruppo distrettuale e sono lieti di rispondere a qualsiasi domanda. Vuoi fare rete e partecipare al gruppo di segnalazione del gruppo distrettuale per essere informato su date e informazioni sul distretto e per essere in grado di scambiare idee? <br data-prosemirror-content-type=\"node\" data-prosemirror-node-name=\"hardBreak\" data-prosemirror-node-inline=\"true\" \/><br data-prosemirror-content-type=\"node\" data-prosemirror-node-name=\"hardBreak\" data-prosemirror-node-inline=\"true\" \/>Quindi clicca sul seguente pulsante, scrivi una e-mail con la richiesta all'ufficio dell'associazione distrettuale e faremo il contatto!<\/p>\n<p><strong>Gli oratori sono:<\/strong><br \/>\nNing Guo + Philip Pfefferkorn<\/p>\n<\/div><\/div><div class=\"w-btn-wrapper align_left\"><a class=\"w-btn us-btn-style_12 icon_atleft\" href=\"mailto:akk@gruene-wiesbaden.de\"><i class=\"fas fa-envelope\"><\/i><span class=\"w-btn-label\">e-mail<\/span><\/a><\/div><\/div><\/div><\/div><div class=\"w-tabs-section has_text_color\" id=\"w9bf\" style=\"background:var(--color-header-middle-bg);color:var(--color-alt-content-bg-alt);\"><button class=\"w-tabs-section-header with_icon\" aria-controls=\"content-w9bf\" aria-expanded=\"false\"><i class=\"fas fa-map-pin\"><\/i><div class=\"w-tabs-section-title\">Distretto di Biebrich<\/div><div class=\"w-tabs-section-control\"><\/div><\/button><div  class=\"w-tabs-section-content\" id=\"content-w9bf\"><div class=\"w-tabs-section-content-h i-cf\"><div class=\"wpb_text_column\"><div class=\"wpb_wrapper\"><p style=\"font-weight: 400;\"><span>Con i suoi circa 39.500 abitanti, Biebrich \u00e8 il distretto pi\u00f9 grande di Wiesbaden. Con la sua posizione sul Reno tra Schierstein e Am\u00f6neburg, \u00e8 scenografico, socioculturalmente diversificato e caratterizzato da quasi il 50% di persone con storia migratoria.<span style=\"text-decoration: line-through;\"><\/span><\/span><\/p>\n<p style=\"font-weight: 400;\"><span>Biebrich-Mitte \u00e8 caratterizzato da un paesaggio urbano con vecchi edifici elencati, in particolare case a schiera con cortili commercialmente utilizzabili. Un quartiere di ville fu costruito lungo l'odierna Biebrich Allee. Negli anni '50 e '70, spinti dalla carenza di alloggi (rifugiati di guerra dei 2. Prima guerra mondiale) e poi miracolo economico, i grandi insediamenti Gr\u00e4selberg e Parkfeld emersero. L'insediamento di Parkfeld fu costruito secondo i piani di Ernst May a ovest del parco del castello. Dagli anni '20, anche gli insediamenti \"Self-help\" e \"Rosenfeld\" sono stati localizzati qui, progetti pionieristici per la costruzione di comunit\u00e0 da soli. Biebrich cresce ancora oggi. Il GWW sta creando un nuovo spazio abitativo attraente per circa 1000 persone (con un'alta percentuale di spazio abitativo sovvenzionato) nel quartiere della Carinzia. Oltre ad altri piccoli nuovi progetti di costruzione nel distretto, qui viene creato un quartiere vivace e socialmente ben mescolato.<\/span><\/p>\n<p style=\"font-weight: 400;\"><span>In numerose associazioni e iniziative, le persone a Biebrich assicurano una buona cooperazione. Gli eventi e i festival regolarmente ricorrenti e volontari come il Gibber Kerb, l'H\u00f6fefest e il Mosburgfest sono ora popolari ben oltre il distretto. <\/span><\/p>\n<p style=\"font-weight: 400;\"><span>In particolare negli ultimi anni sono stati sviluppati numerosi progetti ecologici fuori dalla cittadinanza e realizzati con grande impegno, come il giardino distrettuale di Rathenauplatz e il progetto Trittsteinbiotope, che ha creato una fitta rete di piantagioni a disco di alberi rispettose degli insetti nel distretto. Quest'ultimo viene costantemente ampliato e quindi promuove la biodiversit\u00e0 nel distretto. L'anno scorso, l'iniziativa ha ricevuto il premio ambientale della citt\u00e0 di Wiesbaden.<\/span><\/p>\n<p style=\"font-weight: 400;\"><span>Biebrich ha attraenti aree ricreative e ricreative. Le aree naturali pi\u00f9 estese sono la Mosbachtal, i prati del Reno, la Rettbergsaue e lo Schlosspark. Tuttavia, il centro della citt\u00e0 densamente edificato ha troppo poca area naturale rispetto al suo numero di abitanti. Ci\u00f2 pone le maggiori sfide: Troppo poco verde e troppo caldo in estate. Anche il traffico di transito e di ricerca dei parcheggi \u00e8 troppo alto. Troppo pochi parcheggi per biciclette e in generale troppe auto in relazione alla mobilit\u00e0 ecocompatibile offerta da autobus, treni, car sharing e piste ciclabili incidono sulla qualit\u00e0 della vita e della residenza nel quartiere.<\/span><\/p>\n<p style=\"font-weight: 400;\"><span>A Biebrich-Mitte, un (ancora) alto stock di vendita al dettaglio gestita dal proprietario e varie offerte gastronomiche rendono la vita e lo shopping nel quartiere lontano dal centro di Wiesbaden attraente. Questo \u00e8 ci\u00f2 che vogliamo ottenere verde.<\/span><\/p>\n<p style=\"font-weight: 400;\"><span>Per quanto sia versatile Biebrich, la sua struttura socio-economica prevede anche esigenze sociali speciali. Per contrastare questo fenomeno sono stati e sono tuttora in corso diversi programmi di sostegno alla \"citt\u00e0 sociale\" e alla sua coesione. Questo \u00e8 attualmente utilizzato dalla rispettiva gestione distrettuale in collaborazione con i cittadini impegnati per molti progetti pi\u00f9 piccoli e pi\u00f9 grandi. Ad esempio, per i festival distrettuali annuali, una libreria pubblica e il giardino distrettuale a Rathenauplatz.<\/span><\/p>\n<p style=\"font-weight: 400;\"><span>Noi VERDI apprezziamo molto il diverso impegno civico dei cittadini di Biebrich. In particolare, i programmi di finanziamento \"Coesione sociale\" per Gr\u00e4selberg e Biebrich-Mitte, che scadranno nel prossimo futuro, hanno fornito servizi preziosi attraverso la loro gestione del vicinato al fine di riunire le persone e lanciare nuovi progetti di promozione della comunit\u00e0 che siano anche ecosostenibili. Siamo quindi impegnati a consolidare questa gestione distrettuale oltre il precedente periodo di finanziamento.<span style=\"text-decoration: line-through;\"><\/span><\/span><\/p>\n<p style=\"font-weight: 400;\"><span>Grazie alla sua posizione diretta sul Reno, Biebrich sta attualmente beneficiando del concetto Reno-Meno-Ufer. Un'area per lo sport e il tempo libero \u00e8 prevista qui sotto il nuovo ponte Schierstein e i gradini per sedersi sul Reno sui prati del Reno. Inoltre, il collegamento ciclabile diretto sotto il ponte tra i distretti di Biebrich e Schierstein \u00e8 stato riaperto dopo pi\u00f9 di 10 anni (parte della pista ciclabile europea).<\/span><\/p>\n<p style=\"font-weight: 400;\"><span>Una delle principali preoccupazioni per noi verdi \u00e8 aumentare la resilienza climatica a Biebrich. Ad esempio:<\/span><\/p>\n<ul>\n<li><span>pi\u00f9 disigillante nell'area della strada pubblica, <\/span><\/li>\n<li><span>maggiore calmamento del traffico (prova del modello in agosto e settembre con conversione di una sezione della Rheingaustra\u00dfe nella sezione Rheinufer in una strada ciclabile temporanea),<\/span><\/li>\n<li><span>pi\u00f9 piste ciclabili e sicurezza per tutti coloro che viaggiano in bicicletta e a piedi,<\/span><\/li>\n<li><span>pi\u00f9 verde nel distretto (ad esempio piantando pi\u00f9 alberi, soprattutto nelle strade) per affrontare le sfide della crisi climatica, <\/span><\/li>\n<li><span>una migliore connettivit\u00e0 verde con Dotzheim e Am\u00f6neburg, <\/span><\/li>\n<li><span>la ristrutturazione e l'uso dell'insieme doganale per tutti i biebriani (e i Wiesbadener),<\/span><\/li>\n<li><span>supervisionare la pianificazione del nuovo distretto della stazione; e <\/span><\/li>\n<li><span>il monitoraggio della pianificazione della rete di riscaldamento urbano a Biebrich.<\/span><\/li>\n<\/ul>\n<p>Gli oratori del gruppo coordinano le riunioni del gruppo distrettuale e sono lieti di rispondere a qualsiasi domanda. Vuoi fare rete e partecipare al gruppo di segnalazione del gruppo distrettuale per essere informato su date e informazioni sul distretto e per essere in grado di scambiare idee? <br data-prosemirror-content-type=\"node\" data-prosemirror-node-name=\"hardBreak\" data-prosemirror-node-inline=\"true\" \/><span><\/span><\/p>\n<p><span>Quindi contatta i due oratori via e-mail!<\/span><\/p>\n<p><strong>Gli oratori sono:<\/strong><br \/>\nAnnette Fr\u00f6lich e Jonathan Stephan<\/p>\n<\/div><\/div><div class=\"w-btn-wrapper align_left\"><a class=\"w-btn us-btn-style_12 icon_atleft\" href=\"mailto:biebrich@gruene-wiesbaden.de\"><i class=\"fas fa-envelope\"><\/i><span class=\"w-btn-label\">e-mail<\/span><\/a><\/div><\/div><\/div><\/div><div class=\"w-tabs-section has_text_color\" id=\"uc3b\" style=\"background:var(--color-header-middle-bg);color:var(--color-alt-content-bg-alt);\"><button class=\"w-tabs-section-header with_icon\" aria-controls=\"content-uc3b\" aria-expanded=\"false\"><i class=\"fas fa-map-pin\"><\/i><div class=\"w-tabs-section-title\">Distretto di Bierstadt\/Igstadt\/Kloppenheim<\/div><div class=\"w-tabs-section-control\"><\/div><\/button><div  class=\"w-tabs-section-content\" id=\"content-uc3b\"><div class=\"w-tabs-section-content-h i-cf\"><div class=\"wpb_text_column\"><div class=\"wpb_wrapper\"><p><span>Il nostro gruppo \u00e8 un'associazione di membri di B\u00dcNDNIS 90\/DIE GR\u00dcNEN Wiesbaden dei tre distretti di Bierstadt, Igstadt e Kloppenheim (BIK). Siamo in dialogo l'uno con l'altro sui nostri argomenti, siamo coinvolti insieme nelle campagne elettorali e ci impegniamo per i nostri valori verdi nella vita di tutti i giorni. A Bierstadt siamo rappresentati nel comitato consultivo locale dal 2021 con tre mandati (su 15) e a Igstadt con due mandati (su 7).<\/span><\/p>\n<p><span>Bierstadt con i suoi circa 13.000 abitanti apre la citt\u00e0 centrale senza soluzione di continuit\u00e0 alla parte rurale della capitale dello stato a est ed \u00e8 strettamente collegata a Kloppenheim e Igstadt (circa 2.300 abitanti ciascuno). L'area circostante \u00e8 caratterizzata da terreni agricoli di alta qualit\u00e0 e numerosi frutteti. L'NSG Hangwiesen si trova a nord e l'area termale di Aukammtal si estende fino al centro della citt\u00e0. Ci impegniamo a preservare la natura e a creare alloggi a prezzi accessibili in modo responsabile.<\/span><br \/>\n<span>Tutti e tre i luoghi sono gravemente colpiti dal traffico motorizzato dai luoghi vicini e dalle autostrade. Le piste ciclabili, d'altra parte, di solito corrono fuoristrada su percorsi economici e strade secondarie. Siamo fortemente impegnati nell'espansione di collegamenti ciclabili attraenti e sicuri tra le citt\u00e0 e verso il centro citt\u00e0.<\/span><br \/>\n<span>Il cambiamento demografico sta progredendo anche nei nostri tre luoghi. Siamo grati per l'impegno dei membri di lunga data e siamo lieti della recente crescita delle giovani generazioni. La comunicazione delle nostre prospettive verdi orientate al futuro rimane un compito impegnativo nell'ambiente tradizionalmente modellato dei nostri distretti.<\/span><\/p>\n<p><span>Viviamo in una bella regione con un alto valore ricreativo e un buon clima. Entrambi devono essere mantenuti e sviluppati. Prepariamolo! <\/span><span>Attendiamo con impazienza le domande e l'interesse per il nostro impegno.<\/span><\/p>\n<p>Gli oratori del gruppo coordinano le riunioni del gruppo distrettuale BIK e sono felici di rispondere a qualsiasi domanda tu possa avere. Vuoi fare rete e partecipare al gruppo di segnalazione del gruppo distrettuale per essere informato su date e informazioni sul distretto e per essere in grado di scambiare idee? <br data-prosemirror-content-type=\"node\" data-prosemirror-node-name=\"hardBreak\" data-prosemirror-node-inline=\"true\" \/><span><\/span><\/p>\n<p><span>Quindi contatta i due oratori via e-mail!<\/span><\/p>\n<p><strong>Gli oratori sono:<\/strong><br \/>\nN.N. + Michael Hasler<\/p>\n<\/div><\/div><div class=\"w-btn-wrapper align_left\"><a class=\"w-btn us-btn-style_12 icon_atleft\" href=\"mailto:bik@gruene-wiesbaden.de\"><i class=\"fas fa-envelope\"><\/i><span class=\"w-btn-label\">e-mail<\/span><\/a><\/div><\/div><\/div><\/div><div class=\"w-tabs-section has_text_color\" id=\"aed0\" style=\"background:var(--color-header-top-bg);color:var(--color-alt-content-bg-alt);\"><button class=\"w-tabs-section-header with_icon\" aria-controls=\"content-aed0\" aria-expanded=\"false\"><i class=\"fas fa-map-pin\"><\/i><div class=\"w-tabs-section-title\">Distretto di Delkenheim\/ Breckenheim\/ Erbenheim\/ Nordenstadt\/ Medenbach\/ Auringen<\/div><div class=\"w-tabs-section-control\"><\/div><\/button><div  class=\"w-tabs-section-content\" id=\"content-aed0\"><div class=\"w-tabs-section-content-h i-cf\"><div class=\"wpb_text_column\"><div class=\"wpb_wrapper\"><p style=\"font-weight: 400;\">I comuni di Erbenheim, Nordenstadt, Delkenheim, Breckenheim, Auringen e Medenbach costituiscono la periferia orientale e nordorientale di Wiesbaden, una zona storicamente considerata un \"lago\". Nel corso degli anni sono state aggiunte nuove aree residenziali ai centri storici, tra cui grandi progetti di sviluppo urbano come Hainweg, Pfarrmorgen o l'area pianificata di Ostfeld. Soprattutto Ostfeld, che si trova prevalentemente sulla Erbenheimer Gemarkung, dar\u00e0 forma a molte discussioni sulla protezione del clima e dell'ambiente, sui collegamenti di trasporto e sullo sviluppo urbano sostenibile nei prossimi anni.<\/p>\n<p style=\"font-weight: 400;\">Diversi assi di trasporto europei attraversano questa regione: su strada con l'A3 e l'A66, su rotaia con la linea ICE Colonia-Francoforte e per via aerea con due rotte di partenza nord-ovest dall'aeroporto di Francoforte. Erbenheim \u00e8 fortemente colpita dal rumore e dall'inquinamento del traffico a causa della sua posizione alla periferia della citt\u00e0. Allo stesso tempo, la vicinanza all'aeroporto statunitense di Erbenheim pone particolari sfide in termini di sicurezza e sviluppo. Il sito era un tempo un elemento costitutivo del ponte aereo di Berlino, in seguito quartier generale degli Stati Uniti per l'Europa e ora ospita il Comando Ucraina della NATO. Proprio accanto ad esso, il dominio di Mechtildshausen \u00e8 un luogo importante per l'agricoltura biologica, l'assistenza sociale e l'istruzione.<\/p>\n<p style=\"font-weight: 400;\">A Nordenstadt e Delkenheim, i distretti affrontano sfide simili: A causa della loro posizione vicino alle autostrade e al parco industriale, il traffico, il rumore e la crescente sigillatura delle aree sono temi centrali. Allo stesso tempo, vi \u00e8 una crescente necessit\u00e0 di una migliore assistenza locale, piste ciclabili e sentieri sicuri, nonch\u00e9 servizi per bambini, adolescenti e anziani. Essendo un quartiere pi\u00f9 piccolo, Breckenheim \u00e8 particolarmente colpito dall'aumento del traffico e si trova ad affrontare il compito di preservare il carattere del villaggio e allo stesso tempo creare spazio per nuove forme di vita in nuovi progetti di costruzione.<\/p>\n<p style=\"font-weight: 400;\">Anche Auringen e Medenbach hanno sperimentato un notevole cambiamento negli ultimi anni. Entrambi i distretti combinano il loro carattere di villaggio con una crescente importanza come attraenti localit\u00e0 residenziali. A Medenbach, il sobborgo nordorientale di Wiesbaden, \u00e8 necessario chiarire con urgenza in particolare le questioni relative alla mobilit\u00e0, ai collegamenti con i trasporti pubblici e all'approvvigionamento locale. Anche Auringen \u00e8 in costante crescita e si trova sempre pi\u00f9 di fronte alle conseguenze dell'aumento del traffico. L'infrastruttura esistente sta diventando sempre meno rispondente alle esigenze della popolazione in crescita. Con l'ulteriore espansione degli alloggi, ci sono anche domande fondamentali su un'infrastruttura sostenibile e un concetto di mobilit\u00e0 sostenibile.<\/p>\n<p style=\"font-weight: 400;\">I grandi progetti della transizione energetica e dei trasporti impiegheranno tutti questi distretti nei prossimi anni, come il previsto collegamento S-Bahn attraverso la Wallauer Spange, che mira a creare un collegamento ferroviario migliore per molti distretti, o la linea elettrica pianificata \"Rhein-Main-Link\".<\/p>\n<p style=\"font-weight: 400;\"><strong>Noi verdi della campagna accettiamo queste sfide e vogliamo plasmare lo sviluppo dei distretti in modo attivo, sostenibile e insieme ai cittadini.<\/strong> Ci piace vivere nei nostri distretti, sostenere i nostri consigli locali di Auringen e Delkenheim nel loro lavoro di membri e vogliamo essere rappresentati nei consigli locali degli altri distretti dopo le elezioni locali del 2026.<\/p>\n<p>Gli oratori del gruppo coordinano le riunioni del gruppo distrettuale e sono lieti di rispondere a qualsiasi domanda. Vuoi fare rete e partecipare al gruppo di segnalazione del gruppo distrettuale per essere informato su date e informazioni sul distretto e per essere in grado di scambiare idee? <br data-prosemirror-content-type=\"node\" data-prosemirror-node-name=\"hardBreak\" data-prosemirror-node-inline=\"true\" \/><br data-prosemirror-content-type=\"node\" data-prosemirror-node-name=\"hardBreak\" data-prosemirror-node-inline=\"true\" \/><span>Quindi contatta i due oratori via e-mail!<\/span><\/p>\n<p><strong>Gli oratori sono:<\/strong><br \/>\nN.N. e Stefan Deuling<\/p>\n<\/div><\/div><div class=\"w-btn-wrapper align_left\"><a class=\"w-btn us-btn-style_12 icon_atleft\" href=\"mailto:nordoestliche-vororte@gruene-wiesbaden.de\"><i class=\"fas fa-envelope\"><\/i><span class=\"w-btn-label\">e-mail<\/span><\/a><\/div><\/div><\/div><\/div><div class=\"w-tabs-section has_text_color\" id=\"x141\" style=\"background:var(--color-alt-content-bg);color:var(--color-alt-content-bg-alt);\"><button class=\"w-tabs-section-header with_icon\" aria-controls=\"content-x141\" aria-expanded=\"false\"><i class=\"fas fa-map-pin\"><\/i><div class=\"w-tabs-section-title\">Distretto di Dotzheim\/Klarenthal\/Frauenstein<\/div><div class=\"w-tabs-section-control\"><\/div><\/button><div  class=\"w-tabs-section-content\" id=\"content-x141\"><div class=\"w-tabs-section-content-h i-cf\"><div class=\"wpb_text_column\"><div class=\"wpb_wrapper\"><p style=\"font-weight: 400;\">Dotzheim e Klarenthal sono diverse: scenografiche, strutturali e soprattutto umane. Situato nel nord-ovest di Wiesbaden, entrambi i distretti sono circondati dal verde e dalla foresta. Il Belzbachtal a Dotzheim lungo il Wellritzbach lungo Klarenthal \u00e8 uno dei quattro circuiti di aria fresca di Wiesbaden che sono importanti per il clima della citt\u00e0.<\/p>\n<p style=\"font-weight: 400;\">Dotzheim, il secondo distretto pi\u00f9 grande di Wiesbaden, combina centri storici, moderni complessi residenziali e tranquille aree residenziali. Il castello di Freudenberg con la sua offerta culturale attrae visitatori ben oltre Wiesbaden. Il museo di storia locale nel centro storico di Dotzheim contiene molte informazioni interessanti che risalgono all'epoca romana. Come la pi\u00f9 grande clinica di Wiesbaden, HSK presenta le proprie sfide al distretto.<\/p>\n<p style=\"font-weight: 400;\">Klarenthal, la \"Porta verde di Wiesbaden\", \u00e8 stata creata come un nuovo quartiere a partire dagli anni '60, secondo i piani di Ernst May, quando molti appartamenti dovevano essere costruiti rapidamente. Oggi Klarenthal punteggi con un sacco di verde, una struttura di insediamento aperto e offre con la vicinanza alla foresta della citt\u00e0 e fagiano, nonch\u00e9 un buon collegamento con il centro della citt\u00e0 e alloggi attraenti per le persone di molti paesi di origine e condizioni di vita.<\/p>\n<p style=\"font-weight: 400;\">In entrambi i distretti, una vita attiva di club modella la coesistenza. Pi\u00f9 di un centinaio di nazioni sono a casa qui. Questa diversit\u00e0 culturale e sociale \u00e8 un grande punto di forza e si riflette nel volontariato, nei progetti e nelle iniziative di vicinato. Allo stesso tempo, ci sono sfide come la disuguaglianza sociale, lo svantaggio educativo, le sfide di integrazione e la mancanza di alloggi a prezzi accessibili.<\/p>\n<p><span style=\"font-weight: 400;\"><strong>Noi Verdi di Dotzheim e Klarenthal ci impegniamo a garantire che i nostri distretti rimangano vivibili, sostenibili, socialmente giusti e cosmopoliti e che le misure di protezione del clima arrivino nei nostri distretti.<\/strong> Ci impegniamo per buoni percorsi ciclabili e scolastici, misure per limitare il traffico pendolare, tra cui la riattivazione dell'Aartalbahn, le zone a 30 posti, l'espansione dei servizi di car sharing e buoni collegamenti di trasporto pubblico con il centro citt\u00e0 \/ stazione ferroviaria, la rinaturazione dei corsi d'acqua e una forte rete sociale. <\/span><\/p>\n<p><span style=\"font-weight: 400;\">Noi GR\u00dcNE di Dotzheim e Klarenthal amiamo vivere nei nostri due distretti e vorremmo dare ulteriore forma e supporto ai nostri comitati consultivi locali nel loro lavoro come membri dei due distretti.<\/span><\/p>\n<p>Gli oratori del gruppo coordinano le riunioni del gruppo distrettuale e sono lieti di rispondere a qualsiasi domanda. Vuoi fare rete e partecipare al gruppo di segnalazione del gruppo distrettuale per essere informato su date e informazioni sul distretto e per essere in grado di scambiare idee? <br data-prosemirror-content-type=\"node\" data-prosemirror-node-name=\"hardBreak\" data-prosemirror-node-inline=\"true\" \/><span><\/span><\/p>\n<p><span>Quindi contatta i due oratori via e-mail!<\/span><\/p>\n<p><strong>Sei fatto di Frauenstein?<\/strong> Ottimo, perch\u00e9 finora non abbiamo un solo membro GREEN in Frauenstein! Noi GREEN Dotzheim\/Klarenthal vi diamo un caloroso benvenuto quando siete il primo membro di questo distretto ad aderire al GREEN!<\/p>\n<p><strong>Gli oratori sono:<\/strong><br \/>\nUlla Bai e Werner Hillenbrand<\/p>\n<\/div><\/div><div class=\"w-btn-wrapper align_left\"><a class=\"w-btn us-btn-style_12 icon_atleft\" href=\"mailto:dotzheim-klarenthal-frauenstein@gruene-wiesbaden.de\"><i class=\"fas fa-envelope\"><\/i><span class=\"w-btn-label\">e-mail<\/span><\/a><\/div><\/div><\/div><\/div><div class=\"w-tabs-section has_text_color\" id=\"h3a4\" style=\"background:var(--color-alt-content-bg);color:var(--color-alt-content-bg-alt);\"><button class=\"w-tabs-section-header with_icon\" aria-controls=\"content-h3a4\" aria-expanded=\"false\"><i class=\"fas fa-map-pin\"><\/i><div class=\"w-tabs-section-title\">Distretto di Hessloch\/Naurod<\/div><div class=\"w-tabs-section-control\"><\/div><\/button><div  class=\"w-tabs-section-content\" id=\"content-h3a4\"><div class=\"w-tabs-section-content-h i-cf\"><div class=\"wpb_text_column\"><div class=\"wpb_wrapper\"><p>Hessloch e Naurod sono due dei sobborghi orientali di Wiesbaden, caratterizzati dalla stretta integrazione dell'area di insediamento con il paesaggio culturale circostante. Entrambi i distretti si trovano nel Vortaunus e sono circondati da boschi, campi e, alle pendici delle valli dei ruscelli, da frutteti che definiscono il paesaggio. I villaggi sono collegati da un'area forestale pi\u00f9 ampia sulla montagna locale di Hessloch \"Steinkopf\".<\/p>\n<p>Tra i due, Naurod \u00e8 la citt\u00e0 molto pi\u00f9 grande. I residenti di Naurod sono dotati di tutti i negozi per le esigenze quotidiane. Su Nauroder Gemarkung sorge il Wickerbach, che scorre in un luogo centrale in un letto di ruscello naturale attraverso una piccola area verde e scorre a est di Wiesbaden nel Meno. Oltre Wiesbaden, Naurod \u00e8 conosciuta anche per la sua tradizionale e popolare \u00c4ppelbl\u00fctenfest. La montagna locale Nauroder \"Kellerskopf\" \u00e8 un'attraente destinazione ricreativa locale.<\/p>\n<p>He\u00dfloch \u00e8 il pi\u00f9 piccolo distretto di Wiesbaden. Il nome era originariamente basato su \"Haselbruch\", il che significa che un tempo gli arbusti di nocciolo erano caratteristici di questa zona. A He\u00dfloch vivono giovani famiglie e anziani, i cui genitori erano spesso cresciuti l\u00ec. Una vita di club diversificata riunisce gli Hesslocher nel loro tempo libero. Hessloch \u00e8 popolare tra gli escursionisti a causa dei sentieri escursionistici circolari ben segnalati e ciclisti ricreativi conoscono Hessloch a causa dei percorsi panoramici.<\/p>\n<p>Noi Verdi di Naurod e Hessloch ci impegniamo per la conservazione del paesaggio protetto e del paesaggio culturale. Siamo fortemente a favore di un sistema di trasporto pubblico ben sviluppato con buoni collegamenti con il centro citt\u00e0 e sulle linee ferroviarie. Ci prendiamo cura delle esigenze degli anziani, ci prendiamo cura di percorsi di traffico sicuri e confortevoli, compatibili con le biciclette e prestiamo attenzione alla protezione del suolo e al miglioramento della biodiversit\u00e0. Vogliamo continuare a plasmare i nostri distretti e mantenerli degni di essere vissuti per i giovani e le generazioni future.<\/p>\n<p>Gli oratori del gruppo coordinano le riunioni del gruppo distrettuale e sono lieti di rispondere a qualsiasi domanda. Vuoi fare rete e partecipare al gruppo di segnalazione del gruppo distrettuale per essere informato su date e informazioni sul distretto e per essere in grado di scambiare idee?<\/p>\n<p style=\"font-weight: 400;\">Quindi contatta i due oratori via e-mail!<\/p>\n<p><strong>Gli oratori sono:<\/strong><br \/>\nMartina Michel e Detlev Otto<\/p>\n<\/div><\/div><div class=\"w-btn-wrapper align_left\"><a class=\"w-btn us-btn-style_12 icon_atleft\" href=\"mailto:hessloch-naurod@gruene-wiesbaden.de\"><i class=\"fas fa-envelope\"><\/i><span class=\"w-btn-label\">e-mail<\/span><\/a><\/div><\/div><\/div><\/div><div class=\"w-tabs-section has_text_color\" id=\"y5f6\" style=\"background:var(--color-header-top-bg);color:var(--color-alt-content-bg-alt);\"><button class=\"w-tabs-section-header with_icon\" aria-controls=\"content-y5f6\" aria-expanded=\"false\"><i class=\"fas fa-map-pin\"><\/i><div class=\"w-tabs-section-title\">Distretto di Mitte<\/div><div class=\"w-tabs-section-control\"><\/div><\/button><div  class=\"w-tabs-section-content\" id=\"content-y5f6\"><div class=\"w-tabs-section-content-h i-cf\"><div class=\"wpb_text_column\"><div class=\"wpb_wrapper\"><p style=\"font-weight: 400;\">Wiesbaden-Mitte \u00e8 il centro vivace della nostra citt\u00e0. \u00c8 qui che batte il cuore urbano di Wiesbaden, con le sue zone pedonali, le piazze, i negozi, le autorit\u00e0, i ristoranti e le numerose istituzioni culturali. Luoghi storici come la Schlossplatz con la Marktkirche e la Dernsche Gel\u00e4nde, Luisenplatz o Kranzplatz caratterizzano il paesaggio urbano cos\u00ec come i diversi quartieri residenziali in cui vivono persone di diversa provenienza.<\/p>\n<p style=\"font-weight: 400;\">Mitte \u00e8 caratterizzata da una coesistenza pulsante: Fare shopping, uscire, lavorare, vivere: qui tutto \u00e8 vicino. Circa 23.000 persone vivono a Wiesbaden-Mitte, circa il 35% delle quali provenienti da un contesto migratorio. Questa diversit\u00e0 rende il quartiere particolarmente vivace e culturalmente ricco. Allo stesso tempo, il centro della citt\u00e0 si trova ad affrontare sfide: Non dovrebbe solo rimanere un luogo di shopping e di lavoro, ma anche uno spazio vitale, attraente per i suoi abitanti. Questi includono spazi verdi e aperti con un'alta qualit\u00e0 di soggiorno, mobilit\u00e0 sicura per tutte le persone, a piedi, in bicicletta, in autobus o in auto, nonch\u00e9 diverse offerte culturali e sociali.<\/p>\n<p style=\"font-weight: 400;\">Noi Verdi ci impegniamo a garantire che Mitte rimanga degna di essere vissuta, dal punto di vista ecologico, sociale e sostenibile. Insieme alla societ\u00e0 cittadina, vogliamo realizzare progetti che migliorino la qualit\u00e0 del soggiorno, promuovano la mobilit\u00e0 sostenibile e rafforzino la convivenza.<\/p>\n<p style=\"font-weight: 400;\">Il nostro gruppo di quartiere Mitte riunisce persone dedicate che vogliono lavorare per il loro quartiere, sia che siano gi\u00e0 politicamente attivi o nuovi ad esso. Discutiamo temi attuali, sviluppiamo idee e le contribuiamo ai comitati comunali.<\/p>\n<p>Gli oratori del gruppo coordinano le riunioni del gruppo distrettuale e sono lieti di rispondere a qualsiasi domanda. Vuoi fare rete e partecipare al gruppo di segnalazione del gruppo distrettuale per essere informato su date e informazioni sul distretto e per essere in grado di scambiare idee?<\/p>\n<p style=\"font-weight: 400;\">Quindi contatta i due oratori via e-mail!<\/p>\n<p><strong>Gli oratori sono:<\/strong><br \/>\nAnn-Kathrin Hartenbach e Jacqueline Schmiedeke<\/p>\n<\/div><\/div><div class=\"w-btn-wrapper align_left\"><a class=\"w-btn us-btn-style_12 icon_atleft\" href=\"mailto:mitte@gruene-wiesbaden.de\"><i class=\"fas fa-envelope\"><\/i><span class=\"w-btn-label\">e-mail<\/span><\/a><\/div><\/div><\/div><\/div><div class=\"w-tabs-section has_text_color\" id=\"i850\" style=\"background:var(--color-header-top-bg);color:var(--color-alt-content-bg-alt);\"><button class=\"w-tabs-section-header with_icon\" aria-controls=\"content-i850\" aria-expanded=\"false\"><i class=\"fas fa-map-pin\"><\/i><div class=\"w-tabs-section-title\">Distretto di Nord-Est<\/div><div class=\"w-tabs-section-control\"><\/div><\/button><div  class=\"w-tabs-section-content\" id=\"content-i850\"><div class=\"w-tabs-section-content-h i-cf\"><div class=\"wpb_text_column\"><div class=\"wpb_wrapper\"><p><span>Il distretto nordorientale di Wiesbaden, situato intorno a Kurpark, Nerotal, Platter Stra\u00dfe, Walkm\u00fchltalanlage e Alter Friedhof, combina in modo particolare la vita urbana con strutture storiche, ritiri verdi e diversit\u00e0 culturale. La vicinanza al centro della citt\u00e0, la forte vita da club e il carattere architettonico rendono il quartiere uno degli spazi abitativi e abitativi pi\u00f9 popolari di Wiesbaden.<span class=\"Apple-converted-space\">\u00a0<\/span><\/span><\/p>\n<p><span>Il nord-est \u00e8 caratterizzato da una vivace convivenza di persone e stili di vita diversi. Il quartiere offre spazio per progetti sociali, impegno civico e numerose offerte culturali, dalla biblioteca cittadina alle piccole gallerie e a un'ampia gamma di iniziative educative. Allo stesso tempo, stanno emergendo sfide come l'aumento degli affitti, lo spazio abitativo limitato o la mancanza di infrastrutture ciclabili.<\/span><\/p>\n<p><span><b>Noi Verdi ci impegniamo a garantire che il Nord-Est rimanga vivibile, ecologicamente, socialmente equo e sostenibile.<\/b>Questi includono misure per pi\u00f9 piste ciclabili e sentieri, lo sviluppo urbano rispettoso del clima, la mescolanza sociale, una forte partecipazione dei cittadini, nonch\u00e9 la protezione e l'espansione delle aree verdi e dei punti di incontro.<\/span><\/p>\n<p><span>Il nostro gruppo di quartiere Nord-Est riunisce persone dedicate che vogliono difendere il loro quartiere, sia che siano gi\u00e0 politicamente attivi o nuovi ad esso. Discutiamo temi attuali, sviluppiamo idee e le portiamo ai comitati comunali.<\/span><\/p>\n<p><span>Gli oratori del gruppo coordinano le riunioni del gruppo distrettuale e sono lieti di rispondere a qualsiasi domanda. Vuoi fare rete e partecipare al gruppo di segnalazione del gruppo distrettuale per essere informato su date e informazioni sul distretto e per essere in grado di scambiare idee?<span class=\"Apple-converted-space\">\u00a0<\/span><\/span><\/p>\n<p><span>Quindi contatta i due oratori via e-mail!<\/span><\/p>\n<p><span><b>Gli oratori sono:<\/b><br \/>\nFrauke Werner e Jonathan Kohler<\/span><\/p>\n<\/div><\/div><div class=\"w-btn-wrapper align_left\"><a class=\"w-btn us-btn-style_12 icon_atleft\" href=\"mailto:nordost@gruene-wiesbaden.de\"><i class=\"fas fa-envelope\"><\/i><span class=\"w-btn-label\">e-mail<\/span><\/a><\/div><\/div><\/div><\/div><div class=\"w-tabs-section has_text_color\" id=\"eafb\" style=\"background:var(--color-alt-content-bg);color:var(--color-alt-content-bg-alt);\"><button class=\"w-tabs-section-header with_icon\" aria-controls=\"content-eafb\" aria-expanded=\"false\"><i class=\"fas fa-map-pin\"><\/i><div class=\"w-tabs-section-title\">Distretto di Rheingauviertel\/Hollerborn<\/div><div class=\"w-tabs-section-control\"><\/div><\/button><div  class=\"w-tabs-section-content\" id=\"content-eafb\"><div class=\"w-tabs-section-content-h i-cf\"><div class=\"wpb_text_column\"><div class=\"wpb_wrapper\"><p><span>Il quartiere Rheingauviertel\/Hollerborn collega il centro di Wiesbaden con l'ovest della citt\u00e0. I suoi cinque quarti sono molto diversi, nel loro profilo, nella loro struttura urbana e nel loro tessuto sociale diversificato. Il Rheingauviertel interno caratterizza la sua urbanit\u00e0 familiare e il suo patrimonio storico intorno al vivace Wallufer Platz. A partire dagli anni '20, le aree di insediamento socialmente motivate di Hollerborn\/Kleinfeldchen sono state costruite adiacenti, negli anni '90 in una misura di conversione l'Europaviertel sulle aree dell'ex Camp Lindsay e dal 2006 il K\u00fcnstlerinnenviertel sul sito dell'ex stazione merci West. A partire dagli anni '20, si sono sviluppate anche le ampie aree residenziali, le citt\u00e0-giardino e gli insediamenti dei funzionari pubblici tra Wellritztal e Lahnstra\u00dfe.<\/span><\/p>\n<p><span>Questa diversit\u00e0, i suoi bisogni e le sue sfide determinano la nostra vita quotidiana. Viviamo e lavoriamo in un'area urbana, ben collegata al trasporto pubblico e al trasporto ferroviario locale, ben attrezzata con negozi, imprese artigianali, scene commerciali e creative, con strutture educative e sanitarie e un paesaggio scolastico pronunciato. Le aree verdi e per il tempo libero sono scarse, utilizzate intensamente e tanto pi\u00f9 preziose. Collegano le aree interne della citt\u00e0 con il paesaggio Taunus, ventilano e rinvigoriscono i quartieri vicini.<\/span><\/p>\n<p><span>La nostra azione politica determina le conseguenze del cambiamento climatico, la necessaria inversione di tendenza nei trasporti e la salvaguardia della coesistenza sociale con l'obiettivo di migliorare ulteriormente la qualit\u00e0 della vita e della residenza nei distretti altamente densamente popolati.<\/span><\/p>\n<p><span>Nei mandati dal 2016 e 2021, siamo stati in grado di fornire ai leader locali come roccaforte verde Dorothee Rhiemeier e Gabriele Kammerer. Durante questo periodo, abbiamo garantito qualit\u00e0 ambientali e residenziali, sostenuto progetti, strutture e strutture, sviluppato nuove forme di partecipazione dei cittadini e coordinamento tra quartieri e amministrazione nei lavori di ristrutturazione intorno alla Ringkirche e riorganizzato la situazione del traffico e dei parcheggi nel Rheingauviertel interno e nel K\u00fcnstlerinnenviertel.<\/span><\/p>\n<p><span>I parchi giochi e gli spazi pubblici del quartiere europeo sono stati rinnovati. La piazza Willy-Brandt-Allee, la piazza Wallufer Platz e la vicina piazza centrale dell'Alsazia saranno ridisegnate. Accompagniamo le comunit\u00e0 scolastiche in transizioni a pi\u00f9 livelli, progetti di costruzione e ristrutturazione.<\/span><\/p>\n<p><span>Il nostro gruppo distrettuale Rheingauviertel\/Hollerborn riunisce persone impegnate che vogliono lavorare per il loro distretto, indipendentemente dal fatto che siano gi\u00e0 politicamente attive o vogliano aderire.<\/span><\/p>\n<p><span>Gli oratori del gruppo coordinano le riunioni del gruppo distrettuale e sono lieti di rispondere a qualsiasi domanda. Vuoi fare rete e partecipare al gruppo di segnalazione del gruppo distrettuale per essere informato su date e informazioni sul distretto e per essere in grado di scambiare idee?<span class=\"Apple-converted-space\">\u00a0<\/span><\/span><\/p>\n<p><span>Quindi contatta i due oratori via e-mail!<\/span><\/p>\n<p><span><b>Gli oratori sono:<\/b><br \/>\nN.N. e Max Carmanns<\/span><\/p>\n<\/div><\/div><div class=\"w-btn-wrapper align_left\"><a class=\"w-btn us-btn-style_12 icon_atleft\" href=\"mailto:rheingauviertel@gruene-wiesbaden.de\"><i class=\"fas fa-envelope\"><\/i><span class=\"w-btn-label\">e-mail<\/span><\/a><\/div><\/div><\/div><\/div><div class=\"w-tabs-section has_text_color\" id=\"qd4e\" style=\"background:var(--color-alt-content-bg);color:var(--color-alt-content-bg-alt);\"><button class=\"w-tabs-section-header with_icon\" aria-controls=\"content-qd4e\" aria-expanded=\"false\"><i class=\"fas fa-map-pin\"><\/i><div class=\"w-tabs-section-title\">Distretto di Sonnenberg\/Rambach<\/div><div class=\"w-tabs-section-control\"><\/div><\/button><div  class=\"w-tabs-section-content\" id=\"content-qd4e\"><div class=\"w-tabs-section-content-h i-cf\"><div class=\"wpb_text_column\"><div class=\"wpb_wrapper\"><p style=\"font-weight: 400;\">Rambach e Sonnenberg sono due sobborghi orientali di Wiesbaden. Abbiamo molto in comune, ma ogni luogo ha il suo carattere. Sonnenberg ha circa 8.000 abitanti, Rambach circa 2.200. Insieme abbiamo una forza comune: Vicinanza alla natura.<\/p>\n<p style=\"font-weight: 400;\">Sonnenberg \u00e8 pittorescamente situato su un pendio e combina un ambiente residenziale ben curato con edifici storici e un centro urbano cresciuto che si \u00e8 sviluppato intorno al Castello di Sonnenberg. La vita comune a Sonnenberg \u00e8 caratterizzata da diversi asili e una scuola elementare, due parrocchie vivaci e una vita associativa diversificata. Inoltre, la zona offre una buona offerta locale con negozi, banche e ristoranti. Grazie alla sua vicinanza al centro della citt\u00e0, al parco termale, al Neroberg e alla Goldsteintal, Sonnenberg \u00e8 un quartiere con un'alta qualit\u00e0 del soggiorno che invita a sentirsi bene.<\/p>\n<p style=\"font-weight: 400;\">Rambach si trova in una posizione idilliaca ai margini del Taunus ed \u00e8 caratterizzato dalla sua struttura del villaggio, da una vita di club attiva e da un quartiere impegnato. Rambach \u00e8 conosciuta per il suo festival del villaggio, il club sportivo o i vigili del fuoco volontari. Il villaggio \u00e8 circondato da vasti boschi, prati e frutteti ricchi di specie. Numerosi sentieri escursionistici e ciclabili vi invitano a rilassarvi proprio a portata di mano. La natura intorno a Rambach non \u00e8 solo un'area ricreativa, ma anche un habitat prezioso per piante e animali: proteggerli \u00e8 molto importante per noi.<\/p>\n<p style=\"font-weight: 400;\">Noi GR\u00dcNE di Sonnenberg e Rambach ci impegniamo per la conservazione del paesaggio naturale e culturale intorno ai nostri distretti. Ci impegniamo per trasporti pubblici ben collegati, percorsi ciclabili e pedonali sicuri e solidariet\u00e0. In considerazione delle sfide poste dall'aumento del traffico, dalla compattazione strutturale e dall'aumento delle temperature, ci affidiamo a soluzioni verdi chiare: Pi\u00f9 verde urbano, meno impermeabilizzazione, mobilit\u00e0 sostenibile e una gestione consapevole dello stock esistente.<\/p>\n<p style=\"font-weight: 400;\">A Sonnenberg e Rambach \u00e8 particolarmente importante per noi preservare il carattere delle periferie e la convivenza sociale, soprattutto in tempi di cambiamento.<\/p>\n<p>Gli oratori del gruppo coordinano le riunioni del gruppo distrettuale e sono lieti di rispondere a qualsiasi domanda. Vuoi fare rete e partecipare al gruppo di segnalazione del gruppo distrettuale per essere informato su date e informazioni sul distretto e per essere in grado di scambiare idee? <br data-prosemirror-content-type=\"node\" data-prosemirror-node-name=\"hardBreak\" data-prosemirror-node-inline=\"true\" \/><br data-prosemirror-content-type=\"node\" data-prosemirror-node-name=\"hardBreak\" data-prosemirror-node-inline=\"true\" \/><span>Quindi contatta i due oratori via e-mail!<\/span><\/p>\n<p><strong>Gli oratori sono:<\/strong><br \/>\nClaudia Krafczyk e Robert Heine<\/p>\n<\/div><\/div><div class=\"w-btn-wrapper align_left\"><a class=\"w-btn us-btn-style_12 icon_atleft\" href=\"mailto:sonnenberg-rambach@gruene-wiesbaden.de\"><i class=\"fas fa-envelope\"><\/i><span class=\"w-btn-label\">e-mail<\/span><\/a><\/div><\/div><\/div><\/div><div class=\"w-tabs-section has_text_color\" id=\"lff2\" style=\"background:var(--color-alt-content-bg);color:var(--color-alt-content-bg-alt);\"><button class=\"w-tabs-section-header with_icon\" aria-controls=\"content-lff2\" aria-expanded=\"false\"><i class=\"fas fa-map-pin\"><\/i><div class=\"w-tabs-section-title\">Distretto di Schierstein<\/div><div class=\"w-tabs-section-control\"><\/div><\/button><div  class=\"w-tabs-section-content\" id=\"content-lff2\"><div class=\"w-tabs-section-content-h i-cf\"><div class=\"wpb_text_column\"><div class=\"wpb_wrapper\"><p style=\"font-weight: 400;\">Schierstein \u00e8 stata incorporata dal 1926 e ha una popolazione di 11167 (2025). Si compone del centro storico a sud della linea ferroviaria e del Freudenberg a nord di Frank-Wedekind-Stra\u00dfe. Ad est confina con Biebrich sotto il ponte Schierstein e ad ovest sul Rheingau (Walluf).<\/p>\n<p style=\"font-weight: 400;\">Con la sua posizione direttamente sul Reno, tra il porto e i vigneti, \u00e8 una destinazione popolare per le escursioni. Il porto, che viene utilizzato principalmente per gli sport ricreativi, il lungomare, il fronte del Reno con la Bismarksaue, il vecchio acquedotto con le sue cicogne, per il quale Schierstein \u00e8 noto, e la Rettbergsaue con l'Inselcaf\u00e9 attirano molti visitatori. Il collegamento con i mezzi pubblici \u00e8 buono, ma molti arrivano in auto.<\/p>\n<p style=\"font-weight: 400;\">Schierstein ha una vivace vita da club con un sacco di impegno della societ\u00e0 civile per il distretto. Lo dimostrano la festa del porto, la festa del vino, il notch, il wine stand o vin brul\u00e9 tutto l'anno, le regate di canottaggio, il mercato settimanale, la talpa artificiale, le luci di Natale e molto altro ancora.<\/p>\n<p style=\"font-weight: 400;\">Grazie alla sua posizione sul Reno, Schierstein \u00e8 integrato nel concetto sovraregionale Reno-Meno. Parcheggi e un'area per il tempo libero sotto il ponte Schiersteiner, Bismarksaue rinaturalizzato, sentieri escursionistici e schede di storia turistica devono essere realizzati in futuro. Anche la pista ciclabile a lunga distanza dell'Assia R3 conduce qui.<\/p>\n<p style=\"font-weight: 400;\">Schierstein continua a crescere e sta diventando sempre pi\u00f9 compatta perch\u00e9 manca un terreno edificabile adeguato. Il traffico individuale \u00e8 in aumento e la pressione dei parcheggi \u00e8 in aumento, gli appezzamenti di terreno vengono sigillati e ulteriori edifici per uffici devono essere costruiti a Osthafen invece di preservare gli spazi verdi e renderli accessibili alla popolazione o utilizzarli per l'adattamento ai cambiamenti climatici.<\/p>\n<p style=\"font-weight: 400;\">Noi Verdi di Schierstein ci impegniamo a:<\/p>\n<ul>\n<li>la conservazione delle aree verdi (Westfeld) al fine di diventare pi\u00f9 resilienti ai cambiamenti climatici e garantire la coltivazione regionale di ortofrutticoli della regione.<\/li>\n<li>una riduzione del traffico individuale (visitatore) e velocit\u00e0 30 nel villaggio e soprattutto sulle arterie.<\/li>\n<li>l'aumento del valore ricreativo attraverso zone a traffico limitato e senza traffico.<\/li>\n<li>rafforzare la coesione della societ\u00e0 civile.<\/li>\n<li>la promozione di progetti interculturali.<\/li>\n<li>Migliorare l'animazione socioeducativa.<\/li>\n<\/ul>\n<p style=\"font-weight: 400;\">Maggiori informazioni sono disponibili sul sito web Schiersteiner GR\u00dcNEN: www.gruene-schierstein.de<\/p>\n<p>Gli oratori del gruppo coordinano le riunioni del gruppo distrettuale e sono lieti di rispondere a qualsiasi domanda. Vuoi fare rete e partecipare al gruppo di segnalazione del gruppo distrettuale per essere informato su date e informazioni sul distretto e per essere in grado di scambiare idee? <br data-prosemirror-content-type=\"node\" data-prosemirror-node-name=\"hardBreak\" data-prosemirror-node-inline=\"true\" \/><br data-prosemirror-content-type=\"node\" data-prosemirror-node-name=\"hardBreak\" data-prosemirror-node-inline=\"true\" \/><span>Quindi contatta i due oratori via e-mail!<\/span><\/p>\n<p><strong>Gli oratori sono:<\/strong><br \/>\nKaterina Garcia e Axel Wolf (personaggio)<\/p>\n<\/div><\/div><div class=\"w-btn-wrapper align_left\"><a class=\"w-btn us-btn-style_12 icon_atleft\" href=\"mailto:schierstein@gruene-wiesbaden.de\"><i class=\"fas fa-envelope\"><\/i><span class=\"w-btn-label\">e-mail<\/span><\/a><\/div><\/div><\/div><\/div><div class=\"w-tabs-section has_text_color\" id=\"v298\" style=\"background:var(--color-alt-content-bg);color:var(--color-alt-content-bg-alt);\"><button class=\"w-tabs-section-header with_icon\" aria-controls=\"content-v298\" aria-expanded=\"false\"><i class=\"fas fa-map-pin\"><\/i><div class=\"w-tabs-section-title\">Distretto sud-orientale<\/div><div class=\"w-tabs-section-control\"><\/div><\/button><div  class=\"w-tabs-section-content\" id=\"content-v298\"><div class=\"w-tabs-section-content-h i-cf\"><div class=\"wpb_text_column\"><div class=\"wpb_wrapper\"><p><span>Wiesbaden-S\u00fcdost \u00e8 un quartiere vario e vivace che combina opposti: dal quartiere poeta densamente costruito al quartiere residenziale di Weidenborn alle ville della City-Ost. Dal cuore del centro citt\u00e0 sulla Wilhelmstra\u00dfe alle verdi colline del S\u00fcdfriedhof, dal sofisticato Museo Reinhard Ernst al centro culturale Schlachthof. Persone provenienti da un'ampia variet\u00e0 di background vivono qui, rendendo il sud-est una parte eccitante e stimolante della citt\u00e0.<\/span><\/p>\n<p><span>Come persone verdi nel comitato consultivo locale, ci impegniamo a garantire che il sud-est rimanga ecologico, sociale e degno di essere vissuto. Ci impegniamo per una mobilit\u00e0 sostenibile, piste ciclabili migliori, passeggiate sicure e trasporti pubblici attraenti. Prendiamo anche in considerazione le esigenze speciali delle persone anziane e delle famiglie.<\/span><\/p>\n<p><span>Una preoccupazione importante per noi \u00e8 la protezione e il miglioramento dei nostri spazi verdi, in particolare in un distretto densamente popolato, le attivit\u00e0 ricreative e la protezione del clima sono strettamente collegate. Lottiamo per alloggi a prezzi accessibili, un centro citt\u00e0 pi\u00f9 verde e pi\u00f9 vivibile e per una buona convivenza di tutti i residenti.<\/span><\/p>\n<p><span>Nel comitato consultivo locale, stiamo enfatizzando le questioni verdi, impegnandoci in scambi con i cittadini e sostenendo la trasparenza e la partecipazione. Il nostro lavoro si basa sul dialogo: accogliamo con favore suggerimenti, critiche e, naturalmente, persone che vogliono contribuire a plasmarlo.<\/span><\/p>\n<p><span>Insieme, vogliamo plasmare il cambiamento sul campo: ecologico, equo e orientato al futuro.<\/span><\/p>\n<p><span>I portavoce del gruppo coordinano le riunioni del gruppo distrettuale e sono lieti di rispondere a qualsiasi domanda tu possa avere. Vuoi fare rete e partecipare al gruppo di segnalazione del gruppo distrettuale per essere informato su date e informazioni sul distretto e per essere in grado di scambiare idee?<span class=\"Apple-converted-space\">\u00a0<\/span><\/span><\/p>\n<p><span>Quindi clicca sul seguente pulsante, scrivi una e-mail con la richiesta all'ufficio dell'associazione distrettuale e faremo il contatto!<\/span><\/p>\n<p><span><b>Gli oratori sono:<\/b><br \/>\nMichaela G\u00f6tzmann e Thomas G\u00f6tzmann<\/span><\/p>\n<\/div><\/div><div class=\"w-btn-wrapper align_left\"><a class=\"w-btn us-btn-style_12 icon_atleft\" href=\"mailto:suedost@gruene-wiesbaden.de\"><i class=\"fas fa-envelope\"><\/i><span class=\"w-btn-label\">e-mail<\/span><\/a><\/div><\/div><\/div><\/div><div class=\"w-tabs-section has_text_color\" id=\"e4f6\" style=\"background:var(--color-alt-content-bg);color:var(--color-alt-content-bg-alt);\"><button class=\"w-tabs-section-header with_icon\" aria-controls=\"content-e4f6\" aria-expanded=\"false\"><i class=\"fas fa-map-pin\"><\/i><div class=\"w-tabs-section-title\">Distretto di Westend<\/div><div class=\"w-tabs-section-control\"><\/div><\/button><div  class=\"w-tabs-section-content\" id=\"content-e4f6\"><div class=\"w-tabs-section-content-h i-cf\"><div class=\"wpb_text_column\"><div class=\"wpb_wrapper\"><p><span>Nel Westend vivono circa 18.000 abitanti provenienti da circa 100 nazioni. Con una superficie di soli 0,67 chilometri quadrati, \u00e8 quindi il distretto pi\u00f9 piccolo, ma anche il pi\u00f9 densamente popolato della Germania. Il quartiere impressiona con i suoi affascinanti edifici antichi, vecchi edifici classicisti e facciate impressionanti. Essendo un quartiere vivace, giovane e multiculturale, il Westend \u00e8 popolare sia tra i residenti che tra i visitatori. Ospita la popolazione pi\u00f9 giovane di Wiesbaden, quasi la met\u00e0 dei quali ha un background migratorio. La miscela di stile urbano e quartiere rilassato rende il Westend un quartiere vivace e colorato, che caratterizza la vita della citt\u00e0 di Wiesbaden. Il Bismarckring divide il Westend in due aree diverse: Il Westend interno, caratterizzato dalla diversit\u00e0 culturale, strade vivaci come la Wellritz e Bleichstra\u00dfe, nonch\u00e9 la gastronomia internazionale, e il Westend esterno pi\u00f9 tranquillo con piccoli caff\u00e8 e una scena creativa nei cortili.<\/span><\/p>\n<p><span>A causa del denso sviluppo, solo circa il 3% delle aree verdi sono disponibili nel Westend. Tuttavia, la posizione \u00e8 cos\u00ec favorevole che \u00e8 possibile raggiungere rapidamente i parchi circostanti come la Wellritztal o il D\u00fcrerpark. Attualmente ci sono solo tre campi da gioco per i bambini nel quartiere: a Bl\u00fccherplatz, Wellritzhof e Bertramstra\u00dfe. La situazione del parcheggio \u00e8 una sfida a causa dell'alta densit\u00e0 di edifici. Il parcheggio in strada \u00e8 scarso e trovare un parcheggio gratuito \u00e8 difficile per i residenti che si affidano all'auto.<span class=\"Apple-converted-space\">\u00a0<\/span><\/span><\/p>\n<p><span>Noi Verdi del Westend ci impegniamo a rendere il Westend ancora pi\u00f9 vivibile. Ad esempio, attraverso il comitato consultivo locale, siamo stati determinanti nel garantire che ci siano pi\u00f9 aree verdi nel Westend che possono essere utilizzate per la ricreazione e il raffreddamento nella calura estiva. Ci\u00f2 include la conversione del parcheggio in Alsace Square in un parco con un quarto di garage, che dovrebbe compensare gli spazi di parcheggio omessi e ridurre la pressione di parcheggio nel Westend, nonch\u00e9 la riprogettazione di Sedan Square. Per i professionisti che non si affidano quotidianamente all'auto, numerose offerte di car sharing nel quartiere offrono un'alternativa pratica.<span class=\"Apple-converted-space\">\u00a0<\/span><\/span><\/p>\n<p><span>Inoltre, noi Verdi del Westend ci impegniamo anche a tenere maggiormente conto delle esigenze delle giovani famiglie del Westend. Questo \u00e8 il motivo per cui noi, i Verdi del consiglio locale di Westend, ci impegniamo a garantire che questi campi da gioco siano supervisionati e supervisionati da specialisti. Chiediamo anche la riattivazione dei servizi igienici nei parchi giochi. Abbiamo bisogno di alloggi a prezzi accessibili e l'assistenza all'infanzia deve essere ulteriormente sviluppata e rafforzata.<\/span><\/p>\n<p><span>I portavoce del gruppo coordinano le riunioni del gruppo distrettuale e sono lieti di rispondere a qualsiasi domanda tu possa avere. Vuoi fare rete e partecipare al gruppo di segnalazione del gruppo distrettuale per essere informato su date e informazioni sul distretto e per essere in grado di scambiare idee?<br \/>\n<\/span><\/p>\n<p><span>Quindi contatta i due oratori via e-mail!<\/span><\/p>\n<p><span><b>Gli oratori sono:<\/b><br \/>\nAntje Wenig e Sebastian Linden<\/span><\/p>\n<\/div><\/div><div class=\"w-btn-wrapper align_left\"><a class=\"w-btn us-btn-style_12 icon_atleft\" href=\"mailto:westend@gruene-wiesbaden.de\"><i class=\"fas fa-envelope\"><\/i><span class=\"w-btn-label\">e-mail<\/span><\/a><\/div><\/div><\/div><\/div><\/div><\/div><\/div><\/div><\/div><div class=\"g-cols wpb_row via_grid cols_1 laptops-cols_inherit tablets-cols_inherit mobiles-cols_1 valign_middle type_default stacking_default\" style=\"--columns-gap:3rem;\" id=\"arbeitskreise\"><div class=\"wpb_column vc_column_container\"><div class=\"vc_column-inner\"><div class=\"w-separator size_large\"><\/div><div class=\"wpb_text_column\"><div class=\"wpb_wrapper\"><h3>Puoi essere coinvolto nei seguenti gruppi di lavoro della nostra associazione distrettuale<\/h3>\n<\/div><\/div><div class=\"w-separator size_medium\"><\/div><div class=\"w-tabs us_custom_057801f8 style_default switch_click accordion has_scrolling remove_indents\" style=\"--sections-title-size:inherit\"><div class=\"w-tabs-sections titles-align_none icon_chevron cpos_left\"><div class=\"w-tabs-section has_text_color\" id=\"v5a6\" style=\"background:var(--color-alt-content-bg);color:var(--color-alt-content-bg-alt);\"><button class=\"w-tabs-section-header with_icon\" aria-controls=\"content-v5a6\" aria-expanded=\"false\"><i class=\"fas fa-seedling\"><\/i><div class=\"w-tabs-section-title\">AK Ambiente<\/div><div class=\"w-tabs-section-control\"><\/div><\/button><div  class=\"w-tabs-section-content\" id=\"content-v5a6\"><div class=\"w-tabs-section-content-h i-cf\"><div class=\"wpb_text_column\"><div class=\"wpb_wrapper\"><p>Il testo segue.<\/p>\n<p><strong>Gli oratori sono:<\/strong><br \/>\nCarolin Scholtz e Martina Michel<\/p>\n<\/div><\/div><div class=\"w-btn-wrapper align_left\"><a class=\"w-btn us-btn-style_12 icon_atleft\" href=\"mailto:ak-umwelt@gruene-wiesbaden.de\"><i class=\"fas fa-envelope\"><\/i><span class=\"w-btn-label\">e-mail<\/span><\/a><\/div><\/div><\/div><\/div><div class=\"w-tabs-section has_text_color\" id=\"v7dd\" style=\"background:var(--color-alt-content-bg);color:var(--color-alt-content-bg-alt);\"><button class=\"w-tabs-section-header with_icon\" aria-controls=\"content-v7dd\" aria-expanded=\"false\"><i class=\"fas fa-city\"><\/i><div class=\"w-tabs-section-title\">AK Pianificazione urbana e trasporti<\/div><div class=\"w-tabs-section-control\"><\/div><\/button><div  class=\"w-tabs-section-content\" id=\"content-v7dd\"><div class=\"w-tabs-section-content-h i-cf\"><div class=\"wpb_text_column\"><div class=\"wpb_wrapper\"><p>Nel gruppo di lavoro sulla pianificazione urbana e i trasporti di GREEN Wiesbaden, ci occupiamo di tutte le questioni relative alla mobilit\u00e0 e allo sviluppo urbano nella nostra citt\u00e0. Il nostro obiettivo \u00e8 una Wiesbaden vivibile, rispettosa del clima e sostenibile, dove tutte le persone possano muoversi in modo sicuro, ecologico e senza barriere.<\/p>\n<p>Ci impegniamo per buoni percorsi ciclabili e pedonali, trasporti pubblici attraenti e pianificazione urbana che si concentra su brevi distanze, partecipazione sociale e quartieri verdi. Cos\u00ec facendo, pensiamo sempre insieme alla mobilit\u00e0 e allo sviluppo urbano, che si tratti dell'espansione dei servizi di trasporto pubblico, della riprogettazione degli spazi stradali o dello sviluppo di nuove aree residenziali.<\/p>\n<p>Il gruppo di lavoro riunisce membri impegnati con esperienza e interesse per lo sviluppo urbano. Insieme discutiamo della pianificazione attuale, sviluppiamo posizioni e accompagniamo i processi politici a livello comunale.<\/p>\n<p>Nuovi volti e nuove idee sono sempre i benvenuti! <strong>Sei interessato a lavorare? Quindi contatta i portavoce dell'AK via e-mail!<\/strong><\/p>\n<p><strong>Gli oratori sono:<\/strong><br \/>\nChristine Sch\u00fctzler e David Geisberger<\/p>\n<\/div><\/div><div class=\"w-btn-wrapper align_left\"><a class=\"w-btn us-btn-style_12 icon_atleft\" href=\"mailto:ak-stadtplanung-und-verkehr@gruene-wiesbaden.de\"><i class=\"fas fa-envelope\"><\/i><span class=\"w-btn-label\">e-mail<\/span><\/a><\/div><\/div><\/div><\/div><div class=\"w-tabs-section has_text_color\" id=\"ia58\" style=\"background:var(--color-alt-content-bg);color:var(--color-alt-content-bg-alt);\"><button class=\"w-tabs-section-header with_icon\" aria-controls=\"content-ia58\" aria-expanded=\"false\"><i class=\"fas fa-plug\"><\/i><div class=\"w-tabs-section-title\">AK Protezione dell'energia e del clima<\/div><div class=\"w-tabs-section-control\"><\/div><\/button><div  class=\"w-tabs-section-content\" id=\"content-ia58\"><div class=\"w-tabs-section-content-h i-cf\"><div class=\"wpb_text_column\"><div class=\"wpb_wrapper\"><p><strong>Quali argomenti trattiamo nell'AK:<\/strong><\/p>\n<p style=\"font-weight: 400;\">Siamo ottimisti e crediamo che possiamo ancora fermare il cambiamento climatico o almeno mantenerlo entro limiti accettabili. A lungo termine, non c'\u00e8 modo di aggirare la transizione energetica, dei trasporti e agricola come un'opportunit\u00e0 storica sulla strada verso uno stile di vita sostenibile e rispettoso dell'ambiente. Con i Democratici Verdi, il movimento \u00e8 entrato anche nell'attuazione politica, ma per inaugurare un vero cambiamento, tutte le parti della societ\u00e0 devono lavorare insieme.<\/p>\n<p style=\"font-weight: 400;\">Il gruppo di lavoro sulla protezione dell'energia e del clima collabora con la societ\u00e0 urbana, come il comitato consultivo per la protezione del clima e altri. Vogliamo fare la nostra parte per sviluppare una nuova comprensione dell'importanza della protezione del clima e dell'adattamento a Wiesbaden e per rendere la transizione energetica un obiettivo permanente della politica municipale di Wiesbaden.<\/p>\n<p style=\"font-weight: 400;\">Sosteniamo l'attuazione della transizione termica concordata e <a href=\"https:\/\/www.wiesbaden.de\/leben-in-wiesbaden\/umwelt-natur-klima\/klimaschutz\/\" target=\"_blank\" rel=\"noopener\">Piano per il clima<\/a>. Ci concentriamo principalmente sulle tecnologie di efficienza energetica (ristrutturazione degli edifici o mobilit\u00e0 elettrica) e sull'uso massiccio di energia rinnovabile e sulle loro condizioni quadro, come il piano di uso del suolo di nuova concezione con pianificazione delle infrastrutture.<\/p>\n<p style=\"font-weight: 400;\"><strong>Quando e dove si incontra l'AK? <\/strong><\/p>\n<p style=\"font-weight: 400;\">Nomina periodica<span> \u00c8 il terzo venerd\u00ec di ogni mese alle 18:30. <\/span><span>La posizione sar\u00e0 comunicata via e-mail e segnale (principalmente come videoconferenza).<\/span><\/p>\n<p><strong>Sei interessato a lavorare? Quindi contatta i portavoce dell'AK via e-mail!<\/strong><\/p>\n<p><strong>Gli oratori sono:<\/strong><br \/>\nN.N. + Axel Bretzke<\/p>\n<\/div><\/div><div class=\"w-btn-wrapper align_left\"><a class=\"w-btn us-btn-style_12 icon_atleft\" href=\"mailto:ak-energie-und-klimaschutz@gruene-wiesbaden.de\"><i class=\"fas fa-envelope\"><\/i><span class=\"w-btn-label\">e-mail<\/span><\/a><\/div><\/div><\/div><\/div><div class=\"w-tabs-section has_text_color\" id=\"od22\" style=\"background:var(--color-alt-content-bg);color:var(--color-alt-content-bg-alt);\"><button class=\"w-tabs-section-header with_icon\" aria-controls=\"content-od22\" aria-expanded=\"false\"><i class=\"fas fa-fist-raised\"><\/i><div class=\"w-tabs-section-title\">AK Donne, Uguaglianza, Diversit\u00e0<\/div><div class=\"w-tabs-section-control\"><\/div><\/button><div  class=\"w-tabs-section-content\" id=\"content-od22\"><div class=\"w-tabs-section-content-h i-cf\"><div class=\"wpb_text_column\"><div class=\"wpb_wrapper\"><div dir=\"auto\">Nel Gruppo di Lavoro Donne, Uguaglianza &amp; Diversit\u00e0 ci occupiamo della domanda: Come pu\u00f2 essere una Wiesbaden, dove tutte le persone vivono allo stesso modo, in sicurezza e autodeterminate?<\/div>\n<div dir=\"auto\"><\/div>\n<div dir=\"auto\">Riteniamo che l'uguaglianza, il femminismo e la diversit\u00e0 siano insieme: intersezionali, solidali e coerenti.<\/div>\n<div dir=\"auto\">I nostri argomenti includono:<\/div>\n<ul>\n<li dir=\"auto\">Parit\u00e0 delle donne nella politica, nell'amministrazione e nella societ\u00e0 urbana<\/li>\n<li dir=\"auto\">Visibilit\u00e0 queer, diritti e protezione contro la discriminazione (LGBTQIA+)<\/li>\n<li dir=\"auto\">Antirazzismo, partecipazione e diversit\u00e0<\/li>\n<li dir=\"auto\">Inclusione delle persone con disabilit\u00e0<\/li>\n<li dir=\"auto\">Linguaggio, parit\u00e0 e strutture eque che tengano conto delle questioni di genere<\/li>\n<\/ul>\n<div dir=\"auto\"><\/div>\n<div dir=\"auto\">Discutiamo questioni politiche attuali, sviluppiamo posizioni e portiamo le nostre prospettive nella politica di partito, fazione e citt\u00e0. Allo stesso tempo, ci consideriamo uno spazio aperto per lo scambio, il networking e il sostegno reciproco.<\/div>\n<div dir=\"auto\"><\/div>\n<div dir=\"auto\">Se sei stato politicamente attivo per molto tempo o vuoi semplicemente fermarti: Nuove voci e nuove idee sono benvenute!<\/div>\n<div dir=\"auto\"><\/div>\n<p><strong>Sei interessato a lavorare?<\/strong><span><br \/>\n<\/span><span>Allora sentiti libero di contattare i portavoce di AK Women, Equality, Diversity!<\/span><\/p>\n<p><strong>Gli oratori sono:<\/strong><br \/>\ndi Sarah Linker e Lea Heinrich<\/p>\n<\/div><\/div><div class=\"w-btn-wrapper align_left\"><a class=\"w-btn us-btn-style_12 icon_atleft\" href=\"mailto:ak-frauen-gleichstellung-diversity@gruene-wiesbaden.de\"><i class=\"fas fa-envelope\"><\/i><span class=\"w-btn-label\">e-mail<\/span><\/a><\/div><\/div><\/div><\/div><div class=\"w-tabs-section has_text_color\" id=\"af9d\" style=\"background:var(--color-alt-content-bg);color:var(--color-alt-content-bg-alt);\"><button class=\"w-tabs-section-header with_icon\" aria-controls=\"content-af9d\" aria-expanded=\"false\"><i class=\"fas fa-chart-line\"><\/i><div class=\"w-tabs-section-title\">AK Economia e Finanza<\/div><div class=\"w-tabs-section-control\"><\/div><\/button><div  class=\"w-tabs-section-content\" id=\"content-af9d\"><div class=\"w-tabs-section-content-h i-cf\"><div class=\"wpb_text_column\"><div class=\"wpb_wrapper\"><p><span>La crisi climatica, la digitalizzazione e la globalizzazione pongono le imprese e la societ\u00e0 di fronte a sfide enormi. Il modo in cui produciamo e consumiamo cambier\u00e0.<\/span><\/p>\n<p><span>Noi Verdi di questo AK vogliamo un'economia ecologicamente ed economicamente di successo che consumi sempre meno materie prime e preservi i nostri mezzi di sussistenza naturali. <\/span><span>Stiamo creando una nuova misura di prosperit\u00e0, che non solo misura i flussi di denaro, ma tiene anche conto, ad esempio, della qualit\u00e0 del nostro ambiente e della distribuzione della ricchezza. <\/span><span>La modernizzazione ecologica \u00e8 in pieno svolgimento. Piccole e grandi aziende scrivono numeri neri con idee verdi.<\/span><\/p>\n<p><span>Nell'AK Economics and Finance, lavoriamo su argomenti rilevanti per la citt\u00e0 di Wiesbaden e per la sua integrazione nella regione metropolitana di Francoforte \/ Reno-Meno.<\/span><\/p>\n<p><span>Siamo una piattaforma di informazione e comunicazione sia internamente che esternamente: Qui ci scambiamo informazioni, lavoriamo su argomenti attuali, invitiamo esperti a parlare e molto altro ancora.<\/span><\/p>\n<p><span>Temi tipici sono l'attrattiva di Wiesbaden come sede commerciale, ma anche il saldo delle entrate e delle spese del bilancio comunale.<\/span><\/p>\n<p><span><strong>Quando e dove si incontra l'AK?<br \/>\n<\/strong><\/span><span>La data \u00e8 il secondo gioved\u00ec di ogni mese alle 19:00. La posizione sar\u00e0 annunciata via segnale \/ e-mail.<\/span><\/p>\n<p><strong>Sei interessato a lavorare? Quindi contatta i portavoce dell'AK via e-mail!<br \/>\n<\/strong>Il gruppo di lavoro \u00e8 aperto a tutte le parti interessate, ai membri e ai cittadini. Il gruppo di lavoro ha numerosi membri, ma solo pochi membri attivi. Siamo quindi molto felici se vuoi lavorare con noi. Non \u00e8 richiesta una conoscenza economica dettagliata, ma solo l'interesse.<strong><br \/>\n<\/strong><\/p>\n<p><strong>Gli oratori sono:<\/strong><br \/>\nN.N. + N.N.<\/p>\n<\/div><\/div><div class=\"w-btn-wrapper align_left\"><a class=\"w-btn us-btn-style_12 icon_atleft\" href=\"mailto:ak-wirtschaft-und-finanzen@gruene-wiesbaden.de\"><i class=\"fas fa-envelope\"><\/i><span class=\"w-btn-label\">e-mail<\/span><\/a><\/div><\/div><\/div><\/div><div class=\"w-tabs-section has_text_color\" id=\"b26c\" style=\"background:var(--color-alt-content-bg);color:var(--color-alt-content-bg-alt);\"><button class=\"w-tabs-section-header with_icon\" aria-controls=\"content-b26c\" aria-expanded=\"false\"><i class=\"fas fa-book-reader\"><\/i><div class=\"w-tabs-section-title\">AK Istruzione e Cultura<\/div><div class=\"w-tabs-section-control\"><\/div><\/button><div  class=\"w-tabs-section-content\" id=\"content-b26c\"><div class=\"w-tabs-section-content-h i-cf\"><div class=\"wpb_text_column\"><div class=\"wpb_wrapper\"><p><span>Nel gruppo di lavoro Istruzione e cultura affrontiamo la questione di come l'istruzione a Wiesbaden possa essere resa pi\u00f9 equa, inclusiva e orientata al futuro. Crediamo che l'istruzione sia una chiave per la partecipazione sociale, la sostenibilit\u00e0 e le pari opportunit\u00e0, fin dall'inizio e per tutte le et\u00e0.<\/span><\/p>\n<p><span>Uno degli obiettivi del nostro lavoro \u00e8 l'istruzione precoce. Tra le altre cose, ci preoccupiamo dell'importanza della lingua come base per il successo educativo. Discutiamo dei modi in cui il sostegno linguistico precoce pu\u00f2 essere raggiunto ancora meglio, ad esempio attraverso offerte mirate in asili nido o programmi prescolari. Consideriamo anche l'equipaggiamento delle biblioteche scolastiche come un importante contributo alla promozione della lettura e al rafforzamento delle capacit\u00e0 educative dei bambini e dei giovani.<\/span><\/p>\n<p><span>Stiamo anche lavorando all'ulteriore sviluppo del sistema scolastico. L'attenzione si concentra sulla questione di come i percorsi educativi possano essere resi pi\u00f9 individuali e aperti al maggior numero possibile di studenti. Anche il ruolo delle scuole complete integrate con le scuole secondarie superiori svolge un ruolo importante in questo contesto.<\/span><\/p>\n<p><span>Un altro argomento del gruppo di lavoro \u00e8 il lavoro sociale scolastico. Insieme, stiamo considerando come le scuole possono essere supportate nel loro lavoro pedagogico da team multi-professionali, come assistenti sociali scolastici o esperimenti modello con psicologi scolastici.<\/span><\/p>\n<p><span>Siamo inoltre intensamente coinvolti nella digitalizzazione nel settore dell'istruzione. Parliamo di concetti utili per l'uso dei dispositivi digitali in classe, che possono offrire opportunit\u00e0 di apprendimento individuale. In questo contesto, consideriamo anche le attrezzature delle scuole e la necessit\u00e0 di sostegno nell'uso dei media digitali.<\/span><\/p>\n<p><span>Un altro aspetto del nostro lavoro \u00e8 come l'istruzione pu\u00f2 essere meglio distribuita in tutta l'area urbana. Ci\u00f2 include domande sull'accessibilit\u00e0 delle scuole, in particolare nei distretti esterni, nonch\u00e9 sul ruolo delle scuole distrettuali come luoghi di istruzione vicino a casa.<\/span><\/p>\n<p><span>Anche le scuole per tutto il giorno con una routine quotidiana ben coordinata fino al pomeriggio sono un argomento importante per noi, anche in relazione alla buona ristorazione scolastica, che si concentra sulla sostenibilit\u00e0, la regionalit\u00e0 e la freschezza.<\/span><\/p>\n<p><span>Nel settore degli edifici scolastici, ci occupiamo di questioni relative alla qualit\u00e0 del soggiorno, ad esempio attraverso misure quali l'inverdimento, l'ombreggiatura o lo sgancio dei cortili scolastici. L'uso delle aree del tetto per l'energia solare \u00e8 anche un problema che consideriamo da un punto di vista ecologico ed educativo.<\/span><\/p>\n<p><span>Un altro settore importante del nostro lavoro \u00e8 l'educazione degli adulti. Vediamo la Volkshochschule come un luogo centrale di apprendimento permanente e offerte educative a bassa soglia che combinano questioni sociali, ecologiche e democratiche.<\/span><\/p>\n<p><strong>Quando e dove si incontra l'AK?<\/strong><span><br \/>\n<\/span><span>L'appuntamento regolare \u00e8 il secondo marted\u00ec del mese alle 19:00. La posizione sar\u00e0 comunicata via e-mail e segnale (principalmente come videoconferenza).<\/span><\/p>\n<p><strong>Sei interessato a lavorare?<\/strong><span><br \/>\n<\/span><span>Allora non esitate a contattare i portavoce della AK Bildung und Kultur via e-mail!<\/span><\/p>\n<p><strong>Gli oratori sono:<\/strong><br \/>\nMarta Moneva e Markus Rupp<\/p>\n<\/div><\/div><div class=\"w-btn-wrapper align_left\"><a class=\"w-btn us-btn-style_12 icon_atleft\" href=\"mailto:ak-bildung-und-kultur@gruene-wiesbaden.de\"><i class=\"fas fa-envelope\"><\/i><span class=\"w-btn-label\">e-mail<\/span><\/a><\/div><\/div><\/div><\/div><div class=\"w-tabs-section has_text_color\" id=\"k504\" style=\"background:var(--color-alt-content-bg);color:var(--color-alt-content-bg-alt);\"><button class=\"w-tabs-section-header with_icon\" aria-controls=\"content-k504\" aria-expanded=\"false\"><i class=\"fas fa-hands-helping\"><\/i><div class=\"w-tabs-section-title\">AK Salute e affari sociali<\/div><div class=\"w-tabs-section-control\"><\/div><\/button><div  class=\"w-tabs-section-content\" id=\"content-k504\"><div class=\"w-tabs-section-content-h i-cf\"><div class=\"wpb_text_column\"><div class=\"wpb_wrapper\"><p style=\"font-weight: 400;\">Ci impegniamo per una buona assistenza sanitaria per tutte le persone a Wiesbaden, indipendentemente dallo stato assicurato e dal portafoglio. L'assistenza in loco svolge un ruolo qui: Sia le pratiche mediche che le strutture infermieristiche devono essere facilmente accessibili alle persone. Il cambiamento demografico \u00e8 una sfida in due modi: In una societ\u00e0 che invecchia, il numero di persone bisognose di assistenza \u00e8 in aumento e, allo stesso tempo, molti prestatori di assistenza e medici andranno in pensione nei prossimi anni. Riteniamo che parte della soluzione possa essere il concetto di distretti urbani, dove le forze sono raggruppate e vengono creati punti di contatto centrali che assumono una funzione pilota per le persone. La prevenzione e la promozione della salute sono in cima alla nostra agenda: Questo \u00e8 il modo in cui vogliamo pensare alla salute in tutti i settori politici. La protezione del clima \u00e8 protezione della salute; Come gruppo di lavoro, siamo anche coinvolti nell'ulteriore sviluppo del piano d'azione per il riscaldamento della citt\u00e0 di Wiesbaden.<\/p>\n<p style=\"font-weight: 400;\">Wiesbaden \u00e8 una citt\u00e0 vivace con una popolazione diversificata. Wiesbaden dovrebbe essere un luogo e uno spazio per tutte le persone che vivono qui, sia in termini di alloggi che di opportunit\u00e0 di soggiornare in citt\u00e0 e sfruttare le opportunit\u00e0 ricreative e culturali. Vogliamo migliorare le offerte per bambini e giovani, garantire un'assistenza all'infanzia affidabile nei centri diurni e anche ricevere e creare nuovi punti di incontro e offerte di supporto per gli anziani. Il bilancio sociale del bilancio non deve ridursi, ma deve rispondere alle sfide attuali.<\/p>\n<p style=\"font-weight: 400;\"><strong>I nostri temi attuali:<\/strong><\/p>\n<ul>\n<li style=\"font-weight: 400;\">Citt\u00e0 della salute Wiesbaden<\/li>\n<li style=\"font-weight: 400;\">Cura psicoterapeutica di bambini e adolescenti<\/li>\n<li style=\"font-weight: 400;\">Piano d'azione per il riscaldamento di Wiesbaden<\/li>\n<li style=\"font-weight: 400;\">Progetti comunitari di edilizia abitativa<\/li>\n<li style=\"font-weight: 400;\">Quartieri della citt\u00e0<\/li>\n<\/ul>\n<p style=\"font-weight: 400;\">Ci incontriamo una volta al mese il mercoled\u00ec dalle 19:00 alle 21:00, online o di persona presso il Municipio. \u00c8 possibile trovare la data e il punto di incontro tramite la mailing list AK o dalla newsletter KV, nonch\u00e9 su questo sito web.<\/p>\n<p><strong>Gli oratori sono:<\/strong><br \/>\nAndrea Elmer e Simon Dylla<\/p>\n<\/div><\/div><div class=\"w-btn-wrapper align_left\"><a class=\"w-btn us-btn-style_12 icon_atleft\" href=\"mailto:ak-gesundheit-und-soziales@gruene-wiesbaden.de\"><i class=\"fas fa-envelope\"><\/i><span class=\"w-btn-label\">e-mail<\/span><\/a><\/div><\/div><\/div><\/div><div class=\"w-tabs-section has_text_color\" id=\"w776\" style=\"background:var(--color-alt-content-bg);color:var(--color-alt-content-bg-alt);\"><button class=\"w-tabs-section-header with_icon\" aria-controls=\"content-w776\" aria-expanded=\"false\"><i class=\"fas fa-chart-network\"><\/i><div class=\"w-tabs-section-title\">AK Digital<\/div><div class=\"w-tabs-section-control\"><\/div><\/button><div  class=\"w-tabs-section-content\" id=\"content-w776\"><div class=\"w-tabs-section-content-h i-cf\"><div class=\"wpb_text_column\"><div class=\"wpb_wrapper\"><p style=\"font-weight: 400;\"><strong>Tecnologie con atteggiamento \u2013 plasmare insieme il digitale<\/strong><\/p>\n<p style=\"font-weight: 400;\">Il Digital Working Group \u00e8 lo spazio per tutti coloro che vogliono un futuro digitale, idee creative e innovazioni socialmente rilevanti. Non si tratta solo di tecnologia, ma di come digitalizziamo.\u00a0<strong>centrata sull'uomo, equa e sostenibile<\/strong>\u00a0essere in grado di progettare.<\/p>\n<p style=\"font-weight: 400;\">Intelligenza artificiale, partecipazione digitale, protezione dei dati o infrastrutture intelligenti: Parliamo delle questioni di domani, pensando consapevolmente politicamente e progressivamente. Per noi sono importanti prospettive diverse. Non devi essere un nerd.\u00a0<strong>La curiosit\u00e0 \u00e8 sufficiente.<\/strong><\/p>\n<p style=\"font-weight: 400;\">Siamo particolarmente felici per le persone che hanno pensato finora: \"Digitale? Non \u00e8 per me.\" Diciamo: S\u00ec, lo \u00e8! Perch\u00e9 la digitalizzazione riguarda tutti noi e possiamo migliorarla insieme.<\/p>\n<p style=\"font-weight: 400;\"><strong>Il nostro obiettivo:<\/strong>\u00a0Una Wiesbaden moderna, digitale, inclusiva, trasparente e innovativa, per tutti.<\/p>\n<p style=\"font-weight: 400;\"><strong>Quando ci incontriamo?<\/strong><br \/>\n<strong>Ogni terzo gioved\u00ec del mese<\/strong>\u00a0Vi invitiamo a\u00a0<strong>Digital After-hours<\/strong>\u00a0uno \u2013 aperto, sciolto, con spazio per lo scambio, le idee e la creazione di reti.<\/p>\n<p><strong>Vuoi esserci? <\/strong><span style=\"font-weight: 400;\">Scrivici e basta.<\/span><\/p>\n<p><strong>Gli oratori sono:<\/strong><br \/>\nAnn-Kathrin Hartenbach + Bernd Grossbach<\/p>\n<\/div><\/div><div class=\"w-btn-wrapper align_left\"><a class=\"w-btn us-btn-style_12 icon_atleft\" href=\"mailto:ak-digitales@gruene-wiesbaden.de\"><i class=\"fas fa-envelope\"><\/i><span class=\"w-btn-label\">e-mail<\/span><\/a><\/div><\/div><\/div><\/div><div class=\"w-tabs-section has_text_color\" id=\"r9f9\" style=\"background:var(--color-alt-content-bg);color:var(--color-alt-content-bg-alt);\"><button class=\"w-tabs-section-header with_icon\" aria-controls=\"content-r9f9\" aria-expanded=\"false\"><i class=\"fas fa-users\"><\/i><div class=\"w-tabs-section-title\">AK Lotta contro l'estremismo di destra e per i valori democratici<\/div><div class=\"w-tabs-section-control\"><\/div><\/button><div  class=\"w-tabs-section-content\" id=\"content-r9f9\"><div class=\"w-tabs-section-content-h i-cf\"><div class=\"wpb_text_column\"><div class=\"wpb_wrapper\"><p style=\"font-weight: 400;\">Siamo preoccupati per l'ascesa di tendenze di estrema destra e antidemocratiche, motivo per cui ci impegniamo a proteggere e rafforzare la nostra democrazia. Il nostro obiettivo \u00e8 attivare la societ\u00e0 civile e contrastare l'estremismo di destra attraverso misure concrete. In tal modo, ci concentriamo sulla promozione della partecipazione democratica dei cittadini e sosteniamo le associazioni, le iniziative e le istituzioni educative e culturali nel loro impegno per la diversit\u00e0 e la tolleranza.<\/p>\n<p>Creiamo spazi di dialogo e scambio, mettiamo in rete gli attori locali e sviluppiamo congiuntamente progetti contro le tendenze antidemocratiche. Attraverso il lavoro educativo e il rafforzamento della partecipazione democratica, vogliamo promuovere una societ\u00e0 aperta in cui le ideologie estremiste non hanno posto.<\/p>\n<p><strong>Condividi i nostri valori e vuoi lavorare per una societ\u00e0 democratica? Entra a far parte del nostro gruppo di lavoro!<\/strong> Sia che tu abbia esperienza precedente o semplicemente voglia fare la differenza, non vediamo l'ora delle tue idee e del tuo impegno. Insieme siamo forti contro l'estremismo e per la nostra democrazia.<\/p>\n<p><strong>Quando e dove si incontra l'AK?<\/strong><\/p>\n<p>L'appuntamento regolare \u00e8 il secondo mercoled\u00ec di ogni mese alle 19:00 presso l'ufficio distrettuale.<\/p>\n<p><strong>Sei interessato a lavorare? Quindi contatta i portavoce dell'AK via e-mail!<\/strong><\/p>\n<p><strong>Gli oratori sono:<\/strong><br \/>\nFelicitas Riedel e Jonathan Kohler<\/p>\n<\/div><\/div><div class=\"w-btn-wrapper align_left\"><a class=\"w-btn us-btn-style_12 icon_atleft\" href=\"mailto:ak-kampf-gegen-rechtsextremismus-und-fuer-demokratische-werte@gruene-wiesbaden.de\"><i class=\"fas fa-envelope\"><\/i><span class=\"w-btn-label\">e-mail<\/span><\/a><\/div><\/div><\/div><\/div><div class=\"w-tabs-section has_text_color\" id=\"gc9f\" style=\"background:var(--color-alt-content-bg);color:var(--color-alt-content-bg-alt);\"><button class=\"w-tabs-section-header with_icon\" aria-controls=\"content-gc9f\" aria-expanded=\"false\"><i class=\"fas fa-comments\"><\/i><div class=\"w-tabs-section-title\">AK Azione e Comunicazione<\/div><div class=\"w-tabs-section-control\"><\/div><\/button><div  class=\"w-tabs-section-content\" id=\"content-gc9f\"><div class=\"w-tabs-section-content-h i-cf\"><div class=\"wpb_text_column\"><div class=\"wpb_wrapper\"><p><strong>Quali argomenti trattiamo nell'AK:<\/strong><\/p>\n<p data-start=\"87\" data-end=\"242\">Il Gruppo di Lavoro (AK) \"Azione e Comunicazione\" si occupa della visibilit\u00e0 e delle azioni della nostra associazione distrettuale. Questi includono, ma non sono limitati a:<\/p>\n<ul data-start=\"244\" data-end=\"752\">\n<li data-start=\"244\" data-end=\"301\">\n<p data-start=\"246\" data-end=\"301\">l'organizzazione di eventi e stand informativi,<\/p>\n<\/li>\n<li data-start=\"302\" data-end=\"393\">\n<p data-start=\"304\" data-end=\"393\">cooperazione nello sviluppo (ulteriore) del corporate design della nostra associazione distrettuale,<\/p>\n<\/li>\n<li data-start=\"394\" data-end=\"622\">\n<p data-start=\"396\" data-end=\"622\">sostegno creativo e tecnico per il brainstorming e l'attuazione in settori quali siti web, social media, progettazione di manifesti, volantini e omaggi, in particolare nelle elezioni locali e negli eventi generali;<\/p>\n<\/li>\n<li data-start=\"623\" data-end=\"752\">\n<p data-start=\"625\" data-end=\"752\">la co-creazione attiva di materiali stampati e il sostegno alla comunicazione digitale, in particolare sui social media.<\/p>\n<\/li>\n<\/ul>\n<p data-start=\"754\" data-end=\"875\">L'AK Action and Communication \u00e8 guidata da Rebecca Thomas, uno dei due presidenti della nostra associazione distrettuale. Sei interessato a lavorare? Allora contattala via e-mail!<\/p>\n<p><strong>La persona di contatto \u00e8:<\/strong><br \/>\nRebecca Thomas<\/p>\n<\/div><\/div><div class=\"w-btn-wrapper align_left\"><a class=\"w-btn us-btn-style_12 icon_atleft\" href=\"mailto:rebecca.thomas@gruene-wiesbaden.de\"><i class=\"fas fa-envelope\"><\/i><span class=\"w-btn-label\">e-mail<\/span><\/a><\/div><\/div><\/div><\/div><\/div><\/div><\/div><\/div><\/div><\/div><\/div><\/div><\/div><\/section>","protected":false},"excerpt":{"rendered":"Puoi scoprire dal calendario quali date avranno luogo nella prossima volta. Molte delle nostre date sono aperte anche ai non membri interessati: basta registrarsi brevemente all'indirizzo kreisverband@gruene-wiesbaden.de. Siamo felici! Come appuntamento regolare, \u00e8 possibile prenotare il tavolo dei clienti abituali mensili il primo marted\u00ec del mese nel bar C \/ O * in...","protected":false},"author":1,"featured_media":0,"parent":0,"menu_order":0,"comment_status":"closed","ping_status":"closed","template":"","meta":{"footnotes":""},"class_list":["post-597","page","type-page","status-publish","hentry"],"yoast_head":"<!-- This site is optimized with the Yoast SEO plugin v27.5 - https:\/\/yoast.com\/product\/yoast-seo-wordpress\/ -->\n<title>Mitmachen und Termine - B\u00dcNDNIS 90\/DIE GR\u00dcNEN Wiesbaden<\/title>\n<meta name=\"description\" content=\"Hier findest du alle anstehenden Termine und erf\u00e4hrst mehr \u00fcber deine Mitwirkungsm\u00f6glichkeiten durch Arbeitskreise und Stadtteilgruppen.\" \/>\n<meta name=\"robots\" content=\"index, follow, max-snippet:-1, max-image-preview:large, max-video-preview:-1\" \/>\n<link rel=\"canonical\" href=\"https:\/\/gruene-wiesbaden.de\/it\/mitmachen\/\" \/>\n<meta property=\"og:locale\" content=\"it_IT\" \/>\n<meta property=\"og:type\" content=\"article\" \/>\n<meta property=\"og:title\" content=\"Mitmachen und Termine - B\u00dcNDNIS 90\/DIE GR\u00dcNEN Wiesbaden\" \/>\n<meta property=\"og:description\" content=\"Hier findest du alle anstehenden Termine und erf\u00e4hrst mehr \u00fcber deine Mitwirkungsm\u00f6glichkeiten durch Arbeitskreise und Stadtteilgruppen.\" \/>\n<meta property=\"og:url\" content=\"https:\/\/gruene-wiesbaden.de\/it\/mitmachen\/\" \/>\n<meta property=\"og:site_name\" content=\"B\u00dcNDNIS 90\/DIE GR\u00dcNEN Wiesbaden\" \/>\n<meta property=\"article:publisher\" content=\"https:\/\/www.facebook.com\/gruene.wi\" \/>\n<meta property=\"article:modified_time\" content=\"2026-04-18T14:46:25+00:00\" \/>\n<meta name=\"twitter:card\" content=\"summary_large_image\" \/>\n<meta name=\"twitter:label1\" content=\"Tempo di lettura stimato\" \/>\n\t<meta name=\"twitter:data1\" content=\"42 minutes\" \/>\n<script type=\"application\/ld+json\" class=\"yoast-schema-graph\">{\"@context\":\"https:\\\/\\\/schema.org\",\"@graph\":[{\"@type\":\"WebPage\",\"@id\":\"https:\\\/\\\/gruene-wiesbaden.de\\\/mitmachen\\\/\",\"url\":\"https:\\\/\\\/gruene-wiesbaden.de\\\/mitmachen\\\/\",\"name\":\"Mitmachen und Termine - B\u00dcNDNIS 90\\\/DIE GR\u00dcNEN Wiesbaden\",\"isPartOf\":{\"@id\":\"https:\\\/\\\/gruene-wiesbaden.de\\\/#website\"},\"datePublished\":\"2025-03-21T11:00:15+00:00\",\"dateModified\":\"2026-04-18T14:46:25+00:00\",\"description\":\"Hier findest du alle anstehenden Termine und erf\u00e4hrst mehr \u00fcber deine Mitwirkungsm\u00f6glichkeiten durch Arbeitskreise und Stadtteilgruppen.\",\"breadcrumb\":{\"@id\":\"https:\\\/\\\/gruene-wiesbaden.de\\\/mitmachen\\\/#breadcrumb\"},\"inLanguage\":\"it-IT\",\"potentialAction\":[{\"@type\":\"ReadAction\",\"target\":[\"https:\\\/\\\/gruene-wiesbaden.de\\\/mitmachen\\\/\"]}]},{\"@type\":\"BreadcrumbList\",\"@id\":\"https:\\\/\\\/gruene-wiesbaden.de\\\/mitmachen\\\/#breadcrumb\",\"itemListElement\":[{\"@type\":\"ListItem\",\"position\":1,\"name\":\"Startseite\",\"item\":\"https:\\\/\\\/gruene-wiesbaden.de\\\/\"},{\"@type\":\"ListItem\",\"position\":2,\"name\":\"Mitmachen und Termine\"}]},{\"@type\":\"WebSite\",\"@id\":\"https:\\\/\\\/gruene-wiesbaden.de\\\/#website\",\"url\":\"https:\\\/\\\/gruene-wiesbaden.de\\\/\",\"name\":\"DIE GR\u00dcNEN Wiesbaden\",\"description\":\"\",\"publisher\":{\"@id\":\"https:\\\/\\\/gruene-wiesbaden.de\\\/#organization\"},\"potentialAction\":[{\"@type\":\"SearchAction\",\"target\":{\"@type\":\"EntryPoint\",\"urlTemplate\":\"https:\\\/\\\/gruene-wiesbaden.de\\\/?s={search_term_string}\"},\"query-input\":{\"@type\":\"PropertyValueSpecification\",\"valueRequired\":true,\"valueName\":\"search_term_string\"}}],\"inLanguage\":\"it-IT\"},{\"@type\":\"Organization\",\"@id\":\"https:\\\/\\\/gruene-wiesbaden.de\\\/#organization\",\"name\":\"DIE GR\u00dcNEN Wiesbaden\",\"url\":\"https:\\\/\\\/gruene-wiesbaden.de\\\/\",\"logo\":{\"@type\":\"ImageObject\",\"inLanguage\":\"it-IT\",\"@id\":\"https:\\\/\\\/gruene-wiesbaden.de\\\/#\\\/schema\\\/logo\\\/image\\\/\",\"url\":\"https:\\\/\\\/gruene-wiesbaden-fuer-europa.de\\\/wp-content\\\/uploads\\\/2024\\\/04\\\/Machen-was-zaehlt-5.png\",\"contentUrl\":\"https:\\\/\\\/gruene-wiesbaden-fuer-europa.de\\\/wp-content\\\/uploads\\\/2024\\\/04\\\/Machen-was-zaehlt-5.png\",\"width\":1772,\"height\":1772,\"caption\":\"DIE GR\u00dcNEN Wiesbaden\"},\"image\":{\"@id\":\"https:\\\/\\\/gruene-wiesbaden.de\\\/#\\\/schema\\\/logo\\\/image\\\/\"},\"sameAs\":[\"https:\\\/\\\/www.facebook.com\\\/gruene.wi\",\"https:\\\/\\\/instagram.com\\\/gruene_wi\"]}]}<\/script>\n<!-- \/ Yoast SEO plugin. -->","yoast_head_json":{"title":"Mitmachen und Termine - B\u00dcNDNIS 90\/DIE GR\u00dcNEN Wiesbaden","description":"Hier findest du alle anstehenden Termine und erf\u00e4hrst mehr \u00fcber deine Mitwirkungsm\u00f6glichkeiten durch Arbeitskreise und Stadtteilgruppen.","robots":{"index":"index","follow":"follow","max-snippet":"max-snippet:-1","max-image-preview":"max-image-preview:large","max-video-preview":"max-video-preview:-1"},"canonical":"https:\/\/gruene-wiesbaden.de\/it\/mitmachen\/","og_locale":"it_IT","og_type":"article","og_title":"Mitmachen und Termine - B\u00dcNDNIS 90\/DIE GR\u00dcNEN Wiesbaden","og_description":"Hier findest du alle anstehenden Termine und erf\u00e4hrst mehr \u00fcber deine Mitwirkungsm\u00f6glichkeiten durch Arbeitskreise und Stadtteilgruppen.","og_url":"https:\/\/gruene-wiesbaden.de\/it\/mitmachen\/","og_site_name":"B\u00dcNDNIS 90\/DIE GR\u00dcNEN Wiesbaden","article_publisher":"https:\/\/www.facebook.com\/gruene.wi","article_modified_time":"2026-04-18T14:46:25+00:00","twitter_card":"summary_large_image","twitter_misc":{"Tempo di lettura stimato":"42 minutes"},"schema":{"@context":"https:\/\/schema.org","@graph":[{"@type":"WebPage","@id":"https:\/\/gruene-wiesbaden.de\/mitmachen\/","url":"https:\/\/gruene-wiesbaden.de\/mitmachen\/","name":"Mitmachen und Termine - B\u00dcNDNIS 90\/DIE GR\u00dcNEN Wiesbaden","isPartOf":{"@id":"https:\/\/gruene-wiesbaden.de\/#website"},"datePublished":"2025-03-21T11:00:15+00:00","dateModified":"2026-04-18T14:46:25+00:00","description":"Hier findest du alle anstehenden Termine und erf\u00e4hrst mehr \u00fcber deine Mitwirkungsm\u00f6glichkeiten durch Arbeitskreise und Stadtteilgruppen.","breadcrumb":{"@id":"https:\/\/gruene-wiesbaden.de\/mitmachen\/#breadcrumb"},"inLanguage":"it-IT","potentialAction":[{"@type":"ReadAction","target":["https:\/\/gruene-wiesbaden.de\/mitmachen\/"]}]},{"@type":"BreadcrumbList","@id":"https:\/\/gruene-wiesbaden.de\/mitmachen\/#breadcrumb","itemListElement":[{"@type":"ListItem","position":1,"name":"Startseite","item":"https:\/\/gruene-wiesbaden.de\/"},{"@type":"ListItem","position":2,"name":"Mitmachen und Termine"}]},{"@type":"WebSite","@id":"https:\/\/gruene-wiesbaden.de\/#website","url":"https:\/\/gruene-wiesbaden.de\/","name":"DIE GR\u00dcNEN Wiesbaden","description":"","publisher":{"@id":"https:\/\/gruene-wiesbaden.de\/#organization"},"potentialAction":[{"@type":"SearchAction","target":{"@type":"EntryPoint","urlTemplate":"https:\/\/gruene-wiesbaden.de\/?s={search_term_string}"},"query-input":{"@type":"PropertyValueSpecification","valueRequired":true,"valueName":"search_term_string"}}],"inLanguage":"it-IT"},{"@type":"Organization","@id":"https:\/\/gruene-wiesbaden.de\/#organization","name":"DIE GR\u00dcNEN Wiesbaden","url":"https:\/\/gruene-wiesbaden.de\/","logo":{"@type":"ImageObject","inLanguage":"it-IT","@id":"https:\/\/gruene-wiesbaden.de\/#\/schema\/logo\/image\/","url":"https:\/\/gruene-wiesbaden-fuer-europa.de\/wp-content\/uploads\/2024\/04\/Machen-was-zaehlt-5.png","contentUrl":"https:\/\/gruene-wiesbaden-fuer-europa.de\/wp-content\/uploads\/2024\/04\/Machen-was-zaehlt-5.png","width":1772,"height":1772,"caption":"DIE GR\u00dcNEN Wiesbaden"},"image":{"@id":"https:\/\/gruene-wiesbaden.de\/#\/schema\/logo\/image\/"},"sameAs":["https:\/\/www.facebook.com\/gruene.wi","https:\/\/instagram.com\/gruene_wi"]}]}},"_links":{"self":[{"href":"https:\/\/gruene-wiesbaden.de\/it\/wp-json\/wp\/v2\/pages\/597","targetHints":{"allow":["GET"]}}],"collection":[{"href":"https:\/\/gruene-wiesbaden.de\/it\/wp-json\/wp\/v2\/pages"}],"about":[{"href":"https:\/\/gruene-wiesbaden.de\/it\/wp-json\/wp\/v2\/types\/page"}],"author":[{"embeddable":true,"href":"https:\/\/gruene-wiesbaden.de\/it\/wp-json\/wp\/v2\/users\/1"}],"replies":[{"embeddable":true,"href":"https:\/\/gruene-wiesbaden.de\/it\/wp-json\/wp\/v2\/comments?post=597"}],"version-history":[{"count":104,"href":"https:\/\/gruene-wiesbaden.de\/it\/wp-json\/wp\/v2\/pages\/597\/revisions"}],"predecessor-version":[{"id":2402,"href":"https:\/\/gruene-wiesbaden.de\/it\/wp-json\/wp\/v2\/pages\/597\/revisions\/2402"}],"wp:attachment":[{"href":"https:\/\/gruene-wiesbaden.de\/it\/wp-json\/wp\/v2\/media?parent=597"}],"curies":[{"name":"wp","href":"https:\/\/api.w.org\/{rel}","templated":true}]}}