{"id":8,"date":"2024-04-03T21:32:00","date_gmt":"2024-04-03T21:32:00","guid":{"rendered":"http:\/\/gruene-wiesbaden-fuer-europa.de\/startseite\/"},"modified":"2026-04-08T11:34:35","modified_gmt":"2026-04-08T09:34:35","slug":"startseite","status":"publish","type":"page","link":"https:\/\/gruene-wiesbaden.de\/hr\/","title":{"rendered":"Po\u010detna stranica Green Wiesbaden"},"content":{"rendered":"<section class=\"l-section wpb_row height_auto full_height valign_center with_slider\"><div class=\"l-section-slider\"><div class=\"w-slider style_none fit_cover nav_none count_1\"><div class=\"w-slider-h\"><div class=\"royalSlider\"><div class=\"rsContent\"><a class=\"rsImg\" data-rsw=\"2560\" data-rsh=\"1440\" href=\"https:\/\/gruene-wiesbaden.de\/wp-content\/uploads\/2025\/11\/MJK_82683-3-scaled.jpg\"><span data-alt=\"\"><\/span><\/a><\/div><\/div><img decoding=\"async\" src=\"https:\/\/gruene-wiesbaden.de\/wp-content\/uploads\/2025\/11\/MJK_82683-3-scaled.jpg\" width=\"2560\" height=\"1440\" alt loading=\"lazy\"><\/div><div class=\"w-slider-json\" onclick='return {&quot;autoScaleSlider&quot;:true,&quot;addActiveClass&quot;:true,&quot;loop&quot;:true,&quot;fadeInLoadedSlide&quot;:false,&quot;slidesSpacing&quot;:0,&quot;imageScalePadding&quot;:0,&quot;numImagesToPreload&quot;:2,&quot;arrowsNav&quot;:false,&quot;arrowsNavAutoHide&quot;:false,&quot;transitionType&quot;:&quot;move&quot;,&quot;transitionSpeed&quot;:1000,&quot;block&quot;:{&quot;moveEffect&quot;:&quot;none&quot;,&quot;speed&quot;:300},&quot;thumbs&quot;:{&quot;fitInViewport&quot;:false,&quot;firstMargin&quot;:false,&quot;spacing&quot;:4},&quot;controlNavigation&quot;:&quot;none&quot;,&quot;autoplay&quot;:{&quot;enabled&quot;:true,&quot;pauseOnHover&quot;:false,&quot;delay&quot;:3000},&quot;autoScaleSliderWidth&quot;:2560,&quot;autoScaleSliderHeight&quot;:1440}'><\/div><\/div><\/div><div class=\"l-section-overlay\" style=\"background:var(--color-header-top-transparent-bg)\"><\/div><div class=\"l-section-h i-cf\"><div class=\"g-cols vc_row via_grid cols_1 laptops-cols_inherit tablets-cols_inherit mobiles-cols_1 valign_top type_default stacking_default\" style=\"--columns-gap:0rem;\"><div class=\"wpb_column vc_column_container\"><div class=\"vc_column-inner\"><div class=\"g-cols wpb_row via_grid cols_1 laptops-cols_inherit tablets-cols_inherit mobiles-cols_1 valign_top type_default stacking_default\" style=\"--columns-gap:3rem;\"><div class=\"wpb_column vc_column_container\"><div class=\"vc_column-inner\"><div class=\"w-separator size_medium\"><\/div><div class=\"wpb_text_column us_custom_65e0429d has_text_color background_inside_text\"><div class=\"wpb_wrapper\"><h1 style=\"text-align: center;\">Vi\u0161e je mogu\u0107e.<\/h1>\n<\/div><\/div><div class=\"wpb_text_column us_custom_a574d586 has_text_color background_inside_text\"><div class=\"wpb_wrapper\"><h4 style=\"text-align: center;\">Za WIESBADEN.<\/h4>\n<\/div><\/div><div class=\"w-separator size_small\"><\/div><div class=\"w-separator size_huge\"><\/div><div class=\"w-btn-wrapper align_center\"><a class=\"w-btn us-btn-style_5 icon_atleft\" target=\"_blank\" href=\"https:\/\/www.gruene.de\/mitglied-werden\"><i class=\"fas fa-heart\"><\/i><span class=\"w-btn-label\">Postanite \u010dlan!<\/span><\/a><\/div><div class=\"w-btn-wrapper align_center\"><a class=\"w-btn us-btn-style_5 icon_atleft\" target=\"_blank\" href=\"https:\/\/gruene-wiesbaden.de\/hr\/mitmachen\/\"><i class=\"fas fa-rocket-launch\"><\/i><span class=\"w-btn-label\">Postanite aktivni u radnim skupinama i u svom okrugu!<\/span><\/a><\/div><div class=\"w-btn-wrapper align_center\"><a class=\"w-btn us-btn-style_1 icon_atleft\" href=\"https:\/\/gruene-wiesbaden.de\/hr\/spenden\/\"><i class=\"fas fa-coins\"><\/i><span class=\"w-btn-label\">Podr\u017eite nas donacijom!<\/span><\/a><\/div><div class=\"w-separator size_small\"><\/div><\/div><\/div><\/div><\/div><\/div><\/div><\/div><\/section><section class=\"l-section wpb_row us_custom_5a25b139 has_text_color height_medium with_img\"><div class=\"l-section-img\" role=\"img\" data-img-width=\"1920\" data-img-height=\"768\" style=\"background-image: url(https:\/\/gruene-wiesbaden.de\/wp-content\/uploads\/2025\/11\/neuer-Verlauf-gruene-wiesbaden.de_-e1767650502847.png);\"><\/div><div class=\"l-section-h i-cf\"><div class=\"g-cols vc_row via_grid cols_1 laptops-cols_inherit tablets-cols_inherit mobiles-cols_1 valign_top type_default stacking_default\"><div class=\"wpb_column vc_column_container\"><div class=\"vc_column-inner\"><div class=\"wpb_text_column us_custom_8b3d6790 has_text_color\"><div class=\"wpb_wrapper\"><h4 style=\"text-align: left;\">Dobrodo\u0161li u okru\u017enu udrugu B\u00dcNDNIS 90\/DIE GR\u00dcNEN Wiesbaden!<\/h4>\n<\/div><\/div><div class=\"w-separator size_small\"><\/div><div class=\"wpb_text_column us_custom_f4639b64 has_text_color\"><div class=\"wpb_wrapper\"><p>Kao GREEN Wiesbaden predani smo tome da na\u0161 grad u\u010dinimo jo\u0161 ugodnijim za \u017eivot svima koji ovdje \u017eive. Wiesbaden ima mnogo toga za ponuditi: sna\u017enu zajednicu, raznolike \u010detvrti, \u017eivu kulturu i vrijednu prirodu. Na tome se temeljimo, a istodobno \u017eelimo odlu\u010dno iskoristiti mogu\u0107nosti budu\u0107nosti.<\/p>\n<p>Na\u0161 cilj je Wiesbaden koji kombinira ekolo\u0161ku odgovornost, socijalnu pravdu i dobar su\u017eivot u raznolikosti. Zala\u017eemo se za odr\u017eivi urbani razvoj koji osigurava i pobolj\u0161ava kvalitetu \u017eivota, cjenovno pristupa\u010dno stanovanje, sna\u017eno lokalno gospodarstvo i inovativne ideje za grad sutra\u0161njice. Pritom dosljedno kombiniramo za\u0161titu klime i okoli\u0161a, socijalnu sigurnost i gospodarski razvoj.<\/p>\n<p>Na\u0161a udruga okruga \u017eivahna je, otvorena i predana \u2013 podupiru je ljudi koji \u017eele imati aktivnu ulogu u oblikovanju svojeg grada. Bilo u radnim skupinama, okru\u017enim skupinama ili na doga\u0111anjima: Ovdje se mo\u017eete uklju\u010diti, raspravljati i sura\u0111ivati s drugima na idejama rje\u0161enja za odr\u017eivi Wiesbaden.<\/p>\n<p>Pridru\u017eite nam se: uklju\u010dite svoje ideje, postanite dio na\u0161e zajednice i zajedno s nama oblikujte budu\u0107nost Wiesbadena \u2013 dru\u0161tveno, ekolo\u0161ki, raznoliko i inovativno. Politika je uspje\u0161na u sudjelovanju. Veselimo se susretu s Vama!<\/p>\n<\/div><\/div><div class=\"w-separator size_small\"><\/div><div class=\"g-cols wpb_row via_grid cols_4 laptops-cols_inherit tablets-cols_inherit mobiles-cols_1 valign_top type_default stacking_default\" style=\"--columns-gap:3rem;\"><div class=\"wpb_column vc_column_container\"><div class=\"vc_column-inner\"><div class=\"w-person us_custom_f4639b64 has_text_color layout_simple_circle\" itemscope itemtype=\"https:\/\/schema.org\/Person\"><div class=\"w-person-image\"><img loading=\"lazy\" decoding=\"async\" width=\"600\" height=\"600\" src=\"https:\/\/gruene-wiesbaden.de\/wp-content\/uploads\/2026\/04\/Rebecca-Thomas_grau-600x600.jpg\" class=\"attachment-large size-large\" alt=\"\" itemprop=\"image\" srcset=\"https:\/\/gruene-wiesbaden.de\/wp-content\/uploads\/2026\/04\/Rebecca-Thomas_grau-600x600.jpg 600w, https:\/\/gruene-wiesbaden.de\/wp-content\/uploads\/2026\/04\/Rebecca-Thomas_grau-400x400.jpg 400w, https:\/\/gruene-wiesbaden.de\/wp-content\/uploads\/2026\/04\/Rebecca-Thomas_grau-150x150.jpg 150w, https:\/\/gruene-wiesbaden.de\/wp-content\/uploads\/2026\/04\/Rebecca-Thomas_grau-12x12.jpg 12w\" sizes=\"auto, (max-width: 600px) 100vw, 600px\" \/><\/div><div class=\"w-person-content\"><h6 itemprop=\"name\" class=\"w-person-name\"><span>Rebecca Thomas<\/span><\/h6><div class=\"w-person-role\" itemprop=\"jobTitle\">Supredsjedatelj okruga<\/div><\/div><\/div><\/div><\/div><div class=\"wpb_column vc_column_container\"><div class=\"vc_column-inner\"><div class=\"w-person us_custom_8b3d6790 has_text_color layout_simple_circle\" itemscope itemtype=\"https:\/\/schema.org\/Person\"><div class=\"w-person-image\"><img loading=\"lazy\" decoding=\"async\" width=\"320\" height=\"320\" src=\"https:\/\/gruene-wiesbaden.de\/wp-content\/uploads\/2026\/04\/Daniel-Schmitt_grau2.jpg\" class=\"attachment-large size-large\" alt=\"\" itemprop=\"image\" srcset=\"https:\/\/gruene-wiesbaden.de\/wp-content\/uploads\/2026\/04\/Daniel-Schmitt_grau2.jpg 320w, https:\/\/gruene-wiesbaden.de\/wp-content\/uploads\/2026\/04\/Daniel-Schmitt_grau2-150x150.jpg 150w, https:\/\/gruene-wiesbaden.de\/wp-content\/uploads\/2026\/04\/Daniel-Schmitt_grau2-12x12.jpg 12w\" sizes=\"auto, (max-width: 320px) 100vw, 320px\" \/><\/div><div class=\"w-person-content\"><h6 itemprop=\"name\" class=\"w-person-name\"><span>Daniel Schmitt<\/span><\/h6><div class=\"w-person-role\" itemprop=\"jobTitle\">Supredsjedatelj<\/div><\/div><\/div><\/div><\/div><div class=\"wpb_column vc_column_container\"><div class=\"vc_column-inner\"><\/div><\/div><div class=\"wpb_column vc_column_container\"><div class=\"vc_column-inner\"><\/div><\/div><\/div><div class=\"w-separator size_large\"><\/div><div class=\"g-cols wpb_row via_grid cols_1 laptops-cols_inherit tablets-cols_inherit mobiles-cols_1 valign_top type_default stacking_default\" style=\"--columns-gap:3rem;\"><div class=\"wpb_column vc_column_container\"><div class=\"vc_column-inner\"><div class=\"wpb_text_column\"><div class=\"wpb_wrapper\"><h1 style=\"text-align: left;\">Za \u0161to se zala\u017eemo i za \u0161to se zala\u017eemo<\/h1>\n<\/div><\/div><div class=\"w-separator size_medium\"><\/div><div class=\"wpb_text_column\" id=\"Kapitel1\"><div class=\"wpb_wrapper\"><h4 style=\"text-align: left;\">Dobro \u017eivjeti u Wiesbadenu<\/h4>\n<\/div><\/div><div class=\"w-separator size_small\"><\/div><div class=\"wpb_text_column us_custom_43b55716 has_text_color with_collapsible_content\" data-content-height=\"120px\"><div class=\"wpb_wrapper\"><p><span style=\"font-weight: 400;\">Wiesbaden nudi visoku kvalitetu \u017eivota, ali je neravnomjerno raspore\u0111en. Mnogi se ljudi osje\u0107aju sigurno, u\u017eivaju u gradskom krajoliku, kulturnoj raznolikosti i blizini prirode. Me\u0111utim, prometna zagu\u0161enja, nedostatak zelenih povr\u0161ina, rastu\u0107i tro\u0161kovi stanovanja i nejednake mogu\u0107nosti u obrazovanju, zdravstvu i sudjelovanju pokazuju: Kvaliteta \u017eivota ne nastaje sama po sebi. Potrebno ga je iznova i iznova redizajnirati \u2013 dru\u0161tveno, ekolo\u0161ki i zajedno s ljudima koji ovdje \u017eive.<\/span><\/p>\n<p><span style=\"font-weight: 400;\">Mi Zeleni \u017eelimo da svi Wiesbadenersi mogu do\u017eivjeti prednosti na\u0161eg grada u svakodnevnom \u017eivotu - bilo u sredi\u0161tu grada, u predgra\u0111ima ili na putu izme\u0111u.<\/span><span style=\"font-weight: 400;\"><br \/>\n<\/span><span style=\"font-weight: 400;\">U tu svrhu kombiniramo za\u0161titu klime, socijalnu sigurnost, urbani razvoj i mobilnost u politiku koja Wiesbaden \u010dini otpornijim, pravednijim i odr\u017eivijim.<\/span><\/p>\n<p><span style=\"font-weight: 400;\">Trebamo politiku koja \u0107e<\/span><\/p>\n<ul>\n<li style=\"font-weight: 400;\" aria-level=\"1\"><span style=\"font-weight: 400;\">promicanje ubla\u017eavanja klimatskih promjena i prilagodbe tim promjenama s pomo\u0107u zelenih bioraznolikih otvorenih prostora i urbanisti\u010dkog planiranja otpornog na klimatske promjene;<\/span><\/li>\n<\/ul>\n<ul>\n<li style=\"font-weight: 400;\" aria-level=\"1\"><span style=\"font-weight: 400;\">ja\u010danje civilne za\u0161tite i usluga od op\u0107eg interesa kako bi Wiesbaden ostao siguran u kriznim situacijama;<\/span><\/li>\n<\/ul>\n<ul>\n<li style=\"font-weight: 400;\" aria-level=\"1\"><span style=\"font-weight: 400;\">\u010duva i promi\u010de prirodu, poljoprivredu i \u0161umarstvo radi biolo\u0161ke raznolikosti, zdravog tla i odr\u017eive prehrane;<\/span><\/li>\n<\/ul>\n<ul>\n<li style=\"font-weight: 400;\" aria-level=\"1\"><span style=\"font-weight: 400;\">preispitivanje urbanog razvoja, stanovanja i \u017eivota \u2013 cjenovno pristupa\u010dna, energetski u\u010dinkovita, socijalno mje\u0161ovita, prilago\u0111ena djeci i obitelji;<\/span><\/li>\n<\/ul>\n<ul>\n<li style=\"font-weight: 400;\" aria-level=\"1\"><span style=\"font-weight: 400;\">reorganizirana mobilnost \u2013 sigurna, klimatski prihvatljiva i ugodna za sve;<\/span><\/li>\n<\/ul>\n<ul>\n<li style=\"font-weight: 400;\" aria-level=\"1\"><span style=\"font-weight: 400;\">pro\u0161irenje digitalne infrastrukture i usluga \u2013 za bolju dostupnost digitalnih usluga i aktivnosti u gradu i informiranost o njima, bez ovisnosti o ljudima;<\/span><\/li>\n<\/ul>\n<ul>\n<li style=\"font-weight: 400;\" aria-level=\"1\"><span style=\"font-weight: 400;\">Ja\u010danje kulture, zdravlja i sporta jer su susreti, pokreti i kreativnost dio dinami\u010dnog grada i poti\u010du koheziju i poistovje\u0107ivanje s na\u0161im gradom.<\/span><\/li>\n<\/ul>\n<p><span style=\"font-weight: 400;\">\u017delimo zadr\u017eati Wiesbaden vrijednim \u017eivljenja i razvoja \u2013 kao zeleni, dru\u0161tveni i zdravi grad izme\u0111u Rajne i Taunusa, koji ne mjeri kvalitetu \u017eivota, ve\u0107 ga \u010dini opipljivim.<\/span><\/p>\n<\/div><div class=\"toggle-links align_none\"><button class=\"collapsible-content-more\">Prika\u017ei vi\u0161e<\/button><button class=\"collapsible-content-less\">Prika\u017ei manje<\/button><\/div><\/div><div class=\"w-separator size_small\"><\/div><div class=\"w-grid type_masonry layout_portfolio_2 cols_4 pagination_infinite with_isotope with_css_animation ratio_1x1\" id=\"us_grid_1\" style=\"--columns:4;--gap:6px;--item-ratio:1;\" data-filterable=\"true\"><style>@media (max-width:1380px){#us_grid_1{--columns:3!important}}@media (max-width:1024px){#us_grid_1{--columns:2!important}}@media (max-width:600px){#us_grid_1{--columns:1!important}}.layout_portfolio_2 .w-grid-item-h{background:#333}.layout_portfolio_2 .usg_post_image_1{transition-duration:0.35s;transform-origin:50% 50%;transform:scale(1) translate(0%,0%)}.layout_portfolio_2 .w-grid-item-h:focus-within .usg_post_image_1,.layout_portfolio_2 .w-grid-item-h:hover .usg_post_image_1{transform:scale(1.1) translate(0%,0%);opacity:0.1}.layout_portfolio_2 .usg_post_image_1{position:absolute!important;top:0!important;right:0!important;bottom:0!important;left:0!important}.layout_portfolio_2 .usg_vwrapper_1{position:absolute!important;right:0!important;bottom:0!important;left:0!important;background:linear-gradient(transparent,rgba(30,30,30,0.8))!important;padding:4rem 2rem 1.5rem 2rem!important}.layout_portfolio_2 .usg_post_title_1{color:#fff!important;font-size:1.2rem!important}.layout_portfolio_2 .usg_post_taxonomy_1{color:#fff!important;font-size:0.9rem!important}<\/style><div class=\"w-grid-list\">\t<article class=\"w-grid-item us_animate_afb off_autostart size_1x1 post-1321 post type-post status-publish format-standard has-post-thumbnail hentry category-kapitel-1\" data-id=\"1321\" style=\"animation-delay:0s\">\r\n\t\t<div class=\"w-grid-item-h\">\r\n\t\t\t\t\t\t\t<a href=\"https:\/\/gruene-wiesbaden.de\/hr\/klimaschutz-und-klimaanpassung\/\" class=\"w-grid-item-anchor\" aria-label=\"Ubla\u017eavanje klimatskih promjena i prilagodba tim promjenama\"><\/a>\r\n\t\t\t\t\t\t<div class=\"w-post-elm post_image usg_post_image_1 stretched\"><img loading=\"lazy\" decoding=\"async\" width=\"400\" height=\"600\" src=\"https:\/\/gruene-wiesbaden.de\/wp-content\/uploads\/2025\/08\/moritz-kindler-gD8IO0E4OZM-unsplash-400x600.jpg\" class=\"attachment-large size-large wp-post-image\" alt=\"\" srcset=\"https:\/\/gruene-wiesbaden.de\/wp-content\/uploads\/2025\/08\/moritz-kindler-gD8IO0E4OZM-unsplash-400x600.jpg 400w, https:\/\/gruene-wiesbaden.de\/wp-content\/uploads\/2025\/08\/moritz-kindler-gD8IO0E4OZM-unsplash-267x400.jpg 267w, https:\/\/gruene-wiesbaden.de\/wp-content\/uploads\/2025\/08\/moritz-kindler-gD8IO0E4OZM-unsplash-scaled.jpg 1707w\" sizes=\"auto, (max-width: 400px) 100vw, 400px\" \/><\/div><div class=\"w-vwrapper usg_vwrapper_1 align_none valign_top\"><h2 class=\"w-post-elm post_title usg_post_title_1 has_text_color entry-title color_link_inherit\">Ubla\u017eavanje klimatskih promjena i prilagodba tim promjenama<\/h2><\/div>\t\t<\/div>\r\n\t\t\t<\/article>\r\n\t<article class=\"w-grid-item us_animate_afb off_autostart size_1x1 post-1323 post type-post status-publish format-standard has-post-thumbnail hentry category-kapitel-1\" data-id=\"1323\" style=\"animation-delay:0.1s\">\r\n\t\t<div class=\"w-grid-item-h\">\r\n\t\t\t\t\t\t\t<a href=\"https:\/\/gruene-wiesbaden.de\/hr\/bevoelkerungsschutz\/\" class=\"w-grid-item-anchor\" aria-label=\"Civilna za\u0161tita\"><\/a>\r\n\t\t\t\t\t\t<div class=\"w-post-elm post_image usg_post_image_1 stretched\"><img loading=\"lazy\" decoding=\"async\" width=\"600\" height=\"400\" src=\"https:\/\/gruene-wiesbaden.de\/wp-content\/uploads\/2025\/11\/1.2-Bevoelkerungsschutz-600x400.jpeg\" class=\"attachment-large size-large wp-post-image\" alt=\"\" srcset=\"https:\/\/gruene-wiesbaden.de\/wp-content\/uploads\/2025\/11\/1.2-Bevoelkerungsschutz-600x400.jpeg 600w, https:\/\/gruene-wiesbaden.de\/wp-content\/uploads\/2025\/11\/1.2-Bevoelkerungsschutz-400x267.jpeg 400w\" sizes=\"auto, (max-width: 600px) 100vw, 600px\" \/><\/div><div class=\"w-vwrapper usg_vwrapper_1 align_none valign_top\"><h2 class=\"w-post-elm post_title usg_post_title_1 has_text_color entry-title color_link_inherit\">Civilna za\u0161tita<\/h2><\/div>\t\t<\/div>\r\n\t\t\t<\/article>\r\n\t<article class=\"w-grid-item us_animate_afb off_autostart size_1x1 post-1325 post type-post status-publish format-standard has-post-thumbnail hentry category-kapitel-1\" data-id=\"1325\" style=\"animation-delay:0.2s\">\r\n\t\t<div class=\"w-grid-item-h\">\r\n\t\t\t\t\t\t\t<a href=\"https:\/\/gruene-wiesbaden.de\/hr\/umwelt-und-naturschutz\/\" class=\"w-grid-item-anchor\" aria-label=\"Za\u0161tita okoli\u0161a i prirode\"><\/a>\r\n\t\t\t\t\t\t<div class=\"w-post-elm post_image usg_post_image_1 stretched\"><img loading=\"lazy\" decoding=\"async\" width=\"600\" height=\"400\" src=\"https:\/\/gruene-wiesbaden.de\/wp-content\/uploads\/2025\/11\/1.3-Umwelt-und-Naturschutz-Bild-600x400.jpg\" class=\"attachment-large size-large wp-post-image\" alt=\"\" srcset=\"https:\/\/gruene-wiesbaden.de\/wp-content\/uploads\/2025\/11\/1.3-Umwelt-und-Naturschutz-Bild-600x400.jpg 600w, https:\/\/gruene-wiesbaden.de\/wp-content\/uploads\/2025\/11\/1.3-Umwelt-und-Naturschutz-Bild-400x267.jpg 400w\" sizes=\"auto, (max-width: 600px) 100vw, 600px\" \/><\/div><div class=\"w-vwrapper usg_vwrapper_1 align_none valign_top\"><h2 class=\"w-post-elm post_title usg_post_title_1 has_text_color entry-title color_link_inherit\">Za\u0161tita okoli\u0161a i prirode<\/h2><\/div>\t\t<\/div>\r\n\t\t\t<\/article>\r\n\t<article class=\"w-grid-item us_animate_afb off_autostart size_1x1 post-1222 post type-post status-publish format-standard has-post-thumbnail hentry category-kapitel-1\" data-id=\"1222\" style=\"animation-delay:0.3s\">\r\n\t\t<div class=\"w-grid-item-h\">\r\n\t\t\t\t\t\t\t<a href=\"https:\/\/gruene-wiesbaden.de\/hr\/lore-ipsum-samed\/\" class=\"w-grid-item-anchor\" aria-label=\"Poljoprivreda i \u0161umarstvo\"><\/a>\r\n\t\t\t\t\t\t<div class=\"w-post-elm post_image usg_post_image_1 stretched\"><img loading=\"lazy\" decoding=\"async\" width=\"450\" height=\"600\" src=\"https:\/\/gruene-wiesbaden.de\/wp-content\/uploads\/2025\/07\/noaa-SkJG9sNkQVQ-unsplash-450x600.jpg\" class=\"attachment-large size-large wp-post-image\" alt=\"\" srcset=\"https:\/\/gruene-wiesbaden.de\/wp-content\/uploads\/2025\/07\/noaa-SkJG9sNkQVQ-unsplash-450x600.jpg 450w, https:\/\/gruene-wiesbaden.de\/wp-content\/uploads\/2025\/07\/noaa-SkJG9sNkQVQ-unsplash-300x400.jpg 300w, https:\/\/gruene-wiesbaden.de\/wp-content\/uploads\/2025\/07\/noaa-SkJG9sNkQVQ-unsplash-scaled.jpg 1920w\" sizes=\"auto, (max-width: 450px) 100vw, 450px\" \/><\/div><div class=\"w-vwrapper usg_vwrapper_1 align_none valign_top\"><h2 class=\"w-post-elm post_title usg_post_title_1 has_text_color entry-title color_link_inherit\">Poljoprivreda i \u0161umarstvo<\/h2><\/div>\t\t<\/div>\r\n\t\t\t<\/article>\r\n\t<article class=\"w-grid-item us_animate_afb off_autostart size_1x1 post-1327 post type-post status-publish format-standard has-post-thumbnail hentry category-kapitel-1\" data-id=\"1327\" style=\"animation-delay:0.4s\">\r\n\t\t<div class=\"w-grid-item-h\">\r\n\t\t\t\t\t\t\t<a href=\"https:\/\/gruene-wiesbaden.de\/hr\/stadtentwicklung\/\" class=\"w-grid-item-anchor\" aria-label=\"Urbani razvoj\"><\/a>\r\n\t\t\t\t\t\t<div class=\"w-post-elm post_image usg_post_image_1 stretched\"><img loading=\"lazy\" decoding=\"async\" width=\"450\" height=\"600\" src=\"https:\/\/gruene-wiesbaden.de\/wp-content\/uploads\/2025\/11\/1.5-Stadtentwicklung-450x600.jpg\" class=\"attachment-large size-large wp-post-image\" alt=\"\" srcset=\"https:\/\/gruene-wiesbaden.de\/wp-content\/uploads\/2025\/11\/1.5-Stadtentwicklung-450x600.jpg 450w, https:\/\/gruene-wiesbaden.de\/wp-content\/uploads\/2025\/11\/1.5-Stadtentwicklung-300x400.jpg 300w, https:\/\/gruene-wiesbaden.de\/wp-content\/uploads\/2025\/11\/1.5-Stadtentwicklung-scaled.jpg 1920w\" sizes=\"auto, (max-width: 450px) 100vw, 450px\" \/><\/div><div class=\"w-vwrapper usg_vwrapper_1 align_none valign_top\"><h2 class=\"w-post-elm post_title usg_post_title_1 has_text_color entry-title color_link_inherit\">Urbani razvoj<\/h2><\/div>\t\t<\/div>\r\n\t\t\t<\/article>\r\n\t<article class=\"w-grid-item us_animate_afb off_autostart size_1x1 post-1329 post type-post status-publish format-standard has-post-thumbnail hentry category-kapitel-1\" data-id=\"1329\" style=\"animation-delay:0.5s\">\r\n\t\t<div class=\"w-grid-item-h\">\r\n\t\t\t\t\t\t\t<a href=\"https:\/\/gruene-wiesbaden.de\/hr\/wohnen\/\" class=\"w-grid-item-anchor\" aria-label=\"stanovanje\"><\/a>\r\n\t\t\t\t\t\t<div class=\"w-post-elm post_image usg_post_image_1 stretched\"><img loading=\"lazy\" decoding=\"async\" width=\"600\" height=\"450\" src=\"https:\/\/gruene-wiesbaden.de\/wp-content\/uploads\/2025\/11\/1.6-Wohnen-600x450.jpg\" class=\"attachment-large size-large wp-post-image\" alt=\"\" srcset=\"https:\/\/gruene-wiesbaden.de\/wp-content\/uploads\/2025\/11\/1.6-Wohnen-600x450.jpg 600w, https:\/\/gruene-wiesbaden.de\/wp-content\/uploads\/2025\/11\/1.6-Wohnen-400x300.jpg 400w\" sizes=\"auto, (max-width: 600px) 100vw, 600px\" \/><\/div><div class=\"w-vwrapper usg_vwrapper_1 align_none valign_top\"><h2 class=\"w-post-elm post_title usg_post_title_1 has_text_color entry-title color_link_inherit\">stanovanje<\/h2><\/div>\t\t<\/div>\r\n\t\t\t<\/article>\r\n\t<article class=\"w-grid-item us_animate_afb off_autostart size_1x1 post-1331 post type-post status-publish format-standard has-post-thumbnail hentry category-kapitel-1\" data-id=\"1331\" style=\"animation-delay:0.6s\">\r\n\t\t<div class=\"w-grid-item-h\">\r\n\t\t\t\t\t\t\t<a href=\"https:\/\/gruene-wiesbaden.de\/hr\/mobilitaet\/\" class=\"w-grid-item-anchor\" aria-label=\"mobilnost\"><\/a>\r\n\t\t\t\t\t\t<div class=\"w-post-elm post_image usg_post_image_1 stretched\"><img loading=\"lazy\" decoding=\"async\" width=\"600\" height=\"600\" src=\"https:\/\/gruene-wiesbaden.de\/wp-content\/uploads\/2025\/11\/1.6-Mobilitaet-600x600.jpeg\" class=\"attachment-large size-large wp-post-image\" alt=\"\" srcset=\"https:\/\/gruene-wiesbaden.de\/wp-content\/uploads\/2025\/11\/1.6-Mobilitaet-600x600.jpeg 600w, https:\/\/gruene-wiesbaden.de\/wp-content\/uploads\/2025\/11\/1.6-Mobilitaet-400x400.jpeg 400w, https:\/\/gruene-wiesbaden.de\/wp-content\/uploads\/2025\/11\/1.6-Mobilitaet-150x150.jpeg 150w\" sizes=\"auto, (max-width: 600px) 100vw, 600px\" \/><\/div><div class=\"w-vwrapper usg_vwrapper_1 align_none valign_top\"><h2 class=\"w-post-elm post_title usg_post_title_1 has_text_color entry-title color_link_inherit\">mobilnost<\/h2><\/div>\t\t<\/div>\r\n\t\t\t<\/article>\r\n\t<article class=\"w-grid-item us_animate_afb off_autostart size_1x1 post-1333 post type-post status-publish format-standard has-post-thumbnail hentry category-kapitel-1\" data-id=\"1333\" style=\"animation-delay:0.7s\">\r\n\t\t<div class=\"w-grid-item-h\">\r\n\t\t\t\t\t\t\t<a href=\"https:\/\/gruene-wiesbaden.de\/hr\/kitaplaetze-und-ganztagsbetreuung\/\" class=\"w-grid-item-anchor\" aria-label=\"Dnevna skrb i cjelodnevna njega\"><\/a>\r\n\t\t\t\t\t\t<div class=\"w-post-elm post_image usg_post_image_1 stretched\"><img loading=\"lazy\" decoding=\"async\" width=\"400\" height=\"600\" src=\"https:\/\/gruene-wiesbaden.de\/wp-content\/uploads\/2025\/11\/1.7-Kitaplaetze-und-Ganztagsbetreuung-400x600.jpg\" class=\"attachment-large size-large wp-post-image\" alt=\"\" srcset=\"https:\/\/gruene-wiesbaden.de\/wp-content\/uploads\/2025\/11\/1.7-Kitaplaetze-und-Ganztagsbetreuung-400x600.jpg 400w, https:\/\/gruene-wiesbaden.de\/wp-content\/uploads\/2025\/11\/1.7-Kitaplaetze-und-Ganztagsbetreuung-267x400.jpg 267w, https:\/\/gruene-wiesbaden.de\/wp-content\/uploads\/2025\/11\/1.7-Kitaplaetze-und-Ganztagsbetreuung-scaled.jpg 1706w\" sizes=\"auto, (max-width: 400px) 100vw, 400px\" \/><\/div><div class=\"w-vwrapper usg_vwrapper_1 align_none valign_top\"><h2 class=\"w-post-elm post_title usg_post_title_1 has_text_color entry-title color_link_inherit\">Dnevna skrb i cjelodnevna njega<\/h2><\/div>\t\t<\/div>\r\n\t\t\t<\/article>\r\n\t<article class=\"w-grid-item us_animate_afb off_autostart size_1x1 post-1335 post type-post status-publish format-standard has-post-thumbnail hentry category-kapitel-1\" data-id=\"1335\" style=\"animation-delay:0s\">\r\n\t\t<div class=\"w-grid-item-h\">\r\n\t\t\t\t\t\t\t<a href=\"https:\/\/gruene-wiesbaden.de\/hr\/digitale-infrastruktur-und-digitale-services-fuer-alle\/\" class=\"w-grid-item-anchor\" aria-label=\"Digitalna infrastruktura i digitalne usluge za sve\"><\/a>\r\n\t\t\t\t\t\t<div class=\"w-post-elm post_image usg_post_image_1 stretched\"><img loading=\"lazy\" decoding=\"async\" width=\"467\" height=\"600\" src=\"https:\/\/gruene-wiesbaden.de\/wp-content\/uploads\/2025\/11\/1.8-Digitale-Infrastruktur-und-digitale-Services-fuer-alle-467x600.jpeg\" class=\"attachment-large size-large wp-post-image\" alt=\"\" srcset=\"https:\/\/gruene-wiesbaden.de\/wp-content\/uploads\/2025\/11\/1.8-Digitale-Infrastruktur-und-digitale-Services-fuer-alle-467x600.jpeg 467w, https:\/\/gruene-wiesbaden.de\/wp-content\/uploads\/2025\/11\/1.8-Digitale-Infrastruktur-und-digitale-Services-fuer-alle-311x400.jpeg 311w, https:\/\/gruene-wiesbaden.de\/wp-content\/uploads\/2025\/11\/1.8-Digitale-Infrastruktur-und-digitale-Services-fuer-alle-scaled.jpeg 1991w\" sizes=\"auto, (max-width: 467px) 100vw, 467px\" \/><\/div><div class=\"w-vwrapper usg_vwrapper_1 align_none valign_top\"><h2 class=\"w-post-elm post_title usg_post_title_1 has_text_color entry-title color_link_inherit\">Digitalna infrastruktura i digitalne usluge za sve<\/h2><\/div>\t\t<\/div>\r\n\t\t\t<\/article>\r\n\t<article class=\"w-grid-item us_animate_afb off_autostart size_1x1 post-1337 post type-post status-publish format-standard has-post-thumbnail hentry category-kapitel-1\" data-id=\"1337\" style=\"animation-delay:0.1s\">\r\n\t\t<div class=\"w-grid-item-h\">\r\n\t\t\t\t\t\t\t<a href=\"https:\/\/gruene-wiesbaden.de\/hr\/kultur\/\" class=\"w-grid-item-anchor\" aria-label=\"kultura\"><\/a>\r\n\t\t\t\t\t\t<div class=\"w-post-elm post_image usg_post_image_1 stretched\"><img loading=\"lazy\" decoding=\"async\" width=\"600\" height=\"400\" src=\"https:\/\/gruene-wiesbaden.de\/wp-content\/uploads\/2025\/11\/1.10-Kultur-600x400.jpeg\" class=\"attachment-large size-large wp-post-image\" alt=\"\" srcset=\"https:\/\/gruene-wiesbaden.de\/wp-content\/uploads\/2025\/11\/1.10-Kultur-600x400.jpeg 600w, https:\/\/gruene-wiesbaden.de\/wp-content\/uploads\/2025\/11\/1.10-Kultur-400x267.jpeg 400w\" sizes=\"auto, (max-width: 600px) 100vw, 600px\" \/><\/div><div class=\"w-vwrapper usg_vwrapper_1 align_none valign_top\"><h2 class=\"w-post-elm post_title usg_post_title_1 has_text_color entry-title color_link_inherit\">kultura<\/h2><\/div>\t\t<\/div>\r\n\t\t\t<\/article>\r\n\t<article class=\"w-grid-item us_animate_afb off_autostart size_1x1 post-1339 post type-post status-publish format-standard has-post-thumbnail hentry category-kapitel-1\" data-id=\"1339\" style=\"animation-delay:0.2s\">\r\n\t\t<div class=\"w-grid-item-h\">\r\n\t\t\t\t\t\t\t<a href=\"https:\/\/gruene-wiesbaden.de\/hr\/gesundheit-und-pflege\/\" class=\"w-grid-item-anchor\" aria-label=\"Zdravstvo i skrb\"><\/a>\r\n\t\t\t\t\t\t<div class=\"w-post-elm post_image usg_post_image_1 stretched\"><img loading=\"lazy\" decoding=\"async\" width=\"600\" height=\"400\" src=\"https:\/\/gruene-wiesbaden.de\/wp-content\/uploads\/2025\/11\/1.10.-Gesundheit-und-Pflege-1-600x400.jpg\" class=\"attachment-large size-large wp-post-image\" alt=\"\" srcset=\"https:\/\/gruene-wiesbaden.de\/wp-content\/uploads\/2025\/11\/1.10.-Gesundheit-und-Pflege-1-600x400.jpg 600w, https:\/\/gruene-wiesbaden.de\/wp-content\/uploads\/2025\/11\/1.10.-Gesundheit-und-Pflege-1-400x267.jpg 400w\" sizes=\"auto, (max-width: 600px) 100vw, 600px\" \/><\/div><div class=\"w-vwrapper usg_vwrapper_1 align_none valign_top\"><h2 class=\"w-post-elm post_title usg_post_title_1 has_text_color entry-title color_link_inherit\">Zdravstvo i skrb<\/h2><\/div>\t\t<\/div>\r\n\t\t\t<\/article>\r\n\t<article class=\"w-grid-item us_animate_afb off_autostart size_1x1 post-1341 post type-post status-publish format-standard has-post-thumbnail hentry category-kapitel-1\" data-id=\"1341\" style=\"animation-delay:0.3s\">\r\n\t\t<div class=\"w-grid-item-h\">\r\n\t\t\t\t\t\t\t<a href=\"https:\/\/gruene-wiesbaden.de\/hr\/sport\/\" class=\"w-grid-item-anchor\" aria-label=\"sport\"><\/a>\r\n\t\t\t\t\t\t<div class=\"w-post-elm post_image usg_post_image_1 stretched\"><img loading=\"lazy\" decoding=\"async\" width=\"400\" height=\"600\" src=\"https:\/\/gruene-wiesbaden.de\/wp-content\/uploads\/2025\/11\/1.11-Sport-400x600.jpg\" class=\"attachment-large size-large wp-post-image\" alt=\"\" srcset=\"https:\/\/gruene-wiesbaden.de\/wp-content\/uploads\/2025\/11\/1.11-Sport-400x600.jpg 400w, https:\/\/gruene-wiesbaden.de\/wp-content\/uploads\/2025\/11\/1.11-Sport-267x400.jpg 267w, https:\/\/gruene-wiesbaden.de\/wp-content\/uploads\/2025\/11\/1.11-Sport-scaled.jpg 1707w\" sizes=\"auto, (max-width: 400px) 100vw, 400px\" \/><\/div><div class=\"w-vwrapper usg_vwrapper_1 align_none valign_top\"><h2 class=\"w-post-elm post_title usg_post_title_1 has_text_color entry-title color_link_inherit\">sport<\/h2><\/div>\t\t<\/div>\r\n\t\t\t<\/article>\r\n<\/div><div class=\"w-grid-preloader\">\t<div class=\"g-preloader type_1\">\r\n\t\t<div><\/div>\r\n\t<\/div>\r\n\t<\/div>\t<div class=\"w-grid-json hidden\" onclick='return {&quot;action&quot;:&quot;us_ajax_grid&quot;,&quot;infinite_scroll&quot;:0,&quot;max_num_pages&quot;:1,&quot;pagination&quot;:&quot;infinite&quot;,&quot;template_vars&quot;:{&quot;columns&quot;:&quot;4&quot;,&quot;exclude_items&quot;:&quot;none&quot;,&quot;img_size&quot;:&quot;default&quot;,&quot;ignore_items_size&quot;:0,&quot;items_layout&quot;:&quot;portfolio_2&quot;,&quot;items_offset&quot;:&quot;1&quot;,&quot;load_animation&quot;:&quot;afb&quot;,&quot;overriding_link&quot;:&quot;%7B%22type%22%3A%22post%22%7D&quot;,&quot;post_id&quot;:0,&quot;query_args&quot;:{&quot;post_type&quot;:[&quot;post&quot;],&quot;tax_query&quot;:[{&quot;taxonomy&quot;:&quot;category&quot;,&quot;field&quot;:&quot;slug&quot;,&quot;terms&quot;:[&quot;kapitel-1&quot;]}],&quot;post_status&quot;:[&quot;publish&quot;],&quot;posts_per_page&quot;:&quot;50&quot;},&quot;orderby_query_args&quot;:{&quot;orderby&quot;:{&quot;modified&quot;:&quot;ASC&quot;,&quot;date&quot;:&quot;ASC&quot;}},&quot;type&quot;:&quot;masonry&quot;,&quot;us_grid_post_type&quot;:&quot;post&quot;,&quot;us_grid_ajax_index&quot;:1,&quot;us_grid_filter_query_string&quot;:null,&quot;us_grid_index&quot;:1,&quot;page_args&quot;:[]}}'><\/div>\r\n\t<\/div><div class=\"w-separator size_large\"><\/div><div class=\"wpb_text_column\" id=\"Kapitel2\"><div class=\"wpb_wrapper\"><h4 style=\"text-align: left;\">Grad u kojem svi pripadaju<\/h4>\n<\/div><\/div><div class=\"w-separator size_small\"><\/div><div class=\"wpb_text_column us_custom_43b55716 has_text_color with_collapsible_content\" data-content-height=\"120px\"><div class=\"wpb_wrapper\"><p><span style=\"font-weight: 400;\">Wiesbaden je grad raznolikosti i to je dobra stvar. Ljudi s razli\u010ditim biografijama, pozadinama i \u017eivotnim planovima ovdje \u017eive zajedno. <\/span><span style=\"font-weight: 400;\">Mi Zeleni predani smo Wiesbadenu u kojem se raznolikost prepoznaje i \u017eivi kao snaga \u2013 u kojem ljudi mogu \u017eivjeti neovisno, sigurno i slobodno, bez obzira na dohodak, podrijetlo, vjeru, spol, dob, spolni identitet ili invaliditet.<\/span><\/p>\n<p><span style=\"font-weight: 400;\">Zala\u017eemo se za politiku koja uzima u obzir sve ljude u dru\u0161tvu s njihovim razli\u010ditim stvarnostima i potrebama te ja\u010da sudjelovanje civilnog dru\u0161tva u oblikovanju na\u0161eg grada.<\/span><\/p>\n<p><span style=\"font-weight: 400;\">Na\u0161 je cilj solidarno, otvoreno i uklju\u010divo urbano dru\u0161tvo i grad koji ne samo da po\u0161tuje raznolikost, ve\u0107 je svjesno uklju\u010duje u svoje odluke i poduzima mjere protiv svih oblika diskriminacije. Naravno, za sve koji ovdje \u017eive va\u017ean je grad u kojem kohezija raste i u kojem sudjelovanje raste.<\/span><\/p>\n<p><span style=\"font-weight: 400;\">Za to je potrebna politika kojom se:<\/span><\/p>\n<ul>\n<li style=\"font-weight: 400;\" aria-level=\"1\"><span style=\"font-weight: 400;\">Stvara socijalnu pravdu ve\u0107om ravnopravno\u0161\u0107u u obrazovanju, dostupno\u0161\u0107u prilika za slobodno vrijeme, kulturu i mobilnost te ciljanom potporom djeci, mladima i obiteljima, kao i starijim gra\u0111anima.<\/span><\/li>\n<\/ul>\n<ul>\n<li style=\"font-weight: 400;\" aria-level=\"1\"><span style=\"font-weight: 400;\">pru\u017ea za\u0161titu od diskriminacije, rasizma, antisemitizma, queerizma, mr\u017enje prema \u017eenama i svih oblika grupne mizoginije, nasilja i besku\u0107ni\u0161tva.<\/span><\/li>\n<\/ul>\n<ul>\n<li style=\"font-weight: 400;\" aria-level=\"1\"><span style=\"font-weight: 400;\">uklanjanje prepreka, bilo fizi\u010dkih, digitalnih ili dru\u0161tvenih, kako bi svi ljudi mogli \u017eivjeti na samoodre\u0111en na\u010din.<\/span><\/li>\n<\/ul>\n<ul>\n<li style=\"font-weight: 400;\" aria-level=\"1\"><span style=\"font-weight: 400;\">Ja\u010danje kohezije putem dinami\u010dnog civilnog dru\u0161tva, demokratskog sudjelovanja i kulture zajedni\u0161tva.<\/span><\/li>\n<\/ul>\n<p><span style=\"font-weight: 400;\">\u017delimo u\u010diniti Wiesbaden gradom u kojem sloboda, sigurnost i samoodre\u0111enje postaju stvarnost za sve. Budu\u0107i da grad u kojem svi pripadaju nije utopija, to je izvedivo.<\/span><\/p>\n<\/div><div class=\"toggle-links align_none\"><button class=\"collapsible-content-more\">Prika\u017ei vi\u0161e<\/button><button class=\"collapsible-content-less\">Prika\u017ei manje<\/button><\/div><\/div><div class=\"w-separator size_small\"><\/div><div class=\"w-grid type_masonry layout_portfolio_2 cols_4 pagination_infinite with_isotope with_css_animation ratio_1x1\" id=\"us_grid_2\" style=\"--columns:4;--gap:6px;--item-ratio:1;\" data-filterable=\"true\"><style>@media (max-width:1380px){#us_grid_2{--columns:3!important}}@media (max-width:1024px){#us_grid_2{--columns:2!important}}@media (max-width:600px){#us_grid_2{--columns:1!important}}<\/style><div class=\"w-grid-list\">\t<article class=\"w-grid-item us_animate_afb off_autostart size_1x1 post-1349 post type-post status-publish format-standard has-post-thumbnail hentry category-kapitel-2\" data-id=\"1349\" style=\"animation-delay:0s\">\r\n\t\t<div class=\"w-grid-item-h\">\r\n\t\t\t\t\t\t\t<a href=\"https:\/\/gruene-wiesbaden.de\/hr\/geschlechtergerechtigkeit\/\" class=\"w-grid-item-anchor\" aria-label=\"Rodna ravnopravnost\"><\/a>\r\n\t\t\t\t\t\t<div class=\"w-post-elm post_image usg_post_image_1 stretched\"><img loading=\"lazy\" decoding=\"async\" width=\"600\" height=\"316\" src=\"https:\/\/gruene-wiesbaden.de\/wp-content\/uploads\/2025\/11\/2.1-Geschlechtergerechtigkeit-600x316.jpeg\" class=\"attachment-large size-large wp-post-image\" alt=\"\" srcset=\"https:\/\/gruene-wiesbaden.de\/wp-content\/uploads\/2025\/11\/2.1-Geschlechtergerechtigkeit-600x316.jpeg 600w, https:\/\/gruene-wiesbaden.de\/wp-content\/uploads\/2025\/11\/2.1-Geschlechtergerechtigkeit-400x211.jpeg 400w\" sizes=\"auto, (max-width: 600px) 100vw, 600px\" \/><\/div><div class=\"w-vwrapper usg_vwrapper_1 align_none valign_top\"><h2 class=\"w-post-elm post_title usg_post_title_1 has_text_color entry-title color_link_inherit\">Rodna ravnopravnost<\/h2><\/div>\t\t<\/div>\r\n\t\t\t<\/article>\r\n\t<article class=\"w-grid-item us_animate_afb off_autostart size_1x1 post-1351 post type-post status-publish format-standard has-post-thumbnail hentry category-kapitel-2\" data-id=\"1351\" style=\"animation-delay:0.1s\">\r\n\t\t<div class=\"w-grid-item-h\">\r\n\t\t\t\t\t\t\t<a href=\"https:\/\/gruene-wiesbaden.de\/hr\/gleichstellung-von-lgbtqia\/\" class=\"w-grid-item-anchor\" aria-label=\"LGBTQIA ravnopravnost*\"><\/a>\r\n\t\t\t\t\t\t<div class=\"w-post-elm post_image usg_post_image_1 stretched\"><img loading=\"lazy\" decoding=\"async\" width=\"600\" height=\"400\" src=\"https:\/\/gruene-wiesbaden.de\/wp-content\/uploads\/2025\/11\/2.2-Gleichstellung-LGBTQAI-600x400.jpeg\" class=\"attachment-large size-large wp-post-image\" alt=\"\" srcset=\"https:\/\/gruene-wiesbaden.de\/wp-content\/uploads\/2025\/11\/2.2-Gleichstellung-LGBTQAI-600x400.jpeg 600w, https:\/\/gruene-wiesbaden.de\/wp-content\/uploads\/2025\/11\/2.2-Gleichstellung-LGBTQAI-400x267.jpeg 400w\" sizes=\"auto, (max-width: 600px) 100vw, 600px\" \/><\/div><div class=\"w-vwrapper usg_vwrapper_1 align_none valign_top\"><h2 class=\"w-post-elm post_title usg_post_title_1 has_text_color entry-title color_link_inherit\">LGBTQIA ravnopravnost*<\/h2><\/div>\t\t<\/div>\r\n\t\t\t<\/article>\r\n\t<article class=\"w-grid-item us_animate_afb off_autostart size_1x1 post-1353 post type-post status-publish format-standard has-post-thumbnail hentry category-kapitel-2\" data-id=\"1353\" style=\"animation-delay:0.2s\">\r\n\t\t<div class=\"w-grid-item-h\">\r\n\t\t\t\t\t\t\t<a href=\"https:\/\/gruene-wiesbaden.de\/hr\/inklusion-und-barrierefreiheit\/\" class=\"w-grid-item-anchor\" aria-label=\"Uklju\u010divanje i pristupa\u010dnost\"><\/a>\r\n\t\t\t\t\t\t<div class=\"w-post-elm post_image usg_post_image_1 stretched\"><img loading=\"lazy\" decoding=\"async\" width=\"600\" height=\"336\" src=\"https:\/\/gruene-wiesbaden.de\/wp-content\/uploads\/2025\/11\/2.3-Inklusion-und-Barrierefreiheit-600x336.jpeg\" class=\"attachment-large size-large wp-post-image\" alt=\"\" srcset=\"https:\/\/gruene-wiesbaden.de\/wp-content\/uploads\/2025\/11\/2.3-Inklusion-und-Barrierefreiheit-600x336.jpeg 600w, https:\/\/gruene-wiesbaden.de\/wp-content\/uploads\/2025\/11\/2.3-Inklusion-und-Barrierefreiheit-400x224.jpeg 400w\" sizes=\"auto, (max-width: 600px) 100vw, 600px\" \/><\/div><div class=\"w-vwrapper usg_vwrapper_1 align_none valign_top\"><h2 class=\"w-post-elm post_title usg_post_title_1 has_text_color entry-title color_link_inherit\">Uklju\u010divanje i pristupa\u010dnost<\/h2><\/div>\t\t<\/div>\r\n\t\t\t<\/article>\r\n\t<article class=\"w-grid-item us_animate_afb off_autostart size_1x1 post-1355 post type-post status-publish format-standard has-post-thumbnail hentry category-kapitel-2\" data-id=\"1355\" style=\"animation-delay:0.3s\">\r\n\t\t<div class=\"w-grid-item-h\">\r\n\t\t\t\t\t\t\t<a href=\"https:\/\/gruene-wiesbaden.de\/hr\/antidiskriminierung-kulturelle-vielfalt-und-integration\/\" class=\"w-grid-item-anchor\" aria-label=\"Borba protiv diskriminacije, kulturna raznolikost i integracija\"><\/a>\r\n\t\t\t\t\t\t<div class=\"w-post-elm post_image usg_post_image_1 stretched\"><img loading=\"lazy\" decoding=\"async\" width=\"600\" height=\"400\" src=\"https:\/\/gruene-wiesbaden.de\/wp-content\/uploads\/2025\/11\/2.4-Antidiskriminierung-kulturelle-Vielfalt-und-Integration-600x400.jpg\" class=\"attachment-large size-large wp-post-image\" alt=\"\" srcset=\"https:\/\/gruene-wiesbaden.de\/wp-content\/uploads\/2025\/11\/2.4-Antidiskriminierung-kulturelle-Vielfalt-und-Integration-600x400.jpg 600w, https:\/\/gruene-wiesbaden.de\/wp-content\/uploads\/2025\/11\/2.4-Antidiskriminierung-kulturelle-Vielfalt-und-Integration-400x267.jpg 400w\" sizes=\"auto, (max-width: 600px) 100vw, 600px\" \/><\/div><div class=\"w-vwrapper usg_vwrapper_1 align_none valign_top\"><h2 class=\"w-post-elm post_title usg_post_title_1 has_text_color entry-title color_link_inherit\">Borba protiv diskriminacije, kulturna raznolikost i integracija<\/h2><\/div>\t\t<\/div>\r\n\t\t\t<\/article>\r\n\t<article class=\"w-grid-item us_animate_afb off_autostart size_1x1 post-1357 post type-post status-publish format-standard has-post-thumbnail hentry category-kapitel-2\" data-id=\"1357\" style=\"animation-delay:0.4s\">\r\n\t\t<div class=\"w-grid-item-h\">\r\n\t\t\t\t\t\t\t<a href=\"https:\/\/gruene-wiesbaden.de\/hr\/sicherheit-und-schutz-vor-gewalt\/\" class=\"w-grid-item-anchor\" aria-label=\"Sigurnost i za\u0161tita od nasilja\"><\/a>\r\n\t\t\t\t\t\t<div class=\"w-post-elm post_image usg_post_image_1 stretched\"><img loading=\"lazy\" decoding=\"async\" width=\"480\" height=\"600\" src=\"https:\/\/gruene-wiesbaden.de\/wp-content\/uploads\/2025\/11\/2.5-Sicherheit-und-Schutz-vor-Gewalt-480x600.jpg\" class=\"attachment-large size-large wp-post-image\" alt=\"\" srcset=\"https:\/\/gruene-wiesbaden.de\/wp-content\/uploads\/2025\/11\/2.5-Sicherheit-und-Schutz-vor-Gewalt-480x600.jpg 480w, https:\/\/gruene-wiesbaden.de\/wp-content\/uploads\/2025\/11\/2.5-Sicherheit-und-Schutz-vor-Gewalt-320x400.jpg 320w, https:\/\/gruene-wiesbaden.de\/wp-content\/uploads\/2025\/11\/2.5-Sicherheit-und-Schutz-vor-Gewalt-scaled.jpg 2048w\" sizes=\"auto, (max-width: 480px) 100vw, 480px\" \/><\/div><div class=\"w-vwrapper usg_vwrapper_1 align_none valign_top\"><h2 class=\"w-post-elm post_title usg_post_title_1 has_text_color entry-title color_link_inherit\">Sigurnost i za\u0161tita od nasilja<\/h2><\/div>\t\t<\/div>\r\n\t\t\t<\/article>\r\n\t<article class=\"w-grid-item us_animate_afb off_autostart size_1x1 post-1359 post type-post status-publish format-standard has-post-thumbnail hentry category-kapitel-2\" data-id=\"1359\" style=\"animation-delay:0.5s\">\r\n\t\t<div class=\"w-grid-item-h\">\r\n\t\t\t\t\t\t\t<a href=\"https:\/\/gruene-wiesbaden.de\/hr\/zivilgesellschaftliches-engagement-und-demokratiefoerderung\/\" class=\"w-grid-item-anchor\" aria-label=\"Anga\u017eman civilnog dru\u0161tva i promicanje demokracije\"><\/a>\r\n\t\t\t\t\t\t<div class=\"w-post-elm post_image usg_post_image_1 stretched\"><img loading=\"lazy\" decoding=\"async\" width=\"600\" height=\"600\" src=\"https:\/\/gruene-wiesbaden.de\/wp-content\/uploads\/2025\/11\/2.6-Zivilgesellschaftliches-Engagement-1-600x600.jpg\" class=\"attachment-large size-large wp-post-image\" alt=\"\" srcset=\"https:\/\/gruene-wiesbaden.de\/wp-content\/uploads\/2025\/11\/2.6-Zivilgesellschaftliches-Engagement-1-600x600.jpg 600w, https:\/\/gruene-wiesbaden.de\/wp-content\/uploads\/2025\/11\/2.6-Zivilgesellschaftliches-Engagement-1-400x400.jpg 400w, https:\/\/gruene-wiesbaden.de\/wp-content\/uploads\/2025\/11\/2.6-Zivilgesellschaftliches-Engagement-1-150x150.jpg 150w, https:\/\/gruene-wiesbaden.de\/wp-content\/uploads\/2025\/11\/2.6-Zivilgesellschaftliches-Engagement-1.jpg 750w\" sizes=\"auto, (max-width: 600px) 100vw, 600px\" \/><\/div><div class=\"w-vwrapper usg_vwrapper_1 align_none valign_top\"><h2 class=\"w-post-elm post_title usg_post_title_1 has_text_color entry-title color_link_inherit\">Anga\u017eman civilnog dru\u0161tva i promicanje demokracije<\/h2><\/div>\t\t<\/div>\r\n\t\t\t<\/article>\r\n\t<article class=\"w-grid-item us_animate_afb off_autostart size_1x1 post-1361 post type-post status-publish format-standard has-post-thumbnail hentry category-kapitel-2\" data-id=\"1361\" style=\"animation-delay:0.6s\">\r\n\t\t<div class=\"w-grid-item-h\">\r\n\t\t\t\t\t\t\t<a href=\"https:\/\/gruene-wiesbaden.de\/hr\/chancengerechte-bildung\/\" class=\"w-grid-item-anchor\" aria-label=\"Jednake mogu\u0107nosti obrazovanja\"><\/a>\r\n\t\t\t\t\t\t<div class=\"w-post-elm post_image usg_post_image_1 stretched\"><img loading=\"lazy\" decoding=\"async\" width=\"600\" height=\"400\" src=\"https:\/\/gruene-wiesbaden.de\/wp-content\/uploads\/2025\/11\/2.7-Chancengerechte-Bildung-600x400.jpeg\" class=\"attachment-large size-large wp-post-image\" alt=\"\" srcset=\"https:\/\/gruene-wiesbaden.de\/wp-content\/uploads\/2025\/11\/2.7-Chancengerechte-Bildung-600x400.jpeg 600w, https:\/\/gruene-wiesbaden.de\/wp-content\/uploads\/2025\/11\/2.7-Chancengerechte-Bildung-400x267.jpeg 400w\" sizes=\"auto, (max-width: 600px) 100vw, 600px\" \/><\/div><div class=\"w-vwrapper usg_vwrapper_1 align_none valign_top\"><h2 class=\"w-post-elm post_title usg_post_title_1 has_text_color entry-title color_link_inherit\">Jednake mogu\u0107nosti obrazovanja<\/h2><\/div>\t\t<\/div>\r\n\t\t\t<\/article>\r\n\t<article class=\"w-grid-item us_animate_afb off_autostart size_1x1 post-1366 post type-post status-publish format-standard has-post-thumbnail hentry category-kapitel-2\" data-id=\"1366\" style=\"animation-delay:0.7s\">\r\n\t\t<div class=\"w-grid-item-h\">\r\n\t\t\t\t\t\t\t<a href=\"https:\/\/gruene-wiesbaden.de\/hr\/kinder-familien-und-alleinerziehende\/\" class=\"w-grid-item-anchor\" aria-label=\"Djeca, obitelji i samohrani roditelji\"><\/a>\r\n\t\t\t\t\t\t<div class=\"w-post-elm post_image usg_post_image_1 stretched\"><img loading=\"lazy\" decoding=\"async\" width=\"600\" height=\"400\" src=\"https:\/\/gruene-wiesbaden.de\/wp-content\/uploads\/2025\/11\/2.8-Kinder-Familien-und-Alleinerziehende-600x400.jpg\" class=\"attachment-large size-large wp-post-image\" alt=\"\" srcset=\"https:\/\/gruene-wiesbaden.de\/wp-content\/uploads\/2025\/11\/2.8-Kinder-Familien-und-Alleinerziehende-600x400.jpg 600w, https:\/\/gruene-wiesbaden.de\/wp-content\/uploads\/2025\/11\/2.8-Kinder-Familien-und-Alleinerziehende-400x267.jpg 400w\" sizes=\"auto, (max-width: 600px) 100vw, 600px\" \/><\/div><div class=\"w-vwrapper usg_vwrapper_1 align_none valign_top\"><h2 class=\"w-post-elm post_title usg_post_title_1 has_text_color entry-title color_link_inherit\">Djeca, obitelji i samohrani roditelji<\/h2><\/div>\t\t<\/div>\r\n\t\t\t<\/article>\r\n\t<article class=\"w-grid-item us_animate_afb off_autostart size_1x1 post-1368 post type-post status-publish format-standard has-post-thumbnail hentry category-kapitel-2\" data-id=\"1368\" style=\"animation-delay:0s\">\r\n\t\t<div class=\"w-grid-item-h\">\r\n\t\t\t\t\t\t\t<a href=\"https:\/\/gruene-wiesbaden.de\/hr\/jugend-auszubildende-und-studierende\/\" class=\"w-grid-item-anchor\" aria-label=\"Mladi, nau\u010dnici i studenti\"><\/a>\r\n\t\t\t\t\t\t<div class=\"w-post-elm post_image usg_post_image_1 stretched\"><img loading=\"lazy\" decoding=\"async\" width=\"600\" height=\"423\" src=\"https:\/\/gruene-wiesbaden.de\/wp-content\/uploads\/2025\/11\/2.9-Jugend-Auszubildende-Studierende-600x423.jpg\" class=\"attachment-large size-large wp-post-image\" alt=\"\" srcset=\"https:\/\/gruene-wiesbaden.de\/wp-content\/uploads\/2025\/11\/2.9-Jugend-Auszubildende-Studierende-600x423.jpg 600w, https:\/\/gruene-wiesbaden.de\/wp-content\/uploads\/2025\/11\/2.9-Jugend-Auszubildende-Studierende-400x282.jpg 400w\" sizes=\"auto, (max-width: 600px) 100vw, 600px\" \/><\/div><div class=\"w-vwrapper usg_vwrapper_1 align_none valign_top\"><h2 class=\"w-post-elm post_title usg_post_title_1 has_text_color entry-title color_link_inherit\">Mladi, nau\u010dnici i studenti<\/h2><\/div>\t\t<\/div>\r\n\t\t\t<\/article>\r\n\t<article class=\"w-grid-item us_animate_afb off_autostart size_1x1 post-1370 post type-post status-publish format-standard has-post-thumbnail hentry category-kapitel-2\" data-id=\"1370\" style=\"animation-delay:0.1s\">\r\n\t\t<div class=\"w-grid-item-h\">\r\n\t\t\t\t\t\t\t<a href=\"https:\/\/gruene-wiesbaden.de\/hr\/seniorinnen\/\" class=\"w-grid-item-anchor\" aria-label=\"Starije osobe\"><\/a>\r\n\t\t\t\t\t\t<div class=\"w-post-elm post_image usg_post_image_1 stretched\"><img loading=\"lazy\" decoding=\"async\" width=\"400\" height=\"600\" src=\"https:\/\/gruene-wiesbaden.de\/wp-content\/uploads\/2025\/11\/2.10-Seniorinnen-400x600.jpg\" class=\"attachment-large size-large wp-post-image\" alt=\"\" srcset=\"https:\/\/gruene-wiesbaden.de\/wp-content\/uploads\/2025\/11\/2.10-Seniorinnen-400x600.jpg 400w, https:\/\/gruene-wiesbaden.de\/wp-content\/uploads\/2025\/11\/2.10-Seniorinnen-267x400.jpg 267w, https:\/\/gruene-wiesbaden.de\/wp-content\/uploads\/2025\/11\/2.10-Seniorinnen-scaled.jpg 1707w\" sizes=\"auto, (max-width: 400px) 100vw, 400px\" \/><\/div><div class=\"w-vwrapper usg_vwrapper_1 align_none valign_top\"><h2 class=\"w-post-elm post_title usg_post_title_1 has_text_color entry-title color_link_inherit\">Starije osobe<\/h2><\/div>\t\t<\/div>\r\n\t\t\t<\/article>\r\n\t<article class=\"w-grid-item us_animate_afb off_autostart size_1x1 post-1372 post type-post status-publish format-standard has-post-thumbnail hentry category-kapitel-2\" data-id=\"1372\" style=\"animation-delay:0.2s\">\r\n\t\t<div class=\"w-grid-item-h\">\r\n\t\t\t\t\t\t\t<a href=\"https:\/\/gruene-wiesbaden.de\/hr\/soziale-teilhabe-und-unterstuetzung-von-menschen-in-notlagen\/\" class=\"w-grid-item-anchor\" aria-label=\"Dru\u0161tveno sudjelovanje i potpora osobama u kriznim situacijama\"><\/a>\r\n\t\t\t\t\t\t<div class=\"w-post-elm post_image usg_post_image_1 stretched\"><img loading=\"lazy\" decoding=\"async\" width=\"600\" height=\"400\" src=\"https:\/\/gruene-wiesbaden.de\/wp-content\/uploads\/2025\/11\/2.11-Soziale-Teilhabe-und-Unterstuetzung-fuer-Menschen-in-Notlagen-600x400.jpg\" class=\"attachment-large size-large wp-post-image\" alt=\"\" srcset=\"https:\/\/gruene-wiesbaden.de\/wp-content\/uploads\/2025\/11\/2.11-Soziale-Teilhabe-und-Unterstuetzung-fuer-Menschen-in-Notlagen-600x400.jpg 600w, https:\/\/gruene-wiesbaden.de\/wp-content\/uploads\/2025\/11\/2.11-Soziale-Teilhabe-und-Unterstuetzung-fuer-Menschen-in-Notlagen-400x267.jpg 400w\" sizes=\"auto, (max-width: 600px) 100vw, 600px\" \/><\/div><div class=\"w-vwrapper usg_vwrapper_1 align_none valign_top\"><h2 class=\"w-post-elm post_title usg_post_title_1 has_text_color entry-title color_link_inherit\">Dru\u0161tveno sudjelovanje i potpora osobama u kriznim situacijama<\/h2><\/div>\t\t<\/div>\r\n\t\t\t<\/article>\r\n\t<article class=\"w-grid-item us_animate_afb off_autostart size_1x1 post-1374 post type-post status-publish format-standard has-post-thumbnail hentry category-kapitel-2\" data-id=\"1374\" style=\"animation-delay:0.3s\">\r\n\t\t<div class=\"w-grid-item-h\">\r\n\t\t\t\t\t\t\t<a href=\"https:\/\/gruene-wiesbaden.de\/hr\/gefluechtete\/\" class=\"w-grid-item-anchor\" aria-label=\"Izbjeglice\"><\/a>\r\n\t\t\t\t\t\t<div class=\"w-post-elm post_image usg_post_image_1 stretched\"><img loading=\"lazy\" decoding=\"async\" width=\"600\" height=\"400\" src=\"https:\/\/gruene-wiesbaden.de\/wp-content\/uploads\/2025\/11\/2.12-Gefluechtete-600x400.jpeg\" class=\"attachment-large size-large wp-post-image\" alt=\"\" srcset=\"https:\/\/gruene-wiesbaden.de\/wp-content\/uploads\/2025\/11\/2.12-Gefluechtete-600x400.jpeg 600w, https:\/\/gruene-wiesbaden.de\/wp-content\/uploads\/2025\/11\/2.12-Gefluechtete-400x267.jpeg 400w\" sizes=\"auto, (max-width: 600px) 100vw, 600px\" \/><\/div><div class=\"w-vwrapper usg_vwrapper_1 align_none valign_top\"><h2 class=\"w-post-elm post_title usg_post_title_1 has_text_color entry-title color_link_inherit\">Izbjeglice<\/h2><\/div>\t\t<\/div>\r\n\t\t\t<\/article>\r\n<\/div><div class=\"w-grid-preloader\">\t<div class=\"g-preloader type_1\">\r\n\t\t<div><\/div>\r\n\t<\/div>\r\n\t<\/div>\t<div class=\"w-grid-json hidden\" onclick='return {&quot;action&quot;:&quot;us_ajax_grid&quot;,&quot;infinite_scroll&quot;:0,&quot;max_num_pages&quot;:1,&quot;pagination&quot;:&quot;infinite&quot;,&quot;template_vars&quot;:{&quot;columns&quot;:&quot;4&quot;,&quot;exclude_items&quot;:&quot;none&quot;,&quot;img_size&quot;:&quot;default&quot;,&quot;ignore_items_size&quot;:0,&quot;items_layout&quot;:&quot;portfolio_2&quot;,&quot;items_offset&quot;:&quot;1&quot;,&quot;load_animation&quot;:&quot;afb&quot;,&quot;overriding_link&quot;:&quot;%7B%22type%22%3A%22post%22%7D&quot;,&quot;post_id&quot;:0,&quot;query_args&quot;:{&quot;post_type&quot;:[&quot;post&quot;],&quot;tax_query&quot;:[{&quot;taxonomy&quot;:&quot;category&quot;,&quot;field&quot;:&quot;slug&quot;,&quot;terms&quot;:[&quot;kapitel-2&quot;]}],&quot;post_status&quot;:[&quot;publish&quot;],&quot;posts_per_page&quot;:&quot;50&quot;},&quot;orderby_query_args&quot;:{&quot;orderby&quot;:{&quot;date&quot;:&quot;ASC&quot;}},&quot;type&quot;:&quot;masonry&quot;,&quot;us_grid_post_type&quot;:&quot;post&quot;,&quot;us_grid_ajax_index&quot;:2,&quot;us_grid_filter_query_string&quot;:null,&quot;us_grid_index&quot;:2,&quot;page_args&quot;:[]}}'><\/div>\r\n\t<\/div><div class=\"w-separator size_large\"><\/div><div class=\"wpb_text_column\" id=\"Kapitel3\"><div class=\"wpb_wrapper\"><h4 style=\"text-align: left;\">Osiguravanje budu\u0107e odr\u017eivosti Wiesbadena<\/h4>\n<\/div><\/div><div class=\"w-separator size_small\"><\/div><div class=\"wpb_text_column us_custom_43b55716 has_text_color with_collapsible_content\" data-content-height=\"120px\"><div class=\"wpb_wrapper\"><p><span style=\"font-weight: 400;\">Za\u0161tita klime, netaknuto okru\u017eenje, u\u010dinkovita i odr\u017eiva infrastruktura, digitalizacija, osiguravanje kvalificiranih radnika i radnih mjesta, socijalni su\u017eivot i zdrave financije odredit \u0107e ho\u0107e li Wiesbaden ostati sna\u017ean, odr\u017eiv i sposoban za djelovanje sutra. <\/span><span style=\"font-weight: 400;\">Mi Zeleni \u017eelimo Wiesbaden koji koristi svoju gospodarsku snagu na podru\u010dju Rajne \u2013 Majne kako bi preuzeo odgovornost za okoli\u0161, ljude i budu\u0107e generacije \u2013 za grad koji raste zdravo, \u017eivi raznolikost i oblikuje promjene pametnim idejama.<\/span><\/p>\n<p><span style=\"font-weight: 400;\">Odr\u017eivost za nas zna\u010di kombiniranje obrazovanja, rada, za\u0161tite klime i prilagodbe klimatskim promjenama, digitalizacije i financiranja: sa sna\u017enim sveu\u010dili\u0161tima, pravednim gospodarstvom koje se oslanja na za\u0161titu klime i dobar rad, modernom infrastrukturom i opskrbom energijom te digitalnom administracijom usmjerenom na ljude i visokom u\u010dinkovito\u0161\u0107u, kao i financijama koje ne optere\u0107uju, ve\u0107 osna\u017euju budu\u0107e generacije.<\/span><\/p>\n<p><span style=\"font-weight: 400;\">Trebamo politiku koja \u0107e<\/span><\/p>\n<ul>\n<li style=\"font-weight: 400;\" aria-level=\"1\"><span style=\"font-weight: 400;\">osna\u017eivanje obrazovanja i istra\u017eivanja \u2013 omogu\u0107ivanje mladima da u\u010de, ostanu i oblikuju se u tom podru\u010dju;<\/span><\/li>\n<\/ul>\n<ul>\n<li style=\"font-weight: 400;\" aria-level=\"1\"><span style=\"font-weight: 400;\">promi\u010de odr\u017eivo poslovanje pravednim uvjetima za postoje\u0107a poduze\u0107a, osniva\u010de i zaposlenike;<\/span><\/li>\n<\/ul>\n<ul>\n<li style=\"font-weight: 400;\" aria-level=\"1\"><span style=\"font-weight: 400;\">modernizirana infrastruktura i opskrba energijom \u2013 za klimatsku neutralnost, prilagodbu klimatskim promjenama, sigurnost opskrbe i kvalitetu \u017eivota;<\/span><\/li>\n<\/ul>\n<ul>\n<li style=\"font-weight: 400;\" aria-level=\"1\"><span style=\"font-weight: 400;\">Razvoj uprave i grada kao poslodavca \u2013 digitalno, u\u010dinkovito i humano;<\/span><\/li>\n<\/ul>\n<ul>\n<li style=\"font-weight: 400;\" aria-level=\"1\"><span style=\"font-weight: 400;\">odr\u017eivo upravlja prora\u010dunom i vlasni\u010dkim udjelima \u2013 odgovorno, generacijski i na na\u010din koji je usmjeren na op\u0107e dobro.<\/span><\/li>\n<\/ul>\n<p><span style=\"font-weight: 400;\">\u017delimo u\u010diniti Wiesbaden prikladnim za budu\u0107nost, kao dio sna\u017ene regije izme\u0111u Rajne, Majne i Taunusa, kao grad koji ula\u017ee u ljude i dobiva svoju snagu zahvaljuju\u0107i me\u0111udjelovanju gospodarstva, dru\u0161tva i prirode.<\/span><\/p>\n<\/div><div class=\"toggle-links align_none\"><button class=\"collapsible-content-more\">Prika\u017ei vi\u0161e<\/button><button class=\"collapsible-content-less\">Prika\u017ei manje<\/button><\/div><\/div><div class=\"w-separator size_small\"><\/div><div class=\"w-grid type_masonry layout_portfolio_2 cols_4 pagination_infinite with_isotope with_css_animation ratio_1x1\" id=\"us_grid_3\" style=\"--columns:4;--gap:6px;--item-ratio:1;\" data-filterable=\"true\"><style>@media (max-width:1380px){#us_grid_3{--columns:3!important}}@media (max-width:1024px){#us_grid_3{--columns:2!important}}@media (max-width:600px){#us_grid_3{--columns:1!important}}<\/style><div class=\"w-grid-list\">\t<article class=\"w-grid-item us_animate_afb off_autostart size_1x1 post-1376 post type-post status-publish format-standard has-post-thumbnail hentry category-kapitel-3\" data-id=\"1376\" style=\"animation-delay:0s\">\r\n\t\t<div class=\"w-grid-item-h\">\r\n\t\t\t\t\t\t\t<a href=\"https:\/\/gruene-wiesbaden.de\/hr\/wiesbaden-als-attraktiver-bildungs-und-hochschulort\/\" class=\"w-grid-item-anchor\" aria-label=\"Wiesbaden kao privla\u010dno mjesto za obrazovanje i visoko obrazovanje\"><\/a>\r\n\t\t\t\t\t\t<div class=\"w-post-elm post_image usg_post_image_1 stretched\"><img loading=\"lazy\" decoding=\"async\" width=\"400\" height=\"600\" src=\"https:\/\/gruene-wiesbaden.de\/wp-content\/uploads\/2025\/11\/3.1-attraktiver-Bildungs-und-Hochschulstandort-400x600.jpg\" class=\"attachment-large size-large wp-post-image\" alt=\"\" srcset=\"https:\/\/gruene-wiesbaden.de\/wp-content\/uploads\/2025\/11\/3.1-attraktiver-Bildungs-und-Hochschulstandort-400x600.jpg 400w, https:\/\/gruene-wiesbaden.de\/wp-content\/uploads\/2025\/11\/3.1-attraktiver-Bildungs-und-Hochschulstandort-267x400.jpg 267w, https:\/\/gruene-wiesbaden.de\/wp-content\/uploads\/2025\/11\/3.1-attraktiver-Bildungs-und-Hochschulstandort-scaled.jpg 1707w\" sizes=\"auto, (max-width: 400px) 100vw, 400px\" \/><\/div><div class=\"w-vwrapper usg_vwrapper_1 align_none valign_top\"><h2 class=\"w-post-elm post_title usg_post_title_1 has_text_color entry-title color_link_inherit\">Wiesbaden kao privla\u010dno mjesto za obrazovanje i visoko obrazovanje<\/h2><\/div>\t\t<\/div>\r\n\t\t\t<\/article>\r\n\t<article class=\"w-grid-item us_animate_afb off_autostart size_1x1 post-1378 post type-post status-publish format-standard has-post-thumbnail hentry category-kapitel-3\" data-id=\"1378\" style=\"animation-delay:0.1s\">\r\n\t\t<div class=\"w-grid-item-h\">\r\n\t\t\t\t\t\t\t<a href=\"https:\/\/gruene-wiesbaden.de\/hr\/wiesbaden-als-attraktiver-wirtschaftsstandort\/\" class=\"w-grid-item-anchor\" aria-label=\"Wiesbaden kao atraktivna poslovna lokacija\"><\/a>\r\n\t\t\t\t\t\t<div class=\"w-post-elm post_image usg_post_image_1 stretched\"><img loading=\"lazy\" decoding=\"async\" width=\"600\" height=\"400\" src=\"https:\/\/gruene-wiesbaden.de\/wp-content\/uploads\/2025\/11\/3.2-Wiesbaden-als-attraktiver-Wirtschaftsstandort-600x400.jpg\" class=\"attachment-large size-large wp-post-image\" alt=\"\" srcset=\"https:\/\/gruene-wiesbaden.de\/wp-content\/uploads\/2025\/11\/3.2-Wiesbaden-als-attraktiver-Wirtschaftsstandort-600x400.jpg 600w, https:\/\/gruene-wiesbaden.de\/wp-content\/uploads\/2025\/11\/3.2-Wiesbaden-als-attraktiver-Wirtschaftsstandort-400x267.jpg 400w\" sizes=\"auto, (max-width: 600px) 100vw, 600px\" \/><\/div><div class=\"w-vwrapper usg_vwrapper_1 align_none valign_top\"><h2 class=\"w-post-elm post_title usg_post_title_1 has_text_color entry-title color_link_inherit\">Wiesbaden kao atraktivna poslovna lokacija<\/h2><\/div>\t\t<\/div>\r\n\t\t\t<\/article>\r\n\t<article class=\"w-grid-item us_animate_afb off_autostart size_1x1 post-1380 post type-post status-publish format-standard has-post-thumbnail hentry category-kapitel-3\" data-id=\"1380\" style=\"animation-delay:0.2s\">\r\n\t\t<div class=\"w-grid-item-h\">\r\n\t\t\t\t\t\t\t<a href=\"https:\/\/gruene-wiesbaden.de\/hr\/wirtschaftsfoerderung-und-beschaeftigung\/\" class=\"w-grid-item-anchor\" aria-label=\"Gospodarski razvoj i zapo\u0161ljavanje\"><\/a>\r\n\t\t\t\t\t\t<div class=\"w-post-elm post_image usg_post_image_1 stretched\"><img loading=\"lazy\" decoding=\"async\" width=\"600\" height=\"400\" src=\"https:\/\/gruene-wiesbaden.de\/wp-content\/uploads\/2025\/11\/3.3-Wirtschaftsfoerderung-und-Beschaeftigung-600x400.jpeg\" class=\"attachment-large size-large wp-post-image\" alt=\"\" srcset=\"https:\/\/gruene-wiesbaden.de\/wp-content\/uploads\/2025\/11\/3.3-Wirtschaftsfoerderung-und-Beschaeftigung-600x400.jpeg 600w, https:\/\/gruene-wiesbaden.de\/wp-content\/uploads\/2025\/11\/3.3-Wirtschaftsfoerderung-und-Beschaeftigung-400x267.jpeg 400w\" sizes=\"auto, (max-width: 600px) 100vw, 600px\" \/><\/div><div class=\"w-vwrapper usg_vwrapper_1 align_none valign_top\"><h2 class=\"w-post-elm post_title usg_post_title_1 has_text_color entry-title color_link_inherit\">Gospodarski razvoj i zapo\u0161ljavanje<\/h2><\/div>\t\t<\/div>\r\n\t\t\t<\/article>\r\n\t<article class=\"w-grid-item us_animate_afb off_autostart size_1x1 post-1382 post type-post status-publish format-standard has-post-thumbnail hentry category-kapitel-3\" data-id=\"1382\" style=\"animation-delay:0.3s\">\r\n\t\t<div class=\"w-grid-item-h\">\r\n\t\t\t\t\t\t\t<a href=\"https:\/\/gruene-wiesbaden.de\/hr\/nachhaltige-infrastruktur-und-waermewende\/\" class=\"w-grid-item-anchor\" aria-label=\"Odr\u017eiva infrastruktura i toplinska tranzicija\"><\/a>\r\n\t\t\t\t\t\t<div class=\"w-post-elm post_image usg_post_image_1 stretched\"><img loading=\"lazy\" decoding=\"async\" width=\"450\" height=\"600\" src=\"https:\/\/gruene-wiesbaden.de\/wp-content\/uploads\/2025\/11\/3.4-Nachhaltige-Infrastruktur-und-Waermewende-450x600.jpg\" class=\"attachment-large size-large wp-post-image\" alt=\"\" srcset=\"https:\/\/gruene-wiesbaden.de\/wp-content\/uploads\/2025\/11\/3.4-Nachhaltige-Infrastruktur-und-Waermewende-450x600.jpg 450w, https:\/\/gruene-wiesbaden.de\/wp-content\/uploads\/2025\/11\/3.4-Nachhaltige-Infrastruktur-und-Waermewende-300x400.jpg 300w, https:\/\/gruene-wiesbaden.de\/wp-content\/uploads\/2025\/11\/3.4-Nachhaltige-Infrastruktur-und-Waermewende-scaled.jpg 1920w\" sizes=\"auto, (max-width: 450px) 100vw, 450px\" \/><\/div><div class=\"w-vwrapper usg_vwrapper_1 align_none valign_top\"><h2 class=\"w-post-elm post_title usg_post_title_1 has_text_color entry-title color_link_inherit\">Odr\u017eiva infrastruktura i toplinska tranzicija<\/h2><\/div>\t\t<\/div>\r\n\t\t\t<\/article>\r\n\t<article class=\"w-grid-item us_animate_afb off_autostart size_1x1 post-1384 post type-post status-publish format-standard has-post-thumbnail hentry category-kapitel-3\" data-id=\"1384\" style=\"animation-delay:0.4s\">\r\n\t\t<div class=\"w-grid-item-h\">\r\n\t\t\t\t\t\t\t<a href=\"https:\/\/gruene-wiesbaden.de\/hr\/wiesbaden-zur-nachhaltigen-kommune-transformieren\/\" class=\"w-grid-item-anchor\" aria-label=\"Pretvaranje Wiesbadena u odr\u017eivu op\u0107inu\"><\/a>\r\n\t\t\t\t\t\t<div class=\"w-post-elm post_image usg_post_image_1 stretched\"><img loading=\"lazy\" decoding=\"async\" width=\"600\" height=\"338\" src=\"https:\/\/gruene-wiesbaden.de\/wp-content\/uploads\/2025\/11\/3.5-Wiesbaden-zur-nachhaltigen-Kommune-transformieren-600x338.jpg\" class=\"attachment-large size-large wp-post-image\" alt=\"\" srcset=\"https:\/\/gruene-wiesbaden.de\/wp-content\/uploads\/2025\/11\/3.5-Wiesbaden-zur-nachhaltigen-Kommune-transformieren-600x338.jpg 600w, https:\/\/gruene-wiesbaden.de\/wp-content\/uploads\/2025\/11\/3.5-Wiesbaden-zur-nachhaltigen-Kommune-transformieren-400x225.jpg 400w, https:\/\/gruene-wiesbaden.de\/wp-content\/uploads\/2025\/11\/3.5-Wiesbaden-zur-nachhaltigen-Kommune-transformieren.jpg 1920w\" sizes=\"auto, (max-width: 600px) 100vw, 600px\" \/><\/div><div class=\"w-vwrapper usg_vwrapper_1 align_none valign_top\"><h2 class=\"w-post-elm post_title usg_post_title_1 has_text_color entry-title color_link_inherit\">Pretvaranje Wiesbadena u odr\u017eivu op\u0107inu<\/h2><\/div>\t\t<\/div>\r\n\t\t\t<\/article>\r\n\t<article class=\"w-grid-item us_animate_afb off_autostart size_1x1 post-1386 post type-post status-publish format-standard has-post-thumbnail hentry category-kapitel-3\" data-id=\"1386\" style=\"animation-delay:0.5s\">\r\n\t\t<div class=\"w-grid-item-h\">\r\n\t\t\t\t\t\t\t<a href=\"https:\/\/gruene-wiesbaden.de\/hr\/verwaltungsmodernisierung-und-digitalisierung\/\" class=\"w-grid-item-anchor\" aria-label=\"Modernizacija uprave i digitalizacija\"><\/a>\r\n\t\t\t\t\t\t<div class=\"w-post-elm post_image usg_post_image_1 stretched\"><img loading=\"lazy\" decoding=\"async\" width=\"600\" height=\"355\" src=\"https:\/\/gruene-wiesbaden.de\/wp-content\/uploads\/2025\/11\/3.6-Verwaltungsmodernisierung-und-Digitalisierung-600x355.jpeg\" class=\"attachment-large size-large wp-post-image\" alt=\"\" srcset=\"https:\/\/gruene-wiesbaden.de\/wp-content\/uploads\/2025\/11\/3.6-Verwaltungsmodernisierung-und-Digitalisierung-600x355.jpeg 600w, https:\/\/gruene-wiesbaden.de\/wp-content\/uploads\/2025\/11\/3.6-Verwaltungsmodernisierung-und-Digitalisierung-400x236.jpeg 400w\" sizes=\"auto, (max-width: 600px) 100vw, 600px\" \/><\/div><div class=\"w-vwrapper usg_vwrapper_1 align_none valign_top\"><h2 class=\"w-post-elm post_title usg_post_title_1 has_text_color entry-title color_link_inherit\">Modernizacija uprave i digitalizacija<\/h2><\/div>\t\t<\/div>\r\n\t\t\t<\/article>\r\n\t<article class=\"w-grid-item us_animate_afb off_autostart size_1x1 post-1388 post type-post status-publish format-standard has-post-thumbnail hentry category-kapitel-3\" data-id=\"1388\" style=\"animation-delay:0.6s\">\r\n\t\t<div class=\"w-grid-item-h\">\r\n\t\t\t\t\t\t\t<a href=\"https:\/\/gruene-wiesbaden.de\/hr\/die-stadt-wiesbaden-als-attraktiver-arbeitgeber\/\" class=\"w-grid-item-anchor\" aria-label=\"Grad Wiesbaden kao atraktivan poslodavac\"><\/a>\r\n\t\t\t\t\t\t<div class=\"w-post-elm post_image usg_post_image_1 stretched\"><img loading=\"lazy\" decoding=\"async\" width=\"600\" height=\"399\" src=\"https:\/\/gruene-wiesbaden.de\/wp-content\/uploads\/2025\/11\/3.7-Stadt-Wiesbaden-als-attraktive-Arbeitgeberin-600x399.jpeg\" class=\"attachment-large size-large wp-post-image\" alt=\"\" srcset=\"https:\/\/gruene-wiesbaden.de\/wp-content\/uploads\/2025\/11\/3.7-Stadt-Wiesbaden-als-attraktive-Arbeitgeberin-600x399.jpeg 600w, https:\/\/gruene-wiesbaden.de\/wp-content\/uploads\/2025\/11\/3.7-Stadt-Wiesbaden-als-attraktive-Arbeitgeberin-400x266.jpeg 400w\" sizes=\"auto, (max-width: 600px) 100vw, 600px\" \/><\/div><div class=\"w-vwrapper usg_vwrapper_1 align_none valign_top\"><h2 class=\"w-post-elm post_title usg_post_title_1 has_text_color entry-title color_link_inherit\">Grad Wiesbaden kao atraktivan poslodavac<\/h2><\/div>\t\t<\/div>\r\n\t\t\t<\/article>\r\n\t<article class=\"w-grid-item us_animate_afb off_autostart size_1x1 post-1390 post type-post status-publish format-standard has-post-thumbnail hentry category-kapitel-3\" data-id=\"1390\" style=\"animation-delay:0.7s\">\r\n\t\t<div class=\"w-grid-item-h\">\r\n\t\t\t\t\t\t\t<a href=\"https:\/\/gruene-wiesbaden.de\/hr\/staedtische-beteiligungen\/\" class=\"w-grid-item-anchor\" aria-label=\"Op\u0107inska gospodarstva\"><\/a>\r\n\t\t\t\t\t\t<div class=\"w-post-elm post_image usg_post_image_1 stretched\"><img loading=\"lazy\" decoding=\"async\" width=\"600\" height=\"400\" src=\"https:\/\/gruene-wiesbaden.de\/wp-content\/uploads\/2025\/11\/3.8-Staedtische-Beteiligungen-600x400.jpeg\" class=\"attachment-large size-large wp-post-image\" alt=\"\" srcset=\"https:\/\/gruene-wiesbaden.de\/wp-content\/uploads\/2025\/11\/3.8-Staedtische-Beteiligungen-600x400.jpeg 600w, https:\/\/gruene-wiesbaden.de\/wp-content\/uploads\/2025\/11\/3.8-Staedtische-Beteiligungen-400x267.jpeg 400w\" sizes=\"auto, (max-width: 600px) 100vw, 600px\" \/><\/div><div class=\"w-vwrapper usg_vwrapper_1 align_none valign_top\"><h2 class=\"w-post-elm post_title usg_post_title_1 has_text_color entry-title color_link_inherit\">Op\u0107inska gospodarstva<\/h2><\/div>\t\t<\/div>\r\n\t\t\t<\/article>\r\n\t<article class=\"w-grid-item us_animate_afb off_autostart size_1x1 post-1392 post type-post status-publish format-standard has-post-thumbnail hentry category-kapitel-3\" data-id=\"1392\" style=\"animation-delay:0s\">\r\n\t\t<div class=\"w-grid-item-h\">\r\n\t\t\t\t\t\t\t<a href=\"https:\/\/gruene-wiesbaden.de\/hr\/staedtischer-haushalt-nachhaltig-und-generationengerecht\/\" class=\"w-grid-item-anchor\" aria-label=\"Gradski prora\u010dun \u2013 odr\u017eiv i generacijski\"><\/a>\r\n\t\t\t\t\t\t<div class=\"w-post-elm post_image usg_post_image_1 stretched\"><img loading=\"lazy\" decoding=\"async\" width=\"600\" height=\"427\" src=\"https:\/\/gruene-wiesbaden.de\/wp-content\/uploads\/2025\/11\/3.9-Staedtischer-Haushalt-scaled-e1763332609268-600x427.jpeg\" class=\"attachment-large size-large wp-post-image\" alt=\"\" srcset=\"https:\/\/gruene-wiesbaden.de\/wp-content\/uploads\/2025\/11\/3.9-Staedtischer-Haushalt-scaled-e1763332609268-600x427.jpeg 600w, https:\/\/gruene-wiesbaden.de\/wp-content\/uploads\/2025\/11\/3.9-Staedtischer-Haushalt-scaled-e1763332609268-400x285.jpeg 400w, https:\/\/gruene-wiesbaden.de\/wp-content\/uploads\/2025\/11\/3.9-Staedtischer-Haushalt-scaled-e1763332609268.jpeg 1737w\" sizes=\"auto, (max-width: 600px) 100vw, 600px\" \/><\/div><div class=\"w-vwrapper usg_vwrapper_1 align_none valign_top\"><h2 class=\"w-post-elm post_title usg_post_title_1 has_text_color entry-title color_link_inherit\">Gradski prora\u010dun \u2013 odr\u017eiv i generacijski<\/h2><\/div>\t\t<\/div>\r\n\t\t\t<\/article>\r\n<\/div><div class=\"w-grid-preloader\">\t<div class=\"g-preloader type_1\">\r\n\t\t<div><\/div>\r\n\t<\/div>\r\n\t<\/div>\t<div class=\"w-grid-json hidden\" onclick='return {&quot;action&quot;:&quot;us_ajax_grid&quot;,&quot;infinite_scroll&quot;:0,&quot;max_num_pages&quot;:1,&quot;pagination&quot;:&quot;infinite&quot;,&quot;template_vars&quot;:{&quot;columns&quot;:&quot;4&quot;,&quot;exclude_items&quot;:&quot;none&quot;,&quot;img_size&quot;:&quot;default&quot;,&quot;ignore_items_size&quot;:0,&quot;items_layout&quot;:&quot;portfolio_2&quot;,&quot;items_offset&quot;:&quot;1&quot;,&quot;load_animation&quot;:&quot;afb&quot;,&quot;overriding_link&quot;:&quot;%7B%22type%22%3A%22post%22%7D&quot;,&quot;post_id&quot;:0,&quot;query_args&quot;:{&quot;post_type&quot;:[&quot;post&quot;],&quot;tax_query&quot;:[{&quot;taxonomy&quot;:&quot;category&quot;,&quot;field&quot;:&quot;slug&quot;,&quot;terms&quot;:[&quot;kapitel-3&quot;]}],&quot;post_status&quot;:[&quot;publish&quot;],&quot;posts_per_page&quot;:&quot;50&quot;},&quot;orderby_query_args&quot;:{&quot;orderby&quot;:{&quot;date&quot;:&quot;ASC&quot;}},&quot;type&quot;:&quot;masonry&quot;,&quot;us_grid_post_type&quot;:&quot;post&quot;,&quot;us_grid_ajax_index&quot;:3,&quot;us_grid_filter_query_string&quot;:null,&quot;us_grid_index&quot;:3,&quot;page_args&quot;:[]}}'><\/div>\r\n\t<\/div><div class=\"w-separator size_large\"><\/div><\/div><\/div><\/div><\/div><\/div><\/div><\/div><\/section>","protected":false},"excerpt":{"rendered":"Financijska situacija u Wiesbadenu je napeta, kao i u mnogim drugim op\u0107inama. Savezne i dr\u017eavne vlade uvijek su dodjeljivale nove zada\u0107e op\u0107inama. Samo uz dobru fiskalnu politiku mo\u017eemo osigurati manevarski prostor za nastavak pru\u017eanja pouzdane infrastrukture i dobrih usluga gra\u0111anima u budu\u0107nosti te za suo\u010davanje s glavnim izazovima koji predstoje.","protected":false},"author":1,"featured_media":0,"parent":0,"menu_order":0,"comment_status":"closed","ping_status":"closed","template":"","meta":{"footnotes":""},"class_list":["post-8","page","type-page","status-publish","hentry"],"yoast_head":"<!-- This site is optimized with the Yoast SEO plugin v27.5 - https:\/\/yoast.com\/product\/yoast-seo-wordpress\/ -->\n<title>B\u00dcNDNIS 90\/DIE GR\u00dcNEN Wiesbaden<\/title>\n<meta name=\"description\" content=\"Dies ist die Website von B\u00dcNDNIS 90\/DIE GR\u00dcNEN Wiesbaden. Hier findest du alle Informationen zum Wiesbadener Kreisverband.\" \/>\n<meta name=\"robots\" content=\"index, follow, max-snippet:-1, max-image-preview:large, max-video-preview:-1\" \/>\n<link rel=\"canonical\" href=\"https:\/\/gruene-wiesbaden.de\/hr\/\" \/>\n<meta property=\"og:locale\" content=\"hr_HR\" \/>\n<meta property=\"og:type\" content=\"article\" \/>\n<meta property=\"og:title\" content=\"B\u00dcNDNIS 90\/DIE GR\u00dcNEN Wiesbaden\" \/>\n<meta property=\"og:description\" content=\"Dies ist die Website von B\u00dcNDNIS 90\/DIE GR\u00dcNEN Wiesbaden. Hier findest du alle Informationen zum Wiesbadener Kreisverband.\" \/>\n<meta property=\"og:url\" content=\"https:\/\/gruene-wiesbaden.de\/hr\/\" \/>\n<meta property=\"og:site_name\" content=\"B\u00dcNDNIS 90\/DIE GR\u00dcNEN Wiesbaden\" \/>\n<meta property=\"article:publisher\" content=\"https:\/\/www.facebook.com\/gruene.wi\" \/>\n<meta property=\"article:modified_time\" content=\"2026-04-08T09:34:35+00:00\" \/>\n<meta name=\"twitter:card\" content=\"summary_large_image\" \/>\n<meta name=\"twitter:label1\" content=\"Procijenjeno vrijeme \u010ditanja\" \/>\n\t<meta name=\"twitter:data1\" content=\"6 minutes\" \/>\n<script type=\"application\/ld+json\" class=\"yoast-schema-graph\">{\"@context\":\"https:\\\/\\\/schema.org\",\"@graph\":[{\"@type\":\"WebPage\",\"@id\":\"https:\\\/\\\/gruene-wiesbaden.de\\\/\",\"url\":\"https:\\\/\\\/gruene-wiesbaden.de\\\/\",\"name\":\"B\u00dcNDNIS 90\\\/DIE GR\u00dcNEN Wiesbaden\",\"isPartOf\":{\"@id\":\"https:\\\/\\\/gruene-wiesbaden.de\\\/#website\"},\"datePublished\":\"2024-04-03T21:32:00+00:00\",\"dateModified\":\"2026-04-08T09:34:35+00:00\",\"description\":\"Dies ist die Website von B\u00dcNDNIS 90\\\/DIE GR\u00dcNEN Wiesbaden. Hier findest du alle Informationen zum Wiesbadener Kreisverband.\",\"breadcrumb\":{\"@id\":\"https:\\\/\\\/gruene-wiesbaden.de\\\/#breadcrumb\"},\"inLanguage\":\"hr\",\"potentialAction\":[{\"@type\":\"ReadAction\",\"target\":[\"https:\\\/\\\/gruene-wiesbaden.de\\\/\"]}]},{\"@type\":\"BreadcrumbList\",\"@id\":\"https:\\\/\\\/gruene-wiesbaden.de\\\/#breadcrumb\",\"itemListElement\":[{\"@type\":\"ListItem\",\"position\":1,\"name\":\"Startseite\",\"item\":\"https:\\\/\\\/gruene-wiesbaden.de\\\/\"},{\"@type\":\"ListItem\",\"position\":2,\"name\":\"Startseite Gr\u00fcne Wiesbaden\"}]},{\"@type\":\"WebSite\",\"@id\":\"https:\\\/\\\/gruene-wiesbaden.de\\\/#website\",\"url\":\"https:\\\/\\\/gruene-wiesbaden.de\\\/\",\"name\":\"DIE GR\u00dcNEN Wiesbaden\",\"description\":\"\",\"publisher\":{\"@id\":\"https:\\\/\\\/gruene-wiesbaden.de\\\/#organization\"},\"potentialAction\":[{\"@type\":\"SearchAction\",\"target\":{\"@type\":\"EntryPoint\",\"urlTemplate\":\"https:\\\/\\\/gruene-wiesbaden.de\\\/?s={search_term_string}\"},\"query-input\":{\"@type\":\"PropertyValueSpecification\",\"valueRequired\":true,\"valueName\":\"search_term_string\"}}],\"inLanguage\":\"hr\"},{\"@type\":\"Organization\",\"@id\":\"https:\\\/\\\/gruene-wiesbaden.de\\\/#organization\",\"name\":\"DIE GR\u00dcNEN Wiesbaden\",\"url\":\"https:\\\/\\\/gruene-wiesbaden.de\\\/\",\"logo\":{\"@type\":\"ImageObject\",\"inLanguage\":\"hr\",\"@id\":\"https:\\\/\\\/gruene-wiesbaden.de\\\/#\\\/schema\\\/logo\\\/image\\\/\",\"url\":\"https:\\\/\\\/gruene-wiesbaden-fuer-europa.de\\\/wp-content\\\/uploads\\\/2024\\\/04\\\/Machen-was-zaehlt-5.png\",\"contentUrl\":\"https:\\\/\\\/gruene-wiesbaden-fuer-europa.de\\\/wp-content\\\/uploads\\\/2024\\\/04\\\/Machen-was-zaehlt-5.png\",\"width\":1772,\"height\":1772,\"caption\":\"DIE GR\u00dcNEN Wiesbaden\"},\"image\":{\"@id\":\"https:\\\/\\\/gruene-wiesbaden.de\\\/#\\\/schema\\\/logo\\\/image\\\/\"},\"sameAs\":[\"https:\\\/\\\/www.facebook.com\\\/gruene.wi\",\"https:\\\/\\\/instagram.com\\\/gruene_wi\"]}]}<\/script>\n<!-- \/ Yoast SEO plugin. -->","yoast_head_json":{"title":"B\u00dcNDNIS 90\/DIE GR\u00dcNEN Wiesbaden","description":"Dies ist die Website von B\u00dcNDNIS 90\/DIE GR\u00dcNEN Wiesbaden. Hier findest du alle Informationen zum Wiesbadener Kreisverband.","robots":{"index":"index","follow":"follow","max-snippet":"max-snippet:-1","max-image-preview":"max-image-preview:large","max-video-preview":"max-video-preview:-1"},"canonical":"https:\/\/gruene-wiesbaden.de\/hr\/","og_locale":"hr_HR","og_type":"article","og_title":"B\u00dcNDNIS 90\/DIE GR\u00dcNEN Wiesbaden","og_description":"Dies ist die Website von B\u00dcNDNIS 90\/DIE GR\u00dcNEN Wiesbaden. Hier findest du alle Informationen zum Wiesbadener Kreisverband.","og_url":"https:\/\/gruene-wiesbaden.de\/hr\/","og_site_name":"B\u00dcNDNIS 90\/DIE GR\u00dcNEN Wiesbaden","article_publisher":"https:\/\/www.facebook.com\/gruene.wi","article_modified_time":"2026-04-08T09:34:35+00:00","twitter_card":"summary_large_image","twitter_misc":{"Procijenjeno vrijeme \u010ditanja":"6 minutes"},"schema":{"@context":"https:\/\/schema.org","@graph":[{"@type":"WebPage","@id":"https:\/\/gruene-wiesbaden.de\/","url":"https:\/\/gruene-wiesbaden.de\/","name":"B\u00dcNDNIS 90\/DIE GR\u00dcNEN Wiesbaden","isPartOf":{"@id":"https:\/\/gruene-wiesbaden.de\/#website"},"datePublished":"2024-04-03T21:32:00+00:00","dateModified":"2026-04-08T09:34:35+00:00","description":"Dies ist die Website von B\u00dcNDNIS 90\/DIE GR\u00dcNEN Wiesbaden. Hier findest du alle Informationen zum Wiesbadener Kreisverband.","breadcrumb":{"@id":"https:\/\/gruene-wiesbaden.de\/#breadcrumb"},"inLanguage":"hr","potentialAction":[{"@type":"ReadAction","target":["https:\/\/gruene-wiesbaden.de\/"]}]},{"@type":"BreadcrumbList","@id":"https:\/\/gruene-wiesbaden.de\/#breadcrumb","itemListElement":[{"@type":"ListItem","position":1,"name":"Startseite","item":"https:\/\/gruene-wiesbaden.de\/"},{"@type":"ListItem","position":2,"name":"Startseite Gr\u00fcne Wiesbaden"}]},{"@type":"WebSite","@id":"https:\/\/gruene-wiesbaden.de\/#website","url":"https:\/\/gruene-wiesbaden.de\/","name":"DIE GR\u00dcNEN Wiesbaden","description":"","publisher":{"@id":"https:\/\/gruene-wiesbaden.de\/#organization"},"potentialAction":[{"@type":"SearchAction","target":{"@type":"EntryPoint","urlTemplate":"https:\/\/gruene-wiesbaden.de\/?s={search_term_string}"},"query-input":{"@type":"PropertyValueSpecification","valueRequired":true,"valueName":"search_term_string"}}],"inLanguage":"hr"},{"@type":"Organization","@id":"https:\/\/gruene-wiesbaden.de\/#organization","name":"DIE GR\u00dcNEN Wiesbaden","url":"https:\/\/gruene-wiesbaden.de\/","logo":{"@type":"ImageObject","inLanguage":"hr","@id":"https:\/\/gruene-wiesbaden.de\/#\/schema\/logo\/image\/","url":"https:\/\/gruene-wiesbaden-fuer-europa.de\/wp-content\/uploads\/2024\/04\/Machen-was-zaehlt-5.png","contentUrl":"https:\/\/gruene-wiesbaden-fuer-europa.de\/wp-content\/uploads\/2024\/04\/Machen-was-zaehlt-5.png","width":1772,"height":1772,"caption":"DIE GR\u00dcNEN Wiesbaden"},"image":{"@id":"https:\/\/gruene-wiesbaden.de\/#\/schema\/logo\/image\/"},"sameAs":["https:\/\/www.facebook.com\/gruene.wi","https:\/\/instagram.com\/gruene_wi"]}]}},"_links":{"self":[{"href":"https:\/\/gruene-wiesbaden.de\/hr\/wp-json\/wp\/v2\/pages\/8","targetHints":{"allow":["GET"]}}],"collection":[{"href":"https:\/\/gruene-wiesbaden.de\/hr\/wp-json\/wp\/v2\/pages"}],"about":[{"href":"https:\/\/gruene-wiesbaden.de\/hr\/wp-json\/wp\/v2\/types\/page"}],"author":[{"embeddable":true,"href":"https:\/\/gruene-wiesbaden.de\/hr\/wp-json\/wp\/v2\/users\/1"}],"replies":[{"embeddable":true,"href":"https:\/\/gruene-wiesbaden.de\/hr\/wp-json\/wp\/v2\/comments?post=8"}],"version-history":[{"count":107,"href":"https:\/\/gruene-wiesbaden.de\/hr\/wp-json\/wp\/v2\/pages\/8\/revisions"}],"predecessor-version":[{"id":2359,"href":"https:\/\/gruene-wiesbaden.de\/hr\/wp-json\/wp\/v2\/pages\/8\/revisions\/2359"}],"wp:attachment":[{"href":"https:\/\/gruene-wiesbaden.de\/hr\/wp-json\/wp\/v2\/media?parent=8"}],"curies":[{"name":"wp","href":"https:\/\/api.w.org\/{rel}","templated":true}]}}