{"id":597,"date":"2025-03-21T11:00:15","date_gmt":"2025-03-21T11:00:15","guid":{"rendered":"http:\/\/gruene-wiesbaden.de.w0207e8f.kasserver.com\/?page_id=597"},"modified":"2026-04-18T16:46:25","modified_gmt":"2026-04-18T14:46:25","slug":"mitmachen","status":"publish","type":"page","link":"https:\/\/gruene-wiesbaden.de\/hr\/mitmachen\/","title":{"rendered":"Sudjelovanje i datumi"},"content":{"rendered":"<section class=\"l-section wpb_row height_auto full_height valign_center with_slider\"><div class=\"l-section-slider\"><div class=\"w-slider style_none fit_cover nav_none count_1\"><div class=\"w-slider-h\"><div class=\"royalSlider\"><div class=\"rsContent\"><a class=\"rsImg\" data-rsw=\"2157\" data-rsh=\"1440\" href=\"https:\/\/gruene-wiesbaden.de\/wp-content\/uploads\/2025\/07\/hannah-busing-Zyx1bK9mqmA-unsplash_kl.png\"><span data-alt=\"\"><\/span><\/a><\/div><\/div><img decoding=\"async\" src=\"https:\/\/gruene-wiesbaden.de\/wp-content\/uploads\/2025\/07\/hannah-busing-Zyx1bK9mqmA-unsplash_kl.png\" width=\"2157\" height=\"1440\" alt loading=\"lazy\"><\/div><div class=\"w-slider-json\" onclick='return {&quot;autoScaleSlider&quot;:true,&quot;addActiveClass&quot;:true,&quot;loop&quot;:true,&quot;fadeInLoadedSlide&quot;:false,&quot;slidesSpacing&quot;:0,&quot;imageScalePadding&quot;:0,&quot;numImagesToPreload&quot;:2,&quot;arrowsNav&quot;:false,&quot;arrowsNavAutoHide&quot;:false,&quot;transitionType&quot;:&quot;move&quot;,&quot;transitionSpeed&quot;:1000,&quot;block&quot;:{&quot;moveEffect&quot;:&quot;none&quot;,&quot;speed&quot;:300},&quot;thumbs&quot;:{&quot;fitInViewport&quot;:false,&quot;firstMargin&quot;:false,&quot;spacing&quot;:4},&quot;controlNavigation&quot;:&quot;none&quot;,&quot;autoplay&quot;:{&quot;enabled&quot;:true,&quot;pauseOnHover&quot;:false,&quot;delay&quot;:3000},&quot;autoScaleSliderWidth&quot;:2157,&quot;autoScaleSliderHeight&quot;:1440}'><\/div><\/div><\/div><div class=\"l-section-overlay\" style=\"background:rgba(0,0,0,0.15)\"><\/div><div class=\"l-section-h i-cf\"><div class=\"g-cols vc_row via_grid cols_1 laptops-cols_inherit tablets-cols_inherit mobiles-cols_1 valign_top type_default stacking_default\" style=\"--columns-gap:0rem;\"><div class=\"wpb_column vc_column_container\"><div class=\"vc_column-inner\"><div class=\"g-cols wpb_row us_custom_fe17fac6 has_text_color via_grid cols_1 laptops-cols_inherit tablets-cols_inherit mobiles-cols_1 valign_top type_default stacking_default\" style=\"--columns-gap:3rem;\"><div class=\"wpb_column vc_column_container\"><div class=\"vc_column-inner\"><div class=\"w-separator size_large\"><\/div><div class=\"w-separator size_small\"><\/div><div class=\"w-separator size_small\"><\/div><div class=\"wpb_text_column us_custom_2d6d43ab has_text_color background_inside_text\"><div class=\"wpb_wrapper\"><h1 style=\"text-align: center;\">SMJE\u0160TAJ I UVJETI<\/h1>\n<\/div><\/div><\/div><\/div><\/div><\/div><\/div><\/div><\/div><\/section><section class=\"l-section wpb_row height_medium with_img\"><div class=\"l-section-img\" role=\"img\" data-img-width=\"1920\" data-img-height=\"700\" style=\"background-image: url(https:\/\/gruene-wiesbaden.de\/wp-content\/uploads\/2025\/11\/neuer-Verlauf-gruene-wiesbaden.de_-1-e1762693586282.png);\"><\/div><div class=\"l-section-h i-cf\"><div class=\"g-cols vc_row via_grid cols_1 laptops-cols_inherit tablets-cols_inherit mobiles-cols_1 valign_top type_default stacking_default\"><div class=\"wpb_column vc_column_container\"><div class=\"vc_column-inner\"><div class=\"w-separator size_medium\"><\/div><div class=\"g-cols wpb_row via_grid cols_1 laptops-cols_inherit tablets-cols_inherit mobiles-cols_1 valign_top type_default stacking_default\" style=\"--columns-gap:3rem;\"><div class=\"wpb_column vc_column_container\"><div class=\"vc_column-inner\"><div class=\"wpb_text_column us_custom_f4639b64 has_text_color\"><div class=\"wpb_wrapper\"><h1>TERMINE<\/h1>\n<p>Iz kalendara mo\u017eete vidjeti koji \u0107e se datumi odr\u017eati sljede\u0107i put. <span>Mnogi na\u0161i datumi otvoreni su i zainteresiranim ne\u010dlanovima \u2013 samo se kratko registrirajte na kreisverband@gruene-wiesbaden.de. Sretni smo!<\/span><\/p>\n<p><strong>Kao redoviti termin, mo\u017eete rezervirati mjese\u010dni regularni stol prvog utorka u mjesecu u baru C\/O* na adresi Moritzstra\u00dfe 52, 65185 Wiesbaden.<\/strong><\/p>\n<p>Datumi sjednica odbora grada Wiesbadena dostupni su ovdje:<\/p>\n<\/div><\/div><div class=\"w-separator size_small\"><\/div><div class=\"w-btn-wrapper align_left\"><a class=\"w-btn us-btn-style_11 icon_atleft\" href=\"https:\/\/piwi.wiesbaden.de\/aktuelles?2\"><i class=\"fas fa-search\"><\/i><span class=\"w-btn-label\">Na datume lokalnih vije\u0107a i u gradskoj vije\u0107nici<\/span><\/a><\/div><div class=\"w-separator size_medium\"><\/div><div class=\"wpb_text_column us_custom_f4639b64 has_text_color\"><div class=\"wpb_wrapper\"><p>Sve preostale termine mo\u017eete filtrirati postavljanjem ili uklanjanjem kuka u legendi ispod kalendara ili mo\u017eete unijeti pojam za pretra\u017eivanje u polje za pretra\u017eivanje iznad kalendara za konkretnije pretra\u017eivanje termina. Tako\u0111er se mo\u017eete pretplatiti na odgovaraju\u0107i kalendar i tako uvijek biti a\u017eurni u svom privatnom kalendaru.<\/p>\n<\/div><\/div><div class=\"w-separator size_medium\"><\/div><div class=\"wpb_text_column\"><div class=\"wpb_wrapper\"><div class=\"r34ics-ajax-container loading\" id=\"ics-calendar-6856a8cef2a62\" data-view=\"full\" data-view-is-list-style=\"0\" data-view-is-list-long=\"0\" data-args=\"377ffdfaa1509aeeb8183b5f66df9cf4d20381e2\" data-js-args=\"{&quot;debug&quot;:&quot;0&quot;,&quot;use_client_tz&quot;:&quot;1&quot;}\">&nbsp;<\/div>\n<\/div><\/div><\/div><\/div><\/div><\/div><\/div><\/div><\/div><\/section><section class=\"l-section wpb_row height_medium\"><div class=\"l-section-overlay\" style=\"background:var(--color-header-middle-bg)\"><\/div><div class=\"l-section-h i-cf\"><div class=\"g-cols vc_row via_grid cols_1 laptops-cols_inherit tablets-cols_inherit mobiles-cols_1 valign_top type_default stacking_default\"><div class=\"wpb_column vc_column_container\"><div class=\"vc_column-inner\"><div class=\"g-cols wpb_row via_grid cols_1 laptops-cols_inherit tablets-cols_inherit mobiles-cols_1 valign_top type_default stacking_default\" style=\"--columns-gap:3rem;\"><div class=\"wpb_column vc_column_container\"><div class=\"vc_column-inner\"><div class=\"wpb_text_column us_custom_37fa7882\"><div class=\"wpb_wrapper\"><h2>\u017deli\u0161 sudjelovati?<\/h2>\n<\/div><\/div><div class=\"w-separator size_medium\"><\/div><\/div><\/div><\/div><div class=\"g-cols wpb_row us_custom_4679c802 via_grid cols_2-1 laptops-cols_inherit tablets-cols_inherit mobiles-cols_1 valign_top type_default stacking_default\" style=\"--columns-gap:2.2rem;\"><div class=\"wpb_column vc_column_container\"><div class=\"vc_column-inner\"><div class=\"wpb_text_column us_custom_564c68c1 has_text_color\"><div class=\"wpb_wrapper\"><h3>Okru\u017ene skupine<\/h3>\n<p data-start=\"212\" data-end=\"451\">Na\u0161e okru\u017ene skupine su veza izme\u0111u GREEN Wiesbadena i lokalnog stanovni\u0161tva. \u010clanovi okruga ovdje se sastaju kako bi zajedno radili na zelenoj politici za Wiesbaden i oja\u010dali kontakt s gra\u0111anima.<\/p>\n<p data-start=\"453\" data-end=\"687\">Skupine podupiru \u010dlanove na\u0161eg Zelenog lokalnog vije\u0107a u njihovu politi\u010dkom radu. Oni su va\u017ean rezonantni prostor za prikupljanje tema iz okruga, raspravljanje o problemima i zajedni\u010dki razvoj GREEN rje\u0161enja.<\/p>\n<p data-start=\"689\" data-end=\"952\">Osim toga, okru\u017ene skupine \u010dine na\u0161 rad vidljivim na licu mjesta. Obavje\u0161tavaju o stajali\u0161tima i odlukama GREEN-a, organiziraju rasprave sa zainteresiranim stranama i proslje\u0111uju pitanja iz okruga okru\u017enom odboru i parlamentarnoj skupini u gradskoj vije\u0107nici.<\/p>\n<p data-start=\"954\" data-end=\"1079\">Posebno u izbornoj kampanji, okru\u017ene skupine su aktivne: Poma\u017eu u objavljivanju, distribuciji letaka i doga\u0111aja.<\/p>\n<p data-start=\"1081\" data-end=\"1306\">I na kraju, ali ne manje va\u017eno, oni nude jednostavan na\u010din da se pridru\u017ee Zelenima, politi\u010dki se uklju\u010de i upoznaju druge iz okruga. Redoviti sastanci i zajedni\u010dka djelovanja me\u0111usobno se ja\u010daju.<\/p>\n<p data-start=\"1308\" data-end=\"1487\">Okru\u017ene skupine organiziraju izabrani glasnogovornici koji odr\u017eavaju vezu izme\u0111u skupine, \u010dlanova lokalnog vije\u0107a i okru\u017enog odbora.<\/p>\n<p data-start=\"1489\" data-end=\"1592\">Ako se \u017eelite uklju\u010diti ili samo \u017eelite svratiti, veselimo se \u0161to \u0107emo vas vidjeti!<\/p>\n<\/div><\/div><div class=\"w-separator size_small\"><\/div><div class=\"w-btn-wrapper align_left\"><a class=\"w-btn us-btn-style_12\" href=\"https:\/\/gruene-wiesbaden.de\/hr\/mitmachen\/#stadtteilgruppen\"><span class=\"w-btn-label\">nau\u010diti vi\u0161e<\/span><\/a><\/div><div class=\"w-separator size_small\"><\/div><\/div><\/div><div class=\"wpb_column vc_column_container\"><div class=\"vc_column-inner\"><div class=\"wpb_text_column us_custom_564c68c1 has_text_color\"><div class=\"wpb_wrapper\"><h3>Radne skupine<\/h3>\n<p><span>Radne skupine pokreta\u010dka su snaga na\u0161eg lokalnog politi\u010dkog rada.<\/span><span> Na\u0161e radne skupine obuhva\u0107aju odre\u0111ena podru\u010dja politika. Ovdje se razvijaju koncepti koji zatim ulaze u stranku preko op\u0107e skup\u0161tine ili u gradski parlament preko parlamentarne skupine. <\/span><\/p>\n<p><span>Utvr\u0111eni datumi sastanaka ovla\u0161tenih revizora mogu se prona\u0107i ovdje na ovim internetskim stranicama u odjeljku \u201eSudjelovanje i datumi\u201d.<\/span><span>\u00a0<\/span><\/p>\n<p><span>Ako jo\u0161 niste na mailing listi svog omiljenog AK-a, obratite se na\u0161em okru\u017enom uredu (kreisverband@gruene-wiesbaden.de). <\/span><\/p>\n<\/div><\/div><div class=\"w-separator size_small\"><\/div><div class=\"w-btn-wrapper align_left\"><a class=\"w-btn us-btn-style_12\" href=\"https:\/\/gruene-wiesbaden.de\/hr\/mitmachen\/#arbeitskreise\"><span class=\"w-btn-label\">nau\u010diti vi\u0161e<\/span><\/a><\/div><div class=\"w-separator size_medium\"><\/div><div class=\"wpb_text_column us_custom_564c68c1 has_text_color\"><div class=\"wpb_wrapper\"><p>Tako\u0111er se mo\u017eete uklju\u010diti u Landesarbeitsgemeinschaften (LAGen) tvrtke B\u00dcNDNIS 90\/DIE GR\u00dcNEN Hessen. Ovdje mo\u017eete saznati vi\u0161e:<\/p>\n<\/div><\/div><div class=\"w-separator size_small\"><\/div><div class=\"w-btn-wrapper align_none\"><a class=\"w-btn us-btn-style_12\" target=\"_blank\" href=\"https:\/\/www.gruene-hessen.de\/partei\/gremien\/landesarbeitsgemeinschaften\/\"><span class=\"w-btn-label\">O tvrtki LAGen<\/span><\/a><\/div><\/div><\/div><\/div><div class=\"g-cols wpb_row via_grid cols_1 laptops-cols_inherit tablets-cols_inherit mobiles-cols_1 valign_middle type_default stacking_default\" style=\"--columns-gap:3rem;\" id=\"stadtteilgruppen\"><div class=\"wpb_column vc_column_container\"><div class=\"vc_column-inner\"><div class=\"w-separator size_large\"><\/div><div class=\"wpb_text_column\"><div class=\"wpb_wrapper\"><h3>Pove\u017eite se s \u010dlanovima iz svog susjedstva i uklju\u010dite se na ku\u0107nom pragu<\/h3>\n<\/div><\/div><div class=\"w-separator size_medium\"><\/div><div class=\"w-tabs us_custom_057801f8 style_default switch_click accordion has_scrolling remove_indents\" style=\"--sections-title-size:inherit\"><div class=\"w-tabs-sections titles-align_none icon_chevron cpos_left\"><div class=\"w-tabs-section has_text_color\" id=\"i144\" style=\"background:var(--color-header-middle-bg);color:var(--color-alt-content-bg-alt);\"><button class=\"w-tabs-section-header with_icon\" aria-controls=\"content-i144\" aria-expanded=\"false\"><i class=\"fas fa-map-pin\"><\/i><div class=\"w-tabs-section-title\">okrug Am\u00f6neburg\/Kastel\/Kostheim<\/div><div class=\"w-tabs-section-control\"><\/div><\/button><div  class=\"w-tabs-section-content\" id=\"content-i144\"><div class=\"w-tabs-section-content-h i-cf\"><div class=\"wpb_text_column\"><div class=\"wpb_wrapper\"><p>Tekst slijedi.<\/p>\n<p>Govornici skupine koordiniraju sastanke okru\u017ene skupine i rado \u0107e odgovoriti na sva pitanja. \u017delite se umre\u017eiti i uklju\u010diti u skupinu za signale okruga kako biste bili informirani o datumima i informacijama o okrugu te kako biste mogli razmjenjivati ideje? <br data-prosemirror-content-type=\"node\" data-prosemirror-node-name=\"hardBreak\" data-prosemirror-node-inline=\"true\" \/><br data-prosemirror-content-type=\"node\" data-prosemirror-node-name=\"hardBreak\" data-prosemirror-node-inline=\"true\" \/>Zatim kliknite na sljede\u0107i gumb, napi\u0161ite e-po\u0161tu sa zahtjevom uredu okru\u017ene udruge i mi \u0107emo stupiti u kontakt!<\/p>\n<p><strong>Govornici su:<\/strong><br \/>\nNing Guo + Philip Pfefferkorn<\/p>\n<\/div><\/div><div class=\"w-btn-wrapper align_left\"><a class=\"w-btn us-btn-style_12 icon_atleft\" href=\"mailto:akk@gruene-wiesbaden.de\"><i class=\"fas fa-envelope\"><\/i><span class=\"w-btn-label\">e-po\u0161ta<\/span><\/a><\/div><\/div><\/div><\/div><div class=\"w-tabs-section has_text_color\" id=\"a465\" style=\"background:var(--color-header-middle-bg);color:var(--color-alt-content-bg-alt);\"><button class=\"w-tabs-section-header with_icon\" aria-controls=\"content-a465\" aria-expanded=\"false\"><i class=\"fas fa-map-pin\"><\/i><div class=\"w-tabs-section-title\">Okrug Biebrich<\/div><div class=\"w-tabs-section-control\"><\/div><\/button><div  class=\"w-tabs-section-content\" id=\"content-a465\"><div class=\"w-tabs-section-content-h i-cf\"><div class=\"wpb_text_column\"><div class=\"wpb_wrapper\"><p style=\"font-weight: 400;\"><span>S oko 39.500 stanovnika, Biebrich je najve\u0107a \u010detvrt Wiesbadena. Sa svojim polo\u017eajem na Rajni izme\u0111u Schiersteina i Am\u00f6neburga, slikovit je, sociokulturno raznolik i karakterizira ga gotovo 50 posto ljudi s migracijskom povije\u0161\u0107u.<span style=\"text-decoration: line-through;\"><\/span><\/span><\/p>\n<p style=\"font-weight: 400;\"><span>Biebrich-Mitte karakterizira urbani gradski krajolik s navedenim starim zgradama, osobito gradskim ku\u0107ama s komercijalno upotrebljivim dvori\u0161tima. Uz dana\u0161nji Biebrich Allee izgra\u0111ena je vila. Pedesetih do sedamdesetih godina pro\u0161log stolje\u0107a, zbog nedostatka stambenog prostora (ratne izbjeglice 2. Prvi svjetski rat) i kasnije gospodarsko \u010dudo, pojavila su se velika naselja Gr\u00e4selberg i Parkfeld. Naselje Parkfeld izgra\u0111eno je prema planovima Ernsta Maya zapadno od parka dvorca. Od 1920-ih ovdje se nalaze i naselja \u201eSelf-help\u201d i \u201eRosenfeld\u201d, pionirski projekti za vlastitu izgradnju zajednice. Biebrich i danas raste. Novi atraktivni \u017eivotni prostor za oko 1000 ljudi (s visokim udjelom subvencioniranog stambenog prostora) stvara GWW u Koru\u0161koj \u010detvrti. Osim drugih manjih novih gra\u0111evinskih projekata u okrugu, ovdje se stvara \u017eivahna i dru\u0161tveno dobro izmije\u0161ana \u010detvrt.<\/span><\/p>\n<p style=\"font-weight: 400;\"><span>U brojnim udrugama i inicijativama ljudi u Biebrichu osiguravaju dobru suradnju. Redovita i dobrovoljna doga\u0111anja i festivali kao \u0161to su Gibber Kerb, H\u00f6fefest i Mosburgfest sada su popularni daleko izvan okruga. <\/span><\/p>\n<p style=\"font-weight: 400;\"><span>Posebno posljednjih godina, niz ekolo\u0161kih projekata razvijen je iz gra\u0111anstva i provodi se s velikom predano\u0161\u0107u, kao \u0161to su vrt u okrugu Rathenauplatz i projekt Trittsteinbiotope, koji je stvorio blisku mre\u017eu sadnji diskova u okrugu koji su pogodni za kukce. Potonje se stalno \u0161iri i time promi\u010de bioraznolikost u okrugu. Pro\u0161le godine inicijativa je dobila nagradu za okoli\u0161 Grada Wiesbadena.<\/span><\/p>\n<p style=\"font-weight: 400;\"><span>Biebrich ima atraktivna rekreacijska i rekreacijska podru\u010dja. Najve\u0107a prirodna podru\u010dja su Mosbachtal, Rajnske livade, Rettbergsaue i Schlosspark. Ipak, gusto izgra\u0111ena gradska jezgra ima premalo prirodnog podru\u010dja u odnosu na broj stanovnika. To predstavlja najve\u0107e izazove: Premalo zelenila i previ\u0161e topline ljeti. Promet i pretra\u017eivanje parkirali\u0161ta tako\u0111er su previsoki. Premalo parkirnih mjesta za bicikle i op\u0107enito previ\u0161e automobila u odnosu na ekolo\u0161ki prihvatljivu mobilnost koju nude autobusi, vlakovi, zajedni\u010dko kori\u0161tenje automobila i biciklisti\u010dke staze utje\u010du na kvalitetu \u017eivota i boravi\u0161te u okrugu.<\/span><\/p>\n<p style=\"font-weight: 400;\"><span>U Biebrich-Mitte, (jo\u0161) visoka zaliha trgovine kojom upravljaju vlasnici i raznovrsne gastronomske ponude \u010dine \u017eivot i kupovinu u \u010detvrti daleko od centra Wiesbadena privla\u010dnim. To je ono \u0161to \u017eelimo dobiti zeleno.<\/span><\/p>\n<p style=\"font-weight: 400;\"><span>Kao \u0161to je Biebrich svestran, njegova socioekonomska struktura tako\u0111er pru\u017ea posebne socijalne potrebe. Kako bi se to sprije\u010dilo, postojao je i jo\u0161 uvijek postoji niz programa potpore za \u201esocijalni grad\u201d i njegovu koheziju. To trenuta\u010dno koristi odgovaraju\u0107a uprava okruga u suradnji s predanim gra\u0111anima za mnoge manje i ve\u0107e projekte. Na primjer, za godi\u0161nje festivale okruga, javna kov\u010dega i vrt okruga u Rathenauplatzu.<\/span><\/p>\n<p style=\"font-weight: 400;\"><span>GREEN uvelike cijenimo raznolik gra\u0111anski anga\u017eman gra\u0111ana Biebricha. Konkretno, programi financiranja \u201esocijalne kohezije\u201d za Gr\u00e4selberg i Biebrich-Mitte, koji bi trebali iste\u0107i u bliskoj budu\u0107nosti, pru\u017eili su vrijedne usluge putem upravljanja susjedstvom kako bi se ljudi okupili i pokrenuli novi projekti za promicanje zajednice koji su tako\u0111er ekolo\u0161ki odr\u017eivi. Stoga smo predani konsolidaciji tog okru\u017enog upravljanja nakon prethodnog razdoblja financiranja.<span style=\"text-decoration: line-through;\"><\/span><\/span><\/p>\n<p style=\"font-weight: 400;\"><span>Zbog svoje izravne lokacije na Rajni Biebrich trenuta\u010dno ima koristi od koncepta Rajna-Majna-Ufer. Pod novim mostom Schierstein i stepenicama za sjedenje na livadama Rajne na Rajni planira se sportsko-rekreacijski prostor. Tako\u0111er, izravna biciklisti\u010dka veza ispod mosta izme\u0111u okruga Biebrich i Schierstein ponovno je otvorena nakon vi\u0161e od 10 godina (dio europske biciklisti\u010dke staze).<\/span><\/p>\n<p style=\"font-weight: 400;\"><span>Zeleni su glavni razlog za zabrinutost zbog pove\u0107anja otpornosti na klimatske promjene u Biebrichu. Na primjer:<\/span><\/p>\n<ul>\n<li><span>ve\u0107e brtvljenje u podru\u010dju javnih cesta, <\/span><\/li>\n<li><span>vi\u0161e smirivanja prometa (test modela u kolovozu i rujnu s prenamjenom dionice Rheingaustra\u00dfe u dionici Rheinufer u privremenu biciklisti\u010dku cestu),<\/span><\/li>\n<li><span>vi\u0161e biciklisti\u010dkih staza i sigurnost za sve one koji putuju biciklom i pje\u0161ice,<\/span><\/li>\n<li><span>vi\u0161e zelenila u okrugu (npr. sadnja vi\u0161e stabala, posebno na ulicama) kako bi se odgovorilo na izazove klimatske krize, <\/span><\/li>\n<li><span>bolja zelena povezanost s Dotzheimom i Am\u00f6neburgom, <\/span><\/li>\n<li><span>obnovu i uporabu carinskog ansambla za sve Biebriance (i Wiesbadenerse),<\/span><\/li>\n<li><span>nadzor planiranja novog okruga kolodvora; i <\/span><\/li>\n<li><span>pra\u0107enje planiranja mre\u017ee gradskog grijanja u Biebrichu.<\/span><\/li>\n<\/ul>\n<p>Govornici skupine koordiniraju sastanke okru\u017ene skupine i rado \u0107e odgovoriti na sva pitanja. \u017delite se umre\u017eiti i uklju\u010diti u skupinu za signale okruga kako biste bili informirani o datumima i informacijama o okrugu te kako biste mogli razmjenjivati ideje? <br data-prosemirror-content-type=\"node\" data-prosemirror-node-name=\"hardBreak\" data-prosemirror-node-inline=\"true\" \/><span><\/span><\/p>\n<p><span>Zatim kontaktirajte dva govornika putem e-po\u0161te!<\/span><\/p>\n<p><strong>Govornici su:<\/strong><br \/>\nAnnette Fr\u00f6lich i Jonathan Stephan<\/p>\n<\/div><\/div><div class=\"w-btn-wrapper align_left\"><a class=\"w-btn us-btn-style_12 icon_atleft\" href=\"mailto:biebrich@gruene-wiesbaden.de\"><i class=\"fas fa-envelope\"><\/i><span class=\"w-btn-label\">e-po\u0161ta<\/span><\/a><\/div><\/div><\/div><\/div><div class=\"w-tabs-section has_text_color\" id=\"v716\" style=\"background:var(--color-header-middle-bg);color:var(--color-alt-content-bg-alt);\"><button class=\"w-tabs-section-header with_icon\" aria-controls=\"content-v716\" aria-expanded=\"false\"><i class=\"fas fa-map-pin\"><\/i><div class=\"w-tabs-section-title\">Okrug Bierstadt\/Igstadt\/Kloppenheim<\/div><div class=\"w-tabs-section-control\"><\/div><\/button><div  class=\"w-tabs-section-content\" id=\"content-v716\"><div class=\"w-tabs-section-content-h i-cf\"><div class=\"wpb_text_column\"><div class=\"wpb_wrapper\"><p><span>Na\u0161a grupa je udruga \u010dlanova B\u00dcNDNIS 90\/DIE GR\u00dcNEN Wiesbaden iz tri okruga Bierstadt, Igstadt i Kloppenheim (BIK). U me\u0111usobnom smo dijalogu o na\u0161im temama, zajedno smo uklju\u010deni u izborne kampanje i predani smo na\u0161im zelenim vrijednostima u svakodnevnom \u017eivotu. U Bierstadtu smo od 2021. zastupljeni u lokalnom savjetodavnom odboru s tri mandata (od njih 15), a u Igstadtu s dva mandata (od njih sedam).<\/span><\/p>\n<p><span>Bierstadt sa svojih oko 13.000 stanovnika otvara glavni grad neprimjetno ruralnom dijelu glavnog grada dr\u017eave na istoku i usko je povezan s Kloppenheimom i Igstadtom (oko 2300 stanovnika svaki). Okolno podru\u010dje odlikuje se visokokvalitetnim poljoprivrednim zemlji\u0161tem i brojnim vo\u0107njacima. NSG Hangwiesen nalazi se na sjeveru, a spa podru\u010dje Aukammtal prote\u017ee se do centra grada. Predani smo o\u010duvanju prirode i odgovornom stvaranju cjenovno pristupa\u010dnog stanovanja.<\/span><br \/>\n<span>Sva tri mjesta te\u0161ko su pogo\u0111ena motoriziranim prometom iz susjednih mjesta i autocesta. S druge strane, biciklisti\u010dke staze obi\u010dno voze off-road na gospodarskim rutama i sporednim cestama. Sna\u017eno smo predani \u0161irenju atraktivnih i sigurnih biciklisti\u010dkih veza izme\u0111u gradova i prema sredi\u0161tu grada.<\/span><br \/>\n<span>Demografske promjene tako\u0111er napreduju na na\u0161a tri mjesta. Zahvalni smo na predanosti dugogodi\u0161njih \u010dlanova i zadovoljni smo nedavnim rastom u mla\u0111im generacijama. Komunikacija na\u0161ih zelenih perspektiva usmjerenih na budu\u0107nost i dalje je izazovna zada\u0107a u tradicionalno oblikovanom okru\u017eenju na\u0161ih okruga.<\/span><\/p>\n<p><span>\u017divimo u lijepoj regiji s visokom rekreacijskom vrijedno\u0161\u0107u i dobrom klimom. I jedno i drugo treba odr\u017eavati i razvijati. Pripremimo ga! <\/span><span>Radujemo se pitanjima i interesu za na\u0161u predanost.<\/span><\/p>\n<p>Govornici skupine koordiniraju sastanke okru\u017ene skupine BIK i rado \u0107e odgovoriti na sva pitanja koja imate. \u017delite se umre\u017eiti i uklju\u010diti u skupinu za signale okruga kako biste bili informirani o datumima i informacijama o okrugu te kako biste mogli razmjenjivati ideje? <br data-prosemirror-content-type=\"node\" data-prosemirror-node-name=\"hardBreak\" data-prosemirror-node-inline=\"true\" \/><span><\/span><\/p>\n<p><span>Zatim kontaktirajte dva govornika putem e-po\u0161te!<\/span><\/p>\n<p><strong>Govornici su:<\/strong><br \/>\nN.N. + Michael Hasler<\/p>\n<\/div><\/div><div class=\"w-btn-wrapper align_left\"><a class=\"w-btn us-btn-style_12 icon_atleft\" href=\"mailto:bik@gruene-wiesbaden.de\"><i class=\"fas fa-envelope\"><\/i><span class=\"w-btn-label\">e-po\u0161ta<\/span><\/a><\/div><\/div><\/div><\/div><div class=\"w-tabs-section has_text_color\" id=\"t9b9\" style=\"background:var(--color-header-top-bg);color:var(--color-alt-content-bg-alt);\"><button class=\"w-tabs-section-header with_icon\" aria-controls=\"content-t9b9\" aria-expanded=\"false\"><i class=\"fas fa-map-pin\"><\/i><div class=\"w-tabs-section-title\">okrug Delkenheim\/ Breckenheim\/ Erbenheim\/ Nordenstadt\/ Medenbach\/ Auringen<\/div><div class=\"w-tabs-section-control\"><\/div><\/button><div  class=\"w-tabs-section-content\" id=\"content-t9b9\"><div class=\"w-tabs-section-content-h i-cf\"><div class=\"wpb_text_column\"><div class=\"wpb_wrapper\"><p style=\"font-weight: 400;\">Op\u0107ine Erbenheim, Nordenstadt, Delkenheim, Breckenheim, Auringen i Medenbach \u010dine isto\u010dno i sjeveroisto\u010dno predgra\u0111e Wiesbadena, podru\u010dje koje se povijesno smatra \u201ejezerom\u201d. Tijekom godina starim gradskim jezgrama dodana su nova stambena podru\u010dja, uklju\u010duju\u0107i ve\u0107e projekte urbanog razvoja kao \u0161to su Hainweg, Pfarrmorgen ili planirano podru\u010dje Ostfelda. Posebno \u0107e Ostfeld, koji se uglavnom nalazi na Erbenheimer Gemarkungu, oblikovati mnoge rasprave o za\u0161titi klime i okoli\u0161a, prometnim vezama i odr\u017eivom urbanom razvoju u nadolaze\u0107im godinama.<\/p>\n<p style=\"font-weight: 400;\">Nekoliko europskih prometnih osi prolazi ovom regijom \u2013 cestom s A3 i A66, \u017eeljeznicom s linijom ICE K\u00f6ln-Frankfurt i zrakoplovom s dva sjeverozapadna polazi\u0161na pravca od Zra\u010dne luke Frankfurt. Erbenheim je te\u0161ko pogo\u0111en bukom i one\u010di\u0161\u0107enjem prometa zbog svog polo\u017eaja na rubu grada. Istodobno, blizina ameri\u010dke zra\u010dne luke Erbenheim predstavlja posebne sigurnosne i razvojne izazove. Mjesto je neko\u0107 bilo gra\u0111evni blok Berlinskog zra\u010dnog mosta, kasnije ameri\u010dkog sjedi\u0161ta za Europu, a sada je sjedi\u0161te NATO-ovog Ukrajinskog zapovjedni\u0161tva. Odmah uz njega, podru\u010dje Mechtildshausen va\u017eno je mjesto za ekolo\u0161ku poljoprivredu, socijalni rad i obrazovanje.<\/p>\n<p style=\"font-weight: 400;\">U Nordenstadtu i Delkenheimu okruzi se suo\u010davaju sa sli\u010dnim izazovima: Zbog svoje lokacije u blizini autocesta i industrijskog parka, promet, buka i sve ve\u0107e brtvljenje podru\u010dja sredi\u0161nje su teme. Istodobno, sve je ve\u0107a potreba za boljom lokalnom skrbi, sigurnim biciklisti\u010dkim stazama i pje\u0161a\u010dkim stazama, kao i uslugama za djecu, adolescente i starije osobe. Kao manja \u010detvrt, Breckenheim je posebno pogo\u0111en pove\u0107anjem prometa i suo\u010den je sa zada\u0107om o\u010duvanja seoskog karaktera i istodobnog stvaranja prostora za nove oblike \u017eivota u novim gra\u0111evinskim projektima.<\/p>\n<p style=\"font-weight: 400;\">Auringen i Medenbach tako\u0111er su do\u017eivjeli primjetnu promjenu posljednjih godina. Oba okruga kombiniraju svoj seoski karakter sa sve ve\u0107om va\u017enosti kao atraktivne stambene lokacije. U Medenbachu, sjeveroisto\u010dnom predgra\u0111u Wiesbadena, posebno je potrebno hitno razjasniti pitanja mobilnosti, povezanosti javnog prijevoza i lokalne opskrbe. Auringen tako\u0111er stalno raste i sve se vi\u0161e suo\u010dava s posljedicama pove\u0107anja prometa. Postoje\u0107a infrastruktura sve manje odgovara na potrebe sve ve\u0107eg stanovni\u0161tva. Daljnjim \u0161irenjem stanovanja postavljaju se i temeljna pitanja o odr\u017eivoj infrastrukturi i konceptu odr\u017eive mobilnosti.<\/p>\n<p style=\"font-weight: 400;\">Veliki projekti prometne i energetske tranzicije zaposlit \u0107e sve te \u010detvrti u narednim godinama, kao \u0161to je planirana veza S-Bahn preko Wallauer Spangea, koja je namijenjena stvaranju bolje \u017eeljezni\u010dke veze za mnoge \u010detvrti, ili planirana elektroenergetska linija \"Rhein-Main-Link\".<\/p>\n<p style=\"font-weight: 400;\"><strong>Mi Zeleni iz ruralnih podru\u010dja prihva\u0107amo te izazove i \u017eelimo aktivno, odr\u017eivo i zajedno s gra\u0111anima oblikovati razvoj okruga.<\/strong> Volimo \u017eivjeti u na\u0161im okruzima, podupirati na\u0161a lokalna vije\u0107a u Auringenu i Delkenheimu u njihovu radu kao \u010dlanova i \u017eelimo biti zastupljeni u lokalnim vije\u0107ima u drugim okruzima nakon lokalnih izbora 2026.<\/p>\n<p>Govornici skupine koordiniraju sastanke okru\u017ene skupine i rado \u0107e odgovoriti na sva pitanja. \u017delite se umre\u017eiti i uklju\u010diti u skupinu za signale okruga kako biste bili informirani o datumima i informacijama o okrugu te kako biste mogli razmjenjivati ideje? <br data-prosemirror-content-type=\"node\" data-prosemirror-node-name=\"hardBreak\" data-prosemirror-node-inline=\"true\" \/><br data-prosemirror-content-type=\"node\" data-prosemirror-node-name=\"hardBreak\" data-prosemirror-node-inline=\"true\" \/><span>Zatim kontaktirajte dva govornika putem e-po\u0161te!<\/span><\/p>\n<p><strong>Govornici su:<\/strong><br \/>\nN.N. i Stefan Deuling<\/p>\n<\/div><\/div><div class=\"w-btn-wrapper align_left\"><a class=\"w-btn us-btn-style_12 icon_atleft\" href=\"mailto:nordoestliche-vororte@gruene-wiesbaden.de\"><i class=\"fas fa-envelope\"><\/i><span class=\"w-btn-label\">e-po\u0161ta<\/span><\/a><\/div><\/div><\/div><\/div><div class=\"w-tabs-section has_text_color\" id=\"qc78\" style=\"background:var(--color-alt-content-bg);color:var(--color-alt-content-bg-alt);\"><button class=\"w-tabs-section-header with_icon\" aria-controls=\"content-qc78\" aria-expanded=\"false\"><i class=\"fas fa-map-pin\"><\/i><div class=\"w-tabs-section-title\">okrug Dotzheim\/Klarenthal\/Frauenstein<\/div><div class=\"w-tabs-section-control\"><\/div><\/button><div  class=\"w-tabs-section-content\" id=\"content-qc78\"><div class=\"w-tabs-section-content-h i-cf\"><div class=\"wpb_text_column\"><div class=\"wpb_wrapper\"><p style=\"font-weight: 400;\">Dotzheim i Klarenthal raznoliki su \u2013 slikoviti, strukturni i prije svega ljudski. Smje\u0161tena na sjeverozapadu Wiesbadena, oba okruga okru\u017eena su zelenilom i \u0161umom. Belzbachtal u Dotzheimu du\u017e Wellritzbacha uz Klarenthal jedan je od \u010detiri Wiesbadenova kruga svje\u017eeg zraka koji su va\u017eni za gradsku klimu.<\/p>\n<p style=\"font-weight: 400;\">Dotzheim, druga najve\u0107a \u010detvrt u Wiesbadenu, kombinira povijesna seoska sredi\u0161ta, moderne stambene komplekse i mirna stambena podru\u010dja. Dvorac Freudenberg svojom kulturnom ponudom privla\u010di posjetitelje daleko izvan Wiesbadena. Lokalni povijesni muzej u staroj gradskoj jezgri Dotzheima sadr\u017ei mnogo zanimljivih informacija koje se\u017eu u rimsko doba. Kao najve\u0107a klinika u Wiesbadenu, HSK predstavlja vlastite izazove okrugu.<\/p>\n<p style=\"font-weight: 400;\">Klarenthal, \u201eZelena vrata do Wiesbadena\u201d, nastao je kao nova \u010detvrt 1960-ih, prema planovima Ernsta Maya, kada su se mnogi stanovi morali brzo izgraditi. Danas Klarenthal ima puno zelenila, otvorenu strukturu naselja i nudi blizinu gradskih \u0161uma i fazana, kao i dobru povezanost s centrom grada i atraktivnim stanovanjem za ljude mnogih zemalja podrijetla i \u017eivotnih uvjeta.<\/p>\n<p style=\"font-weight: 400;\">U oba okruga aktivan \u017eivot kluba oblikuje su\u017eivot. Vi\u0161e od stotinu zemalja je ovdje kod ku\u0107e. Ta kulturna i dru\u0161tvena raznolikost velika je snaga i odra\u017eava se u volontiranju, projektima i inicijativama u susjedstvu. Istodobno postoje izazovi kao \u0161to su socijalna nejednakost, nepovoljan polo\u017eaj u obrazovanju, izazovi u pogledu integracije i nedostatak cjenovno pristupa\u010dnog stanovanja.<\/p>\n<p><span style=\"font-weight: 400;\"><strong>Mi Zeleni iz Dotzheima i Klarenthala predani smo osiguravanju da na\u0161i okruzi ostanu \u017eivi, odr\u017eivi, socijalno pravedni i kozmopolitski te da mjere za za\u0161titu klime stignu u na\u0161e okruge.<\/strong> Zala\u017eemo se za dobre biciklisti\u010dke i \u0161kolske staze, mjere za ograni\u010davanje prometa putnika, uklju\u010duju\u0107i ponovnu aktivaciju Aartalbahna, zone s 30 sjedala, \u0161irenje usluga dijeljenja automobila i dobre veze javnog prijevoza do centra grada \/ \u017eeljezni\u010dke stanice, renaturaciju potoka i sna\u017enu dru\u0161tvenu mre\u017eu. <\/span><\/p>\n<p><span style=\"font-weight: 400;\">Mi GR\u00dcNE iz Dotzheima i Klarenthala volimo \u017eivjeti u na\u0161im dvama okruzima i \u017eeljeli bismo dodatno oblikovati i podr\u017eati na\u0161e lokalne savjetodavne odbore u njihovu radu kao \u010dlanova tih dvaju okruga.<\/span><\/p>\n<p>Govornici skupine koordiniraju sastanke okru\u017ene skupine i rado \u0107e odgovoriti na sva pitanja. \u017delite se umre\u017eiti i uklju\u010diti u skupinu za signale okruga kako biste bili informirani o datumima i informacijama o okrugu te kako biste mogli razmjenjivati ideje? <br data-prosemirror-content-type=\"node\" data-prosemirror-node-name=\"hardBreak\" data-prosemirror-node-inline=\"true\" \/><span><\/span><\/p>\n<p><span>Zatim kontaktirajte dva govornika putem e-po\u0161te!<\/span><\/p>\n<p><strong>Izra\u0111en si od Frauensteina?<\/strong> Odli\u010dno, jer do sada nemamo nijednog GREEN \u010dlana u Frauensteinu! Mi GREEN Dotzheim\/Klarenthal vas toplo pozdravljamo kada ste prvi \u010dlan iz ovog okruga koji se pridru\u017eio GREEN-u!<\/p>\n<p><strong>Govornici su:<\/strong><br \/>\nUlla Bai i Werner Hillenbrand<\/p>\n<\/div><\/div><div class=\"w-btn-wrapper align_left\"><a class=\"w-btn us-btn-style_12 icon_atleft\" href=\"mailto:dotzheim-klarenthal-frauenstein@gruene-wiesbaden.de\"><i class=\"fas fa-envelope\"><\/i><span class=\"w-btn-label\">e-po\u0161ta<\/span><\/a><\/div><\/div><\/div><\/div><div class=\"w-tabs-section has_text_color\" id=\"uea9\" style=\"background:var(--color-alt-content-bg);color:var(--color-alt-content-bg-alt);\"><button class=\"w-tabs-section-header with_icon\" aria-controls=\"content-uea9\" aria-expanded=\"false\"><i class=\"fas fa-map-pin\"><\/i><div class=\"w-tabs-section-title\">okrug Hessloch\/Naurod<\/div><div class=\"w-tabs-section-control\"><\/div><\/button><div  class=\"w-tabs-section-content\" id=\"content-uea9\"><div class=\"w-tabs-section-content-h i-cf\"><div class=\"wpb_text_column\"><div class=\"wpb_wrapper\"><p>Hessloch i Naurod dva su isto\u010dna predgra\u0111a Wiesbadena, koja karakterizira bliska integracija naselja s okolnim kulturnim krajolikom. Oba okruga nalaze se u Vortaunusu i okru\u017eena su \u0161umama, poljima i, na obroncima dolina potoka, vo\u0107njacima koji definiraju krajolik. Sela su povezana ve\u0107im \u0161umskim podru\u010djem na lokalnoj planini Hessloch \u201eSteinkopf\u201d.<\/p>\n<p>Od njih dvoje, Naurod je puno ve\u0107i grad. Stanovnici Nauroda opremljeni su svim trgovinama za svakodnevne potrebe. Na Nauroder Gemarkung uzdi\u017ee se Wickerbach, koji te\u010de na sredi\u0161njem mjestu u prirodnom potoku kroz malo zeleno podru\u010dje i te\u010de isto\u010dno od Wiesbadena u Main. Osim Wiesbadena, Naurod je poznat i po tradicionalnom i popularnom \u00c4ppelbl\u00fctenfestu. Lokalna planina Nauroder \u201eKellerskopf\u201d privla\u010dno je lokalno rekreacijsko odredi\u0161te.<\/p>\n<p>He\u00dfloch je najmanja \u010detvrt u Wiesbadenu. Naziv se izvorno temeljio na \u201eHaselbruchu\u201d, \u0161to zna\u010di da su grmovi lijeske neko\u0107 bili karakteristi\u010dni za to podru\u010dje. Mlade obitelji i starije osobe \u017eive u He\u00dflochu, \u010diji su roditelji tamo \u010desto odrasli. Raznovrstan klupski \u017eivot spaja Hesslochere u slobodno vrijeme. Hessloch je popularan me\u0111u planinarima zbog dobro ozna\u010denih kru\u017enih pje\u0161a\u010dkih staza, a rekreativni biciklisti poznaju Hessloch zbog slikovitih ruta.<\/p>\n<p>Mi Zeleni iz Nauroda i Hesslocha predani smo o\u010duvanju za\u0161ti\u0107enog krajolika i kulturnog krajolika. Sna\u017eno se zala\u017eemo za dobro razvijen sustav javnog prijevoza s dobrim vezama sa sredi\u0161tem grada i na \u017eeljezni\u010dkim prugama. Brinemo o potrebama starijih osoba, vodimo ra\u010duna o sigurnim i udobnim prometnim pravcima kompatibilnim s biciklima te vodimo ra\u010duna o za\u0161titi tla i pobolj\u0161anju biolo\u0161ke raznolikosti. \u017delimo nastaviti oblikovati na\u0161e okruge i zadr\u017eati ih vrijednima \u017eivljenja za mlade i budu\u0107e generacije.<\/p>\n<p>Govornici skupine koordiniraju sastanke okru\u017ene skupine i rado \u0107e odgovoriti na sva pitanja. \u017delite se umre\u017eiti i uklju\u010diti u skupinu za signale okruga kako biste bili informirani o datumima i informacijama o okrugu te kako biste mogli razmjenjivati ideje?<\/p>\n<p style=\"font-weight: 400;\">Zatim kontaktirajte dva govornika putem e-po\u0161te!<\/p>\n<p><strong>Govornici su:<\/strong><br \/>\nMartina Michel i Detlev Otto<\/p>\n<\/div><\/div><div class=\"w-btn-wrapper align_left\"><a class=\"w-btn us-btn-style_12 icon_atleft\" href=\"mailto:hessloch-naurod@gruene-wiesbaden.de\"><i class=\"fas fa-envelope\"><\/i><span class=\"w-btn-label\">e-po\u0161ta<\/span><\/a><\/div><\/div><\/div><\/div><div class=\"w-tabs-section has_text_color\" id=\"z178\" style=\"background:var(--color-header-top-bg);color:var(--color-alt-content-bg-alt);\"><button class=\"w-tabs-section-header with_icon\" aria-controls=\"content-z178\" aria-expanded=\"false\"><i class=\"fas fa-map-pin\"><\/i><div class=\"w-tabs-section-title\">okrug Mitte<\/div><div class=\"w-tabs-section-control\"><\/div><\/button><div  class=\"w-tabs-section-content\" id=\"content-z178\"><div class=\"w-tabs-section-content-h i-cf\"><div class=\"wpb_text_column\"><div class=\"wpb_wrapper\"><p style=\"font-weight: 400;\">Wiesbaden-Mitte je \u017eivahno sredi\u0161te na\u0161eg grada. To je mjesto gdje gradsko srce Wiesbadena kuca \u2013 sa svojim pje\u0161a\u010dkim zonama, trgovima, trgovinama, vlastima, restoranima i brojnim kulturnim institucijama. Povijesna mjesta kao \u0161to su Schlossplatz s Marktkirche i Dernsche Gel\u00e4nde, Luisenplatz ili Kranzplatz karakteriziraju gradski krajolik, kao i razli\u010dite stambene \u010detvrti u kojima \u017eive ljudi iz razli\u010ditih sredina.<\/p>\n<p style=\"font-weight: 400;\">Mitte karakterizira pulsiraju\u0107i su\u017eivot: Kupovina, izlazak, rad, \u017eivot \u2013 ovdje je sve blizu. U Wiesbaden-Mitteu \u017eivi oko 23.000 ljudi, od kojih je 35 posto migrantskog podrijetla. Ova raznolikost \u010dini okrug posebno \u017eivahnim i kulturno bogatim. S druge strane, centar grada suo\u010dava se s izazovima: Ne samo da bi trebao ostati mjesto za kupovinu i rad, ve\u0107 i \u017eivotni prostor, privla\u010dan svojim stanovnicima. To uklju\u010duje zelene, otvorene prostore s visokom kvalitetom boravka, sigurnu mobilnost za sve ljude, bilo pje\u0161ice, biciklom, autobusom ili automobilom, kao i raznolike kulturne i dru\u0161tvene ponude.<\/p>\n<p style=\"font-weight: 400;\">Mi Zeleni predani smo osiguravanju da Mitte ostane vrijedna \u017eivljenja \u2013 ekolo\u0161ki, dru\u0161tveno i odr\u017eivo. Zajedno s gradskim dru\u0161tvom \u017eelimo provesti projekte koji pobolj\u0161avaju kvalitetu boravka, promi\u010du odr\u017eivu mobilnost i ja\u010daju su\u017eivot.<\/p>\n<p style=\"font-weight: 400;\">Na\u0161a skupina za susjedstvo Mitte okuplja predane ljude koji \u017eele raditi za svoje susjedstvo, bez obzira na to jesu li ve\u0107 politi\u010dki aktivni ili novi u njemu. Raspravljamo o aktualnim temama, razvijamo ideje i doprinosimo im u op\u0107inskim odborima.<\/p>\n<p>Govornici skupine koordiniraju sastanke okru\u017ene skupine i rado \u0107e odgovoriti na sva pitanja. \u017delite se umre\u017eiti i uklju\u010diti u skupinu za signale okruga kako biste bili informirani o datumima i informacijama o okrugu te kako biste mogli razmjenjivati ideje?<\/p>\n<p style=\"font-weight: 400;\">Zatim kontaktirajte dva govornika putem e-po\u0161te!<\/p>\n<p><strong>Govornici su:<\/strong><br \/>\nAnn-Kathrin Hartenbach i Jacqueline Schmiedeke<\/p>\n<\/div><\/div><div class=\"w-btn-wrapper align_left\"><a class=\"w-btn us-btn-style_12 icon_atleft\" href=\"mailto:mitte@gruene-wiesbaden.de\"><i class=\"fas fa-envelope\"><\/i><span class=\"w-btn-label\">e-po\u0161ta<\/span><\/a><\/div><\/div><\/div><\/div><div class=\"w-tabs-section has_text_color\" id=\"x3db\" style=\"background:var(--color-header-top-bg);color:var(--color-alt-content-bg-alt);\"><button class=\"w-tabs-section-header with_icon\" aria-controls=\"content-x3db\" aria-expanded=\"false\"><i class=\"fas fa-map-pin\"><\/i><div class=\"w-tabs-section-title\">Sjeveroisto\u010dna \u010detvrt<\/div><div class=\"w-tabs-section-control\"><\/div><\/button><div  class=\"w-tabs-section-content\" id=\"content-x3db\"><div class=\"w-tabs-section-content-h i-cf\"><div class=\"wpb_text_column\"><div class=\"wpb_wrapper\"><p><span>Sjeveroisto\u010dna \u010detvrt Wiesbaden, smje\u0161tena oko Kurparka, Nerotala, Plattera Stra\u00dfea, Walkm\u00fchltalanlagea i Altera Friedhofa, na poseban na\u010din kombinira urbani \u017eivot s povijesnim strukturama, zelenim obnovama i kulturnom raznoliko\u0161\u0107u. Blizina centra grada, sna\u017ean klupski \u017eivot i arhitektonski karakter \u010dine \u010detvrt jednim od najpopularnijih \u017eivotnih i \u017eivotnih prostora u Wiesbadenu.<span class=\"Apple-converted-space\">\u00a0<\/span><\/span><\/p>\n<p><span>Sjeveroistok karakterizira \u017eivahni su\u017eivot razli\u010ditih ljudi i na\u010dina \u017eivota. Okrug nudi prostor za dru\u0161tvene projekte, gra\u0111anski anga\u017eman i brojne kulturne ponude \u2013 od gradske knji\u017enice do malih galerija i \u0161irokog raspona obrazovnih inicijativa. Istodobno se pojavljuju izazovi kao \u0161to su pove\u0107anje najamnina, ograni\u010den \u017eivotni prostor ili nedostatak biciklisti\u010dke infrastrukture.<\/span><\/p>\n<p><span><b>Zeleni smo predani osiguravanju da sjeveroistok ostane ostvariv \u2013 ekolo\u0161ki, socijalno pravedan i odr\u017eiv.<\/b>To uklju\u010duje mjere za vi\u0161e biciklisti\u010dkih staza i pje\u0161a\u010dkih staza, klimatski prihvatljiv urbani razvoj, dru\u0161tveno mije\u0161anje, sna\u017eno sudjelovanje gra\u0111ana te za\u0161titu i \u0161irenje zelenih povr\u0161ina i to\u010daka za sastanke.<\/span><\/p>\n<p><span>Na\u0161a skupina za susjedstvo Sjeveroistok okuplja predane ljude koji se \u017eele zauzeti za svoje susjedstvo, bez obzira na to jesu li ve\u0107 politi\u010dki aktivni ili novi u njemu. Raspravljamo o aktualnim temama, razvijamo ideje i donosimo ih op\u0107inskim odborima.<\/span><\/p>\n<p><span>Govornici skupine koordiniraju sastanke okru\u017ene skupine i rado \u0107e odgovoriti na sva pitanja. \u017delite se umre\u017eiti i uklju\u010diti u skupinu za signale okruga kako biste bili informirani o datumima i informacijama o okrugu te kako biste mogli razmjenjivati ideje?<span class=\"Apple-converted-space\">\u00a0<\/span><\/span><\/p>\n<p><span>Zatim kontaktirajte dva govornika putem e-po\u0161te!<\/span><\/p>\n<p><span><b>Govornici su:<\/b><br \/>\nFrauke Werner i Jonathan Kohler<\/span><\/p>\n<\/div><\/div><div class=\"w-btn-wrapper align_left\"><a class=\"w-btn us-btn-style_12 icon_atleft\" href=\"mailto:nordost@gruene-wiesbaden.de\"><i class=\"fas fa-envelope\"><\/i><span class=\"w-btn-label\">e-po\u0161ta<\/span><\/a><\/div><\/div><\/div><\/div><div class=\"w-tabs-section has_text_color\" id=\"a693\" style=\"background:var(--color-alt-content-bg);color:var(--color-alt-content-bg-alt);\"><button class=\"w-tabs-section-header with_icon\" aria-controls=\"content-a693\" aria-expanded=\"false\"><i class=\"fas fa-map-pin\"><\/i><div class=\"w-tabs-section-title\">okrug Rheingauviertel\/Hollerborn<\/div><div class=\"w-tabs-section-control\"><\/div><\/button><div  class=\"w-tabs-section-content\" id=\"content-a693\"><div class=\"w-tabs-section-content-h i-cf\"><div class=\"wpb_text_column\"><div class=\"wpb_wrapper\"><p><span>Okrug Rheingauviertel\/Hollerborn povezuje sredi\u0161te grada Wiesbadena sa zapadnim dijelom grada. Njegovih pet \u010detvrtina vrlo su razli\u010dite, po svom profilu, urbanoj strukturi i raznolikoj dru\u0161tvenoj strukturi. Unutarnji Rheingauviertel karakterizira svoju doma\u0107u urbanost i povijesni stari fond zgrada oko \u017eivopisnog Wallufer Platza. Od 1920-ih dru\u0161tveno motivirana naselja Hollerborn\/Kleinfeldchen izgra\u0111ena su susjedno, 1990-ih u okviru mjere prenamjene Europaviertel na podru\u010djima biv\u0161eg kampa Lindsay, a od 2006. K\u00fcnstlerinnenviertel na lokaciji biv\u0161eg teretnog kolodvora West. Od 1920-ih razvijeni su i prostrani stambeni prostori, vrtni gradovi i naselja dr\u017eavnih slu\u017ebenika izme\u0111u Wellritztala i Lahnstra\u00dfea.<\/span><\/p>\n<p><span>Ta raznolikost, njezine potrebe i izazovi odre\u0111uju na\u0161 svakodnevni \u017eivot. \u017divimo i radimo u urbanom podru\u010dju, dobro povezanom s javnim prijevozom i lokalnim \u017eeljezni\u010dkim prijevozom, dobro opremljenim trgovinama, obrtima, komercijalnim i kreativnim scenama, obrazovnim i zdravstvenim ustanovama i nagla\u0161enim \u0161kolskim krajolikom. Zelena i zabavna podru\u010dja su oskudna, intenzivno kori\u0161tena i jo\u0161 vrjednija. Povezuju unutarnja gradska podru\u010dja s krajolikom Taunus, prozra\u010duju i osna\u017euju susjedne \u010detvrti.<\/span><\/p>\n<p><span>Na\u0161e politi\u010dko djelovanje odre\u0111uje posljedice klimatskih promjena, nu\u017eni preokret u prometu i o\u010duvanje dru\u0161tvenog su\u017eivota s ciljem daljnjeg pobolj\u0161anja kvalitete \u017eivota i stanovanja u gusto naseljenim \u010detvrtima.<\/span><\/p>\n<p><span>U pogledu mandata od 2016. i 2021. uspjeli smo lokalnim \u010delnicima pru\u017eiti zeleno upori\u0161te s Dorothee Rhiemeier i Gabriele Kammerer. Tijekom tog vremena osigurali smo ekolo\u0161ke i stambene kvalitete, podr\u017eali projekte, strukture i objekte, razvili nove oblike sudjelovanja gra\u0111ana i koordinacije izme\u0111u \u010detvrti i uprave u obnovi oko Ringkirchea te reorganizirali prometnu i parkirali\u0161nu situaciju u Inner Rheingauviertel i K\u00fcnstlerinnenviertel.<\/span><\/p>\n<p><span>Obnovljena su igrali\u0161ta i javni prostori u europskoj \u010detvrti. Trg Willy-Brandt-Allee, trg Wallufer Platz i susjedni sredi\u0161nji trg Alsace bit \u0107e redizajnirani. Pratimo \u0161kolske zajednice u vi\u0161eslojnim projektima tranzicije, izgradnje i obnove.<\/span><\/p>\n<p><span>Na\u0161a skupina okruga Rheingauviertel\/Hollerborn okuplja predane ljude koji \u017eele raditi za svoj okrug, bez obzira na to jesu li ve\u0107 politi\u010dki aktivni ili im se \u017eele pridru\u017eiti.<\/span><\/p>\n<p><span>Govornici skupine koordiniraju sastanke okru\u017ene skupine i rado \u0107e odgovoriti na sva pitanja. \u017delite se umre\u017eiti i uklju\u010diti u skupinu za signale okruga kako biste bili informirani o datumima i informacijama o okrugu te kako biste mogli razmjenjivati ideje?<span class=\"Apple-converted-space\">\u00a0<\/span><\/span><\/p>\n<p><span>Zatim kontaktirajte dva govornika putem e-po\u0161te!<\/span><\/p>\n<p><span><b>Govornici su:<\/b><br \/>\nN.N. i Max Carmanns<\/span><\/p>\n<\/div><\/div><div class=\"w-btn-wrapper align_left\"><a class=\"w-btn us-btn-style_12 icon_atleft\" href=\"mailto:rheingauviertel@gruene-wiesbaden.de\"><i class=\"fas fa-envelope\"><\/i><span class=\"w-btn-label\">e-po\u0161ta<\/span><\/a><\/div><\/div><\/div><\/div><div class=\"w-tabs-section has_text_color\" id=\"m95b\" style=\"background:var(--color-alt-content-bg);color:var(--color-alt-content-bg-alt);\"><button class=\"w-tabs-section-header with_icon\" aria-controls=\"content-m95b\" aria-expanded=\"false\"><i class=\"fas fa-map-pin\"><\/i><div class=\"w-tabs-section-title\">Okrug Sonnenberg\/Rambach<\/div><div class=\"w-tabs-section-control\"><\/div><\/button><div  class=\"w-tabs-section-content\" id=\"content-m95b\"><div class=\"w-tabs-section-content-h i-cf\"><div class=\"wpb_text_column\"><div class=\"wpb_wrapper\"><p style=\"font-weight: 400;\">Rambach i Sonnenberg su dva isto\u010dna predgra\u0111a Wiesbadena. Imamo puno toga zajedni\u010dkog, ali svako mjesto ima svoj karakter. Sonnenberg ima oko 8.000 stanovnika, Rambach oko 2.200. Zajedno imamo zajedni\u010dku snagu: Blizina prirode.<\/p>\n<p style=\"font-weight: 400;\">Sonnenberg je slikovito smje\u0161ten na padini i kombinira dobro odr\u017eavano stambeno okru\u017eenje s povijesnim zgradama i odraslom gradskom jezgrom koja se razvila oko dvorca Sonnenberg. Zajedni\u010dki \u017eivot u Sonnenbergu karakterizira nekoliko vrti\u0107a i osnovna \u0161kola, dvije \u017eive \u017eupe i raznolik dru\u0161tveni \u017eivot. Osim toga, podru\u010dje nudi dobru lokalnu opskrbu s shoppingom, bankama i restoranima. Zbog blizine centra grada, spa parka, Neroberga i Goldsteintala, Sonnenberg je \u010detvrt s visokom kvalitetom boravka koja vas poziva da se osje\u0107ate dobro.<\/p>\n<p style=\"font-weight: 400;\">Rambach je idili\u010dno smje\u0161ten na rubu Taunusa i karakterizira ga njegova seoska struktura, aktivan klupski \u017eivot i predano susjedstvo. Rambach je poznat po svom seoskom festivalu, sportskom klubu ili dobrovoljnoj vatrogasnoj postrojbi. Selo je okru\u017eeno prostranim \u0161umama, livadama i vo\u0107njacima bogatim vrstama. Brojne pje\u0161a\u010dke i biciklisti\u010dke staze pozivaju vas da se opustite na ku\u0107nom pragu. Priroda oko Rambacha nije samo rekreacijsko podru\u010dje, ve\u0107 i vrijedno stani\u0161te za biljke i \u017eivotinje \u2013 njihova za\u0161tita vrlo nam je va\u017ena.<\/p>\n<p style=\"font-weight: 400;\">Mi GR\u00dcNE iz Sonnenberga i Rambacha predani smo o\u010duvanju prirodnog i kulturnog krajolika oko na\u0161ih okruga. Predani smo dobro povezanom javnom prijevozu, sigurnom biciklizmu i pje\u0161a\u010dkim stazama te solidarnosti. S obzirom na izazove koje predstavljaju sve ve\u0107i promet, strukturno zbijanje i porast temperature, oslanjamo se na jasna zelena rje\u0161enja: Vi\u0161e urbanog zelenila, manje pe\u010da\u0107enja, odr\u017eiva mobilnost i svjesno rukovanje postoje\u0107im zalihama.<\/p>\n<p style=\"font-weight: 400;\">U Sonnenbergu i Rambachu posebno nam je va\u017eno o\u010duvati karakter predgra\u0111a i dru\u0161tveni su\u017eivot, posebno u vrijeme promjena.<\/p>\n<p>Govornici skupine koordiniraju sastanke okru\u017ene skupine i rado \u0107e odgovoriti na sva pitanja. \u017delite se umre\u017eiti i uklju\u010diti u skupinu za signale okruga kako biste bili informirani o datumima i informacijama o okrugu te kako biste mogli razmjenjivati ideje? <br data-prosemirror-content-type=\"node\" data-prosemirror-node-name=\"hardBreak\" data-prosemirror-node-inline=\"true\" \/><br data-prosemirror-content-type=\"node\" data-prosemirror-node-name=\"hardBreak\" data-prosemirror-node-inline=\"true\" \/><span>Zatim kontaktirajte dva govornika putem e-po\u0161te!<\/span><\/p>\n<p><strong>Govornici su:<\/strong><br \/>\nClaudia Krafczyk i Robert Heine<\/p>\n<\/div><\/div><div class=\"w-btn-wrapper align_left\"><a class=\"w-btn us-btn-style_12 icon_atleft\" href=\"mailto:sonnenberg-rambach@gruene-wiesbaden.de\"><i class=\"fas fa-envelope\"><\/i><span class=\"w-btn-label\">e-po\u0161ta<\/span><\/a><\/div><\/div><\/div><\/div><div class=\"w-tabs-section has_text_color\" id=\"sc47\" style=\"background:var(--color-alt-content-bg);color:var(--color-alt-content-bg-alt);\"><button class=\"w-tabs-section-header with_icon\" aria-controls=\"content-sc47\" aria-expanded=\"false\"><i class=\"fas fa-map-pin\"><\/i><div class=\"w-tabs-section-title\">okrug Schierstein<\/div><div class=\"w-tabs-section-control\"><\/div><\/button><div  class=\"w-tabs-section-content\" id=\"content-sc47\"><div class=\"w-tabs-section-content-h i-cf\"><div class=\"wpb_text_column\"><div class=\"wpb_wrapper\"><p style=\"font-weight: 400;\">Schierstein je osnovan 1926. godine i broji 11167 stanovnika (2025.). Sastoji se od starogradske jezgre ju\u017eno od \u017eeljezni\u010dke pruge i Freudenberga sjeverno do Frank-Wedekind-Stra\u00dfe. Na istoku grani\u010di s Biebri\u0107em ispod Schiersteinovog mosta, a na zapadu s Rheingauom (Walluf).<\/p>\n<p style=\"font-weight: 400;\">Sa svojim polo\u017eajem izravno na Rajni, izme\u0111u luke i vinograda, popularno je odredi\u0161te za izlete. Luka, koja se uglavnom koristi za sportove u slobodno vrijeme, \u0161etnica, prednja strana Rajne s Bismarksaueom, stari vodovod sa svojim rodama, po kojima je Schierstein poznat, i Rettbergsaue s Inselcaf\u00e9om privla\u010de brojne posjetitelje. Povezanost s javnim prijevozom je dobra, ali mnogi dolaze automobilom.<\/p>\n<p style=\"font-weight: 400;\">Schierstein ima \u017eivahni klupski \u017eivot s puno predanosti civilnog dru\u0161tva okrugu. O tome svjedo\u010de lu\u010dki festival, vinski festival, usjek, cjelogodi\u0161nji vinski ili kuhani vinski \u0161tand, vesla\u010dke regate, tjedna tr\u017enica, umjetni mol, bo\u017ei\u0107na svjetla i jo\u0161 mnogo toga.<\/p>\n<p style=\"font-weight: 400;\">Zbog svog polo\u017eaja na Rajni, Schierstein je integriran u nadregionalni koncept uz rijeku Rajnu-Main. Parkirna mjesta i prostor za slobodno vrijeme ispod Schiersteinerovog mosta, renaturalizirani Bismarksaue, pje\u0161a\u010dke staze i turisti\u010dke povijesne zajednice bit \u0107e realizirani u budu\u0107nosti. Hessian duga\u010dka biciklisti\u010dka staza R3 tako\u0111er vodi ovdje.<\/p>\n<p style=\"font-weight: 400;\">Schierstein nastavlja rasti i postaje sve kompaktniji jer nedostaje adekvatno gra\u0111evinsko zemlji\u0161te. Pove\u0107ava se individualni promet i pritisak parkiranja, zape\u010da\u0107uju se zemlji\u0161ne \u010destice i grade se daljnje poslovne zgrade u Osthafenu umjesto da se o\u010duvaju zelene povr\u0161ine i u\u010dini ih dostupnima stanovni\u0161tvu ili da ih se koristi za prilagodbu klimatskim promjenama.<\/p>\n<p style=\"font-weight: 400;\">Mi Zeleni u Schiersteinu posve\u0107eni smo:<\/p>\n<ul>\n<li>o\u010duvanje zelenih povr\u0161ina (Westfeld) kako bi postale otpornije na klimatske promjene i kako bi se osigurao regionalni uzgoj vo\u0107a i povr\u0107a iz regije.<\/li>\n<li>smanjenje pojedina\u010dnog (posjetitelja) prometa i brzine 30 u selu, a posebno na prometnicama.<\/li>\n<li>pove\u0107anje rekreacijske vrijednosti kroz prometne zone i zone bez prometa.<\/li>\n<li>ja\u010danje kohezije civilnog dru\u0161tva.<\/li>\n<li>promicanje me\u0111ukulturnih projekata.<\/li>\n<li>Pobolj\u0161anje rada s mladima.<\/li>\n<\/ul>\n<p style=\"font-weight: 400;\">Vi\u0161e informacija dostupno je na internetskoj stranici Schiersteiner GR\u00dcNEN: www.gruene-schierstein.de<\/p>\n<p>Govornici skupine koordiniraju sastanke okru\u017ene skupine i rado \u0107e odgovoriti na sva pitanja. \u017delite se umre\u017eiti i uklju\u010diti u skupinu za signale okruga kako biste bili informirani o datumima i informacijama o okrugu te kako biste mogli razmjenjivati ideje? <br data-prosemirror-content-type=\"node\" data-prosemirror-node-name=\"hardBreak\" data-prosemirror-node-inline=\"true\" \/><br data-prosemirror-content-type=\"node\" data-prosemirror-node-name=\"hardBreak\" data-prosemirror-node-inline=\"true\" \/><span>Zatim kontaktirajte dva govornika putem e-po\u0161te!<\/span><\/p>\n<p><strong>Govornici su:<\/strong><br \/>\nKaterina Garcia i Axel Wolf (djeluju\u0107i)<\/p>\n<\/div><\/div><div class=\"w-btn-wrapper align_left\"><a class=\"w-btn us-btn-style_12 icon_atleft\" href=\"mailto:schierstein@gruene-wiesbaden.de\"><i class=\"fas fa-envelope\"><\/i><span class=\"w-btn-label\">e-po\u0161ta<\/span><\/a><\/div><\/div><\/div><\/div><div class=\"w-tabs-section has_text_color\" id=\"wea0\" style=\"background:var(--color-alt-content-bg);color:var(--color-alt-content-bg-alt);\"><button class=\"w-tabs-section-header with_icon\" aria-controls=\"content-wea0\" aria-expanded=\"false\"><i class=\"fas fa-map-pin\"><\/i><div class=\"w-tabs-section-title\">Jugoisto\u010dna \u010detvrt<\/div><div class=\"w-tabs-section-control\"><\/div><\/button><div  class=\"w-tabs-section-content\" id=\"content-wea0\"><div class=\"w-tabs-section-content-h i-cf\"><div class=\"wpb_text_column\"><div class=\"wpb_wrapper\"><p><span>Wiesbaden-S\u00fcdost je raznolika i \u017eivahna \u010detvrt koja kombinira suprotnosti: od gusto izgra\u0111ene pjesni\u010dke \u010detvrti do izrasle stambene \u010detvrti Weidenborn do vila City-Ost. Od sredi\u0161ta grada na Wilhelmstra\u00dfeu do zelenih podno\u017eja S\u00fcdfriedhofa, od sofisticiranog muzeja Reinhard Ernst do kulturnog centra Schlachthof. Ovdje \u017eive ljudi iz razli\u010ditih sredina, \u0161to jugoistok \u010dini uzbudljivim i izazovnim dijelom grada.<\/span><\/p>\n<p><span>Kao zeleni ljudi u lokalnom savjetodavnom odboru predani smo osiguravanju da jugoisto\u010dna Europa ostane ekolo\u0161ka, socijalna i vrijedna \u017eivljenja. Predani smo odr\u017eivoj mobilnosti, boljim biciklisti\u010dkim stazama, sigurnom pje\u0161a\u010denju i atraktivnom javnom prijevozu. Tako\u0111er uzimamo u obzir posebne potrebe starijih osoba i obitelji.<\/span><\/p>\n<p><span>Za nas je va\u017ena briga za\u0161tita i nadogradnja na\u0161ih zelenih povr\u0161ina \u2013 posebno u gusto naseljenoj \u010detvrti, rekreacija i za\u0161tita klime usko su povezani. Borimo se za pristupa\u010dno stanovanje, zelenije i odr\u017eivije sredi\u0161te grada i za dobar su\u017eivot svih stanovnika.<\/span><\/p>\n<p><span>U lokalnom savjetodavnom odboru nagla\u0161avamo zelena pitanja, sudjelujemo u razmjeni s gra\u0111anima i zala\u017eemo se za transparentnost i sudjelovanje. Na\u0161 se rad temelji na dijalogu \u2013 pozdravljamo prijedloge, kritike i, naravno, ljude koji \u017eele pomo\u0107i u njihovu oblikovanju.<\/span><\/p>\n<p><span>Zajedno \u017eelimo oblikovati promjene na terenu \u2013 ekolo\u0161ke, pravedne i usmjerene na budu\u0107nost.<\/span><\/p>\n<p><span>Glasnogovornici skupine koordiniraju sastanke okru\u017ene skupine i rado \u0107e vam odgovoriti na sva pitanja koja imate. \u017delite se umre\u017eiti i uklju\u010diti u skupinu za signale okruga kako biste bili informirani o datumima i informacijama o okrugu te kako biste mogli razmjenjivati ideje?<span class=\"Apple-converted-space\">\u00a0<\/span><\/span><\/p>\n<p><span>Zatim kliknite na sljede\u0107i gumb, napi\u0161ite e-po\u0161tu sa zahtjevom uredu okru\u017ene udruge i mi \u0107emo stupiti u kontakt!<\/span><\/p>\n<p><span><b>Govornici su:<\/b><br \/>\nMichaela G\u00f6tzmann i Thomas G\u00f6tzmann<\/span><\/p>\n<\/div><\/div><div class=\"w-btn-wrapper align_left\"><a class=\"w-btn us-btn-style_12 icon_atleft\" href=\"mailto:suedost@gruene-wiesbaden.de\"><i class=\"fas fa-envelope\"><\/i><span class=\"w-btn-label\">e-po\u0161ta<\/span><\/a><\/div><\/div><\/div><\/div><div class=\"w-tabs-section has_text_color\" id=\"g134\" style=\"background:var(--color-alt-content-bg);color:var(--color-alt-content-bg-alt);\"><button class=\"w-tabs-section-header with_icon\" aria-controls=\"content-g134\" aria-expanded=\"false\"><i class=\"fas fa-map-pin\"><\/i><div class=\"w-tabs-section-title\">Okrug Westend<\/div><div class=\"w-tabs-section-control\"><\/div><\/button><div  class=\"w-tabs-section-content\" id=\"content-g134\"><div class=\"w-tabs-section-content-h i-cf\"><div class=\"wpb_text_column\"><div class=\"wpb_wrapper\"><p><span>U Westendu \u017eivi oko 18.000 stanovnika iz oko 100 nacija. S povr\u0161inom od samo 0,67 \u010detvornih kilometara, to je tako najmanja, ali i najgu\u0161\u0107e naseljena \u010detvrt u Njema\u010dkoj. Okrug impresionira svojim \u0161armantnim starim zgradama, starim klasicisti\u010dkim zgradama i impresivnim fasadama. Kao \u017eivahna, mlada i multikulturalna \u010detvrt, Westend je popularan me\u0111u stanovnicima i posjetiteljima. To je dom najmla\u0111eg stanovni\u0161tva Wiesbadena, od kojih gotovo polovica ima migracijsko podrijetlo. Mje\u0161avina urbanog duha i opu\u0161tenog susjedstva \u010dini Westend \u017eivahnom i \u0161arenom \u010detvrti, koja karakterizira gradski \u017eivot u Wiesbadenu. Bismarckring dijeli Westend na dva razli\u010dita podru\u010dja: Unutarnji Westend, kojeg karakterizira kulturna raznolikost, \u017eivopisne ulice kao \u0161to su Wellritz i Bleichstra\u00dfe, kao i me\u0111unarodna gastronomija, te mirniji vanjski Westend s malim kafi\u0107ima i kreativnom scenom u dvori\u0161tima.<\/span><\/p>\n<p><span>Zbog gustog razvoja, samo oko 3 posto zelenih povr\u0161ina dostupno je u Westendu. Ipak, lokacija je toliko povoljna da mo\u017eete brzo do\u0107i do okolnih parkova kao \u0161to su Wellritztal ili D\u00fcrerpark. Trenuta\u010dno postoje samo tri igrali\u0161ta za djecu u okrugu: u Bl\u00fccherplatzu, Wellritzhofu i Bertramstra\u00dfeu. Stanje parkiranja izazov je zbog velike gusto\u0107e zgrada. Parkiranje u ulici je rijetko, a pronala\u017eenje besplatnog parkiranja te\u0161ko je za stanovnike koji se oslanjaju na automobil.<span class=\"Apple-converted-space\">\u00a0<\/span><\/span><\/p>\n<p><span>Mi Zeleni iz Westenda posve\u0107eni smo tome da Westend bude jo\u0161 \u017eivlji. Na primjer, putem lokalnog savjetodavnog odbora bili smo klju\u010dni u osiguravanju da u Westendu postoji vi\u0161e zelenih povr\u0161ina koje se mogu koristiti za rekreaciju i hla\u0111enje tijekom ljetnih vru\u0107ina. To uklju\u010duje pretvorbu parkirali\u0161ta na trgu Alsace u park s \u010detvrtinom gara\u017ee, \u0161to bi trebalo nadoknaditi izostavljena parkirna mjesta i smanjiti pritisak parkiranja u Westendu, kao i redizajn trga Sedan. Za stru\u010dnjake koji se svakodnevno ne oslanjaju na automobil, brojne ponude za dijeljenje automobila u okrugu nude prakti\u010dnu alternativu.<span class=\"Apple-converted-space\">\u00a0<\/span><\/span><\/p>\n<p><span>Osim toga, mi Zeleni iz Westenda tako\u0111er smo predani tome da vi\u0161e vodimo ra\u010duna o potrebama mladih obitelji u Westendu. Zato smo mi, Zeleni u lokalnom vije\u0107u Westenda, predani osiguravanju da ta igrali\u0161ta nadziru i nadziru stru\u010dnjaci. Tako\u0111er pozivamo na reaktivaciju WC-a na igrali\u0161tima. Potrebno nam je dodatno razviti i oja\u010dati cjenovno pristupa\u010dno stanovanje i skrb o djeci.<\/span><\/p>\n<p><span>Glasnogovornici skupine koordiniraju sastanke okru\u017ene skupine i rado \u0107e vam odgovoriti na sva pitanja koja imate. \u017delite se umre\u017eiti i uklju\u010diti u skupinu za signale okruga kako biste bili informirani o datumima i informacijama o okrugu te kako biste mogli razmjenjivati ideje?<br \/>\n<\/span><\/p>\n<p><span>Zatim kontaktirajte dva govornika putem e-po\u0161te!<\/span><\/p>\n<p><span><b>Govornici su:<\/b><br \/>\nAntje Wenig i Sebastian Linden<\/span><\/p>\n<\/div><\/div><div class=\"w-btn-wrapper align_left\"><a class=\"w-btn us-btn-style_12 icon_atleft\" href=\"mailto:westend@gruene-wiesbaden.de\"><i class=\"fas fa-envelope\"><\/i><span class=\"w-btn-label\">e-po\u0161ta<\/span><\/a><\/div><\/div><\/div><\/div><\/div><\/div><\/div><\/div><\/div><div class=\"g-cols wpb_row via_grid cols_1 laptops-cols_inherit tablets-cols_inherit mobiles-cols_1 valign_middle type_default stacking_default\" style=\"--columns-gap:3rem;\" id=\"arbeitskreise\"><div class=\"wpb_column vc_column_container\"><div class=\"vc_column-inner\"><div class=\"w-separator size_large\"><\/div><div class=\"wpb_text_column\"><div class=\"wpb_wrapper\"><h3>Mo\u017eete se uklju\u010diti u sljede\u0107e radne skupine na\u0161eg okru\u017enog udru\u017eenja<\/h3>\n<\/div><\/div><div class=\"w-separator size_medium\"><\/div><div class=\"w-tabs us_custom_057801f8 style_default switch_click accordion has_scrolling remove_indents\" style=\"--sections-title-size:inherit\"><div class=\"w-tabs-sections titles-align_none icon_chevron cpos_left\"><div class=\"w-tabs-section has_text_color\" id=\"r0dc\" style=\"background:var(--color-alt-content-bg);color:var(--color-alt-content-bg-alt);\"><button class=\"w-tabs-section-header with_icon\" aria-controls=\"content-r0dc\" aria-expanded=\"false\"><i class=\"fas fa-seedling\"><\/i><div class=\"w-tabs-section-title\">AK Okoli\u0161<\/div><div class=\"w-tabs-section-control\"><\/div><\/button><div  class=\"w-tabs-section-content\" id=\"content-r0dc\"><div class=\"w-tabs-section-content-h i-cf\"><div class=\"wpb_text_column\"><div class=\"wpb_wrapper\"><p>Tekst slijedi.<\/p>\n<p><strong>Govornici su:<\/strong><br \/>\nCarolin Scholtz i Martina Michel<\/p>\n<\/div><\/div><div class=\"w-btn-wrapper align_left\"><a class=\"w-btn us-btn-style_12 icon_atleft\" href=\"mailto:ak-umwelt@gruene-wiesbaden.de\"><i class=\"fas fa-envelope\"><\/i><span class=\"w-btn-label\">e-po\u0161ta<\/span><\/a><\/div><\/div><\/div><\/div><div class=\"w-tabs-section has_text_color\" id=\"m2ee\" style=\"background:var(--color-alt-content-bg);color:var(--color-alt-content-bg-alt);\"><button class=\"w-tabs-section-header with_icon\" aria-controls=\"content-m2ee\" aria-expanded=\"false\"><i class=\"fas fa-city\"><\/i><div class=\"w-tabs-section-title\">AK Urbanisti\u010dko planiranje i promet<\/div><div class=\"w-tabs-section-control\"><\/div><\/button><div  class=\"w-tabs-section-content\" id=\"content-m2ee\"><div class=\"w-tabs-section-content-h i-cf\"><div class=\"wpb_text_column\"><div class=\"wpb_wrapper\"><p>U Radnoj skupini za urbanisti\u010dko planiranje i promet GREEN Wiesbaden bavimo se svim pitanjima koja se odnose na mobilnost i urbani razvoj u na\u0161em gradu. Na\u0161 cilj je \u017eivjeti, klimatski prihvatljiv i odr\u017eiv Wiesbaden, gdje se svi ljudi mogu kretati sigurno, ekolo\u0161ki prihvatljivo i bez prepreka.<\/p>\n<p>Predani smo dobrim biciklisti\u010dkim i pje\u0161a\u010dkim stazama, atraktivnom javnom prijevozu i urbanisti\u010dkom planiranju koje je usmjereno na kratke udaljenosti, dru\u0161tveno sudjelovanje i zelene \u010detvrti. Pritom uvijek zajedno razmi\u0161ljamo o mobilnosti i urbanom razvoju, bilo da je rije\u010d o \u0161irenju usluga javnog prijevoza, preoblikovanju cestovnih prostora ili razvoju novih stambenih podru\u010dja.<\/p>\n<p>Radna skupina okuplja predane \u010dlanove sa stru\u010dnim znanjem i interesom za urbani razvoj. Zajedno raspravljamo o trenuta\u010dnom planiranju, razvijamo stajali\u0161ta i pratimo politi\u010dke procese na op\u0107inskoj razini.<\/p>\n<p>Nova lica i svje\u017ee ideje uvijek su dobrodo\u0161li! <strong>Zainteresirani ste za rad? Zatim kontaktirajte glasnogovornike AK-a putem e-po\u0161te!<\/strong><\/p>\n<p><strong>Govornici su:<\/strong><br \/>\nChristine Sch\u00fctzler i David Geisberger<\/p>\n<\/div><\/div><div class=\"w-btn-wrapper align_left\"><a class=\"w-btn us-btn-style_12 icon_atleft\" href=\"mailto:ak-stadtplanung-und-verkehr@gruene-wiesbaden.de\"><i class=\"fas fa-envelope\"><\/i><span class=\"w-btn-label\">e-po\u0161ta<\/span><\/a><\/div><\/div><\/div><\/div><div class=\"w-tabs-section has_text_color\" id=\"u563\" style=\"background:var(--color-alt-content-bg);color:var(--color-alt-content-bg-alt);\"><button class=\"w-tabs-section-header with_icon\" aria-controls=\"content-u563\" aria-expanded=\"false\"><i class=\"fas fa-plug\"><\/i><div class=\"w-tabs-section-title\">AK Energetska i klimatska za\u0161tita<\/div><div class=\"w-tabs-section-control\"><\/div><\/button><div  class=\"w-tabs-section-content\" id=\"content-u563\"><div class=\"w-tabs-section-content-h i-cf\"><div class=\"wpb_text_column\"><div class=\"wpb_wrapper\"><p><strong>Koje teme obra\u0111ujemo u AK-u:<\/strong><\/p>\n<p style=\"font-weight: 400;\">Mi smo optimisti i vjerujemo da jo\u0161 uvijek mo\u017eemo zaustaviti klimatske promjene ili ih barem zadr\u017eati u prihvatljivim granicama. Dugoro\u010dno gledano, energetska, prometna i poljoprivredna tranzicija nisu povijesna prilika na putu prema odr\u017eivom i ekolo\u0161ki prihvatljivom na\u010dinu \u017eivota. S Zelenim demokratima, pokret je tako\u0111er u\u0161ao u politi\u010dku provedbu, ali kako bi uveo stvarne promjene, svi dijelovi dru\u0161tva moraju raditi zajedno.<\/p>\n<p style=\"font-weight: 400;\">Radna skupina za energetiku i za\u0161titu klime sura\u0111uje s urbanim dru\u0161tvom kao \u0161to su Savjetodavni odbor za za\u0161titu klime i drugi. \u017delimo u\u010diniti svoj dio kako bismo razvili novo razumijevanje va\u017enosti za\u0161tite klime i prilagodbe klimatskim promjenama u Wiesbadenu te kako bismo energetsku tranziciju u\u010dinili trajnim fokusom op\u0107inske politike Wiesbadena.<\/p>\n<p style=\"font-weight: 400;\">Podupiremo provedbu dogovorene toplinske tranzicije i <a href=\"https:\/\/www.wiesbaden.de\/leben-in-wiesbaden\/umwelt-natur-klima\/klimaschutz\/\" target=\"_blank\" rel=\"noopener\">Klimatski plan<\/a>. Usredoto\u010deni smo prvenstveno na tehnologije energetske u\u010dinkovitosti (obnova zgrada ili elektromobilnost) i masovno kori\u0161tenje obnovljive energije i njihove okvirne uvjete kao \u0161to je novorazvijeni plan kori\u0161tenja zemlji\u0161ta s planiranjem infrastrukture.<\/p>\n<p style=\"font-weight: 400;\"><strong>Kada i gdje se AK sastaje? <\/strong><\/p>\n<p style=\"font-weight: 400;\">Redovito imenovanje<span> To je tre\u0107i petak u mjesecu u 18:30 sati. <\/span><span>Lokacija \u0107e se priop\u0107iti e-po\u0161tom i signalom (uglavnom kao videokonferencija).<\/span><\/p>\n<p><strong>Zainteresirani ste za rad? Zatim kontaktirajte glasnogovornike AK-a putem e-po\u0161te!<\/strong><\/p>\n<p><strong>Govornici su:<\/strong><br \/>\nNN + Axel Bretzke<\/p>\n<\/div><\/div><div class=\"w-btn-wrapper align_left\"><a class=\"w-btn us-btn-style_12 icon_atleft\" href=\"mailto:ak-energie-und-klimaschutz@gruene-wiesbaden.de\"><i class=\"fas fa-envelope\"><\/i><span class=\"w-btn-label\">e-po\u0161ta<\/span><\/a><\/div><\/div><\/div><\/div><div class=\"w-tabs-section has_text_color\" id=\"h7de\" style=\"background:var(--color-alt-content-bg);color:var(--color-alt-content-bg-alt);\"><button class=\"w-tabs-section-header with_icon\" aria-controls=\"content-h7de\" aria-expanded=\"false\"><i class=\"fas fa-fist-raised\"><\/i><div class=\"w-tabs-section-title\">AK \u017dene, Ravnopravnost, Raznolikost<\/div><div class=\"w-tabs-section-control\"><\/div><\/button><div  class=\"w-tabs-section-content\" id=\"content-h7de\"><div class=\"w-tabs-section-content-h i-cf\"><div class=\"wpb_text_column\"><div class=\"wpb_wrapper\"><div dir=\"auto\">U Radnoj skupini \u201e\u017dene, ravnopravnost i potenciranje\u201d, \u201eRaznolikost\u201d bavimo se sljede\u0107im pitanjem: Kako mo\u017ee izgledati Wiesbaden, gdje svi ljudi \u017eive jednako, sigurno i samoodre\u0111eno?<\/div>\n<div dir=\"auto\"><\/div>\n<div dir=\"auto\">Smatramo da su ravnopravnost, feminizam i raznolikost me\u0111usobno povezani, solidarni i dosljedni.<\/div>\n<div dir=\"auto\">Na\u0161e teme uklju\u010duju:<\/div>\n<ul>\n<li dir=\"auto\">Ravnopravnost \u017eena u politici, upravi i urbanom dru\u0161tvu<\/li>\n<li dir=\"auto\">Upitnik vidljivosti, prava i za\u0161tite od diskriminacije (LGBTQIA+)<\/li>\n<li dir=\"auto\">Antirasizam, sudjelovanje i raznolikost<\/li>\n<li dir=\"auto\">Uklju\u010divanje osoba s invaliditetom<\/li>\n<li dir=\"auto\">Rodno osjetljiv jezik, paritet i pravedne strukture<\/li>\n<\/ul>\n<div dir=\"auto\"><\/div>\n<div dir=\"auto\">Raspravljamo o aktualnim politi\u010dkim pitanjima, razvijamo stajali\u0161ta i unosimo na\u0161e perspektive u strana\u010dku, frakcijsku i gradsku politiku. Istovremeno sebe smatramo otvorenim prostorom za razmjenu, umre\u017eavanje i uzajamnu potporu.<\/div>\n<div dir=\"auto\"><\/div>\n<div dir=\"auto\">Bilo da ste ve\u0107 dugo politi\u010dki aktivni ili samo \u017eelite svratiti: Novi glasovi i svje\u017ee ideje su dobrodo\u0161li!<\/div>\n<div dir=\"auto\"><\/div>\n<p><strong>Zainteresirani ste za rad?<\/strong><span><br \/>\n<\/span><span>Zatim slobodno kontaktirajte glasnogovornike AK Women, Equality, Diversity!<\/span><\/p>\n<p><strong>Govornici su:<\/strong><br \/>\nSarah Linker i Lea Heinrich<\/p>\n<\/div><\/div><div class=\"w-btn-wrapper align_left\"><a class=\"w-btn us-btn-style_12 icon_atleft\" href=\"mailto:ak-frauen-gleichstellung-diversity@gruene-wiesbaden.de\"><i class=\"fas fa-envelope\"><\/i><span class=\"w-btn-label\">e-po\u0161ta<\/span><\/a><\/div><\/div><\/div><\/div><div class=\"w-tabs-section has_text_color\" id=\"ta34\" style=\"background:var(--color-alt-content-bg);color:var(--color-alt-content-bg-alt);\"><button class=\"w-tabs-section-header with_icon\" aria-controls=\"content-ta34\" aria-expanded=\"false\"><i class=\"fas fa-chart-line\"><\/i><div class=\"w-tabs-section-title\">AK Gospodarstvo i financije<\/div><div class=\"w-tabs-section-control\"><\/div><\/button><div  class=\"w-tabs-section-content\" id=\"content-ta34\"><div class=\"w-tabs-section-content-h i-cf\"><div class=\"wpb_text_column\"><div class=\"wpb_wrapper\"><p><span>Klimatska kriza, digitalizacija i globalizacija predstavljaju goleme izazove za poduze\u0107a i dru\u0161tvo. Na\u010din na koji proizvodimo i konzumiramo promijenit \u0107e se.<\/span><\/p>\n<p><span>Mi Zeleni iz ove AK \u017eelimo ekolo\u0161ki i ekonomski uspje\u0161no gospodarstvo koje tro\u0161i sve manje sirovina i \u010duva na\u0161e prirodne \u017eivotne uvjete. <\/span><span>Stvaramo novu mjeru prosperiteta, koja ne samo da mjeri nov\u010dane tokove, ve\u0107 tako\u0111er uzima u obzir, na primjer, kvalitetu na\u0161eg okoli\u0161a i raspodjelu bogatstva. <\/span><span>Ekolo\u0161ka modernizacija je u punom zamahu. Male i velike tvrtke pi\u0161u crne brojeve sa zelenim idejama.<\/span><\/p>\n<p><span>U AK Economics and Finance radimo na temama koje su relevantne za grad Wiesbaden i za njegovu integraciju u metropolitansku regiju Frankfurt\/Rhein-Main.<\/span><\/p>\n<p><span>Mi smo informacijska i komunikacijska platforma kako interno tako i eksterno: Ovdje razmjenjujemo informacije, radimo na aktualnim temama, pozivamo stru\u010dnjake na razgovor i jo\u0161 mnogo toga.<\/span><\/p>\n<p><span>Tipi\u010dne teme su atraktivnost Wiesbadena kao poslovne lokacije, ali i ravnote\u017ea prihoda i rashoda op\u0107inskog prora\u010duna.<\/span><\/p>\n<p><span><strong>Kada i gdje se AK sastaje?<br \/>\n<\/strong><\/span><span>Datum je drugi \u010detvrtak u mjesecu u 19:00. Lokacija \u0107e biti objavljena putem signala\/maila.<\/span><\/p>\n<p><strong>Zainteresirani ste za rad? Zatim kontaktirajte glasnogovornike AK-a putem e-po\u0161te!<br \/>\n<\/strong>Radna skupina otvorena je svim zainteresiranim stranama, \u010dlanovima i gra\u0111ankama. Radna skupina ima brojne \u010dlanove, ali samo nekoliko aktivnih \u010dlanova. Stoga smo vrlo sretni ako \u017eelite raditi s nama. Detaljno ekonomsko znanje nije potrebno, ve\u0107 samo interes.<strong><br \/>\n<\/strong><\/p>\n<p><strong>Govornici su:<\/strong><br \/>\nN.N. + N.N.<\/p>\n<\/div><\/div><div class=\"w-btn-wrapper align_left\"><a class=\"w-btn us-btn-style_12 icon_atleft\" href=\"mailto:ak-wirtschaft-und-finanzen@gruene-wiesbaden.de\"><i class=\"fas fa-envelope\"><\/i><span class=\"w-btn-label\">e-po\u0161ta<\/span><\/a><\/div><\/div><\/div><\/div><div class=\"w-tabs-section has_text_color\" id=\"ncc9\" style=\"background:var(--color-alt-content-bg);color:var(--color-alt-content-bg-alt);\"><button class=\"w-tabs-section-header with_icon\" aria-controls=\"content-ncc9\" aria-expanded=\"false\"><i class=\"fas fa-book-reader\"><\/i><div class=\"w-tabs-section-title\">AK Obrazovanje i kultura<\/div><div class=\"w-tabs-section-control\"><\/div><\/button><div  class=\"w-tabs-section-content\" id=\"content-ncc9\"><div class=\"w-tabs-section-content-h i-cf\"><div class=\"wpb_text_column\"><div class=\"wpb_wrapper\"><p><span>U Radnoj skupini za obrazovanje i kulturu bavimo se pitanjem kako obrazovanje u Wiesbadenu mo\u017ee postati pravednije, uklju\u010divije i usmjerenije na budu\u0107nost. Vjerujemo da je obrazovanje klju\u010dno za dru\u0161tveno sudjelovanje, odr\u017eivost i jednake mogu\u0107nosti, od samog po\u010detka i za sve dobne skupine.<\/span><\/p>\n<p><span>Fokus na\u0161eg rada je na ranom obrazovanju. Izme\u0111u ostalog, bavimo se va\u017eno\u0161\u0107u jezika kao temelja obrazovnog uspjeha. Raspravljamo o na\u010dinima na koje se rana jezi\u010dna potpora mo\u017ee jo\u0161 bolje posti\u0107i, primjerice ciljanim ponudama u vrti\u0107ima ili pred\u0161kolskim programima. Tako\u0111er smatramo opremanje \u0161kolskih knji\u017enica va\u017enim doprinosom promicanju \u010ditanja i ja\u010danju obrazovnih vje\u0161tina djece i mladih.<\/span><\/p>\n<p><span>Tako\u0111er radimo na daljnjem razvoju \u0161kolskog sustava. Naglasak je na tome kako odgojno-obrazovni putovi mogu postati individualniji i otvoreniji \u0161to ve\u0107em broju u\u010denika. Va\u017enu ulogu u tome ima i uloga integriranih sveobuhvatnih \u0161kola s vi\u0161im srednjim \u0161kolama.<\/span><\/p>\n<p><span>Druga tema u radnoj skupini je socijalni rad u \u0161kolama. Zajedno razmatramo kako vi\u0161estruki stru\u010dni timovi, kao \u0161to su socijalni radnici u \u0161kolama ili modelski eksperimenti sa \u0161kolskim psiholozima, mogu podr\u017eati \u0161kole u njihovu pedago\u0161kom radu.<\/span><\/p>\n<p><span>Intenzivno smo uklju\u010deni i u digitalizaciju u obrazovnom sektoru. Govorimo o korisnim konceptima za kori\u0161tenje digitalnih ure\u0111aja u u\u010dionici, koji mogu ponuditi mogu\u0107nosti za individualno u\u010denje. U tom kontekstu razmatramo i opremu \u0161kola i potrebu za potporom u upotrebi digitalnih medija.<\/span><\/p>\n<p><span>Drugi aspekt na\u0161eg rada je kako se obrazovanje mo\u017ee bolje raspodijeliti po cijelom urbanom podru\u010dju. To uklju\u010duje pitanja o pristupa\u010dnosti \u0161kola, posebno u vanjskim okruzima, kao i o ulozi okru\u017enih \u0161kola kao mjesta obrazovanja u blizini doma.<\/span><\/p>\n<p><span>Va\u017ena tema za nas su i cjelodnevne \u0161kole s dobro koordiniranom dnevnom rutinom do poslijepodneva, me\u0111u ostalim u vezi s dobrim \u0161kolskim ugostiteljstvom, koje je usmjereno na odr\u017eivost, regionalnost i svje\u017einu.<\/span><\/p>\n<p><span>Na podru\u010dju \u0161kolskih zgrada bavimo se pitanjima kvalitete boravka, primjerice mjerama kao \u0161to su ozelenjivanje, sjen\u010danje ili zatvaranje \u0161kolskih dvori\u0161ta. Kori\u0161tenje krovnih povr\u0161ina za solarnu energiju tako\u0111er je pitanje koje razmatramo iz ekolo\u0161ke i obrazovne perspektive.<\/span><\/p>\n<p><span>Jo\u0161 jedno va\u017eno podru\u010dje na\u0161eg rada je obrazovanje odraslih. Volkshochschule vidimo kao sredi\u0161nje mjesto cjelo\u017eivotnog u\u010denja i obrazovnih ponuda s niskim pragom koje kombiniraju dru\u0161tvena, ekolo\u0161ka i demokratska pitanja.<\/span><\/p>\n<p><strong>Kada i gdje se AK sastaje?<\/strong><span><br \/>\n<\/span><span>Redovito imenovanje je drugi utorak u mjesecu u 19:00. Lokacija \u0107e se priop\u0107iti e-po\u0161tom i signalom (uglavnom kao videokonferencija).<\/span><\/p>\n<p><strong>Zainteresirani ste za rad?<\/strong><span><br \/>\n<\/span><span>Zatim slobodno kontaktirajte glasnogovornike AK Bildung und Kultur putem e-maila!<\/span><\/p>\n<p><strong>Govornici su:<\/strong><br \/>\nMarta Moneva i Markus Rupp<\/p>\n<\/div><\/div><div class=\"w-btn-wrapper align_left\"><a class=\"w-btn us-btn-style_12 icon_atleft\" href=\"mailto:ak-bildung-und-kultur@gruene-wiesbaden.de\"><i class=\"fas fa-envelope\"><\/i><span class=\"w-btn-label\">e-po\u0161ta<\/span><\/a><\/div><\/div><\/div><\/div><div class=\"w-tabs-section has_text_color\" id=\"wf3a\" style=\"background:var(--color-alt-content-bg);color:var(--color-alt-content-bg-alt);\"><button class=\"w-tabs-section-header with_icon\" aria-controls=\"content-wf3a\" aria-expanded=\"false\"><i class=\"fas fa-hands-helping\"><\/i><div class=\"w-tabs-section-title\">AK Zdravlje i socijalna pitanja<\/div><div class=\"w-tabs-section-control\"><\/div><\/button><div  class=\"w-tabs-section-content\" id=\"content-wf3a\"><div class=\"w-tabs-section-content-h i-cf\"><div class=\"wpb_text_column\"><div class=\"wpb_wrapper\"><p style=\"font-weight: 400;\">Posve\u0107eni smo dobroj zdravstvenoj skrbi za sve ljude u Wiesbadenu, bez obzira na osigurani status i nov\u010danik. U tome va\u017enu ulogu ima skrb na licu mjesta: Medicinske prakse i ustanove za njegu moraju biti lako dostupne ljudima. Demografske promjene izazov su na dva na\u010dina: U dru\u0161tvu koje stari pove\u0107ava se broj osoba kojima je potrebna skrb, a u narednim \u0107e godinama mnogi njegovatelji i lije\u010dnici oti\u0107i u mirovinu. Vjerujemo da dio rje\u0161enja mo\u017ee biti koncept urbanih \u010detvrti, gdje su udru\u017eene snage i stvorene sredi\u0161nje kontaktne to\u010dke koje preuzimaju pilot funkciju za ljude. Prevencija i promicanje zdravlja visoko su na na\u0161em dnevnom redu: Na taj na\u010din \u017eelimo razmi\u0161ljati o zdravlju u svim podru\u010djima politike. Za\u0161tita klime je za\u0161tita zdravlja; Kao radna skupina uklju\u010deni smo i u daljnji razvoj akcijskog plana za toplinu grada Wiesbadena.<\/p>\n<p style=\"font-weight: 400;\">Wiesbaden je \u017eivopisan grad s raznolikim stanovni\u0161tvom. Wiesbaden bi trebao biti mjesto i prostor za sve ljude koji ovdje \u017eive, kako u pogledu stanovanja tako i mogu\u0107nosti boravka u gradu i iskori\u0161tavanja slobodnih i kulturnih mogu\u0107nosti. \u017delimo pobolj\u0161ati ponude za djecu i mlade, osigurati pouzdanu skrb o djeci u centrima za dnevnu skrb te tako\u0111er primati i stvarati nove to\u010dke za sastanke i poticajne ponude za starije osobe. Socijalni prora\u010dun ne smije se smanjivati, ve\u0107 mora odgovoriti na trenuta\u010dne izazove.<\/p>\n<p style=\"font-weight: 400;\"><strong>Na\u0161e aktualne teme:<\/strong><\/p>\n<ul>\n<li style=\"font-weight: 400;\">Zdravstveni grad Wiesbaden<\/li>\n<li style=\"font-weight: 400;\">Psihoterapijska skrb za djecu i adolescente<\/li>\n<li style=\"font-weight: 400;\">Akcijski plan za toplinu za Wiesbaden<\/li>\n<li style=\"font-weight: 400;\">Projekti stanovanja u zajednici<\/li>\n<li style=\"font-weight: 400;\">Gradske \u010detvrti<\/li>\n<\/ul>\n<p style=\"font-weight: 400;\">Sastajemo se jednom mjese\u010dno srijedom od 19:00 do 21:00, bilo online ili osobno u gradskoj vije\u0107nici. Datum i mjesto sastanka mo\u017eete saznati putem AK mailing liste ili iz KV newslettera, kao i na ovoj web stranici.<\/p>\n<p><strong>Govornici su:<\/strong><br \/>\nAndrea Elmer i Simon Dylla<\/p>\n<\/div><\/div><div class=\"w-btn-wrapper align_left\"><a class=\"w-btn us-btn-style_12 icon_atleft\" href=\"mailto:ak-gesundheit-und-soziales@gruene-wiesbaden.de\"><i class=\"fas fa-envelope\"><\/i><span class=\"w-btn-label\">e-po\u0161ta<\/span><\/a><\/div><\/div><\/div><\/div><div class=\"w-tabs-section has_text_color\" id=\"j186\" style=\"background:var(--color-alt-content-bg);color:var(--color-alt-content-bg-alt);\"><button class=\"w-tabs-section-header with_icon\" aria-controls=\"content-j186\" aria-expanded=\"false\"><i class=\"fas fa-chart-network\"><\/i><div class=\"w-tabs-section-title\">AK Digital<\/div><div class=\"w-tabs-section-control\"><\/div><\/button><div  class=\"w-tabs-section-content\" id=\"content-j186\"><div class=\"w-tabs-section-content-h i-cf\"><div class=\"wpb_text_column\"><div class=\"wpb_wrapper\"><p style=\"font-weight: 400;\"><strong>Tehnologija sa stavom \u2013 zajedni\u010dko oblikovanje digitalne tehnologije<\/strong><\/p>\n<p style=\"font-weight: 400;\">Digitalna radna skupina prostor je za sve koji \u017eele digitalnu budu\u0107nost, kreativne ideje i dru\u0161tveno relevantne inovacije. Ne radi se samo o tehnologiji, ve\u0107 i o tome kako se digitaliziramo.\u00a0<strong>Ljudski usmjeren, pravedan i odr\u017eiv<\/strong>\u00a0biti u stanju dizajnirati.<\/p>\n<p style=\"font-weight: 400;\">Bez obzira na to je li rije\u010d o umjetnoj inteligenciji, digitalnom sudjelovanju, za\u0161titi podataka ili pametnoj infrastrukturi: Govorimo o pitanjima sutra\u0161njice, svjesno razmi\u0161ljaju\u0107i politi\u010dki i progresivno. Razli\u010diti pogledi su nam va\u017eni. Ne mora\u0161 biti \u0161treber.\u00a0<strong>Znati\u017eelja je dovoljna.<\/strong><\/p>\n<p style=\"font-weight: 400;\">Posebno smo sretni zbog ljudi koji su do sada mislili: \u201eDigitalno? To nije za mene.\" Ka\u017eemo: Da, to je! Budu\u0107i da digitalizacija utje\u010de na sve nas i da je zajedno mo\u017eemo pobolj\u0161ati.<\/p>\n<p style=\"font-weight: 400;\"><strong>Na\u0161 cilj:<\/strong>\u00a0Moderan, digitalan Wiesbaden koji je uklju\u010div, transparentan i inovativan \u2013 za sve ljude.<\/p>\n<p style=\"font-weight: 400;\"><strong>Kad \u0107emo se sresti?<\/strong><br \/>\n<strong>Svaki tre\u0107i \u010detvrtak u mjesecu<\/strong>\u00a0Pozivamo vas na\u00a0<strong>Digitalni sati nakon radnog vremena<\/strong>\u00a0jedan \u2013 otvoren, labav, s prostorom za razmjenu, ideje i umre\u017eavanje.<\/p>\n<p><strong>\u017deli\u0161 li biti tamo? <\/strong><span style=\"font-weight: 400;\">Samo nam pi\u0161ite.<\/span><\/p>\n<p><strong>Govornici su:<\/strong><br \/>\nAnn-Kathrin Hartenbach + Bernd Grossbach<\/p>\n<\/div><\/div><div class=\"w-btn-wrapper align_left\"><a class=\"w-btn us-btn-style_12 icon_atleft\" href=\"mailto:ak-digitales@gruene-wiesbaden.de\"><i class=\"fas fa-envelope\"><\/i><span class=\"w-btn-label\">e-po\u0161ta<\/span><\/a><\/div><\/div><\/div><\/div><div class=\"w-tabs-section has_text_color\" id=\"t3e7\" style=\"background:var(--color-alt-content-bg);color:var(--color-alt-content-bg-alt);\"><button class=\"w-tabs-section-header with_icon\" aria-controls=\"content-t3e7\" aria-expanded=\"false\"><i class=\"fas fa-users\"><\/i><div class=\"w-tabs-section-title\">AK Borba protiv desni\u010darskog ekstremizma i za demokratske vrijednosti<\/div><div class=\"w-tabs-section-control\"><\/div><\/button><div  class=\"w-tabs-section-content\" id=\"content-t3e7\"><div class=\"w-tabs-section-content-h i-cf\"><div class=\"wpb_text_column\"><div class=\"wpb_wrapper\"><p style=\"font-weight: 400;\">Zabrinuti smo zbog porasta krajnje desnice i antidemokratskih tendencija, zbog \u010dega smo predani za\u0161titi i ja\u010danju na\u0161e demokracije. Na\u0161 je cilj aktivirati civilno dru\u0161tvo i suprotstaviti se desni\u010darskom ekstremizmu konkretnim mjerama. Pritom se usredoto\u010dujemo na promicanje demokratskog sudjelovanja gra\u0111ana i podr\u017eavamo udruge, inicijative te obrazovne i kulturne institucije u njihovoj predanosti raznolikosti i toleranciji.<\/p>\n<p>Stvaramo prostore za dijalog i razmjenu, umre\u017eavamo lokalne aktere i zajedni\u010dki razvijamo projekte protiv antidemokratskih tendencija. Obrazovnim radom i ja\u010danjem demokratskog sudjelovanja \u017eelimo promicati otvoreno dru\u0161tvo u kojem ekstremisti\u010dkim ideologijama nema mjesta.<\/p>\n<p><strong>Dijelite li na\u0161e vrijednosti i \u017eelite li raditi za demokratsko dru\u0161tvo? Postanite dio na\u0161e radne skupine!<\/strong> Bilo da imate prethodno iskustvo ili jednostavno \u017eelite napraviti razliku, veselimo se va\u0161im idejama i predanosti. Zajedno smo sna\u017eni protiv ekstremizma i za na\u0161u demokraciju.<\/p>\n<p><strong>Kada i gdje se AK sastaje?<\/strong><\/p>\n<p>Redovito imenovanje je druga srijeda svakog mjeseca u 19:00 u okru\u017enom uredu.<\/p>\n<p><strong>Zainteresirani ste za rad? Zatim kontaktirajte glasnogovornike AK-a putem e-po\u0161te!<\/strong><\/p>\n<p><strong>Govornici su:<\/strong><br \/>\nFelicitas Riedel i Jonathan Kohler<\/p>\n<\/div><\/div><div class=\"w-btn-wrapper align_left\"><a class=\"w-btn us-btn-style_12 icon_atleft\" href=\"mailto:ak-kampf-gegen-rechtsextremismus-und-fuer-demokratische-werte@gruene-wiesbaden.de\"><i class=\"fas fa-envelope\"><\/i><span class=\"w-btn-label\">e-po\u0161ta<\/span><\/a><\/div><\/div><\/div><\/div><div class=\"w-tabs-section has_text_color\" id=\"v622\" style=\"background:var(--color-alt-content-bg);color:var(--color-alt-content-bg-alt);\"><button class=\"w-tabs-section-header with_icon\" aria-controls=\"content-v622\" aria-expanded=\"false\"><i class=\"fas fa-comments\"><\/i><div class=\"w-tabs-section-title\">AK Akcija i komunikacija<\/div><div class=\"w-tabs-section-control\"><\/div><\/button><div  class=\"w-tabs-section-content\" id=\"content-v622\"><div class=\"w-tabs-section-content-h i-cf\"><div class=\"wpb_text_column\"><div class=\"wpb_wrapper\"><p><strong>Koje teme obra\u0111ujemo u AK-u:<\/strong><\/p>\n<p data-start=\"87\" data-end=\"242\">Radna skupina (AK) \"Akcija i komunikacija\" bavi se vidljivo\u0161\u0107u i djelovanjem na\u0161eg okru\u017enog udru\u017eenja. One uklju\u010duju, ali nisu ograni\u010dene na:<\/p>\n<ul data-start=\"244\" data-end=\"752\">\n<li data-start=\"244\" data-end=\"301\">\n<p data-start=\"246\" data-end=\"301\">organizaciju doga\u0111anja i informativnih \u0161tandova,<\/p>\n<\/li>\n<li data-start=\"302\" data-end=\"393\">\n<p data-start=\"304\" data-end=\"393\">suradnja u (daljnjem) razvoju korporativnog dizajna na\u0161eg okru\u017enog udru\u017eenja,<\/p>\n<\/li>\n<li data-start=\"394\" data-end=\"622\">\n<p data-start=\"396\" data-end=\"622\">kreativnu i tehni\u010dku potporu za razmjenu ideja i provedbu u podru\u010djima kao \u0161to su internetske stranice, dru\u0161tveni mediji, dizajn plakata, letci i darivanje, posebno na lokalnim izborima i op\u0107im doga\u0111anjima;<\/p>\n<\/li>\n<li data-start=\"623\" data-end=\"752\">\n<p data-start=\"625\" data-end=\"752\">aktivno zajedni\u010dko stvaranje tiskanih materijala i potporu digitalnoj komunikaciji, posebno na dru\u0161tvenim mre\u017eama.<\/p>\n<\/li>\n<\/ul>\n<p data-start=\"754\" data-end=\"875\">AK Akcija i komunikacija je na \u010delu Rebecca Thomas, jedan od dva predsjednika na\u0161e okru\u017ene udruge. Zainteresirani ste za rad? Zatim joj se javite putem e-maila!<\/p>\n<p><strong>Osoba za kontakt je:<\/strong><br \/>\nRebecca Thomas<\/p>\n<\/div><\/div><div class=\"w-btn-wrapper align_left\"><a class=\"w-btn us-btn-style_12 icon_atleft\" href=\"mailto:rebecca.thomas@gruene-wiesbaden.de\"><i class=\"fas fa-envelope\"><\/i><span class=\"w-btn-label\">e-po\u0161ta<\/span><\/a><\/div><\/div><\/div><\/div><\/div><\/div><\/div><\/div><\/div><\/div><\/div><\/div><\/div><\/section>","protected":false},"excerpt":{"rendered":"Iz kalendara mo\u017eete saznati koji \u0107e se datumi odr\u017eati sljede\u0107i put. Mnogi na\u0161i datumi otvoreni su i zainteresiranim ne\u010dlanovima \u2013 samo se kratko registrirajte na kreisverband@gruene-wiesbaden.de. Sretni smo! Kao redoviti termin, mo\u017eete rezervirati mjese\u010dnu redovnu tablicu prvog utorka u mjesecu u baru C\/O* u...","protected":false},"author":1,"featured_media":0,"parent":0,"menu_order":0,"comment_status":"closed","ping_status":"closed","template":"","meta":{"footnotes":""},"class_list":["post-597","page","type-page","status-publish","hentry"],"yoast_head":"<!-- This site is optimized with the Yoast SEO plugin v27.5 - https:\/\/yoast.com\/product\/yoast-seo-wordpress\/ -->\n<title>Mitmachen und Termine - B\u00dcNDNIS 90\/DIE GR\u00dcNEN Wiesbaden<\/title>\n<meta name=\"description\" content=\"Hier findest du alle anstehenden Termine und erf\u00e4hrst mehr \u00fcber deine Mitwirkungsm\u00f6glichkeiten durch Arbeitskreise und Stadtteilgruppen.\" \/>\n<meta name=\"robots\" content=\"index, follow, max-snippet:-1, max-image-preview:large, max-video-preview:-1\" \/>\n<link rel=\"canonical\" href=\"https:\/\/gruene-wiesbaden.de\/hr\/mitmachen\/\" \/>\n<meta property=\"og:locale\" content=\"hr_HR\" \/>\n<meta property=\"og:type\" content=\"article\" \/>\n<meta property=\"og:title\" content=\"Mitmachen und Termine - B\u00dcNDNIS 90\/DIE GR\u00dcNEN Wiesbaden\" \/>\n<meta property=\"og:description\" content=\"Hier findest du alle anstehenden Termine und erf\u00e4hrst mehr \u00fcber deine Mitwirkungsm\u00f6glichkeiten durch Arbeitskreise und Stadtteilgruppen.\" \/>\n<meta property=\"og:url\" content=\"https:\/\/gruene-wiesbaden.de\/hr\/mitmachen\/\" \/>\n<meta property=\"og:site_name\" content=\"B\u00dcNDNIS 90\/DIE GR\u00dcNEN Wiesbaden\" \/>\n<meta property=\"article:publisher\" content=\"https:\/\/www.facebook.com\/gruene.wi\" \/>\n<meta property=\"article:modified_time\" content=\"2026-04-18T14:46:25+00:00\" \/>\n<meta name=\"twitter:card\" content=\"summary_large_image\" \/>\n<meta name=\"twitter:label1\" content=\"Procijenjeno vrijeme \u010ditanja\" \/>\n\t<meta name=\"twitter:data1\" content=\"42 minutes\" \/>\n<script type=\"application\/ld+json\" class=\"yoast-schema-graph\">{\"@context\":\"https:\\\/\\\/schema.org\",\"@graph\":[{\"@type\":\"WebPage\",\"@id\":\"https:\\\/\\\/gruene-wiesbaden.de\\\/mitmachen\\\/\",\"url\":\"https:\\\/\\\/gruene-wiesbaden.de\\\/mitmachen\\\/\",\"name\":\"Mitmachen und Termine - B\u00dcNDNIS 90\\\/DIE GR\u00dcNEN Wiesbaden\",\"isPartOf\":{\"@id\":\"https:\\\/\\\/gruene-wiesbaden.de\\\/#website\"},\"datePublished\":\"2025-03-21T11:00:15+00:00\",\"dateModified\":\"2026-04-18T14:46:25+00:00\",\"description\":\"Hier findest du alle anstehenden Termine und erf\u00e4hrst mehr \u00fcber deine Mitwirkungsm\u00f6glichkeiten durch Arbeitskreise und Stadtteilgruppen.\",\"breadcrumb\":{\"@id\":\"https:\\\/\\\/gruene-wiesbaden.de\\\/mitmachen\\\/#breadcrumb\"},\"inLanguage\":\"hr\",\"potentialAction\":[{\"@type\":\"ReadAction\",\"target\":[\"https:\\\/\\\/gruene-wiesbaden.de\\\/mitmachen\\\/\"]}]},{\"@type\":\"BreadcrumbList\",\"@id\":\"https:\\\/\\\/gruene-wiesbaden.de\\\/mitmachen\\\/#breadcrumb\",\"itemListElement\":[{\"@type\":\"ListItem\",\"position\":1,\"name\":\"Startseite\",\"item\":\"https:\\\/\\\/gruene-wiesbaden.de\\\/\"},{\"@type\":\"ListItem\",\"position\":2,\"name\":\"Mitmachen und Termine\"}]},{\"@type\":\"WebSite\",\"@id\":\"https:\\\/\\\/gruene-wiesbaden.de\\\/#website\",\"url\":\"https:\\\/\\\/gruene-wiesbaden.de\\\/\",\"name\":\"DIE GR\u00dcNEN Wiesbaden\",\"description\":\"\",\"publisher\":{\"@id\":\"https:\\\/\\\/gruene-wiesbaden.de\\\/#organization\"},\"potentialAction\":[{\"@type\":\"SearchAction\",\"target\":{\"@type\":\"EntryPoint\",\"urlTemplate\":\"https:\\\/\\\/gruene-wiesbaden.de\\\/?s={search_term_string}\"},\"query-input\":{\"@type\":\"PropertyValueSpecification\",\"valueRequired\":true,\"valueName\":\"search_term_string\"}}],\"inLanguage\":\"hr\"},{\"@type\":\"Organization\",\"@id\":\"https:\\\/\\\/gruene-wiesbaden.de\\\/#organization\",\"name\":\"DIE GR\u00dcNEN Wiesbaden\",\"url\":\"https:\\\/\\\/gruene-wiesbaden.de\\\/\",\"logo\":{\"@type\":\"ImageObject\",\"inLanguage\":\"hr\",\"@id\":\"https:\\\/\\\/gruene-wiesbaden.de\\\/#\\\/schema\\\/logo\\\/image\\\/\",\"url\":\"https:\\\/\\\/gruene-wiesbaden-fuer-europa.de\\\/wp-content\\\/uploads\\\/2024\\\/04\\\/Machen-was-zaehlt-5.png\",\"contentUrl\":\"https:\\\/\\\/gruene-wiesbaden-fuer-europa.de\\\/wp-content\\\/uploads\\\/2024\\\/04\\\/Machen-was-zaehlt-5.png\",\"width\":1772,\"height\":1772,\"caption\":\"DIE GR\u00dcNEN Wiesbaden\"},\"image\":{\"@id\":\"https:\\\/\\\/gruene-wiesbaden.de\\\/#\\\/schema\\\/logo\\\/image\\\/\"},\"sameAs\":[\"https:\\\/\\\/www.facebook.com\\\/gruene.wi\",\"https:\\\/\\\/instagram.com\\\/gruene_wi\"]}]}<\/script>\n<!-- \/ Yoast SEO plugin. -->","yoast_head_json":{"title":"Mitmachen und Termine - B\u00dcNDNIS 90\/DIE GR\u00dcNEN Wiesbaden","description":"Hier findest du alle anstehenden Termine und erf\u00e4hrst mehr \u00fcber deine Mitwirkungsm\u00f6glichkeiten durch Arbeitskreise und Stadtteilgruppen.","robots":{"index":"index","follow":"follow","max-snippet":"max-snippet:-1","max-image-preview":"max-image-preview:large","max-video-preview":"max-video-preview:-1"},"canonical":"https:\/\/gruene-wiesbaden.de\/hr\/mitmachen\/","og_locale":"hr_HR","og_type":"article","og_title":"Mitmachen und Termine - B\u00dcNDNIS 90\/DIE GR\u00dcNEN Wiesbaden","og_description":"Hier findest du alle anstehenden Termine und erf\u00e4hrst mehr \u00fcber deine Mitwirkungsm\u00f6glichkeiten durch Arbeitskreise und Stadtteilgruppen.","og_url":"https:\/\/gruene-wiesbaden.de\/hr\/mitmachen\/","og_site_name":"B\u00dcNDNIS 90\/DIE GR\u00dcNEN Wiesbaden","article_publisher":"https:\/\/www.facebook.com\/gruene.wi","article_modified_time":"2026-04-18T14:46:25+00:00","twitter_card":"summary_large_image","twitter_misc":{"Procijenjeno vrijeme \u010ditanja":"42 minutes"},"schema":{"@context":"https:\/\/schema.org","@graph":[{"@type":"WebPage","@id":"https:\/\/gruene-wiesbaden.de\/mitmachen\/","url":"https:\/\/gruene-wiesbaden.de\/mitmachen\/","name":"Mitmachen und Termine - B\u00dcNDNIS 90\/DIE GR\u00dcNEN Wiesbaden","isPartOf":{"@id":"https:\/\/gruene-wiesbaden.de\/#website"},"datePublished":"2025-03-21T11:00:15+00:00","dateModified":"2026-04-18T14:46:25+00:00","description":"Hier findest du alle anstehenden Termine und erf\u00e4hrst mehr \u00fcber deine Mitwirkungsm\u00f6glichkeiten durch Arbeitskreise und Stadtteilgruppen.","breadcrumb":{"@id":"https:\/\/gruene-wiesbaden.de\/mitmachen\/#breadcrumb"},"inLanguage":"hr","potentialAction":[{"@type":"ReadAction","target":["https:\/\/gruene-wiesbaden.de\/mitmachen\/"]}]},{"@type":"BreadcrumbList","@id":"https:\/\/gruene-wiesbaden.de\/mitmachen\/#breadcrumb","itemListElement":[{"@type":"ListItem","position":1,"name":"Startseite","item":"https:\/\/gruene-wiesbaden.de\/"},{"@type":"ListItem","position":2,"name":"Mitmachen und Termine"}]},{"@type":"WebSite","@id":"https:\/\/gruene-wiesbaden.de\/#website","url":"https:\/\/gruene-wiesbaden.de\/","name":"DIE GR\u00dcNEN Wiesbaden","description":"","publisher":{"@id":"https:\/\/gruene-wiesbaden.de\/#organization"},"potentialAction":[{"@type":"SearchAction","target":{"@type":"EntryPoint","urlTemplate":"https:\/\/gruene-wiesbaden.de\/?s={search_term_string}"},"query-input":{"@type":"PropertyValueSpecification","valueRequired":true,"valueName":"search_term_string"}}],"inLanguage":"hr"},{"@type":"Organization","@id":"https:\/\/gruene-wiesbaden.de\/#organization","name":"DIE GR\u00dcNEN Wiesbaden","url":"https:\/\/gruene-wiesbaden.de\/","logo":{"@type":"ImageObject","inLanguage":"hr","@id":"https:\/\/gruene-wiesbaden.de\/#\/schema\/logo\/image\/","url":"https:\/\/gruene-wiesbaden-fuer-europa.de\/wp-content\/uploads\/2024\/04\/Machen-was-zaehlt-5.png","contentUrl":"https:\/\/gruene-wiesbaden-fuer-europa.de\/wp-content\/uploads\/2024\/04\/Machen-was-zaehlt-5.png","width":1772,"height":1772,"caption":"DIE GR\u00dcNEN Wiesbaden"},"image":{"@id":"https:\/\/gruene-wiesbaden.de\/#\/schema\/logo\/image\/"},"sameAs":["https:\/\/www.facebook.com\/gruene.wi","https:\/\/instagram.com\/gruene_wi"]}]}},"_links":{"self":[{"href":"https:\/\/gruene-wiesbaden.de\/hr\/wp-json\/wp\/v2\/pages\/597","targetHints":{"allow":["GET"]}}],"collection":[{"href":"https:\/\/gruene-wiesbaden.de\/hr\/wp-json\/wp\/v2\/pages"}],"about":[{"href":"https:\/\/gruene-wiesbaden.de\/hr\/wp-json\/wp\/v2\/types\/page"}],"author":[{"embeddable":true,"href":"https:\/\/gruene-wiesbaden.de\/hr\/wp-json\/wp\/v2\/users\/1"}],"replies":[{"embeddable":true,"href":"https:\/\/gruene-wiesbaden.de\/hr\/wp-json\/wp\/v2\/comments?post=597"}],"version-history":[{"count":104,"href":"https:\/\/gruene-wiesbaden.de\/hr\/wp-json\/wp\/v2\/pages\/597\/revisions"}],"predecessor-version":[{"id":2402,"href":"https:\/\/gruene-wiesbaden.de\/hr\/wp-json\/wp\/v2\/pages\/597\/revisions\/2402"}],"wp:attachment":[{"href":"https:\/\/gruene-wiesbaden.de\/hr\/wp-json\/wp\/v2\/media?parent=597"}],"curies":[{"name":"wp","href":"https:\/\/api.w.org\/{rel}","templated":true}]}}