{"id":1178,"date":"2025-07-30T12:32:06","date_gmt":"2025-07-30T10:32:06","guid":{"rendered":"https:\/\/gruene-wiesbaden.de\/?page_id=1178"},"modified":"2026-04-07T12:41:21","modified_gmt":"2026-04-07T10:41:21","slug":"kommunalwahl","status":"publish","type":"page","link":"https:\/\/gruene-wiesbaden.de\/hr\/kommunalwahl\/","title":{"rendered":"Lokalni izbori u Wiesbadenu 2026."},"content":{"rendered":"<section class=\"l-section wpb_row us_custom_c70c97eb height_medium with_img\"><div class=\"l-section-img\" role=\"img\" data-img-width=\"1920\" data-img-height=\"768\" style=\"background-image: url(https:\/\/gruene-wiesbaden.de\/wp-content\/uploads\/2025\/11\/neuer-Verlauf-gruene-wiesbaden.de_-e1767650502847.png);background-repeat: no-repeat;\"><\/div><div class=\"l-section-h i-cf\"><div class=\"g-cols vc_row via_grid cols_1 laptops-cols_inherit tablets-cols_inherit mobiles-cols_1 valign_top type_default stacking_default\"><div class=\"wpb_column vc_column_container\"><div class=\"vc_column-inner\"><div class=\"g-cols wpb_row via_grid cols_1 laptops-cols_inherit tablets-cols_inherit mobiles-cols_1 valign_top type_boxes stacking_default\" style=\"--columns-gap:3rem;\"><div class=\"wpb_column vc_column_container us_custom_24a85f83 has_text_color\"><div class=\"vc_column-inner\"><div class=\"wpb_text_column\"><div class=\"wpb_wrapper\"><h1 style=\"text-align: center;\">Na\u0161 izborni program<\/h1>\n<\/div><\/div><div class=\"wpb_text_column hide_on_default hide_on_laptops hide_on_tablets hide_on_mobiles\"><div class=\"wpb_wrapper\"><h4 style=\"text-align: center;\">Lokalni izbori 15. o\u017eujka 2026.<\/h4>\n<\/div><\/div><div class=\"wpb_text_column\"><div class=\"wpb_wrapper\"><h4 style=\"text-align: center;\">za razdoblje od 2026. do 2031.<\/h4>\n<\/div><\/div><div class=\"w-separator size_small\"><\/div><div class=\"wpb_text_column us_custom_7e69fca4 hide_on_mobiles\"><div class=\"wpb_wrapper\"><h6 style=\"text-align: center;\">Omogu\u0107it \u0107emo vi\u0161e. umjesto Wiesbadena. Za tebe.<\/h6>\n<\/div><\/div><\/div><\/div><\/div><div class=\"w-socials us_custom_3d040168 has_text_color color_text shape_rounded style_default hover_fade\" style=\"--gap:0.6em;\"><div class=\"w-socials-list\"><div class=\"w-socials-item facebook\"><a target=\"_blank\" rel=\"nofollow\" href=\"https:\/\/www.facebook.com\/gruene.wi\" class=\"w-socials-item-link\" aria-label=\"Facebook\"><span class=\"w-socials-item-link-hover\"><\/span><i class=\"fab fa-facebook\"><\/i><\/a><\/div><div class=\"w-socials-item instagram\"><a target=\"_blank\" rel=\"nofollow\" href=\"https:\/\/www.instagram.com\/gruene_wi\/\" class=\"w-socials-item-link\" aria-label=\"Instagram\"><span class=\"w-socials-item-link-hover\"><\/span><i class=\"fab fa-instagram\"><\/i><\/a><\/div><div class=\"w-socials-item tiktok\"><a target=\"_blank\" rel=\"nofollow\" href=\"https:\/\/www.tiktok.com\/@gruene_wi?_t=ZN-8usZ6hx5hDS&amp;_r=1\" class=\"w-socials-item-link\" aria-label=\"TikTok\"><span class=\"w-socials-item-link-hover\"><\/span><i class=\"fab fa-tiktok\"><\/i><\/a><\/div><\/div><\/div><div class=\"w-separator size_small\"><\/div><div class=\"g-cols wpb_row us_custom_057801f8 via_grid cols_1 laptops-cols_inherit tablets-cols_inherit mobiles-cols_1 valign_middle type_boxes stacking_default\" style=\"--columns-gap:2rem;\"><div class=\"wpb_column vc_column_container\"><div class=\"vc_column-overlay\" style=\"background:#f5f2f2\"><\/div><div class=\"vc_column-inner\"><div class=\"wpb_text_column us_custom_e520dd3c has_text_color\"><div class=\"wpb_wrapper\"><h3>Saznajte ovdje.<\/h3>\n<\/div><\/div><div class=\"w-separator size_small\"><\/div><div class=\"wpb_text_column us_custom_564c68c1 has_text_color\"><div class=\"wpb_wrapper\"><p><strong>Na ovoj stranici mo\u017eete prona\u0107i detaljne informacije o pojedina\u010dnim temama i podru\u010djima politika: <\/strong><\/p>\n<ul>\n<li>Za\u0161to je tema va\u017ena?<\/li>\n<li>\u0160to politika zapravo zna\u010di za nas u tom podru\u010dju?<\/li>\n<li>\u0160to to\u010dno imamo na umu u ovom podru\u010dju?<\/li>\n<li>\u0160to smo, me\u0111u ostalim, postigli u tom podru\u010dju posljednjih godina?<\/li>\n<\/ul>\n<\/div><\/div><div class=\"w-separator size_medium\"><\/div><div class=\"w-btn-wrapper align_left\"><a class=\"w-btn us-btn-style_5 icon_atleft\" target=\"_blank\" href=\"https:\/\/gruene-wiesbaden.de\/wp-content\/uploads\/2025\/11\/Wahlprogramm-GRUeNE-Wiesbaden-2026-2031.pdf\"><i class=\"fas fa-file-pdf\"><\/i><span class=\"w-btn-label\">Zeleni lokalni izborni program za razdoblje 2026. 2031.<\/span><\/a><\/div><div class=\"w-btn-wrapper align_left\"><a class=\"w-btn us-btn-style_9 icon_atleft\" target=\"_blank\" href=\"https:\/\/gruene-wiesbaden.de\/hr\/kurzwahlprogramm\/\"><i class=\"fas fa-rocket\"><\/i><span class=\"w-btn-label\">Na\u0161 program brzog biranja - brzo i jednostavno informiran<\/span><\/a><\/div><div class=\"w-btn-wrapper align_left\"><a class=\"w-btn us-btn-style_12 icon_atleft\" target=\"_blank\" href=\"https:\/\/gruene-wiesbaden.de\/wp-content\/uploads\/2026\/02\/Wahlprogramm_leichte_Sprache.pdf\"><i class=\"fas fa-book-reader\"><\/i><span class=\"w-btn-label\">Na\u0161 izborni program na jednostavnom jeziku<\/span><\/a><\/div><div class=\"w-separator size_small\"><\/div><\/div><\/div><\/div><div class=\"w-separator size_medium\"><\/div><div class=\"wpb_text_column\" id=\"Kapitel1\"><div class=\"wpb_wrapper\"><h1 style=\"text-align: left;\">Dobro \u017eivjeti u Wiesbadenu<\/h1>\n<\/div><\/div><div class=\"w-separator size_small\"><\/div><div class=\"w-grid type_masonry layout_portfolio_2 cols_4 pagination_infinite with_isotope with_css_animation ratio_1x1\" id=\"us_grid_1\" style=\"--columns:4;--gap:6px;--item-ratio:1;\" data-filterable=\"true\"><style>@media (max-width:1380px){#us_grid_1{--columns:3!important}}@media (max-width:1024px){#us_grid_1{--columns:2!important}}@media (max-width:600px){#us_grid_1{--columns:1!important}}.layout_portfolio_2 .w-grid-item-h{background:#333}.layout_portfolio_2 .usg_post_image_1{transition-duration:0.35s;transform-origin:50% 50%;transform:scale(1) translate(0%,0%)}.layout_portfolio_2 .w-grid-item-h:focus-within .usg_post_image_1,.layout_portfolio_2 .w-grid-item-h:hover .usg_post_image_1{transform:scale(1.1) translate(0%,0%);opacity:0.1}.layout_portfolio_2 .usg_post_image_1{position:absolute!important;top:0!important;right:0!important;bottom:0!important;left:0!important}.layout_portfolio_2 .usg_vwrapper_1{position:absolute!important;right:0!important;bottom:0!important;left:0!important;background:linear-gradient(transparent,rgba(30,30,30,0.8))!important;padding:4rem 2rem 1.5rem 2rem!important}.layout_portfolio_2 .usg_post_title_1{color:#fff!important;font-size:1.2rem!important}.layout_portfolio_2 .usg_post_taxonomy_1{color:#fff!important;font-size:0.9rem!important}<\/style><div class=\"w-grid-list\">\t<article class=\"w-grid-item us_animate_afb off_autostart size_1x1 post-1346 post type-post status-publish format-standard has-post-thumbnail hentry category-kapitel-1-praeambel\" data-id=\"1346\" style=\"animation-delay:0s\">\r\n\t\t<div class=\"w-grid-item-h\">\r\n\t\t\t\t\t\t\t<a href=\"https:\/\/gruene-wiesbaden.de\/hr\/praeambel-gut-leben-in-wiesbaden\/\" class=\"w-grid-item-anchor\" aria-label=\"Preambula: Dobro \u017eivjeti u Wiesbadenu\"><\/a>\r\n\t\t\t\t\t\t<div class=\"w-post-elm post_image usg_post_image_1 stretched\"><img loading=\"lazy\" decoding=\"async\" width=\"600\" height=\"338\" src=\"https:\/\/gruene-wiesbaden.de\/wp-content\/uploads\/2025\/11\/MJK_82683-3-600x338.jpg\" class=\"attachment-large size-large wp-post-image\" alt=\"\" srcset=\"https:\/\/gruene-wiesbaden.de\/wp-content\/uploads\/2025\/11\/MJK_82683-3-600x338.jpg 600w, https:\/\/gruene-wiesbaden.de\/wp-content\/uploads\/2025\/11\/MJK_82683-3-400x225.jpg 400w\" sizes=\"auto, (max-width: 600px) 100vw, 600px\" \/><\/div><div class=\"w-vwrapper usg_vwrapper_1 align_none valign_top\"><h2 class=\"w-post-elm post_title usg_post_title_1 has_text_color entry-title color_link_inherit\">Preambula: Dobro \u017eivjeti u Wiesbadenu<\/h2><\/div>\t\t<\/div>\r\n\t\t\t<\/article>\r\n<\/div><div class=\"w-grid-preloader\">\t<div class=\"g-preloader type_1\">\r\n\t\t<div><\/div>\r\n\t<\/div>\r\n\t<\/div>\t<div class=\"w-grid-json hidden\" onclick='return {&quot;action&quot;:&quot;us_ajax_grid&quot;,&quot;infinite_scroll&quot;:0,&quot;max_num_pages&quot;:1,&quot;pagination&quot;:&quot;infinite&quot;,&quot;template_vars&quot;:{&quot;columns&quot;:&quot;4&quot;,&quot;exclude_items&quot;:&quot;none&quot;,&quot;img_size&quot;:&quot;default&quot;,&quot;ignore_items_size&quot;:0,&quot;items_layout&quot;:&quot;portfolio_2&quot;,&quot;items_offset&quot;:&quot;1&quot;,&quot;load_animation&quot;:&quot;afb&quot;,&quot;overriding_link&quot;:&quot;%7B%22type%22%3A%22post%22%7D&quot;,&quot;post_id&quot;:0,&quot;query_args&quot;:{&quot;post_type&quot;:[&quot;post&quot;],&quot;tax_query&quot;:[{&quot;taxonomy&quot;:&quot;category&quot;,&quot;field&quot;:&quot;slug&quot;,&quot;terms&quot;:[&quot;kapitel-1-praeambel&quot;]}],&quot;post_status&quot;:[&quot;publish&quot;],&quot;posts_per_page&quot;:&quot;50&quot;},&quot;orderby_query_args&quot;:{&quot;orderby&quot;:&quot;RAND(1034360882)&quot;},&quot;type&quot;:&quot;masonry&quot;,&quot;us_grid_post_type&quot;:&quot;post&quot;,&quot;us_grid_ajax_index&quot;:1,&quot;us_grid_filter_query_string&quot;:null,&quot;us_grid_index&quot;:1,&quot;page_args&quot;:[]}}'><\/div>\r\n\t<\/div><div class=\"w-grid type_masonry layout_portfolio_2 cols_4 pagination_infinite with_isotope with_css_animation ratio_1x1\" id=\"us_grid_2\" style=\"--columns:4;--gap:6px;--item-ratio:1;\" data-filterable=\"true\"><style>@media (max-width:1380px){#us_grid_2{--columns:3!important}}@media (max-width:1024px){#us_grid_2{--columns:2!important}}@media (max-width:600px){#us_grid_2{--columns:1!important}}<\/style><div class=\"w-grid-list\">\t<article class=\"w-grid-item us_animate_afb off_autostart size_1x1 post-1321 post type-post status-publish format-standard has-post-thumbnail hentry category-kapitel-1\" data-id=\"1321\" style=\"animation-delay:0s\">\r\n\t\t<div class=\"w-grid-item-h\">\r\n\t\t\t\t\t\t\t<a href=\"https:\/\/gruene-wiesbaden.de\/hr\/klimaschutz-und-klimaanpassung\/\" class=\"w-grid-item-anchor\" aria-label=\"Ubla\u017eavanje klimatskih promjena i prilagodba tim promjenama\"><\/a>\r\n\t\t\t\t\t\t<div class=\"w-post-elm post_image usg_post_image_1 stretched\"><img loading=\"lazy\" decoding=\"async\" width=\"400\" height=\"600\" src=\"https:\/\/gruene-wiesbaden.de\/wp-content\/uploads\/2025\/08\/moritz-kindler-gD8IO0E4OZM-unsplash-400x600.jpg\" class=\"attachment-large size-large wp-post-image\" alt=\"\" srcset=\"https:\/\/gruene-wiesbaden.de\/wp-content\/uploads\/2025\/08\/moritz-kindler-gD8IO0E4OZM-unsplash-400x600.jpg 400w, https:\/\/gruene-wiesbaden.de\/wp-content\/uploads\/2025\/08\/moritz-kindler-gD8IO0E4OZM-unsplash-267x400.jpg 267w, https:\/\/gruene-wiesbaden.de\/wp-content\/uploads\/2025\/08\/moritz-kindler-gD8IO0E4OZM-unsplash-scaled.jpg 1707w\" sizes=\"auto, (max-width: 400px) 100vw, 400px\" \/><\/div><div class=\"w-vwrapper usg_vwrapper_1 align_none valign_top\"><h2 class=\"w-post-elm post_title usg_post_title_1 has_text_color entry-title color_link_inherit\">Ubla\u017eavanje klimatskih promjena i prilagodba tim promjenama<\/h2><\/div>\t\t<\/div>\r\n\t\t\t<\/article>\r\n\t<article class=\"w-grid-item us_animate_afb off_autostart size_1x1 post-1323 post type-post status-publish format-standard has-post-thumbnail hentry category-kapitel-1\" data-id=\"1323\" style=\"animation-delay:0.1s\">\r\n\t\t<div class=\"w-grid-item-h\">\r\n\t\t\t\t\t\t\t<a href=\"https:\/\/gruene-wiesbaden.de\/hr\/bevoelkerungsschutz\/\" class=\"w-grid-item-anchor\" aria-label=\"Civilna za\u0161tita\"><\/a>\r\n\t\t\t\t\t\t<div class=\"w-post-elm post_image usg_post_image_1 stretched\"><img loading=\"lazy\" decoding=\"async\" width=\"600\" height=\"400\" src=\"https:\/\/gruene-wiesbaden.de\/wp-content\/uploads\/2025\/11\/1.2-Bevoelkerungsschutz-600x400.jpeg\" class=\"attachment-large size-large wp-post-image\" alt=\"\" srcset=\"https:\/\/gruene-wiesbaden.de\/wp-content\/uploads\/2025\/11\/1.2-Bevoelkerungsschutz-600x400.jpeg 600w, https:\/\/gruene-wiesbaden.de\/wp-content\/uploads\/2025\/11\/1.2-Bevoelkerungsschutz-400x267.jpeg 400w\" sizes=\"auto, (max-width: 600px) 100vw, 600px\" \/><\/div><div class=\"w-vwrapper usg_vwrapper_1 align_none valign_top\"><h2 class=\"w-post-elm post_title usg_post_title_1 has_text_color entry-title color_link_inherit\">Civilna za\u0161tita<\/h2><\/div>\t\t<\/div>\r\n\t\t\t<\/article>\r\n\t<article class=\"w-grid-item us_animate_afb off_autostart size_1x1 post-1325 post type-post status-publish format-standard has-post-thumbnail hentry category-kapitel-1\" data-id=\"1325\" style=\"animation-delay:0.2s\">\r\n\t\t<div class=\"w-grid-item-h\">\r\n\t\t\t\t\t\t\t<a href=\"https:\/\/gruene-wiesbaden.de\/hr\/umwelt-und-naturschutz\/\" class=\"w-grid-item-anchor\" aria-label=\"Za\u0161tita okoli\u0161a i prirode\"><\/a>\r\n\t\t\t\t\t\t<div class=\"w-post-elm post_image usg_post_image_1 stretched\"><img loading=\"lazy\" decoding=\"async\" width=\"600\" height=\"400\" src=\"https:\/\/gruene-wiesbaden.de\/wp-content\/uploads\/2025\/11\/1.3-Umwelt-und-Naturschutz-Bild-600x400.jpg\" class=\"attachment-large size-large wp-post-image\" alt=\"\" srcset=\"https:\/\/gruene-wiesbaden.de\/wp-content\/uploads\/2025\/11\/1.3-Umwelt-und-Naturschutz-Bild-600x400.jpg 600w, https:\/\/gruene-wiesbaden.de\/wp-content\/uploads\/2025\/11\/1.3-Umwelt-und-Naturschutz-Bild-400x267.jpg 400w\" sizes=\"auto, (max-width: 600px) 100vw, 600px\" \/><\/div><div class=\"w-vwrapper usg_vwrapper_1 align_none valign_top\"><h2 class=\"w-post-elm post_title usg_post_title_1 has_text_color entry-title color_link_inherit\">Za\u0161tita okoli\u0161a i prirode<\/h2><\/div>\t\t<\/div>\r\n\t\t\t<\/article>\r\n\t<article class=\"w-grid-item us_animate_afb off_autostart size_1x1 post-1222 post type-post status-publish format-standard has-post-thumbnail hentry category-kapitel-1\" data-id=\"1222\" style=\"animation-delay:0.3s\">\r\n\t\t<div class=\"w-grid-item-h\">\r\n\t\t\t\t\t\t\t<a href=\"https:\/\/gruene-wiesbaden.de\/hr\/lore-ipsum-samed\/\" class=\"w-grid-item-anchor\" aria-label=\"Poljoprivreda i \u0161umarstvo\"><\/a>\r\n\t\t\t\t\t\t<div class=\"w-post-elm post_image usg_post_image_1 stretched\"><img loading=\"lazy\" decoding=\"async\" width=\"450\" height=\"600\" src=\"https:\/\/gruene-wiesbaden.de\/wp-content\/uploads\/2025\/07\/noaa-SkJG9sNkQVQ-unsplash-450x600.jpg\" class=\"attachment-large size-large wp-post-image\" alt=\"\" srcset=\"https:\/\/gruene-wiesbaden.de\/wp-content\/uploads\/2025\/07\/noaa-SkJG9sNkQVQ-unsplash-450x600.jpg 450w, https:\/\/gruene-wiesbaden.de\/wp-content\/uploads\/2025\/07\/noaa-SkJG9sNkQVQ-unsplash-300x400.jpg 300w, https:\/\/gruene-wiesbaden.de\/wp-content\/uploads\/2025\/07\/noaa-SkJG9sNkQVQ-unsplash-scaled.jpg 1920w\" sizes=\"auto, (max-width: 450px) 100vw, 450px\" \/><\/div><div class=\"w-vwrapper usg_vwrapper_1 align_none valign_top\"><h2 class=\"w-post-elm post_title usg_post_title_1 has_text_color entry-title color_link_inherit\">Poljoprivreda i \u0161umarstvo<\/h2><\/div>\t\t<\/div>\r\n\t\t\t<\/article>\r\n\t<article class=\"w-grid-item us_animate_afb off_autostart size_1x1 post-1327 post type-post status-publish format-standard has-post-thumbnail hentry category-kapitel-1\" data-id=\"1327\" style=\"animation-delay:0.4s\">\r\n\t\t<div class=\"w-grid-item-h\">\r\n\t\t\t\t\t\t\t<a href=\"https:\/\/gruene-wiesbaden.de\/hr\/stadtentwicklung\/\" class=\"w-grid-item-anchor\" aria-label=\"Urbani razvoj\"><\/a>\r\n\t\t\t\t\t\t<div class=\"w-post-elm post_image usg_post_image_1 stretched\"><img loading=\"lazy\" decoding=\"async\" width=\"450\" height=\"600\" src=\"https:\/\/gruene-wiesbaden.de\/wp-content\/uploads\/2025\/11\/1.5-Stadtentwicklung-450x600.jpg\" class=\"attachment-large size-large wp-post-image\" alt=\"\" srcset=\"https:\/\/gruene-wiesbaden.de\/wp-content\/uploads\/2025\/11\/1.5-Stadtentwicklung-450x600.jpg 450w, https:\/\/gruene-wiesbaden.de\/wp-content\/uploads\/2025\/11\/1.5-Stadtentwicklung-300x400.jpg 300w, https:\/\/gruene-wiesbaden.de\/wp-content\/uploads\/2025\/11\/1.5-Stadtentwicklung-scaled.jpg 1920w\" sizes=\"auto, (max-width: 450px) 100vw, 450px\" \/><\/div><div class=\"w-vwrapper usg_vwrapper_1 align_none valign_top\"><h2 class=\"w-post-elm post_title usg_post_title_1 has_text_color entry-title color_link_inherit\">Urbani razvoj<\/h2><\/div>\t\t<\/div>\r\n\t\t\t<\/article>\r\n\t<article class=\"w-grid-item us_animate_afb off_autostart size_1x1 post-1329 post type-post status-publish format-standard has-post-thumbnail hentry category-kapitel-1\" data-id=\"1329\" style=\"animation-delay:0.5s\">\r\n\t\t<div class=\"w-grid-item-h\">\r\n\t\t\t\t\t\t\t<a href=\"https:\/\/gruene-wiesbaden.de\/hr\/wohnen\/\" class=\"w-grid-item-anchor\" aria-label=\"stanovanje\"><\/a>\r\n\t\t\t\t\t\t<div class=\"w-post-elm post_image usg_post_image_1 stretched\"><img loading=\"lazy\" decoding=\"async\" width=\"600\" height=\"450\" src=\"https:\/\/gruene-wiesbaden.de\/wp-content\/uploads\/2025\/11\/1.6-Wohnen-600x450.jpg\" class=\"attachment-large size-large wp-post-image\" alt=\"\" srcset=\"https:\/\/gruene-wiesbaden.de\/wp-content\/uploads\/2025\/11\/1.6-Wohnen-600x450.jpg 600w, https:\/\/gruene-wiesbaden.de\/wp-content\/uploads\/2025\/11\/1.6-Wohnen-400x300.jpg 400w\" sizes=\"auto, (max-width: 600px) 100vw, 600px\" \/><\/div><div class=\"w-vwrapper usg_vwrapper_1 align_none valign_top\"><h2 class=\"w-post-elm post_title usg_post_title_1 has_text_color entry-title color_link_inherit\">stanovanje<\/h2><\/div>\t\t<\/div>\r\n\t\t\t<\/article>\r\n\t<article class=\"w-grid-item us_animate_afb off_autostart size_1x1 post-1331 post type-post status-publish format-standard has-post-thumbnail hentry category-kapitel-1\" data-id=\"1331\" style=\"animation-delay:0.6s\">\r\n\t\t<div class=\"w-grid-item-h\">\r\n\t\t\t\t\t\t\t<a href=\"https:\/\/gruene-wiesbaden.de\/hr\/mobilitaet\/\" class=\"w-grid-item-anchor\" aria-label=\"mobilnost\"><\/a>\r\n\t\t\t\t\t\t<div class=\"w-post-elm post_image usg_post_image_1 stretched\"><img loading=\"lazy\" decoding=\"async\" width=\"600\" height=\"600\" src=\"https:\/\/gruene-wiesbaden.de\/wp-content\/uploads\/2025\/11\/1.6-Mobilitaet-600x600.jpeg\" class=\"attachment-large size-large wp-post-image\" alt=\"\" srcset=\"https:\/\/gruene-wiesbaden.de\/wp-content\/uploads\/2025\/11\/1.6-Mobilitaet-600x600.jpeg 600w, https:\/\/gruene-wiesbaden.de\/wp-content\/uploads\/2025\/11\/1.6-Mobilitaet-400x400.jpeg 400w, https:\/\/gruene-wiesbaden.de\/wp-content\/uploads\/2025\/11\/1.6-Mobilitaet-150x150.jpeg 150w\" sizes=\"auto, (max-width: 600px) 100vw, 600px\" \/><\/div><div class=\"w-vwrapper usg_vwrapper_1 align_none valign_top\"><h2 class=\"w-post-elm post_title usg_post_title_1 has_text_color entry-title color_link_inherit\">mobilnost<\/h2><\/div>\t\t<\/div>\r\n\t\t\t<\/article>\r\n\t<article class=\"w-grid-item us_animate_afb off_autostart size_1x1 post-1333 post type-post status-publish format-standard has-post-thumbnail hentry category-kapitel-1\" data-id=\"1333\" style=\"animation-delay:0.7s\">\r\n\t\t<div class=\"w-grid-item-h\">\r\n\t\t\t\t\t\t\t<a href=\"https:\/\/gruene-wiesbaden.de\/hr\/kitaplaetze-und-ganztagsbetreuung\/\" class=\"w-grid-item-anchor\" aria-label=\"Dnevna skrb i cjelodnevna njega\"><\/a>\r\n\t\t\t\t\t\t<div class=\"w-post-elm post_image usg_post_image_1 stretched\"><img loading=\"lazy\" decoding=\"async\" width=\"400\" height=\"600\" src=\"https:\/\/gruene-wiesbaden.de\/wp-content\/uploads\/2025\/11\/1.7-Kitaplaetze-und-Ganztagsbetreuung-400x600.jpg\" class=\"attachment-large size-large wp-post-image\" alt=\"\" srcset=\"https:\/\/gruene-wiesbaden.de\/wp-content\/uploads\/2025\/11\/1.7-Kitaplaetze-und-Ganztagsbetreuung-400x600.jpg 400w, https:\/\/gruene-wiesbaden.de\/wp-content\/uploads\/2025\/11\/1.7-Kitaplaetze-und-Ganztagsbetreuung-267x400.jpg 267w, https:\/\/gruene-wiesbaden.de\/wp-content\/uploads\/2025\/11\/1.7-Kitaplaetze-und-Ganztagsbetreuung-scaled.jpg 1706w\" sizes=\"auto, (max-width: 400px) 100vw, 400px\" \/><\/div><div class=\"w-vwrapper usg_vwrapper_1 align_none valign_top\"><h2 class=\"w-post-elm post_title usg_post_title_1 has_text_color entry-title color_link_inherit\">Dnevna skrb i cjelodnevna njega<\/h2><\/div>\t\t<\/div>\r\n\t\t\t<\/article>\r\n\t<article class=\"w-grid-item us_animate_afb off_autostart size_1x1 post-1335 post type-post status-publish format-standard has-post-thumbnail hentry category-kapitel-1\" data-id=\"1335\" style=\"animation-delay:0s\">\r\n\t\t<div class=\"w-grid-item-h\">\r\n\t\t\t\t\t\t\t<a href=\"https:\/\/gruene-wiesbaden.de\/hr\/digitale-infrastruktur-und-digitale-services-fuer-alle\/\" class=\"w-grid-item-anchor\" aria-label=\"Digitalna infrastruktura i digitalne usluge za sve\"><\/a>\r\n\t\t\t\t\t\t<div class=\"w-post-elm post_image usg_post_image_1 stretched\"><img loading=\"lazy\" decoding=\"async\" width=\"467\" height=\"600\" src=\"https:\/\/gruene-wiesbaden.de\/wp-content\/uploads\/2025\/11\/1.8-Digitale-Infrastruktur-und-digitale-Services-fuer-alle-467x600.jpeg\" class=\"attachment-large size-large wp-post-image\" alt=\"\" srcset=\"https:\/\/gruene-wiesbaden.de\/wp-content\/uploads\/2025\/11\/1.8-Digitale-Infrastruktur-und-digitale-Services-fuer-alle-467x600.jpeg 467w, https:\/\/gruene-wiesbaden.de\/wp-content\/uploads\/2025\/11\/1.8-Digitale-Infrastruktur-und-digitale-Services-fuer-alle-311x400.jpeg 311w, https:\/\/gruene-wiesbaden.de\/wp-content\/uploads\/2025\/11\/1.8-Digitale-Infrastruktur-und-digitale-Services-fuer-alle-scaled.jpeg 1991w\" sizes=\"auto, (max-width: 467px) 100vw, 467px\" \/><\/div><div class=\"w-vwrapper usg_vwrapper_1 align_none valign_top\"><h2 class=\"w-post-elm post_title usg_post_title_1 has_text_color entry-title color_link_inherit\">Digitalna infrastruktura i digitalne usluge za sve<\/h2><\/div>\t\t<\/div>\r\n\t\t\t<\/article>\r\n\t<article class=\"w-grid-item us_animate_afb off_autostart size_1x1 post-1337 post type-post status-publish format-standard has-post-thumbnail hentry category-kapitel-1\" data-id=\"1337\" style=\"animation-delay:0.1s\">\r\n\t\t<div class=\"w-grid-item-h\">\r\n\t\t\t\t\t\t\t<a href=\"https:\/\/gruene-wiesbaden.de\/hr\/kultur\/\" class=\"w-grid-item-anchor\" aria-label=\"kultura\"><\/a>\r\n\t\t\t\t\t\t<div class=\"w-post-elm post_image usg_post_image_1 stretched\"><img loading=\"lazy\" decoding=\"async\" width=\"600\" height=\"400\" src=\"https:\/\/gruene-wiesbaden.de\/wp-content\/uploads\/2025\/11\/1.10-Kultur-600x400.jpeg\" class=\"attachment-large size-large wp-post-image\" alt=\"\" srcset=\"https:\/\/gruene-wiesbaden.de\/wp-content\/uploads\/2025\/11\/1.10-Kultur-600x400.jpeg 600w, https:\/\/gruene-wiesbaden.de\/wp-content\/uploads\/2025\/11\/1.10-Kultur-400x267.jpeg 400w\" sizes=\"auto, (max-width: 600px) 100vw, 600px\" \/><\/div><div class=\"w-vwrapper usg_vwrapper_1 align_none valign_top\"><h2 class=\"w-post-elm post_title usg_post_title_1 has_text_color entry-title color_link_inherit\">kultura<\/h2><\/div>\t\t<\/div>\r\n\t\t\t<\/article>\r\n\t<article class=\"w-grid-item us_animate_afb off_autostart size_1x1 post-1339 post type-post status-publish format-standard has-post-thumbnail hentry category-kapitel-1\" data-id=\"1339\" style=\"animation-delay:0.2s\">\r\n\t\t<div class=\"w-grid-item-h\">\r\n\t\t\t\t\t\t\t<a href=\"https:\/\/gruene-wiesbaden.de\/hr\/gesundheit-und-pflege\/\" class=\"w-grid-item-anchor\" aria-label=\"Zdravstvo i skrb\"><\/a>\r\n\t\t\t\t\t\t<div class=\"w-post-elm post_image usg_post_image_1 stretched\"><img loading=\"lazy\" decoding=\"async\" width=\"600\" height=\"400\" src=\"https:\/\/gruene-wiesbaden.de\/wp-content\/uploads\/2025\/11\/1.10.-Gesundheit-und-Pflege-1-600x400.jpg\" class=\"attachment-large size-large wp-post-image\" alt=\"\" srcset=\"https:\/\/gruene-wiesbaden.de\/wp-content\/uploads\/2025\/11\/1.10.-Gesundheit-und-Pflege-1-600x400.jpg 600w, https:\/\/gruene-wiesbaden.de\/wp-content\/uploads\/2025\/11\/1.10.-Gesundheit-und-Pflege-1-400x267.jpg 400w\" sizes=\"auto, (max-width: 600px) 100vw, 600px\" \/><\/div><div class=\"w-vwrapper usg_vwrapper_1 align_none valign_top\"><h2 class=\"w-post-elm post_title usg_post_title_1 has_text_color entry-title color_link_inherit\">Zdravstvo i skrb<\/h2><\/div>\t\t<\/div>\r\n\t\t\t<\/article>\r\n\t<article class=\"w-grid-item us_animate_afb off_autostart size_1x1 post-1341 post type-post status-publish format-standard has-post-thumbnail hentry category-kapitel-1\" data-id=\"1341\" style=\"animation-delay:0.3s\">\r\n\t\t<div class=\"w-grid-item-h\">\r\n\t\t\t\t\t\t\t<a href=\"https:\/\/gruene-wiesbaden.de\/hr\/sport\/\" class=\"w-grid-item-anchor\" aria-label=\"sport\"><\/a>\r\n\t\t\t\t\t\t<div class=\"w-post-elm post_image usg_post_image_1 stretched\"><img loading=\"lazy\" decoding=\"async\" width=\"400\" height=\"600\" src=\"https:\/\/gruene-wiesbaden.de\/wp-content\/uploads\/2025\/11\/1.11-Sport-400x600.jpg\" class=\"attachment-large size-large wp-post-image\" alt=\"\" srcset=\"https:\/\/gruene-wiesbaden.de\/wp-content\/uploads\/2025\/11\/1.11-Sport-400x600.jpg 400w, https:\/\/gruene-wiesbaden.de\/wp-content\/uploads\/2025\/11\/1.11-Sport-267x400.jpg 267w, https:\/\/gruene-wiesbaden.de\/wp-content\/uploads\/2025\/11\/1.11-Sport-scaled.jpg 1707w\" sizes=\"auto, (max-width: 400px) 100vw, 400px\" \/><\/div><div class=\"w-vwrapper usg_vwrapper_1 align_none valign_top\"><h2 class=\"w-post-elm post_title usg_post_title_1 has_text_color entry-title color_link_inherit\">sport<\/h2><\/div>\t\t<\/div>\r\n\t\t\t<\/article>\r\n<\/div><div class=\"w-grid-preloader\">\t<div class=\"g-preloader type_1\">\r\n\t\t<div><\/div>\r\n\t<\/div>\r\n\t<\/div>\t<div class=\"w-grid-json hidden\" onclick='return {&quot;action&quot;:&quot;us_ajax_grid&quot;,&quot;infinite_scroll&quot;:0,&quot;max_num_pages&quot;:1,&quot;pagination&quot;:&quot;infinite&quot;,&quot;template_vars&quot;:{&quot;columns&quot;:&quot;4&quot;,&quot;exclude_items&quot;:&quot;none&quot;,&quot;img_size&quot;:&quot;default&quot;,&quot;ignore_items_size&quot;:0,&quot;items_layout&quot;:&quot;portfolio_2&quot;,&quot;items_offset&quot;:&quot;1&quot;,&quot;load_animation&quot;:&quot;afb&quot;,&quot;overriding_link&quot;:&quot;%7B%22type%22%3A%22post%22%7D&quot;,&quot;post_id&quot;:0,&quot;query_args&quot;:{&quot;post_type&quot;:[&quot;post&quot;],&quot;tax_query&quot;:[{&quot;taxonomy&quot;:&quot;category&quot;,&quot;field&quot;:&quot;slug&quot;,&quot;terms&quot;:[&quot;kapitel-1&quot;]}],&quot;post_status&quot;:[&quot;publish&quot;],&quot;posts_per_page&quot;:&quot;50&quot;},&quot;orderby_query_args&quot;:{&quot;orderby&quot;:{&quot;modified&quot;:&quot;ASC&quot;,&quot;date&quot;:&quot;ASC&quot;}},&quot;type&quot;:&quot;masonry&quot;,&quot;us_grid_post_type&quot;:&quot;post&quot;,&quot;us_grid_ajax_index&quot;:2,&quot;us_grid_filter_query_string&quot;:null,&quot;us_grid_index&quot;:2,&quot;page_args&quot;:[]}}'><\/div>\r\n\t<\/div><div class=\"w-separator size_large\"><\/div><div class=\"wpb_text_column\" id=\"Kapitel2\"><div class=\"wpb_wrapper\"><h1 style=\"text-align: left;\">Grad u kojem svi pripadaju<\/h1>\n<\/div><\/div><div class=\"w-separator size_small\"><\/div><div class=\"w-grid type_masonry layout_portfolio_2 cols_4 pagination_infinite with_isotope with_css_animation ratio_1x1\" id=\"us_grid_3\" style=\"--columns:4;--gap:6px;--item-ratio:1;\" data-filterable=\"true\"><style>@media (max-width:1380px){#us_grid_3{--columns:3!important}}@media (max-width:1024px){#us_grid_3{--columns:2!important}}@media (max-width:600px){#us_grid_3{--columns:1!important}}<\/style><div class=\"w-grid-list\">\t<article class=\"w-grid-item us_animate_afb off_autostart size_1x1 post-1394 post type-post status-publish format-standard has-post-thumbnail hentry category-kapitel-2-praeambel\" data-id=\"1394\" style=\"animation-delay:0s\">\r\n\t\t<div class=\"w-grid-item-h\">\r\n\t\t\t\t\t\t\t<a href=\"https:\/\/gruene-wiesbaden.de\/hr\/praeambel-eine-stadt-in-der-alle-dazugehoeren\/\" class=\"w-grid-item-anchor\" aria-label=\"Preambula: Grad u kojem svi pripadaju\"><\/a>\r\n\t\t\t\t\t\t<div class=\"w-post-elm post_image usg_post_image_1 stretched\"><img loading=\"lazy\" decoding=\"async\" width=\"600\" height=\"338\" src=\"https:\/\/gruene-wiesbaden.de\/wp-content\/uploads\/2025\/11\/MJK_82683-3-600x338.jpg\" class=\"attachment-large size-large wp-post-image\" alt=\"\" srcset=\"https:\/\/gruene-wiesbaden.de\/wp-content\/uploads\/2025\/11\/MJK_82683-3-600x338.jpg 600w, https:\/\/gruene-wiesbaden.de\/wp-content\/uploads\/2025\/11\/MJK_82683-3-400x225.jpg 400w\" sizes=\"auto, (max-width: 600px) 100vw, 600px\" \/><\/div><div class=\"w-vwrapper usg_vwrapper_1 align_none valign_top\"><h2 class=\"w-post-elm post_title usg_post_title_1 has_text_color entry-title color_link_inherit\">Preambula: Grad u kojem svi pripadaju<\/h2><\/div>\t\t<\/div>\r\n\t\t\t<\/article>\r\n<\/div><div class=\"w-grid-preloader\">\t<div class=\"g-preloader type_1\">\r\n\t\t<div><\/div>\r\n\t<\/div>\r\n\t<\/div>\t<div class=\"w-grid-json hidden\" onclick='return {&quot;action&quot;:&quot;us_ajax_grid&quot;,&quot;infinite_scroll&quot;:0,&quot;max_num_pages&quot;:1,&quot;pagination&quot;:&quot;infinite&quot;,&quot;template_vars&quot;:{&quot;columns&quot;:&quot;4&quot;,&quot;exclude_items&quot;:&quot;none&quot;,&quot;img_size&quot;:&quot;default&quot;,&quot;ignore_items_size&quot;:0,&quot;items_layout&quot;:&quot;portfolio_2&quot;,&quot;items_offset&quot;:&quot;1&quot;,&quot;load_animation&quot;:&quot;afb&quot;,&quot;overriding_link&quot;:&quot;%7B%22type%22%3A%22post%22%7D&quot;,&quot;post_id&quot;:0,&quot;query_args&quot;:{&quot;post_type&quot;:[&quot;post&quot;],&quot;tax_query&quot;:[{&quot;taxonomy&quot;:&quot;category&quot;,&quot;field&quot;:&quot;slug&quot;,&quot;terms&quot;:[&quot;kapitel-2-praeambel&quot;]}],&quot;post_status&quot;:[&quot;publish&quot;],&quot;posts_per_page&quot;:&quot;50&quot;},&quot;orderby_query_args&quot;:{&quot;orderby&quot;:&quot;RAND(1574672083)&quot;},&quot;type&quot;:&quot;masonry&quot;,&quot;us_grid_post_type&quot;:&quot;post&quot;,&quot;us_grid_ajax_index&quot;:3,&quot;us_grid_filter_query_string&quot;:null,&quot;us_grid_index&quot;:3,&quot;page_args&quot;:[]}}'><\/div>\r\n\t<\/div><div class=\"w-grid type_masonry layout_portfolio_2 cols_4 pagination_infinite with_isotope with_css_animation ratio_1x1\" id=\"us_grid_4\" style=\"--columns:4;--gap:6px;--item-ratio:1;\" data-filterable=\"true\"><style>@media (max-width:1380px){#us_grid_4{--columns:3!important}}@media (max-width:1024px){#us_grid_4{--columns:2!important}}@media (max-width:600px){#us_grid_4{--columns:1!important}}<\/style><div class=\"w-grid-list\">\t<article class=\"w-grid-item us_animate_afb off_autostart size_1x1 post-1349 post type-post status-publish format-standard has-post-thumbnail hentry category-kapitel-2\" data-id=\"1349\" style=\"animation-delay:0s\">\r\n\t\t<div class=\"w-grid-item-h\">\r\n\t\t\t\t\t\t\t<a href=\"https:\/\/gruene-wiesbaden.de\/hr\/geschlechtergerechtigkeit\/\" class=\"w-grid-item-anchor\" aria-label=\"Rodna ravnopravnost\"><\/a>\r\n\t\t\t\t\t\t<div class=\"w-post-elm post_image usg_post_image_1 stretched\"><img loading=\"lazy\" decoding=\"async\" width=\"600\" height=\"316\" src=\"https:\/\/gruene-wiesbaden.de\/wp-content\/uploads\/2025\/11\/2.1-Geschlechtergerechtigkeit-600x316.jpeg\" class=\"attachment-large size-large wp-post-image\" alt=\"\" srcset=\"https:\/\/gruene-wiesbaden.de\/wp-content\/uploads\/2025\/11\/2.1-Geschlechtergerechtigkeit-600x316.jpeg 600w, https:\/\/gruene-wiesbaden.de\/wp-content\/uploads\/2025\/11\/2.1-Geschlechtergerechtigkeit-400x211.jpeg 400w\" sizes=\"auto, (max-width: 600px) 100vw, 600px\" \/><\/div><div class=\"w-vwrapper usg_vwrapper_1 align_none valign_top\"><h2 class=\"w-post-elm post_title usg_post_title_1 has_text_color entry-title color_link_inherit\">Rodna ravnopravnost<\/h2><\/div>\t\t<\/div>\r\n\t\t\t<\/article>\r\n\t<article class=\"w-grid-item us_animate_afb off_autostart size_1x1 post-1351 post type-post status-publish format-standard has-post-thumbnail hentry category-kapitel-2\" data-id=\"1351\" style=\"animation-delay:0.1s\">\r\n\t\t<div class=\"w-grid-item-h\">\r\n\t\t\t\t\t\t\t<a href=\"https:\/\/gruene-wiesbaden.de\/hr\/gleichstellung-von-lgbtqia\/\" class=\"w-grid-item-anchor\" aria-label=\"LGBTQIA ravnopravnost*\"><\/a>\r\n\t\t\t\t\t\t<div class=\"w-post-elm post_image usg_post_image_1 stretched\"><img loading=\"lazy\" decoding=\"async\" width=\"600\" height=\"400\" src=\"https:\/\/gruene-wiesbaden.de\/wp-content\/uploads\/2025\/11\/2.2-Gleichstellung-LGBTQAI-600x400.jpeg\" class=\"attachment-large size-large wp-post-image\" alt=\"\" srcset=\"https:\/\/gruene-wiesbaden.de\/wp-content\/uploads\/2025\/11\/2.2-Gleichstellung-LGBTQAI-600x400.jpeg 600w, https:\/\/gruene-wiesbaden.de\/wp-content\/uploads\/2025\/11\/2.2-Gleichstellung-LGBTQAI-400x267.jpeg 400w\" sizes=\"auto, (max-width: 600px) 100vw, 600px\" \/><\/div><div class=\"w-vwrapper usg_vwrapper_1 align_none valign_top\"><h2 class=\"w-post-elm post_title usg_post_title_1 has_text_color entry-title color_link_inherit\">LGBTQIA ravnopravnost*<\/h2><\/div>\t\t<\/div>\r\n\t\t\t<\/article>\r\n\t<article class=\"w-grid-item us_animate_afb off_autostart size_1x1 post-1353 post type-post status-publish format-standard has-post-thumbnail hentry category-kapitel-2\" data-id=\"1353\" style=\"animation-delay:0.2s\">\r\n\t\t<div class=\"w-grid-item-h\">\r\n\t\t\t\t\t\t\t<a href=\"https:\/\/gruene-wiesbaden.de\/hr\/inklusion-und-barrierefreiheit\/\" class=\"w-grid-item-anchor\" aria-label=\"Uklju\u010divanje i pristupa\u010dnost\"><\/a>\r\n\t\t\t\t\t\t<div class=\"w-post-elm post_image usg_post_image_1 stretched\"><img loading=\"lazy\" decoding=\"async\" width=\"600\" height=\"336\" src=\"https:\/\/gruene-wiesbaden.de\/wp-content\/uploads\/2025\/11\/2.3-Inklusion-und-Barrierefreiheit-600x336.jpeg\" class=\"attachment-large size-large wp-post-image\" alt=\"\" srcset=\"https:\/\/gruene-wiesbaden.de\/wp-content\/uploads\/2025\/11\/2.3-Inklusion-und-Barrierefreiheit-600x336.jpeg 600w, https:\/\/gruene-wiesbaden.de\/wp-content\/uploads\/2025\/11\/2.3-Inklusion-und-Barrierefreiheit-400x224.jpeg 400w\" sizes=\"auto, (max-width: 600px) 100vw, 600px\" \/><\/div><div class=\"w-vwrapper usg_vwrapper_1 align_none valign_top\"><h2 class=\"w-post-elm post_title usg_post_title_1 has_text_color entry-title color_link_inherit\">Uklju\u010divanje i pristupa\u010dnost<\/h2><\/div>\t\t<\/div>\r\n\t\t\t<\/article>\r\n\t<article class=\"w-grid-item us_animate_afb off_autostart size_1x1 post-1355 post type-post status-publish format-standard has-post-thumbnail hentry category-kapitel-2\" data-id=\"1355\" style=\"animation-delay:0.3s\">\r\n\t\t<div class=\"w-grid-item-h\">\r\n\t\t\t\t\t\t\t<a href=\"https:\/\/gruene-wiesbaden.de\/hr\/antidiskriminierung-kulturelle-vielfalt-und-integration\/\" class=\"w-grid-item-anchor\" aria-label=\"Borba protiv diskriminacije, kulturna raznolikost i integracija\"><\/a>\r\n\t\t\t\t\t\t<div class=\"w-post-elm post_image usg_post_image_1 stretched\"><img loading=\"lazy\" decoding=\"async\" width=\"600\" height=\"400\" src=\"https:\/\/gruene-wiesbaden.de\/wp-content\/uploads\/2025\/11\/2.4-Antidiskriminierung-kulturelle-Vielfalt-und-Integration-600x400.jpg\" class=\"attachment-large size-large wp-post-image\" alt=\"\" srcset=\"https:\/\/gruene-wiesbaden.de\/wp-content\/uploads\/2025\/11\/2.4-Antidiskriminierung-kulturelle-Vielfalt-und-Integration-600x400.jpg 600w, https:\/\/gruene-wiesbaden.de\/wp-content\/uploads\/2025\/11\/2.4-Antidiskriminierung-kulturelle-Vielfalt-und-Integration-400x267.jpg 400w\" sizes=\"auto, (max-width: 600px) 100vw, 600px\" \/><\/div><div class=\"w-vwrapper usg_vwrapper_1 align_none valign_top\"><h2 class=\"w-post-elm post_title usg_post_title_1 has_text_color entry-title color_link_inherit\">Borba protiv diskriminacije, kulturna raznolikost i integracija<\/h2><\/div>\t\t<\/div>\r\n\t\t\t<\/article>\r\n\t<article class=\"w-grid-item us_animate_afb off_autostart size_1x1 post-1357 post type-post status-publish format-standard has-post-thumbnail hentry category-kapitel-2\" data-id=\"1357\" style=\"animation-delay:0.4s\">\r\n\t\t<div class=\"w-grid-item-h\">\r\n\t\t\t\t\t\t\t<a href=\"https:\/\/gruene-wiesbaden.de\/hr\/sicherheit-und-schutz-vor-gewalt\/\" class=\"w-grid-item-anchor\" aria-label=\"Sigurnost i za\u0161tita od nasilja\"><\/a>\r\n\t\t\t\t\t\t<div class=\"w-post-elm post_image usg_post_image_1 stretched\"><img loading=\"lazy\" decoding=\"async\" width=\"480\" height=\"600\" src=\"https:\/\/gruene-wiesbaden.de\/wp-content\/uploads\/2025\/11\/2.5-Sicherheit-und-Schutz-vor-Gewalt-480x600.jpg\" class=\"attachment-large size-large wp-post-image\" alt=\"\" srcset=\"https:\/\/gruene-wiesbaden.de\/wp-content\/uploads\/2025\/11\/2.5-Sicherheit-und-Schutz-vor-Gewalt-480x600.jpg 480w, https:\/\/gruene-wiesbaden.de\/wp-content\/uploads\/2025\/11\/2.5-Sicherheit-und-Schutz-vor-Gewalt-320x400.jpg 320w, https:\/\/gruene-wiesbaden.de\/wp-content\/uploads\/2025\/11\/2.5-Sicherheit-und-Schutz-vor-Gewalt-scaled.jpg 2048w\" sizes=\"auto, (max-width: 480px) 100vw, 480px\" \/><\/div><div class=\"w-vwrapper usg_vwrapper_1 align_none valign_top\"><h2 class=\"w-post-elm post_title usg_post_title_1 has_text_color entry-title color_link_inherit\">Sigurnost i za\u0161tita od nasilja<\/h2><\/div>\t\t<\/div>\r\n\t\t\t<\/article>\r\n\t<article class=\"w-grid-item us_animate_afb off_autostart size_1x1 post-1359 post type-post status-publish format-standard has-post-thumbnail hentry category-kapitel-2\" data-id=\"1359\" style=\"animation-delay:0.5s\">\r\n\t\t<div class=\"w-grid-item-h\">\r\n\t\t\t\t\t\t\t<a href=\"https:\/\/gruene-wiesbaden.de\/hr\/zivilgesellschaftliches-engagement-und-demokratiefoerderung\/\" class=\"w-grid-item-anchor\" aria-label=\"Anga\u017eman civilnog dru\u0161tva i promicanje demokracije\"><\/a>\r\n\t\t\t\t\t\t<div class=\"w-post-elm post_image usg_post_image_1 stretched\"><img loading=\"lazy\" decoding=\"async\" width=\"600\" height=\"600\" src=\"https:\/\/gruene-wiesbaden.de\/wp-content\/uploads\/2025\/11\/2.6-Zivilgesellschaftliches-Engagement-1-600x600.jpg\" class=\"attachment-large size-large wp-post-image\" alt=\"\" srcset=\"https:\/\/gruene-wiesbaden.de\/wp-content\/uploads\/2025\/11\/2.6-Zivilgesellschaftliches-Engagement-1-600x600.jpg 600w, https:\/\/gruene-wiesbaden.de\/wp-content\/uploads\/2025\/11\/2.6-Zivilgesellschaftliches-Engagement-1-400x400.jpg 400w, https:\/\/gruene-wiesbaden.de\/wp-content\/uploads\/2025\/11\/2.6-Zivilgesellschaftliches-Engagement-1-150x150.jpg 150w, https:\/\/gruene-wiesbaden.de\/wp-content\/uploads\/2025\/11\/2.6-Zivilgesellschaftliches-Engagement-1.jpg 750w\" sizes=\"auto, (max-width: 600px) 100vw, 600px\" \/><\/div><div class=\"w-vwrapper usg_vwrapper_1 align_none valign_top\"><h2 class=\"w-post-elm post_title usg_post_title_1 has_text_color entry-title color_link_inherit\">Anga\u017eman civilnog dru\u0161tva i promicanje demokracije<\/h2><\/div>\t\t<\/div>\r\n\t\t\t<\/article>\r\n\t<article class=\"w-grid-item us_animate_afb off_autostart size_1x1 post-1361 post type-post status-publish format-standard has-post-thumbnail hentry category-kapitel-2\" data-id=\"1361\" style=\"animation-delay:0.6s\">\r\n\t\t<div class=\"w-grid-item-h\">\r\n\t\t\t\t\t\t\t<a href=\"https:\/\/gruene-wiesbaden.de\/hr\/chancengerechte-bildung\/\" class=\"w-grid-item-anchor\" aria-label=\"Jednake mogu\u0107nosti obrazovanja\"><\/a>\r\n\t\t\t\t\t\t<div class=\"w-post-elm post_image usg_post_image_1 stretched\"><img loading=\"lazy\" decoding=\"async\" width=\"600\" height=\"400\" src=\"https:\/\/gruene-wiesbaden.de\/wp-content\/uploads\/2025\/11\/2.7-Chancengerechte-Bildung-600x400.jpeg\" class=\"attachment-large size-large wp-post-image\" alt=\"\" srcset=\"https:\/\/gruene-wiesbaden.de\/wp-content\/uploads\/2025\/11\/2.7-Chancengerechte-Bildung-600x400.jpeg 600w, https:\/\/gruene-wiesbaden.de\/wp-content\/uploads\/2025\/11\/2.7-Chancengerechte-Bildung-400x267.jpeg 400w\" sizes=\"auto, (max-width: 600px) 100vw, 600px\" \/><\/div><div class=\"w-vwrapper usg_vwrapper_1 align_none valign_top\"><h2 class=\"w-post-elm post_title usg_post_title_1 has_text_color entry-title color_link_inherit\">Jednake mogu\u0107nosti obrazovanja<\/h2><\/div>\t\t<\/div>\r\n\t\t\t<\/article>\r\n\t<article class=\"w-grid-item us_animate_afb off_autostart size_1x1 post-1366 post type-post status-publish format-standard has-post-thumbnail hentry category-kapitel-2\" data-id=\"1366\" style=\"animation-delay:0.7s\">\r\n\t\t<div class=\"w-grid-item-h\">\r\n\t\t\t\t\t\t\t<a href=\"https:\/\/gruene-wiesbaden.de\/hr\/kinder-familien-und-alleinerziehende\/\" class=\"w-grid-item-anchor\" aria-label=\"Djeca, obitelji i samohrani roditelji\"><\/a>\r\n\t\t\t\t\t\t<div class=\"w-post-elm post_image usg_post_image_1 stretched\"><img loading=\"lazy\" decoding=\"async\" width=\"600\" height=\"400\" src=\"https:\/\/gruene-wiesbaden.de\/wp-content\/uploads\/2025\/11\/2.8-Kinder-Familien-und-Alleinerziehende-600x400.jpg\" class=\"attachment-large size-large wp-post-image\" alt=\"\" srcset=\"https:\/\/gruene-wiesbaden.de\/wp-content\/uploads\/2025\/11\/2.8-Kinder-Familien-und-Alleinerziehende-600x400.jpg 600w, https:\/\/gruene-wiesbaden.de\/wp-content\/uploads\/2025\/11\/2.8-Kinder-Familien-und-Alleinerziehende-400x267.jpg 400w\" sizes=\"auto, (max-width: 600px) 100vw, 600px\" \/><\/div><div class=\"w-vwrapper usg_vwrapper_1 align_none valign_top\"><h2 class=\"w-post-elm post_title usg_post_title_1 has_text_color entry-title color_link_inherit\">Djeca, obitelji i samohrani roditelji<\/h2><\/div>\t\t<\/div>\r\n\t\t\t<\/article>\r\n\t<article class=\"w-grid-item us_animate_afb off_autostart size_1x1 post-1368 post type-post status-publish format-standard has-post-thumbnail hentry category-kapitel-2\" data-id=\"1368\" style=\"animation-delay:0s\">\r\n\t\t<div class=\"w-grid-item-h\">\r\n\t\t\t\t\t\t\t<a href=\"https:\/\/gruene-wiesbaden.de\/hr\/jugend-auszubildende-und-studierende\/\" class=\"w-grid-item-anchor\" aria-label=\"Mladi, nau\u010dnici i studenti\"><\/a>\r\n\t\t\t\t\t\t<div class=\"w-post-elm post_image usg_post_image_1 stretched\"><img loading=\"lazy\" decoding=\"async\" width=\"600\" height=\"423\" src=\"https:\/\/gruene-wiesbaden.de\/wp-content\/uploads\/2025\/11\/2.9-Jugend-Auszubildende-Studierende-600x423.jpg\" class=\"attachment-large size-large wp-post-image\" alt=\"\" srcset=\"https:\/\/gruene-wiesbaden.de\/wp-content\/uploads\/2025\/11\/2.9-Jugend-Auszubildende-Studierende-600x423.jpg 600w, https:\/\/gruene-wiesbaden.de\/wp-content\/uploads\/2025\/11\/2.9-Jugend-Auszubildende-Studierende-400x282.jpg 400w\" sizes=\"auto, (max-width: 600px) 100vw, 600px\" \/><\/div><div class=\"w-vwrapper usg_vwrapper_1 align_none valign_top\"><h2 class=\"w-post-elm post_title usg_post_title_1 has_text_color entry-title color_link_inherit\">Mladi, nau\u010dnici i studenti<\/h2><\/div>\t\t<\/div>\r\n\t\t\t<\/article>\r\n\t<article class=\"w-grid-item us_animate_afb off_autostart size_1x1 post-1370 post type-post status-publish format-standard has-post-thumbnail hentry category-kapitel-2\" data-id=\"1370\" style=\"animation-delay:0.1s\">\r\n\t\t<div class=\"w-grid-item-h\">\r\n\t\t\t\t\t\t\t<a href=\"https:\/\/gruene-wiesbaden.de\/hr\/seniorinnen\/\" class=\"w-grid-item-anchor\" aria-label=\"Starije osobe\"><\/a>\r\n\t\t\t\t\t\t<div class=\"w-post-elm post_image usg_post_image_1 stretched\"><img loading=\"lazy\" decoding=\"async\" width=\"400\" height=\"600\" src=\"https:\/\/gruene-wiesbaden.de\/wp-content\/uploads\/2025\/11\/2.10-Seniorinnen-400x600.jpg\" class=\"attachment-large size-large wp-post-image\" alt=\"\" srcset=\"https:\/\/gruene-wiesbaden.de\/wp-content\/uploads\/2025\/11\/2.10-Seniorinnen-400x600.jpg 400w, https:\/\/gruene-wiesbaden.de\/wp-content\/uploads\/2025\/11\/2.10-Seniorinnen-267x400.jpg 267w, https:\/\/gruene-wiesbaden.de\/wp-content\/uploads\/2025\/11\/2.10-Seniorinnen-scaled.jpg 1707w\" sizes=\"auto, (max-width: 400px) 100vw, 400px\" \/><\/div><div class=\"w-vwrapper usg_vwrapper_1 align_none valign_top\"><h2 class=\"w-post-elm post_title usg_post_title_1 has_text_color entry-title color_link_inherit\">Starije osobe<\/h2><\/div>\t\t<\/div>\r\n\t\t\t<\/article>\r\n\t<article class=\"w-grid-item us_animate_afb off_autostart size_1x1 post-1372 post type-post status-publish format-standard has-post-thumbnail hentry category-kapitel-2\" data-id=\"1372\" style=\"animation-delay:0.2s\">\r\n\t\t<div class=\"w-grid-item-h\">\r\n\t\t\t\t\t\t\t<a href=\"https:\/\/gruene-wiesbaden.de\/hr\/soziale-teilhabe-und-unterstuetzung-von-menschen-in-notlagen\/\" class=\"w-grid-item-anchor\" aria-label=\"Dru\u0161tveno sudjelovanje i potpora osobama u kriznim situacijama\"><\/a>\r\n\t\t\t\t\t\t<div class=\"w-post-elm post_image usg_post_image_1 stretched\"><img loading=\"lazy\" decoding=\"async\" width=\"600\" height=\"400\" src=\"https:\/\/gruene-wiesbaden.de\/wp-content\/uploads\/2025\/11\/2.11-Soziale-Teilhabe-und-Unterstuetzung-fuer-Menschen-in-Notlagen-600x400.jpg\" class=\"attachment-large size-large wp-post-image\" alt=\"\" srcset=\"https:\/\/gruene-wiesbaden.de\/wp-content\/uploads\/2025\/11\/2.11-Soziale-Teilhabe-und-Unterstuetzung-fuer-Menschen-in-Notlagen-600x400.jpg 600w, https:\/\/gruene-wiesbaden.de\/wp-content\/uploads\/2025\/11\/2.11-Soziale-Teilhabe-und-Unterstuetzung-fuer-Menschen-in-Notlagen-400x267.jpg 400w\" sizes=\"auto, (max-width: 600px) 100vw, 600px\" \/><\/div><div class=\"w-vwrapper usg_vwrapper_1 align_none valign_top\"><h2 class=\"w-post-elm post_title usg_post_title_1 has_text_color entry-title color_link_inherit\">Dru\u0161tveno sudjelovanje i potpora osobama u kriznim situacijama<\/h2><\/div>\t\t<\/div>\r\n\t\t\t<\/article>\r\n\t<article class=\"w-grid-item us_animate_afb off_autostart size_1x1 post-1374 post type-post status-publish format-standard has-post-thumbnail hentry category-kapitel-2\" data-id=\"1374\" style=\"animation-delay:0.3s\">\r\n\t\t<div class=\"w-grid-item-h\">\r\n\t\t\t\t\t\t\t<a href=\"https:\/\/gruene-wiesbaden.de\/hr\/gefluechtete\/\" class=\"w-grid-item-anchor\" aria-label=\"Izbjeglice\"><\/a>\r\n\t\t\t\t\t\t<div class=\"w-post-elm post_image usg_post_image_1 stretched\"><img loading=\"lazy\" decoding=\"async\" width=\"600\" height=\"400\" src=\"https:\/\/gruene-wiesbaden.de\/wp-content\/uploads\/2025\/11\/2.12-Gefluechtete-600x400.jpeg\" class=\"attachment-large size-large wp-post-image\" alt=\"\" srcset=\"https:\/\/gruene-wiesbaden.de\/wp-content\/uploads\/2025\/11\/2.12-Gefluechtete-600x400.jpeg 600w, https:\/\/gruene-wiesbaden.de\/wp-content\/uploads\/2025\/11\/2.12-Gefluechtete-400x267.jpeg 400w\" sizes=\"auto, (max-width: 600px) 100vw, 600px\" \/><\/div><div class=\"w-vwrapper usg_vwrapper_1 align_none valign_top\"><h2 class=\"w-post-elm post_title usg_post_title_1 has_text_color entry-title color_link_inherit\">Izbjeglice<\/h2><\/div>\t\t<\/div>\r\n\t\t\t<\/article>\r\n<\/div><div class=\"w-grid-preloader\">\t<div class=\"g-preloader type_1\">\r\n\t\t<div><\/div>\r\n\t<\/div>\r\n\t<\/div>\t<div class=\"w-grid-json hidden\" onclick='return {&quot;action&quot;:&quot;us_ajax_grid&quot;,&quot;infinite_scroll&quot;:0,&quot;max_num_pages&quot;:1,&quot;pagination&quot;:&quot;infinite&quot;,&quot;template_vars&quot;:{&quot;columns&quot;:&quot;4&quot;,&quot;exclude_items&quot;:&quot;none&quot;,&quot;img_size&quot;:&quot;default&quot;,&quot;ignore_items_size&quot;:0,&quot;items_layout&quot;:&quot;portfolio_2&quot;,&quot;items_offset&quot;:&quot;1&quot;,&quot;load_animation&quot;:&quot;afb&quot;,&quot;overriding_link&quot;:&quot;%7B%22type%22%3A%22post%22%7D&quot;,&quot;post_id&quot;:0,&quot;query_args&quot;:{&quot;post_type&quot;:[&quot;post&quot;],&quot;tax_query&quot;:[{&quot;taxonomy&quot;:&quot;category&quot;,&quot;field&quot;:&quot;slug&quot;,&quot;terms&quot;:[&quot;kapitel-2&quot;]}],&quot;post_status&quot;:[&quot;publish&quot;],&quot;posts_per_page&quot;:&quot;50&quot;},&quot;orderby_query_args&quot;:{&quot;orderby&quot;:{&quot;date&quot;:&quot;ASC&quot;}},&quot;type&quot;:&quot;masonry&quot;,&quot;us_grid_post_type&quot;:&quot;post&quot;,&quot;us_grid_ajax_index&quot;:4,&quot;us_grid_filter_query_string&quot;:null,&quot;us_grid_index&quot;:4,&quot;page_args&quot;:[]}}'><\/div>\r\n\t<\/div><div class=\"w-separator size_large\"><\/div><div class=\"wpb_text_column\" id=\"Kapitel3\"><div class=\"wpb_wrapper\"><h1 style=\"text-align: left;\">Osiguravanje budu\u0107e odr\u017eivosti Wiesbadena<\/h1>\n<\/div><\/div><div class=\"w-separator size_small\"><\/div><div class=\"w-grid type_masonry layout_portfolio_2 cols_4 pagination_infinite with_isotope with_css_animation ratio_1x1\" id=\"us_grid_5\" style=\"--columns:4;--gap:6px;--item-ratio:1;\" data-filterable=\"true\"><style>@media (max-width:1380px){#us_grid_5{--columns:3!important}}@media (max-width:1024px){#us_grid_5{--columns:2!important}}@media (max-width:600px){#us_grid_5{--columns:1!important}}<\/style><div class=\"w-grid-list\">\t<article class=\"w-grid-item us_animate_afb off_autostart size_1x1 post-1396 post type-post status-publish format-standard has-post-thumbnail hentry category-kapitel-3-praeambel\" data-id=\"1396\" style=\"animation-delay:0s\">\r\n\t\t<div class=\"w-grid-item-h\">\r\n\t\t\t\t\t\t\t<a href=\"https:\/\/gruene-wiesbaden.de\/hr\/praeambel-zukunftsfaehigkeit-wiesbadens-sichern\/\" class=\"w-grid-item-anchor\" aria-label=\"Preambula: Osiguravanje budu\u0107e odr\u017eivosti Wiesbadena\"><\/a>\r\n\t\t\t\t\t\t<div class=\"w-post-elm post_image usg_post_image_1 stretched\"><img loading=\"lazy\" decoding=\"async\" width=\"600\" height=\"338\" src=\"https:\/\/gruene-wiesbaden.de\/wp-content\/uploads\/2025\/11\/MJK_82683-3-600x338.jpg\" class=\"attachment-large size-large wp-post-image\" alt=\"\" srcset=\"https:\/\/gruene-wiesbaden.de\/wp-content\/uploads\/2025\/11\/MJK_82683-3-600x338.jpg 600w, https:\/\/gruene-wiesbaden.de\/wp-content\/uploads\/2025\/11\/MJK_82683-3-400x225.jpg 400w\" sizes=\"auto, (max-width: 600px) 100vw, 600px\" \/><\/div><div class=\"w-vwrapper usg_vwrapper_1 align_none valign_top\"><h2 class=\"w-post-elm post_title usg_post_title_1 has_text_color entry-title color_link_inherit\">Preambula: Osiguravanje budu\u0107e odr\u017eivosti Wiesbadena<\/h2><\/div>\t\t<\/div>\r\n\t\t\t<\/article>\r\n<\/div><div class=\"w-grid-preloader\">\t<div class=\"g-preloader type_1\">\r\n\t\t<div><\/div>\r\n\t<\/div>\r\n\t<\/div>\t<div class=\"w-grid-json hidden\" onclick='return {&quot;action&quot;:&quot;us_ajax_grid&quot;,&quot;infinite_scroll&quot;:0,&quot;max_num_pages&quot;:1,&quot;pagination&quot;:&quot;infinite&quot;,&quot;template_vars&quot;:{&quot;columns&quot;:&quot;4&quot;,&quot;exclude_items&quot;:&quot;none&quot;,&quot;img_size&quot;:&quot;default&quot;,&quot;ignore_items_size&quot;:0,&quot;items_layout&quot;:&quot;portfolio_2&quot;,&quot;items_offset&quot;:&quot;1&quot;,&quot;load_animation&quot;:&quot;afb&quot;,&quot;overriding_link&quot;:&quot;%7B%22type%22%3A%22post%22%7D&quot;,&quot;post_id&quot;:0,&quot;query_args&quot;:{&quot;post_type&quot;:[&quot;post&quot;],&quot;tax_query&quot;:[{&quot;taxonomy&quot;:&quot;category&quot;,&quot;field&quot;:&quot;slug&quot;,&quot;terms&quot;:[&quot;kapitel-3-praeambel&quot;]}],&quot;post_status&quot;:[&quot;publish&quot;],&quot;posts_per_page&quot;:&quot;50&quot;},&quot;orderby_query_args&quot;:{&quot;orderby&quot;:&quot;RAND(1206086540)&quot;},&quot;type&quot;:&quot;masonry&quot;,&quot;us_grid_post_type&quot;:&quot;post&quot;,&quot;us_grid_ajax_index&quot;:5,&quot;us_grid_filter_query_string&quot;:null,&quot;us_grid_index&quot;:5,&quot;page_args&quot;:[]}}'><\/div>\r\n\t<\/div><div class=\"w-grid type_masonry layout_portfolio_2 cols_4 pagination_infinite with_isotope with_css_animation ratio_1x1\" id=\"us_grid_6\" style=\"--columns:4;--gap:6px;--item-ratio:1;\" data-filterable=\"true\"><style>@media (max-width:1380px){#us_grid_6{--columns:3!important}}@media (max-width:1024px){#us_grid_6{--columns:2!important}}@media (max-width:600px){#us_grid_6{--columns:1!important}}<\/style><div class=\"w-grid-list\">\t<article class=\"w-grid-item us_animate_afb off_autostart size_1x1 post-1376 post type-post status-publish format-standard has-post-thumbnail hentry category-kapitel-3\" data-id=\"1376\" style=\"animation-delay:0s\">\r\n\t\t<div class=\"w-grid-item-h\">\r\n\t\t\t\t\t\t\t<a href=\"https:\/\/gruene-wiesbaden.de\/hr\/wiesbaden-als-attraktiver-bildungs-und-hochschulort\/\" class=\"w-grid-item-anchor\" aria-label=\"Wiesbaden kao privla\u010dno mjesto za obrazovanje i visoko obrazovanje\"><\/a>\r\n\t\t\t\t\t\t<div class=\"w-post-elm post_image usg_post_image_1 stretched\"><img loading=\"lazy\" decoding=\"async\" width=\"400\" height=\"600\" src=\"https:\/\/gruene-wiesbaden.de\/wp-content\/uploads\/2025\/11\/3.1-attraktiver-Bildungs-und-Hochschulstandort-400x600.jpg\" class=\"attachment-large size-large wp-post-image\" alt=\"\" srcset=\"https:\/\/gruene-wiesbaden.de\/wp-content\/uploads\/2025\/11\/3.1-attraktiver-Bildungs-und-Hochschulstandort-400x600.jpg 400w, https:\/\/gruene-wiesbaden.de\/wp-content\/uploads\/2025\/11\/3.1-attraktiver-Bildungs-und-Hochschulstandort-267x400.jpg 267w, https:\/\/gruene-wiesbaden.de\/wp-content\/uploads\/2025\/11\/3.1-attraktiver-Bildungs-und-Hochschulstandort-scaled.jpg 1707w\" sizes=\"auto, (max-width: 400px) 100vw, 400px\" \/><\/div><div class=\"w-vwrapper usg_vwrapper_1 align_none valign_top\"><h2 class=\"w-post-elm post_title usg_post_title_1 has_text_color entry-title color_link_inherit\">Wiesbaden kao privla\u010dno mjesto za obrazovanje i visoko obrazovanje<\/h2><\/div>\t\t<\/div>\r\n\t\t\t<\/article>\r\n\t<article class=\"w-grid-item us_animate_afb off_autostart size_1x1 post-1378 post type-post status-publish format-standard has-post-thumbnail hentry category-kapitel-3\" data-id=\"1378\" style=\"animation-delay:0.1s\">\r\n\t\t<div class=\"w-grid-item-h\">\r\n\t\t\t\t\t\t\t<a href=\"https:\/\/gruene-wiesbaden.de\/hr\/wiesbaden-als-attraktiver-wirtschaftsstandort\/\" class=\"w-grid-item-anchor\" aria-label=\"Wiesbaden kao atraktivna poslovna lokacija\"><\/a>\r\n\t\t\t\t\t\t<div class=\"w-post-elm post_image usg_post_image_1 stretched\"><img loading=\"lazy\" decoding=\"async\" width=\"600\" height=\"400\" src=\"https:\/\/gruene-wiesbaden.de\/wp-content\/uploads\/2025\/11\/3.2-Wiesbaden-als-attraktiver-Wirtschaftsstandort-600x400.jpg\" class=\"attachment-large size-large wp-post-image\" alt=\"\" srcset=\"https:\/\/gruene-wiesbaden.de\/wp-content\/uploads\/2025\/11\/3.2-Wiesbaden-als-attraktiver-Wirtschaftsstandort-600x400.jpg 600w, https:\/\/gruene-wiesbaden.de\/wp-content\/uploads\/2025\/11\/3.2-Wiesbaden-als-attraktiver-Wirtschaftsstandort-400x267.jpg 400w\" sizes=\"auto, (max-width: 600px) 100vw, 600px\" \/><\/div><div class=\"w-vwrapper usg_vwrapper_1 align_none valign_top\"><h2 class=\"w-post-elm post_title usg_post_title_1 has_text_color entry-title color_link_inherit\">Wiesbaden kao atraktivna poslovna lokacija<\/h2><\/div>\t\t<\/div>\r\n\t\t\t<\/article>\r\n\t<article class=\"w-grid-item us_animate_afb off_autostart size_1x1 post-1380 post type-post status-publish format-standard has-post-thumbnail hentry category-kapitel-3\" data-id=\"1380\" style=\"animation-delay:0.2s\">\r\n\t\t<div class=\"w-grid-item-h\">\r\n\t\t\t\t\t\t\t<a href=\"https:\/\/gruene-wiesbaden.de\/hr\/wirtschaftsfoerderung-und-beschaeftigung\/\" class=\"w-grid-item-anchor\" aria-label=\"Gospodarski razvoj i zapo\u0161ljavanje\"><\/a>\r\n\t\t\t\t\t\t<div class=\"w-post-elm post_image usg_post_image_1 stretched\"><img loading=\"lazy\" decoding=\"async\" width=\"600\" height=\"400\" src=\"https:\/\/gruene-wiesbaden.de\/wp-content\/uploads\/2025\/11\/3.3-Wirtschaftsfoerderung-und-Beschaeftigung-600x400.jpeg\" class=\"attachment-large size-large wp-post-image\" alt=\"\" srcset=\"https:\/\/gruene-wiesbaden.de\/wp-content\/uploads\/2025\/11\/3.3-Wirtschaftsfoerderung-und-Beschaeftigung-600x400.jpeg 600w, https:\/\/gruene-wiesbaden.de\/wp-content\/uploads\/2025\/11\/3.3-Wirtschaftsfoerderung-und-Beschaeftigung-400x267.jpeg 400w\" sizes=\"auto, (max-width: 600px) 100vw, 600px\" \/><\/div><div class=\"w-vwrapper usg_vwrapper_1 align_none valign_top\"><h2 class=\"w-post-elm post_title usg_post_title_1 has_text_color entry-title color_link_inherit\">Gospodarski razvoj i zapo\u0161ljavanje<\/h2><\/div>\t\t<\/div>\r\n\t\t\t<\/article>\r\n\t<article class=\"w-grid-item us_animate_afb off_autostart size_1x1 post-1382 post type-post status-publish format-standard has-post-thumbnail hentry category-kapitel-3\" data-id=\"1382\" style=\"animation-delay:0.3s\">\r\n\t\t<div class=\"w-grid-item-h\">\r\n\t\t\t\t\t\t\t<a href=\"https:\/\/gruene-wiesbaden.de\/hr\/nachhaltige-infrastruktur-und-waermewende\/\" class=\"w-grid-item-anchor\" aria-label=\"Odr\u017eiva infrastruktura i toplinska tranzicija\"><\/a>\r\n\t\t\t\t\t\t<div class=\"w-post-elm post_image usg_post_image_1 stretched\"><img loading=\"lazy\" decoding=\"async\" width=\"450\" height=\"600\" src=\"https:\/\/gruene-wiesbaden.de\/wp-content\/uploads\/2025\/11\/3.4-Nachhaltige-Infrastruktur-und-Waermewende-450x600.jpg\" class=\"attachment-large size-large wp-post-image\" alt=\"\" srcset=\"https:\/\/gruene-wiesbaden.de\/wp-content\/uploads\/2025\/11\/3.4-Nachhaltige-Infrastruktur-und-Waermewende-450x600.jpg 450w, https:\/\/gruene-wiesbaden.de\/wp-content\/uploads\/2025\/11\/3.4-Nachhaltige-Infrastruktur-und-Waermewende-300x400.jpg 300w, https:\/\/gruene-wiesbaden.de\/wp-content\/uploads\/2025\/11\/3.4-Nachhaltige-Infrastruktur-und-Waermewende-scaled.jpg 1920w\" sizes=\"auto, (max-width: 450px) 100vw, 450px\" \/><\/div><div class=\"w-vwrapper usg_vwrapper_1 align_none valign_top\"><h2 class=\"w-post-elm post_title usg_post_title_1 has_text_color entry-title color_link_inherit\">Odr\u017eiva infrastruktura i toplinska tranzicija<\/h2><\/div>\t\t<\/div>\r\n\t\t\t<\/article>\r\n\t<article class=\"w-grid-item us_animate_afb off_autostart size_1x1 post-1384 post type-post status-publish format-standard has-post-thumbnail hentry category-kapitel-3\" data-id=\"1384\" style=\"animation-delay:0.4s\">\r\n\t\t<div class=\"w-grid-item-h\">\r\n\t\t\t\t\t\t\t<a href=\"https:\/\/gruene-wiesbaden.de\/hr\/wiesbaden-zur-nachhaltigen-kommune-transformieren\/\" class=\"w-grid-item-anchor\" aria-label=\"Pretvaranje Wiesbadena u odr\u017eivu op\u0107inu\"><\/a>\r\n\t\t\t\t\t\t<div class=\"w-post-elm post_image usg_post_image_1 stretched\"><img loading=\"lazy\" decoding=\"async\" width=\"600\" height=\"338\" src=\"https:\/\/gruene-wiesbaden.de\/wp-content\/uploads\/2025\/11\/3.5-Wiesbaden-zur-nachhaltigen-Kommune-transformieren-600x338.jpg\" class=\"attachment-large size-large wp-post-image\" alt=\"\" srcset=\"https:\/\/gruene-wiesbaden.de\/wp-content\/uploads\/2025\/11\/3.5-Wiesbaden-zur-nachhaltigen-Kommune-transformieren-600x338.jpg 600w, https:\/\/gruene-wiesbaden.de\/wp-content\/uploads\/2025\/11\/3.5-Wiesbaden-zur-nachhaltigen-Kommune-transformieren-400x225.jpg 400w, https:\/\/gruene-wiesbaden.de\/wp-content\/uploads\/2025\/11\/3.5-Wiesbaden-zur-nachhaltigen-Kommune-transformieren.jpg 1920w\" sizes=\"auto, (max-width: 600px) 100vw, 600px\" \/><\/div><div class=\"w-vwrapper usg_vwrapper_1 align_none valign_top\"><h2 class=\"w-post-elm post_title usg_post_title_1 has_text_color entry-title color_link_inherit\">Pretvaranje Wiesbadena u odr\u017eivu op\u0107inu<\/h2><\/div>\t\t<\/div>\r\n\t\t\t<\/article>\r\n\t<article class=\"w-grid-item us_animate_afb off_autostart size_1x1 post-1386 post type-post status-publish format-standard has-post-thumbnail hentry category-kapitel-3\" data-id=\"1386\" style=\"animation-delay:0.5s\">\r\n\t\t<div class=\"w-grid-item-h\">\r\n\t\t\t\t\t\t\t<a href=\"https:\/\/gruene-wiesbaden.de\/hr\/verwaltungsmodernisierung-und-digitalisierung\/\" class=\"w-grid-item-anchor\" aria-label=\"Modernizacija uprave i digitalizacija\"><\/a>\r\n\t\t\t\t\t\t<div class=\"w-post-elm post_image usg_post_image_1 stretched\"><img loading=\"lazy\" decoding=\"async\" width=\"600\" height=\"355\" src=\"https:\/\/gruene-wiesbaden.de\/wp-content\/uploads\/2025\/11\/3.6-Verwaltungsmodernisierung-und-Digitalisierung-600x355.jpeg\" class=\"attachment-large size-large wp-post-image\" alt=\"\" srcset=\"https:\/\/gruene-wiesbaden.de\/wp-content\/uploads\/2025\/11\/3.6-Verwaltungsmodernisierung-und-Digitalisierung-600x355.jpeg 600w, https:\/\/gruene-wiesbaden.de\/wp-content\/uploads\/2025\/11\/3.6-Verwaltungsmodernisierung-und-Digitalisierung-400x236.jpeg 400w\" sizes=\"auto, (max-width: 600px) 100vw, 600px\" \/><\/div><div class=\"w-vwrapper usg_vwrapper_1 align_none valign_top\"><h2 class=\"w-post-elm post_title usg_post_title_1 has_text_color entry-title color_link_inherit\">Modernizacija uprave i digitalizacija<\/h2><\/div>\t\t<\/div>\r\n\t\t\t<\/article>\r\n\t<article class=\"w-grid-item us_animate_afb off_autostart size_1x1 post-1388 post type-post status-publish format-standard has-post-thumbnail hentry category-kapitel-3\" data-id=\"1388\" style=\"animation-delay:0.6s\">\r\n\t\t<div class=\"w-grid-item-h\">\r\n\t\t\t\t\t\t\t<a href=\"https:\/\/gruene-wiesbaden.de\/hr\/die-stadt-wiesbaden-als-attraktiver-arbeitgeber\/\" class=\"w-grid-item-anchor\" aria-label=\"Grad Wiesbaden kao atraktivan poslodavac\"><\/a>\r\n\t\t\t\t\t\t<div class=\"w-post-elm post_image usg_post_image_1 stretched\"><img loading=\"lazy\" decoding=\"async\" width=\"600\" height=\"399\" src=\"https:\/\/gruene-wiesbaden.de\/wp-content\/uploads\/2025\/11\/3.7-Stadt-Wiesbaden-als-attraktive-Arbeitgeberin-600x399.jpeg\" class=\"attachment-large size-large wp-post-image\" alt=\"\" srcset=\"https:\/\/gruene-wiesbaden.de\/wp-content\/uploads\/2025\/11\/3.7-Stadt-Wiesbaden-als-attraktive-Arbeitgeberin-600x399.jpeg 600w, https:\/\/gruene-wiesbaden.de\/wp-content\/uploads\/2025\/11\/3.7-Stadt-Wiesbaden-als-attraktive-Arbeitgeberin-400x266.jpeg 400w\" sizes=\"auto, (max-width: 600px) 100vw, 600px\" \/><\/div><div class=\"w-vwrapper usg_vwrapper_1 align_none valign_top\"><h2 class=\"w-post-elm post_title usg_post_title_1 has_text_color entry-title color_link_inherit\">Grad Wiesbaden kao atraktivan poslodavac<\/h2><\/div>\t\t<\/div>\r\n\t\t\t<\/article>\r\n\t<article class=\"w-grid-item us_animate_afb off_autostart size_1x1 post-1390 post type-post status-publish format-standard has-post-thumbnail hentry category-kapitel-3\" data-id=\"1390\" style=\"animation-delay:0.7s\">\r\n\t\t<div class=\"w-grid-item-h\">\r\n\t\t\t\t\t\t\t<a href=\"https:\/\/gruene-wiesbaden.de\/hr\/staedtische-beteiligungen\/\" class=\"w-grid-item-anchor\" aria-label=\"Op\u0107inska gospodarstva\"><\/a>\r\n\t\t\t\t\t\t<div class=\"w-post-elm post_image usg_post_image_1 stretched\"><img loading=\"lazy\" decoding=\"async\" width=\"600\" height=\"400\" src=\"https:\/\/gruene-wiesbaden.de\/wp-content\/uploads\/2025\/11\/3.8-Staedtische-Beteiligungen-600x400.jpeg\" class=\"attachment-large size-large wp-post-image\" alt=\"\" srcset=\"https:\/\/gruene-wiesbaden.de\/wp-content\/uploads\/2025\/11\/3.8-Staedtische-Beteiligungen-600x400.jpeg 600w, https:\/\/gruene-wiesbaden.de\/wp-content\/uploads\/2025\/11\/3.8-Staedtische-Beteiligungen-400x267.jpeg 400w\" sizes=\"auto, (max-width: 600px) 100vw, 600px\" \/><\/div><div class=\"w-vwrapper usg_vwrapper_1 align_none valign_top\"><h2 class=\"w-post-elm post_title usg_post_title_1 has_text_color entry-title color_link_inherit\">Op\u0107inska gospodarstva<\/h2><\/div>\t\t<\/div>\r\n\t\t\t<\/article>\r\n\t<article class=\"w-grid-item us_animate_afb off_autostart size_1x1 post-1392 post type-post status-publish format-standard has-post-thumbnail hentry category-kapitel-3\" data-id=\"1392\" style=\"animation-delay:0s\">\r\n\t\t<div class=\"w-grid-item-h\">\r\n\t\t\t\t\t\t\t<a href=\"https:\/\/gruene-wiesbaden.de\/hr\/staedtischer-haushalt-nachhaltig-und-generationengerecht\/\" class=\"w-grid-item-anchor\" aria-label=\"Gradski prora\u010dun \u2013 odr\u017eiv i generacijski\"><\/a>\r\n\t\t\t\t\t\t<div class=\"w-post-elm post_image usg_post_image_1 stretched\"><img loading=\"lazy\" decoding=\"async\" width=\"600\" height=\"427\" src=\"https:\/\/gruene-wiesbaden.de\/wp-content\/uploads\/2025\/11\/3.9-Staedtischer-Haushalt-scaled-e1763332609268-600x427.jpeg\" class=\"attachment-large size-large wp-post-image\" alt=\"\" srcset=\"https:\/\/gruene-wiesbaden.de\/wp-content\/uploads\/2025\/11\/3.9-Staedtischer-Haushalt-scaled-e1763332609268-600x427.jpeg 600w, https:\/\/gruene-wiesbaden.de\/wp-content\/uploads\/2025\/11\/3.9-Staedtischer-Haushalt-scaled-e1763332609268-400x285.jpeg 400w, https:\/\/gruene-wiesbaden.de\/wp-content\/uploads\/2025\/11\/3.9-Staedtischer-Haushalt-scaled-e1763332609268.jpeg 1737w\" sizes=\"auto, (max-width: 600px) 100vw, 600px\" \/><\/div><div class=\"w-vwrapper usg_vwrapper_1 align_none valign_top\"><h2 class=\"w-post-elm post_title usg_post_title_1 has_text_color entry-title color_link_inherit\">Gradski prora\u010dun \u2013 odr\u017eiv i generacijski<\/h2><\/div>\t\t<\/div>\r\n\t\t\t<\/article>\r\n<\/div><div class=\"w-grid-preloader\">\t<div class=\"g-preloader type_1\">\r\n\t\t<div><\/div>\r\n\t<\/div>\r\n\t<\/div>\t<div class=\"w-grid-json hidden\" onclick='return {&quot;action&quot;:&quot;us_ajax_grid&quot;,&quot;infinite_scroll&quot;:0,&quot;max_num_pages&quot;:1,&quot;pagination&quot;:&quot;infinite&quot;,&quot;template_vars&quot;:{&quot;columns&quot;:&quot;4&quot;,&quot;exclude_items&quot;:&quot;none&quot;,&quot;img_size&quot;:&quot;default&quot;,&quot;ignore_items_size&quot;:0,&quot;items_layout&quot;:&quot;portfolio_2&quot;,&quot;items_offset&quot;:&quot;1&quot;,&quot;load_animation&quot;:&quot;afb&quot;,&quot;overriding_link&quot;:&quot;%7B%22type%22%3A%22post%22%7D&quot;,&quot;post_id&quot;:0,&quot;query_args&quot;:{&quot;post_type&quot;:[&quot;post&quot;],&quot;tax_query&quot;:[{&quot;taxonomy&quot;:&quot;category&quot;,&quot;field&quot;:&quot;slug&quot;,&quot;terms&quot;:[&quot;kapitel-3&quot;]}],&quot;post_status&quot;:[&quot;publish&quot;],&quot;posts_per_page&quot;:&quot;50&quot;},&quot;orderby_query_args&quot;:{&quot;orderby&quot;:{&quot;date&quot;:&quot;ASC&quot;}},&quot;type&quot;:&quot;masonry&quot;,&quot;us_grid_post_type&quot;:&quot;post&quot;,&quot;us_grid_ajax_index&quot;:6,&quot;us_grid_filter_query_string&quot;:null,&quot;us_grid_index&quot;:6,&quot;page_args&quot;:[]}}'><\/div>\r\n\t<\/div><div class=\"w-separator size_large\"><\/div><div class=\"g-cols wpb_row hide_on_default hide_on_laptops hide_on_tablets hide_on_mobiles via_grid cols_1 laptops-cols_inherit tablets-cols_inherit mobiles-cols_1 valign_middle type_boxes stacking_default\" style=\"--columns-gap:2rem;\" id=\"briefwahlantrag\"><div class=\"wpb_column vc_column_container\"><div class=\"vc_column-overlay\" style=\"background:var(--color-content-bg-alt)\"><\/div><div class=\"vc_column-inner\"><div class=\"wpb_text_column us_custom_e520dd3c has_text_color\"><div class=\"wpb_wrapper\"><h4>Zatra\u017eite glasanje po\u0161tom. To je tako lako!<\/h4>\n<\/div><\/div><div class=\"w-separator size_small\"><\/div><div class=\"wpb_text_column us_custom_564c68c1 has_text_color\"><div class=\"wpb_wrapper\"><p>Glasanjem po\u0161tom mo\u017eete glasati prije datuma izbora 15. o\u017eujka 2026., \u0161to je idealno ako tog dana niste u Wiesbadenu, razbolite se ili biste lako mogli zaboraviti datum izbora.<\/p>\n<p>Sve osobe starije od 18 godina imaju pravo glasati na lokalnim izborima u Wiesbadenu. Morate biti punoljetni na dan izbora. Njima je potrebno i njema\u010dko dr\u017eavljanstvo ili dr\u017eavljanstvo druge dr\u017eave \u010dlanice EU-a. Preduvjet je i da su registrirani najmanje tri mjeseca s glavnim boravi\u0161tem u Wiesbadenu.<\/p>\n<p>Bira\u010di koji ispunjavaju uvjete i imaju glavno boravi\u0161te u Wiesbadenu mogu se prijaviti za glasanje po\u0161tom.<\/p>\n<p>Najjednostavniji na\u010din da to u\u010dinite online je kroz <span>Portal za usluge gra\u0111anima<\/span>\u00a0ili mo\u017eete odabrati izravno na licu mjesta: u sredi\u0161njem izbornom uredu u Friedrichstra\u00dfe 16 ili u lokalnoj upravi va\u0161eg okruga tijekom radnog vremena. Oba su mogu\u0107a \u0161est tjedana prije izbora, tj. od 2. velja\u010de 2026.<\/p>\n<\/div><\/div><div class=\"w-separator size_small\"><\/div><div class=\"w-btn-wrapper align_none\"><a class=\"w-btn us-btn-style_5\" target=\"_blank\" href=\"https:\/\/wahlschein.ekom21.de\/IWS\/start.do?mb=6414000\"><span class=\"w-btn-label\">Portal za usluge gra\u0111anima<\/span><\/a><\/div><\/div><\/div><\/div><div class=\"w-separator size_large\"><\/div><\/div><\/div><\/div><\/div><\/section>","protected":false},"excerpt":{"rendered":"Financijska situacija u Wiesbadenu je napeta, kao i u mnogim drugim op\u0107inama. Savezne i dr\u017eavne vlade uvijek su dodjeljivale nove zada\u0107e op\u0107inama. Samo uz dobru fiskalnu politiku mo\u017eemo osigurati manevarski prostor za nastavak pru\u017eanja pouzdane infrastrukture i dobrih usluga gra\u0111anima u budu\u0107nosti te za suo\u010davanje s glavnim izazovima koji predstoje.","protected":false},"author":1,"featured_media":0,"parent":0,"menu_order":0,"comment_status":"closed","ping_status":"closed","template":"","meta":{"footnotes":""},"class_list":["post-1178","page","type-page","status-publish","hentry"],"yoast_head":"<!-- This site is optimized with the Yoast SEO plugin v27.5 - https:\/\/yoast.com\/product\/yoast-seo-wordpress\/ -->\n<title>Kommunalwahl Wiesbaden 2026 - B\u00dcNDNIS 90\/DIE GR\u00dcNEN Wiesbaden<\/title>\n<meta name=\"robots\" content=\"index, follow, max-snippet:-1, max-image-preview:large, max-video-preview:-1\" \/>\n<link rel=\"canonical\" href=\"https:\/\/gruene-wiesbaden.de\/hr\/kommunalwahl\/\" \/>\n<meta property=\"og:locale\" content=\"hr_HR\" \/>\n<meta property=\"og:type\" content=\"article\" \/>\n<meta property=\"og:title\" content=\"Kommunalwahl Wiesbaden 2026 - B\u00dcNDNIS 90\/DIE GR\u00dcNEN Wiesbaden\" \/>\n<meta property=\"og:url\" content=\"https:\/\/gruene-wiesbaden.de\/hr\/kommunalwahl\/\" \/>\n<meta property=\"og:site_name\" content=\"B\u00dcNDNIS 90\/DIE GR\u00dcNEN Wiesbaden\" \/>\n<meta property=\"article:publisher\" content=\"https:\/\/www.facebook.com\/gruene.wi\" \/>\n<meta property=\"article:modified_time\" content=\"2026-04-07T10:41:21+00:00\" \/>\n<meta name=\"twitter:card\" content=\"summary_large_image\" \/>\n<meta name=\"twitter:label1\" content=\"Procijenjeno vrijeme \u010ditanja\" \/>\n\t<meta name=\"twitter:data1\" content=\"4 minutes\" \/>\n<script type=\"application\/ld+json\" class=\"yoast-schema-graph\">{\"@context\":\"https:\\\/\\\/schema.org\",\"@graph\":[{\"@type\":\"WebPage\",\"@id\":\"https:\\\/\\\/gruene-wiesbaden.de\\\/kommunalwahl\\\/\",\"url\":\"https:\\\/\\\/gruene-wiesbaden.de\\\/kommunalwahl\\\/\",\"name\":\"Kommunalwahl Wiesbaden 2026 - B\u00dcNDNIS 90\\\/DIE GR\u00dcNEN Wiesbaden\",\"isPartOf\":{\"@id\":\"https:\\\/\\\/gruene-wiesbaden.de\\\/#website\"},\"datePublished\":\"2025-07-30T10:32:06+00:00\",\"dateModified\":\"2026-04-07T10:41:21+00:00\",\"breadcrumb\":{\"@id\":\"https:\\\/\\\/gruene-wiesbaden.de\\\/kommunalwahl\\\/#breadcrumb\"},\"inLanguage\":\"hr\",\"potentialAction\":[{\"@type\":\"ReadAction\",\"target\":[\"https:\\\/\\\/gruene-wiesbaden.de\\\/kommunalwahl\\\/\"]}]},{\"@type\":\"BreadcrumbList\",\"@id\":\"https:\\\/\\\/gruene-wiesbaden.de\\\/kommunalwahl\\\/#breadcrumb\",\"itemListElement\":[{\"@type\":\"ListItem\",\"position\":1,\"name\":\"Startseite\",\"item\":\"https:\\\/\\\/gruene-wiesbaden.de\\\/\"},{\"@type\":\"ListItem\",\"position\":2,\"name\":\"Kommunalwahl Wiesbaden 2026\"}]},{\"@type\":\"WebSite\",\"@id\":\"https:\\\/\\\/gruene-wiesbaden.de\\\/#website\",\"url\":\"https:\\\/\\\/gruene-wiesbaden.de\\\/\",\"name\":\"DIE GR\u00dcNEN Wiesbaden\",\"description\":\"\",\"publisher\":{\"@id\":\"https:\\\/\\\/gruene-wiesbaden.de\\\/#organization\"},\"potentialAction\":[{\"@type\":\"SearchAction\",\"target\":{\"@type\":\"EntryPoint\",\"urlTemplate\":\"https:\\\/\\\/gruene-wiesbaden.de\\\/?s={search_term_string}\"},\"query-input\":{\"@type\":\"PropertyValueSpecification\",\"valueRequired\":true,\"valueName\":\"search_term_string\"}}],\"inLanguage\":\"hr\"},{\"@type\":\"Organization\",\"@id\":\"https:\\\/\\\/gruene-wiesbaden.de\\\/#organization\",\"name\":\"DIE GR\u00dcNEN Wiesbaden\",\"url\":\"https:\\\/\\\/gruene-wiesbaden.de\\\/\",\"logo\":{\"@type\":\"ImageObject\",\"inLanguage\":\"hr\",\"@id\":\"https:\\\/\\\/gruene-wiesbaden.de\\\/#\\\/schema\\\/logo\\\/image\\\/\",\"url\":\"https:\\\/\\\/gruene-wiesbaden-fuer-europa.de\\\/wp-content\\\/uploads\\\/2024\\\/04\\\/Machen-was-zaehlt-5.png\",\"contentUrl\":\"https:\\\/\\\/gruene-wiesbaden-fuer-europa.de\\\/wp-content\\\/uploads\\\/2024\\\/04\\\/Machen-was-zaehlt-5.png\",\"width\":1772,\"height\":1772,\"caption\":\"DIE GR\u00dcNEN Wiesbaden\"},\"image\":{\"@id\":\"https:\\\/\\\/gruene-wiesbaden.de\\\/#\\\/schema\\\/logo\\\/image\\\/\"},\"sameAs\":[\"https:\\\/\\\/www.facebook.com\\\/gruene.wi\",\"https:\\\/\\\/instagram.com\\\/gruene_wi\"]}]}<\/script>\n<!-- \/ Yoast SEO plugin. -->","yoast_head_json":{"title":"Kommunalwahl Wiesbaden 2026 - B\u00dcNDNIS 90\/DIE GR\u00dcNEN Wiesbaden","robots":{"index":"index","follow":"follow","max-snippet":"max-snippet:-1","max-image-preview":"max-image-preview:large","max-video-preview":"max-video-preview:-1"},"canonical":"https:\/\/gruene-wiesbaden.de\/hr\/kommunalwahl\/","og_locale":"hr_HR","og_type":"article","og_title":"Kommunalwahl Wiesbaden 2026 - B\u00dcNDNIS 90\/DIE GR\u00dcNEN Wiesbaden","og_url":"https:\/\/gruene-wiesbaden.de\/hr\/kommunalwahl\/","og_site_name":"B\u00dcNDNIS 90\/DIE GR\u00dcNEN Wiesbaden","article_publisher":"https:\/\/www.facebook.com\/gruene.wi","article_modified_time":"2026-04-07T10:41:21+00:00","twitter_card":"summary_large_image","twitter_misc":{"Procijenjeno vrijeme \u010ditanja":"4 minutes"},"schema":{"@context":"https:\/\/schema.org","@graph":[{"@type":"WebPage","@id":"https:\/\/gruene-wiesbaden.de\/kommunalwahl\/","url":"https:\/\/gruene-wiesbaden.de\/kommunalwahl\/","name":"Kommunalwahl Wiesbaden 2026 - B\u00dcNDNIS 90\/DIE GR\u00dcNEN Wiesbaden","isPartOf":{"@id":"https:\/\/gruene-wiesbaden.de\/#website"},"datePublished":"2025-07-30T10:32:06+00:00","dateModified":"2026-04-07T10:41:21+00:00","breadcrumb":{"@id":"https:\/\/gruene-wiesbaden.de\/kommunalwahl\/#breadcrumb"},"inLanguage":"hr","potentialAction":[{"@type":"ReadAction","target":["https:\/\/gruene-wiesbaden.de\/kommunalwahl\/"]}]},{"@type":"BreadcrumbList","@id":"https:\/\/gruene-wiesbaden.de\/kommunalwahl\/#breadcrumb","itemListElement":[{"@type":"ListItem","position":1,"name":"Startseite","item":"https:\/\/gruene-wiesbaden.de\/"},{"@type":"ListItem","position":2,"name":"Kommunalwahl Wiesbaden 2026"}]},{"@type":"WebSite","@id":"https:\/\/gruene-wiesbaden.de\/#website","url":"https:\/\/gruene-wiesbaden.de\/","name":"DIE GR\u00dcNEN Wiesbaden","description":"","publisher":{"@id":"https:\/\/gruene-wiesbaden.de\/#organization"},"potentialAction":[{"@type":"SearchAction","target":{"@type":"EntryPoint","urlTemplate":"https:\/\/gruene-wiesbaden.de\/?s={search_term_string}"},"query-input":{"@type":"PropertyValueSpecification","valueRequired":true,"valueName":"search_term_string"}}],"inLanguage":"hr"},{"@type":"Organization","@id":"https:\/\/gruene-wiesbaden.de\/#organization","name":"DIE GR\u00dcNEN Wiesbaden","url":"https:\/\/gruene-wiesbaden.de\/","logo":{"@type":"ImageObject","inLanguage":"hr","@id":"https:\/\/gruene-wiesbaden.de\/#\/schema\/logo\/image\/","url":"https:\/\/gruene-wiesbaden-fuer-europa.de\/wp-content\/uploads\/2024\/04\/Machen-was-zaehlt-5.png","contentUrl":"https:\/\/gruene-wiesbaden-fuer-europa.de\/wp-content\/uploads\/2024\/04\/Machen-was-zaehlt-5.png","width":1772,"height":1772,"caption":"DIE GR\u00dcNEN Wiesbaden"},"image":{"@id":"https:\/\/gruene-wiesbaden.de\/#\/schema\/logo\/image\/"},"sameAs":["https:\/\/www.facebook.com\/gruene.wi","https:\/\/instagram.com\/gruene_wi"]}]}},"_links":{"self":[{"href":"https:\/\/gruene-wiesbaden.de\/hr\/wp-json\/wp\/v2\/pages\/1178","targetHints":{"allow":["GET"]}}],"collection":[{"href":"https:\/\/gruene-wiesbaden.de\/hr\/wp-json\/wp\/v2\/pages"}],"about":[{"href":"https:\/\/gruene-wiesbaden.de\/hr\/wp-json\/wp\/v2\/types\/page"}],"author":[{"embeddable":true,"href":"https:\/\/gruene-wiesbaden.de\/hr\/wp-json\/wp\/v2\/users\/1"}],"replies":[{"embeddable":true,"href":"https:\/\/gruene-wiesbaden.de\/hr\/wp-json\/wp\/v2\/comments?post=1178"}],"version-history":[{"count":58,"href":"https:\/\/gruene-wiesbaden.de\/hr\/wp-json\/wp\/v2\/pages\/1178\/revisions"}],"predecessor-version":[{"id":2296,"href":"https:\/\/gruene-wiesbaden.de\/hr\/wp-json\/wp\/v2\/pages\/1178\/revisions\/2296"}],"wp:attachment":[{"href":"https:\/\/gruene-wiesbaden.de\/hr\/wp-json\/wp\/v2\/media?parent=1178"}],"curies":[{"name":"wp","href":"https:\/\/api.w.org\/{rel}","templated":true}]}}