{"id":8,"date":"2024-04-03T21:32:00","date_gmt":"2024-04-03T21:32:00","guid":{"rendered":"http:\/\/gruene-wiesbaden-fuer-europa.de\/startseite\/"},"modified":"2026-04-08T11:34:35","modified_gmt":"2026-04-08T09:34:35","slug":"startseite","status":"publish","type":"page","link":"https:\/\/gruene-wiesbaden.de\/fr\/","title":{"rendered":"Page d'accueil Gr\u00fcne Wiesbaden"},"content":{"rendered":"<section class=\"l-section wpb_row height_auto full_height valign_center with_slider\"><div class=\"l-section-slider\"><div class=\"w-slider style_none fit_cover nav_none count_1\"><div class=\"w-slider-h\"><div class=\"royalSlider\"><div class=\"rsContent\"><a class=\"rsImg\" data-rsw=\"2560\" data-rsh=\"1440\" href=\"https:\/\/gruene-wiesbaden.de\/wp-content\/uploads\/2025\/11\/MJK_82683-3-scaled.jpg\"><span data-alt=\"\"><\/span><\/a><\/div><\/div><img decoding=\"async\" src=\"https:\/\/gruene-wiesbaden.de\/wp-content\/uploads\/2025\/11\/MJK_82683-3-scaled.jpg\" width=\"2560\" height=\"1440\" alt loading=\"lazy\"><\/div><div class=\"w-slider-json\" onclick='return {&quot;autoScaleSlider&quot;:true,&quot;addActiveClass&quot;:true,&quot;loop&quot;:true,&quot;fadeInLoadedSlide&quot;:false,&quot;slidesSpacing&quot;:0,&quot;imageScalePadding&quot;:0,&quot;numImagesToPreload&quot;:2,&quot;arrowsNav&quot;:false,&quot;arrowsNavAutoHide&quot;:false,&quot;transitionType&quot;:&quot;move&quot;,&quot;transitionSpeed&quot;:1000,&quot;block&quot;:{&quot;moveEffect&quot;:&quot;none&quot;,&quot;speed&quot;:300},&quot;thumbs&quot;:{&quot;fitInViewport&quot;:false,&quot;firstMargin&quot;:false,&quot;spacing&quot;:4},&quot;controlNavigation&quot;:&quot;none&quot;,&quot;autoplay&quot;:{&quot;enabled&quot;:true,&quot;pauseOnHover&quot;:false,&quot;delay&quot;:3000},&quot;autoScaleSliderWidth&quot;:2560,&quot;autoScaleSliderHeight&quot;:1440}'><\/div><\/div><\/div><div class=\"l-section-overlay\" style=\"background:var(--color-header-top-transparent-bg)\"><\/div><div class=\"l-section-h i-cf\"><div class=\"g-cols vc_row via_grid cols_1 laptops-cols_inherit tablets-cols_inherit mobiles-cols_1 valign_top type_default stacking_default\" style=\"--columns-gap:0rem;\"><div class=\"wpb_column vc_column_container\"><div class=\"vc_column-inner\"><div class=\"g-cols wpb_row via_grid cols_1 laptops-cols_inherit tablets-cols_inherit mobiles-cols_1 valign_top type_default stacking_default\" style=\"--columns-gap:3rem;\"><div class=\"wpb_column vc_column_container\"><div class=\"vc_column-inner\"><div class=\"w-separator size_medium\"><\/div><div class=\"wpb_text_column us_custom_65e0429d has_text_color background_inside_text\"><div class=\"wpb_wrapper\"><h1 style=\"text-align: center;\">FAIRE PLUS POSSIBLE.<\/h1>\n<\/div><\/div><div class=\"wpb_text_column us_custom_a574d586 has_text_color background_inside_text\"><div class=\"wpb_wrapper\"><h4 style=\"text-align: center;\">Pour le bien-\u00eatre.<\/h4>\n<\/div><\/div><div class=\"w-separator size_small\"><\/div><div class=\"w-separator size_huge\"><\/div><div class=\"w-btn-wrapper align_center\"><a class=\"w-btn us-btn-style_5 icon_atleft\" target=\"_blank\" href=\"https:\/\/www.gruene.de\/mitglied-werden\"><i class=\"fas fa-heart\"><\/i><span class=\"w-btn-label\">Devenez membre!<\/span><\/a><\/div><div class=\"w-btn-wrapper align_center\"><a class=\"w-btn us-btn-style_5 icon_atleft\" target=\"_blank\" href=\"https:\/\/gruene-wiesbaden.de\/fr\/mitmachen\/\"><i class=\"fas fa-rocket-launch\"><\/i><span class=\"w-btn-label\">Devenez actif dans les cercles de travail et dans votre quartier!<\/span><\/a><\/div><div class=\"w-btn-wrapper align_center\"><a class=\"w-btn us-btn-style_1 icon_atleft\" href=\"https:\/\/gruene-wiesbaden.de\/fr\/spenden\/\"><i class=\"fas fa-coins\"><\/i><span class=\"w-btn-label\">Soutenez-nous par un don!<\/span><\/a><\/div><div class=\"w-separator size_small\"><\/div><\/div><\/div><\/div><\/div><\/div><\/div><\/div><\/section><section class=\"l-section wpb_row us_custom_5a25b139 has_text_color height_medium with_img\"><div class=\"l-section-img\" role=\"img\" data-img-width=\"1920\" data-img-height=\"768\" style=\"background-image: url(https:\/\/gruene-wiesbaden.de\/wp-content\/uploads\/2025\/11\/neuer-Verlauf-gruene-wiesbaden.de_-e1767650502847.png);\"><\/div><div class=\"l-section-h i-cf\"><div class=\"g-cols vc_row via_grid cols_1 laptops-cols_inherit tablets-cols_inherit mobiles-cols_1 valign_top type_default stacking_default\"><div class=\"wpb_column vc_column_container\"><div class=\"vc_column-inner\"><div class=\"wpb_text_column us_custom_8b3d6790 has_text_color\"><div class=\"wpb_wrapper\"><h4 style=\"text-align: left;\">Bienvenue au Kreisverband von B\u00dcNDNIS 90\/DIE GR\u00dcNEN Wiesbaden!<\/h4>\n<\/div><\/div><div class=\"w-separator size_small\"><\/div><div class=\"wpb_text_column us_custom_f4639b64 has_text_color\"><div class=\"wpb_wrapper\"><p>En tant que VERTS de Wiesbaden, nous nous engageons \u00e0 rendre notre ville encore plus vivable pour tous ceux qui y vivent. Wiesbaden a beaucoup \u00e0 offrir: une communaut\u00e9 forte, des quartiers diversifi\u00e9s, une culture vivante et une nature pr\u00e9cieuse. C\u2019est sur cette base que nous nous appuyons, tout en exploitant avec d\u00e9termination les possibilit\u00e9s de l\u2019avenir.<\/p>\n<p>Notre objectif est un Wiesbaden qui allie responsabilit\u00e9 \u00e9cologique, justice sociale et bonne coexistence dans la diversit\u00e9. Nous d\u00e9fendons un d\u00e9veloppement urbain durable qui assure et am\u00e9liore la qualit\u00e9 de vie, des logements abordables, une \u00e9conomie locale forte et des id\u00e9es innovantes pour la ville de demain. Dans ce contexte, nous concilions syst\u00e9matiquement la protection du climat et de l'environnement, la s\u00e9curit\u00e9 sociale et le d\u00e9veloppement \u00e9conomique.<\/p>\n<p>Notre association de district est vivante, ouverte et engag\u00e9e, soutenue par des personnes qui souhaitent contribuer activement \u00e0 fa\u00e7onner leur ville. Que ce soit dans des groupes de travail, des groupes de quartier ou lors d'\u00e9v\u00e9nements : tu peux t'impliquer, discuter et travailler avec d'autres sur des id\u00e9es de solutions pour un Wiesbaden durable.<\/p>\n<p>Participe: apporte tes id\u00e9es, fais partie de notre communaut\u00e9 et fa\u00e7onne avec nous l\u2019avenir de Wiesbaden: social, \u00e9cologique, diversifi\u00e9 et innovant. La politique vit de la participation. Nous sommes impatients de vous voir!<\/p>\n<\/div><\/div><div class=\"w-separator size_small\"><\/div><div class=\"g-cols wpb_row via_grid cols_4 laptops-cols_inherit tablets-cols_inherit mobiles-cols_1 valign_top type_default stacking_default\" style=\"--columns-gap:3rem;\"><div class=\"wpb_column vc_column_container\"><div class=\"vc_column-inner\"><div class=\"w-person us_custom_f4639b64 has_text_color layout_simple_circle\" itemscope itemtype=\"https:\/\/schema.org\/Person\"><div class=\"w-person-image\"><img loading=\"lazy\" decoding=\"async\" width=\"600\" height=\"600\" src=\"https:\/\/gruene-wiesbaden.de\/wp-content\/uploads\/2026\/04\/Rebecca-Thomas_grau-600x600.jpg\" class=\"attachment-large size-large\" alt=\"\" itemprop=\"image\" srcset=\"https:\/\/gruene-wiesbaden.de\/wp-content\/uploads\/2026\/04\/Rebecca-Thomas_grau-600x600.jpg 600w, https:\/\/gruene-wiesbaden.de\/wp-content\/uploads\/2026\/04\/Rebecca-Thomas_grau-400x400.jpg 400w, https:\/\/gruene-wiesbaden.de\/wp-content\/uploads\/2026\/04\/Rebecca-Thomas_grau-150x150.jpg 150w, https:\/\/gruene-wiesbaden.de\/wp-content\/uploads\/2026\/04\/Rebecca-Thomas_grau-12x12.jpg 12w\" sizes=\"auto, (max-width: 600px) 100vw, 600px\" \/><\/div><div class=\"w-person-content\"><h6 itemprop=\"name\" class=\"w-person-name\"><span>Rebecca Thomas<\/span><\/h6><div class=\"w-person-role\" itemprop=\"jobTitle\">Copr\u00e9sident du district<\/div><\/div><\/div><\/div><\/div><div class=\"wpb_column vc_column_container\"><div class=\"vc_column-inner\"><div class=\"w-person us_custom_8b3d6790 has_text_color layout_simple_circle\" itemscope itemtype=\"https:\/\/schema.org\/Person\"><div class=\"w-person-image\"><img loading=\"lazy\" decoding=\"async\" width=\"320\" height=\"320\" src=\"https:\/\/gruene-wiesbaden.de\/wp-content\/uploads\/2026\/04\/Daniel-Schmitt_grau2.jpg\" class=\"attachment-large size-large\" alt=\"\" itemprop=\"image\" srcset=\"https:\/\/gruene-wiesbaden.de\/wp-content\/uploads\/2026\/04\/Daniel-Schmitt_grau2.jpg 320w, https:\/\/gruene-wiesbaden.de\/wp-content\/uploads\/2026\/04\/Daniel-Schmitt_grau2-150x150.jpg 150w, https:\/\/gruene-wiesbaden.de\/wp-content\/uploads\/2026\/04\/Daniel-Schmitt_grau2-12x12.jpg 12w\" sizes=\"auto, (max-width: 320px) 100vw, 320px\" \/><\/div><div class=\"w-person-content\"><h6 itemprop=\"name\" class=\"w-person-name\"><span>Daniel Schmitt<\/span><\/h6><div class=\"w-person-role\" itemprop=\"jobTitle\">Copr\u00e9sident du district<\/div><\/div><\/div><\/div><\/div><div class=\"wpb_column vc_column_container\"><div class=\"vc_column-inner\"><\/div><\/div><div class=\"wpb_column vc_column_container\"><div class=\"vc_column-inner\"><\/div><\/div><\/div><div class=\"w-separator size_large\"><\/div><div class=\"g-cols wpb_row via_grid cols_1 laptops-cols_inherit tablets-cols_inherit mobiles-cols_1 valign_top type_default stacking_default\" style=\"--columns-gap:3rem;\"><div class=\"wpb_column vc_column_container\"><div class=\"vc_column-inner\"><div class=\"wpb_text_column\"><div class=\"wpb_wrapper\"><h1 style=\"text-align: left;\">Ce que nous d\u00e9fendons et nous engageons<\/h1>\n<\/div><\/div><div class=\"w-separator size_medium\"><\/div><div class=\"wpb_text_column\" id=\"Kapitel1\"><div class=\"wpb_wrapper\"><h4 style=\"text-align: left;\">Bien vivre \u00e0 Wiesbaden<\/h4>\n<\/div><\/div><div class=\"w-separator size_small\"><\/div><div class=\"wpb_text_column us_custom_43b55716 has_text_color with_collapsible_content\" data-content-height=\"120px\"><div class=\"wpb_wrapper\"><p><span style=\"font-weight: 400;\">Wiesbaden offre une qualit\u00e9 de vie \u00e9lev\u00e9e, mais celle-ci est in\u00e9galement r\u00e9partie. Beaucoup de gens se sentent en s\u00e9curit\u00e9, appr\u00e9cient le paysage urbain, la diversit\u00e9 culturelle et la proximit\u00e9 de la nature. Cependant, la pollution due au trafic, le manque d'espaces verts, l'augmentation des co\u00fbts du logement et l'in\u00e9galit\u00e9 des chances en mati\u00e8re d'\u00e9ducation, de sant\u00e9 et de participation montrent que la qualit\u00e9 de vie ne va pas de soi. Elle doit \u00eatre sans cesse repens\u00e9e, sur le plan social et \u00e9cologique, en collaboration avec les personnes qui vivent ici.<\/span><\/p>\n<p><span style=\"font-weight: 400;\">Nous, les Verts, voulons que tous les habitants de Wiesbaden puissent profiter au quotidien des atouts de notre ville, que ce soit dans le centre-ville, dans les quartiers p\u00e9riph\u00e9riques ou entre les deux.<\/span><span style=\"font-weight: 400;\"><br \/>\n<\/span><span style=\"font-weight: 400;\">Pour cela, nous combinons la protection du climat, la s\u00e9curit\u00e9 sociale, le d\u00e9veloppement urbain et la mobilit\u00e9 dans une politique qui rend Wiesbaden plus r\u00e9sistante, plus juste et plus agr\u00e9able \u00e0 vivre.<\/span><\/p>\n<p><span style=\"font-weight: 400;\">Pour cela, il faut une politique qui<\/span><\/p>\n<ul>\n<li style=\"font-weight: 400;\" aria-level=\"1\"><span style=\"font-weight: 400;\">Favoriser la protection du climat et l'adaptation au changement climatique gr\u00e2ce \u00e0 des espaces verts biodiversifi\u00e9s et \u00e0 un urbanisme r\u00e9silient au changement climatique.<\/span><\/li>\n<\/ul>\n<ul>\n<li style=\"font-weight: 400;\" aria-level=\"1\"><span style=\"font-weight: 400;\">renforcer la protection de la population et les services d\u2019int\u00e9r\u00eat g\u00e9n\u00e9ral afin de garantir la s\u00e9curit\u00e9 de Wiesbaden en cas de crise;<\/span><\/li>\n<\/ul>\n<ul>\n<li style=\"font-weight: 400;\" aria-level=\"1\"><span style=\"font-weight: 400;\">pr\u00e9server et promouvoir la nature, l\u2019agriculture et la sylviculture, en faveur de la biodiversit\u00e9, de sols sains et d\u2019une alimentation durable;<\/span><\/li>\n<\/ul>\n<ul>\n<li style=\"font-weight: 400;\" aria-level=\"1\"><span style=\"font-weight: 400;\">repenser le d\u00e9veloppement urbain, le logement et la vie: abordables, \u00e9conomes en \u00e9nergie, socialement mixtes, favorables aux enfants et aux familles;<\/span><\/li>\n<\/ul>\n<ul>\n<li style=\"font-weight: 400;\" aria-level=\"1\"><span style=\"font-weight: 400;\">la mobilit\u00e9 r\u00e9organis\u00e9e \u2013 s\u00fbre, respectueuse du climat et confortable pour tous;<\/span><\/li>\n<\/ul>\n<ul>\n<li style=\"font-weight: 400;\" aria-level=\"1\"><span style=\"font-weight: 400;\">renforcera les infrastructures et les services num\u00e9riques afin d\u2019am\u00e9liorer la disponibilit\u00e9 et la visibilit\u00e9 des services et activit\u00e9s num\u00e9riques dans la ville, sans d\u00e9pendre des personnes;<\/span><\/li>\n<\/ul>\n<ul>\n<li style=\"font-weight: 400;\" aria-level=\"1\"><span style=\"font-weight: 400;\">Renforcer la culture, la sant\u00e9 et le sport, car la rencontre, l\u2019activit\u00e9 physique et la cr\u00e9ativit\u00e9 font partie d\u2019une ville vivante et favorisent la coh\u00e9sion et l\u2019identification avec notre ville.<\/span><\/li>\n<\/ul>\n<p><span style=\"font-weight: 400;\">Nous voulons maintenir et d\u00e9velopper Wiesbaden comme une ville verte, sociale et saine entre le Rhin et Taunus, qui ne mesure pas la qualit\u00e9 de vie, mais la fait vivre.<\/span><\/p>\n<\/div><div class=\"toggle-links align_none\"><button class=\"collapsible-content-more\">Voir plus<\/button><button class=\"collapsible-content-less\">Voir moins<\/button><\/div><\/div><div class=\"w-separator size_small\"><\/div><div class=\"w-grid type_masonry layout_portfolio_2 cols_4 pagination_infinite with_isotope with_css_animation ratio_1x1\" id=\"us_grid_1\" style=\"--columns:4;--gap:6px;--item-ratio:1;\" data-filterable=\"true\"><style>@media (max-width:1380px){#us_grid_1{--columns:3!important}}@media (max-width:1024px){#us_grid_1{--columns:2!important}}@media (max-width:600px){#us_grid_1{--columns:1!important}}.layout_portfolio_2 .w-grid-item-h{background:#333}.layout_portfolio_2 .usg_post_image_1{transition-duration:0.35s;transform-origin:50% 50%;transform:scale(1) translate(0%,0%)}.layout_portfolio_2 .w-grid-item-h:focus-within .usg_post_image_1,.layout_portfolio_2 .w-grid-item-h:hover .usg_post_image_1{transform:scale(1.1) translate(0%,0%);opacity:0.1}.layout_portfolio_2 .usg_post_image_1{position:absolute!important;top:0!important;right:0!important;bottom:0!important;left:0!important}.layout_portfolio_2 .usg_vwrapper_1{position:absolute!important;right:0!important;bottom:0!important;left:0!important;background:linear-gradient(transparent,rgba(30,30,30,0.8))!important;padding:4rem 2rem 1.5rem 2rem!important}.layout_portfolio_2 .usg_post_title_1{color:#fff!important;font-size:1.2rem!important}.layout_portfolio_2 .usg_post_taxonomy_1{color:#fff!important;font-size:0.9rem!important}<\/style><div class=\"w-grid-list\">\t<article class=\"w-grid-item us_animate_afb off_autostart size_1x1 post-1321 post type-post status-publish format-standard has-post-thumbnail hentry category-kapitel-1\" data-id=\"1321\" style=\"animation-delay:0s\">\r\n\t\t<div class=\"w-grid-item-h\">\r\n\t\t\t\t\t\t\t<a href=\"https:\/\/gruene-wiesbaden.de\/fr\/klimaschutz-und-klimaanpassung\/\" class=\"w-grid-item-anchor\" aria-label=\"Att\u00e9nuation du changement climatique et adaptation \u00e0 celui-ci\"><\/a>\r\n\t\t\t\t\t\t<div class=\"w-post-elm post_image usg_post_image_1 stretched\"><img loading=\"lazy\" decoding=\"async\" width=\"400\" height=\"600\" src=\"https:\/\/gruene-wiesbaden.de\/wp-content\/uploads\/2025\/08\/moritz-kindler-gD8IO0E4OZM-unsplash-400x600.jpg\" class=\"attachment-large size-large wp-post-image\" alt=\"\" srcset=\"https:\/\/gruene-wiesbaden.de\/wp-content\/uploads\/2025\/08\/moritz-kindler-gD8IO0E4OZM-unsplash-400x600.jpg 400w, https:\/\/gruene-wiesbaden.de\/wp-content\/uploads\/2025\/08\/moritz-kindler-gD8IO0E4OZM-unsplash-267x400.jpg 267w, https:\/\/gruene-wiesbaden.de\/wp-content\/uploads\/2025\/08\/moritz-kindler-gD8IO0E4OZM-unsplash-scaled.jpg 1707w\" sizes=\"auto, (max-width: 400px) 100vw, 400px\" \/><\/div><div class=\"w-vwrapper usg_vwrapper_1 align_none valign_top\"><h2 class=\"w-post-elm post_title usg_post_title_1 has_text_color entry-title color_link_inherit\">Att\u00e9nuation du changement climatique et adaptation \u00e0 celui-ci<\/h2><\/div>\t\t<\/div>\r\n\t\t\t<\/article>\r\n\t<article class=\"w-grid-item us_animate_afb off_autostart size_1x1 post-1323 post type-post status-publish format-standard has-post-thumbnail hentry category-kapitel-1\" data-id=\"1323\" style=\"animation-delay:0.1s\">\r\n\t\t<div class=\"w-grid-item-h\">\r\n\t\t\t\t\t\t\t<a href=\"https:\/\/gruene-wiesbaden.de\/fr\/bevoelkerungsschutz\/\" class=\"w-grid-item-anchor\" aria-label=\"Protection de la population\"><\/a>\r\n\t\t\t\t\t\t<div class=\"w-post-elm post_image usg_post_image_1 stretched\"><img loading=\"lazy\" decoding=\"async\" width=\"600\" height=\"400\" src=\"https:\/\/gruene-wiesbaden.de\/wp-content\/uploads\/2025\/11\/1.2-Bevoelkerungsschutz-600x400.jpeg\" class=\"attachment-large size-large wp-post-image\" alt=\"\" srcset=\"https:\/\/gruene-wiesbaden.de\/wp-content\/uploads\/2025\/11\/1.2-Bevoelkerungsschutz-600x400.jpeg 600w, https:\/\/gruene-wiesbaden.de\/wp-content\/uploads\/2025\/11\/1.2-Bevoelkerungsschutz-400x267.jpeg 400w\" sizes=\"auto, (max-width: 600px) 100vw, 600px\" \/><\/div><div class=\"w-vwrapper usg_vwrapper_1 align_none valign_top\"><h2 class=\"w-post-elm post_title usg_post_title_1 has_text_color entry-title color_link_inherit\">Protection de la population<\/h2><\/div>\t\t<\/div>\r\n\t\t\t<\/article>\r\n\t<article class=\"w-grid-item us_animate_afb off_autostart size_1x1 post-1325 post type-post status-publish format-standard has-post-thumbnail hentry category-kapitel-1\" data-id=\"1325\" style=\"animation-delay:0.2s\">\r\n\t\t<div class=\"w-grid-item-h\">\r\n\t\t\t\t\t\t\t<a href=\"https:\/\/gruene-wiesbaden.de\/fr\/umwelt-und-naturschutz\/\" class=\"w-grid-item-anchor\" aria-label=\"Protection de l&#039;environnement et de la nature\"><\/a>\r\n\t\t\t\t\t\t<div class=\"w-post-elm post_image usg_post_image_1 stretched\"><img loading=\"lazy\" decoding=\"async\" width=\"600\" height=\"400\" src=\"https:\/\/gruene-wiesbaden.de\/wp-content\/uploads\/2025\/11\/1.3-Umwelt-und-Naturschutz-Bild-600x400.jpg\" class=\"attachment-large size-large wp-post-image\" alt=\"\" srcset=\"https:\/\/gruene-wiesbaden.de\/wp-content\/uploads\/2025\/11\/1.3-Umwelt-und-Naturschutz-Bild-600x400.jpg 600w, https:\/\/gruene-wiesbaden.de\/wp-content\/uploads\/2025\/11\/1.3-Umwelt-und-Naturschutz-Bild-400x267.jpg 400w\" sizes=\"auto, (max-width: 600px) 100vw, 600px\" \/><\/div><div class=\"w-vwrapper usg_vwrapper_1 align_none valign_top\"><h2 class=\"w-post-elm post_title usg_post_title_1 has_text_color entry-title color_link_inherit\">Protection de l'environnement et de la nature<\/h2><\/div>\t\t<\/div>\r\n\t\t\t<\/article>\r\n\t<article class=\"w-grid-item us_animate_afb off_autostart size_1x1 post-1222 post type-post status-publish format-standard has-post-thumbnail hentry category-kapitel-1\" data-id=\"1222\" style=\"animation-delay:0.3s\">\r\n\t\t<div class=\"w-grid-item-h\">\r\n\t\t\t\t\t\t\t<a href=\"https:\/\/gruene-wiesbaden.de\/fr\/lore-ipsum-samed\/\" class=\"w-grid-item-anchor\" aria-label=\"Agriculture et sylviculture\"><\/a>\r\n\t\t\t\t\t\t<div class=\"w-post-elm post_image usg_post_image_1 stretched\"><img loading=\"lazy\" decoding=\"async\" width=\"450\" height=\"600\" src=\"https:\/\/gruene-wiesbaden.de\/wp-content\/uploads\/2025\/07\/noaa-SkJG9sNkQVQ-unsplash-450x600.jpg\" class=\"attachment-large size-large wp-post-image\" alt=\"\" srcset=\"https:\/\/gruene-wiesbaden.de\/wp-content\/uploads\/2025\/07\/noaa-SkJG9sNkQVQ-unsplash-450x600.jpg 450w, https:\/\/gruene-wiesbaden.de\/wp-content\/uploads\/2025\/07\/noaa-SkJG9sNkQVQ-unsplash-300x400.jpg 300w, https:\/\/gruene-wiesbaden.de\/wp-content\/uploads\/2025\/07\/noaa-SkJG9sNkQVQ-unsplash-scaled.jpg 1920w\" sizes=\"auto, (max-width: 450px) 100vw, 450px\" \/><\/div><div class=\"w-vwrapper usg_vwrapper_1 align_none valign_top\"><h2 class=\"w-post-elm post_title usg_post_title_1 has_text_color entry-title color_link_inherit\">Agriculture et sylviculture<\/h2><\/div>\t\t<\/div>\r\n\t\t\t<\/article>\r\n\t<article class=\"w-grid-item us_animate_afb off_autostart size_1x1 post-1327 post type-post status-publish format-standard has-post-thumbnail hentry category-kapitel-1\" data-id=\"1327\" style=\"animation-delay:0.4s\">\r\n\t\t<div class=\"w-grid-item-h\">\r\n\t\t\t\t\t\t\t<a href=\"https:\/\/gruene-wiesbaden.de\/fr\/stadtentwicklung\/\" class=\"w-grid-item-anchor\" aria-label=\"D\u00e9veloppement urbain\"><\/a>\r\n\t\t\t\t\t\t<div class=\"w-post-elm post_image usg_post_image_1 stretched\"><img loading=\"lazy\" decoding=\"async\" width=\"450\" height=\"600\" src=\"https:\/\/gruene-wiesbaden.de\/wp-content\/uploads\/2025\/11\/1.5-Stadtentwicklung-450x600.jpg\" class=\"attachment-large size-large wp-post-image\" alt=\"\" srcset=\"https:\/\/gruene-wiesbaden.de\/wp-content\/uploads\/2025\/11\/1.5-Stadtentwicklung-450x600.jpg 450w, https:\/\/gruene-wiesbaden.de\/wp-content\/uploads\/2025\/11\/1.5-Stadtentwicklung-300x400.jpg 300w, https:\/\/gruene-wiesbaden.de\/wp-content\/uploads\/2025\/11\/1.5-Stadtentwicklung-scaled.jpg 1920w\" sizes=\"auto, (max-width: 450px) 100vw, 450px\" \/><\/div><div class=\"w-vwrapper usg_vwrapper_1 align_none valign_top\"><h2 class=\"w-post-elm post_title usg_post_title_1 has_text_color entry-title color_link_inherit\">D\u00e9veloppement urbain<\/h2><\/div>\t\t<\/div>\r\n\t\t\t<\/article>\r\n\t<article class=\"w-grid-item us_animate_afb off_autostart size_1x1 post-1329 post type-post status-publish format-standard has-post-thumbnail hentry category-kapitel-1\" data-id=\"1329\" style=\"animation-delay:0.5s\">\r\n\t\t<div class=\"w-grid-item-h\">\r\n\t\t\t\t\t\t\t<a href=\"https:\/\/gruene-wiesbaden.de\/fr\/wohnen\/\" class=\"w-grid-item-anchor\" aria-label=\"Logement\"><\/a>\r\n\t\t\t\t\t\t<div class=\"w-post-elm post_image usg_post_image_1 stretched\"><img loading=\"lazy\" decoding=\"async\" width=\"600\" height=\"450\" src=\"https:\/\/gruene-wiesbaden.de\/wp-content\/uploads\/2025\/11\/1.6-Wohnen-600x450.jpg\" class=\"attachment-large size-large wp-post-image\" alt=\"\" srcset=\"https:\/\/gruene-wiesbaden.de\/wp-content\/uploads\/2025\/11\/1.6-Wohnen-600x450.jpg 600w, https:\/\/gruene-wiesbaden.de\/wp-content\/uploads\/2025\/11\/1.6-Wohnen-400x300.jpg 400w\" sizes=\"auto, (max-width: 600px) 100vw, 600px\" \/><\/div><div class=\"w-vwrapper usg_vwrapper_1 align_none valign_top\"><h2 class=\"w-post-elm post_title usg_post_title_1 has_text_color entry-title color_link_inherit\">Logement<\/h2><\/div>\t\t<\/div>\r\n\t\t\t<\/article>\r\n\t<article class=\"w-grid-item us_animate_afb off_autostart size_1x1 post-1331 post type-post status-publish format-standard has-post-thumbnail hentry category-kapitel-1\" data-id=\"1331\" style=\"animation-delay:0.6s\">\r\n\t\t<div class=\"w-grid-item-h\">\r\n\t\t\t\t\t\t\t<a href=\"https:\/\/gruene-wiesbaden.de\/fr\/mobilitaet\/\" class=\"w-grid-item-anchor\" aria-label=\"mobilit\u00e9\"><\/a>\r\n\t\t\t\t\t\t<div class=\"w-post-elm post_image usg_post_image_1 stretched\"><img loading=\"lazy\" decoding=\"async\" width=\"600\" height=\"600\" src=\"https:\/\/gruene-wiesbaden.de\/wp-content\/uploads\/2025\/11\/1.6-Mobilitaet-600x600.jpeg\" class=\"attachment-large size-large wp-post-image\" alt=\"\" srcset=\"https:\/\/gruene-wiesbaden.de\/wp-content\/uploads\/2025\/11\/1.6-Mobilitaet-600x600.jpeg 600w, https:\/\/gruene-wiesbaden.de\/wp-content\/uploads\/2025\/11\/1.6-Mobilitaet-400x400.jpeg 400w, https:\/\/gruene-wiesbaden.de\/wp-content\/uploads\/2025\/11\/1.6-Mobilitaet-150x150.jpeg 150w\" sizes=\"auto, (max-width: 600px) 100vw, 600px\" \/><\/div><div class=\"w-vwrapper usg_vwrapper_1 align_none valign_top\"><h2 class=\"w-post-elm post_title usg_post_title_1 has_text_color entry-title color_link_inherit\">mobilit\u00e9<\/h2><\/div>\t\t<\/div>\r\n\t\t\t<\/article>\r\n\t<article class=\"w-grid-item us_animate_afb off_autostart size_1x1 post-1333 post type-post status-publish format-standard has-post-thumbnail hentry category-kapitel-1\" data-id=\"1333\" style=\"animation-delay:0.7s\">\r\n\t\t<div class=\"w-grid-item-h\">\r\n\t\t\t\t\t\t\t<a href=\"https:\/\/gruene-wiesbaden.de\/fr\/kitaplaetze-und-ganztagsbetreuung\/\" class=\"w-grid-item-anchor\" aria-label=\"Places de cr\u00e8che et garde d&#039;enfants toute la journ\u00e9e\"><\/a>\r\n\t\t\t\t\t\t<div class=\"w-post-elm post_image usg_post_image_1 stretched\"><img loading=\"lazy\" decoding=\"async\" width=\"400\" height=\"600\" src=\"https:\/\/gruene-wiesbaden.de\/wp-content\/uploads\/2025\/11\/1.7-Kitaplaetze-und-Ganztagsbetreuung-400x600.jpg\" class=\"attachment-large size-large wp-post-image\" alt=\"\" srcset=\"https:\/\/gruene-wiesbaden.de\/wp-content\/uploads\/2025\/11\/1.7-Kitaplaetze-und-Ganztagsbetreuung-400x600.jpg 400w, https:\/\/gruene-wiesbaden.de\/wp-content\/uploads\/2025\/11\/1.7-Kitaplaetze-und-Ganztagsbetreuung-267x400.jpg 267w, https:\/\/gruene-wiesbaden.de\/wp-content\/uploads\/2025\/11\/1.7-Kitaplaetze-und-Ganztagsbetreuung-scaled.jpg 1706w\" sizes=\"auto, (max-width: 400px) 100vw, 400px\" \/><\/div><div class=\"w-vwrapper usg_vwrapper_1 align_none valign_top\"><h2 class=\"w-post-elm post_title usg_post_title_1 has_text_color entry-title color_link_inherit\">Places de cr\u00e8che et garde d'enfants toute la journ\u00e9e<\/h2><\/div>\t\t<\/div>\r\n\t\t\t<\/article>\r\n\t<article class=\"w-grid-item us_animate_afb off_autostart size_1x1 post-1335 post type-post status-publish format-standard has-post-thumbnail hentry category-kapitel-1\" data-id=\"1335\" style=\"animation-delay:0s\">\r\n\t\t<div class=\"w-grid-item-h\">\r\n\t\t\t\t\t\t\t<a href=\"https:\/\/gruene-wiesbaden.de\/fr\/digitale-infrastruktur-und-digitale-services-fuer-alle\/\" class=\"w-grid-item-anchor\" aria-label=\"Infrastructure num\u00e9rique et services num\u00e9riques pour tous\"><\/a>\r\n\t\t\t\t\t\t<div class=\"w-post-elm post_image usg_post_image_1 stretched\"><img loading=\"lazy\" decoding=\"async\" width=\"467\" height=\"600\" src=\"https:\/\/gruene-wiesbaden.de\/wp-content\/uploads\/2025\/11\/1.8-Digitale-Infrastruktur-und-digitale-Services-fuer-alle-467x600.jpeg\" class=\"attachment-large size-large wp-post-image\" alt=\"\" srcset=\"https:\/\/gruene-wiesbaden.de\/wp-content\/uploads\/2025\/11\/1.8-Digitale-Infrastruktur-und-digitale-Services-fuer-alle-467x600.jpeg 467w, https:\/\/gruene-wiesbaden.de\/wp-content\/uploads\/2025\/11\/1.8-Digitale-Infrastruktur-und-digitale-Services-fuer-alle-311x400.jpeg 311w, https:\/\/gruene-wiesbaden.de\/wp-content\/uploads\/2025\/11\/1.8-Digitale-Infrastruktur-und-digitale-Services-fuer-alle-scaled.jpeg 1991w\" sizes=\"auto, (max-width: 467px) 100vw, 467px\" \/><\/div><div class=\"w-vwrapper usg_vwrapper_1 align_none valign_top\"><h2 class=\"w-post-elm post_title usg_post_title_1 has_text_color entry-title color_link_inherit\">Infrastructure num\u00e9rique et services num\u00e9riques pour tous<\/h2><\/div>\t\t<\/div>\r\n\t\t\t<\/article>\r\n\t<article class=\"w-grid-item us_animate_afb off_autostart size_1x1 post-1337 post type-post status-publish format-standard has-post-thumbnail hentry category-kapitel-1\" data-id=\"1337\" style=\"animation-delay:0.1s\">\r\n\t\t<div class=\"w-grid-item-h\">\r\n\t\t\t\t\t\t\t<a href=\"https:\/\/gruene-wiesbaden.de\/fr\/kultur\/\" class=\"w-grid-item-anchor\" aria-label=\"culture\"><\/a>\r\n\t\t\t\t\t\t<div class=\"w-post-elm post_image usg_post_image_1 stretched\"><img loading=\"lazy\" decoding=\"async\" width=\"600\" height=\"400\" src=\"https:\/\/gruene-wiesbaden.de\/wp-content\/uploads\/2025\/11\/1.10-Kultur-600x400.jpeg\" class=\"attachment-large size-large wp-post-image\" alt=\"\" srcset=\"https:\/\/gruene-wiesbaden.de\/wp-content\/uploads\/2025\/11\/1.10-Kultur-600x400.jpeg 600w, https:\/\/gruene-wiesbaden.de\/wp-content\/uploads\/2025\/11\/1.10-Kultur-400x267.jpeg 400w\" sizes=\"auto, (max-width: 600px) 100vw, 600px\" \/><\/div><div class=\"w-vwrapper usg_vwrapper_1 align_none valign_top\"><h2 class=\"w-post-elm post_title usg_post_title_1 has_text_color entry-title color_link_inherit\">culture<\/h2><\/div>\t\t<\/div>\r\n\t\t\t<\/article>\r\n\t<article class=\"w-grid-item us_animate_afb off_autostart size_1x1 post-1339 post type-post status-publish format-standard has-post-thumbnail hentry category-kapitel-1\" data-id=\"1339\" style=\"animation-delay:0.2s\">\r\n\t\t<div class=\"w-grid-item-h\">\r\n\t\t\t\t\t\t\t<a href=\"https:\/\/gruene-wiesbaden.de\/fr\/gesundheit-und-pflege\/\" class=\"w-grid-item-anchor\" aria-label=\"Sant\u00e9 et soins\"><\/a>\r\n\t\t\t\t\t\t<div class=\"w-post-elm post_image usg_post_image_1 stretched\"><img loading=\"lazy\" decoding=\"async\" width=\"600\" height=\"400\" src=\"https:\/\/gruene-wiesbaden.de\/wp-content\/uploads\/2025\/11\/1.10.-Gesundheit-und-Pflege-1-600x400.jpg\" class=\"attachment-large size-large wp-post-image\" alt=\"\" srcset=\"https:\/\/gruene-wiesbaden.de\/wp-content\/uploads\/2025\/11\/1.10.-Gesundheit-und-Pflege-1-600x400.jpg 600w, https:\/\/gruene-wiesbaden.de\/wp-content\/uploads\/2025\/11\/1.10.-Gesundheit-und-Pflege-1-400x267.jpg 400w\" sizes=\"auto, (max-width: 600px) 100vw, 600px\" \/><\/div><div class=\"w-vwrapper usg_vwrapper_1 align_none valign_top\"><h2 class=\"w-post-elm post_title usg_post_title_1 has_text_color entry-title color_link_inherit\">Sant\u00e9 et soins<\/h2><\/div>\t\t<\/div>\r\n\t\t\t<\/article>\r\n\t<article class=\"w-grid-item us_animate_afb off_autostart size_1x1 post-1341 post type-post status-publish format-standard has-post-thumbnail hentry category-kapitel-1\" data-id=\"1341\" style=\"animation-delay:0.3s\">\r\n\t\t<div class=\"w-grid-item-h\">\r\n\t\t\t\t\t\t\t<a href=\"https:\/\/gruene-wiesbaden.de\/fr\/sport\/\" class=\"w-grid-item-anchor\" aria-label=\"sport\"><\/a>\r\n\t\t\t\t\t\t<div class=\"w-post-elm post_image usg_post_image_1 stretched\"><img loading=\"lazy\" decoding=\"async\" width=\"400\" height=\"600\" src=\"https:\/\/gruene-wiesbaden.de\/wp-content\/uploads\/2025\/11\/1.11-Sport-400x600.jpg\" class=\"attachment-large size-large wp-post-image\" alt=\"\" srcset=\"https:\/\/gruene-wiesbaden.de\/wp-content\/uploads\/2025\/11\/1.11-Sport-400x600.jpg 400w, https:\/\/gruene-wiesbaden.de\/wp-content\/uploads\/2025\/11\/1.11-Sport-267x400.jpg 267w, https:\/\/gruene-wiesbaden.de\/wp-content\/uploads\/2025\/11\/1.11-Sport-scaled.jpg 1707w\" sizes=\"auto, (max-width: 400px) 100vw, 400px\" \/><\/div><div class=\"w-vwrapper usg_vwrapper_1 align_none valign_top\"><h2 class=\"w-post-elm post_title usg_post_title_1 has_text_color entry-title color_link_inherit\">sport<\/h2><\/div>\t\t<\/div>\r\n\t\t\t<\/article>\r\n<\/div><div class=\"w-grid-preloader\">\t<div class=\"g-preloader type_1\">\r\n\t\t<div><\/div>\r\n\t<\/div>\r\n\t<\/div>\t<div class=\"w-grid-json hidden\" onclick='return {&quot;action&quot;:&quot;us_ajax_grid&quot;,&quot;infinite_scroll&quot;:0,&quot;max_num_pages&quot;:1,&quot;pagination&quot;:&quot;infinite&quot;,&quot;template_vars&quot;:{&quot;columns&quot;:&quot;4&quot;,&quot;exclude_items&quot;:&quot;none&quot;,&quot;img_size&quot;:&quot;default&quot;,&quot;ignore_items_size&quot;:0,&quot;items_layout&quot;:&quot;portfolio_2&quot;,&quot;items_offset&quot;:&quot;1&quot;,&quot;load_animation&quot;:&quot;afb&quot;,&quot;overriding_link&quot;:&quot;%7B%22type%22%3A%22post%22%7D&quot;,&quot;post_id&quot;:0,&quot;query_args&quot;:{&quot;post_type&quot;:[&quot;post&quot;],&quot;tax_query&quot;:[{&quot;taxonomy&quot;:&quot;category&quot;,&quot;field&quot;:&quot;slug&quot;,&quot;terms&quot;:[&quot;kapitel-1&quot;]}],&quot;post_status&quot;:[&quot;publish&quot;],&quot;posts_per_page&quot;:&quot;50&quot;},&quot;orderby_query_args&quot;:{&quot;orderby&quot;:{&quot;modified&quot;:&quot;ASC&quot;,&quot;date&quot;:&quot;ASC&quot;}},&quot;type&quot;:&quot;masonry&quot;,&quot;us_grid_post_type&quot;:&quot;post&quot;,&quot;us_grid_ajax_index&quot;:1,&quot;us_grid_filter_query_string&quot;:null,&quot;us_grid_index&quot;:1,&quot;page_args&quot;:[]}}'><\/div>\r\n\t<\/div><div class=\"w-separator size_large\"><\/div><div class=\"wpb_text_column\" id=\"Kapitel2\"><div class=\"wpb_wrapper\"><h4 style=\"text-align: left;\">Une ville o\u00f9 tout le monde appartient<\/h4>\n<\/div><\/div><div class=\"w-separator size_small\"><\/div><div class=\"wpb_text_column us_custom_43b55716 has_text_color with_collapsible_content\" data-content-height=\"120px\"><div class=\"wpb_wrapper\"><p><span style=\"font-weight: 400;\">Wiesbaden est une ville de diversit\u00e9, et c\u2019est une bonne chose. Ici vivent des gens avec des biographies, des arri\u00e8re-plans et des projets de vie diff\u00e9rents. <\/span><span style=\"font-weight: 400;\">Nous, les VERTS, nous nous engageons pour un Wiesbaden dans lequel la diversit\u00e9 est reconnue et v\u00e9cue comme une force \u2013 dans lequel les personnes peuvent vivre de mani\u00e8re autonome, s\u00fbre et libre, ind\u00e9pendamment de leur revenu, de leur origine, de leur religion, de leur sexe, de leur \u00e2ge, de leur identit\u00e9 sexuelle ou de leur handicap.<\/span><\/p>\n<p><span style=\"font-weight: 400;\">Nous d\u00e9fendons une politique qui prend en compte toutes les personnes de la soci\u00e9t\u00e9, avec leurs r\u00e9alit\u00e9s et leurs besoins diff\u00e9rents, et qui renforce la participation de la soci\u00e9t\u00e9 civile \u00e0 la conception de notre ville.<\/span><\/p>\n<p><span style=\"font-weight: 400;\">Notre objectif est une soci\u00e9t\u00e9 urbaine solidaire, ouverte et inclusive et une ville qui non seulement respecte la diversit\u00e9, mais l'int\u00e8gre consciemment dans ses d\u00e9cisions et lutte contre toute forme de discrimination. Une ville o\u00f9 la coh\u00e9sion et la participation vont de soi, pour tous ceux qui y vivent.<\/span><\/p>\n<p><span style=\"font-weight: 400;\">Pour cela, il faut une politique qui:<\/span><\/p>\n<ul>\n<li style=\"font-weight: 400;\" aria-level=\"1\"><span style=\"font-weight: 400;\">garantir l\u2019\u00e9quit\u00e9 sociale en am\u00e9liorant l\u2019\u00e9galit\u00e9 des chances dans l\u2019\u00e9ducation, l\u2019accessibilit\u00e9 aux loisirs, \u00e0 la culture et \u00e0 la mobilit\u00e9, ainsi qu\u2019en apportant un soutien cibl\u00e9 aux enfants, aux jeunes, aux familles et aux personnes \u00e2g\u00e9es.<\/span><\/li>\n<\/ul>\n<ul>\n<li style=\"font-weight: 400;\" aria-level=\"1\"><span style=\"font-weight: 400;\">offre une protection contre la discrimination, le racisme, l\u2019antis\u00e9mitisme, la x\u00e9nophobie, la haine des femmes et toute forme de x\u00e9nophobie de groupe, ainsi que contre la violence et le sans-abrisme.<\/span><\/li>\n<\/ul>\n<ul>\n<li style=\"font-weight: 400;\" aria-level=\"1\"><span style=\"font-weight: 400;\">Supprimer les obstacles, qu\u2019ils soient physiques, num\u00e9riques ou sociaux, afin de permettre \u00e0 chacun de vivre en toute autonomie.<\/span><\/li>\n<\/ul>\n<ul>\n<li style=\"font-weight: 400;\" aria-level=\"1\"><span style=\"font-weight: 400;\">Renforcer la coh\u00e9sion gr\u00e2ce \u00e0 une soci\u00e9t\u00e9 civile dynamique, \u00e0 la participation d\u00e9mocratique et \u00e0 une culture du partage.<\/span><\/li>\n<\/ul>\n<p><span style=\"font-weight: 400;\">Nous voulons faire de Wiesbaden une ville o\u00f9 la libert\u00e9, la s\u00e9curit\u00e9 et l'autod\u00e9termination deviennent une r\u00e9alit\u00e9 pour tous. Parce qu\u2019une ville o\u00f9 tout le monde appartient n\u2019est pas une utopie, c\u2019est faisable.<\/span><\/p>\n<\/div><div class=\"toggle-links align_none\"><button class=\"collapsible-content-more\">Voir plus<\/button><button class=\"collapsible-content-less\">Voir moins<\/button><\/div><\/div><div class=\"w-separator size_small\"><\/div><div class=\"w-grid type_masonry layout_portfolio_2 cols_4 pagination_infinite with_isotope with_css_animation ratio_1x1\" id=\"us_grid_2\" style=\"--columns:4;--gap:6px;--item-ratio:1;\" data-filterable=\"true\"><style>@media (max-width:1380px){#us_grid_2{--columns:3!important}}@media (max-width:1024px){#us_grid_2{--columns:2!important}}@media (max-width:600px){#us_grid_2{--columns:1!important}}<\/style><div class=\"w-grid-list\">\t<article class=\"w-grid-item us_animate_afb off_autostart size_1x1 post-1349 post type-post status-publish format-standard has-post-thumbnail hentry category-kapitel-2\" data-id=\"1349\" style=\"animation-delay:0s\">\r\n\t\t<div class=\"w-grid-item-h\">\r\n\t\t\t\t\t\t\t<a href=\"https:\/\/gruene-wiesbaden.de\/fr\/geschlechtergerechtigkeit\/\" class=\"w-grid-item-anchor\" aria-label=\"\u00c9galit\u00e9 entre les hommes et les femmes\"><\/a>\r\n\t\t\t\t\t\t<div class=\"w-post-elm post_image usg_post_image_1 stretched\"><img loading=\"lazy\" decoding=\"async\" width=\"600\" height=\"316\" src=\"https:\/\/gruene-wiesbaden.de\/wp-content\/uploads\/2025\/11\/2.1-Geschlechtergerechtigkeit-600x316.jpeg\" class=\"attachment-large size-large wp-post-image\" alt=\"\" srcset=\"https:\/\/gruene-wiesbaden.de\/wp-content\/uploads\/2025\/11\/2.1-Geschlechtergerechtigkeit-600x316.jpeg 600w, https:\/\/gruene-wiesbaden.de\/wp-content\/uploads\/2025\/11\/2.1-Geschlechtergerechtigkeit-400x211.jpeg 400w\" sizes=\"auto, (max-width: 600px) 100vw, 600px\" \/><\/div><div class=\"w-vwrapper usg_vwrapper_1 align_none valign_top\"><h2 class=\"w-post-elm post_title usg_post_title_1 has_text_color entry-title color_link_inherit\">\u00c9galit\u00e9 entre les hommes et les femmes<\/h2><\/div>\t\t<\/div>\r\n\t\t\t<\/article>\r\n\t<article class=\"w-grid-item us_animate_afb off_autostart size_1x1 post-1351 post type-post status-publish format-standard has-post-thumbnail hentry category-kapitel-2\" data-id=\"1351\" style=\"animation-delay:0.1s\">\r\n\t\t<div class=\"w-grid-item-h\">\r\n\t\t\t\t\t\t\t<a href=\"https:\/\/gruene-wiesbaden.de\/fr\/gleichstellung-von-lgbtqia\/\" class=\"w-grid-item-anchor\" aria-label=\"\u00c9galit\u00e9 LGBTQIA*\"><\/a>\r\n\t\t\t\t\t\t<div class=\"w-post-elm post_image usg_post_image_1 stretched\"><img loading=\"lazy\" decoding=\"async\" width=\"600\" height=\"400\" src=\"https:\/\/gruene-wiesbaden.de\/wp-content\/uploads\/2025\/11\/2.2-Gleichstellung-LGBTQAI-600x400.jpeg\" class=\"attachment-large size-large wp-post-image\" alt=\"\" srcset=\"https:\/\/gruene-wiesbaden.de\/wp-content\/uploads\/2025\/11\/2.2-Gleichstellung-LGBTQAI-600x400.jpeg 600w, https:\/\/gruene-wiesbaden.de\/wp-content\/uploads\/2025\/11\/2.2-Gleichstellung-LGBTQAI-400x267.jpeg 400w\" sizes=\"auto, (max-width: 600px) 100vw, 600px\" \/><\/div><div class=\"w-vwrapper usg_vwrapper_1 align_none valign_top\"><h2 class=\"w-post-elm post_title usg_post_title_1 has_text_color entry-title color_link_inherit\">\u00c9galit\u00e9 LGBTQIA*<\/h2><\/div>\t\t<\/div>\r\n\t\t\t<\/article>\r\n\t<article class=\"w-grid-item us_animate_afb off_autostart size_1x1 post-1353 post type-post status-publish format-standard has-post-thumbnail hentry category-kapitel-2\" data-id=\"1353\" style=\"animation-delay:0.2s\">\r\n\t\t<div class=\"w-grid-item-h\">\r\n\t\t\t\t\t\t\t<a href=\"https:\/\/gruene-wiesbaden.de\/fr\/inklusion-und-barrierefreiheit\/\" class=\"w-grid-item-anchor\" aria-label=\"Inclusion et accessibilit\u00e9\"><\/a>\r\n\t\t\t\t\t\t<div class=\"w-post-elm post_image usg_post_image_1 stretched\"><img loading=\"lazy\" decoding=\"async\" width=\"600\" height=\"336\" src=\"https:\/\/gruene-wiesbaden.de\/wp-content\/uploads\/2025\/11\/2.3-Inklusion-und-Barrierefreiheit-600x336.jpeg\" class=\"attachment-large size-large wp-post-image\" alt=\"\" srcset=\"https:\/\/gruene-wiesbaden.de\/wp-content\/uploads\/2025\/11\/2.3-Inklusion-und-Barrierefreiheit-600x336.jpeg 600w, https:\/\/gruene-wiesbaden.de\/wp-content\/uploads\/2025\/11\/2.3-Inklusion-und-Barrierefreiheit-400x224.jpeg 400w\" sizes=\"auto, (max-width: 600px) 100vw, 600px\" \/><\/div><div class=\"w-vwrapper usg_vwrapper_1 align_none valign_top\"><h2 class=\"w-post-elm post_title usg_post_title_1 has_text_color entry-title color_link_inherit\">Inclusion et accessibilit\u00e9<\/h2><\/div>\t\t<\/div>\r\n\t\t\t<\/article>\r\n\t<article class=\"w-grid-item us_animate_afb off_autostart size_1x1 post-1355 post type-post status-publish format-standard has-post-thumbnail hentry category-kapitel-2\" data-id=\"1355\" style=\"animation-delay:0.3s\">\r\n\t\t<div class=\"w-grid-item-h\">\r\n\t\t\t\t\t\t\t<a href=\"https:\/\/gruene-wiesbaden.de\/fr\/antidiskriminierung-kulturelle-vielfalt-und-integration\/\" class=\"w-grid-item-anchor\" aria-label=\"Lutte contre la discrimination, diversit\u00e9 culturelle et int\u00e9gration\"><\/a>\r\n\t\t\t\t\t\t<div class=\"w-post-elm post_image usg_post_image_1 stretched\"><img loading=\"lazy\" decoding=\"async\" width=\"600\" height=\"400\" src=\"https:\/\/gruene-wiesbaden.de\/wp-content\/uploads\/2025\/11\/2.4-Antidiskriminierung-kulturelle-Vielfalt-und-Integration-600x400.jpg\" class=\"attachment-large size-large wp-post-image\" alt=\"\" srcset=\"https:\/\/gruene-wiesbaden.de\/wp-content\/uploads\/2025\/11\/2.4-Antidiskriminierung-kulturelle-Vielfalt-und-Integration-600x400.jpg 600w, https:\/\/gruene-wiesbaden.de\/wp-content\/uploads\/2025\/11\/2.4-Antidiskriminierung-kulturelle-Vielfalt-und-Integration-400x267.jpg 400w\" sizes=\"auto, (max-width: 600px) 100vw, 600px\" \/><\/div><div class=\"w-vwrapper usg_vwrapper_1 align_none valign_top\"><h2 class=\"w-post-elm post_title usg_post_title_1 has_text_color entry-title color_link_inherit\">Lutte contre la discrimination, diversit\u00e9 culturelle et int\u00e9gration<\/h2><\/div>\t\t<\/div>\r\n\t\t\t<\/article>\r\n\t<article class=\"w-grid-item us_animate_afb off_autostart size_1x1 post-1357 post type-post status-publish format-standard has-post-thumbnail hentry category-kapitel-2\" data-id=\"1357\" style=\"animation-delay:0.4s\">\r\n\t\t<div class=\"w-grid-item-h\">\r\n\t\t\t\t\t\t\t<a href=\"https:\/\/gruene-wiesbaden.de\/fr\/sicherheit-und-schutz-vor-gewalt\/\" class=\"w-grid-item-anchor\" aria-label=\"S\u00e9curit\u00e9 et protection contre la violence\"><\/a>\r\n\t\t\t\t\t\t<div class=\"w-post-elm post_image usg_post_image_1 stretched\"><img loading=\"lazy\" decoding=\"async\" width=\"480\" height=\"600\" src=\"https:\/\/gruene-wiesbaden.de\/wp-content\/uploads\/2025\/11\/2.5-Sicherheit-und-Schutz-vor-Gewalt-480x600.jpg\" class=\"attachment-large size-large wp-post-image\" alt=\"\" srcset=\"https:\/\/gruene-wiesbaden.de\/wp-content\/uploads\/2025\/11\/2.5-Sicherheit-und-Schutz-vor-Gewalt-480x600.jpg 480w, https:\/\/gruene-wiesbaden.de\/wp-content\/uploads\/2025\/11\/2.5-Sicherheit-und-Schutz-vor-Gewalt-320x400.jpg 320w, https:\/\/gruene-wiesbaden.de\/wp-content\/uploads\/2025\/11\/2.5-Sicherheit-und-Schutz-vor-Gewalt-scaled.jpg 2048w\" sizes=\"auto, (max-width: 480px) 100vw, 480px\" \/><\/div><div class=\"w-vwrapper usg_vwrapper_1 align_none valign_top\"><h2 class=\"w-post-elm post_title usg_post_title_1 has_text_color entry-title color_link_inherit\">S\u00e9curit\u00e9 et protection contre la violence<\/h2><\/div>\t\t<\/div>\r\n\t\t\t<\/article>\r\n\t<article class=\"w-grid-item us_animate_afb off_autostart size_1x1 post-1359 post type-post status-publish format-standard has-post-thumbnail hentry category-kapitel-2\" data-id=\"1359\" style=\"animation-delay:0.5s\">\r\n\t\t<div class=\"w-grid-item-h\">\r\n\t\t\t\t\t\t\t<a href=\"https:\/\/gruene-wiesbaden.de\/fr\/zivilgesellschaftliches-engagement-und-demokratiefoerderung\/\" class=\"w-grid-item-anchor\" aria-label=\"Engagement de la soci\u00e9t\u00e9 civile et soutien \u00e0 la d\u00e9mocratie\"><\/a>\r\n\t\t\t\t\t\t<div class=\"w-post-elm post_image usg_post_image_1 stretched\"><img loading=\"lazy\" decoding=\"async\" width=\"600\" height=\"600\" src=\"https:\/\/gruene-wiesbaden.de\/wp-content\/uploads\/2025\/11\/2.6-Zivilgesellschaftliches-Engagement-1-600x600.jpg\" class=\"attachment-large size-large wp-post-image\" alt=\"\" srcset=\"https:\/\/gruene-wiesbaden.de\/wp-content\/uploads\/2025\/11\/2.6-Zivilgesellschaftliches-Engagement-1-600x600.jpg 600w, https:\/\/gruene-wiesbaden.de\/wp-content\/uploads\/2025\/11\/2.6-Zivilgesellschaftliches-Engagement-1-400x400.jpg 400w, https:\/\/gruene-wiesbaden.de\/wp-content\/uploads\/2025\/11\/2.6-Zivilgesellschaftliches-Engagement-1-150x150.jpg 150w, https:\/\/gruene-wiesbaden.de\/wp-content\/uploads\/2025\/11\/2.6-Zivilgesellschaftliches-Engagement-1.jpg 750w\" sizes=\"auto, (max-width: 600px) 100vw, 600px\" \/><\/div><div class=\"w-vwrapper usg_vwrapper_1 align_none valign_top\"><h2 class=\"w-post-elm post_title usg_post_title_1 has_text_color entry-title color_link_inherit\">Engagement de la soci\u00e9t\u00e9 civile et soutien \u00e0 la d\u00e9mocratie<\/h2><\/div>\t\t<\/div>\r\n\t\t\t<\/article>\r\n\t<article class=\"w-grid-item us_animate_afb off_autostart size_1x1 post-1361 post type-post status-publish format-standard has-post-thumbnail hentry category-kapitel-2\" data-id=\"1361\" style=\"animation-delay:0.6s\">\r\n\t\t<div class=\"w-grid-item-h\">\r\n\t\t\t\t\t\t\t<a href=\"https:\/\/gruene-wiesbaden.de\/fr\/chancengerechte-bildung\/\" class=\"w-grid-item-anchor\" aria-label=\"L&#039;\u00e9ducation \u00e0 l&#039;\u00e9galit\u00e9 des chances\"><\/a>\r\n\t\t\t\t\t\t<div class=\"w-post-elm post_image usg_post_image_1 stretched\"><img loading=\"lazy\" decoding=\"async\" width=\"600\" height=\"400\" src=\"https:\/\/gruene-wiesbaden.de\/wp-content\/uploads\/2025\/11\/2.7-Chancengerechte-Bildung-600x400.jpeg\" class=\"attachment-large size-large wp-post-image\" alt=\"\" srcset=\"https:\/\/gruene-wiesbaden.de\/wp-content\/uploads\/2025\/11\/2.7-Chancengerechte-Bildung-600x400.jpeg 600w, https:\/\/gruene-wiesbaden.de\/wp-content\/uploads\/2025\/11\/2.7-Chancengerechte-Bildung-400x267.jpeg 400w\" sizes=\"auto, (max-width: 600px) 100vw, 600px\" \/><\/div><div class=\"w-vwrapper usg_vwrapper_1 align_none valign_top\"><h2 class=\"w-post-elm post_title usg_post_title_1 has_text_color entry-title color_link_inherit\">L'\u00e9ducation \u00e0 l'\u00e9galit\u00e9 des chances<\/h2><\/div>\t\t<\/div>\r\n\t\t\t<\/article>\r\n\t<article class=\"w-grid-item us_animate_afb off_autostart size_1x1 post-1366 post type-post status-publish format-standard has-post-thumbnail hentry category-kapitel-2\" data-id=\"1366\" style=\"animation-delay:0.7s\">\r\n\t\t<div class=\"w-grid-item-h\">\r\n\t\t\t\t\t\t\t<a href=\"https:\/\/gruene-wiesbaden.de\/fr\/kinder-familien-und-alleinerziehende\/\" class=\"w-grid-item-anchor\" aria-label=\"Enfants, familles et familles monoparentales\"><\/a>\r\n\t\t\t\t\t\t<div class=\"w-post-elm post_image usg_post_image_1 stretched\"><img loading=\"lazy\" decoding=\"async\" width=\"600\" height=\"400\" src=\"https:\/\/gruene-wiesbaden.de\/wp-content\/uploads\/2025\/11\/2.8-Kinder-Familien-und-Alleinerziehende-600x400.jpg\" class=\"attachment-large size-large wp-post-image\" alt=\"\" srcset=\"https:\/\/gruene-wiesbaden.de\/wp-content\/uploads\/2025\/11\/2.8-Kinder-Familien-und-Alleinerziehende-600x400.jpg 600w, https:\/\/gruene-wiesbaden.de\/wp-content\/uploads\/2025\/11\/2.8-Kinder-Familien-und-Alleinerziehende-400x267.jpg 400w\" sizes=\"auto, (max-width: 600px) 100vw, 600px\" \/><\/div><div class=\"w-vwrapper usg_vwrapper_1 align_none valign_top\"><h2 class=\"w-post-elm post_title usg_post_title_1 has_text_color entry-title color_link_inherit\">Enfants, familles et familles monoparentales<\/h2><\/div>\t\t<\/div>\r\n\t\t\t<\/article>\r\n\t<article class=\"w-grid-item us_animate_afb off_autostart size_1x1 post-1368 post type-post status-publish format-standard has-post-thumbnail hentry category-kapitel-2\" data-id=\"1368\" style=\"animation-delay:0s\">\r\n\t\t<div class=\"w-grid-item-h\">\r\n\t\t\t\t\t\t\t<a href=\"https:\/\/gruene-wiesbaden.de\/fr\/jugend-auszubildende-und-studierende\/\" class=\"w-grid-item-anchor\" aria-label=\"Jeunes, apprentis et \u00e9tudiants\"><\/a>\r\n\t\t\t\t\t\t<div class=\"w-post-elm post_image usg_post_image_1 stretched\"><img loading=\"lazy\" decoding=\"async\" width=\"600\" height=\"423\" src=\"https:\/\/gruene-wiesbaden.de\/wp-content\/uploads\/2025\/11\/2.9-Jugend-Auszubildende-Studierende-600x423.jpg\" class=\"attachment-large size-large wp-post-image\" alt=\"\" srcset=\"https:\/\/gruene-wiesbaden.de\/wp-content\/uploads\/2025\/11\/2.9-Jugend-Auszubildende-Studierende-600x423.jpg 600w, https:\/\/gruene-wiesbaden.de\/wp-content\/uploads\/2025\/11\/2.9-Jugend-Auszubildende-Studierende-400x282.jpg 400w\" sizes=\"auto, (max-width: 600px) 100vw, 600px\" \/><\/div><div class=\"w-vwrapper usg_vwrapper_1 align_none valign_top\"><h2 class=\"w-post-elm post_title usg_post_title_1 has_text_color entry-title color_link_inherit\">Jeunes, apprentis et \u00e9tudiants<\/h2><\/div>\t\t<\/div>\r\n\t\t\t<\/article>\r\n\t<article class=\"w-grid-item us_animate_afb off_autostart size_1x1 post-1370 post type-post status-publish format-standard has-post-thumbnail hentry category-kapitel-2\" data-id=\"1370\" style=\"animation-delay:0.1s\">\r\n\t\t<div class=\"w-grid-item-h\">\r\n\t\t\t\t\t\t\t<a href=\"https:\/\/gruene-wiesbaden.de\/fr\/seniorinnen\/\" class=\"w-grid-item-anchor\" aria-label=\"Seniors\"><\/a>\r\n\t\t\t\t\t\t<div class=\"w-post-elm post_image usg_post_image_1 stretched\"><img loading=\"lazy\" decoding=\"async\" width=\"400\" height=\"600\" src=\"https:\/\/gruene-wiesbaden.de\/wp-content\/uploads\/2025\/11\/2.10-Seniorinnen-400x600.jpg\" class=\"attachment-large size-large wp-post-image\" alt=\"\" srcset=\"https:\/\/gruene-wiesbaden.de\/wp-content\/uploads\/2025\/11\/2.10-Seniorinnen-400x600.jpg 400w, https:\/\/gruene-wiesbaden.de\/wp-content\/uploads\/2025\/11\/2.10-Seniorinnen-267x400.jpg 267w, https:\/\/gruene-wiesbaden.de\/wp-content\/uploads\/2025\/11\/2.10-Seniorinnen-scaled.jpg 1707w\" sizes=\"auto, (max-width: 400px) 100vw, 400px\" \/><\/div><div class=\"w-vwrapper usg_vwrapper_1 align_none valign_top\"><h2 class=\"w-post-elm post_title usg_post_title_1 has_text_color entry-title color_link_inherit\">Seniors<\/h2><\/div>\t\t<\/div>\r\n\t\t\t<\/article>\r\n\t<article class=\"w-grid-item us_animate_afb off_autostart size_1x1 post-1372 post type-post status-publish format-standard has-post-thumbnail hentry category-kapitel-2\" data-id=\"1372\" style=\"animation-delay:0.2s\">\r\n\t\t<div class=\"w-grid-item-h\">\r\n\t\t\t\t\t\t\t<a href=\"https:\/\/gruene-wiesbaden.de\/fr\/soziale-teilhabe-und-unterstuetzung-von-menschen-in-notlagen\/\" class=\"w-grid-item-anchor\" aria-label=\"Participation sociale et soutien aux personnes en situation d\u2019urgence\"><\/a>\r\n\t\t\t\t\t\t<div class=\"w-post-elm post_image usg_post_image_1 stretched\"><img loading=\"lazy\" decoding=\"async\" width=\"600\" height=\"400\" src=\"https:\/\/gruene-wiesbaden.de\/wp-content\/uploads\/2025\/11\/2.11-Soziale-Teilhabe-und-Unterstuetzung-fuer-Menschen-in-Notlagen-600x400.jpg\" class=\"attachment-large size-large wp-post-image\" alt=\"\" srcset=\"https:\/\/gruene-wiesbaden.de\/wp-content\/uploads\/2025\/11\/2.11-Soziale-Teilhabe-und-Unterstuetzung-fuer-Menschen-in-Notlagen-600x400.jpg 600w, https:\/\/gruene-wiesbaden.de\/wp-content\/uploads\/2025\/11\/2.11-Soziale-Teilhabe-und-Unterstuetzung-fuer-Menschen-in-Notlagen-400x267.jpg 400w\" sizes=\"auto, (max-width: 600px) 100vw, 600px\" \/><\/div><div class=\"w-vwrapper usg_vwrapper_1 align_none valign_top\"><h2 class=\"w-post-elm post_title usg_post_title_1 has_text_color entry-title color_link_inherit\">Participation sociale et soutien aux personnes en situation d\u2019urgence<\/h2><\/div>\t\t<\/div>\r\n\t\t\t<\/article>\r\n\t<article class=\"w-grid-item us_animate_afb off_autostart size_1x1 post-1374 post type-post status-publish format-standard has-post-thumbnail hentry category-kapitel-2\" data-id=\"1374\" style=\"animation-delay:0.3s\">\r\n\t\t<div class=\"w-grid-item-h\">\r\n\t\t\t\t\t\t\t<a href=\"https:\/\/gruene-wiesbaden.de\/fr\/gefluechtete\/\" class=\"w-grid-item-anchor\" aria-label=\"R\u00e9fugi\u00e9s\"><\/a>\r\n\t\t\t\t\t\t<div class=\"w-post-elm post_image usg_post_image_1 stretched\"><img loading=\"lazy\" decoding=\"async\" width=\"600\" height=\"400\" src=\"https:\/\/gruene-wiesbaden.de\/wp-content\/uploads\/2025\/11\/2.12-Gefluechtete-600x400.jpeg\" class=\"attachment-large size-large wp-post-image\" alt=\"\" srcset=\"https:\/\/gruene-wiesbaden.de\/wp-content\/uploads\/2025\/11\/2.12-Gefluechtete-600x400.jpeg 600w, https:\/\/gruene-wiesbaden.de\/wp-content\/uploads\/2025\/11\/2.12-Gefluechtete-400x267.jpeg 400w\" sizes=\"auto, (max-width: 600px) 100vw, 600px\" \/><\/div><div class=\"w-vwrapper usg_vwrapper_1 align_none valign_top\"><h2 class=\"w-post-elm post_title usg_post_title_1 has_text_color entry-title color_link_inherit\">R\u00e9fugi\u00e9s<\/h2><\/div>\t\t<\/div>\r\n\t\t\t<\/article>\r\n<\/div><div class=\"w-grid-preloader\">\t<div class=\"g-preloader type_1\">\r\n\t\t<div><\/div>\r\n\t<\/div>\r\n\t<\/div>\t<div class=\"w-grid-json hidden\" onclick='return {&quot;action&quot;:&quot;us_ajax_grid&quot;,&quot;infinite_scroll&quot;:0,&quot;max_num_pages&quot;:1,&quot;pagination&quot;:&quot;infinite&quot;,&quot;template_vars&quot;:{&quot;columns&quot;:&quot;4&quot;,&quot;exclude_items&quot;:&quot;none&quot;,&quot;img_size&quot;:&quot;default&quot;,&quot;ignore_items_size&quot;:0,&quot;items_layout&quot;:&quot;portfolio_2&quot;,&quot;items_offset&quot;:&quot;1&quot;,&quot;load_animation&quot;:&quot;afb&quot;,&quot;overriding_link&quot;:&quot;%7B%22type%22%3A%22post%22%7D&quot;,&quot;post_id&quot;:0,&quot;query_args&quot;:{&quot;post_type&quot;:[&quot;post&quot;],&quot;tax_query&quot;:[{&quot;taxonomy&quot;:&quot;category&quot;,&quot;field&quot;:&quot;slug&quot;,&quot;terms&quot;:[&quot;kapitel-2&quot;]}],&quot;post_status&quot;:[&quot;publish&quot;],&quot;posts_per_page&quot;:&quot;50&quot;},&quot;orderby_query_args&quot;:{&quot;orderby&quot;:{&quot;date&quot;:&quot;ASC&quot;}},&quot;type&quot;:&quot;masonry&quot;,&quot;us_grid_post_type&quot;:&quot;post&quot;,&quot;us_grid_ajax_index&quot;:2,&quot;us_grid_filter_query_string&quot;:null,&quot;us_grid_index&quot;:2,&quot;page_args&quot;:[]}}'><\/div>\r\n\t<\/div><div class=\"w-separator size_large\"><\/div><div class=\"wpb_text_column\" id=\"Kapitel3\"><div class=\"wpb_wrapper\"><h4 style=\"text-align: left;\">Assurer la p\u00e9rennit\u00e9 de Wiesbaden<\/h4>\n<\/div><\/div><div class=\"w-separator size_small\"><\/div><div class=\"wpb_text_column us_custom_43b55716 has_text_color with_collapsible_content\" data-content-height=\"120px\"><div class=\"wpb_wrapper\"><p><span style=\"font-weight: 400;\">La protection du climat, un environnement intact, une infrastructure performante et durable, la num\u00e9risation, la protection de la main-d'\u0153uvre qualifi\u00e9e et de l'emploi, la coexistence sociale et des finances saines d\u00e9terminent si Wiesbaden restera forte, vivable et capable d'agir demain. <\/span><span style=\"font-weight: 400;\">Nous, les VERTS, voulons un Wiesbaden qui utilise sa force \u00e9conomique dans la r\u00e9gion Rhin-Main pour assumer sa responsabilit\u00e9 vis-\u00e0-vis de l\u2019environnement, des personnes et des g\u00e9n\u00e9rations futures \u2013 pour une ville qui grandit en bonne sant\u00e9, vit de la diversit\u00e9 et fa\u00e7onne le changement avec des id\u00e9es intelligentes.<\/span><\/p>\n<p><span style=\"font-weight: 400;\">Pour nous, la p\u00e9rennit\u00e9 signifie combiner l'\u00e9ducation, le travail, la protection du climat et l'adaptation au changement climatique, la num\u00e9risation et la finance: avec des universit\u00e9s fortes, une \u00e9conomie \u00e9quitable qui mise sur la protection du climat et le travail de qualit\u00e9, des infrastructures et des approvisionnements \u00e9nerg\u00e9tiques modernes, ainsi qu\u2019une administration et des finances num\u00e9riques, ax\u00e9es sur l\u2019humain et performantes, qui ne p\u00e8sent pas sur les g\u00e9n\u00e9rations futures, mais leur donnent les moyens d\u2019agir.<\/span><\/p>\n<p><span style=\"font-weight: 400;\">Pour cela, il faut une politique qui<\/span><\/p>\n<ul>\n<li style=\"font-weight: 400;\" aria-level=\"1\"><span style=\"font-weight: 400;\">donner aux jeunes les moyens d\u2019apprendre, de rester et de s\u2019\u00e9panouir dans l\u2019\u00e9ducation et la recherche;<\/span><\/li>\n<\/ul>\n<ul>\n<li style=\"font-weight: 400;\" aria-level=\"1\"><span style=\"font-weight: 400;\">promeut une \u00e9conomie durable gr\u00e2ce \u00e0 des conditions \u00e9quitables pour les entreprises, les cr\u00e9ateurs d\u2019entreprises et les travailleurs existants;<\/span><\/li>\n<\/ul>\n<ul>\n<li style=\"font-weight: 400;\" aria-level=\"1\"><span style=\"font-weight: 400;\">moderniser les infrastructures et l\u2019approvisionnement \u00e9nerg\u00e9tique pour parvenir \u00e0 la neutralit\u00e9 climatique, \u00e0 l\u2019adaptation au changement climatique, \u00e0 la s\u00e9curit\u00e9 de l\u2019approvisionnement et \u00e0 la qualit\u00e9 de vie;<\/span><\/li>\n<\/ul>\n<ul>\n<li style=\"font-weight: 400;\" aria-level=\"1\"><span style=\"font-weight: 400;\">le d\u00e9veloppement de l\u2019administration et de la ville en tant qu\u2019employeur \u2013 num\u00e9rique, efficace et humain;<\/span><\/li>\n<\/ul>\n<ul>\n<li style=\"font-weight: 400;\" aria-level=\"1\"><span style=\"font-weight: 400;\">G\u00e9rer durablement le budget et les participations \u2013 de mani\u00e8re responsable, interg\u00e9n\u00e9rationnelle et d\u2019int\u00e9r\u00eat g\u00e9n\u00e9ral.<\/span><\/li>\n<\/ul>\n<p><span style=\"font-weight: 400;\">Nous voulons rendre Wiesbaden durable \u2013 dans le cadre d\u2019une r\u00e9gion forte entre le Rhin, le Main et le Taunus \u2013 en tant que ville qui investit dans les personnes et tire sa force de l\u2019interaction entre l\u2019\u00e9conomie, la soci\u00e9t\u00e9 et la nature.<\/span><\/p>\n<\/div><div class=\"toggle-links align_none\"><button class=\"collapsible-content-more\">Voir plus<\/button><button class=\"collapsible-content-less\">Voir moins<\/button><\/div><\/div><div class=\"w-separator size_small\"><\/div><div class=\"w-grid type_masonry layout_portfolio_2 cols_4 pagination_infinite with_isotope with_css_animation ratio_1x1\" id=\"us_grid_3\" style=\"--columns:4;--gap:6px;--item-ratio:1;\" data-filterable=\"true\"><style>@media (max-width:1380px){#us_grid_3{--columns:3!important}}@media (max-width:1024px){#us_grid_3{--columns:2!important}}@media (max-width:600px){#us_grid_3{--columns:1!important}}<\/style><div class=\"w-grid-list\">\t<article class=\"w-grid-item us_animate_afb off_autostart size_1x1 post-1376 post type-post status-publish format-standard has-post-thumbnail hentry category-kapitel-3\" data-id=\"1376\" style=\"animation-delay:0s\">\r\n\t\t<div class=\"w-grid-item-h\">\r\n\t\t\t\t\t\t\t<a href=\"https:\/\/gruene-wiesbaden.de\/fr\/wiesbaden-als-attraktiver-bildungs-und-hochschulort\/\" class=\"w-grid-item-anchor\" aria-label=\"Wiesbaden en tant que lieu de formation et d&#039;enseignement sup\u00e9rieur attrayant\"><\/a>\r\n\t\t\t\t\t\t<div class=\"w-post-elm post_image usg_post_image_1 stretched\"><img loading=\"lazy\" decoding=\"async\" width=\"400\" height=\"600\" src=\"https:\/\/gruene-wiesbaden.de\/wp-content\/uploads\/2025\/11\/3.1-attraktiver-Bildungs-und-Hochschulstandort-400x600.jpg\" class=\"attachment-large size-large wp-post-image\" alt=\"\" srcset=\"https:\/\/gruene-wiesbaden.de\/wp-content\/uploads\/2025\/11\/3.1-attraktiver-Bildungs-und-Hochschulstandort-400x600.jpg 400w, https:\/\/gruene-wiesbaden.de\/wp-content\/uploads\/2025\/11\/3.1-attraktiver-Bildungs-und-Hochschulstandort-267x400.jpg 267w, https:\/\/gruene-wiesbaden.de\/wp-content\/uploads\/2025\/11\/3.1-attraktiver-Bildungs-und-Hochschulstandort-scaled.jpg 1707w\" sizes=\"auto, (max-width: 400px) 100vw, 400px\" \/><\/div><div class=\"w-vwrapper usg_vwrapper_1 align_none valign_top\"><h2 class=\"w-post-elm post_title usg_post_title_1 has_text_color entry-title color_link_inherit\">Wiesbaden en tant que lieu de formation et d'enseignement sup\u00e9rieur attrayant<\/h2><\/div>\t\t<\/div>\r\n\t\t\t<\/article>\r\n\t<article class=\"w-grid-item us_animate_afb off_autostart size_1x1 post-1378 post type-post status-publish format-standard has-post-thumbnail hentry category-kapitel-3\" data-id=\"1378\" style=\"animation-delay:0.1s\">\r\n\t\t<div class=\"w-grid-item-h\">\r\n\t\t\t\t\t\t\t<a href=\"https:\/\/gruene-wiesbaden.de\/fr\/wiesbaden-als-attraktiver-wirtschaftsstandort\/\" class=\"w-grid-item-anchor\" aria-label=\"Wiesbaden, un site \u00e9conomique attractif\"><\/a>\r\n\t\t\t\t\t\t<div class=\"w-post-elm post_image usg_post_image_1 stretched\"><img loading=\"lazy\" decoding=\"async\" width=\"600\" height=\"400\" src=\"https:\/\/gruene-wiesbaden.de\/wp-content\/uploads\/2025\/11\/3.2-Wiesbaden-als-attraktiver-Wirtschaftsstandort-600x400.jpg\" class=\"attachment-large size-large wp-post-image\" alt=\"\" srcset=\"https:\/\/gruene-wiesbaden.de\/wp-content\/uploads\/2025\/11\/3.2-Wiesbaden-als-attraktiver-Wirtschaftsstandort-600x400.jpg 600w, https:\/\/gruene-wiesbaden.de\/wp-content\/uploads\/2025\/11\/3.2-Wiesbaden-als-attraktiver-Wirtschaftsstandort-400x267.jpg 400w\" sizes=\"auto, (max-width: 600px) 100vw, 600px\" \/><\/div><div class=\"w-vwrapper usg_vwrapper_1 align_none valign_top\"><h2 class=\"w-post-elm post_title usg_post_title_1 has_text_color entry-title color_link_inherit\">Wiesbaden, un site \u00e9conomique attractif<\/h2><\/div>\t\t<\/div>\r\n\t\t\t<\/article>\r\n\t<article class=\"w-grid-item us_animate_afb off_autostart size_1x1 post-1380 post type-post status-publish format-standard has-post-thumbnail hentry category-kapitel-3\" data-id=\"1380\" style=\"animation-delay:0.2s\">\r\n\t\t<div class=\"w-grid-item-h\">\r\n\t\t\t\t\t\t\t<a href=\"https:\/\/gruene-wiesbaden.de\/fr\/wirtschaftsfoerderung-und-beschaeftigung\/\" class=\"w-grid-item-anchor\" aria-label=\"Promouvoir l&#039;\u00e9conomie et l&#039;emploi\"><\/a>\r\n\t\t\t\t\t\t<div class=\"w-post-elm post_image usg_post_image_1 stretched\"><img loading=\"lazy\" decoding=\"async\" width=\"600\" height=\"400\" src=\"https:\/\/gruene-wiesbaden.de\/wp-content\/uploads\/2025\/11\/3.3-Wirtschaftsfoerderung-und-Beschaeftigung-600x400.jpeg\" class=\"attachment-large size-large wp-post-image\" alt=\"\" srcset=\"https:\/\/gruene-wiesbaden.de\/wp-content\/uploads\/2025\/11\/3.3-Wirtschaftsfoerderung-und-Beschaeftigung-600x400.jpeg 600w, https:\/\/gruene-wiesbaden.de\/wp-content\/uploads\/2025\/11\/3.3-Wirtschaftsfoerderung-und-Beschaeftigung-400x267.jpeg 400w\" sizes=\"auto, (max-width: 600px) 100vw, 600px\" \/><\/div><div class=\"w-vwrapper usg_vwrapper_1 align_none valign_top\"><h2 class=\"w-post-elm post_title usg_post_title_1 has_text_color entry-title color_link_inherit\">Promouvoir l'\u00e9conomie et l'emploi<\/h2><\/div>\t\t<\/div>\r\n\t\t\t<\/article>\r\n\t<article class=\"w-grid-item us_animate_afb off_autostart size_1x1 post-1382 post type-post status-publish format-standard has-post-thumbnail hentry category-kapitel-3\" data-id=\"1382\" style=\"animation-delay:0.3s\">\r\n\t\t<div class=\"w-grid-item-h\">\r\n\t\t\t\t\t\t\t<a href=\"https:\/\/gruene-wiesbaden.de\/fr\/nachhaltige-infrastruktur-und-waermewende\/\" class=\"w-grid-item-anchor\" aria-label=\"Infrastructures durables et transition thermique\"><\/a>\r\n\t\t\t\t\t\t<div class=\"w-post-elm post_image usg_post_image_1 stretched\"><img loading=\"lazy\" decoding=\"async\" width=\"450\" height=\"600\" src=\"https:\/\/gruene-wiesbaden.de\/wp-content\/uploads\/2025\/11\/3.4-Nachhaltige-Infrastruktur-und-Waermewende-450x600.jpg\" class=\"attachment-large size-large wp-post-image\" alt=\"\" srcset=\"https:\/\/gruene-wiesbaden.de\/wp-content\/uploads\/2025\/11\/3.4-Nachhaltige-Infrastruktur-und-Waermewende-450x600.jpg 450w, https:\/\/gruene-wiesbaden.de\/wp-content\/uploads\/2025\/11\/3.4-Nachhaltige-Infrastruktur-und-Waermewende-300x400.jpg 300w, https:\/\/gruene-wiesbaden.de\/wp-content\/uploads\/2025\/11\/3.4-Nachhaltige-Infrastruktur-und-Waermewende-scaled.jpg 1920w\" sizes=\"auto, (max-width: 450px) 100vw, 450px\" \/><\/div><div class=\"w-vwrapper usg_vwrapper_1 align_none valign_top\"><h2 class=\"w-post-elm post_title usg_post_title_1 has_text_color entry-title color_link_inherit\">Infrastructures durables et transition thermique<\/h2><\/div>\t\t<\/div>\r\n\t\t\t<\/article>\r\n\t<article class=\"w-grid-item us_animate_afb off_autostart size_1x1 post-1384 post type-post status-publish format-standard has-post-thumbnail hentry category-kapitel-3\" data-id=\"1384\" style=\"animation-delay:0.4s\">\r\n\t\t<div class=\"w-grid-item-h\">\r\n\t\t\t\t\t\t\t<a href=\"https:\/\/gruene-wiesbaden.de\/fr\/wiesbaden-zur-nachhaltigen-kommune-transformieren\/\" class=\"w-grid-item-anchor\" aria-label=\"Transformer Wiesbaden en une commune durable\"><\/a>\r\n\t\t\t\t\t\t<div class=\"w-post-elm post_image usg_post_image_1 stretched\"><img loading=\"lazy\" decoding=\"async\" width=\"600\" height=\"338\" src=\"https:\/\/gruene-wiesbaden.de\/wp-content\/uploads\/2025\/11\/3.5-Wiesbaden-zur-nachhaltigen-Kommune-transformieren-600x338.jpg\" class=\"attachment-large size-large wp-post-image\" alt=\"\" srcset=\"https:\/\/gruene-wiesbaden.de\/wp-content\/uploads\/2025\/11\/3.5-Wiesbaden-zur-nachhaltigen-Kommune-transformieren-600x338.jpg 600w, https:\/\/gruene-wiesbaden.de\/wp-content\/uploads\/2025\/11\/3.5-Wiesbaden-zur-nachhaltigen-Kommune-transformieren-400x225.jpg 400w, https:\/\/gruene-wiesbaden.de\/wp-content\/uploads\/2025\/11\/3.5-Wiesbaden-zur-nachhaltigen-Kommune-transformieren.jpg 1920w\" sizes=\"auto, (max-width: 600px) 100vw, 600px\" \/><\/div><div class=\"w-vwrapper usg_vwrapper_1 align_none valign_top\"><h2 class=\"w-post-elm post_title usg_post_title_1 has_text_color entry-title color_link_inherit\">Transformer Wiesbaden en une commune durable<\/h2><\/div>\t\t<\/div>\r\n\t\t\t<\/article>\r\n\t<article class=\"w-grid-item us_animate_afb off_autostart size_1x1 post-1386 post type-post status-publish format-standard has-post-thumbnail hentry category-kapitel-3\" data-id=\"1386\" style=\"animation-delay:0.5s\">\r\n\t\t<div class=\"w-grid-item-h\">\r\n\t\t\t\t\t\t\t<a href=\"https:\/\/gruene-wiesbaden.de\/fr\/verwaltungsmodernisierung-und-digitalisierung\/\" class=\"w-grid-item-anchor\" aria-label=\"Modernisation administrative et num\u00e9risation\"><\/a>\r\n\t\t\t\t\t\t<div class=\"w-post-elm post_image usg_post_image_1 stretched\"><img loading=\"lazy\" decoding=\"async\" width=\"600\" height=\"355\" src=\"https:\/\/gruene-wiesbaden.de\/wp-content\/uploads\/2025\/11\/3.6-Verwaltungsmodernisierung-und-Digitalisierung-600x355.jpeg\" class=\"attachment-large size-large wp-post-image\" alt=\"\" srcset=\"https:\/\/gruene-wiesbaden.de\/wp-content\/uploads\/2025\/11\/3.6-Verwaltungsmodernisierung-und-Digitalisierung-600x355.jpeg 600w, https:\/\/gruene-wiesbaden.de\/wp-content\/uploads\/2025\/11\/3.6-Verwaltungsmodernisierung-und-Digitalisierung-400x236.jpeg 400w\" sizes=\"auto, (max-width: 600px) 100vw, 600px\" \/><\/div><div class=\"w-vwrapper usg_vwrapper_1 align_none valign_top\"><h2 class=\"w-post-elm post_title usg_post_title_1 has_text_color entry-title color_link_inherit\">Modernisation administrative et num\u00e9risation<\/h2><\/div>\t\t<\/div>\r\n\t\t\t<\/article>\r\n\t<article class=\"w-grid-item us_animate_afb off_autostart size_1x1 post-1388 post type-post status-publish format-standard has-post-thumbnail hentry category-kapitel-3\" data-id=\"1388\" style=\"animation-delay:0.6s\">\r\n\t\t<div class=\"w-grid-item-h\">\r\n\t\t\t\t\t\t\t<a href=\"https:\/\/gruene-wiesbaden.de\/fr\/die-stadt-wiesbaden-als-attraktiver-arbeitgeber\/\" class=\"w-grid-item-anchor\" aria-label=\"La ville de Wiesbaden en tant qu&#039;employeur attractif\"><\/a>\r\n\t\t\t\t\t\t<div class=\"w-post-elm post_image usg_post_image_1 stretched\"><img loading=\"lazy\" decoding=\"async\" width=\"600\" height=\"399\" src=\"https:\/\/gruene-wiesbaden.de\/wp-content\/uploads\/2025\/11\/3.7-Stadt-Wiesbaden-als-attraktive-Arbeitgeberin-600x399.jpeg\" class=\"attachment-large size-large wp-post-image\" alt=\"\" srcset=\"https:\/\/gruene-wiesbaden.de\/wp-content\/uploads\/2025\/11\/3.7-Stadt-Wiesbaden-als-attraktive-Arbeitgeberin-600x399.jpeg 600w, https:\/\/gruene-wiesbaden.de\/wp-content\/uploads\/2025\/11\/3.7-Stadt-Wiesbaden-als-attraktive-Arbeitgeberin-400x266.jpeg 400w\" sizes=\"auto, (max-width: 600px) 100vw, 600px\" \/><\/div><div class=\"w-vwrapper usg_vwrapper_1 align_none valign_top\"><h2 class=\"w-post-elm post_title usg_post_title_1 has_text_color entry-title color_link_inherit\">La ville de Wiesbaden en tant qu'employeur attractif<\/h2><\/div>\t\t<\/div>\r\n\t\t\t<\/article>\r\n\t<article class=\"w-grid-item us_animate_afb off_autostart size_1x1 post-1390 post type-post status-publish format-standard has-post-thumbnail hentry category-kapitel-3\" data-id=\"1390\" style=\"animation-delay:0.7s\">\r\n\t\t<div class=\"w-grid-item-h\">\r\n\t\t\t\t\t\t\t<a href=\"https:\/\/gruene-wiesbaden.de\/fr\/staedtische-beteiligungen\/\" class=\"w-grid-item-anchor\" aria-label=\"Participations urbaines\"><\/a>\r\n\t\t\t\t\t\t<div class=\"w-post-elm post_image usg_post_image_1 stretched\"><img loading=\"lazy\" decoding=\"async\" width=\"600\" height=\"400\" src=\"https:\/\/gruene-wiesbaden.de\/wp-content\/uploads\/2025\/11\/3.8-Staedtische-Beteiligungen-600x400.jpeg\" class=\"attachment-large size-large wp-post-image\" alt=\"\" srcset=\"https:\/\/gruene-wiesbaden.de\/wp-content\/uploads\/2025\/11\/3.8-Staedtische-Beteiligungen-600x400.jpeg 600w, https:\/\/gruene-wiesbaden.de\/wp-content\/uploads\/2025\/11\/3.8-Staedtische-Beteiligungen-400x267.jpeg 400w\" sizes=\"auto, (max-width: 600px) 100vw, 600px\" \/><\/div><div class=\"w-vwrapper usg_vwrapper_1 align_none valign_top\"><h2 class=\"w-post-elm post_title usg_post_title_1 has_text_color entry-title color_link_inherit\">Participations urbaines<\/h2><\/div>\t\t<\/div>\r\n\t\t\t<\/article>\r\n\t<article class=\"w-grid-item us_animate_afb off_autostart size_1x1 post-1392 post type-post status-publish format-standard has-post-thumbnail hentry category-kapitel-3\" data-id=\"1392\" style=\"animation-delay:0s\">\r\n\t\t<div class=\"w-grid-item-h\">\r\n\t\t\t\t\t\t\t<a href=\"https:\/\/gruene-wiesbaden.de\/fr\/staedtischer-haushalt-nachhaltig-und-generationengerecht\/\" class=\"w-grid-item-anchor\" aria-label=\"M\u00e9nage urbain durable et adapt\u00e9 aux g\u00e9n\u00e9rations\"><\/a>\r\n\t\t\t\t\t\t<div class=\"w-post-elm post_image usg_post_image_1 stretched\"><img loading=\"lazy\" decoding=\"async\" width=\"600\" height=\"427\" src=\"https:\/\/gruene-wiesbaden.de\/wp-content\/uploads\/2025\/11\/3.9-Staedtischer-Haushalt-scaled-e1763332609268-600x427.jpeg\" class=\"attachment-large size-large wp-post-image\" alt=\"\" srcset=\"https:\/\/gruene-wiesbaden.de\/wp-content\/uploads\/2025\/11\/3.9-Staedtischer-Haushalt-scaled-e1763332609268-600x427.jpeg 600w, https:\/\/gruene-wiesbaden.de\/wp-content\/uploads\/2025\/11\/3.9-Staedtischer-Haushalt-scaled-e1763332609268-400x285.jpeg 400w, https:\/\/gruene-wiesbaden.de\/wp-content\/uploads\/2025\/11\/3.9-Staedtischer-Haushalt-scaled-e1763332609268.jpeg 1737w\" sizes=\"auto, (max-width: 600px) 100vw, 600px\" \/><\/div><div class=\"w-vwrapper usg_vwrapper_1 align_none valign_top\"><h2 class=\"w-post-elm post_title usg_post_title_1 has_text_color entry-title color_link_inherit\">M\u00e9nage urbain durable et adapt\u00e9 aux g\u00e9n\u00e9rations<\/h2><\/div>\t\t<\/div>\r\n\t\t\t<\/article>\r\n<\/div><div class=\"w-grid-preloader\">\t<div class=\"g-preloader type_1\">\r\n\t\t<div><\/div>\r\n\t<\/div>\r\n\t<\/div>\t<div class=\"w-grid-json hidden\" onclick='return {&quot;action&quot;:&quot;us_ajax_grid&quot;,&quot;infinite_scroll&quot;:0,&quot;max_num_pages&quot;:1,&quot;pagination&quot;:&quot;infinite&quot;,&quot;template_vars&quot;:{&quot;columns&quot;:&quot;4&quot;,&quot;exclude_items&quot;:&quot;none&quot;,&quot;img_size&quot;:&quot;default&quot;,&quot;ignore_items_size&quot;:0,&quot;items_layout&quot;:&quot;portfolio_2&quot;,&quot;items_offset&quot;:&quot;1&quot;,&quot;load_animation&quot;:&quot;afb&quot;,&quot;overriding_link&quot;:&quot;%7B%22type%22%3A%22post%22%7D&quot;,&quot;post_id&quot;:0,&quot;query_args&quot;:{&quot;post_type&quot;:[&quot;post&quot;],&quot;tax_query&quot;:[{&quot;taxonomy&quot;:&quot;category&quot;,&quot;field&quot;:&quot;slug&quot;,&quot;terms&quot;:[&quot;kapitel-3&quot;]}],&quot;post_status&quot;:[&quot;publish&quot;],&quot;posts_per_page&quot;:&quot;50&quot;},&quot;orderby_query_args&quot;:{&quot;orderby&quot;:{&quot;date&quot;:&quot;ASC&quot;}},&quot;type&quot;:&quot;masonry&quot;,&quot;us_grid_post_type&quot;:&quot;post&quot;,&quot;us_grid_ajax_index&quot;:3,&quot;us_grid_filter_query_string&quot;:null,&quot;us_grid_index&quot;:3,&quot;page_args&quot;:[]}}'><\/div>\r\n\t<\/div><div class=\"w-separator size_large\"><\/div><\/div><\/div><\/div><\/div><\/div><\/div><\/div><\/section>","protected":false},"excerpt":{"rendered":"Budget urbain \u2013 durable et adapt\u00e9 aux g\u00e9n\u00e9rationsLa situation financi\u00e8re de Wiesbaden est tendue, comme dans de nombreuses autres communes. L'\u00c9tat f\u00e9d\u00e9ral et les L\u00e4nder ont toujours confi\u00e9 de nouvelles t\u00e2ches aux communes. Ce n'est qu'avec une politique budg\u00e9taire saine que nous pourrons garantir les marges de man\u0153uvre n\u00e9cessaires pour continuer \u00e0 fournir aux citoyens une infrastructure fiable et de bons services \u00e0 l'avenir et relever les grands d\u00e9fis auxquels ils sont confront\u00e9s.","protected":false},"author":1,"featured_media":0,"parent":0,"menu_order":0,"comment_status":"closed","ping_status":"closed","template":"","meta":{"footnotes":""},"class_list":["post-8","page","type-page","status-publish","hentry"],"yoast_head":"<!-- This site is optimized with the Yoast SEO plugin v27.5 - https:\/\/yoast.com\/product\/yoast-seo-wordpress\/ -->\n<title>B\u00dcNDNIS 90\/DIE GR\u00dcNEN Wiesbaden<\/title>\n<meta name=\"description\" content=\"Dies ist die Website von B\u00dcNDNIS 90\/DIE GR\u00dcNEN Wiesbaden. Hier findest du alle Informationen zum Wiesbadener Kreisverband.\" \/>\n<meta name=\"robots\" content=\"index, follow, max-snippet:-1, max-image-preview:large, max-video-preview:-1\" \/>\n<link rel=\"canonical\" href=\"https:\/\/gruene-wiesbaden.de\/fr\/\" \/>\n<meta property=\"og:locale\" content=\"fr_FR\" \/>\n<meta property=\"og:type\" content=\"article\" \/>\n<meta property=\"og:title\" content=\"B\u00dcNDNIS 90\/DIE GR\u00dcNEN Wiesbaden\" \/>\n<meta property=\"og:description\" content=\"Dies ist die Website von B\u00dcNDNIS 90\/DIE GR\u00dcNEN Wiesbaden. Hier findest du alle Informationen zum Wiesbadener Kreisverband.\" \/>\n<meta property=\"og:url\" content=\"https:\/\/gruene-wiesbaden.de\/fr\/\" \/>\n<meta property=\"og:site_name\" content=\"B\u00dcNDNIS 90\/DIE GR\u00dcNEN Wiesbaden\" \/>\n<meta property=\"article:publisher\" content=\"https:\/\/www.facebook.com\/gruene.wi\" \/>\n<meta property=\"article:modified_time\" content=\"2026-04-08T09:34:35+00:00\" \/>\n<meta name=\"twitter:card\" content=\"summary_large_image\" \/>\n<meta name=\"twitter:label1\" content=\"Dur\u00e9e de lecture estim\u00e9e\" \/>\n\t<meta name=\"twitter:data1\" content=\"6 minutes\" \/>\n<script type=\"application\/ld+json\" class=\"yoast-schema-graph\">{\"@context\":\"https:\\\/\\\/schema.org\",\"@graph\":[{\"@type\":\"WebPage\",\"@id\":\"https:\\\/\\\/gruene-wiesbaden.de\\\/\",\"url\":\"https:\\\/\\\/gruene-wiesbaden.de\\\/\",\"name\":\"B\u00dcNDNIS 90\\\/DIE GR\u00dcNEN Wiesbaden\",\"isPartOf\":{\"@id\":\"https:\\\/\\\/gruene-wiesbaden.de\\\/#website\"},\"datePublished\":\"2024-04-03T21:32:00+00:00\",\"dateModified\":\"2026-04-08T09:34:35+00:00\",\"description\":\"Dies ist die Website von B\u00dcNDNIS 90\\\/DIE GR\u00dcNEN Wiesbaden. Hier findest du alle Informationen zum Wiesbadener Kreisverband.\",\"breadcrumb\":{\"@id\":\"https:\\\/\\\/gruene-wiesbaden.de\\\/#breadcrumb\"},\"inLanguage\":\"fr-FR\",\"potentialAction\":[{\"@type\":\"ReadAction\",\"target\":[\"https:\\\/\\\/gruene-wiesbaden.de\\\/\"]}]},{\"@type\":\"BreadcrumbList\",\"@id\":\"https:\\\/\\\/gruene-wiesbaden.de\\\/#breadcrumb\",\"itemListElement\":[{\"@type\":\"ListItem\",\"position\":1,\"name\":\"Startseite\",\"item\":\"https:\\\/\\\/gruene-wiesbaden.de\\\/\"},{\"@type\":\"ListItem\",\"position\":2,\"name\":\"Startseite Gr\u00fcne Wiesbaden\"}]},{\"@type\":\"WebSite\",\"@id\":\"https:\\\/\\\/gruene-wiesbaden.de\\\/#website\",\"url\":\"https:\\\/\\\/gruene-wiesbaden.de\\\/\",\"name\":\"DIE GR\u00dcNEN Wiesbaden\",\"description\":\"\",\"publisher\":{\"@id\":\"https:\\\/\\\/gruene-wiesbaden.de\\\/#organization\"},\"potentialAction\":[{\"@type\":\"SearchAction\",\"target\":{\"@type\":\"EntryPoint\",\"urlTemplate\":\"https:\\\/\\\/gruene-wiesbaden.de\\\/?s={search_term_string}\"},\"query-input\":{\"@type\":\"PropertyValueSpecification\",\"valueRequired\":true,\"valueName\":\"search_term_string\"}}],\"inLanguage\":\"fr-FR\"},{\"@type\":\"Organization\",\"@id\":\"https:\\\/\\\/gruene-wiesbaden.de\\\/#organization\",\"name\":\"DIE GR\u00dcNEN Wiesbaden\",\"url\":\"https:\\\/\\\/gruene-wiesbaden.de\\\/\",\"logo\":{\"@type\":\"ImageObject\",\"inLanguage\":\"fr-FR\",\"@id\":\"https:\\\/\\\/gruene-wiesbaden.de\\\/#\\\/schema\\\/logo\\\/image\\\/\",\"url\":\"https:\\\/\\\/gruene-wiesbaden-fuer-europa.de\\\/wp-content\\\/uploads\\\/2024\\\/04\\\/Machen-was-zaehlt-5.png\",\"contentUrl\":\"https:\\\/\\\/gruene-wiesbaden-fuer-europa.de\\\/wp-content\\\/uploads\\\/2024\\\/04\\\/Machen-was-zaehlt-5.png\",\"width\":1772,\"height\":1772,\"caption\":\"DIE GR\u00dcNEN Wiesbaden\"},\"image\":{\"@id\":\"https:\\\/\\\/gruene-wiesbaden.de\\\/#\\\/schema\\\/logo\\\/image\\\/\"},\"sameAs\":[\"https:\\\/\\\/www.facebook.com\\\/gruene.wi\",\"https:\\\/\\\/instagram.com\\\/gruene_wi\"]}]}<\/script>\n<!-- \/ Yoast SEO plugin. -->","yoast_head_json":{"title":"B\u00dcNDNIS 90\/DIE GR\u00dcNEN Wiesbaden","description":"Dies ist die Website von B\u00dcNDNIS 90\/DIE GR\u00dcNEN Wiesbaden. Hier findest du alle Informationen zum Wiesbadener Kreisverband.","robots":{"index":"index","follow":"follow","max-snippet":"max-snippet:-1","max-image-preview":"max-image-preview:large","max-video-preview":"max-video-preview:-1"},"canonical":"https:\/\/gruene-wiesbaden.de\/fr\/","og_locale":"fr_FR","og_type":"article","og_title":"B\u00dcNDNIS 90\/DIE GR\u00dcNEN Wiesbaden","og_description":"Dies ist die Website von B\u00dcNDNIS 90\/DIE GR\u00dcNEN Wiesbaden. Hier findest du alle Informationen zum Wiesbadener Kreisverband.","og_url":"https:\/\/gruene-wiesbaden.de\/fr\/","og_site_name":"B\u00dcNDNIS 90\/DIE GR\u00dcNEN Wiesbaden","article_publisher":"https:\/\/www.facebook.com\/gruene.wi","article_modified_time":"2026-04-08T09:34:35+00:00","twitter_card":"summary_large_image","twitter_misc":{"Dur\u00e9e de lecture estim\u00e9e":"6 minutes"},"schema":{"@context":"https:\/\/schema.org","@graph":[{"@type":"WebPage","@id":"https:\/\/gruene-wiesbaden.de\/","url":"https:\/\/gruene-wiesbaden.de\/","name":"B\u00dcNDNIS 90\/DIE GR\u00dcNEN Wiesbaden","isPartOf":{"@id":"https:\/\/gruene-wiesbaden.de\/#website"},"datePublished":"2024-04-03T21:32:00+00:00","dateModified":"2026-04-08T09:34:35+00:00","description":"Dies ist die Website von B\u00dcNDNIS 90\/DIE GR\u00dcNEN Wiesbaden. Hier findest du alle Informationen zum Wiesbadener Kreisverband.","breadcrumb":{"@id":"https:\/\/gruene-wiesbaden.de\/#breadcrumb"},"inLanguage":"fr-FR","potentialAction":[{"@type":"ReadAction","target":["https:\/\/gruene-wiesbaden.de\/"]}]},{"@type":"BreadcrumbList","@id":"https:\/\/gruene-wiesbaden.de\/#breadcrumb","itemListElement":[{"@type":"ListItem","position":1,"name":"Startseite","item":"https:\/\/gruene-wiesbaden.de\/"},{"@type":"ListItem","position":2,"name":"Startseite Gr\u00fcne Wiesbaden"}]},{"@type":"WebSite","@id":"https:\/\/gruene-wiesbaden.de\/#website","url":"https:\/\/gruene-wiesbaden.de\/","name":"DIE GR\u00dcNEN Wiesbaden","description":"","publisher":{"@id":"https:\/\/gruene-wiesbaden.de\/#organization"},"potentialAction":[{"@type":"SearchAction","target":{"@type":"EntryPoint","urlTemplate":"https:\/\/gruene-wiesbaden.de\/?s={search_term_string}"},"query-input":{"@type":"PropertyValueSpecification","valueRequired":true,"valueName":"search_term_string"}}],"inLanguage":"fr-FR"},{"@type":"Organization","@id":"https:\/\/gruene-wiesbaden.de\/#organization","name":"DIE GR\u00dcNEN Wiesbaden","url":"https:\/\/gruene-wiesbaden.de\/","logo":{"@type":"ImageObject","inLanguage":"fr-FR","@id":"https:\/\/gruene-wiesbaden.de\/#\/schema\/logo\/image\/","url":"https:\/\/gruene-wiesbaden-fuer-europa.de\/wp-content\/uploads\/2024\/04\/Machen-was-zaehlt-5.png","contentUrl":"https:\/\/gruene-wiesbaden-fuer-europa.de\/wp-content\/uploads\/2024\/04\/Machen-was-zaehlt-5.png","width":1772,"height":1772,"caption":"DIE GR\u00dcNEN Wiesbaden"},"image":{"@id":"https:\/\/gruene-wiesbaden.de\/#\/schema\/logo\/image\/"},"sameAs":["https:\/\/www.facebook.com\/gruene.wi","https:\/\/instagram.com\/gruene_wi"]}]}},"_links":{"self":[{"href":"https:\/\/gruene-wiesbaden.de\/fr\/wp-json\/wp\/v2\/pages\/8","targetHints":{"allow":["GET"]}}],"collection":[{"href":"https:\/\/gruene-wiesbaden.de\/fr\/wp-json\/wp\/v2\/pages"}],"about":[{"href":"https:\/\/gruene-wiesbaden.de\/fr\/wp-json\/wp\/v2\/types\/page"}],"author":[{"embeddable":true,"href":"https:\/\/gruene-wiesbaden.de\/fr\/wp-json\/wp\/v2\/users\/1"}],"replies":[{"embeddable":true,"href":"https:\/\/gruene-wiesbaden.de\/fr\/wp-json\/wp\/v2\/comments?post=8"}],"version-history":[{"count":107,"href":"https:\/\/gruene-wiesbaden.de\/fr\/wp-json\/wp\/v2\/pages\/8\/revisions"}],"predecessor-version":[{"id":2359,"href":"https:\/\/gruene-wiesbaden.de\/fr\/wp-json\/wp\/v2\/pages\/8\/revisions\/2359"}],"wp:attachment":[{"href":"https:\/\/gruene-wiesbaden.de\/fr\/wp-json\/wp\/v2\/media?parent=8"}],"curies":[{"name":"wp","href":"https:\/\/api.w.org\/{rel}","templated":true}]}}