{"id":570,"date":"2025-03-21T10:49:45","date_gmt":"2025-03-21T10:49:45","guid":{"rendered":"http:\/\/gruene-wiesbaden.de.w0207e8f.kasserver.com\/?page_id=570"},"modified":"2026-04-08T12:08:04","modified_gmt":"2026-04-08T10:08:04","slug":"pressemitteilungen_kv","status":"publish","type":"page","link":"https:\/\/gruene-wiesbaden.de\/de\/pressemitteilungen_kv\/","title":{"rendered":"Pressemitteilungen des Kreisverbandes"},"content":{"rendered":"<section class=\"l-section wpb_row height_auto full_height valign_center with_slider\"><div class=\"l-section-slider\"><div class=\"w-slider style_none fit_cover nav_none count_1\"><div class=\"w-slider-h\"><div class=\"royalSlider\"><div class=\"rsContent\"><a class=\"rsImg\" data-rsw=\"2560\" data-rsh=\"1709\" href=\"https:\/\/gruene-wiesbaden.de\/wp-content\/uploads\/2025\/03\/roman-kraft-_Zua2hyvTBk-unsplash-scaled.jpg\"><span data-alt=\"\"><\/span><\/a><\/div><\/div><img decoding=\"async\" src=\"https:\/\/gruene-wiesbaden.de\/wp-content\/uploads\/2025\/03\/roman-kraft-_Zua2hyvTBk-unsplash-scaled.jpg\" width=\"2560\" height=\"1709\" alt loading=\"lazy\"><\/div><div class=\"w-slider-json\" onclick='return {&quot;autoScaleSlider&quot;:true,&quot;addActiveClass&quot;:true,&quot;loop&quot;:true,&quot;fadeInLoadedSlide&quot;:false,&quot;slidesSpacing&quot;:0,&quot;imageScalePadding&quot;:0,&quot;numImagesToPreload&quot;:2,&quot;arrowsNav&quot;:false,&quot;arrowsNavAutoHide&quot;:false,&quot;transitionType&quot;:&quot;move&quot;,&quot;transitionSpeed&quot;:1000,&quot;block&quot;:{&quot;moveEffect&quot;:&quot;none&quot;,&quot;speed&quot;:300},&quot;thumbs&quot;:{&quot;fitInViewport&quot;:false,&quot;firstMargin&quot;:false,&quot;spacing&quot;:4},&quot;controlNavigation&quot;:&quot;none&quot;,&quot;autoplay&quot;:{&quot;enabled&quot;:true,&quot;pauseOnHover&quot;:false,&quot;delay&quot;:3000},&quot;autoScaleSliderWidth&quot;:2560,&quot;autoScaleSliderHeight&quot;:1709}'><\/div><\/div><\/div><div class=\"l-section-overlay\" style=\"background:rgba(0,0,0,0.24)\"><\/div><div class=\"l-section-h i-cf\"><div class=\"g-cols vc_row via_grid cols_1 laptops-cols_inherit tablets-cols_inherit mobiles-cols_1 valign_top type_default stacking_default\" style=\"--columns-gap:0rem;\"><div class=\"wpb_column vc_column_container\"><div class=\"vc_column-inner\"><div class=\"g-cols wpb_row us_custom_fe17fac6 has_text_color via_grid cols_1 laptops-cols_inherit tablets-cols_inherit mobiles-cols_1 valign_top type_default stacking_default\" style=\"--columns-gap:3rem;\"><div class=\"wpb_column vc_column_container\"><div class=\"vc_column-inner\"><div class=\"w-separator size_large\"><\/div><div class=\"w-separator size_small\"><\/div><div class=\"w-separator size_small\"><\/div><div class=\"wpb_text_column us_custom_2d6d43ab has_text_color background_inside_text\"><div class=\"wpb_wrapper\"><h1 style=\"text-align: center;\">PRESSEMITTEILUNGEN AUS DEM KREISVERBAND<\/h1>\n<\/div><\/div><\/div><\/div><\/div><\/div><\/div><\/div><\/div><\/section><section class=\"l-section wpb_row us_custom_564c68c1 has_text_color height_medium with_img\"><div class=\"l-section-img\" role=\"img\" data-img-width=\"1920\" data-img-height=\"700\" style=\"background-image: url(https:\/\/gruene-wiesbaden.de\/wp-content\/uploads\/2025\/11\/neuer-Verlauf-gruene-wiesbaden.de_-1-e1762693586282.png);\"><\/div><div class=\"l-section-h i-cf\"><div class=\"g-cols vc_row via_grid cols_1 laptops-cols_inherit tablets-cols_inherit mobiles-cols_1 valign_top type_default stacking_default\"><div class=\"wpb_column vc_column_container\"><div class=\"vc_column-inner\"><div class=\"g-cols wpb_row via_grid cols_1 laptops-cols_inherit tablets-cols_inherit mobiles-cols_1 valign_top type_default stacking_default\" style=\"--columns-gap:3rem;\"><div class=\"wpb_column vc_column_container\"><div class=\"vc_column-inner\"><div class=\"w-separator size_small\"><\/div><div class=\"wpb_text_column us_custom_f4639b64 has_text_color\"><div class=\"wpb_wrapper\"><p style=\"text-align: left;\">Du m\u00f6chtest dich \u00fcber Pressemitteilungen, Antr\u00e4ge und Reden aus unserer Rathausfraktion informieren? Dann klicke auf den Button. Wenn du uns auf Social Media folgst, dann verpasst du nichts mehr &#8211; egal ob vom Kreisverband oder der Rathausfraktion!<\/p>\n<\/div><\/div><div class=\"w-separator size_small\"><\/div><div class=\"w-btn-wrapper align_left\"><a class=\"w-btn us-btn-style_11\" target=\"_blank\" href=\"https:\/\/gruene-fraktion-wiesbaden.de\/aktuelles-2\/\"><span class=\"w-btn-label\">Aktuelles aus der Rathausfraktion<\/span><\/a><\/div><div class=\"w-socials us_custom_d3d0a431 has_text_color color_text shape_circle style_default hover_none\"><div class=\"w-socials-list\"><div class=\"w-socials-item facebook\"><a target=\"_blank\" rel=\"nofollow\" href=\"https:\/\/www.facebook.com\/gruene.wi\" class=\"w-socials-item-link\" aria-label=\"Facebook\"><span class=\"w-socials-item-link-hover\"><\/span><i class=\"fab fa-facebook\"><\/i><\/a><div class=\"w-socials-item-popup\"><span>Facebook<\/span><\/div><\/div><div class=\"w-socials-item instagram\"><a target=\"_blank\" rel=\"nofollow\" href=\"https:\/\/www.instagram.com\/gruene_wi\/\" class=\"w-socials-item-link\" aria-label=\"Instagram\"><span class=\"w-socials-item-link-hover\"><\/span><i class=\"fab fa-instagram\"><\/i><\/a><div class=\"w-socials-item-popup\"><span>Instagram<\/span><\/div><\/div><div class=\"w-socials-item tiktok\"><a target=\"_blank\" rel=\"nofollow\" href=\"https:\/\/www.tiktok.com\/@gruene_wi?_t=ZN-8usZ6hx5hDS&amp;_r=1\" class=\"w-socials-item-link\" aria-label=\"TikTok\"><span class=\"w-socials-item-link-hover\"><\/span><i class=\"fab fa-tiktok\"><\/i><\/a><div class=\"w-socials-item-popup\"><span>TikTok<\/span><\/div><\/div><\/div><\/div><div class=\"w-separator size_small\"><\/div><div class=\"w-grid us_custom_68768d72 has_text_color type_masonry layout_blog_cards cols_2 pagination_infinite overflow_hidden with_filters with_isotope with_css_animation\" id=\"us_grid_1\" style=\"--columns:2;--gap:1.5rem;\"><style>@media (max-width:600px){#us_grid_1{--columns:1!important}}@media (min-width:1024px){#us_grid_1 .w-post-elm.post_title{font-size:1.8rem!important}}.layout_blog_cards .w-grid-item-h{background:var(--color-content-bg);color:var(--color-content-text);border-radius:0.3rem;box-shadow:0 0.03rem 0.06rem rgba(0,0,0,0.1),0 0.1rem 0.3rem rgba(0,0,0,0.1);transition-duration:0.3s}.no-touch .layout_blog_cards .w-grid-item-h:hover{box-shadow:0 0.1rem 0.2rem rgba(0,0,0,0.1),0 0.33rem 1rem rgba(0,0,0,0.15);z-index:4}.layout_blog_cards .usg_post_image_1{margin-bottom:-2rem!important}.layout_blog_cards .usg_post_title_1{font-size:1.4rem!important;font-weight:700!important}.layout_blog_cards .usg_vwrapper_1{margin-top:2rem!important;padding:9% 11% 11% 11%!important}.layout_blog_cards .usg_post_taxonomy_1{font-weight:700!important;text-transform:uppercase!important;font-size:10px!important;position:absolute!important;z-index:2!important;top:1.2rem!important;right:1.2rem!important;left:1.2rem!important}.layout_blog_cards .usg_hwrapper_1{color:var(--color-content-faded)!important;font-size:0.9rem!important}@media (max-width:600px){.layout_blog_cards .usg_post_title_1{font-size:1.2rem!important}}<\/style><div class=\"g-filters style_3 align_left\"><button class=\"g-filters-item active\" data-taxonomy=\"*\"><span>Alle<\/span><\/button><button class=\"g-filters-item\" data-taxonomy=\"allgemein\" data-amount=\"3\"><span>Allgemein<\/span><span class=\"g-filters-item-amount\">3<\/span><\/button><button class=\"g-filters-item\" data-taxonomy=\"mitglieder\" data-amount=\"3\"><span>Mitglieder<\/span><span class=\"g-filters-item-amount\">3<\/span><\/button><button class=\"g-filters-item\" data-taxonomy=\"veranstaltungen\" data-amount=\"4\"><span>Veranstaltungen<\/span><span class=\"g-filters-item-amount\">4<\/span><\/button><button class=\"g-filters-item\" data-taxonomy=\"wahlen\" data-amount=\"7\"><span>Wahlen<\/span><span class=\"g-filters-item-amount\">7<\/span><\/button><\/div><div class=\"w-grid-list\" data-filter_taxonomy_name=\"category\" data-filter_default_taxonomies=\"allgemein,mitglieder,veranstaltungen,wahlen\">\t<article class=\"w-grid-item us_animate_afb off_autostart post-1660 post type-post status-publish format-standard has-post-thumbnail hentry category-allgemein category-wahlen\" data-id=\"1660\" style=\"animation-delay:0s\">\r\n\t\t<div class=\"w-grid-item-h\">\r\n\t\t\t\t\t\t<div class=\"w-post-elm post_image usg_post_image_1 stretched\"><a href=\"https:\/\/gruene-wiesbaden.de\/de\/mehr-moeglich-machen-fuer-wiesbaden-gruene-wiesbaden-starten-mit-starkem-team-und-zukunftsprogramm-in-den-kommunalwahlkampf-2026\/\" aria-label=\"MEHR M\u00d6GLICH MACHEN f\u00fcr Wiesbaden &#8211; GR\u00dcNE Wiesbaden starten mit starkem Team und Zukunftsprogramm in den Kommunalwahlkampf 2026\"><img loading=\"lazy\" decoding=\"async\" width=\"600\" height=\"452\" src=\"https:\/\/gruene-wiesbaden.de\/wp-content\/uploads\/2025\/12\/Bild-GRUeNE-WIESBADEN-600x452.png\" class=\"attachment-large size-large wp-post-image\" alt=\"\" srcset=\"https:\/\/gruene-wiesbaden.de\/wp-content\/uploads\/2025\/12\/Bild-GRUeNE-WIESBADEN-600x452.png 600w, https:\/\/gruene-wiesbaden.de\/wp-content\/uploads\/2025\/12\/Bild-GRUeNE-WIESBADEN-400x302.png 400w, https:\/\/gruene-wiesbaden.de\/wp-content\/uploads\/2025\/12\/Bild-GRUeNE-WIESBADEN-16x12.png 16w, https:\/\/gruene-wiesbaden.de\/wp-content\/uploads\/2025\/12\/Bild-GRUeNE-WIESBADEN.png 968w\" sizes=\"auto, (max-width: 600px) 100vw, 600px\" \/><\/a><\/div><div class=\"w-post-elm post_taxonomy usg_post_taxonomy_1 style_badge color_link_inherit\"><div class=\"w-post-elm-list\"><a class=\"w-btn us-btn-style_badge term-8 term-allgemein\" href=\"https:\/\/gruene-wiesbaden.de\/de\/category\/allgemein\/\"><span class=\"w-btn-label\">Allgemein<\/span><\/a><a class=\"w-btn us-btn-style_badge term-5 term-wahlen\" href=\"https:\/\/gruene-wiesbaden.de\/de\/category\/wahlen\/\"><span class=\"w-btn-label\">Wahlen<\/span><\/a><\/div><\/div><div class=\"w-vwrapper usg_vwrapper_1 align_none valign_top\"><h2 class=\"w-post-elm post_title usg_post_title_1 entry-title color_link_inherit\"><a href=\"https:\/\/gruene-wiesbaden.de\/de\/mehr-moeglich-machen-fuer-wiesbaden-gruene-wiesbaden-starten-mit-starkem-team-und-zukunftsprogramm-in-den-kommunalwahlkampf-2026\/\">MEHR M\u00d6GLICH MACHEN f\u00fcr Wiesbaden &#8211; GR\u00dcNE Wiesbaden starten mit starkem Team und Zukunftsprogramm in den Kommunalwahlkampf 2026<\/a><\/h2><div class=\"w-hwrapper usg_hwrapper_1 has_text_color align_none valign_top wrap\"><time class=\"w-post-elm post_date usg_post_date_1 entry-date published\" datetime=\"2025-12-01T12:53:02+02:00\" title=\"1 Dezember 2025 um 12:53:02 +02:00\u00a0Uhr\">vor 5\u00a0Monaten<\/time><\/div><div class=\"w-post-elm post_content usg_post_content_1\">Die Wiesbadener GR\u00dcNEN haben heute ihr Wahlprogramm und die Liste f\u00fcr die Kommunalwahl 2026 vorgestellt. Mit einer starken Spitze, einem&hellip;<\/div><\/div>\t\t<\/div>\r\n\t\t\t<\/article>\r\n\t<article class=\"w-grid-item us_animate_afb off_autostart post-1647 post type-post status-publish format-standard has-post-thumbnail hentry category-allgemein category-veranstaltungen category-wahlen\" data-id=\"1647\" style=\"animation-delay:0.1s\">\r\n\t\t<div class=\"w-grid-item-h\">\r\n\t\t\t\t\t\t<div class=\"w-post-elm post_image usg_post_image_1 stretched\"><a href=\"https:\/\/gruene-wiesbaden.de\/de\/stark-aufgestellt-fuer-wiesbaden-gruene-starten-mit-team-und-programm-in-den-wahlkampf\/\" aria-label=\"Stark aufgestellt f\u00fcr Wiesbaden: GR\u00dcNE starten mit Team und Programm in den Wahlkampf\"><img loading=\"lazy\" decoding=\"async\" width=\"600\" height=\"407\" src=\"https:\/\/gruene-wiesbaden.de\/wp-content\/uploads\/2025\/11\/Post-Wahlprogramm-e1764229378933-600x407.png\" class=\"attachment-large size-large wp-post-image\" alt=\"\" srcset=\"https:\/\/gruene-wiesbaden.de\/wp-content\/uploads\/2025\/11\/Post-Wahlprogramm-e1764229378933-600x407.png 600w, https:\/\/gruene-wiesbaden.de\/wp-content\/uploads\/2025\/11\/Post-Wahlprogramm-e1764229378933-400x271.png 400w, https:\/\/gruene-wiesbaden.de\/wp-content\/uploads\/2025\/11\/Post-Wahlprogramm-e1764229378933-18x12.png 18w, https:\/\/gruene-wiesbaden.de\/wp-content\/uploads\/2025\/11\/Post-Wahlprogramm-e1764229378933.png 1132w\" sizes=\"auto, (max-width: 600px) 100vw, 600px\" \/><\/a><\/div><div class=\"w-post-elm post_taxonomy usg_post_taxonomy_1 style_badge color_link_inherit\"><div class=\"w-post-elm-list\"><a class=\"w-btn us-btn-style_badge term-8 term-allgemein\" href=\"https:\/\/gruene-wiesbaden.de\/de\/category\/allgemein\/\"><span class=\"w-btn-label\">Allgemein<\/span><\/a><a class=\"w-btn us-btn-style_badge term-6 term-veranstaltungen\" href=\"https:\/\/gruene-wiesbaden.de\/de\/category\/veranstaltungen\/\"><span class=\"w-btn-label\">Veranstaltungen<\/span><\/a><a class=\"w-btn us-btn-style_badge term-5 term-wahlen\" href=\"https:\/\/gruene-wiesbaden.de\/de\/category\/wahlen\/\"><span class=\"w-btn-label\">Wahlen<\/span><\/a><\/div><\/div><div class=\"w-vwrapper usg_vwrapper_1 align_none valign_top\"><h2 class=\"w-post-elm post_title usg_post_title_1 entry-title color_link_inherit\"><a href=\"https:\/\/gruene-wiesbaden.de\/de\/stark-aufgestellt-fuer-wiesbaden-gruene-starten-mit-team-und-programm-in-den-wahlkampf\/\">Stark aufgestellt f\u00fcr Wiesbaden: GR\u00dcNE starten mit Team und Programm in den Wahlkampf<\/a><\/h2><div class=\"w-hwrapper usg_hwrapper_1 has_text_color align_none valign_top wrap\"><time class=\"w-post-elm post_date usg_post_date_1 entry-date published\" datetime=\"2025-11-27T09:45:08+02:00\" title=\"27 November 2025 um 09:45:08 +02:00\u00a0Uhr\">vor 5\u00a0Monaten<\/time><\/div><div class=\"w-post-elm post_content usg_post_content_1\">Wiesbaden, 26.11.2025 \u2013 B\u00dcNDNIS 90\/DIE GR\u00dcNEN Wiesbaden starten entschlossen in den Kommunalwahlkampf 2026. Mit dem bereits im Oktober verabschiedeten Wahlprogramm&hellip;<\/div><\/div>\t\t<\/div>\r\n\t\t\t<\/article>\r\n\t<article class=\"w-grid-item us_animate_afb off_autostart post-1303 post type-post status-publish format-standard has-post-thumbnail hentry category-allgemein category-veranstaltungen\" data-id=\"1303\" style=\"animation-delay:0.2s\">\r\n\t\t<div class=\"w-grid-item-h\">\r\n\t\t\t\t\t\t<div class=\"w-post-elm post_image usg_post_image_1 stretched\"><a href=\"https:\/\/gruene-wiesbaden.de\/de\/tag-des-offenen-heizungskellers-waermepumpen-auch-in-alten-mehrfamilienhaeusern-sinnvoll\/\" aria-label=\"Tag des offenen Heizungskellers \u2013 W\u00e4rmepumpen auch in alten Mehrfamilienh\u00e4usern sinnvoll\"><img loading=\"lazy\" decoding=\"async\" width=\"600\" height=\"450\" src=\"https:\/\/gruene-wiesbaden.de\/wp-content\/uploads\/2025\/11\/he-gong-2VCtLsPEaWI-unsplash-600x450.jpg\" class=\"attachment-large size-large wp-post-image\" alt=\"\" srcset=\"https:\/\/gruene-wiesbaden.de\/wp-content\/uploads\/2025\/11\/he-gong-2VCtLsPEaWI-unsplash-600x450.jpg 600w, https:\/\/gruene-wiesbaden.de\/wp-content\/uploads\/2025\/11\/he-gong-2VCtLsPEaWI-unsplash-400x300.jpg 400w\" sizes=\"auto, (max-width: 600px) 100vw, 600px\" \/><\/a><\/div><div class=\"w-post-elm post_taxonomy usg_post_taxonomy_1 style_badge color_link_inherit\"><div class=\"w-post-elm-list\"><a class=\"w-btn us-btn-style_badge term-8 term-allgemein\" href=\"https:\/\/gruene-wiesbaden.de\/de\/category\/allgemein\/\"><span class=\"w-btn-label\">Allgemein<\/span><\/a><a class=\"w-btn us-btn-style_badge term-6 term-veranstaltungen\" href=\"https:\/\/gruene-wiesbaden.de\/de\/category\/veranstaltungen\/\"><span class=\"w-btn-label\">Veranstaltungen<\/span><\/a><\/div><\/div><div class=\"w-vwrapper usg_vwrapper_1 align_none valign_top\"><h2 class=\"w-post-elm post_title usg_post_title_1 entry-title color_link_inherit\"><a href=\"https:\/\/gruene-wiesbaden.de\/de\/tag-des-offenen-heizungskellers-waermepumpen-auch-in-alten-mehrfamilienhaeusern-sinnvoll\/\">Tag des offenen Heizungskellers \u2013 W\u00e4rmepumpen auch in alten Mehrfamilienh\u00e4usern sinnvoll<\/a><\/h2><div class=\"w-hwrapper usg_hwrapper_1 has_text_color align_none valign_top wrap\"><time class=\"w-post-elm post_date usg_post_date_1 entry-date published\" datetime=\"2025-11-05T14:28:17+02:00\" title=\"5 November 2025 um 14:28:17 +02:00\u00a0Uhr\">vor 6\u00a0Monaten<\/time><\/div><div class=\"w-post-elm post_content usg_post_content_1\">Wiesbaden\/Taunusstein, 05.11.2025. Viele fragen sich: Wie soll ich meine Wohnung oder mein Haus warm bekommen, wenn das Geb\u00e4udeenergiegesetz \u00d6l- und&hellip;<\/div><\/div>\t\t<\/div>\r\n\t\t\t<\/article>\r\n\t<article class=\"w-grid-item us_animate_afb off_autostart post-1278 post type-post status-publish format-standard has-post-thumbnail hentry category-wahlen\" data-id=\"1278\" style=\"animation-delay:0.3s\">\r\n\t\t<div class=\"w-grid-item-h\">\r\n\t\t\t\t\t\t<div class=\"w-post-elm post_image usg_post_image_1 stretched\"><a href=\"https:\/\/gruene-wiesbaden.de\/de\/die-gruenen-wiesbaden-beschliessen-einstimmig-programm-fuer-die-kommunalwahl-2026-basisdemokratischer-prozess-als-grundlage-fuer-eine-lebenswerte-und-zukunftsfaehige-stadt\/\" aria-label=\"DIE GR\u00dcNEN Wiesbaden beschlie\u00dfen einstimmig Programm f\u00fcr die Kommunalwahl 2026 \u2013 Basisdemokratischer Prozess als Grundlage f\u00fcr eine lebenswerte und zukunftsf\u00e4hige Stadt\"><img loading=\"lazy\" decoding=\"async\" width=\"600\" height=\"387\" src=\"https:\/\/gruene-wiesbaden.de\/wp-content\/uploads\/2025\/11\/IMG_5693-scaled-e1762010663148-600x387.jpg\" class=\"attachment-large size-large wp-post-image\" alt=\"\" srcset=\"https:\/\/gruene-wiesbaden.de\/wp-content\/uploads\/2025\/11\/IMG_5693-scaled-e1762010663148-600x387.jpg 600w, https:\/\/gruene-wiesbaden.de\/wp-content\/uploads\/2025\/11\/IMG_5693-scaled-e1762010663148-400x258.jpg 400w, https:\/\/gruene-wiesbaden.de\/wp-content\/uploads\/2025\/11\/IMG_5693-scaled-e1762010663148.jpg 1190w\" sizes=\"auto, (max-width: 600px) 100vw, 600px\" \/><\/a><\/div><div class=\"w-post-elm post_taxonomy usg_post_taxonomy_1 style_badge color_link_inherit\"><a class=\"w-btn us-btn-style_badge term-5 term-wahlen\" href=\"https:\/\/gruene-wiesbaden.de\/de\/category\/wahlen\/\"><span class=\"w-btn-label\">Wahlen<\/span><\/a><\/div><div class=\"w-vwrapper usg_vwrapper_1 align_none valign_top\"><h2 class=\"w-post-elm post_title usg_post_title_1 entry-title color_link_inherit\"><a href=\"https:\/\/gruene-wiesbaden.de\/de\/die-gruenen-wiesbaden-beschliessen-einstimmig-programm-fuer-die-kommunalwahl-2026-basisdemokratischer-prozess-als-grundlage-fuer-eine-lebenswerte-und-zukunftsfaehige-stadt\/\">DIE GR\u00dcNEN Wiesbaden beschlie\u00dfen einstimmig Programm f\u00fcr die Kommunalwahl 2026 \u2013 Basisdemokratischer Prozess als Grundlage f\u00fcr eine lebenswerte und zukunftsf\u00e4hige Stadt<\/a><\/h2><div class=\"w-hwrapper usg_hwrapper_1 has_text_color align_none valign_top wrap\"><time class=\"w-post-elm post_date usg_post_date_1 entry-date published\" datetime=\"2025-11-01T17:27:05+02:00\" title=\"1 November 2025 um 17:27:05 +02:00\u00a0Uhr\">vor 6\u00a0Monaten<\/time><\/div><div class=\"w-post-elm post_content usg_post_content_1\">Wiesbaden, 01.11.2025 \u2013 Der Kreisverband Wiesbaden von B\u00dcNDNIS 90\/DIE GR\u00dcNEN hat am vergangenen Wochenende in einem langem basisdemokratischen Verfahren einstimmig&hellip;<\/div><\/div>\t\t<\/div>\r\n\t\t\t<\/article>\r\n\t<article class=\"w-grid-item us_animate_afb off_autostart post-884 post type-post status-publish format-standard has-post-thumbnail hentry category-wahlen\" data-id=\"884\" style=\"animation-delay:0s\">\r\n\t\t<div class=\"w-grid-item-h\">\r\n\t\t\t\t\t\t<div class=\"w-post-elm post_image usg_post_image_1 stretched\"><a href=\"https:\/\/gruene-wiesbaden.de\/de\/ob-stichwahl2025\/\" aria-label=\"B\u00dcNDNIS 90\/ DIE GR\u00dcNEN Wiesbaden rufen zur Beteiligung an der OB-Stichwahl auf und empfehlen den SPD-Kandidaten Gert-Uwe Mende\"><img loading=\"lazy\" decoding=\"async\" width=\"600\" height=\"400\" src=\"https:\/\/gruene-wiesbaden.de\/wp-content\/uploads\/2025\/03\/OB-Wahl-Gesine-600x400.png\" class=\"attachment-large size-large wp-post-image\" alt=\"\" srcset=\"https:\/\/gruene-wiesbaden.de\/wp-content\/uploads\/2025\/03\/OB-Wahl-Gesine-600x400.png 600w, https:\/\/gruene-wiesbaden.de\/wp-content\/uploads\/2025\/03\/OB-Wahl-Gesine-400x267.png 400w, https:\/\/gruene-wiesbaden.de\/wp-content\/uploads\/2025\/03\/OB-Wahl-Gesine.png 1750w\" sizes=\"auto, (max-width: 600px) 100vw, 600px\" \/><\/a><\/div><div class=\"w-post-elm post_taxonomy usg_post_taxonomy_1 style_badge color_link_inherit\"><a class=\"w-btn us-btn-style_badge term-5 term-wahlen\" href=\"https:\/\/gruene-wiesbaden.de\/de\/category\/wahlen\/\"><span class=\"w-btn-label\">Wahlen<\/span><\/a><\/div><div class=\"w-vwrapper usg_vwrapper_1 align_none valign_top\"><h2 class=\"w-post-elm post_title usg_post_title_1 entry-title color_link_inherit\"><a href=\"https:\/\/gruene-wiesbaden.de\/de\/ob-stichwahl2025\/\">B\u00dcNDNIS 90\/ DIE GR\u00dcNEN Wiesbaden rufen zur Beteiligung an der OB-Stichwahl auf und empfehlen den SPD-Kandidaten Gert-Uwe Mende<\/a><\/h2><div class=\"w-hwrapper usg_hwrapper_1 has_text_color align_none valign_top wrap\"><time class=\"w-post-elm post_date usg_post_date_1 entry-date published\" datetime=\"2025-03-12T12:00:45+02:00\" title=\"12 M\u00e4rz 2025 um 12:00:45 +02:00\u00a0Uhr\">vor 1\u00a0Jahr<\/time><\/div><div class=\"w-post-elm post_content usg_post_content_1\">Die Mitglieder des Kreisverbands Wiesbaden von B\u00dcNDNIS 90\/DIE GR\u00dcNEN haben auf ihrer Mitgliederversammlung am Dienstagabend die Ergebnisse der Bundes- und&hellip;<\/div><\/div>\t\t<\/div>\r\n\t\t\t<\/article>\r\n\t<article class=\"w-grid-item us_animate_afb off_autostart post-882 post type-post status-publish format-standard has-post-thumbnail hentry category-mitglieder\" data-id=\"882\" style=\"animation-delay:0.1s\">\r\n\t\t<div class=\"w-grid-item-h\">\r\n\t\t\t\t\t\t<div class=\"w-post-elm post_image usg_post_image_1 stretched\"><a href=\"https:\/\/gruene-wiesbaden.de\/de\/mitgliederrekord2025\/\" aria-label=\"Wir sind so viele wie noch nie! Mitglieder-Rekord bei den GR\u00dcNEN Wiesbaden\"><img loading=\"lazy\" decoding=\"async\" width=\"600\" height=\"373\" src=\"https:\/\/gruene-wiesbaden.de\/wp-content\/uploads\/2025\/03\/Bildschirmfoto-2025-06-16-um-22.45.23-600x373.png\" class=\"attachment-large size-large wp-post-image\" alt=\"\" srcset=\"https:\/\/gruene-wiesbaden.de\/wp-content\/uploads\/2025\/03\/Bildschirmfoto-2025-06-16-um-22.45.23-600x373.png 600w, https:\/\/gruene-wiesbaden.de\/wp-content\/uploads\/2025\/03\/Bildschirmfoto-2025-06-16-um-22.45.23-400x249.png 400w, https:\/\/gruene-wiesbaden.de\/wp-content\/uploads\/2025\/03\/Bildschirmfoto-2025-06-16-um-22.45.23.png 1748w\" sizes=\"auto, (max-width: 600px) 100vw, 600px\" \/><\/a><\/div><div class=\"w-post-elm post_taxonomy usg_post_taxonomy_1 style_badge color_link_inherit\"><a class=\"w-btn us-btn-style_badge term-9 term-mitglieder\" href=\"https:\/\/gruene-wiesbaden.de\/de\/category\/mitglieder\/\"><span class=\"w-btn-label\">Mitglieder<\/span><\/a><\/div><div class=\"w-vwrapper usg_vwrapper_1 align_none valign_top\"><h2 class=\"w-post-elm post_title usg_post_title_1 entry-title color_link_inherit\"><a href=\"https:\/\/gruene-wiesbaden.de\/de\/mitgliederrekord2025\/\">Wir sind so viele wie noch nie! Mitglieder-Rekord bei den GR\u00dcNEN Wiesbaden<\/a><\/h2><div class=\"w-hwrapper usg_hwrapper_1 has_text_color align_none valign_top wrap\"><time class=\"w-post-elm post_date usg_post_date_1 entry-date published\" datetime=\"2025-02-13T12:00:12+02:00\" title=\"13 Februar 2025 um 12:00:12 +02:00\u00a0Uhr\">vor 1\u00a0Jahr<\/time><\/div><div class=\"w-post-elm post_content usg_post_content_1\">Wir sind so viele wie noch nie: Seit dem Ende der Ampel haben wir 142 neue Mitglieder, davon allein 45&hellip;<\/div><\/div>\t\t<\/div>\r\n\t\t\t<\/article>\r\n\t<article class=\"w-grid-item us_animate_afb off_autostart post-880 post type-post status-publish format-standard has-post-thumbnail hentry category-veranstaltungen\" data-id=\"880\" style=\"animation-delay:0.2s\">\r\n\t\t<div class=\"w-grid-item-h\">\r\n\t\t\t\t\t\t<div class=\"w-post-elm post_image usg_post_image_1 stretched\"><a href=\"https:\/\/gruene-wiesbaden.de\/de\/digitalegewalt_talk\/\" aria-label=\"Talk zum Thema \u201eDigitale Souver\u00e4nit\u00e4t: Strategien gegen Manipulation und Gewalt an Frauen\u201c\"><img loading=\"lazy\" decoding=\"async\" width=\"600\" height=\"600\" src=\"https:\/\/gruene-wiesbaden.de\/wp-content\/uploads\/2025\/03\/Bildschirmfoto-2025-06-16-um-22.47.33-600x600.png\" class=\"attachment-large size-large wp-post-image\" alt=\"\" srcset=\"https:\/\/gruene-wiesbaden.de\/wp-content\/uploads\/2025\/03\/Bildschirmfoto-2025-06-16-um-22.47.33-600x600.png 600w, https:\/\/gruene-wiesbaden.de\/wp-content\/uploads\/2025\/03\/Bildschirmfoto-2025-06-16-um-22.47.33-400x400.png 400w, https:\/\/gruene-wiesbaden.de\/wp-content\/uploads\/2025\/03\/Bildschirmfoto-2025-06-16-um-22.47.33-150x150.png 150w, https:\/\/gruene-wiesbaden.de\/wp-content\/uploads\/2025\/03\/Bildschirmfoto-2025-06-16-um-22.47.33.png 1748w\" sizes=\"auto, (max-width: 600px) 100vw, 600px\" \/><\/a><\/div><div class=\"w-post-elm post_taxonomy usg_post_taxonomy_1 style_badge color_link_inherit\"><a class=\"w-btn us-btn-style_badge term-6 term-veranstaltungen\" href=\"https:\/\/gruene-wiesbaden.de\/de\/category\/veranstaltungen\/\"><span class=\"w-btn-label\">Veranstaltungen<\/span><\/a><\/div><div class=\"w-vwrapper usg_vwrapper_1 align_none valign_top\"><h2 class=\"w-post-elm post_title usg_post_title_1 entry-title color_link_inherit\"><a href=\"https:\/\/gruene-wiesbaden.de\/de\/digitalegewalt_talk\/\">Talk zum Thema \u201eDigitale Souver\u00e4nit\u00e4t: Strategien gegen Manipulation und Gewalt an Frauen\u201c<\/a><\/h2><div class=\"w-hwrapper usg_hwrapper_1 has_text_color align_none valign_top wrap\"><time class=\"w-post-elm post_date usg_post_date_1 entry-date published\" datetime=\"2025-02-02T12:00:37+02:00\" title=\"2 Februar 2025 um 12:00:37 +02:00\u00a0Uhr\">vor 1\u00a0Jahr<\/time><\/div><div class=\"w-post-elm post_content usg_post_content_1\">Digitale Gewalt ist ein wachsendes Problem \u2013 besonders f\u00fcr Frauen. Doch es gibt Strategien, um sich zu sch\u00fctzen! In dieser&hellip;<\/div><\/div>\t\t<\/div>\r\n\t\t\t<\/article>\r\n\t<article class=\"w-grid-item us_animate_afb off_autostart post-878 post type-post status-publish format-standard has-post-thumbnail hentry category-veranstaltungen\" data-id=\"878\" style=\"animation-delay:0.3s\">\r\n\t\t<div class=\"w-grid-item-h\">\r\n\t\t\t\t\t\t<div class=\"w-post-elm post_image usg_post_image_1 stretched\"><a href=\"https:\/\/gruene-wiesbaden.de\/de\/zusammenarbeit_mit_afd_tabubruch\/\" aria-label=\"Gr\u00fcne Wiesbaden: Zusammenarbeit mit der AfD ist ein Tabubruch\"><img loading=\"lazy\" decoding=\"async\" width=\"479\" height=\"600\" src=\"https:\/\/gruene-wiesbaden.de\/wp-content\/uploads\/2025\/03\/Demo-gegen-rechts-479x600.png\" class=\"attachment-large size-large wp-post-image\" alt=\"\" srcset=\"https:\/\/gruene-wiesbaden.de\/wp-content\/uploads\/2025\/03\/Demo-gegen-rechts-479x600.png 479w, https:\/\/gruene-wiesbaden.de\/wp-content\/uploads\/2025\/03\/Demo-gegen-rechts-320x400.png 320w, https:\/\/gruene-wiesbaden.de\/wp-content\/uploads\/2025\/03\/Demo-gegen-rechts.png 1764w\" sizes=\"auto, (max-width: 479px) 100vw, 479px\" \/><\/a><\/div><div class=\"w-post-elm post_taxonomy usg_post_taxonomy_1 style_badge color_link_inherit\"><a class=\"w-btn us-btn-style_badge term-6 term-veranstaltungen\" href=\"https:\/\/gruene-wiesbaden.de\/de\/category\/veranstaltungen\/\"><span class=\"w-btn-label\">Veranstaltungen<\/span><\/a><\/div><div class=\"w-vwrapper usg_vwrapper_1 align_none valign_top\"><h2 class=\"w-post-elm post_title usg_post_title_1 entry-title color_link_inherit\"><a href=\"https:\/\/gruene-wiesbaden.de\/de\/zusammenarbeit_mit_afd_tabubruch\/\">Gr\u00fcne Wiesbaden: Zusammenarbeit mit der AfD ist ein Tabubruch<\/a><\/h2><div class=\"w-hwrapper usg_hwrapper_1 has_text_color align_none valign_top wrap\"><time class=\"w-post-elm post_date usg_post_date_1 entry-date published\" datetime=\"2025-01-30T12:00:03+02:00\" title=\"30 Januar 2025 um 12:00:03 +02:00\u00a0Uhr\">vor 1\u00a0Jahr<\/time><\/div><div class=\"w-post-elm post_content usg_post_content_1\">Die gestrige Abstimmung im Bundestag hat eine gef\u00e4hrliche Grenze \u00fcberschritten. Die CDU hat wissentlich eine Mehrheit mit den Stimmen der&hellip;<\/div><\/div>\t\t<\/div>\r\n\t\t\t<\/article>\r\n<\/div><div class=\"w-grid-preloader\">\t<div class=\"g-preloader type_1\">\r\n\t\t<div><\/div>\r\n\t<\/div>\r\n\t<\/div>\t\t\t<div class=\"g-loadmore \">\r\n\t\t\t\t<div class=\"g-preloader type_1\">\r\n\t\t\t\t\t<div><\/div>\r\n\t\t\t\t<\/div>\r\n\t\t\t\t<button class=\"w-btn us-btn-style_1\">\r\n\t\t\t\t\t<span class=\"w-btn-label\">Mehr laden<\/span>\r\n\t\t\t\t<\/button>\r\n\t\t\t<\/div>\r\n\t\t\t\t<div class=\"w-grid-json hidden\" onclick='return {&quot;action&quot;:&quot;us_ajax_grid&quot;,&quot;infinite_scroll&quot;:true,&quot;max_num_pages&quot;:2,&quot;pagination&quot;:&quot;ajax&quot;,&quot;template_vars&quot;:{&quot;columns&quot;:&quot;2&quot;,&quot;exclude_items&quot;:&quot;none&quot;,&quot;img_size&quot;:&quot;default&quot;,&quot;ignore_items_size&quot;:&quot;1&quot;,&quot;items_layout&quot;:&quot;blog_cards&quot;,&quot;items_offset&quot;:&quot;1&quot;,&quot;load_animation&quot;:&quot;afb&quot;,&quot;overriding_link&quot;:&quot;%7B%22url%22%3A%22%22%7D&quot;,&quot;post_id&quot;:0,&quot;query_args&quot;:{&quot;post_type&quot;:[&quot;post&quot;],&quot;tax_query&quot;:[{&quot;taxonomy&quot;:&quot;category&quot;,&quot;field&quot;:&quot;slug&quot;,&quot;terms&quot;:[&quot;allgemein&quot;,&quot;mitglieder&quot;,&quot;veranstaltungen&quot;,&quot;wahlen&quot;]}],&quot;post_status&quot;:[&quot;publish&quot;],&quot;posts_per_page&quot;:&quot;8&quot;},&quot;orderby_query_args&quot;:{&quot;orderby&quot;:{&quot;date&quot;:&quot;DESC&quot;}},&quot;type&quot;:&quot;masonry&quot;,&quot;us_grid_post_type&quot;:&quot;post&quot;,&quot;us_grid_ajax_index&quot;:1,&quot;us_grid_filter_query_string&quot;:null,&quot;us_grid_index&quot;:1,&quot;page_args&quot;:[]}}'><\/div>\r\n\t<\/div><div class=\"w-separator size_huge\"><\/div><\/div><\/div><\/div><\/div><\/div><\/div><\/div><\/section>\n","protected":false},"excerpt":{"rendered":"Gr\u00fcne Wiesbaden: Zusammenarbeit mit der AfD ist ein TabubruchDie gestrige Abstimmung im Bundestag hat eine gef\u00e4hrliche Grenze \u00fcberschritten. Die CDU hat wissentlich eine Mehrheit mit den Stimmen der AfD erm\u00f6glicht \u2013 ein Bruch mit dem bisherigen demokratischen Konsens. Dass dieser Dammbruch ausgerechnet zwei Tage nach dem 80. Jahrestag der Befreiung von Auschwitz und am Tag...","protected":false},"author":1,"featured_media":0,"parent":0,"menu_order":0,"comment_status":"closed","ping_status":"closed","template":"","meta":{"footnotes":""},"class_list":["post-570","page","type-page","status-publish","hentry"],"yoast_head":"<!-- This site is optimized with the Yoast SEO plugin v27.5 - https:\/\/yoast.com\/product\/yoast-seo-wordpress\/ -->\n<title>Pressemitteilungen des Kreisverbandes - B\u00dcNDNIS 90\/DIE GR\u00dcNEN Wiesbaden<\/title>\n<meta name=\"description\" content=\"Hier findest du alle Pressemitteilungen, die wir als B\u00dcNDNIS 90\/ DIE GR\u00dcNEN in der Vergangenheit ver\u00f6ffentlicht haben.\" \/>\n<meta name=\"robots\" content=\"index, follow, max-snippet:-1, max-image-preview:large, max-video-preview:-1\" \/>\n<link rel=\"canonical\" href=\"https:\/\/gruene-wiesbaden.de\/de\/pressemitteilungen_kv\/\" \/>\n<meta property=\"og:locale\" content=\"de_DE\" \/>\n<meta property=\"og:type\" content=\"article\" \/>\n<meta property=\"og:title\" content=\"Pressemitteilungen des Kreisverbandes - B\u00dcNDNIS 90\/DIE GR\u00dcNEN Wiesbaden\" \/>\n<meta property=\"og:description\" content=\"Hier findest du alle Pressemitteilungen, die wir als B\u00dcNDNIS 90\/ DIE GR\u00dcNEN in der Vergangenheit ver\u00f6ffentlicht haben.\" \/>\n<meta property=\"og:url\" content=\"https:\/\/gruene-wiesbaden.de\/de\/pressemitteilungen_kv\/\" \/>\n<meta property=\"og:site_name\" content=\"B\u00dcNDNIS 90\/DIE GR\u00dcNEN Wiesbaden\" \/>\n<meta property=\"article:publisher\" content=\"https:\/\/www.facebook.com\/gruene.wi\" \/>\n<meta property=\"article:modified_time\" content=\"2026-04-08T10:08:04+00:00\" \/>\n<meta name=\"twitter:card\" content=\"summary_large_image\" \/>\n<meta name=\"twitter:label1\" content=\"Gesch\u00e4tzte Lesezeit\" \/>\n\t<meta name=\"twitter:data1\" content=\"1\u00a0Minute\" \/>\n<script type=\"application\/ld+json\" class=\"yoast-schema-graph\">{\"@context\":\"https:\\\/\\\/schema.org\",\"@graph\":[{\"@type\":\"WebPage\",\"@id\":\"https:\\\/\\\/gruene-wiesbaden.de\\\/pressemitteilungen_kv\\\/\",\"url\":\"https:\\\/\\\/gruene-wiesbaden.de\\\/pressemitteilungen_kv\\\/\",\"name\":\"Pressemitteilungen des Kreisverbandes - B\u00dcNDNIS 90\\\/DIE GR\u00dcNEN Wiesbaden\",\"isPartOf\":{\"@id\":\"https:\\\/\\\/gruene-wiesbaden.de\\\/#website\"},\"datePublished\":\"2025-03-21T10:49:45+00:00\",\"dateModified\":\"2026-04-08T10:08:04+00:00\",\"description\":\"Hier findest du alle Pressemitteilungen, die wir als B\u00dcNDNIS 90\\\/ DIE GR\u00dcNEN in der Vergangenheit ver\u00f6ffentlicht haben.\",\"breadcrumb\":{\"@id\":\"https:\\\/\\\/gruene-wiesbaden.de\\\/pressemitteilungen_kv\\\/#breadcrumb\"},\"inLanguage\":\"de\",\"potentialAction\":[{\"@type\":\"ReadAction\",\"target\":[\"https:\\\/\\\/gruene-wiesbaden.de\\\/pressemitteilungen_kv\\\/\"]}]},{\"@type\":\"BreadcrumbList\",\"@id\":\"https:\\\/\\\/gruene-wiesbaden.de\\\/pressemitteilungen_kv\\\/#breadcrumb\",\"itemListElement\":[{\"@type\":\"ListItem\",\"position\":1,\"name\":\"Startseite\",\"item\":\"https:\\\/\\\/gruene-wiesbaden.de\\\/\"},{\"@type\":\"ListItem\",\"position\":2,\"name\":\"Pressemitteilungen des Kreisverbandes\"}]},{\"@type\":\"WebSite\",\"@id\":\"https:\\\/\\\/gruene-wiesbaden.de\\\/#website\",\"url\":\"https:\\\/\\\/gruene-wiesbaden.de\\\/\",\"name\":\"DIE GR\u00dcNEN Wiesbaden\",\"description\":\"\",\"publisher\":{\"@id\":\"https:\\\/\\\/gruene-wiesbaden.de\\\/#organization\"},\"potentialAction\":[{\"@type\":\"SearchAction\",\"target\":{\"@type\":\"EntryPoint\",\"urlTemplate\":\"https:\\\/\\\/gruene-wiesbaden.de\\\/?s={search_term_string}\"},\"query-input\":{\"@type\":\"PropertyValueSpecification\",\"valueRequired\":true,\"valueName\":\"search_term_string\"}}],\"inLanguage\":\"de\"},{\"@type\":\"Organization\",\"@id\":\"https:\\\/\\\/gruene-wiesbaden.de\\\/#organization\",\"name\":\"DIE GR\u00dcNEN Wiesbaden\",\"url\":\"https:\\\/\\\/gruene-wiesbaden.de\\\/\",\"logo\":{\"@type\":\"ImageObject\",\"inLanguage\":\"de\",\"@id\":\"https:\\\/\\\/gruene-wiesbaden.de\\\/#\\\/schema\\\/logo\\\/image\\\/\",\"url\":\"https:\\\/\\\/gruene-wiesbaden-fuer-europa.de\\\/wp-content\\\/uploads\\\/2024\\\/04\\\/Machen-was-zaehlt-5.png\",\"contentUrl\":\"https:\\\/\\\/gruene-wiesbaden-fuer-europa.de\\\/wp-content\\\/uploads\\\/2024\\\/04\\\/Machen-was-zaehlt-5.png\",\"width\":1772,\"height\":1772,\"caption\":\"DIE GR\u00dcNEN Wiesbaden\"},\"image\":{\"@id\":\"https:\\\/\\\/gruene-wiesbaden.de\\\/#\\\/schema\\\/logo\\\/image\\\/\"},\"sameAs\":[\"https:\\\/\\\/www.facebook.com\\\/gruene.wi\",\"https:\\\/\\\/instagram.com\\\/gruene_wi\"]}]}<\/script>\n<!-- \/ Yoast SEO plugin. -->","yoast_head_json":{"title":"Pressemitteilungen des Kreisverbandes - B\u00dcNDNIS 90\/DIE GR\u00dcNEN Wiesbaden","description":"Hier findest du alle Pressemitteilungen, die wir als B\u00dcNDNIS 90\/ DIE GR\u00dcNEN in der Vergangenheit ver\u00f6ffentlicht haben.","robots":{"index":"index","follow":"follow","max-snippet":"max-snippet:-1","max-image-preview":"max-image-preview:large","max-video-preview":"max-video-preview:-1"},"canonical":"https:\/\/gruene-wiesbaden.de\/de\/pressemitteilungen_kv\/","og_locale":"de_DE","og_type":"article","og_title":"Pressemitteilungen des Kreisverbandes - B\u00dcNDNIS 90\/DIE GR\u00dcNEN Wiesbaden","og_description":"Hier findest du alle Pressemitteilungen, die wir als B\u00dcNDNIS 90\/ DIE GR\u00dcNEN in der Vergangenheit ver\u00f6ffentlicht haben.","og_url":"https:\/\/gruene-wiesbaden.de\/de\/pressemitteilungen_kv\/","og_site_name":"B\u00dcNDNIS 90\/DIE GR\u00dcNEN Wiesbaden","article_publisher":"https:\/\/www.facebook.com\/gruene.wi","article_modified_time":"2026-04-08T10:08:04+00:00","twitter_card":"summary_large_image","twitter_misc":{"Gesch\u00e4tzte Lesezeit":"1\u00a0Minute"},"schema":{"@context":"https:\/\/schema.org","@graph":[{"@type":"WebPage","@id":"https:\/\/gruene-wiesbaden.de\/pressemitteilungen_kv\/","url":"https:\/\/gruene-wiesbaden.de\/pressemitteilungen_kv\/","name":"Pressemitteilungen des Kreisverbandes - B\u00dcNDNIS 90\/DIE GR\u00dcNEN Wiesbaden","isPartOf":{"@id":"https:\/\/gruene-wiesbaden.de\/#website"},"datePublished":"2025-03-21T10:49:45+00:00","dateModified":"2026-04-08T10:08:04+00:00","description":"Hier findest du alle Pressemitteilungen, die wir als B\u00dcNDNIS 90\/ DIE GR\u00dcNEN in der Vergangenheit ver\u00f6ffentlicht haben.","breadcrumb":{"@id":"https:\/\/gruene-wiesbaden.de\/pressemitteilungen_kv\/#breadcrumb"},"inLanguage":"de","potentialAction":[{"@type":"ReadAction","target":["https:\/\/gruene-wiesbaden.de\/pressemitteilungen_kv\/"]}]},{"@type":"BreadcrumbList","@id":"https:\/\/gruene-wiesbaden.de\/pressemitteilungen_kv\/#breadcrumb","itemListElement":[{"@type":"ListItem","position":1,"name":"Startseite","item":"https:\/\/gruene-wiesbaden.de\/"},{"@type":"ListItem","position":2,"name":"Pressemitteilungen des Kreisverbandes"}]},{"@type":"WebSite","@id":"https:\/\/gruene-wiesbaden.de\/#website","url":"https:\/\/gruene-wiesbaden.de\/","name":"DIE GR\u00dcNEN Wiesbaden","description":"","publisher":{"@id":"https:\/\/gruene-wiesbaden.de\/#organization"},"potentialAction":[{"@type":"SearchAction","target":{"@type":"EntryPoint","urlTemplate":"https:\/\/gruene-wiesbaden.de\/?s={search_term_string}"},"query-input":{"@type":"PropertyValueSpecification","valueRequired":true,"valueName":"search_term_string"}}],"inLanguage":"de"},{"@type":"Organization","@id":"https:\/\/gruene-wiesbaden.de\/#organization","name":"DIE GR\u00dcNEN Wiesbaden","url":"https:\/\/gruene-wiesbaden.de\/","logo":{"@type":"ImageObject","inLanguage":"de","@id":"https:\/\/gruene-wiesbaden.de\/#\/schema\/logo\/image\/","url":"https:\/\/gruene-wiesbaden-fuer-europa.de\/wp-content\/uploads\/2024\/04\/Machen-was-zaehlt-5.png","contentUrl":"https:\/\/gruene-wiesbaden-fuer-europa.de\/wp-content\/uploads\/2024\/04\/Machen-was-zaehlt-5.png","width":1772,"height":1772,"caption":"DIE GR\u00dcNEN Wiesbaden"},"image":{"@id":"https:\/\/gruene-wiesbaden.de\/#\/schema\/logo\/image\/"},"sameAs":["https:\/\/www.facebook.com\/gruene.wi","https:\/\/instagram.com\/gruene_wi"]}]}},"_links":{"self":[{"href":"https:\/\/gruene-wiesbaden.de\/de\/wp-json\/wp\/v2\/pages\/570","targetHints":{"allow":["GET"]}}],"collection":[{"href":"https:\/\/gruene-wiesbaden.de\/de\/wp-json\/wp\/v2\/pages"}],"about":[{"href":"https:\/\/gruene-wiesbaden.de\/de\/wp-json\/wp\/v2\/types\/page"}],"author":[{"embeddable":true,"href":"https:\/\/gruene-wiesbaden.de\/de\/wp-json\/wp\/v2\/users\/1"}],"replies":[{"embeddable":true,"href":"https:\/\/gruene-wiesbaden.de\/de\/wp-json\/wp\/v2\/comments?post=570"}],"version-history":[{"count":19,"href":"https:\/\/gruene-wiesbaden.de\/de\/wp-json\/wp\/v2\/pages\/570\/revisions"}],"predecessor-version":[{"id":2361,"href":"https:\/\/gruene-wiesbaden.de\/de\/wp-json\/wp\/v2\/pages\/570\/revisions\/2361"}],"wp:attachment":[{"href":"https:\/\/gruene-wiesbaden.de\/de\/wp-json\/wp\/v2\/media?parent=570"}],"curies":[{"name":"wp","href":"https:\/\/api.w.org\/{rel}","templated":true}]}}