{"id":55,"date":"2024-04-06T10:33:41","date_gmt":"2024-04-06T10:33:41","guid":{"rendered":"https:\/\/gruene-wiesbaden-fuer-europa.de\/?page_id=55"},"modified":"2026-04-07T10:00:45","modified_gmt":"2026-04-07T08:00:45","slug":"datenschutz","status":"publish","type":"page","link":"https:\/\/gruene-wiesbaden.de\/de\/datenschutz\/","title":{"rendered":"Datenschutz"},"content":{"rendered":"<section class=\"l-section wpb_row height_auto full_height valign_center with_slider\"><div class=\"l-section-slider\"><div class=\"w-slider style_none fit_cover nav_none count_1\"><div class=\"w-slider-h\"><div class=\"royalSlider\"><div class=\"rsContent\"><a class=\"rsImg\" data-rsw=\"3264\" data-rsh=\"2000\" href=\"https:\/\/gruene-wiesbaden.de\/wp-content\/uploads\/2025\/03\/youssef-naddam-iJ2IG8ckCpA-unsplash.png\"><span data-alt=\"\"><\/span><\/a><\/div><\/div><img decoding=\"async\" src=\"https:\/\/gruene-wiesbaden.de\/wp-content\/uploads\/2025\/03\/youssef-naddam-iJ2IG8ckCpA-unsplash.png\" width=\"3264\" height=\"2000\" alt loading=\"lazy\"><\/div><div class=\"w-slider-json\" onclick='return {&quot;autoScaleSlider&quot;:true,&quot;addActiveClass&quot;:true,&quot;loop&quot;:true,&quot;fadeInLoadedSlide&quot;:false,&quot;slidesSpacing&quot;:0,&quot;imageScalePadding&quot;:0,&quot;numImagesToPreload&quot;:2,&quot;arrowsNav&quot;:false,&quot;arrowsNavAutoHide&quot;:false,&quot;transitionType&quot;:&quot;move&quot;,&quot;transitionSpeed&quot;:1000,&quot;block&quot;:{&quot;moveEffect&quot;:&quot;none&quot;,&quot;speed&quot;:300},&quot;thumbs&quot;:{&quot;fitInViewport&quot;:false,&quot;firstMargin&quot;:false,&quot;spacing&quot;:4},&quot;controlNavigation&quot;:&quot;none&quot;,&quot;autoplay&quot;:{&quot;enabled&quot;:true,&quot;pauseOnHover&quot;:false,&quot;delay&quot;:3000},&quot;autoScaleSliderWidth&quot;:3264,&quot;autoScaleSliderHeight&quot;:2000}'><\/div><\/div><\/div><div class=\"l-section-h i-cf\"><div class=\"g-cols vc_row via_grid cols_1 laptops-cols_inherit tablets-cols_inherit mobiles-cols_1 valign_top type_default stacking_default\" style=\"--columns-gap:0rem;\"><div class=\"wpb_column vc_column_container\"><div class=\"vc_column-inner\"><div class=\"g-cols wpb_row via_grid cols_1 laptops-cols_inherit tablets-cols_inherit mobiles-cols_1 valign_top type_default stacking_default\" style=\"--columns-gap:3rem;\"><div class=\"wpb_column vc_column_container\"><div class=\"vc_column-inner\"><div class=\"wpb_text_column us_custom_2d6d43ab has_text_color background_inside_text\"><div class=\"wpb_wrapper\"><h1 style=\"text-align: center;\">DATENSCHUTZERKL\u00c4RUNG<\/h1>\n<\/div><\/div><div class=\"w-separator size_large\"><\/div><div class=\"w-separator size_small\"><\/div><\/div><\/div><\/div><\/div><\/div><\/div><\/div><\/section><section class=\"l-section wpb_row height_medium\"><div class=\"l-section-overlay\" style=\"background:var(--color-alt-content-bg)\"><\/div><div class=\"l-section-h i-cf\"><div class=\"g-cols vc_row via_grid cols_1 laptops-cols_inherit tablets-cols_inherit mobiles-cols_1 valign_top type_default stacking_default\"><div class=\"wpb_column vc_column_container\"><div class=\"vc_column-inner\"><div class=\"g-cols wpb_row via_grid cols_1 laptops-cols_inherit tablets-cols_inherit mobiles-cols_1 valign_middle type_boxes stacking_default\" style=\"--columns-gap:3rem;\"><div class=\"wpb_column vc_column_container\"><div class=\"vc_column-inner\"><div class=\"wpb_text_column us_custom_564c68c1 has_text_color\"><div class=\"wpb_wrapper\"><h3 id=\"m716\">Einleitung<\/h3>\n<p>Mit der folgenden Datenschutzerkl\u00e4rung m\u00f6chten wir Dich dar\u00fcber aufkl\u00e4ren, welche Arten Deiner personenbezogenen Daten (nachfolgend auch kurz als \u201eDaten\u201c bezeichnet) wir zu welchen Zwecken und in welchem Umfang verarbeiten. Die Datenschutzerkl\u00e4rung gilt f\u00fcr alle von uns durchgef\u00fchrten Verarbeitungen personenbezogener Daten, sowohl im Rahmen der Erbringung unserer Leistungen als auch insbesondere auf unseren Webseiten, in mobilen Applikationen sowie innerhalb externer Onlinepr\u00e4senzen, wie z.B. unserer Social-Media-Profile (nachfolgend zusammenfassend bezeichnet als \u201eOnlineangebot\u201c).<\/p>\n<p>Stand: 18. Juni 2025<\/p>\n<\/div><\/div><div class=\"w-separator size_medium\"><\/div><div class=\"wpb_text_column us_custom_564c68c1 has_text_color\"><div class=\"wpb_wrapper\"><h3 id=\"m3\">Verantwortliche Person<\/h3>\n<p><b>Rebecca Thomas<\/b><br \/>\nMainzer Stra\u00dfe 75<br \/>\n65189 Wiesbaden<\/p>\n<p>E-Mail-Adresse: <a href=\"mailto:kreisverband@gruene-wiesbaden.de\">kreisverband@gruene-wiesbaden.de<\/a><\/p>\n<p>Impressum: <a href=\"https:\/\/gruene-wiesbaden.de\/impressum\" target=\"_blank\" rel=\"noopener\">https:\/\/gruene-wiesbaden.de\/impressum<\/a><\/p>\n<\/div><\/div><div class=\"w-separator size_medium\"><\/div><div class=\"wpb_text_column us_custom_564c68c1 has_text_color\"><div class=\"wpb_wrapper\"><h3 id=\"m2427\">Ma\u00dfgebliche Rechtsgrundlagen<\/h3>\n<h5>Ma\u00dfgebliche Rechtsgrundlagen nach der DSGVO:<\/h5>\n<p>Im Folgenden erh\u00e4ltst Du eine \u00dcbersicht der Rechtsgrundlagen der DSGVO, auf deren Basis wir personenbezogene Daten verarbeiten. Bitte nimm zur Kenntnis, dass neben den Regelungen der DSGVO nationale Datenschutzvorgaben in Deinem bzw. unserem Wohn- oder Sitzland gelten k\u00f6nnen. Sollten ferner im Einzelfall speziellere Rechtsgrundlagen ma\u00dfgeblich sein, teilen wir Dir diese in der Datenschutzerkl\u00e4rung mit.<\/p>\n<ul>\n<li>Einwilligung (Art. 6 Abs. 1 S. 1 lit. a) DSGVO) \u2013 Die betroffene Person hat ihre Einwilligung in die Verarbeitung der sie betreffenden personenbezogenen Daten f\u00fcr einen spezifischen Zweck oder mehrere bestimmte Zwecke gegeben.<\/li>\n<li>Berechtigte Interessen (Art. 6 Abs. 1 S. 1 lit. f) DSGVO) \u2013 Die Verarbeitung ist zur Wahrung der berechtigten Interessen des Verantwortlichen oder eines Dritten erforderlich, sofern nicht die Interessen oder Grundrechte und Grundfreiheiten der betroffenen Person, die den Schutz personenbezogener Daten erfordern, \u00fcberwiegen.<\/li>\n<\/ul>\n<h5>Nationale Datenschutzregelungen in Deutschland:<\/h5>\n<p>Zus\u00e4tzlich zu den Datenschutzregelungen der DSGVO gelten nationale Regelungen zum Datenschutz in Deutschland. Hierzu geh\u00f6rt insbesondere das Gesetz zum Schutz vor Missbrauch personenbezogener Daten bei der Datenverarbeitung (Bundesdatenschutzgesetz \u2013 BDSG). Das BDSG enth\u00e4lt insbesondere Spezialregelungen zum Recht auf Auskunft, zum Recht auf L\u00f6schung, zum Widerspruchsrecht, zur Verarbeitung besonderer Kategorien personenbezogener Daten, zur Verarbeitung f\u00fcr andere Zwecke und zur \u00dcbermittlung sowie automatisierten Entscheidungsfindung im Einzelfall einschlie\u00dflich Profiling. Ferner k\u00f6nnen Landesdatenschutzgesetze der einzelnen Bundesl\u00e4nder zur Anwendung gelangen.<\/p>\n<h5 id=\"m27\">Sicherheitsma\u00dfnahmen<\/h5>\n<p>Wir treffen nach Ma\u00dfgabe der gesetzlichen Vorgaben unter Ber\u00fccksichtigung des Stands der Technik, der Implementierungskosten und der Art, des Umfangs, der Umst\u00e4nde und der Zwecke der Verarbeitung sowie der unterschiedlichen Eintrittswahrscheinlichkeiten und des Ausma\u00dfes der Bedrohung der Rechte und Freiheiten nat\u00fcrlicher Personen geeignete technische und organisatorische Ma\u00dfnahmen, um ein dem Risiko angemessenes Schutzniveau zu gew\u00e4hrleisten.<\/p>\n<p>Zu den Ma\u00dfnahmen geh\u00f6ren insbesondere die Sicherung der Vertraulichkeit, Integrit\u00e4t und Verf\u00fcgbarkeit von Daten durch Kontrolle des physischen und elektronischen Zugangs zu den Daten als auch des sie betreffenden Zugriffs, der Eingabe, der Weitergabe, der Sicherung der Verf\u00fcgbarkeit und ihrer Trennung. Des Weiteren haben wir Verfahren eingerichtet, die eine Wahrnehmung von Betroffenenrechten, die L\u00f6schung von Daten und Reaktionen auf die Gef\u00e4hrdung der Daten gew\u00e4hrleisten. Ferner ber\u00fccksichtigen wir den Schutz personenbezogener Daten bereits bei der Entwicklung bzw. Auswahl von Hardware, Software sowie Verfahren entsprechend dem Prinzip des Datenschutzes, durch Technikgestaltung und durch datenschutzfreundliche Voreinstellungen.<\/p>\n<p>TLS-Verschl\u00fcsselung (https): Um Ihre via unserem Online-Angebot \u00fcbermittelten Daten zu sch\u00fctzen, nutzen wir eine TLS-Verschl\u00fcsselung. Sie erkennen derart verschl\u00fcsselte Verbindungen an dem Pr\u00e4fix https:\/\/ in der Adresszeile Ihres Browsers.<\/p>\n<h5 id=\"m12\">L\u00f6schung von Daten<\/h5>\n<p>Die von uns verarbeiteten Daten werden nach Ma\u00dfgabe der gesetzlichen Vorgaben gel\u00f6scht, sobald deren zur Verarbeitung erlaubten Einwilligungen widerrufen werden oder sonstige Erlaubnisse entfallen (z.B. wenn der Zweck der Verarbeitung dieser Daten entfallen ist oder sie f\u00fcr den Zweck nicht erforderlich sind). Sofern die Daten nicht gel\u00f6scht werden, weil sie f\u00fcr andere und gesetzlich zul\u00e4ssige Zwecke erforderlich sind, wird deren Verarbeitung auf diese Zwecke beschr\u00e4nkt. D.h., die Daten werden gesperrt und nicht f\u00fcr andere Zwecke verarbeitet. Das gilt z.B. f\u00fcr Daten, die aus handels- oder steuerrechtlichen Gr\u00fcnden aufbewahrt werden m\u00fcssen oder deren Speicherung zur Geltendmachung, Aus\u00fcbung oder Verteidigung von Rechtsanspr\u00fcchen oder zum Schutz der Rechte einer anderen nat\u00fcrlichen oder juristischen Person erforderlich ist.<\/p>\n<p>Unsere Datenschutzhinweise k\u00f6nnen ferner weitere Angaben zu der Aufbewahrung und L\u00f6schung von Daten beinhalten, die f\u00fcr die jeweiligen Verarbeitungen vorrangig gelten.<\/p>\n<h5 id=\"m10\">Rechte der betroffenen Personen<\/h5>\n<p>Rechte der betroffenen Personen aus der DSGVO: Ihnen stehen als Betroffene nach der DSGVO verschiedene Rechte zu, die sich insbesondere aus Art. 15 bis 21 DSGVO ergeben:<\/p>\n<ul>\n<li><strong>Widerspruchsrecht: <\/strong>Sie haben das Recht, aus Gr\u00fcnden, die sich aus Ihrer besonderen Situation ergeben, jederzeit gegen die Verarbeitung der Sie betreffenden personenbezogenen Daten, die aufgrund von Art. 6 Abs. 1 lit. e oder f DSGVO erfolgt, Widerspruch einzulegen; dies gilt auch f\u00fcr ein auf diese Bestimmungen gest\u00fctztes Profiling. Werden die Sie betreffenden personenbezogenen Daten verarbeitet, um Direktwerbung zu betreiben, haben Sie das Recht, jederzeit Widerspruch gegen die Verarbeitung der Sie betreffenden personenbezogenen Daten zum Zwecke derartiger Werbung einzulegen; dies gilt auch f\u00fcr das Profiling, soweit es mit solcher Direktwerbung in Verbindung steht.<\/li>\n<li><strong>Widerrufsrecht bei Einwilligungen:<\/strong> Sie haben das Recht, erteilte Einwilligungen jederzeit zu widerrufen.<\/li>\n<li><strong>Auskunftsrecht:<\/strong> Sie haben das Recht, eine Best\u00e4tigung dar\u00fcber zu verlangen, ob betreffende Daten verarbeitet werden und auf Auskunft \u00fcber diese Daten sowie auf weitere Informationen und Kopie der Daten entsprechend den gesetzlichen Vorgaben.<\/li>\n<li><strong>Recht auf Berichtigung:<\/strong> Sie haben entsprechend den gesetzlichen Vorgaben das Recht, die Vervollst\u00e4ndigung der Sie betreffenden Daten oder die Berichtigung der Sie betreffenden unrichtigen Daten zu verlangen.<\/li>\n<li><strong>Recht auf L\u00f6schung und Einschr\u00e4nkung der Verarbeitung:<\/strong> Sie haben nach Ma\u00dfgabe der gesetzlichen Vorgaben das Recht, zu verlangen, dass Sie betreffende Daten unverz\u00fcglich gel\u00f6scht werden, bzw. alternativ nach Ma\u00dfgabe der gesetzlichen Vorgaben eine Einschr\u00e4nkung der Verarbeitung der Daten zu verlangen.<\/li>\n<li><strong>Recht auf Daten\u00fcbertragbarkeit:<\/strong> Sie haben das Recht, Sie betreffende Daten, die Sie uns bereitgestellt haben, nach Ma\u00dfgabe der gesetzlichen Vorgaben in einem strukturierten, g\u00e4ngigen und maschinenlesbaren Format zu erhalten oder deren \u00dcbermittlung an einen anderen Verantwortlichen zu fordern.<\/li>\n<li><strong>Beschwerde bei Aufsichtsbeh\u00f6rde:<\/strong> Sie haben unbeschadet eines anderweitigen verwaltungsrechtlichen oder gerichtlichen Rechtsbehelfs das Recht auf Beschwerde bei einer Aufsichtsbeh\u00f6rde, insbesondere in dem Mitgliedstaat ihres gew\u00f6hnlichen Aufenthaltsorts, ihres Arbeitsplatzes oder des Orts des mutma\u00dflichen Versto\u00dfes, wenn Sie der Ansicht sind, dass die Verarbeitung der Sie betreffenden personenbezogenen Daten gegen die Vorgaben der DSGVO verst\u00f6\u00dft.<\/li>\n<\/ul>\n<\/div><\/div><\/div><\/div><\/div><div class=\"g-cols wpb_row via_grid cols_1 laptops-cols_inherit tablets-cols_inherit mobiles-cols_1 valign_middle type_boxes stacking_default\" style=\"--columns-gap:3rem;\" id=\"Cookie-Richtlinie\"><div class=\"wpb_column vc_column_container\"><div class=\"vc_column-inner\"><div class=\"wpb_text_column us_custom_564c68c1 has_text_color\"><div class=\"wpb_wrapper\"><h3 id=\"m134\">Einsatz von Cookies<\/h3>\n<p>Cookies sind kleine Textdateien, bzw. sonstige Speichervermerke, die Informationen auf Endger\u00e4ten speichern und Informationen aus den Endger\u00e4ten auslesen. Z.B. um den Login-Status in einem Nutzerkonto, einen Warenkorbinhalt in einem E-Shop, die aufgerufenen Inhalte oder verwendete Funktionen eines Onlineangebotes speichern. Cookies k\u00f6nnen ferner zu unterschiedlichen Zwecken eingesetzt werden, z.B. zu Zwecken der Funktionsf\u00e4higkeit, Sicherheit und Komfort von Onlineangeboten sowie der Erstellung von Analysen der Besucherstr\u00f6me.<\/p>\n<\/div><\/div><div class=\"wpb_text_column us_custom_564c68c1 has_text_color\"><div class=\"wpb_wrapper\"><p><strong>Matomo<\/strong><\/p>\n<p>Diese Webseite nutzt das Analyse-Plugin Matomo, Aufrufe und um Klickzahlen innerhalb unserer Website statistisch zu erheben. Die durch diese Cookies erzeugten Informationen werden lokal auf unserem Server gespeichert. Die IP-Adresse wird vor der Speicherung anonymisiert.<\/p>\n<p>Die Speicherung der Cookies kann \u00fcber die Einstellungen Ihrer Browser-Software geblockt werden; allerdings ist es m\u00f6glich, dass darauf hin nicht mehr s\u00e4mtliche Funktionen dieser Website genutzt werden k\u00f6nnen.<\/p>\n<p><b>Verwendung von Social-Media-Buttons mit Datenschutz (Shariff) f\u00fcr Facebook und Instagram<\/b><br \/>\nWir verwenden sogenannte Social-Media-Buttons auf unserer Website, um unseren Nutzer*innen die M\u00f6glichkeit geben zu k\u00f6nnen, auf die Social Media-Profile von B\u00dcNDNIS90\/DIE GR\u00dcNEN des Kreisverbands Wiesbaden direkt durch Anklicken der Buttons gelangen zu k\u00f6nnen. Sobald diese Buttons aktiviert werden, wird eine Verbindung zu den Servern von Facebook bzw. Instagram hergestellt und Nutzer*innendaten werden an die externen Server \u00fcbermittelt.<\/p>\n<p>Weitere Informationen zur <a href=\"http:\/\/www.heise.de\/ct\/artikel\/Shariff-Social-Media-Buttons-mit-Datenschutz-2467514.html\" target=\"_blank\" rel=\"noopener noreferrer\">Initiative von heise.de f\u00fcr eine 2-Klick-Methode namens &#8222;Shariff&#8220;<\/a><\/p>\n<p><strong>Eingebundene YouTube-Videos<\/strong><\/p>\n<p>In die Website eingebundene YouTube-Videos werden durch das Klicken auf &#8222;Akzeptieren&#8220; im Cookiebanner aktiviert. Dadurch werden direkt nach dem Akzeptieren und Aufrufen der Website Cookies auf dem System der Nutzer*innen abgelegt. Um das zu verhindern muss das in den Browser-Einstellungen blockiert werden.<\/p>\n<p>Klickt man auf Ablehnen oder setzt bei den Cookie-Einstellungen nicht den Haken bei den Marketing-Cookies, dann m\u00fcssen die YouTube-Videos manuell aktiviert durch Anklicken aktiviert werden und es werden erst ab diesem Zeitpunkt Cookies auf dem System der Nutzer*innen abgelegt.<\/p>\n<p>Weitere Informationen zur Datenverarbeitung und Hinweise zum Datenschutz durch YouTube (Google) finden Sie unter <a href=\"http:\/\/www.google.de\/intl\/de\/policies\/privacy\/\" target=\"_blank\" rel=\"noopener noreferrer\">www.google.de\/intl\/de\/policies\/privacy\/<\/a>.<\/p>\n<p data-start=\"357\" data-end=\"406\"><strong data-start=\"357\" data-end=\"406\">Eingebundene Kalenderdaten (ICS Calendar Pro)<\/strong><\/p>\n<p data-start=\"408\" data-end=\"955\">Auf unserer Website binden wir Veranstaltungstermine \u00fcber einen sogenannten iCal-Feed ein, der von Google Calendar bereitgestellt wird. Diese Kalenderdaten werden mithilfe des WordPress-Plugins \u201eICS Calendar Pro\u201c eingebunden. Dabei werden die Kalenderinformationen regelm\u00e4\u00dfig von unserem eigenen Webserver abgerufen und als statischer Inhalt auf unserer Website angezeigt. Eine direkte Verbindung zwischen Ihrem Browser und den Servern von Google findet hierbei <strong data-start=\"870\" data-end=\"879\">nicht<\/strong> statt. Es werden dabei keine personenbezogenen Daten an Google \u00fcbermittelt.<\/p>\n<p data-start=\"957\" data-end=\"1179\">Die Bereitstellung der Kalenderdaten dient der nutzerfreundlichen Darstellung von Veranstaltungen und Terminen auf unserer Website. Rechtsgrundlage hierf\u00fcr ist unser berechtigtes Interesse gem\u00e4\u00df Art. 6 Abs. 1 lit. f DSGVO.<\/p>\n<p data-start=\"1181\" data-end=\"1359\"><strong data-start=\"1181\" data-end=\"1215\">Anbieter des Kalenderdienstes:<\/strong><br data-start=\"1215\" data-end=\"1218\" \/>Google Ireland Limited<br data-start=\"1240\" data-end=\"1243\" \/>Gordon House, Barrow Street, Dublin 4, Irland<br data-start=\"1288\" data-end=\"1291\" \/>Datenschutzerkl\u00e4rung von Google: <a class=\"cursor-pointer\" target=\"_new\" rel=\"noopener\" data-start=\"1324\" data-end=\"1359\">https:\/\/policies.google.com\/privacy<\/a><\/p>\n<h5>Hinweise zur Einwilligung:<\/h5>\n<p>Wir setzen Cookies im Einklang mit den gesetzlichen Vorschriften ein. Daher holen wir von den Nutzern eine vorhergehende Einwilligung ein, au\u00dfer wenn diese gesetzlich nicht gefordert ist. Eine Einwilligung ist insbesondere nicht notwendig, wenn das Speichern und das Auslesen der Informationen, also auch von Cookies, unbedingt erforderlich sind, um dem den Nutzern einen von ihnen ausdr\u00fccklich gew\u00fcnschten Telemediendienst (also unser Onlineangebot) zur Verf\u00fcgung zu stellen. Zu den unbedingt erforderlichen Cookies geh\u00f6ren in der Regel Cookies mit Funktionen, die der Anzeige und Lauff\u00e4higkeit des Onlineangebotes, dem Lastausgleich, der Sicherheit, der Speicherung der Pr\u00e4ferenzen und Auswahlm\u00f6glichkeiten der Nutzer oder \u00e4hnlichen mit der Bereitstellung der Haupt- und Nebenfunktionen des von den Nutzern angeforderten Onlineangebotes zusammenh\u00e4ngenden Zwecken dienen. Die widerrufliche Einwilligung wird gegen\u00fcber den Nutzern deutlich kommuniziert und enth\u00e4lt die Informationen zu der jeweiligen Cookie-Nutzung.<\/p>\n<h5>Hinweise zu datenschutzrechtlichen Rechtsgrundlagen:<\/h5>\n<p>Auf welcher datenschutzrechtlichen Rechtsgrundlage wir die personenbezogenen Daten der Nutzer mit Hilfe von Cookies verarbeiten, h\u00e4ngt davon ab, ob wir Nutzer um eine Einwilligung bitten. Falls die Nutzer einwilligen, ist die Rechtsgrundlage der Verarbeitung Ihrer Daten die erkl\u00e4rte Einwilligung. Andernfalls werden die mithilfe von Cookies verarbeiteten Daten auf Grundlage unserer berechtigten Interessen (z.B. an einem betriebswirtschaftlichen Betrieb unseres Onlineangebotes und Verbesserung seiner Nutzbarkeit) verarbeitet oder, wenn dies im Rahmen der Erf\u00fcllung unserer vertraglichen Pflichten erfolgt, wenn der Einsatz von Cookies erforderlich ist, um unsere vertraglichen Verpflichtungen zu erf\u00fcllen. Zu welchen Zwecken die Cookies von uns verarbeitet werden, dar\u00fcber kl\u00e4ren wir im Laufe dieser Datenschutzerkl\u00e4rung oder im Rahmen von unseren Einwilligungs- und Verarbeitungsprozessen auf.<\/p>\n<p><strong>Speicherdauer:\u00a0<\/strong>Im Hinblick auf die Speicherdauer werden die folgenden Arten von Cookies unterschieden:<\/p>\n<ul>\n<li><strong>Tempor\u00e4re Cookies (auch: Session- oder Sitzungs-Cookies):<\/strong>\u00a0Tempor\u00e4re Cookies werden sp\u00e4testens gel\u00f6scht, nachdem ein Nutzer ein Online-Angebot verlassen und sein Endger\u00e4t (z.B. Browser oder mobile Applikation) geschlossen hat.<\/li>\n<li><strong>Permanente Cookies:<\/strong> Permanente Cookies bleiben auch nach dem Schlie\u00dfen des Endger\u00e4tes gespeichert. So k\u00f6nnen beispielsweise der Login-Status gespeichert oder bevorzugte Inhalte direkt angezeigt werden, wenn der Nutzer eine Website erneut besucht. Ebenso k\u00f6nnen die mit Hilfe von Cookies erhobenen Daten der Nutzer zur Reichweitenmessung verwendet werden. Sofern wir Nutzern\u00a0keine expliziten Angaben zur Art und Speicherdauer von Cookies mitteilen (z. B. im Rahmen der Einholung der Einwilligung), sollten Nutzer davon ausgehen, dass Cookies permanent sind und die Speicherdauer bis zu zwei Jahre betragen kann.<\/li>\n<\/ul>\n<h5>Allgemeine Hinweise zum Widerruf und Widerspruch (sog. \u201eOpt-Out\u201c):<\/h5>\n<p>Nutzer k\u00f6nnen die von ihnen abgegebenen Einwilligungen jederzeit widerrufen und der Verarbeitung entsprechend den gesetzlichen Vorgaben widersprechen. Hierzu k\u00f6nnen Nutzer unter anderem die Verwendung von Cookies in den Einstellungen ihres Browsers einschr\u00e4nken (wobei dadurch auch die Funktionalit\u00e4t unseres Onlineangebotes eingeschr\u00e4nkt sein kann). Ein Widerspruch gegen die Verwendung von Cookies zu Online-Marketing-Zwecken kann auch \u00fcber die Websites <a role=\"link\" href=\"https:\/\/optout.aboutads.info\/\" target=\"_new\" rel=\"noopener\">https:\/\/optout.aboutads.info<\/a> und <a role=\"link\" href=\"https:\/\/www.youronlinechoices.com\/\" target=\"_new\" rel=\"noopener\">https:\/\/www.youronlinechoices.com\/<\/a> erkl\u00e4rt werden.<\/p>\n<ul class=\"m-elements\">\n<li><strong>Rechtsgrundlagen:<\/strong> Berechtigte Interessen (Art. 6 Abs. 1 S. 1 lit. f) DSGVO); Einwilligung (Art. 6 Abs. 1 S. 1 lit. a) DSGVO).<\/li>\n<\/ul>\n<h5>Weitere Hinweise zu Verarbeitungsprozessen, Verfahren und Diensten:<\/h5>\n<ul class=\"m-elements\">\n<li><strong>Verarbeitung von Cookie-Daten auf Grundlage einer Einwilligung: <\/strong>Wir setzen ein Verfahren zum Cookie-Einwilligungs-Management ein, in dessen Rahmen die Einwilligungen der Nutzer in den Einsatz von Cookies, bzw. der im Rahmen des Cookie-Einwilligungs-Management-Verfahrens genannten Verarbeitungen und Anbieter eingeholt sowie von den Nutzern verwaltet und widerrufen werden k\u00f6nnen. Hierbei wird die Einwilligungserkl\u00e4rung gespeichert, um deren Abfrage nicht erneut wiederholen zu m\u00fcssen und die Einwilligung entsprechend der gesetzlichen Verpflichtung nachweisen zu k\u00f6nnen. Die Speicherung kann serverseitig und\/oder in einem Cookie (sogenanntes Opt-In-Cookie, bzw. mithilfe vergleichbarer Technologien) erfolgen, um die Einwilligung einem Nutzer, bzw. dessen Ger\u00e4t zuordnen zu k\u00f6nnen. Vorbehaltlich individueller Angaben zu den Anbietern von Cookie-Management-Diensten, gelten die folgenden Hinweise: Die Dauer der Speicherung der Einwilligung kann bis zu zwei Jahren betragen. Hierbei wird ein pseudonymer Nutzer-Identifikator gebildet und mit dem Zeitpunkt der Einwilligung, Angaben zur Reichweite der Einwilligung (z. B. welche Kategorien von Cookies und\/oder Diensteanbieter) sowie dem Browser, System und verwendeten Endger\u00e4t gespeichert; <strong>Rechtsgrundlagen:<\/strong> Einwilligung (Art. 6 Abs. 1 S. 1 lit. a) DSGVO).<\/li>\n<\/ul>\n<\/div><\/div><\/div><\/div><\/div><div class=\"g-cols wpb_row via_grid cols_1 laptops-cols_inherit tablets-cols_inherit mobiles-cols_1 valign_middle type_boxes stacking_default\" style=\"--columns-gap:3rem;\"><div class=\"wpb_column vc_column_container\"><div class=\"vc_column-inner\"><div class=\"wpb_text_column us_custom_564c68c1 has_text_color\"><div class=\"wpb_wrapper\"><h3>Begriffsdefinitionen<\/h3>\n<p>In diesem Abschnitt erhalten Sie eine \u00dcbersicht \u00fcber die in dieser Datenschutzerkl\u00e4rung verwendeten Begrifflichkeiten. Soweit die Begrifflichkeiten gesetzlich definiert sind, gelten deren gesetzliche Definitionen. Die nachfolgenden Erl\u00e4uterungen sollen dagegen vor allem dem Verst\u00e4ndnis dienen.<\/p>\n<ul class=\"glossary\">\n<li><strong>Personenbezogene Daten:<\/strong> \u201ePersonenbezogene Daten\u201c sind alle Informationen, die sich auf eine identifizierte oder identifizierbare nat\u00fcrliche Person (im Folgenden \u201ebetroffene Person\u201c) beziehen; als identifizierbar wird eine nat\u00fcrliche Person angesehen, die direkt oder indirekt, insbesondere mittels Zuordnung zu einer Kennung wie einem Namen, zu einer Kennnummer, zu Standortdaten, zu einer Online-Kennung (z.B. Cookie) oder zu einem oder mehreren besonderen Merkmalen identifiziert werden kann, die Ausdruck der physischen, physiologischen, genetischen, psychischen, wirtschaftlichen, kulturellen oder sozialen Identit\u00e4t dieser nat\u00fcrlichen Person sind.<\/li>\n<li><strong>Verantwortlicher:<\/strong> Als \u201eVerantwortlicher\u201c wird die nat\u00fcrliche oder juristische Person, Beh\u00f6rde, Einrichtung oder andere Stelle, die allein oder gemeinsam mit anderen \u00fcber die Zwecke und Mittel der Verarbeitung von personenbezogenen Daten entscheidet, bezeichnet.<\/li>\n<li><strong>Verarbeitung:<\/strong> \u201eVerarbeitung\u201c ist jeder mit oder ohne Hilfe automatisierter Verfahren ausgef\u00fchrte Vorgang oder jede solche Vorgangsreihe im Zusammenhang mit personenbezogenen Daten. Der Begriff reicht weit und umfasst praktisch jeden Umgang mit Daten, sei es das Erheben, das Auswerten, das Speichern, das \u00dcbermitteln oder das L\u00f6schen.<\/li>\n<\/ul>\n<\/div><\/div><div class=\"w-separator size_small\"><\/div><div class=\"wpb_text_column\"><div class=\"wpb_wrapper\"><p><a href=\"https:\/\/datenschutz-generator.de\/\">Erstellt mit kostenlosem Datenschutz-Generator.de von Dr. Thomas Schwenke<\/a><\/p>\n<\/div><\/div><\/div><\/div><\/div><\/div><\/div><\/div><\/div><\/section>\n","protected":false},"excerpt":{"rendered":"DATENSCHUTZERKL\u00c4RUNG Einleitung Mit der folgenden Datenschutzerkl\u00e4rung m\u00f6chten wir Dich dar\u00fcber aufkl\u00e4ren, welche Arten Deiner personenbezogenen Daten (nachfolgend auch kurz als \u201eDaten\u201c bezeichnet) wir zu welchen Zwecken und in welchem Umfang verarbeiten. Die Datenschutzerkl\u00e4rung gilt f\u00fcr alle von uns durchgef\u00fchrten Verarbeitungen personenbezogener Daten, sowohl im Rahmen der Erbringung unserer Leistungen als auch insbesondere auf unseren Webseiten,...","protected":false},"author":1,"featured_media":0,"parent":0,"menu_order":0,"comment_status":"closed","ping_status":"closed","template":"","meta":{"footnotes":""},"class_list":["post-55","page","type-page","status-publish","hentry"],"yoast_head":"<!-- This site is optimized with the Yoast SEO plugin v27.5 - https:\/\/yoast.com\/product\/yoast-seo-wordpress\/ -->\n<title>Datenschutz - B\u00dcNDNIS 90\/DIE GR\u00dcNEN Wiesbaden<\/title>\n<meta name=\"description\" content=\"Hier findest du die Datenschutzerkl\u00e4rung f\u00fcr die Website von B\u00dcNDNIS 90\/ DIE GR\u00dcNEN Wiesbaden und kannst dich \u00fcber deine Rechte informieren.\" \/>\n<meta name=\"robots\" content=\"index, follow, max-snippet:-1, max-image-preview:large, max-video-preview:-1\" \/>\n<link rel=\"canonical\" href=\"https:\/\/gruene-wiesbaden.de\/de\/datenschutz\/\" \/>\n<meta property=\"og:locale\" content=\"de_DE\" \/>\n<meta property=\"og:type\" content=\"article\" \/>\n<meta property=\"og:title\" content=\"Datenschutz - B\u00dcNDNIS 90\/DIE GR\u00dcNEN Wiesbaden\" \/>\n<meta property=\"og:description\" content=\"Hier findest du die Datenschutzerkl\u00e4rung f\u00fcr die Website von B\u00dcNDNIS 90\/ DIE GR\u00dcNEN Wiesbaden und kannst dich \u00fcber deine Rechte informieren.\" \/>\n<meta property=\"og:url\" content=\"https:\/\/gruene-wiesbaden.de\/de\/datenschutz\/\" \/>\n<meta property=\"og:site_name\" content=\"B\u00dcNDNIS 90\/DIE GR\u00dcNEN Wiesbaden\" \/>\n<meta property=\"article:publisher\" content=\"https:\/\/www.facebook.com\/gruene.wi\" \/>\n<meta property=\"article:modified_time\" content=\"2026-04-07T08:00:45+00:00\" \/>\n<meta name=\"twitter:card\" content=\"summary_large_image\" \/>\n<meta name=\"twitter:label1\" content=\"Gesch\u00e4tzte Lesezeit\" \/>\n\t<meta name=\"twitter:data1\" content=\"13\u00a0Minuten\" \/>\n<script type=\"application\/ld+json\" class=\"yoast-schema-graph\">{\"@context\":\"https:\\\/\\\/schema.org\",\"@graph\":[{\"@type\":\"WebPage\",\"@id\":\"https:\\\/\\\/gruene-wiesbaden.de\\\/datenschutz\\\/\",\"url\":\"https:\\\/\\\/gruene-wiesbaden.de\\\/datenschutz\\\/\",\"name\":\"Datenschutz - B\u00dcNDNIS 90\\\/DIE GR\u00dcNEN Wiesbaden\",\"isPartOf\":{\"@id\":\"https:\\\/\\\/gruene-wiesbaden.de\\\/#website\"},\"datePublished\":\"2024-04-06T10:33:41+00:00\",\"dateModified\":\"2026-04-07T08:00:45+00:00\",\"description\":\"Hier findest du die Datenschutzerkl\u00e4rung f\u00fcr die Website von B\u00dcNDNIS 90\\\/ DIE GR\u00dcNEN Wiesbaden und kannst dich \u00fcber deine Rechte informieren.\",\"breadcrumb\":{\"@id\":\"https:\\\/\\\/gruene-wiesbaden.de\\\/datenschutz\\\/#breadcrumb\"},\"inLanguage\":\"de\",\"potentialAction\":[{\"@type\":\"ReadAction\",\"target\":[\"https:\\\/\\\/gruene-wiesbaden.de\\\/datenschutz\\\/\"]}]},{\"@type\":\"BreadcrumbList\",\"@id\":\"https:\\\/\\\/gruene-wiesbaden.de\\\/datenschutz\\\/#breadcrumb\",\"itemListElement\":[{\"@type\":\"ListItem\",\"position\":1,\"name\":\"Startseite\",\"item\":\"https:\\\/\\\/gruene-wiesbaden.de\\\/\"},{\"@type\":\"ListItem\",\"position\":2,\"name\":\"Datenschutz\"}]},{\"@type\":\"WebSite\",\"@id\":\"https:\\\/\\\/gruene-wiesbaden.de\\\/#website\",\"url\":\"https:\\\/\\\/gruene-wiesbaden.de\\\/\",\"name\":\"DIE GR\u00dcNEN Wiesbaden\",\"description\":\"\",\"publisher\":{\"@id\":\"https:\\\/\\\/gruene-wiesbaden.de\\\/#organization\"},\"potentialAction\":[{\"@type\":\"SearchAction\",\"target\":{\"@type\":\"EntryPoint\",\"urlTemplate\":\"https:\\\/\\\/gruene-wiesbaden.de\\\/?s={search_term_string}\"},\"query-input\":{\"@type\":\"PropertyValueSpecification\",\"valueRequired\":true,\"valueName\":\"search_term_string\"}}],\"inLanguage\":\"de\"},{\"@type\":\"Organization\",\"@id\":\"https:\\\/\\\/gruene-wiesbaden.de\\\/#organization\",\"name\":\"DIE GR\u00dcNEN Wiesbaden\",\"url\":\"https:\\\/\\\/gruene-wiesbaden.de\\\/\",\"logo\":{\"@type\":\"ImageObject\",\"inLanguage\":\"de\",\"@id\":\"https:\\\/\\\/gruene-wiesbaden.de\\\/#\\\/schema\\\/logo\\\/image\\\/\",\"url\":\"https:\\\/\\\/gruene-wiesbaden-fuer-europa.de\\\/wp-content\\\/uploads\\\/2024\\\/04\\\/Machen-was-zaehlt-5.png\",\"contentUrl\":\"https:\\\/\\\/gruene-wiesbaden-fuer-europa.de\\\/wp-content\\\/uploads\\\/2024\\\/04\\\/Machen-was-zaehlt-5.png\",\"width\":1772,\"height\":1772,\"caption\":\"DIE GR\u00dcNEN Wiesbaden\"},\"image\":{\"@id\":\"https:\\\/\\\/gruene-wiesbaden.de\\\/#\\\/schema\\\/logo\\\/image\\\/\"},\"sameAs\":[\"https:\\\/\\\/www.facebook.com\\\/gruene.wi\",\"https:\\\/\\\/instagram.com\\\/gruene_wi\"]}]}<\/script>\n<!-- \/ Yoast SEO plugin. -->","yoast_head_json":{"title":"Datenschutz - B\u00dcNDNIS 90\/DIE GR\u00dcNEN Wiesbaden","description":"Hier findest du die Datenschutzerkl\u00e4rung f\u00fcr die Website von B\u00dcNDNIS 90\/ DIE GR\u00dcNEN Wiesbaden und kannst dich \u00fcber deine Rechte informieren.","robots":{"index":"index","follow":"follow","max-snippet":"max-snippet:-1","max-image-preview":"max-image-preview:large","max-video-preview":"max-video-preview:-1"},"canonical":"https:\/\/gruene-wiesbaden.de\/de\/datenschutz\/","og_locale":"de_DE","og_type":"article","og_title":"Datenschutz - B\u00dcNDNIS 90\/DIE GR\u00dcNEN Wiesbaden","og_description":"Hier findest du die Datenschutzerkl\u00e4rung f\u00fcr die Website von B\u00dcNDNIS 90\/ DIE GR\u00dcNEN Wiesbaden und kannst dich \u00fcber deine Rechte informieren.","og_url":"https:\/\/gruene-wiesbaden.de\/de\/datenschutz\/","og_site_name":"B\u00dcNDNIS 90\/DIE GR\u00dcNEN Wiesbaden","article_publisher":"https:\/\/www.facebook.com\/gruene.wi","article_modified_time":"2026-04-07T08:00:45+00:00","twitter_card":"summary_large_image","twitter_misc":{"Gesch\u00e4tzte Lesezeit":"13\u00a0Minuten"},"schema":{"@context":"https:\/\/schema.org","@graph":[{"@type":"WebPage","@id":"https:\/\/gruene-wiesbaden.de\/datenschutz\/","url":"https:\/\/gruene-wiesbaden.de\/datenschutz\/","name":"Datenschutz - B\u00dcNDNIS 90\/DIE GR\u00dcNEN Wiesbaden","isPartOf":{"@id":"https:\/\/gruene-wiesbaden.de\/#website"},"datePublished":"2024-04-06T10:33:41+00:00","dateModified":"2026-04-07T08:00:45+00:00","description":"Hier findest du die Datenschutzerkl\u00e4rung f\u00fcr die Website von B\u00dcNDNIS 90\/ DIE GR\u00dcNEN Wiesbaden und kannst dich \u00fcber deine Rechte informieren.","breadcrumb":{"@id":"https:\/\/gruene-wiesbaden.de\/datenschutz\/#breadcrumb"},"inLanguage":"de","potentialAction":[{"@type":"ReadAction","target":["https:\/\/gruene-wiesbaden.de\/datenschutz\/"]}]},{"@type":"BreadcrumbList","@id":"https:\/\/gruene-wiesbaden.de\/datenschutz\/#breadcrumb","itemListElement":[{"@type":"ListItem","position":1,"name":"Startseite","item":"https:\/\/gruene-wiesbaden.de\/"},{"@type":"ListItem","position":2,"name":"Datenschutz"}]},{"@type":"WebSite","@id":"https:\/\/gruene-wiesbaden.de\/#website","url":"https:\/\/gruene-wiesbaden.de\/","name":"DIE GR\u00dcNEN Wiesbaden","description":"","publisher":{"@id":"https:\/\/gruene-wiesbaden.de\/#organization"},"potentialAction":[{"@type":"SearchAction","target":{"@type":"EntryPoint","urlTemplate":"https:\/\/gruene-wiesbaden.de\/?s={search_term_string}"},"query-input":{"@type":"PropertyValueSpecification","valueRequired":true,"valueName":"search_term_string"}}],"inLanguage":"de"},{"@type":"Organization","@id":"https:\/\/gruene-wiesbaden.de\/#organization","name":"DIE GR\u00dcNEN Wiesbaden","url":"https:\/\/gruene-wiesbaden.de\/","logo":{"@type":"ImageObject","inLanguage":"de","@id":"https:\/\/gruene-wiesbaden.de\/#\/schema\/logo\/image\/","url":"https:\/\/gruene-wiesbaden-fuer-europa.de\/wp-content\/uploads\/2024\/04\/Machen-was-zaehlt-5.png","contentUrl":"https:\/\/gruene-wiesbaden-fuer-europa.de\/wp-content\/uploads\/2024\/04\/Machen-was-zaehlt-5.png","width":1772,"height":1772,"caption":"DIE GR\u00dcNEN Wiesbaden"},"image":{"@id":"https:\/\/gruene-wiesbaden.de\/#\/schema\/logo\/image\/"},"sameAs":["https:\/\/www.facebook.com\/gruene.wi","https:\/\/instagram.com\/gruene_wi"]}]}},"_links":{"self":[{"href":"https:\/\/gruene-wiesbaden.de\/de\/wp-json\/wp\/v2\/pages\/55","targetHints":{"allow":["GET"]}}],"collection":[{"href":"https:\/\/gruene-wiesbaden.de\/de\/wp-json\/wp\/v2\/pages"}],"about":[{"href":"https:\/\/gruene-wiesbaden.de\/de\/wp-json\/wp\/v2\/types\/page"}],"author":[{"embeddable":true,"href":"https:\/\/gruene-wiesbaden.de\/de\/wp-json\/wp\/v2\/users\/1"}],"replies":[{"embeddable":true,"href":"https:\/\/gruene-wiesbaden.de\/de\/wp-json\/wp\/v2\/comments?post=55"}],"version-history":[{"count":36,"href":"https:\/\/gruene-wiesbaden.de\/de\/wp-json\/wp\/v2\/pages\/55\/revisions"}],"predecessor-version":[{"id":2253,"href":"https:\/\/gruene-wiesbaden.de\/de\/wp-json\/wp\/v2\/pages\/55\/revisions\/2253"}],"wp:attachment":[{"href":"https:\/\/gruene-wiesbaden.de\/de\/wp-json\/wp\/v2\/media?parent=55"}],"curies":[{"name":"wp","href":"https:\/\/api.w.org\/{rel}","templated":true}]}}