{"id":1178,"date":"2025-07-30T12:32:06","date_gmt":"2025-07-30T10:32:06","guid":{"rendered":"https:\/\/gruene-wiesbaden.de\/?page_id=1178"},"modified":"2026-04-07T12:41:21","modified_gmt":"2026-04-07T10:41:21","slug":"kommunalwahl","status":"publish","type":"page","link":"https:\/\/gruene-wiesbaden.de\/de\/kommunalwahl\/","title":{"rendered":"Kommunalwahl Wiesbaden 2026"},"content":{"rendered":"<section class=\"l-section wpb_row us_custom_c70c97eb height_medium with_img\"><div class=\"l-section-img\" role=\"img\" data-img-width=\"1920\" data-img-height=\"768\" style=\"background-image: url(https:\/\/gruene-wiesbaden.de\/wp-content\/uploads\/2025\/11\/neuer-Verlauf-gruene-wiesbaden.de_-e1767650502847.png);background-repeat: no-repeat;\"><\/div><div class=\"l-section-h i-cf\"><div class=\"g-cols vc_row via_grid cols_1 laptops-cols_inherit tablets-cols_inherit mobiles-cols_1 valign_top type_default stacking_default\"><div class=\"wpb_column vc_column_container\"><div class=\"vc_column-inner\"><div class=\"g-cols wpb_row via_grid cols_1 laptops-cols_inherit tablets-cols_inherit mobiles-cols_1 valign_top type_boxes stacking_default\" style=\"--columns-gap:3rem;\"><div class=\"wpb_column vc_column_container us_custom_24a85f83 has_text_color\"><div class=\"vc_column-inner\"><div class=\"wpb_text_column\"><div class=\"wpb_wrapper\"><h1 style=\"text-align: center;\">Unser Wahlprogramm<\/h1>\n<\/div><\/div><div class=\"wpb_text_column hide_on_default hide_on_laptops hide_on_tablets hide_on_mobiles\"><div class=\"wpb_wrapper\"><h4 style=\"text-align: center;\">zur Kommunalwahl am 15. M\u00e4rz 2026<\/h4>\n<\/div><\/div><div class=\"wpb_text_column\"><div class=\"wpb_wrapper\"><h4 style=\"text-align: center;\">f\u00fcr die Zeit von 2026 bis 2031<\/h4>\n<\/div><\/div><div class=\"w-separator size_small\"><\/div><div class=\"wpb_text_column us_custom_7e69fca4 hide_on_mobiles\"><div class=\"wpb_wrapper\"><h6 style=\"text-align: center;\">Wir machen mehr m\u00f6glich. F\u00fcr Wiesbaden. F\u00fcr dich.<\/h6>\n<\/div><\/div><\/div><\/div><\/div><div class=\"w-socials us_custom_3d040168 has_text_color color_text shape_rounded style_default hover_fade\" style=\"--gap:0.6em;\"><div class=\"w-socials-list\"><div class=\"w-socials-item facebook\"><a target=\"_blank\" rel=\"nofollow\" href=\"https:\/\/www.facebook.com\/gruene.wi\" class=\"w-socials-item-link\" aria-label=\"Facebook\"><span class=\"w-socials-item-link-hover\"><\/span><i class=\"fab fa-facebook\"><\/i><\/a><\/div><div class=\"w-socials-item instagram\"><a target=\"_blank\" rel=\"nofollow\" href=\"https:\/\/www.instagram.com\/gruene_wi\/\" class=\"w-socials-item-link\" aria-label=\"Instagram\"><span class=\"w-socials-item-link-hover\"><\/span><i class=\"fab fa-instagram\"><\/i><\/a><\/div><div class=\"w-socials-item tiktok\"><a target=\"_blank\" rel=\"nofollow\" href=\"https:\/\/www.tiktok.com\/@gruene_wi?_t=ZN-8usZ6hx5hDS&amp;_r=1\" class=\"w-socials-item-link\" aria-label=\"TikTok\"><span class=\"w-socials-item-link-hover\"><\/span><i class=\"fab fa-tiktok\"><\/i><\/a><\/div><\/div><\/div><div class=\"w-separator size_small\"><\/div><div class=\"g-cols wpb_row us_custom_057801f8 via_grid cols_1 laptops-cols_inherit tablets-cols_inherit mobiles-cols_1 valign_middle type_boxes stacking_default\" style=\"--columns-gap:2rem;\"><div class=\"wpb_column vc_column_container\"><div class=\"vc_column-overlay\" style=\"background:#f5f2f2\"><\/div><div class=\"vc_column-inner\"><div class=\"wpb_text_column us_custom_e520dd3c has_text_color\"><div class=\"wpb_wrapper\"><h3>Informiere dich hier.<\/h3>\n<\/div><\/div><div class=\"w-separator size_small\"><\/div><div class=\"wpb_text_column us_custom_564c68c1 has_text_color\"><div class=\"wpb_wrapper\"><p><strong>Auf dieser Seite kannst du dich zu den einzelnen Themen und Politikfeldern ausf\u00fchrlich informieren: <\/strong><\/p>\n<ul>\n<li>Warum ist das Thema wichtig?<\/li>\n<li>Was bedeutet f\u00fcr uns Politik grunds\u00e4tzlich in diesem Bereich?<\/li>\n<li>Was haben wir konkret in diesem Bereich vor?<\/li>\n<li>Was haben wir unter anderem in den letzten Jahren in diesem Bereich erreicht?<\/li>\n<\/ul>\n<\/div><\/div><div class=\"w-separator size_medium\"><\/div><div class=\"w-btn-wrapper align_left\"><a class=\"w-btn us-btn-style_5 icon_atleft\" target=\"_blank\" href=\"https:\/\/gruene-wiesbaden.de\/wp-content\/uploads\/2025\/11\/Wahlprogramm-GRUeNE-Wiesbaden-2026-2031.pdf\"><i class=\"fas fa-file-pdf\"><\/i><span class=\"w-btn-label\">GR\u00dcNES Kommunalwahlprogramm 2026 &#8211; 2031<\/span><\/a><\/div><div class=\"w-btn-wrapper align_left\"><a class=\"w-btn us-btn-style_9 icon_atleft\" target=\"_blank\" href=\"https:\/\/gruene-wiesbaden.de\/kurzwahlprogramm\"><i class=\"fas fa-rocket\"><\/i><span class=\"w-btn-label\">Unser Kurzwahlprogramm &#8211; schnell und einfach informiert<\/span><\/a><\/div><div class=\"w-btn-wrapper align_left\"><a class=\"w-btn us-btn-style_12 icon_atleft\" target=\"_blank\" href=\"https:\/\/gruene-wiesbaden.de\/wp-content\/uploads\/2026\/02\/Wahlprogramm_leichte_Sprache.pdf\"><i class=\"fas fa-book-reader\"><\/i><span class=\"w-btn-label\">Unser Wahl-Programm in leichter Sprache<\/span><\/a><\/div><div class=\"w-separator size_small\"><\/div><\/div><\/div><\/div><div class=\"w-separator size_medium\"><\/div><div class=\"wpb_text_column\" id=\"Kapitel1\"><div class=\"wpb_wrapper\"><h1 style=\"text-align: left;\">Gut leben in Wiesbaden<\/h1>\n<\/div><\/div><div class=\"w-separator size_small\"><\/div><div class=\"w-grid type_masonry layout_portfolio_2 cols_4 pagination_infinite with_isotope with_css_animation ratio_1x1\" id=\"us_grid_1\" style=\"--columns:4;--gap:6px;--item-ratio:1;\" data-filterable=\"true\"><style>@media (max-width:1380px){#us_grid_1{--columns:3!important}}@media (max-width:1024px){#us_grid_1{--columns:2!important}}@media (max-width:600px){#us_grid_1{--columns:1!important}}.layout_portfolio_2 .w-grid-item-h{background:#333}.layout_portfolio_2 .usg_post_image_1{transition-duration:0.35s;transform-origin:50% 50%;transform:scale(1) translate(0%,0%)}.layout_portfolio_2 .w-grid-item-h:focus-within .usg_post_image_1,.layout_portfolio_2 .w-grid-item-h:hover .usg_post_image_1{transform:scale(1.1) translate(0%,0%);opacity:0.1}.layout_portfolio_2 .usg_post_image_1{position:absolute!important;top:0!important;right:0!important;bottom:0!important;left:0!important}.layout_portfolio_2 .usg_vwrapper_1{position:absolute!important;right:0!important;bottom:0!important;left:0!important;background:linear-gradient(transparent,rgba(30,30,30,0.8))!important;padding:4rem 2rem 1.5rem 2rem!important}.layout_portfolio_2 .usg_post_title_1{color:#fff!important;font-size:1.2rem!important}.layout_portfolio_2 .usg_post_taxonomy_1{color:#fff!important;font-size:0.9rem!important}<\/style><div class=\"w-grid-list\">\t<article class=\"w-grid-item us_animate_afb off_autostart size_1x1 post-1346 post type-post status-publish format-standard has-post-thumbnail hentry category-kapitel-1-praeambel\" data-id=\"1346\" style=\"animation-delay:0s\">\r\n\t\t<div class=\"w-grid-item-h\">\r\n\t\t\t\t\t\t\t<a href=\"https:\/\/gruene-wiesbaden.de\/de\/praeambel-gut-leben-in-wiesbaden\/\" class=\"w-grid-item-anchor\" aria-label=\"Pr\u00e4ambel: Gut leben in Wiesbaden\"><\/a>\r\n\t\t\t\t\t\t<div class=\"w-post-elm post_image usg_post_image_1 stretched\"><img loading=\"lazy\" decoding=\"async\" width=\"600\" height=\"338\" src=\"https:\/\/gruene-wiesbaden.de\/wp-content\/uploads\/2025\/11\/MJK_82683-3-600x338.jpg\" class=\"attachment-large size-large wp-post-image\" alt=\"\" srcset=\"https:\/\/gruene-wiesbaden.de\/wp-content\/uploads\/2025\/11\/MJK_82683-3-600x338.jpg 600w, https:\/\/gruene-wiesbaden.de\/wp-content\/uploads\/2025\/11\/MJK_82683-3-400x225.jpg 400w\" sizes=\"auto, (max-width: 600px) 100vw, 600px\" \/><\/div><div class=\"w-vwrapper usg_vwrapper_1 align_none valign_top\"><h2 class=\"w-post-elm post_title usg_post_title_1 has_text_color entry-title color_link_inherit\">Pr\u00e4ambel: Gut leben in Wiesbaden<\/h2><\/div>\t\t<\/div>\r\n\t\t\t<\/article>\r\n<\/div><div class=\"w-grid-preloader\">\t<div class=\"g-preloader type_1\">\r\n\t\t<div><\/div>\r\n\t<\/div>\r\n\t<\/div>\t<div class=\"w-grid-json hidden\" onclick='return {&quot;action&quot;:&quot;us_ajax_grid&quot;,&quot;infinite_scroll&quot;:0,&quot;max_num_pages&quot;:1,&quot;pagination&quot;:&quot;infinite&quot;,&quot;template_vars&quot;:{&quot;columns&quot;:&quot;4&quot;,&quot;exclude_items&quot;:&quot;none&quot;,&quot;img_size&quot;:&quot;default&quot;,&quot;ignore_items_size&quot;:0,&quot;items_layout&quot;:&quot;portfolio_2&quot;,&quot;items_offset&quot;:&quot;1&quot;,&quot;load_animation&quot;:&quot;afb&quot;,&quot;overriding_link&quot;:&quot;%7B%22type%22%3A%22post%22%7D&quot;,&quot;post_id&quot;:0,&quot;query_args&quot;:{&quot;post_type&quot;:[&quot;post&quot;],&quot;tax_query&quot;:[{&quot;taxonomy&quot;:&quot;category&quot;,&quot;field&quot;:&quot;slug&quot;,&quot;terms&quot;:[&quot;kapitel-1-praeambel&quot;]}],&quot;post_status&quot;:[&quot;publish&quot;],&quot;posts_per_page&quot;:&quot;50&quot;},&quot;orderby_query_args&quot;:{&quot;orderby&quot;:&quot;RAND(1239172682)&quot;},&quot;type&quot;:&quot;masonry&quot;,&quot;us_grid_post_type&quot;:&quot;post&quot;,&quot;us_grid_ajax_index&quot;:1,&quot;us_grid_filter_query_string&quot;:null,&quot;us_grid_index&quot;:1,&quot;page_args&quot;:[]}}'><\/div>\r\n\t<\/div><div class=\"w-grid type_masonry layout_portfolio_2 cols_4 pagination_infinite with_isotope with_css_animation ratio_1x1\" id=\"us_grid_2\" style=\"--columns:4;--gap:6px;--item-ratio:1;\" data-filterable=\"true\"><style>@media (max-width:1380px){#us_grid_2{--columns:3!important}}@media (max-width:1024px){#us_grid_2{--columns:2!important}}@media (max-width:600px){#us_grid_2{--columns:1!important}}<\/style><div class=\"w-grid-list\">\t<article class=\"w-grid-item us_animate_afb off_autostart size_1x1 post-1321 post type-post status-publish format-standard has-post-thumbnail hentry category-kapitel-1\" data-id=\"1321\" style=\"animation-delay:0s\">\r\n\t\t<div class=\"w-grid-item-h\">\r\n\t\t\t\t\t\t\t<a href=\"https:\/\/gruene-wiesbaden.de\/de\/klimaschutz-und-klimaanpassung\/\" class=\"w-grid-item-anchor\" aria-label=\"Klimaschutz und Klimaanpassung\"><\/a>\r\n\t\t\t\t\t\t<div class=\"w-post-elm post_image usg_post_image_1 stretched\"><img loading=\"lazy\" decoding=\"async\" width=\"400\" height=\"600\" src=\"https:\/\/gruene-wiesbaden.de\/wp-content\/uploads\/2025\/08\/moritz-kindler-gD8IO0E4OZM-unsplash-400x600.jpg\" class=\"attachment-large size-large wp-post-image\" alt=\"\" srcset=\"https:\/\/gruene-wiesbaden.de\/wp-content\/uploads\/2025\/08\/moritz-kindler-gD8IO0E4OZM-unsplash-400x600.jpg 400w, https:\/\/gruene-wiesbaden.de\/wp-content\/uploads\/2025\/08\/moritz-kindler-gD8IO0E4OZM-unsplash-267x400.jpg 267w, https:\/\/gruene-wiesbaden.de\/wp-content\/uploads\/2025\/08\/moritz-kindler-gD8IO0E4OZM-unsplash-scaled.jpg 1707w\" sizes=\"auto, (max-width: 400px) 100vw, 400px\" \/><\/div><div class=\"w-vwrapper usg_vwrapper_1 align_none valign_top\"><h2 class=\"w-post-elm post_title usg_post_title_1 has_text_color entry-title color_link_inherit\">Klimaschutz und Klimaanpassung<\/h2><\/div>\t\t<\/div>\r\n\t\t\t<\/article>\r\n\t<article class=\"w-grid-item us_animate_afb off_autostart size_1x1 post-1323 post type-post status-publish format-standard has-post-thumbnail hentry category-kapitel-1\" data-id=\"1323\" style=\"animation-delay:0.1s\">\r\n\t\t<div class=\"w-grid-item-h\">\r\n\t\t\t\t\t\t\t<a href=\"https:\/\/gruene-wiesbaden.de\/de\/bevoelkerungsschutz\/\" class=\"w-grid-item-anchor\" aria-label=\"Bev\u00f6lkerungsschutz\"><\/a>\r\n\t\t\t\t\t\t<div class=\"w-post-elm post_image usg_post_image_1 stretched\"><img loading=\"lazy\" decoding=\"async\" width=\"600\" height=\"400\" src=\"https:\/\/gruene-wiesbaden.de\/wp-content\/uploads\/2025\/11\/1.2-Bevoelkerungsschutz-600x400.jpeg\" class=\"attachment-large size-large wp-post-image\" alt=\"\" srcset=\"https:\/\/gruene-wiesbaden.de\/wp-content\/uploads\/2025\/11\/1.2-Bevoelkerungsschutz-600x400.jpeg 600w, https:\/\/gruene-wiesbaden.de\/wp-content\/uploads\/2025\/11\/1.2-Bevoelkerungsschutz-400x267.jpeg 400w\" sizes=\"auto, (max-width: 600px) 100vw, 600px\" \/><\/div><div class=\"w-vwrapper usg_vwrapper_1 align_none valign_top\"><h2 class=\"w-post-elm post_title usg_post_title_1 has_text_color entry-title color_link_inherit\">Bev\u00f6lkerungsschutz<\/h2><\/div>\t\t<\/div>\r\n\t\t\t<\/article>\r\n\t<article class=\"w-grid-item us_animate_afb off_autostart size_1x1 post-1325 post type-post status-publish format-standard has-post-thumbnail hentry category-kapitel-1\" data-id=\"1325\" style=\"animation-delay:0.2s\">\r\n\t\t<div class=\"w-grid-item-h\">\r\n\t\t\t\t\t\t\t<a href=\"https:\/\/gruene-wiesbaden.de\/de\/umwelt-und-naturschutz\/\" class=\"w-grid-item-anchor\" aria-label=\"Umwelt- und Naturschutz\"><\/a>\r\n\t\t\t\t\t\t<div class=\"w-post-elm post_image usg_post_image_1 stretched\"><img loading=\"lazy\" decoding=\"async\" width=\"600\" height=\"400\" src=\"https:\/\/gruene-wiesbaden.de\/wp-content\/uploads\/2025\/11\/1.3-Umwelt-und-Naturschutz-Bild-600x400.jpg\" class=\"attachment-large size-large wp-post-image\" alt=\"\" srcset=\"https:\/\/gruene-wiesbaden.de\/wp-content\/uploads\/2025\/11\/1.3-Umwelt-und-Naturschutz-Bild-600x400.jpg 600w, https:\/\/gruene-wiesbaden.de\/wp-content\/uploads\/2025\/11\/1.3-Umwelt-und-Naturschutz-Bild-400x267.jpg 400w\" sizes=\"auto, (max-width: 600px) 100vw, 600px\" \/><\/div><div class=\"w-vwrapper usg_vwrapper_1 align_none valign_top\"><h2 class=\"w-post-elm post_title usg_post_title_1 has_text_color entry-title color_link_inherit\">Umwelt- und Naturschutz<\/h2><\/div>\t\t<\/div>\r\n\t\t\t<\/article>\r\n\t<article class=\"w-grid-item us_animate_afb off_autostart size_1x1 post-1222 post type-post status-publish format-standard has-post-thumbnail hentry category-kapitel-1\" data-id=\"1222\" style=\"animation-delay:0.3s\">\r\n\t\t<div class=\"w-grid-item-h\">\r\n\t\t\t\t\t\t\t<a href=\"https:\/\/gruene-wiesbaden.de\/de\/lore-ipsum-samed\/\" class=\"w-grid-item-anchor\" aria-label=\"Land- und Forstwirtschaft\"><\/a>\r\n\t\t\t\t\t\t<div class=\"w-post-elm post_image usg_post_image_1 stretched\"><img loading=\"lazy\" decoding=\"async\" width=\"450\" height=\"600\" src=\"https:\/\/gruene-wiesbaden.de\/wp-content\/uploads\/2025\/07\/noaa-SkJG9sNkQVQ-unsplash-450x600.jpg\" class=\"attachment-large size-large wp-post-image\" alt=\"\" srcset=\"https:\/\/gruene-wiesbaden.de\/wp-content\/uploads\/2025\/07\/noaa-SkJG9sNkQVQ-unsplash-450x600.jpg 450w, https:\/\/gruene-wiesbaden.de\/wp-content\/uploads\/2025\/07\/noaa-SkJG9sNkQVQ-unsplash-300x400.jpg 300w, https:\/\/gruene-wiesbaden.de\/wp-content\/uploads\/2025\/07\/noaa-SkJG9sNkQVQ-unsplash-scaled.jpg 1920w\" sizes=\"auto, (max-width: 450px) 100vw, 450px\" \/><\/div><div class=\"w-vwrapper usg_vwrapper_1 align_none valign_top\"><h2 class=\"w-post-elm post_title usg_post_title_1 has_text_color entry-title color_link_inherit\">Land- und Forstwirtschaft<\/h2><\/div>\t\t<\/div>\r\n\t\t\t<\/article>\r\n\t<article class=\"w-grid-item us_animate_afb off_autostart size_1x1 post-1327 post type-post status-publish format-standard has-post-thumbnail hentry category-kapitel-1\" data-id=\"1327\" style=\"animation-delay:0.4s\">\r\n\t\t<div class=\"w-grid-item-h\">\r\n\t\t\t\t\t\t\t<a href=\"https:\/\/gruene-wiesbaden.de\/de\/stadtentwicklung\/\" class=\"w-grid-item-anchor\" aria-label=\"Stadtentwicklung\"><\/a>\r\n\t\t\t\t\t\t<div class=\"w-post-elm post_image usg_post_image_1 stretched\"><img loading=\"lazy\" decoding=\"async\" width=\"450\" height=\"600\" src=\"https:\/\/gruene-wiesbaden.de\/wp-content\/uploads\/2025\/11\/1.5-Stadtentwicklung-450x600.jpg\" class=\"attachment-large size-large wp-post-image\" alt=\"\" srcset=\"https:\/\/gruene-wiesbaden.de\/wp-content\/uploads\/2025\/11\/1.5-Stadtentwicklung-450x600.jpg 450w, https:\/\/gruene-wiesbaden.de\/wp-content\/uploads\/2025\/11\/1.5-Stadtentwicklung-300x400.jpg 300w, https:\/\/gruene-wiesbaden.de\/wp-content\/uploads\/2025\/11\/1.5-Stadtentwicklung-scaled.jpg 1920w\" sizes=\"auto, (max-width: 450px) 100vw, 450px\" \/><\/div><div class=\"w-vwrapper usg_vwrapper_1 align_none valign_top\"><h2 class=\"w-post-elm post_title usg_post_title_1 has_text_color entry-title color_link_inherit\">Stadtentwicklung<\/h2><\/div>\t\t<\/div>\r\n\t\t\t<\/article>\r\n\t<article class=\"w-grid-item us_animate_afb off_autostart size_1x1 post-1329 post type-post status-publish format-standard has-post-thumbnail hentry category-kapitel-1\" data-id=\"1329\" style=\"animation-delay:0.5s\">\r\n\t\t<div class=\"w-grid-item-h\">\r\n\t\t\t\t\t\t\t<a href=\"https:\/\/gruene-wiesbaden.de\/de\/wohnen\/\" class=\"w-grid-item-anchor\" aria-label=\"Wohnen\"><\/a>\r\n\t\t\t\t\t\t<div class=\"w-post-elm post_image usg_post_image_1 stretched\"><img loading=\"lazy\" decoding=\"async\" width=\"600\" height=\"450\" src=\"https:\/\/gruene-wiesbaden.de\/wp-content\/uploads\/2025\/11\/1.6-Wohnen-600x450.jpg\" class=\"attachment-large size-large wp-post-image\" alt=\"\" srcset=\"https:\/\/gruene-wiesbaden.de\/wp-content\/uploads\/2025\/11\/1.6-Wohnen-600x450.jpg 600w, https:\/\/gruene-wiesbaden.de\/wp-content\/uploads\/2025\/11\/1.6-Wohnen-400x300.jpg 400w\" sizes=\"auto, (max-width: 600px) 100vw, 600px\" \/><\/div><div class=\"w-vwrapper usg_vwrapper_1 align_none valign_top\"><h2 class=\"w-post-elm post_title usg_post_title_1 has_text_color entry-title color_link_inherit\">Wohnen<\/h2><\/div>\t\t<\/div>\r\n\t\t\t<\/article>\r\n\t<article class=\"w-grid-item us_animate_afb off_autostart size_1x1 post-1331 post type-post status-publish format-standard has-post-thumbnail hentry category-kapitel-1\" data-id=\"1331\" style=\"animation-delay:0.6s\">\r\n\t\t<div class=\"w-grid-item-h\">\r\n\t\t\t\t\t\t\t<a href=\"https:\/\/gruene-wiesbaden.de\/de\/mobilitaet\/\" class=\"w-grid-item-anchor\" aria-label=\"Mobilit\u00e4t\"><\/a>\r\n\t\t\t\t\t\t<div class=\"w-post-elm post_image usg_post_image_1 stretched\"><img loading=\"lazy\" decoding=\"async\" width=\"600\" height=\"600\" src=\"https:\/\/gruene-wiesbaden.de\/wp-content\/uploads\/2025\/11\/1.6-Mobilitaet-600x600.jpeg\" class=\"attachment-large size-large wp-post-image\" alt=\"\" srcset=\"https:\/\/gruene-wiesbaden.de\/wp-content\/uploads\/2025\/11\/1.6-Mobilitaet-600x600.jpeg 600w, https:\/\/gruene-wiesbaden.de\/wp-content\/uploads\/2025\/11\/1.6-Mobilitaet-400x400.jpeg 400w, https:\/\/gruene-wiesbaden.de\/wp-content\/uploads\/2025\/11\/1.6-Mobilitaet-150x150.jpeg 150w\" sizes=\"auto, (max-width: 600px) 100vw, 600px\" \/><\/div><div class=\"w-vwrapper usg_vwrapper_1 align_none valign_top\"><h2 class=\"w-post-elm post_title usg_post_title_1 has_text_color entry-title color_link_inherit\">Mobilit\u00e4t<\/h2><\/div>\t\t<\/div>\r\n\t\t\t<\/article>\r\n\t<article class=\"w-grid-item us_animate_afb off_autostart size_1x1 post-1333 post type-post status-publish format-standard has-post-thumbnail hentry category-kapitel-1\" data-id=\"1333\" style=\"animation-delay:0.7s\">\r\n\t\t<div class=\"w-grid-item-h\">\r\n\t\t\t\t\t\t\t<a href=\"https:\/\/gruene-wiesbaden.de\/de\/kitaplaetze-und-ganztagsbetreuung\/\" class=\"w-grid-item-anchor\" aria-label=\"Kitapl\u00e4tze und Ganztagsbetreuung\"><\/a>\r\n\t\t\t\t\t\t<div class=\"w-post-elm post_image usg_post_image_1 stretched\"><img loading=\"lazy\" decoding=\"async\" width=\"400\" height=\"600\" src=\"https:\/\/gruene-wiesbaden.de\/wp-content\/uploads\/2025\/11\/1.7-Kitaplaetze-und-Ganztagsbetreuung-400x600.jpg\" class=\"attachment-large size-large wp-post-image\" alt=\"\" srcset=\"https:\/\/gruene-wiesbaden.de\/wp-content\/uploads\/2025\/11\/1.7-Kitaplaetze-und-Ganztagsbetreuung-400x600.jpg 400w, https:\/\/gruene-wiesbaden.de\/wp-content\/uploads\/2025\/11\/1.7-Kitaplaetze-und-Ganztagsbetreuung-267x400.jpg 267w, https:\/\/gruene-wiesbaden.de\/wp-content\/uploads\/2025\/11\/1.7-Kitaplaetze-und-Ganztagsbetreuung-scaled.jpg 1706w\" sizes=\"auto, (max-width: 400px) 100vw, 400px\" \/><\/div><div class=\"w-vwrapper usg_vwrapper_1 align_none valign_top\"><h2 class=\"w-post-elm post_title usg_post_title_1 has_text_color entry-title color_link_inherit\">Kitapl\u00e4tze und Ganztagsbetreuung<\/h2><\/div>\t\t<\/div>\r\n\t\t\t<\/article>\r\n\t<article class=\"w-grid-item us_animate_afb off_autostart size_1x1 post-1335 post type-post status-publish format-standard has-post-thumbnail hentry category-kapitel-1\" data-id=\"1335\" style=\"animation-delay:0s\">\r\n\t\t<div class=\"w-grid-item-h\">\r\n\t\t\t\t\t\t\t<a href=\"https:\/\/gruene-wiesbaden.de\/de\/digitale-infrastruktur-und-digitale-services-fuer-alle\/\" class=\"w-grid-item-anchor\" aria-label=\"Digitale Infrastruktur und digitale Services f\u00fcr alle\"><\/a>\r\n\t\t\t\t\t\t<div class=\"w-post-elm post_image usg_post_image_1 stretched\"><img loading=\"lazy\" decoding=\"async\" width=\"467\" height=\"600\" src=\"https:\/\/gruene-wiesbaden.de\/wp-content\/uploads\/2025\/11\/1.8-Digitale-Infrastruktur-und-digitale-Services-fuer-alle-467x600.jpeg\" class=\"attachment-large size-large wp-post-image\" alt=\"\" srcset=\"https:\/\/gruene-wiesbaden.de\/wp-content\/uploads\/2025\/11\/1.8-Digitale-Infrastruktur-und-digitale-Services-fuer-alle-467x600.jpeg 467w, https:\/\/gruene-wiesbaden.de\/wp-content\/uploads\/2025\/11\/1.8-Digitale-Infrastruktur-und-digitale-Services-fuer-alle-311x400.jpeg 311w, https:\/\/gruene-wiesbaden.de\/wp-content\/uploads\/2025\/11\/1.8-Digitale-Infrastruktur-und-digitale-Services-fuer-alle-scaled.jpeg 1991w\" sizes=\"auto, (max-width: 467px) 100vw, 467px\" \/><\/div><div class=\"w-vwrapper usg_vwrapper_1 align_none valign_top\"><h2 class=\"w-post-elm post_title usg_post_title_1 has_text_color entry-title color_link_inherit\">Digitale Infrastruktur und digitale Services f\u00fcr alle<\/h2><\/div>\t\t<\/div>\r\n\t\t\t<\/article>\r\n\t<article class=\"w-grid-item us_animate_afb off_autostart size_1x1 post-1337 post type-post status-publish format-standard has-post-thumbnail hentry category-kapitel-1\" data-id=\"1337\" style=\"animation-delay:0.1s\">\r\n\t\t<div class=\"w-grid-item-h\">\r\n\t\t\t\t\t\t\t<a href=\"https:\/\/gruene-wiesbaden.de\/de\/kultur\/\" class=\"w-grid-item-anchor\" aria-label=\"Kultur\"><\/a>\r\n\t\t\t\t\t\t<div class=\"w-post-elm post_image usg_post_image_1 stretched\"><img loading=\"lazy\" decoding=\"async\" width=\"600\" height=\"400\" src=\"https:\/\/gruene-wiesbaden.de\/wp-content\/uploads\/2025\/11\/1.10-Kultur-600x400.jpeg\" class=\"attachment-large size-large wp-post-image\" alt=\"\" srcset=\"https:\/\/gruene-wiesbaden.de\/wp-content\/uploads\/2025\/11\/1.10-Kultur-600x400.jpeg 600w, https:\/\/gruene-wiesbaden.de\/wp-content\/uploads\/2025\/11\/1.10-Kultur-400x267.jpeg 400w\" sizes=\"auto, (max-width: 600px) 100vw, 600px\" \/><\/div><div class=\"w-vwrapper usg_vwrapper_1 align_none valign_top\"><h2 class=\"w-post-elm post_title usg_post_title_1 has_text_color entry-title color_link_inherit\">Kultur<\/h2><\/div>\t\t<\/div>\r\n\t\t\t<\/article>\r\n\t<article class=\"w-grid-item us_animate_afb off_autostart size_1x1 post-1339 post type-post status-publish format-standard has-post-thumbnail hentry category-kapitel-1\" data-id=\"1339\" style=\"animation-delay:0.2s\">\r\n\t\t<div class=\"w-grid-item-h\">\r\n\t\t\t\t\t\t\t<a href=\"https:\/\/gruene-wiesbaden.de\/de\/gesundheit-und-pflege\/\" class=\"w-grid-item-anchor\" aria-label=\"Gesundheit und Pflege\"><\/a>\r\n\t\t\t\t\t\t<div class=\"w-post-elm post_image usg_post_image_1 stretched\"><img loading=\"lazy\" decoding=\"async\" width=\"600\" height=\"400\" src=\"https:\/\/gruene-wiesbaden.de\/wp-content\/uploads\/2025\/11\/1.10.-Gesundheit-und-Pflege-1-600x400.jpg\" class=\"attachment-large size-large wp-post-image\" alt=\"\" srcset=\"https:\/\/gruene-wiesbaden.de\/wp-content\/uploads\/2025\/11\/1.10.-Gesundheit-und-Pflege-1-600x400.jpg 600w, https:\/\/gruene-wiesbaden.de\/wp-content\/uploads\/2025\/11\/1.10.-Gesundheit-und-Pflege-1-400x267.jpg 400w\" sizes=\"auto, (max-width: 600px) 100vw, 600px\" \/><\/div><div class=\"w-vwrapper usg_vwrapper_1 align_none valign_top\"><h2 class=\"w-post-elm post_title usg_post_title_1 has_text_color entry-title color_link_inherit\">Gesundheit und Pflege<\/h2><\/div>\t\t<\/div>\r\n\t\t\t<\/article>\r\n\t<article class=\"w-grid-item us_animate_afb off_autostart size_1x1 post-1341 post type-post status-publish format-standard has-post-thumbnail hentry category-kapitel-1\" data-id=\"1341\" style=\"animation-delay:0.3s\">\r\n\t\t<div class=\"w-grid-item-h\">\r\n\t\t\t\t\t\t\t<a href=\"https:\/\/gruene-wiesbaden.de\/de\/sport\/\" class=\"w-grid-item-anchor\" aria-label=\"Sport\"><\/a>\r\n\t\t\t\t\t\t<div class=\"w-post-elm post_image usg_post_image_1 stretched\"><img loading=\"lazy\" decoding=\"async\" width=\"400\" height=\"600\" src=\"https:\/\/gruene-wiesbaden.de\/wp-content\/uploads\/2025\/11\/1.11-Sport-400x600.jpg\" class=\"attachment-large size-large wp-post-image\" alt=\"\" srcset=\"https:\/\/gruene-wiesbaden.de\/wp-content\/uploads\/2025\/11\/1.11-Sport-400x600.jpg 400w, https:\/\/gruene-wiesbaden.de\/wp-content\/uploads\/2025\/11\/1.11-Sport-267x400.jpg 267w, https:\/\/gruene-wiesbaden.de\/wp-content\/uploads\/2025\/11\/1.11-Sport-scaled.jpg 1707w\" sizes=\"auto, (max-width: 400px) 100vw, 400px\" \/><\/div><div class=\"w-vwrapper usg_vwrapper_1 align_none valign_top\"><h2 class=\"w-post-elm post_title usg_post_title_1 has_text_color entry-title color_link_inherit\">Sport<\/h2><\/div>\t\t<\/div>\r\n\t\t\t<\/article>\r\n<\/div><div class=\"w-grid-preloader\">\t<div class=\"g-preloader type_1\">\r\n\t\t<div><\/div>\r\n\t<\/div>\r\n\t<\/div>\t<div class=\"w-grid-json hidden\" onclick='return {&quot;action&quot;:&quot;us_ajax_grid&quot;,&quot;infinite_scroll&quot;:0,&quot;max_num_pages&quot;:1,&quot;pagination&quot;:&quot;infinite&quot;,&quot;template_vars&quot;:{&quot;columns&quot;:&quot;4&quot;,&quot;exclude_items&quot;:&quot;none&quot;,&quot;img_size&quot;:&quot;default&quot;,&quot;ignore_items_size&quot;:0,&quot;items_layout&quot;:&quot;portfolio_2&quot;,&quot;items_offset&quot;:&quot;1&quot;,&quot;load_animation&quot;:&quot;afb&quot;,&quot;overriding_link&quot;:&quot;%7B%22type%22%3A%22post%22%7D&quot;,&quot;post_id&quot;:0,&quot;query_args&quot;:{&quot;post_type&quot;:[&quot;post&quot;],&quot;tax_query&quot;:[{&quot;taxonomy&quot;:&quot;category&quot;,&quot;field&quot;:&quot;slug&quot;,&quot;terms&quot;:[&quot;kapitel-1&quot;]}],&quot;post_status&quot;:[&quot;publish&quot;],&quot;posts_per_page&quot;:&quot;50&quot;},&quot;orderby_query_args&quot;:{&quot;orderby&quot;:{&quot;modified&quot;:&quot;ASC&quot;,&quot;date&quot;:&quot;ASC&quot;}},&quot;type&quot;:&quot;masonry&quot;,&quot;us_grid_post_type&quot;:&quot;post&quot;,&quot;us_grid_ajax_index&quot;:2,&quot;us_grid_filter_query_string&quot;:null,&quot;us_grid_index&quot;:2,&quot;page_args&quot;:[]}}'><\/div>\r\n\t<\/div><div class=\"w-separator size_large\"><\/div><div class=\"wpb_text_column\" id=\"Kapitel2\"><div class=\"wpb_wrapper\"><h1 style=\"text-align: left;\">Eine Stadt, in der alle dazugeh\u00f6ren<\/h1>\n<\/div><\/div><div class=\"w-separator size_small\"><\/div><div class=\"w-grid type_masonry layout_portfolio_2 cols_4 pagination_infinite with_isotope with_css_animation ratio_1x1\" id=\"us_grid_3\" style=\"--columns:4;--gap:6px;--item-ratio:1;\" data-filterable=\"true\"><style>@media (max-width:1380px){#us_grid_3{--columns:3!important}}@media (max-width:1024px){#us_grid_3{--columns:2!important}}@media (max-width:600px){#us_grid_3{--columns:1!important}}<\/style><div class=\"w-grid-list\">\t<article class=\"w-grid-item us_animate_afb off_autostart size_1x1 post-1394 post type-post status-publish format-standard has-post-thumbnail hentry category-kapitel-2-praeambel\" data-id=\"1394\" style=\"animation-delay:0s\">\r\n\t\t<div class=\"w-grid-item-h\">\r\n\t\t\t\t\t\t\t<a href=\"https:\/\/gruene-wiesbaden.de\/de\/praeambel-eine-stadt-in-der-alle-dazugehoeren\/\" class=\"w-grid-item-anchor\" aria-label=\"Pr\u00e4ambel: Eine Stadt, in der alle dazugeh\u00f6ren\"><\/a>\r\n\t\t\t\t\t\t<div class=\"w-post-elm post_image usg_post_image_1 stretched\"><img loading=\"lazy\" decoding=\"async\" width=\"600\" height=\"338\" src=\"https:\/\/gruene-wiesbaden.de\/wp-content\/uploads\/2025\/11\/MJK_82683-3-600x338.jpg\" class=\"attachment-large size-large wp-post-image\" alt=\"\" srcset=\"https:\/\/gruene-wiesbaden.de\/wp-content\/uploads\/2025\/11\/MJK_82683-3-600x338.jpg 600w, https:\/\/gruene-wiesbaden.de\/wp-content\/uploads\/2025\/11\/MJK_82683-3-400x225.jpg 400w\" sizes=\"auto, (max-width: 600px) 100vw, 600px\" \/><\/div><div class=\"w-vwrapper usg_vwrapper_1 align_none valign_top\"><h2 class=\"w-post-elm post_title usg_post_title_1 has_text_color entry-title color_link_inherit\">Pr\u00e4ambel: Eine Stadt, in der alle dazugeh\u00f6ren<\/h2><\/div>\t\t<\/div>\r\n\t\t\t<\/article>\r\n<\/div><div class=\"w-grid-preloader\">\t<div class=\"g-preloader type_1\">\r\n\t\t<div><\/div>\r\n\t<\/div>\r\n\t<\/div>\t<div class=\"w-grid-json hidden\" onclick='return {&quot;action&quot;:&quot;us_ajax_grid&quot;,&quot;infinite_scroll&quot;:0,&quot;max_num_pages&quot;:1,&quot;pagination&quot;:&quot;infinite&quot;,&quot;template_vars&quot;:{&quot;columns&quot;:&quot;4&quot;,&quot;exclude_items&quot;:&quot;none&quot;,&quot;img_size&quot;:&quot;default&quot;,&quot;ignore_items_size&quot;:0,&quot;items_layout&quot;:&quot;portfolio_2&quot;,&quot;items_offset&quot;:&quot;1&quot;,&quot;load_animation&quot;:&quot;afb&quot;,&quot;overriding_link&quot;:&quot;%7B%22type%22%3A%22post%22%7D&quot;,&quot;post_id&quot;:0,&quot;query_args&quot;:{&quot;post_type&quot;:[&quot;post&quot;],&quot;tax_query&quot;:[{&quot;taxonomy&quot;:&quot;category&quot;,&quot;field&quot;:&quot;slug&quot;,&quot;terms&quot;:[&quot;kapitel-2-praeambel&quot;]}],&quot;post_status&quot;:[&quot;publish&quot;],&quot;posts_per_page&quot;:&quot;50&quot;},&quot;orderby_query_args&quot;:{&quot;orderby&quot;:&quot;RAND(133379911)&quot;},&quot;type&quot;:&quot;masonry&quot;,&quot;us_grid_post_type&quot;:&quot;post&quot;,&quot;us_grid_ajax_index&quot;:3,&quot;us_grid_filter_query_string&quot;:null,&quot;us_grid_index&quot;:3,&quot;page_args&quot;:[]}}'><\/div>\r\n\t<\/div><div class=\"w-grid type_masonry layout_portfolio_2 cols_4 pagination_infinite with_isotope with_css_animation ratio_1x1\" id=\"us_grid_4\" style=\"--columns:4;--gap:6px;--item-ratio:1;\" data-filterable=\"true\"><style>@media (max-width:1380px){#us_grid_4{--columns:3!important}}@media (max-width:1024px){#us_grid_4{--columns:2!important}}@media (max-width:600px){#us_grid_4{--columns:1!important}}<\/style><div class=\"w-grid-list\">\t<article class=\"w-grid-item us_animate_afb off_autostart size_1x1 post-1349 post type-post status-publish format-standard has-post-thumbnail hentry category-kapitel-2\" data-id=\"1349\" style=\"animation-delay:0s\">\r\n\t\t<div class=\"w-grid-item-h\">\r\n\t\t\t\t\t\t\t<a href=\"https:\/\/gruene-wiesbaden.de\/de\/geschlechtergerechtigkeit\/\" class=\"w-grid-item-anchor\" aria-label=\"Geschlechtergerechtigkeit\"><\/a>\r\n\t\t\t\t\t\t<div class=\"w-post-elm post_image usg_post_image_1 stretched\"><img loading=\"lazy\" decoding=\"async\" width=\"600\" height=\"316\" src=\"https:\/\/gruene-wiesbaden.de\/wp-content\/uploads\/2025\/11\/2.1-Geschlechtergerechtigkeit-600x316.jpeg\" class=\"attachment-large size-large wp-post-image\" alt=\"\" srcset=\"https:\/\/gruene-wiesbaden.de\/wp-content\/uploads\/2025\/11\/2.1-Geschlechtergerechtigkeit-600x316.jpeg 600w, https:\/\/gruene-wiesbaden.de\/wp-content\/uploads\/2025\/11\/2.1-Geschlechtergerechtigkeit-400x211.jpeg 400w\" sizes=\"auto, (max-width: 600px) 100vw, 600px\" \/><\/div><div class=\"w-vwrapper usg_vwrapper_1 align_none valign_top\"><h2 class=\"w-post-elm post_title usg_post_title_1 has_text_color entry-title color_link_inherit\">Geschlechtergerechtigkeit<\/h2><\/div>\t\t<\/div>\r\n\t\t\t<\/article>\r\n\t<article class=\"w-grid-item us_animate_afb off_autostart size_1x1 post-1351 post type-post status-publish format-standard has-post-thumbnail hentry category-kapitel-2\" data-id=\"1351\" style=\"animation-delay:0.1s\">\r\n\t\t<div class=\"w-grid-item-h\">\r\n\t\t\t\t\t\t\t<a href=\"https:\/\/gruene-wiesbaden.de\/de\/gleichstellung-von-lgbtqia\/\" class=\"w-grid-item-anchor\" aria-label=\"Gleichstellung von LGBTQIA*\"><\/a>\r\n\t\t\t\t\t\t<div class=\"w-post-elm post_image usg_post_image_1 stretched\"><img loading=\"lazy\" decoding=\"async\" width=\"600\" height=\"400\" src=\"https:\/\/gruene-wiesbaden.de\/wp-content\/uploads\/2025\/11\/2.2-Gleichstellung-LGBTQAI-600x400.jpeg\" class=\"attachment-large size-large wp-post-image\" alt=\"\" srcset=\"https:\/\/gruene-wiesbaden.de\/wp-content\/uploads\/2025\/11\/2.2-Gleichstellung-LGBTQAI-600x400.jpeg 600w, https:\/\/gruene-wiesbaden.de\/wp-content\/uploads\/2025\/11\/2.2-Gleichstellung-LGBTQAI-400x267.jpeg 400w\" sizes=\"auto, (max-width: 600px) 100vw, 600px\" \/><\/div><div class=\"w-vwrapper usg_vwrapper_1 align_none valign_top\"><h2 class=\"w-post-elm post_title usg_post_title_1 has_text_color entry-title color_link_inherit\">Gleichstellung von LGBTQIA*<\/h2><\/div>\t\t<\/div>\r\n\t\t\t<\/article>\r\n\t<article class=\"w-grid-item us_animate_afb off_autostart size_1x1 post-1353 post type-post status-publish format-standard has-post-thumbnail hentry category-kapitel-2\" data-id=\"1353\" style=\"animation-delay:0.2s\">\r\n\t\t<div class=\"w-grid-item-h\">\r\n\t\t\t\t\t\t\t<a href=\"https:\/\/gruene-wiesbaden.de\/de\/inklusion-und-barrierefreiheit\/\" class=\"w-grid-item-anchor\" aria-label=\"Inklusion und Barrierefreiheit\"><\/a>\r\n\t\t\t\t\t\t<div class=\"w-post-elm post_image usg_post_image_1 stretched\"><img loading=\"lazy\" decoding=\"async\" width=\"600\" height=\"336\" src=\"https:\/\/gruene-wiesbaden.de\/wp-content\/uploads\/2025\/11\/2.3-Inklusion-und-Barrierefreiheit-600x336.jpeg\" class=\"attachment-large size-large wp-post-image\" alt=\"\" srcset=\"https:\/\/gruene-wiesbaden.de\/wp-content\/uploads\/2025\/11\/2.3-Inklusion-und-Barrierefreiheit-600x336.jpeg 600w, https:\/\/gruene-wiesbaden.de\/wp-content\/uploads\/2025\/11\/2.3-Inklusion-und-Barrierefreiheit-400x224.jpeg 400w\" sizes=\"auto, (max-width: 600px) 100vw, 600px\" \/><\/div><div class=\"w-vwrapper usg_vwrapper_1 align_none valign_top\"><h2 class=\"w-post-elm post_title usg_post_title_1 has_text_color entry-title color_link_inherit\">Inklusion und Barrierefreiheit<\/h2><\/div>\t\t<\/div>\r\n\t\t\t<\/article>\r\n\t<article class=\"w-grid-item us_animate_afb off_autostart size_1x1 post-1355 post type-post status-publish format-standard has-post-thumbnail hentry category-kapitel-2\" data-id=\"1355\" style=\"animation-delay:0.3s\">\r\n\t\t<div class=\"w-grid-item-h\">\r\n\t\t\t\t\t\t\t<a href=\"https:\/\/gruene-wiesbaden.de\/de\/antidiskriminierung-kulturelle-vielfalt-und-integration\/\" class=\"w-grid-item-anchor\" aria-label=\"Antidiskriminierung, kulturelle Vielfalt und Integration\"><\/a>\r\n\t\t\t\t\t\t<div class=\"w-post-elm post_image usg_post_image_1 stretched\"><img loading=\"lazy\" decoding=\"async\" width=\"600\" height=\"400\" src=\"https:\/\/gruene-wiesbaden.de\/wp-content\/uploads\/2025\/11\/2.4-Antidiskriminierung-kulturelle-Vielfalt-und-Integration-600x400.jpg\" class=\"attachment-large size-large wp-post-image\" alt=\"\" srcset=\"https:\/\/gruene-wiesbaden.de\/wp-content\/uploads\/2025\/11\/2.4-Antidiskriminierung-kulturelle-Vielfalt-und-Integration-600x400.jpg 600w, https:\/\/gruene-wiesbaden.de\/wp-content\/uploads\/2025\/11\/2.4-Antidiskriminierung-kulturelle-Vielfalt-und-Integration-400x267.jpg 400w\" sizes=\"auto, (max-width: 600px) 100vw, 600px\" \/><\/div><div class=\"w-vwrapper usg_vwrapper_1 align_none valign_top\"><h2 class=\"w-post-elm post_title usg_post_title_1 has_text_color entry-title color_link_inherit\">Antidiskriminierung, kulturelle Vielfalt und Integration<\/h2><\/div>\t\t<\/div>\r\n\t\t\t<\/article>\r\n\t<article class=\"w-grid-item us_animate_afb off_autostart size_1x1 post-1357 post type-post status-publish format-standard has-post-thumbnail hentry category-kapitel-2\" data-id=\"1357\" style=\"animation-delay:0.4s\">\r\n\t\t<div class=\"w-grid-item-h\">\r\n\t\t\t\t\t\t\t<a href=\"https:\/\/gruene-wiesbaden.de\/de\/sicherheit-und-schutz-vor-gewalt\/\" class=\"w-grid-item-anchor\" aria-label=\"Sicherheit und Schutz vor Gewalt\"><\/a>\r\n\t\t\t\t\t\t<div class=\"w-post-elm post_image usg_post_image_1 stretched\"><img loading=\"lazy\" decoding=\"async\" width=\"480\" height=\"600\" src=\"https:\/\/gruene-wiesbaden.de\/wp-content\/uploads\/2025\/11\/2.5-Sicherheit-und-Schutz-vor-Gewalt-480x600.jpg\" class=\"attachment-large size-large wp-post-image\" alt=\"\" srcset=\"https:\/\/gruene-wiesbaden.de\/wp-content\/uploads\/2025\/11\/2.5-Sicherheit-und-Schutz-vor-Gewalt-480x600.jpg 480w, https:\/\/gruene-wiesbaden.de\/wp-content\/uploads\/2025\/11\/2.5-Sicherheit-und-Schutz-vor-Gewalt-320x400.jpg 320w, https:\/\/gruene-wiesbaden.de\/wp-content\/uploads\/2025\/11\/2.5-Sicherheit-und-Schutz-vor-Gewalt-scaled.jpg 2048w\" sizes=\"auto, (max-width: 480px) 100vw, 480px\" \/><\/div><div class=\"w-vwrapper usg_vwrapper_1 align_none valign_top\"><h2 class=\"w-post-elm post_title usg_post_title_1 has_text_color entry-title color_link_inherit\">Sicherheit und Schutz vor Gewalt<\/h2><\/div>\t\t<\/div>\r\n\t\t\t<\/article>\r\n\t<article class=\"w-grid-item us_animate_afb off_autostart size_1x1 post-1359 post type-post status-publish format-standard has-post-thumbnail hentry category-kapitel-2\" data-id=\"1359\" style=\"animation-delay:0.5s\">\r\n\t\t<div class=\"w-grid-item-h\">\r\n\t\t\t\t\t\t\t<a href=\"https:\/\/gruene-wiesbaden.de\/de\/zivilgesellschaftliches-engagement-und-demokratiefoerderung\/\" class=\"w-grid-item-anchor\" aria-label=\"Zivilgesellschaftliches Engagement und Demokratief\u00f6rderung\"><\/a>\r\n\t\t\t\t\t\t<div class=\"w-post-elm post_image usg_post_image_1 stretched\"><img loading=\"lazy\" decoding=\"async\" width=\"600\" height=\"600\" src=\"https:\/\/gruene-wiesbaden.de\/wp-content\/uploads\/2025\/11\/2.6-Zivilgesellschaftliches-Engagement-1-600x600.jpg\" class=\"attachment-large size-large wp-post-image\" alt=\"\" srcset=\"https:\/\/gruene-wiesbaden.de\/wp-content\/uploads\/2025\/11\/2.6-Zivilgesellschaftliches-Engagement-1-600x600.jpg 600w, https:\/\/gruene-wiesbaden.de\/wp-content\/uploads\/2025\/11\/2.6-Zivilgesellschaftliches-Engagement-1-400x400.jpg 400w, https:\/\/gruene-wiesbaden.de\/wp-content\/uploads\/2025\/11\/2.6-Zivilgesellschaftliches-Engagement-1-150x150.jpg 150w, https:\/\/gruene-wiesbaden.de\/wp-content\/uploads\/2025\/11\/2.6-Zivilgesellschaftliches-Engagement-1.jpg 750w\" sizes=\"auto, (max-width: 600px) 100vw, 600px\" \/><\/div><div class=\"w-vwrapper usg_vwrapper_1 align_none valign_top\"><h2 class=\"w-post-elm post_title usg_post_title_1 has_text_color entry-title color_link_inherit\">Zivilgesellschaftliches Engagement und Demokratief\u00f6rderung<\/h2><\/div>\t\t<\/div>\r\n\t\t\t<\/article>\r\n\t<article class=\"w-grid-item us_animate_afb off_autostart size_1x1 post-1361 post type-post status-publish format-standard has-post-thumbnail hentry category-kapitel-2\" data-id=\"1361\" style=\"animation-delay:0.6s\">\r\n\t\t<div class=\"w-grid-item-h\">\r\n\t\t\t\t\t\t\t<a href=\"https:\/\/gruene-wiesbaden.de\/de\/chancengerechte-bildung\/\" class=\"w-grid-item-anchor\" aria-label=\"Chancengerechte Bildung\"><\/a>\r\n\t\t\t\t\t\t<div class=\"w-post-elm post_image usg_post_image_1 stretched\"><img loading=\"lazy\" decoding=\"async\" width=\"600\" height=\"400\" src=\"https:\/\/gruene-wiesbaden.de\/wp-content\/uploads\/2025\/11\/2.7-Chancengerechte-Bildung-600x400.jpeg\" class=\"attachment-large size-large wp-post-image\" alt=\"\" srcset=\"https:\/\/gruene-wiesbaden.de\/wp-content\/uploads\/2025\/11\/2.7-Chancengerechte-Bildung-600x400.jpeg 600w, https:\/\/gruene-wiesbaden.de\/wp-content\/uploads\/2025\/11\/2.7-Chancengerechte-Bildung-400x267.jpeg 400w\" sizes=\"auto, (max-width: 600px) 100vw, 600px\" \/><\/div><div class=\"w-vwrapper usg_vwrapper_1 align_none valign_top\"><h2 class=\"w-post-elm post_title usg_post_title_1 has_text_color entry-title color_link_inherit\">Chancengerechte Bildung<\/h2><\/div>\t\t<\/div>\r\n\t\t\t<\/article>\r\n\t<article class=\"w-grid-item us_animate_afb off_autostart size_1x1 post-1366 post type-post status-publish format-standard has-post-thumbnail hentry category-kapitel-2\" data-id=\"1366\" style=\"animation-delay:0.7s\">\r\n\t\t<div class=\"w-grid-item-h\">\r\n\t\t\t\t\t\t\t<a href=\"https:\/\/gruene-wiesbaden.de\/de\/kinder-familien-und-alleinerziehende\/\" class=\"w-grid-item-anchor\" aria-label=\"Kinder, Familien und Alleinerziehende\"><\/a>\r\n\t\t\t\t\t\t<div class=\"w-post-elm post_image usg_post_image_1 stretched\"><img loading=\"lazy\" decoding=\"async\" width=\"600\" height=\"400\" src=\"https:\/\/gruene-wiesbaden.de\/wp-content\/uploads\/2025\/11\/2.8-Kinder-Familien-und-Alleinerziehende-600x400.jpg\" class=\"attachment-large size-large wp-post-image\" alt=\"\" srcset=\"https:\/\/gruene-wiesbaden.de\/wp-content\/uploads\/2025\/11\/2.8-Kinder-Familien-und-Alleinerziehende-600x400.jpg 600w, https:\/\/gruene-wiesbaden.de\/wp-content\/uploads\/2025\/11\/2.8-Kinder-Familien-und-Alleinerziehende-400x267.jpg 400w\" sizes=\"auto, (max-width: 600px) 100vw, 600px\" \/><\/div><div class=\"w-vwrapper usg_vwrapper_1 align_none valign_top\"><h2 class=\"w-post-elm post_title usg_post_title_1 has_text_color entry-title color_link_inherit\">Kinder, Familien und Alleinerziehende<\/h2><\/div>\t\t<\/div>\r\n\t\t\t<\/article>\r\n\t<article class=\"w-grid-item us_animate_afb off_autostart size_1x1 post-1368 post type-post status-publish format-standard has-post-thumbnail hentry category-kapitel-2\" data-id=\"1368\" style=\"animation-delay:0s\">\r\n\t\t<div class=\"w-grid-item-h\">\r\n\t\t\t\t\t\t\t<a href=\"https:\/\/gruene-wiesbaden.de\/de\/jugend-auszubildende-und-studierende\/\" class=\"w-grid-item-anchor\" aria-label=\"Jugend, Auszubildende und Studierende\"><\/a>\r\n\t\t\t\t\t\t<div class=\"w-post-elm post_image usg_post_image_1 stretched\"><img loading=\"lazy\" decoding=\"async\" width=\"600\" height=\"423\" src=\"https:\/\/gruene-wiesbaden.de\/wp-content\/uploads\/2025\/11\/2.9-Jugend-Auszubildende-Studierende-600x423.jpg\" class=\"attachment-large size-large wp-post-image\" alt=\"\" srcset=\"https:\/\/gruene-wiesbaden.de\/wp-content\/uploads\/2025\/11\/2.9-Jugend-Auszubildende-Studierende-600x423.jpg 600w, https:\/\/gruene-wiesbaden.de\/wp-content\/uploads\/2025\/11\/2.9-Jugend-Auszubildende-Studierende-400x282.jpg 400w\" sizes=\"auto, (max-width: 600px) 100vw, 600px\" \/><\/div><div class=\"w-vwrapper usg_vwrapper_1 align_none valign_top\"><h2 class=\"w-post-elm post_title usg_post_title_1 has_text_color entry-title color_link_inherit\">Jugend, Auszubildende und Studierende<\/h2><\/div>\t\t<\/div>\r\n\t\t\t<\/article>\r\n\t<article class=\"w-grid-item us_animate_afb off_autostart size_1x1 post-1370 post type-post status-publish format-standard has-post-thumbnail hentry category-kapitel-2\" data-id=\"1370\" style=\"animation-delay:0.1s\">\r\n\t\t<div class=\"w-grid-item-h\">\r\n\t\t\t\t\t\t\t<a href=\"https:\/\/gruene-wiesbaden.de\/de\/seniorinnen\/\" class=\"w-grid-item-anchor\" aria-label=\"Senior*innen\"><\/a>\r\n\t\t\t\t\t\t<div class=\"w-post-elm post_image usg_post_image_1 stretched\"><img loading=\"lazy\" decoding=\"async\" width=\"400\" height=\"600\" src=\"https:\/\/gruene-wiesbaden.de\/wp-content\/uploads\/2025\/11\/2.10-Seniorinnen-400x600.jpg\" class=\"attachment-large size-large wp-post-image\" alt=\"\" srcset=\"https:\/\/gruene-wiesbaden.de\/wp-content\/uploads\/2025\/11\/2.10-Seniorinnen-400x600.jpg 400w, https:\/\/gruene-wiesbaden.de\/wp-content\/uploads\/2025\/11\/2.10-Seniorinnen-267x400.jpg 267w, https:\/\/gruene-wiesbaden.de\/wp-content\/uploads\/2025\/11\/2.10-Seniorinnen-scaled.jpg 1707w\" sizes=\"auto, (max-width: 400px) 100vw, 400px\" \/><\/div><div class=\"w-vwrapper usg_vwrapper_1 align_none valign_top\"><h2 class=\"w-post-elm post_title usg_post_title_1 has_text_color entry-title color_link_inherit\">Senior*innen<\/h2><\/div>\t\t<\/div>\r\n\t\t\t<\/article>\r\n\t<article class=\"w-grid-item us_animate_afb off_autostart size_1x1 post-1372 post type-post status-publish format-standard has-post-thumbnail hentry category-kapitel-2\" data-id=\"1372\" style=\"animation-delay:0.2s\">\r\n\t\t<div class=\"w-grid-item-h\">\r\n\t\t\t\t\t\t\t<a href=\"https:\/\/gruene-wiesbaden.de\/de\/soziale-teilhabe-und-unterstuetzung-von-menschen-in-notlagen\/\" class=\"w-grid-item-anchor\" aria-label=\"Soziale Teilhabe und Unterst\u00fctzung von Menschen in Notlagen\"><\/a>\r\n\t\t\t\t\t\t<div class=\"w-post-elm post_image usg_post_image_1 stretched\"><img loading=\"lazy\" decoding=\"async\" width=\"600\" height=\"400\" src=\"https:\/\/gruene-wiesbaden.de\/wp-content\/uploads\/2025\/11\/2.11-Soziale-Teilhabe-und-Unterstuetzung-fuer-Menschen-in-Notlagen-600x400.jpg\" class=\"attachment-large size-large wp-post-image\" alt=\"\" srcset=\"https:\/\/gruene-wiesbaden.de\/wp-content\/uploads\/2025\/11\/2.11-Soziale-Teilhabe-und-Unterstuetzung-fuer-Menschen-in-Notlagen-600x400.jpg 600w, https:\/\/gruene-wiesbaden.de\/wp-content\/uploads\/2025\/11\/2.11-Soziale-Teilhabe-und-Unterstuetzung-fuer-Menschen-in-Notlagen-400x267.jpg 400w\" sizes=\"auto, (max-width: 600px) 100vw, 600px\" \/><\/div><div class=\"w-vwrapper usg_vwrapper_1 align_none valign_top\"><h2 class=\"w-post-elm post_title usg_post_title_1 has_text_color entry-title color_link_inherit\">Soziale Teilhabe und Unterst\u00fctzung von Menschen in Notlagen<\/h2><\/div>\t\t<\/div>\r\n\t\t\t<\/article>\r\n\t<article class=\"w-grid-item us_animate_afb off_autostart size_1x1 post-1374 post type-post status-publish format-standard has-post-thumbnail hentry category-kapitel-2\" data-id=\"1374\" style=\"animation-delay:0.3s\">\r\n\t\t<div class=\"w-grid-item-h\">\r\n\t\t\t\t\t\t\t<a href=\"https:\/\/gruene-wiesbaden.de\/de\/gefluechtete\/\" class=\"w-grid-item-anchor\" aria-label=\"Gefl\u00fcchtete\"><\/a>\r\n\t\t\t\t\t\t<div class=\"w-post-elm post_image usg_post_image_1 stretched\"><img loading=\"lazy\" decoding=\"async\" width=\"600\" height=\"400\" src=\"https:\/\/gruene-wiesbaden.de\/wp-content\/uploads\/2025\/11\/2.12-Gefluechtete-600x400.jpeg\" class=\"attachment-large size-large wp-post-image\" alt=\"\" srcset=\"https:\/\/gruene-wiesbaden.de\/wp-content\/uploads\/2025\/11\/2.12-Gefluechtete-600x400.jpeg 600w, https:\/\/gruene-wiesbaden.de\/wp-content\/uploads\/2025\/11\/2.12-Gefluechtete-400x267.jpeg 400w\" sizes=\"auto, (max-width: 600px) 100vw, 600px\" \/><\/div><div class=\"w-vwrapper usg_vwrapper_1 align_none valign_top\"><h2 class=\"w-post-elm post_title usg_post_title_1 has_text_color entry-title color_link_inherit\">Gefl\u00fcchtete<\/h2><\/div>\t\t<\/div>\r\n\t\t\t<\/article>\r\n<\/div><div class=\"w-grid-preloader\">\t<div class=\"g-preloader type_1\">\r\n\t\t<div><\/div>\r\n\t<\/div>\r\n\t<\/div>\t<div class=\"w-grid-json hidden\" onclick='return {&quot;action&quot;:&quot;us_ajax_grid&quot;,&quot;infinite_scroll&quot;:0,&quot;max_num_pages&quot;:1,&quot;pagination&quot;:&quot;infinite&quot;,&quot;template_vars&quot;:{&quot;columns&quot;:&quot;4&quot;,&quot;exclude_items&quot;:&quot;none&quot;,&quot;img_size&quot;:&quot;default&quot;,&quot;ignore_items_size&quot;:0,&quot;items_layout&quot;:&quot;portfolio_2&quot;,&quot;items_offset&quot;:&quot;1&quot;,&quot;load_animation&quot;:&quot;afb&quot;,&quot;overriding_link&quot;:&quot;%7B%22type%22%3A%22post%22%7D&quot;,&quot;post_id&quot;:0,&quot;query_args&quot;:{&quot;post_type&quot;:[&quot;post&quot;],&quot;tax_query&quot;:[{&quot;taxonomy&quot;:&quot;category&quot;,&quot;field&quot;:&quot;slug&quot;,&quot;terms&quot;:[&quot;kapitel-2&quot;]}],&quot;post_status&quot;:[&quot;publish&quot;],&quot;posts_per_page&quot;:&quot;50&quot;},&quot;orderby_query_args&quot;:{&quot;orderby&quot;:{&quot;date&quot;:&quot;ASC&quot;}},&quot;type&quot;:&quot;masonry&quot;,&quot;us_grid_post_type&quot;:&quot;post&quot;,&quot;us_grid_ajax_index&quot;:4,&quot;us_grid_filter_query_string&quot;:null,&quot;us_grid_index&quot;:4,&quot;page_args&quot;:[]}}'><\/div>\r\n\t<\/div><div class=\"w-separator size_large\"><\/div><div class=\"wpb_text_column\" id=\"Kapitel3\"><div class=\"wpb_wrapper\"><h1 style=\"text-align: left;\">Zukunftsf\u00e4higkeit Wiesbadens sichern<\/h1>\n<\/div><\/div><div class=\"w-separator size_small\"><\/div><div class=\"w-grid type_masonry layout_portfolio_2 cols_4 pagination_infinite with_isotope with_css_animation ratio_1x1\" id=\"us_grid_5\" style=\"--columns:4;--gap:6px;--item-ratio:1;\" data-filterable=\"true\"><style>@media (max-width:1380px){#us_grid_5{--columns:3!important}}@media (max-width:1024px){#us_grid_5{--columns:2!important}}@media (max-width:600px){#us_grid_5{--columns:1!important}}<\/style><div class=\"w-grid-list\">\t<article class=\"w-grid-item us_animate_afb off_autostart size_1x1 post-1396 post type-post status-publish format-standard has-post-thumbnail hentry category-kapitel-3-praeambel\" data-id=\"1396\" style=\"animation-delay:0s\">\r\n\t\t<div class=\"w-grid-item-h\">\r\n\t\t\t\t\t\t\t<a href=\"https:\/\/gruene-wiesbaden.de\/de\/praeambel-zukunftsfaehigkeit-wiesbadens-sichern\/\" class=\"w-grid-item-anchor\" aria-label=\"Pr\u00e4ambel: Zukunftsf\u00e4higkeit Wiesbadens sichern\"><\/a>\r\n\t\t\t\t\t\t<div class=\"w-post-elm post_image usg_post_image_1 stretched\"><img loading=\"lazy\" decoding=\"async\" width=\"600\" height=\"338\" src=\"https:\/\/gruene-wiesbaden.de\/wp-content\/uploads\/2025\/11\/MJK_82683-3-600x338.jpg\" class=\"attachment-large size-large wp-post-image\" alt=\"\" srcset=\"https:\/\/gruene-wiesbaden.de\/wp-content\/uploads\/2025\/11\/MJK_82683-3-600x338.jpg 600w, https:\/\/gruene-wiesbaden.de\/wp-content\/uploads\/2025\/11\/MJK_82683-3-400x225.jpg 400w\" sizes=\"auto, (max-width: 600px) 100vw, 600px\" \/><\/div><div class=\"w-vwrapper usg_vwrapper_1 align_none valign_top\"><h2 class=\"w-post-elm post_title usg_post_title_1 has_text_color entry-title color_link_inherit\">Pr\u00e4ambel: Zukunftsf\u00e4higkeit Wiesbadens sichern<\/h2><\/div>\t\t<\/div>\r\n\t\t\t<\/article>\r\n<\/div><div class=\"w-grid-preloader\">\t<div class=\"g-preloader type_1\">\r\n\t\t<div><\/div>\r\n\t<\/div>\r\n\t<\/div>\t<div class=\"w-grid-json hidden\" onclick='return {&quot;action&quot;:&quot;us_ajax_grid&quot;,&quot;infinite_scroll&quot;:0,&quot;max_num_pages&quot;:1,&quot;pagination&quot;:&quot;infinite&quot;,&quot;template_vars&quot;:{&quot;columns&quot;:&quot;4&quot;,&quot;exclude_items&quot;:&quot;none&quot;,&quot;img_size&quot;:&quot;default&quot;,&quot;ignore_items_size&quot;:0,&quot;items_layout&quot;:&quot;portfolio_2&quot;,&quot;items_offset&quot;:&quot;1&quot;,&quot;load_animation&quot;:&quot;afb&quot;,&quot;overriding_link&quot;:&quot;%7B%22type%22%3A%22post%22%7D&quot;,&quot;post_id&quot;:0,&quot;query_args&quot;:{&quot;post_type&quot;:[&quot;post&quot;],&quot;tax_query&quot;:[{&quot;taxonomy&quot;:&quot;category&quot;,&quot;field&quot;:&quot;slug&quot;,&quot;terms&quot;:[&quot;kapitel-3-praeambel&quot;]}],&quot;post_status&quot;:[&quot;publish&quot;],&quot;posts_per_page&quot;:&quot;50&quot;},&quot;orderby_query_args&quot;:{&quot;orderby&quot;:&quot;RAND(1315119573)&quot;},&quot;type&quot;:&quot;masonry&quot;,&quot;us_grid_post_type&quot;:&quot;post&quot;,&quot;us_grid_ajax_index&quot;:5,&quot;us_grid_filter_query_string&quot;:null,&quot;us_grid_index&quot;:5,&quot;page_args&quot;:[]}}'><\/div>\r\n\t<\/div><div class=\"w-grid type_masonry layout_portfolio_2 cols_4 pagination_infinite with_isotope with_css_animation ratio_1x1\" id=\"us_grid_6\" style=\"--columns:4;--gap:6px;--item-ratio:1;\" data-filterable=\"true\"><style>@media (max-width:1380px){#us_grid_6{--columns:3!important}}@media (max-width:1024px){#us_grid_6{--columns:2!important}}@media (max-width:600px){#us_grid_6{--columns:1!important}}<\/style><div class=\"w-grid-list\">\t<article class=\"w-grid-item us_animate_afb off_autostart size_1x1 post-1376 post type-post status-publish format-standard has-post-thumbnail hentry category-kapitel-3\" data-id=\"1376\" style=\"animation-delay:0s\">\r\n\t\t<div class=\"w-grid-item-h\">\r\n\t\t\t\t\t\t\t<a href=\"https:\/\/gruene-wiesbaden.de\/de\/wiesbaden-als-attraktiver-bildungs-und-hochschulort\/\" class=\"w-grid-item-anchor\" aria-label=\"Wiesbaden als attraktiver Bildungs- und Hochschulort\"><\/a>\r\n\t\t\t\t\t\t<div class=\"w-post-elm post_image usg_post_image_1 stretched\"><img loading=\"lazy\" decoding=\"async\" width=\"400\" height=\"600\" src=\"https:\/\/gruene-wiesbaden.de\/wp-content\/uploads\/2025\/11\/3.1-attraktiver-Bildungs-und-Hochschulstandort-400x600.jpg\" class=\"attachment-large size-large wp-post-image\" alt=\"\" srcset=\"https:\/\/gruene-wiesbaden.de\/wp-content\/uploads\/2025\/11\/3.1-attraktiver-Bildungs-und-Hochschulstandort-400x600.jpg 400w, https:\/\/gruene-wiesbaden.de\/wp-content\/uploads\/2025\/11\/3.1-attraktiver-Bildungs-und-Hochschulstandort-267x400.jpg 267w, https:\/\/gruene-wiesbaden.de\/wp-content\/uploads\/2025\/11\/3.1-attraktiver-Bildungs-und-Hochschulstandort-scaled.jpg 1707w\" sizes=\"auto, (max-width: 400px) 100vw, 400px\" \/><\/div><div class=\"w-vwrapper usg_vwrapper_1 align_none valign_top\"><h2 class=\"w-post-elm post_title usg_post_title_1 has_text_color entry-title color_link_inherit\">Wiesbaden als attraktiver Bildungs- und Hochschulort<\/h2><\/div>\t\t<\/div>\r\n\t\t\t<\/article>\r\n\t<article class=\"w-grid-item us_animate_afb off_autostart size_1x1 post-1378 post type-post status-publish format-standard has-post-thumbnail hentry category-kapitel-3\" data-id=\"1378\" style=\"animation-delay:0.1s\">\r\n\t\t<div class=\"w-grid-item-h\">\r\n\t\t\t\t\t\t\t<a href=\"https:\/\/gruene-wiesbaden.de\/de\/wiesbaden-als-attraktiver-wirtschaftsstandort\/\" class=\"w-grid-item-anchor\" aria-label=\"Wiesbaden als attraktiver Wirtschaftsstandort\"><\/a>\r\n\t\t\t\t\t\t<div class=\"w-post-elm post_image usg_post_image_1 stretched\"><img loading=\"lazy\" decoding=\"async\" width=\"600\" height=\"400\" src=\"https:\/\/gruene-wiesbaden.de\/wp-content\/uploads\/2025\/11\/3.2-Wiesbaden-als-attraktiver-Wirtschaftsstandort-600x400.jpg\" class=\"attachment-large size-large wp-post-image\" alt=\"\" srcset=\"https:\/\/gruene-wiesbaden.de\/wp-content\/uploads\/2025\/11\/3.2-Wiesbaden-als-attraktiver-Wirtschaftsstandort-600x400.jpg 600w, https:\/\/gruene-wiesbaden.de\/wp-content\/uploads\/2025\/11\/3.2-Wiesbaden-als-attraktiver-Wirtschaftsstandort-400x267.jpg 400w\" sizes=\"auto, (max-width: 600px) 100vw, 600px\" \/><\/div><div class=\"w-vwrapper usg_vwrapper_1 align_none valign_top\"><h2 class=\"w-post-elm post_title usg_post_title_1 has_text_color entry-title color_link_inherit\">Wiesbaden als attraktiver Wirtschaftsstandort<\/h2><\/div>\t\t<\/div>\r\n\t\t\t<\/article>\r\n\t<article class=\"w-grid-item us_animate_afb off_autostart size_1x1 post-1380 post type-post status-publish format-standard has-post-thumbnail hentry category-kapitel-3\" data-id=\"1380\" style=\"animation-delay:0.2s\">\r\n\t\t<div class=\"w-grid-item-h\">\r\n\t\t\t\t\t\t\t<a href=\"https:\/\/gruene-wiesbaden.de\/de\/wirtschaftsfoerderung-und-beschaeftigung\/\" class=\"w-grid-item-anchor\" aria-label=\"Wirtschaftsf\u00f6rderung und Besch\u00e4ftigung\"><\/a>\r\n\t\t\t\t\t\t<div class=\"w-post-elm post_image usg_post_image_1 stretched\"><img loading=\"lazy\" decoding=\"async\" width=\"600\" height=\"400\" src=\"https:\/\/gruene-wiesbaden.de\/wp-content\/uploads\/2025\/11\/3.3-Wirtschaftsfoerderung-und-Beschaeftigung-600x400.jpeg\" class=\"attachment-large size-large wp-post-image\" alt=\"\" srcset=\"https:\/\/gruene-wiesbaden.de\/wp-content\/uploads\/2025\/11\/3.3-Wirtschaftsfoerderung-und-Beschaeftigung-600x400.jpeg 600w, https:\/\/gruene-wiesbaden.de\/wp-content\/uploads\/2025\/11\/3.3-Wirtschaftsfoerderung-und-Beschaeftigung-400x267.jpeg 400w\" sizes=\"auto, (max-width: 600px) 100vw, 600px\" \/><\/div><div class=\"w-vwrapper usg_vwrapper_1 align_none valign_top\"><h2 class=\"w-post-elm post_title usg_post_title_1 has_text_color entry-title color_link_inherit\">Wirtschaftsf\u00f6rderung und Besch\u00e4ftigung<\/h2><\/div>\t\t<\/div>\r\n\t\t\t<\/article>\r\n\t<article class=\"w-grid-item us_animate_afb off_autostart size_1x1 post-1382 post type-post status-publish format-standard has-post-thumbnail hentry category-kapitel-3\" data-id=\"1382\" style=\"animation-delay:0.3s\">\r\n\t\t<div class=\"w-grid-item-h\">\r\n\t\t\t\t\t\t\t<a href=\"https:\/\/gruene-wiesbaden.de\/de\/nachhaltige-infrastruktur-und-waermewende\/\" class=\"w-grid-item-anchor\" aria-label=\"Nachhaltige Infrastruktur und W\u00e4rmewende\"><\/a>\r\n\t\t\t\t\t\t<div class=\"w-post-elm post_image usg_post_image_1 stretched\"><img loading=\"lazy\" decoding=\"async\" width=\"450\" height=\"600\" src=\"https:\/\/gruene-wiesbaden.de\/wp-content\/uploads\/2025\/11\/3.4-Nachhaltige-Infrastruktur-und-Waermewende-450x600.jpg\" class=\"attachment-large size-large wp-post-image\" alt=\"\" srcset=\"https:\/\/gruene-wiesbaden.de\/wp-content\/uploads\/2025\/11\/3.4-Nachhaltige-Infrastruktur-und-Waermewende-450x600.jpg 450w, https:\/\/gruene-wiesbaden.de\/wp-content\/uploads\/2025\/11\/3.4-Nachhaltige-Infrastruktur-und-Waermewende-300x400.jpg 300w, https:\/\/gruene-wiesbaden.de\/wp-content\/uploads\/2025\/11\/3.4-Nachhaltige-Infrastruktur-und-Waermewende-scaled.jpg 1920w\" sizes=\"auto, (max-width: 450px) 100vw, 450px\" \/><\/div><div class=\"w-vwrapper usg_vwrapper_1 align_none valign_top\"><h2 class=\"w-post-elm post_title usg_post_title_1 has_text_color entry-title color_link_inherit\">Nachhaltige Infrastruktur und W\u00e4rmewende<\/h2><\/div>\t\t<\/div>\r\n\t\t\t<\/article>\r\n\t<article class=\"w-grid-item us_animate_afb off_autostart size_1x1 post-1384 post type-post status-publish format-standard has-post-thumbnail hentry category-kapitel-3\" data-id=\"1384\" style=\"animation-delay:0.4s\">\r\n\t\t<div class=\"w-grid-item-h\">\r\n\t\t\t\t\t\t\t<a href=\"https:\/\/gruene-wiesbaden.de\/de\/wiesbaden-zur-nachhaltigen-kommune-transformieren\/\" class=\"w-grid-item-anchor\" aria-label=\"Wiesbaden zur nachhaltigen Kommune transformieren\"><\/a>\r\n\t\t\t\t\t\t<div class=\"w-post-elm post_image usg_post_image_1 stretched\"><img loading=\"lazy\" decoding=\"async\" width=\"600\" height=\"338\" src=\"https:\/\/gruene-wiesbaden.de\/wp-content\/uploads\/2025\/11\/3.5-Wiesbaden-zur-nachhaltigen-Kommune-transformieren-600x338.jpg\" class=\"attachment-large size-large wp-post-image\" alt=\"\" srcset=\"https:\/\/gruene-wiesbaden.de\/wp-content\/uploads\/2025\/11\/3.5-Wiesbaden-zur-nachhaltigen-Kommune-transformieren-600x338.jpg 600w, https:\/\/gruene-wiesbaden.de\/wp-content\/uploads\/2025\/11\/3.5-Wiesbaden-zur-nachhaltigen-Kommune-transformieren-400x225.jpg 400w, https:\/\/gruene-wiesbaden.de\/wp-content\/uploads\/2025\/11\/3.5-Wiesbaden-zur-nachhaltigen-Kommune-transformieren.jpg 1920w\" sizes=\"auto, (max-width: 600px) 100vw, 600px\" \/><\/div><div class=\"w-vwrapper usg_vwrapper_1 align_none valign_top\"><h2 class=\"w-post-elm post_title usg_post_title_1 has_text_color entry-title color_link_inherit\">Wiesbaden zur nachhaltigen Kommune transformieren<\/h2><\/div>\t\t<\/div>\r\n\t\t\t<\/article>\r\n\t<article class=\"w-grid-item us_animate_afb off_autostart size_1x1 post-1386 post type-post status-publish format-standard has-post-thumbnail hentry category-kapitel-3\" data-id=\"1386\" style=\"animation-delay:0.5s\">\r\n\t\t<div class=\"w-grid-item-h\">\r\n\t\t\t\t\t\t\t<a href=\"https:\/\/gruene-wiesbaden.de\/de\/verwaltungsmodernisierung-und-digitalisierung\/\" class=\"w-grid-item-anchor\" aria-label=\"Verwaltungsmodernisierung und Digitalisierung\"><\/a>\r\n\t\t\t\t\t\t<div class=\"w-post-elm post_image usg_post_image_1 stretched\"><img loading=\"lazy\" decoding=\"async\" width=\"600\" height=\"355\" src=\"https:\/\/gruene-wiesbaden.de\/wp-content\/uploads\/2025\/11\/3.6-Verwaltungsmodernisierung-und-Digitalisierung-600x355.jpeg\" class=\"attachment-large size-large wp-post-image\" alt=\"\" srcset=\"https:\/\/gruene-wiesbaden.de\/wp-content\/uploads\/2025\/11\/3.6-Verwaltungsmodernisierung-und-Digitalisierung-600x355.jpeg 600w, https:\/\/gruene-wiesbaden.de\/wp-content\/uploads\/2025\/11\/3.6-Verwaltungsmodernisierung-und-Digitalisierung-400x236.jpeg 400w\" sizes=\"auto, (max-width: 600px) 100vw, 600px\" \/><\/div><div class=\"w-vwrapper usg_vwrapper_1 align_none valign_top\"><h2 class=\"w-post-elm post_title usg_post_title_1 has_text_color entry-title color_link_inherit\">Verwaltungsmodernisierung und Digitalisierung<\/h2><\/div>\t\t<\/div>\r\n\t\t\t<\/article>\r\n\t<article class=\"w-grid-item us_animate_afb off_autostart size_1x1 post-1388 post type-post status-publish format-standard has-post-thumbnail hentry category-kapitel-3\" data-id=\"1388\" style=\"animation-delay:0.6s\">\r\n\t\t<div class=\"w-grid-item-h\">\r\n\t\t\t\t\t\t\t<a href=\"https:\/\/gruene-wiesbaden.de\/de\/die-stadt-wiesbaden-als-attraktiver-arbeitgeber\/\" class=\"w-grid-item-anchor\" aria-label=\"Die Stadt Wiesbaden als attraktiver Arbeitgeber\"><\/a>\r\n\t\t\t\t\t\t<div class=\"w-post-elm post_image usg_post_image_1 stretched\"><img loading=\"lazy\" decoding=\"async\" width=\"600\" height=\"399\" src=\"https:\/\/gruene-wiesbaden.de\/wp-content\/uploads\/2025\/11\/3.7-Stadt-Wiesbaden-als-attraktive-Arbeitgeberin-600x399.jpeg\" class=\"attachment-large size-large wp-post-image\" alt=\"\" srcset=\"https:\/\/gruene-wiesbaden.de\/wp-content\/uploads\/2025\/11\/3.7-Stadt-Wiesbaden-als-attraktive-Arbeitgeberin-600x399.jpeg 600w, https:\/\/gruene-wiesbaden.de\/wp-content\/uploads\/2025\/11\/3.7-Stadt-Wiesbaden-als-attraktive-Arbeitgeberin-400x266.jpeg 400w\" sizes=\"auto, (max-width: 600px) 100vw, 600px\" \/><\/div><div class=\"w-vwrapper usg_vwrapper_1 align_none valign_top\"><h2 class=\"w-post-elm post_title usg_post_title_1 has_text_color entry-title color_link_inherit\">Die Stadt Wiesbaden als attraktiver Arbeitgeber<\/h2><\/div>\t\t<\/div>\r\n\t\t\t<\/article>\r\n\t<article class=\"w-grid-item us_animate_afb off_autostart size_1x1 post-1390 post type-post status-publish format-standard has-post-thumbnail hentry category-kapitel-3\" data-id=\"1390\" style=\"animation-delay:0.7s\">\r\n\t\t<div class=\"w-grid-item-h\">\r\n\t\t\t\t\t\t\t<a href=\"https:\/\/gruene-wiesbaden.de\/de\/staedtische-beteiligungen\/\" class=\"w-grid-item-anchor\" aria-label=\"St\u00e4dtische Beteiligungen\"><\/a>\r\n\t\t\t\t\t\t<div class=\"w-post-elm post_image usg_post_image_1 stretched\"><img loading=\"lazy\" decoding=\"async\" width=\"600\" height=\"400\" src=\"https:\/\/gruene-wiesbaden.de\/wp-content\/uploads\/2025\/11\/3.8-Staedtische-Beteiligungen-600x400.jpeg\" class=\"attachment-large size-large wp-post-image\" alt=\"\" srcset=\"https:\/\/gruene-wiesbaden.de\/wp-content\/uploads\/2025\/11\/3.8-Staedtische-Beteiligungen-600x400.jpeg 600w, https:\/\/gruene-wiesbaden.de\/wp-content\/uploads\/2025\/11\/3.8-Staedtische-Beteiligungen-400x267.jpeg 400w\" sizes=\"auto, (max-width: 600px) 100vw, 600px\" \/><\/div><div class=\"w-vwrapper usg_vwrapper_1 align_none valign_top\"><h2 class=\"w-post-elm post_title usg_post_title_1 has_text_color entry-title color_link_inherit\">St\u00e4dtische Beteiligungen<\/h2><\/div>\t\t<\/div>\r\n\t\t\t<\/article>\r\n\t<article class=\"w-grid-item us_animate_afb off_autostart size_1x1 post-1392 post type-post status-publish format-standard has-post-thumbnail hentry category-kapitel-3\" data-id=\"1392\" style=\"animation-delay:0s\">\r\n\t\t<div class=\"w-grid-item-h\">\r\n\t\t\t\t\t\t\t<a href=\"https:\/\/gruene-wiesbaden.de\/de\/staedtischer-haushalt-nachhaltig-und-generationengerecht\/\" class=\"w-grid-item-anchor\" aria-label=\"St\u00e4dtischer Haushalt &#8211; nachhaltig und generationengerecht\"><\/a>\r\n\t\t\t\t\t\t<div class=\"w-post-elm post_image usg_post_image_1 stretched\"><img loading=\"lazy\" decoding=\"async\" width=\"600\" height=\"427\" src=\"https:\/\/gruene-wiesbaden.de\/wp-content\/uploads\/2025\/11\/3.9-Staedtischer-Haushalt-scaled-e1763332609268-600x427.jpeg\" class=\"attachment-large size-large wp-post-image\" alt=\"\" srcset=\"https:\/\/gruene-wiesbaden.de\/wp-content\/uploads\/2025\/11\/3.9-Staedtischer-Haushalt-scaled-e1763332609268-600x427.jpeg 600w, https:\/\/gruene-wiesbaden.de\/wp-content\/uploads\/2025\/11\/3.9-Staedtischer-Haushalt-scaled-e1763332609268-400x285.jpeg 400w, https:\/\/gruene-wiesbaden.de\/wp-content\/uploads\/2025\/11\/3.9-Staedtischer-Haushalt-scaled-e1763332609268.jpeg 1737w\" sizes=\"auto, (max-width: 600px) 100vw, 600px\" \/><\/div><div class=\"w-vwrapper usg_vwrapper_1 align_none valign_top\"><h2 class=\"w-post-elm post_title usg_post_title_1 has_text_color entry-title color_link_inherit\">St\u00e4dtischer Haushalt &#8211; nachhaltig und generationengerecht<\/h2><\/div>\t\t<\/div>\r\n\t\t\t<\/article>\r\n<\/div><div class=\"w-grid-preloader\">\t<div class=\"g-preloader type_1\">\r\n\t\t<div><\/div>\r\n\t<\/div>\r\n\t<\/div>\t<div class=\"w-grid-json hidden\" onclick='return {&quot;action&quot;:&quot;us_ajax_grid&quot;,&quot;infinite_scroll&quot;:0,&quot;max_num_pages&quot;:1,&quot;pagination&quot;:&quot;infinite&quot;,&quot;template_vars&quot;:{&quot;columns&quot;:&quot;4&quot;,&quot;exclude_items&quot;:&quot;none&quot;,&quot;img_size&quot;:&quot;default&quot;,&quot;ignore_items_size&quot;:0,&quot;items_layout&quot;:&quot;portfolio_2&quot;,&quot;items_offset&quot;:&quot;1&quot;,&quot;load_animation&quot;:&quot;afb&quot;,&quot;overriding_link&quot;:&quot;%7B%22type%22%3A%22post%22%7D&quot;,&quot;post_id&quot;:0,&quot;query_args&quot;:{&quot;post_type&quot;:[&quot;post&quot;],&quot;tax_query&quot;:[{&quot;taxonomy&quot;:&quot;category&quot;,&quot;field&quot;:&quot;slug&quot;,&quot;terms&quot;:[&quot;kapitel-3&quot;]}],&quot;post_status&quot;:[&quot;publish&quot;],&quot;posts_per_page&quot;:&quot;50&quot;},&quot;orderby_query_args&quot;:{&quot;orderby&quot;:{&quot;date&quot;:&quot;ASC&quot;}},&quot;type&quot;:&quot;masonry&quot;,&quot;us_grid_post_type&quot;:&quot;post&quot;,&quot;us_grid_ajax_index&quot;:6,&quot;us_grid_filter_query_string&quot;:null,&quot;us_grid_index&quot;:6,&quot;page_args&quot;:[]}}'><\/div>\r\n\t<\/div><div class=\"w-separator size_large\"><\/div><div class=\"g-cols wpb_row hide_on_default hide_on_laptops hide_on_tablets hide_on_mobiles via_grid cols_1 laptops-cols_inherit tablets-cols_inherit mobiles-cols_1 valign_middle type_boxes stacking_default\" style=\"--columns-gap:2rem;\" id=\"briefwahlantrag\"><div class=\"wpb_column vc_column_container\"><div class=\"vc_column-overlay\" style=\"background:var(--color-content-bg-alt)\"><\/div><div class=\"vc_column-inner\"><div class=\"wpb_text_column us_custom_e520dd3c has_text_color\"><div class=\"wpb_wrapper\"><h4>Briefwahl beantragen. So einfach gehts!<\/h4>\n<\/div><\/div><div class=\"w-separator size_small\"><\/div><div class=\"wpb_text_column us_custom_564c68c1 has_text_color\"><div class=\"wpb_wrapper\"><p>Mit der Briefwahl kannst du schon vor dem Wahltermin am 15.\u202fM\u00e4rz\u202f2026 deine Stimme abgeben \u2013 ideal, wenn du an diesem Tag nicht in Wiesbaden bist, krank wirst oder den Termin leicht vergessen k\u00f6nntest.<\/p>\n<p>Wahlberechtigt bei der Kommunalwahl in Wiesbaden sind alle Personen ab 18 Jahren. Sie m\u00fcssen am Wahltag vollj\u00e4hrig sein. Au\u00dferdem brauchen sie die deutsche Staatsangeh\u00f6rigkeit oder die Staatsangeh\u00f6rigkeit eines anderen EU-Mitgliedstaates. Voraussetzung ist auch, dass sie seit mindestens drei Monaten mit ihrem Hauptwohnsitz in Wiesbaden gemeldet sind.<\/p>\n<p>Wahlberechtigte mit Hauptwohnsitz in Wiesbaden k\u00f6nnen Briefwahl beantragen.<\/p>\n<p>Am einfachsten geht das online \u00fcber das <span>B\u00fcrgerservice-Portal<\/span>\u00a0oder du w\u00e4hlst direkt vor Ort: im zentralen Wahlb\u00fcro in der Friedrichstra\u00dfe\u202f16 oder in der Ortsverwaltung deines Ortsbezirks w\u00e4hrend der \u00d6ffnungszeiten. Beides ist ab sechs Wochen vor der Wahl m\u00f6glich, also ab dem 2.\u202fFebruar\u202f2026.<\/p>\n<\/div><\/div><div class=\"w-separator size_small\"><\/div><div class=\"w-btn-wrapper align_none\"><a class=\"w-btn us-btn-style_5\" target=\"_blank\" href=\"https:\/\/wahlschein.ekom21.de\/IWS\/start.do?mb=6414000\"><span class=\"w-btn-label\">B\u00fcrgerservice-Portal<\/span><\/a><\/div><\/div><\/div><\/div><div class=\"w-separator size_large\"><\/div><\/div><\/div><\/div><\/div><\/section>\n","protected":false},"excerpt":{"rendered":"St\u00e4dtischer Haushalt &#8211; nachhaltig und generationengerechtDie Finanzlage Wiesbadens ist angespannt, wie in vielen anderen Kommunen auch. Bund und L\u00e4nder haben den Kommunen immer neue Aufgaben \u00fcbertragen. Nur mit einer soliden Haushaltspolitik k\u00f6nnen wir die Handlungsspielr\u00e4ume sichern, um den B\u00fcrger*innen auch in Zukunft eine verl\u00e4ssliche Infrastruktur sowie gute Dienstleistungen bieten zu k\u00f6nnen und die gro\u00dfen Herausforderungen...","protected":false},"author":1,"featured_media":0,"parent":0,"menu_order":0,"comment_status":"closed","ping_status":"closed","template":"","meta":{"footnotes":""},"class_list":["post-1178","page","type-page","status-publish","hentry"],"yoast_head":"<!-- This site is optimized with the Yoast SEO plugin v27.5 - https:\/\/yoast.com\/product\/yoast-seo-wordpress\/ -->\n<title>Kommunalwahl Wiesbaden 2026 - B\u00dcNDNIS 90\/DIE GR\u00dcNEN Wiesbaden<\/title>\n<meta name=\"robots\" content=\"index, follow, max-snippet:-1, max-image-preview:large, max-video-preview:-1\" \/>\n<link rel=\"canonical\" href=\"https:\/\/gruene-wiesbaden.de\/de\/kommunalwahl\/\" \/>\n<meta property=\"og:locale\" content=\"de_DE\" \/>\n<meta property=\"og:type\" content=\"article\" \/>\n<meta property=\"og:title\" content=\"Kommunalwahl Wiesbaden 2026 - B\u00dcNDNIS 90\/DIE GR\u00dcNEN Wiesbaden\" \/>\n<meta property=\"og:url\" content=\"https:\/\/gruene-wiesbaden.de\/de\/kommunalwahl\/\" \/>\n<meta property=\"og:site_name\" content=\"B\u00dcNDNIS 90\/DIE GR\u00dcNEN Wiesbaden\" \/>\n<meta property=\"article:publisher\" content=\"https:\/\/www.facebook.com\/gruene.wi\" \/>\n<meta property=\"article:modified_time\" content=\"2026-04-07T10:41:21+00:00\" \/>\n<meta name=\"twitter:card\" content=\"summary_large_image\" \/>\n<meta name=\"twitter:label1\" content=\"Gesch\u00e4tzte Lesezeit\" \/>\n\t<meta name=\"twitter:data1\" content=\"4\u00a0Minuten\" \/>\n<script type=\"application\/ld+json\" class=\"yoast-schema-graph\">{\"@context\":\"https:\\\/\\\/schema.org\",\"@graph\":[{\"@type\":\"WebPage\",\"@id\":\"https:\\\/\\\/gruene-wiesbaden.de\\\/kommunalwahl\\\/\",\"url\":\"https:\\\/\\\/gruene-wiesbaden.de\\\/kommunalwahl\\\/\",\"name\":\"Kommunalwahl Wiesbaden 2026 - B\u00dcNDNIS 90\\\/DIE GR\u00dcNEN Wiesbaden\",\"isPartOf\":{\"@id\":\"https:\\\/\\\/gruene-wiesbaden.de\\\/#website\"},\"datePublished\":\"2025-07-30T10:32:06+00:00\",\"dateModified\":\"2026-04-07T10:41:21+00:00\",\"breadcrumb\":{\"@id\":\"https:\\\/\\\/gruene-wiesbaden.de\\\/kommunalwahl\\\/#breadcrumb\"},\"inLanguage\":\"de\",\"potentialAction\":[{\"@type\":\"ReadAction\",\"target\":[\"https:\\\/\\\/gruene-wiesbaden.de\\\/kommunalwahl\\\/\"]}]},{\"@type\":\"BreadcrumbList\",\"@id\":\"https:\\\/\\\/gruene-wiesbaden.de\\\/kommunalwahl\\\/#breadcrumb\",\"itemListElement\":[{\"@type\":\"ListItem\",\"position\":1,\"name\":\"Startseite\",\"item\":\"https:\\\/\\\/gruene-wiesbaden.de\\\/\"},{\"@type\":\"ListItem\",\"position\":2,\"name\":\"Kommunalwahl Wiesbaden 2026\"}]},{\"@type\":\"WebSite\",\"@id\":\"https:\\\/\\\/gruene-wiesbaden.de\\\/#website\",\"url\":\"https:\\\/\\\/gruene-wiesbaden.de\\\/\",\"name\":\"DIE GR\u00dcNEN Wiesbaden\",\"description\":\"\",\"publisher\":{\"@id\":\"https:\\\/\\\/gruene-wiesbaden.de\\\/#organization\"},\"potentialAction\":[{\"@type\":\"SearchAction\",\"target\":{\"@type\":\"EntryPoint\",\"urlTemplate\":\"https:\\\/\\\/gruene-wiesbaden.de\\\/?s={search_term_string}\"},\"query-input\":{\"@type\":\"PropertyValueSpecification\",\"valueRequired\":true,\"valueName\":\"search_term_string\"}}],\"inLanguage\":\"de\"},{\"@type\":\"Organization\",\"@id\":\"https:\\\/\\\/gruene-wiesbaden.de\\\/#organization\",\"name\":\"DIE GR\u00dcNEN Wiesbaden\",\"url\":\"https:\\\/\\\/gruene-wiesbaden.de\\\/\",\"logo\":{\"@type\":\"ImageObject\",\"inLanguage\":\"de\",\"@id\":\"https:\\\/\\\/gruene-wiesbaden.de\\\/#\\\/schema\\\/logo\\\/image\\\/\",\"url\":\"https:\\\/\\\/gruene-wiesbaden-fuer-europa.de\\\/wp-content\\\/uploads\\\/2024\\\/04\\\/Machen-was-zaehlt-5.png\",\"contentUrl\":\"https:\\\/\\\/gruene-wiesbaden-fuer-europa.de\\\/wp-content\\\/uploads\\\/2024\\\/04\\\/Machen-was-zaehlt-5.png\",\"width\":1772,\"height\":1772,\"caption\":\"DIE GR\u00dcNEN Wiesbaden\"},\"image\":{\"@id\":\"https:\\\/\\\/gruene-wiesbaden.de\\\/#\\\/schema\\\/logo\\\/image\\\/\"},\"sameAs\":[\"https:\\\/\\\/www.facebook.com\\\/gruene.wi\",\"https:\\\/\\\/instagram.com\\\/gruene_wi\"]}]}<\/script>\n<!-- \/ Yoast SEO plugin. -->","yoast_head_json":{"title":"Kommunalwahl Wiesbaden 2026 - B\u00dcNDNIS 90\/DIE GR\u00dcNEN Wiesbaden","robots":{"index":"index","follow":"follow","max-snippet":"max-snippet:-1","max-image-preview":"max-image-preview:large","max-video-preview":"max-video-preview:-1"},"canonical":"https:\/\/gruene-wiesbaden.de\/de\/kommunalwahl\/","og_locale":"de_DE","og_type":"article","og_title":"Kommunalwahl Wiesbaden 2026 - B\u00dcNDNIS 90\/DIE GR\u00dcNEN Wiesbaden","og_url":"https:\/\/gruene-wiesbaden.de\/de\/kommunalwahl\/","og_site_name":"B\u00dcNDNIS 90\/DIE GR\u00dcNEN Wiesbaden","article_publisher":"https:\/\/www.facebook.com\/gruene.wi","article_modified_time":"2026-04-07T10:41:21+00:00","twitter_card":"summary_large_image","twitter_misc":{"Gesch\u00e4tzte Lesezeit":"4\u00a0Minuten"},"schema":{"@context":"https:\/\/schema.org","@graph":[{"@type":"WebPage","@id":"https:\/\/gruene-wiesbaden.de\/kommunalwahl\/","url":"https:\/\/gruene-wiesbaden.de\/kommunalwahl\/","name":"Kommunalwahl Wiesbaden 2026 - B\u00dcNDNIS 90\/DIE GR\u00dcNEN Wiesbaden","isPartOf":{"@id":"https:\/\/gruene-wiesbaden.de\/#website"},"datePublished":"2025-07-30T10:32:06+00:00","dateModified":"2026-04-07T10:41:21+00:00","breadcrumb":{"@id":"https:\/\/gruene-wiesbaden.de\/kommunalwahl\/#breadcrumb"},"inLanguage":"de","potentialAction":[{"@type":"ReadAction","target":["https:\/\/gruene-wiesbaden.de\/kommunalwahl\/"]}]},{"@type":"BreadcrumbList","@id":"https:\/\/gruene-wiesbaden.de\/kommunalwahl\/#breadcrumb","itemListElement":[{"@type":"ListItem","position":1,"name":"Startseite","item":"https:\/\/gruene-wiesbaden.de\/"},{"@type":"ListItem","position":2,"name":"Kommunalwahl Wiesbaden 2026"}]},{"@type":"WebSite","@id":"https:\/\/gruene-wiesbaden.de\/#website","url":"https:\/\/gruene-wiesbaden.de\/","name":"DIE GR\u00dcNEN Wiesbaden","description":"","publisher":{"@id":"https:\/\/gruene-wiesbaden.de\/#organization"},"potentialAction":[{"@type":"SearchAction","target":{"@type":"EntryPoint","urlTemplate":"https:\/\/gruene-wiesbaden.de\/?s={search_term_string}"},"query-input":{"@type":"PropertyValueSpecification","valueRequired":true,"valueName":"search_term_string"}}],"inLanguage":"de"},{"@type":"Organization","@id":"https:\/\/gruene-wiesbaden.de\/#organization","name":"DIE GR\u00dcNEN Wiesbaden","url":"https:\/\/gruene-wiesbaden.de\/","logo":{"@type":"ImageObject","inLanguage":"de","@id":"https:\/\/gruene-wiesbaden.de\/#\/schema\/logo\/image\/","url":"https:\/\/gruene-wiesbaden-fuer-europa.de\/wp-content\/uploads\/2024\/04\/Machen-was-zaehlt-5.png","contentUrl":"https:\/\/gruene-wiesbaden-fuer-europa.de\/wp-content\/uploads\/2024\/04\/Machen-was-zaehlt-5.png","width":1772,"height":1772,"caption":"DIE GR\u00dcNEN Wiesbaden"},"image":{"@id":"https:\/\/gruene-wiesbaden.de\/#\/schema\/logo\/image\/"},"sameAs":["https:\/\/www.facebook.com\/gruene.wi","https:\/\/instagram.com\/gruene_wi"]}]}},"_links":{"self":[{"href":"https:\/\/gruene-wiesbaden.de\/de\/wp-json\/wp\/v2\/pages\/1178","targetHints":{"allow":["GET"]}}],"collection":[{"href":"https:\/\/gruene-wiesbaden.de\/de\/wp-json\/wp\/v2\/pages"}],"about":[{"href":"https:\/\/gruene-wiesbaden.de\/de\/wp-json\/wp\/v2\/types\/page"}],"author":[{"embeddable":true,"href":"https:\/\/gruene-wiesbaden.de\/de\/wp-json\/wp\/v2\/users\/1"}],"replies":[{"embeddable":true,"href":"https:\/\/gruene-wiesbaden.de\/de\/wp-json\/wp\/v2\/comments?post=1178"}],"version-history":[{"count":58,"href":"https:\/\/gruene-wiesbaden.de\/de\/wp-json\/wp\/v2\/pages\/1178\/revisions"}],"predecessor-version":[{"id":2296,"href":"https:\/\/gruene-wiesbaden.de\/de\/wp-json\/wp\/v2\/pages\/1178\/revisions\/2296"}],"wp:attachment":[{"href":"https:\/\/gruene-wiesbaden.de\/de\/wp-json\/wp\/v2\/media?parent=1178"}],"curies":[{"name":"wp","href":"https:\/\/api.w.org\/{rel}","templated":true}]}}