{"id":578,"date":"2025-03-21T10:54:01","date_gmt":"2025-03-21T10:54:01","guid":{"rendered":"http:\/\/gruene-wiesbaden.de.w0207e8f.kasserver.com\/?page_id=578"},"modified":"2026-04-09T00:53:28","modified_gmt":"2026-04-08T22:53:28","slug":"spenden","status":"publish","type":"page","link":"https:\/\/gruene-wiesbaden.de\/ar\/spenden\/","title":{"rendered":"\u062a\u0635\u0646\u064a\u0641: \u062a\u0628\u0631\u0639\u0627\u062a"},"content":{"rendered":"<section class=\"l-section wpb_row height_auto full_height valign_center with_slider\"><div class=\"l-section-slider\"><div class=\"w-slider style_none fit_cover nav_none count_1\"><div class=\"w-slider-h\"><div class=\"royalSlider\"><div class=\"rsContent\"><a class=\"rsImg\" data-rsw=\"3500\" data-rsh=\"2337\" href=\"https:\/\/gruene-wiesbaden.de\/wp-content\/uploads\/2025\/03\/simon-maage-tXiMrX3Gc-g-unsplash.png\"><span data-alt=\"\"><\/span><\/a><\/div><\/div><img decoding=\"async\" src=\"https:\/\/gruene-wiesbaden.de\/wp-content\/uploads\/2025\/03\/simon-maage-tXiMrX3Gc-g-unsplash.png\" width=\"3500\" height=\"2337\" alt loading=\"lazy\"><\/div><div class=\"w-slider-json\" onclick='return {&quot;autoScaleSlider&quot;:true,&quot;addActiveClass&quot;:true,&quot;loop&quot;:true,&quot;fadeInLoadedSlide&quot;:false,&quot;slidesSpacing&quot;:0,&quot;imageScalePadding&quot;:0,&quot;numImagesToPreload&quot;:2,&quot;arrowsNav&quot;:false,&quot;arrowsNavAutoHide&quot;:false,&quot;transitionType&quot;:&quot;move&quot;,&quot;transitionSpeed&quot;:1000,&quot;block&quot;:{&quot;moveEffect&quot;:&quot;none&quot;,&quot;speed&quot;:300},&quot;thumbs&quot;:{&quot;fitInViewport&quot;:false,&quot;firstMargin&quot;:false,&quot;spacing&quot;:4},&quot;controlNavigation&quot;:&quot;none&quot;,&quot;autoplay&quot;:{&quot;enabled&quot;:true,&quot;pauseOnHover&quot;:false,&quot;delay&quot;:3000},&quot;autoScaleSliderWidth&quot;:3500,&quot;autoScaleSliderHeight&quot;:2337}'><\/div><\/div><\/div><div class=\"l-section-overlay\" style=\"background:rgba(0,0,0,0.27)\"><\/div><div class=\"l-section-h i-cf\"><div class=\"g-cols vc_row via_grid cols_1 laptops-cols_inherit tablets-cols_inherit mobiles-cols_1 valign_top type_default stacking_default\" style=\"--columns-gap:0rem;\"><div class=\"wpb_column vc_column_container\"><div class=\"vc_column-inner\"><div class=\"g-cols wpb_row us_custom_fe17fac6 has_text_color via_grid cols_1 laptops-cols_inherit tablets-cols_inherit mobiles-cols_1 valign_top type_default stacking_default\" style=\"--columns-gap:3rem;\"><div class=\"wpb_column vc_column_container\"><div class=\"vc_column-inner\"><div class=\"w-separator size_large\"><\/div><div class=\"w-separator size_small\"><\/div><div class=\"w-separator size_small\"><\/div><div class=\"wpb_text_column us_custom_2d6d43ab has_text_color background_inside_text\"><div class=\"wpb_wrapper\"><h1 style=\"text-align: center;\">\u0647\u0646\u0627 \u064a\u0645\u0643\u0646\u0643 \u062f\u0639\u0645\u0646\u0627 \u0628\u0627\u0644\u062a\u0628\u0631\u0639.<\/h1>\n<\/div><\/div><\/div><\/div><\/div><\/div><\/div><\/div><\/div><\/section><section class=\"l-section wpb_row height_medium with_img\"><div class=\"l-section-img\" role=\"img\" data-img-width=\"1920\" data-img-height=\"768\" style=\"background-image: url(https:\/\/gruene-wiesbaden.de\/wp-content\/uploads\/2025\/11\/neuer-Verlauf-gruene-wiesbaden.de_-e1767650502847.png);\"><\/div><div class=\"l-section-h i-cf\"><div class=\"g-cols vc_row via_grid cols_1 laptops-cols_inherit tablets-cols_inherit mobiles-cols_1 valign_top type_default stacking_default\"><div class=\"wpb_column vc_column_container\"><div class=\"vc_column-inner\"><div class=\"g-cols wpb_row via_grid cols_1 laptops-cols_inherit tablets-cols_inherit mobiles-cols_1 valign_middle type_default stacking_default\" style=\"--columns-gap:3rem;\"><div class=\"wpb_column vc_column_container\"><div class=\"vc_column-inner\"><div class=\"wpb_text_column us_custom_f4639b64 has_text_color\"><div class=\"wpb_wrapper\"><div>\n<h4>\u0633\u0627\u0639\u062f\u0646\u0627 \u0641\u064a \u062c\u0639\u0644 \u0627\u0644\u0633\u064a\u0627\u0633\u0629 \u0627\u0644\u062e\u0636\u0631\u0627\u0621 \u0623\u0643\u062b\u0631 \u0648\u0636\u0648\u062d\u064b\u0627 \u0641\u064a \u0645\u062f\u064a\u0646\u062a\u0646\u0627.<\/h4>\n<p><span>\u0646\u0631\u064a\u062f \u0623\u0646 \u0646\u062c\u0639\u0644 \u0627\u0644\u0633\u064a\u0627\u0633\u0629 \u0627\u0644\u062e\u0636\u0631\u0627\u0621 \u0646\u0627\u062c\u062d\u0629 \u0628\u0627\u0644\u0646\u0633\u0628\u0629 \u0644\u0643 \u0641\u064a \u0641\u064a\u0633\u0628\u0627\u062f\u0646. \u0647\u0630\u0627 \u0647\u0648 \u0627\u0644\u0633\u0628\u0628 \u0641\u064a \u0623\u0646\u0646\u0627 \u0645\u0645\u062a\u0646\u0648\u0646 \u0644\u0645\u0633\u0627\u0639\u062f\u062a\u0643\u0645 \u0648\u0646\u062d\u0646 \u0633\u0639\u062f\u0627\u0621 \u0625\u0630\u0627 \u0643\u0646\u062a \u062a\u062f\u0639\u0645 \u0639\u0645\u0644\u0646\u0627 \u0645\u0639 \u0627\u0644\u062a\u0628\u0631\u0639.<\/span><\/p>\n<\/div>\n<div>\n<p><span>\u0633\u0646\u0631\u0633\u0644 \u0644\u0643 \u0625\u064a\u0635\u0627\u0644 \u062a\u0628\u0631\u0639 \u063a\u064a\u0631 \u0645\u0631\u063a\u0648\u0628 \u0641\u064a\u0647 \u0641\u064a \u0646\u0647\u0627\u064a\u0629 \u0627\u0644\u0639\u0627\u0645. \u064a\u0631\u062c\u0649 \u062a\u0630\u0643\u0631 \u062a\u0636\u0645\u064a\u0646 \u0639\u0646\u0648\u0627\u0646\u0643 \u0641\u064a \u062c\u0645\u064a\u0639 \u0627\u0644\u062a\u0628\u0631\u0639\u0627\u062a!<\/span><\/p>\n<p><span>\u062d\u062a\u0649 \u0645\u0628\u0644\u063a \u062a\u0628\u0631\u0639 \u0642\u062f\u0631\u0647 1650 \u064a\u0648\u0631\u0648 \u0641\u064a \u0627\u0644\u0633\u0646\u0629 \u0627\u0644\u062a\u0642\u0648\u064a\u0645\u064a\u0629 \u0644\u0644\u0639\u0632\u0627\u0628 \u0648 3300 \u064a\u0648\u0631\u0648 \u0644\u0644\u0623\u0632\u0648\u0627\u062c \u0627\u0644\u0645\u062a\u0632\u0648\u062c\u064a\u0646 \u060c \u0633\u064a\u062a\u0645 \u062a\u0642\u062f\u064a\u0645 \u0627\u0644\u062a\u0628\u0631\u0639\u0627\u062a \u0627\u0644\u062d\u0632\u0628\u064a\u0629 \u0628\u0645\u0639\u062f\u0644 50 \u060c \u0628\u063a\u0636 \u0627\u0644\u0646\u0638\u0631 \u0639\u0646 \u0645\u0639\u062f\u0644 \u0627\u0644\u0636\u0631\u064a\u0628\u0629 \u0627\u0644\u0641\u0631\u062f\u064a\u0629.% \u0645\u064a\u0632\u0629 \u0636\u0631\u064a\u0628\u064a\u0629. 50% \u202b\u0633\u064a\u0639\u0648\u062f \u0627\u0644\u062a\u0628\u0631\u0639 \u0625\u0644\u064a\u0643.\u202c<\/span><\/p>\n<\/div>\n<div>\n<p><span>\u0633\u064a\u062a\u0645 \u0627\u0644\u062a\u0639\u0627\u0645\u0644 \u0645\u0639 \u062c\u0645\u064a\u0639 \u0627\u0644\u062a\u0628\u0631\u0639\u0627\u062a \u0628\u0633\u0631\u064a\u0629 \u0645\u0646 \u0642\u0628\u0644\u0646\u0627. \u0644\u0646 \u064a\u062a\u0645 \u0646\u0642\u0644 \u0628\u064a\u0627\u0646\u0627\u062a\u0643 \u0627\u0644\u0634\u062e\u0635\u064a\u0629 \u0625\u0644\u0649 \u0623\u0637\u0631\u0627\u0641 \u062b\u0627\u0644\u062b\u0629. \u0625\u0630\u0627 \u0643\u0646\u062a \u0644\u0627 \u062a\u0648\u0627\u0641\u0642 \u0635\u0631\u0627\u062d\u0629 \u0639\u0644\u0649 \u062a\u062e\u0632\u064a\u0646 \u0628\u064a\u0627\u0646\u0627\u062a\u0643 \u060c \u0641\u0633\u064a\u062a\u0645 \u062d\u0630\u0641\u0647\u0627 \u0628\u0639\u062f \u0625\u0646\u0634\u0627\u0621 \u0625\u064a\u0635\u0627\u0644 \u0627\u0644\u062a\u0628\u0631\u0639.<\/span><\/p>\n<\/div>\n<\/div><\/div><div class=\"w-separator size_small\"><\/div><\/div><\/div><\/div><\/div><\/div><\/div><\/div><\/section><section class=\"l-section wpb_row height_medium\"><div class=\"l-section-overlay\" style=\"background:var(--color-header-middle-bg)\"><\/div><div class=\"l-section-h i-cf\"><div class=\"g-cols vc_row via_grid cols_1 laptops-cols_inherit tablets-cols_inherit mobiles-cols_1 valign_top type_default stacking_default\" style=\"--columns-gap:2rem;\"><div class=\"wpb_column vc_column_container\"><div class=\"vc_column-inner\"><div class=\"g-cols wpb_row via_grid cols_2 laptops-cols_inherit tablets-cols_inherit mobiles-cols_1 valign_top type_default stacking_default\" style=\"--columns-gap:4rem;\"><div class=\"wpb_column vc_column_container us_custom_1f257949\"><div class=\"vc_column-inner\"><div class=\"wpb_text_column us_custom_564c68c1 has_text_color\"><div class=\"wpb_wrapper\"><h3>\u0627\u0644\u062a\u0628\u0631\u0639\u0627\u062a \u0639\u0628\u0631 \u0646\u0645\u0648\u0630\u062c \u0627\u0644\u062a\u0628\u0631\u0639<span><\/span><\/h3>\n<\/div><\/div><div class=\"w-separator size_medium\"><\/div><div class=\"wpb_text_column\"><div class=\"wpb_wrapper\"><p><!-- twingle --><iframe src=\"https:\/\/spenden.twingle.de\/bundnis-90-die-grunen-kreisverband-wiesbaden\/spende\/tw66e18b1ca954f\/form\"><\/iframe><script src=\"https:\/\/spenden.twingle.de\/embed\/generic\"><\/script><\/p>\n<p><!-- twingle --><\/p>\n<\/div><\/div><div class=\"w-separator size_medium\"><\/div><\/div><\/div><div class=\"wpb_column vc_column_container\"><div class=\"vc_column-inner\"><div class=\"wpb_text_column us_custom_564c68c1 has_text_color\"><div class=\"wpb_wrapper\"><h3>\u0627\u0644\u062a\u0628\u0631\u0639\u0627\u062a \u0639\u0646 \u0637\u0631\u064a\u0642 \u0627\u0644\u062a\u062d\u0648\u064a\u0644 \u0627\u0644\u0645\u0635\u0631\u0641\u064a<\/h3>\n<p><span>\u0635\u0627\u062d\u0628 \u0627\u0644\u062d\u0633\u0627\u0628: B\u00fcndnis 90\/DIE GR\u00dcNEN, KV \u0641\u064a\u0633\u0628\u0627\u062f\u0646<\/span><\/p>\n<p><span>\u0625\u064a\u0628\u0627\u0646: IBAN: DE60 43 06 09 67 60 37 91 47 00 00 <\/span><\/p>\n<p><span>BIC: GENODEM1GLS<\/span><span>\u00a0<\/span><\/p>\n<\/div><\/div><\/div><\/div><\/div><\/div><\/div><\/div><\/div><\/section><section class=\"l-section wpb_row hide_on_default hide_on_laptops hide_on_tablets height_medium\"><div class=\"l-section-overlay\" style=\"background:var(--color-alt-content-bg)\"><\/div><div class=\"l-section-h i-cf\"><div class=\"g-cols vc_row via_grid cols_1 laptops-cols_inherit tablets-cols_inherit mobiles-cols_1 valign_top type_default stacking_default\"><div class=\"wpb_column vc_column_container\"><div class=\"vc_column-inner\"><div class=\"w-separator size_small\"><\/div><\/div><\/div><\/div><\/div><\/section>","protected":false},"excerpt":{"rendered":"\u0647\u0646\u0627 \u064a\u0645\u0643\u0646\u0643 \u062f\u0639\u0645\u0646\u0627 \u0628\u0627\u0644\u062a\u0628\u0631\u0639. \u0633\u0627\u0639\u062f\u0646\u0627 \u0641\u064a \u062c\u0639\u0644 \u0627\u0644\u0633\u064a\u0627\u0633\u0629 \u0627\u0644\u062e\u0636\u0631\u0627\u0621 \u0623\u0643\u062b\u0631 \u0648\u0636\u0648\u062d\u064b\u0627 \u0641\u064a \u0645\u062f\u064a\u0646\u062a\u0646\u0627. \u0646\u0631\u064a\u062f \u0623\u0646 \u0646\u062c\u0639\u0644 \u0627\u0644\u0633\u064a\u0627\u0633\u0629 \u0627\u0644\u062e\u0636\u0631\u0627\u0621 \u0646\u0627\u062c\u062d\u0629 \u0628\u0627\u0644\u0646\u0633\u0628\u0629 \u0644\u0643 \u0641\u064a \u0641\u064a\u0633\u0628\u0627\u062f\u0646. \u0647\u0630\u0627 \u0647\u0648 \u0627\u0644\u0633\u0628\u0628 \u0641\u064a \u0623\u0646\u0646\u0627 \u0645\u0645\u062a\u0646\u0648\u0646 \u0644\u0645\u0633\u0627\u0639\u062f\u062a\u0643\u0645 \u0648\u0646\u062d\u0646 \u0633\u0639\u062f\u0627\u0621 \u0625\u0630\u0627 \u0643\u0646\u062a \u062a\u062f\u0639\u0645 \u0639\u0645\u0644\u0646\u0627 \u0645\u0639 \u0627\u0644\u062a\u0628\u0631\u0639. \u202b\u0633\u0646\u0631\u0633\u0644 \u0644\u0643 \u0625\u064a\u0635\u0627\u0644 \u062a\u0628\u0631\u0639 \u063a\u064a\u0631 \u0645\u0631\u063a\u0648\u0628 \u0641\u064a\u0647\u202c \u202b\u0641\u064a \u0646\u0647\u0627\u064a\u0629 \u0627\u0644\u0639\u0627\u0645... \u202c","protected":false},"author":1,"featured_media":0,"parent":0,"menu_order":0,"comment_status":"closed","ping_status":"closed","template":"","meta":{"footnotes":""},"class_list":["post-578","page","type-page","status-publish","hentry"],"yoast_head":"<!-- This site is optimized with the Yoast SEO plugin v27.5 - https:\/\/yoast.com\/product\/yoast-seo-wordpress\/ -->\n<title>Spenden - B\u00dcNDNIS 90\/DIE GR\u00dcNEN Wiesbaden<\/title>\n<meta name=\"description\" content=\"Hier erf\u00e4hrst du mehr dazu, wie du den Kreisverband Wiesbaden von B\u00dcNDNIS 90\/ DIE GR\u00dcNEN mit einer Spende unterst\u00fctzen kannst.\" \/>\n<meta name=\"robots\" content=\"index, follow, max-snippet:-1, max-image-preview:large, max-video-preview:-1\" \/>\n<link rel=\"canonical\" href=\"https:\/\/gruene-wiesbaden.de\/ar\/spenden\/\" \/>\n<meta property=\"og:locale\" content=\"ar_AR\" \/>\n<meta property=\"og:type\" content=\"article\" \/>\n<meta property=\"og:title\" content=\"Spenden - B\u00dcNDNIS 90\/DIE GR\u00dcNEN Wiesbaden\" \/>\n<meta property=\"og:description\" content=\"Hier erf\u00e4hrst du mehr dazu, wie du den Kreisverband Wiesbaden von B\u00dcNDNIS 90\/ DIE GR\u00dcNEN mit einer Spende unterst\u00fctzen kannst.\" \/>\n<meta property=\"og:url\" content=\"https:\/\/gruene-wiesbaden.de\/ar\/spenden\/\" \/>\n<meta property=\"og:site_name\" content=\"B\u00dcNDNIS 90\/DIE GR\u00dcNEN Wiesbaden\" \/>\n<meta property=\"article:publisher\" content=\"https:\/\/www.facebook.com\/gruene.wi\" \/>\n<meta property=\"article:modified_time\" content=\"2026-04-08T22:53:28+00:00\" \/>\n<meta name=\"twitter:card\" content=\"summary_large_image\" \/>\n<meta name=\"twitter:label1\" content=\"\u0648\u0642\u062a \u0627\u0644\u0642\u0631\u0627\u0621\u0629 \u0627\u0644\u0645\u064f\u0642\u062f\u0651\u0631\" \/>\n\t<meta name=\"twitter:data1\" content=\"2 minutes\" \/>\n<script type=\"application\/ld+json\" class=\"yoast-schema-graph\">{\"@context\":\"https:\\\/\\\/schema.org\",\"@graph\":[{\"@type\":\"WebPage\",\"@id\":\"https:\\\/\\\/gruene-wiesbaden.de\\\/spenden\\\/\",\"url\":\"https:\\\/\\\/gruene-wiesbaden.de\\\/spenden\\\/\",\"name\":\"Spenden - B\u00dcNDNIS 90\\\/DIE GR\u00dcNEN Wiesbaden\",\"isPartOf\":{\"@id\":\"https:\\\/\\\/gruene-wiesbaden.de\\\/#website\"},\"datePublished\":\"2025-03-21T10:54:01+00:00\",\"dateModified\":\"2026-04-08T22:53:28+00:00\",\"description\":\"Hier erf\u00e4hrst du mehr dazu, wie du den Kreisverband Wiesbaden von B\u00dcNDNIS 90\\\/ DIE GR\u00dcNEN mit einer Spende unterst\u00fctzen kannst.\",\"breadcrumb\":{\"@id\":\"https:\\\/\\\/gruene-wiesbaden.de\\\/spenden\\\/#breadcrumb\"},\"inLanguage\":\"ar\",\"potentialAction\":[{\"@type\":\"ReadAction\",\"target\":[\"https:\\\/\\\/gruene-wiesbaden.de\\\/spenden\\\/\"]}]},{\"@type\":\"BreadcrumbList\",\"@id\":\"https:\\\/\\\/gruene-wiesbaden.de\\\/spenden\\\/#breadcrumb\",\"itemListElement\":[{\"@type\":\"ListItem\",\"position\":1,\"name\":\"Startseite\",\"item\":\"https:\\\/\\\/gruene-wiesbaden.de\\\/\"},{\"@type\":\"ListItem\",\"position\":2,\"name\":\"Spenden\"}]},{\"@type\":\"WebSite\",\"@id\":\"https:\\\/\\\/gruene-wiesbaden.de\\\/#website\",\"url\":\"https:\\\/\\\/gruene-wiesbaden.de\\\/\",\"name\":\"DIE GR\u00dcNEN Wiesbaden\",\"description\":\"\",\"publisher\":{\"@id\":\"https:\\\/\\\/gruene-wiesbaden.de\\\/#organization\"},\"potentialAction\":[{\"@type\":\"SearchAction\",\"target\":{\"@type\":\"EntryPoint\",\"urlTemplate\":\"https:\\\/\\\/gruene-wiesbaden.de\\\/?s={search_term_string}\"},\"query-input\":{\"@type\":\"PropertyValueSpecification\",\"valueRequired\":true,\"valueName\":\"search_term_string\"}}],\"inLanguage\":\"ar\"},{\"@type\":\"Organization\",\"@id\":\"https:\\\/\\\/gruene-wiesbaden.de\\\/#organization\",\"name\":\"DIE GR\u00dcNEN Wiesbaden\",\"url\":\"https:\\\/\\\/gruene-wiesbaden.de\\\/\",\"logo\":{\"@type\":\"ImageObject\",\"inLanguage\":\"ar\",\"@id\":\"https:\\\/\\\/gruene-wiesbaden.de\\\/#\\\/schema\\\/logo\\\/image\\\/\",\"url\":\"https:\\\/\\\/gruene-wiesbaden-fuer-europa.de\\\/wp-content\\\/uploads\\\/2024\\\/04\\\/Machen-was-zaehlt-5.png\",\"contentUrl\":\"https:\\\/\\\/gruene-wiesbaden-fuer-europa.de\\\/wp-content\\\/uploads\\\/2024\\\/04\\\/Machen-was-zaehlt-5.png\",\"width\":1772,\"height\":1772,\"caption\":\"DIE GR\u00dcNEN Wiesbaden\"},\"image\":{\"@id\":\"https:\\\/\\\/gruene-wiesbaden.de\\\/#\\\/schema\\\/logo\\\/image\\\/\"},\"sameAs\":[\"https:\\\/\\\/www.facebook.com\\\/gruene.wi\",\"https:\\\/\\\/instagram.com\\\/gruene_wi\"]}]}<\/script>\n<!-- \/ Yoast SEO plugin. -->","yoast_head_json":{"title":"Spenden - B\u00dcNDNIS 90\/DIE GR\u00dcNEN Wiesbaden","description":"Hier erf\u00e4hrst du mehr dazu, wie du den Kreisverband Wiesbaden von B\u00dcNDNIS 90\/ DIE GR\u00dcNEN mit einer Spende unterst\u00fctzen kannst.","robots":{"index":"index","follow":"follow","max-snippet":"max-snippet:-1","max-image-preview":"max-image-preview:large","max-video-preview":"max-video-preview:-1"},"canonical":"https:\/\/gruene-wiesbaden.de\/ar\/spenden\/","og_locale":"ar_AR","og_type":"article","og_title":"Spenden - B\u00dcNDNIS 90\/DIE GR\u00dcNEN Wiesbaden","og_description":"Hier erf\u00e4hrst du mehr dazu, wie du den Kreisverband Wiesbaden von B\u00dcNDNIS 90\/ DIE GR\u00dcNEN mit einer Spende unterst\u00fctzen kannst.","og_url":"https:\/\/gruene-wiesbaden.de\/ar\/spenden\/","og_site_name":"B\u00dcNDNIS 90\/DIE GR\u00dcNEN Wiesbaden","article_publisher":"https:\/\/www.facebook.com\/gruene.wi","article_modified_time":"2026-04-08T22:53:28+00:00","twitter_card":"summary_large_image","twitter_misc":{"\u0648\u0642\u062a \u0627\u0644\u0642\u0631\u0627\u0621\u0629 \u0627\u0644\u0645\u064f\u0642\u062f\u0651\u0631":"2 minutes"},"schema":{"@context":"https:\/\/schema.org","@graph":[{"@type":"WebPage","@id":"https:\/\/gruene-wiesbaden.de\/spenden\/","url":"https:\/\/gruene-wiesbaden.de\/spenden\/","name":"Spenden - B\u00dcNDNIS 90\/DIE GR\u00dcNEN Wiesbaden","isPartOf":{"@id":"https:\/\/gruene-wiesbaden.de\/#website"},"datePublished":"2025-03-21T10:54:01+00:00","dateModified":"2026-04-08T22:53:28+00:00","description":"Hier erf\u00e4hrst du mehr dazu, wie du den Kreisverband Wiesbaden von B\u00dcNDNIS 90\/ DIE GR\u00dcNEN mit einer Spende unterst\u00fctzen kannst.","breadcrumb":{"@id":"https:\/\/gruene-wiesbaden.de\/spenden\/#breadcrumb"},"inLanguage":"ar","potentialAction":[{"@type":"ReadAction","target":["https:\/\/gruene-wiesbaden.de\/spenden\/"]}]},{"@type":"BreadcrumbList","@id":"https:\/\/gruene-wiesbaden.de\/spenden\/#breadcrumb","itemListElement":[{"@type":"ListItem","position":1,"name":"Startseite","item":"https:\/\/gruene-wiesbaden.de\/"},{"@type":"ListItem","position":2,"name":"Spenden"}]},{"@type":"WebSite","@id":"https:\/\/gruene-wiesbaden.de\/#website","url":"https:\/\/gruene-wiesbaden.de\/","name":"DIE GR\u00dcNEN Wiesbaden","description":"","publisher":{"@id":"https:\/\/gruene-wiesbaden.de\/#organization"},"potentialAction":[{"@type":"SearchAction","target":{"@type":"EntryPoint","urlTemplate":"https:\/\/gruene-wiesbaden.de\/?s={search_term_string}"},"query-input":{"@type":"PropertyValueSpecification","valueRequired":true,"valueName":"search_term_string"}}],"inLanguage":"ar"},{"@type":"Organization","@id":"https:\/\/gruene-wiesbaden.de\/#organization","name":"DIE GR\u00dcNEN Wiesbaden","url":"https:\/\/gruene-wiesbaden.de\/","logo":{"@type":"ImageObject","inLanguage":"ar","@id":"https:\/\/gruene-wiesbaden.de\/#\/schema\/logo\/image\/","url":"https:\/\/gruene-wiesbaden-fuer-europa.de\/wp-content\/uploads\/2024\/04\/Machen-was-zaehlt-5.png","contentUrl":"https:\/\/gruene-wiesbaden-fuer-europa.de\/wp-content\/uploads\/2024\/04\/Machen-was-zaehlt-5.png","width":1772,"height":1772,"caption":"DIE GR\u00dcNEN Wiesbaden"},"image":{"@id":"https:\/\/gruene-wiesbaden.de\/#\/schema\/logo\/image\/"},"sameAs":["https:\/\/www.facebook.com\/gruene.wi","https:\/\/instagram.com\/gruene_wi"]}]}},"_links":{"self":[{"href":"https:\/\/gruene-wiesbaden.de\/ar\/wp-json\/wp\/v2\/pages\/578","targetHints":{"allow":["GET"]}}],"collection":[{"href":"https:\/\/gruene-wiesbaden.de\/ar\/wp-json\/wp\/v2\/pages"}],"about":[{"href":"https:\/\/gruene-wiesbaden.de\/ar\/wp-json\/wp\/v2\/types\/page"}],"author":[{"embeddable":true,"href":"https:\/\/gruene-wiesbaden.de\/ar\/wp-json\/wp\/v2\/users\/1"}],"replies":[{"embeddable":true,"href":"https:\/\/gruene-wiesbaden.de\/ar\/wp-json\/wp\/v2\/comments?post=578"}],"version-history":[{"count":26,"href":"https:\/\/gruene-wiesbaden.de\/ar\/wp-json\/wp\/v2\/pages\/578\/revisions"}],"predecessor-version":[{"id":2388,"href":"https:\/\/gruene-wiesbaden.de\/ar\/wp-json\/wp\/v2\/pages\/578\/revisions\/2388"}],"wp:attachment":[{"href":"https:\/\/gruene-wiesbaden.de\/ar\/wp-json\/wp\/v2\/media?parent=578"}],"curies":[{"name":"wp","href":"https:\/\/api.w.org\/{rel}","templated":true}]}}